{"id":563,"date":"2025-10-14T10:07:52","date_gmt":"2025-10-14T10:07:52","guid":{"rendered":"https:\/\/albn.travelblox.eu\/?page_id=563"},"modified":"2026-04-24T12:47:01","modified_gmt":"2026-04-24T12:47:01","slug":"home","status":"publish","type":"page","link":"https:\/\/albn.travelblox.eu\/nl\/","title":{"rendered":"ALBN26"},"content":{"rendered":"<div class=\"tb-header tb-block align-center background-dark pattern-none variant-none\" id=\"header\" data-fallback-background=\"https:\/\/vz-2d98b19f-729.b-cdn.net\/8a13ecba-881e-4ed1-8304-0dcb2f826a52\/thumbnail.jpg\" style=\"background-image: url('https:\/\/vz-2d98b19f-729.b-cdn.net\/8a13ecba-881e-4ed1-8304-0dcb2f826a52\/thumbnail.jpg'); background-position:center;\">\n    <div class=\"tb-header-foreground\">\n        <div class=\"inner-block\">\n\n            <div class=\"main-part\">\n                <div class=\"text-part\">\n                                                                                            <h1>\t<span class=\"tb-logo\"  style=\"-webkit-mask-image: url(https:\/\/albn.travelblox.eu\/wp-content\/uploads\/sites\/115\/2024\/11\/ALBN-round.png); mask-image: url(https:\/\/albn.travelblox.eu\/wp-content\/uploads\/sites\/115\/2024\/11\/ALBN-round.png)\">\n\t\t<img src='https:\/\/albn.travelblox.eu\/wp-content\/uploads\/sites\/115\/2024\/11\/ALBN-round.png' width='370' height='362' alt='Albania Nomads logo' title='Albania Nomads' loading='lazy'>\n\t<\/span>\n<\/h1>\n                                                                                        <h2 class=\"tb-subtitle\">\t\t<div class=\"translation-block\"><p>De ultieme rondreis in Albani\u00eb: ontdek het pareltje van de Balkan<\/p><\/div>\n\t<\/h2>\n                                                                                            <div class=\"tb-properties\">\n                                                                    <div class=\"tb-property\">\n                                                                                    <div class=\"tb-property__icon\">\n                                                \t\t\t\t<i class=\"icon fa-solid fa-calendar-days\" aria-hidden=\"true\"><\/i>\n\t\t\t                                            <\/div>\n                                                                                <div class=\"tb-property__label\">\n                                            jun - sept 2026                                         <\/div>\n                                    <\/div>\n                                    <div class=\"tb-properties__divider\"><\/div>\n                                                                                                    <div class=\"tb-property\">\n                                                                                    <div class=\"tb-property__icon\">\n                                                \t\t\t\t<i class=\"icon fa-kit fa-tb-rooftop\" aria-hidden=\"true\"><\/i>\n\t\t\t                                            <\/div>\n                                                                                <div class=\"tb-property__label\">\n                                            SUV met daktent                                        <\/div>\n                                    <\/div>\n                                    <div class=\"tb-properties__divider\"><\/div>\n                                                                                                    <div class=\"tb-property\">\n                                                                                    <div class=\"tb-property__icon\">\n                                                \t\t\t\t<i class=\"icon fa-solid fa-person-simple\" aria-hidden=\"true\"><\/i>\n\t\t\t                                            <\/div>\n                                                                                <div class=\"tb-property__label\">\n                                            2 of 3 personen                                         <\/div>\n                                    <\/div>\n                                                            <\/div>\n                                                                                        <div class=\"tb-buttons-part\">\n                                                            \t\t<a href=\"https:\/\/albanianomads.com\/nl\/#join\"  target=\"\" class=\"tb-button\">\n\t\t\tNaar Albani\u00eb in 2026\t\t<\/a>\n\t\t                                                                                        \t\t<a href=\"#intro\"  target=\"\" class=\"tb-buttonlink\">\n\t\t\tMeer info\t\t<\/a>\n\t\t                                                    <\/div>\n                                                                <div class=\"average-reviews-wrapper\" data-reviews-redirect-url=\"\" data-embed-social-id=\"2bca483ef0a14bdae16dee0baf85f63a36f19038\"><\/div>\n                                    <\/div>\n            <\/div>\n            \n                    <\/div>\n    <\/div>\n\n                        <div class=\"tb-header-background tb-header-background--has-iframe\">\n                        <iframe src=\"https:\/\/iframe.mediadelivery.net\/embed\/306445\/8a13ecba-881e-4ed1-8304-0dcb2f826a52?autoplay=true&#038;preload=true&#038;loop=true&#038;responsive=true&#038;muted=true\" allow=\"accelerometer;gyroscope;encrypted-media;picture-in-picture;autoplay;muted;\" allowfullscreen=\"true\" style=\"border: none;\" loading=\"lazy\"><\/iframe>                    <\/div>\n    \n    \n        <nav class=\"tb-header__subnav\">\n            <div class=\"inner-block\">\n                <div class=\"tb-header__pagename\">\n                                            \t<span class=\"tb-logo\"  style=\"-webkit-mask-image: url(https:\/\/albn.travelblox.eu\/wp-content\/uploads\/sites\/115\/2024\/11\/ALBN-round.png); mask-image: url(https:\/\/albn.travelblox.eu\/wp-content\/uploads\/sites\/115\/2024\/11\/ALBN-round.png)\">\n\t\t<img src='https:\/\/albn.travelblox.eu\/wp-content\/uploads\/sites\/115\/2024\/11\/ALBN-round.png' width='370' height='362' alt='Albania Nomads logo' title='Albania Nomads' loading='lazy'>\n\t<\/span>\n                                    <\/div>\n\n                <ul>\n                                            <li>\n                            <a href=\"#route\">Route<\/a>\n                        <\/li>\n\n                                            <li>\n                            <a href=\"#options\">Auto &amp; opties<\/a>\n                        <\/li>\n\n                                            <li>\n                            <a href=\"#info\">Praktische info<\/a>\n                        <\/li>\n\n                                            <li>\n                            <a href=\"#transport\">Vlucht<\/a>\n                        <\/li>\n\n                                            <li>\n                            <a href=\"#faq\">FAQ<\/a>\n                        <\/li>\n\n                    \n                                                <li class=\"tb-header__subnav_cta\">\n                                <a href=\"https:\/\/albanianomads.com\/nl\/#join\" class=\"tb-button\" >Boek je roadtrip<\/a>\n                            <\/li>\n                                    <\/ul>\n            <\/div>\n        <\/nav>\n\n    \n<\/div>\n\n\n\n\n<div class=\"tb-intro tb-block align-none background-middle pattern-none variant-none tb-collapsible-margins\" id=\"intro\">\n    <div class=\"inner-block tb-fade-in tb-fade-in--subtle\">\n\n        \n\n        <div class=\"text-part content-part\">\n            <div class=\"title-meta-inclusive\">\n                <div class=\"title-and-meta\">\n                                            <div class=\"title-part\">\n                                                            <h3>Albania Nomads<\/h3>\n                                                                                                                            <h5>\t\t<div class=\"translation-block\">Ontdek het mooiste van Albani\u00eb tijdens de ultieme 7-daagse rondreis.<\/div>\n\t<\/h5>\n                                                                                    <\/div>\n                                        <ul class=\"meta-data\">\n                                                    <li>\n                                <i class=\"fa fa-regular fa-tag\"><\/i>\n                                <span>Vanaf \u20ac690<\/span>\n                            <\/li>\n                                                                            <li>\n                                <i class=\"fa fa-regular fa-calendar\"><\/i>\n                                <span><p><a href=\"https:\/\/albanianomads.com\/nl\/#join\">Juni &#8211; September 2026<\/a><\/p>\n<\/span>\n                            <\/li>\n                                            <\/ul>\n                <\/div>\n                                    <div class=\"inclusive\">\n                                                    <h6>Highlights:<\/h6>\n                                                <ul class=\"\">\n                                                            <li class=\"visible\">\n                                                                            \t\t\t\t<i class=\"icon fa-kit fa-tb-rooftop\" aria-hidden=\"true\"><\/i>\n\t\t\t                                                                                                                <span>Je eigen SUV met daktent<\/span>\n                                                                    <\/li>\n                                                            <li class=\"visible\">\n                                                                            \t\t\t\t<i class=\"icon fa-solid fa-house\" aria-hidden=\"true\"><\/i>\n\t\t\t                                                                                                                <span>De Ottomaanse architectuur van Berat en Gjirokast\u00ebr<\/span>\n                                                                    <\/li>\n                                                            <li class=\"visible\">\n                                                                            \t\t\t\t<i class=\"icon fa-solid fa-sailboat\" aria-hidden=\"true\"><\/i>\n\t\t\t                                                                                                                <span>Paragliden, raften op de Vjosa-rivier en traditionele kookles<\/span>\n                                                                    <\/li>\n                                                            <li class=\"visible\">\n                                                                            \t\t\t\t<i class=\"icon fa-solid fa-mountain-sun\" aria-hidden=\"true\"><\/i>\n\t\t\t                                                                                                                <span>Van bergdorpen tot ongerepte stranden<\/span>\n                                                                    <\/li>\n                                                            <li class=\"visible\">\n                                                                            \t\t\t\t<i class=\"icon fa-solid fa-moon\" aria-hidden=\"true\"><\/i>\n\t\t\t                                                                                                                <span>Unieke campings in de natuur, op voorhand voor jou gereserveerd<\/span>\n                                                                    <\/li>\n                                                    <\/ul>\n                                            <\/div>\n                            <\/div>\n\n                            <div class=\"tb-buttons desktop-only\">\n                                            <a href=\"https:\/\/albanianomads.com\/nl\/#join\" class=\"tb-button\">\n                                                            Prijzen en beschikbaarheden                                                    <\/a>\n                                                                <a href=\"#route\" class=\"tb-buttonlink\">\n                                                            Ontdek de route                                                    <\/a>\n                                    <\/div>\n                    <\/div>\n                                    <div class=\"tb-video-part\">\n                    <iframe src=\"https:\/\/iframe.mediadelivery.net\/embed\/328190\/95c3e103-8b16-45fb-bcb8-7111acf18a20?autoplay=false&#038;preload=true&#038;loop=true&#038;responsive=true\" allow=\"accelerometer;gyroscope;encrypted-media;picture-in-picture;\" allowfullscreen=\"true\" style=\"border: none;\" loading=\"lazy\"><\/iframe>                <\/div>\n                                        <div class=\"tb-buttons mobile-only\">\n                                    <a href=\"https:\/\/albanianomads.com\/nl\/#join\" class=\"tb-button\">\n                                                    Prijzen en beschikbaarheden                                            <\/a>\n                                                    <a href=\"#route\" class=\"tb-buttonlink\">\n                                                    Ontdek de route                                            <\/a>\n                            <\/div>\n            <\/div>\n<\/div>\n\n\n\n\n\n\n\n\n\n\n<div class=\"tb-gallery tb-block align-center background-light pattern-none variant-grid\" id=\"collage\">\n\t<div>\n\t\t<div class=\"desktop tb-has-popup-content\">\n\t\t\t\t\t\t\t<ul class=\"tb-gallery-grid\">\n\t\t\t\t\t\t\t\t\t\t\t\t\t\t\t\t\t\t<li class=\"slide\">\n\t\t\t\t\t\t\t\t<div class=\"tb-popup-trigger\">\n\t\t\t\t\t\t\t\t\t<img src='https:\/\/albn.travelblox.eu\/wp-content\/uploads\/sites\/115\/2025\/10\/SiliquiniLaura-Travelbase-AlbaniaNomads20250725-0545.jpg' width='2048' height='1365' alt='Rondreis Albani\u00eb: in 7 dagen langs de mooiste plekken van Albani\u00eb' style='object-position:50% 50%' loading='lazy'>\t\t\t\t\t\t\t\t<\/div>\n\t\t\t\t\t\t\t<\/li>\n\t\t\t\t\t\t\t\t\t\t\t\t\t<li class=\"slide\">\n\t\t\t\t\t\t\t\t<div class=\"tb-popup-trigger\">\n\t\t\t\t\t\t\t\t\t<img src='https:\/\/albn.travelblox.eu\/wp-content\/uploads\/sites\/115\/2025\/10\/BERAT-DAY1-bis.jpg' width='2048' height='1365' alt='Rondreis Albani\u00eb: in 7 dagen langs de mooiste plekken van Albani\u00eb' style='object-position:50% 50%' loading='lazy'>\t\t\t\t\t\t\t\t<\/div>\n\t\t\t\t\t\t\t<\/li>\n\t\t\t\t\t\t\t\t\t\t\t\t\t<li class=\"slide\">\n\t\t\t\t\t\t\t\t<div class=\"tb-popup-trigger\">\n\t\t\t\t\t\t\t\t\t<img src='https:\/\/albn.travelblox.eu\/wp-content\/uploads\/sites\/115\/2025\/10\/Dalan-beach-DAY2.jpg' width='2048' height='1534' alt='Rondreis Albani\u00eb: in 7 dagen langs de mooiste plekken van Albani\u00eb' style='object-position:50% 50%' loading='lazy'>\t\t\t\t\t\t\t\t<\/div>\n\t\t\t\t\t\t\t<\/li>\n\t\t\t\t\t\t\t\t\t\t\t\t\t\t\t<\/ul>\n\t\t\t\t\t\t<div class=\"tb-popup tb-popup--open-clicked-image\">\n\t\t\t\t<div class=\"tb-gallery-popup\">\n\t\t\t\t\t<div class=\"tb-image-part\">\n\t\t\t\t\t\t\t\t\t\t<div class=\"inner-block-full-width has-tb-carousel tb-carousel-slider\" >\n\t\t\t<div class=\"tb-carousel-container\">\n\t\t\t\t<div class=\"entries tb-cards\" data-slider-first=\"2\">\n\t\t\t\t\t\t\t\t\t<div class=\"entry\">\n\t\t\t\t<div class=\"tb-image-part\">\n\t\t\t\t\t<figure>\n\t\t\t\t\t\t<img src='https:\/\/albn.travelblox.eu\/wp-content\/uploads\/sites\/115\/2025\/10\/SiliquiniLaura-Travelbase-AlbaniaNomads20250725-0545.jpg' width='2048' height='1365' alt='Rondreis Albani\u00eb: in 7 dagen langs de mooiste plekken van Albani\u00eb' style='object-position:50% 50%' loading='lazy' image_size='full'>\t\t\t\t\t\t\t\t\t\t\t<\/figure>\n\t\t\t\t<\/div>\n\t\t\t<\/div>\n\t\t\t\t\t<div class=\"entry\">\n\t\t\t\t<div class=\"tb-image-part\">\n\t\t\t\t\t<figure>\n\t\t\t\t\t\t<img src='https:\/\/albn.travelblox.eu\/wp-content\/uploads\/sites\/115\/2025\/10\/BERAT-DAY1-bis.jpg' width='2048' height='1365' alt='Rondreis Albani\u00eb: in 7 dagen langs de mooiste plekken van Albani\u00eb' style='object-position:50% 50%' loading='lazy' image_size='full'>\t\t\t\t\t\t\t\t\t\t\t<\/figure>\n\t\t\t\t<\/div>\n\t\t\t<\/div>\n\t\t\t\t\t<div class=\"entry\">\n\t\t\t\t<div class=\"tb-image-part\">\n\t\t\t\t\t<figure>\n\t\t\t\t\t\t<img src='https:\/\/albn.travelblox.eu\/wp-content\/uploads\/sites\/115\/2025\/10\/Dalan-beach-DAY2.jpg' width='2048' height='1534' alt='Rondreis Albani\u00eb: in 7 dagen langs de mooiste plekken van Albani\u00eb' style='object-position:50% 50%' loading='lazy' image_size='full'>\t\t\t\t\t\t\t\t\t\t\t<\/figure>\n\t\t\t\t<\/div>\n\t\t\t<\/div>\n\t\t\t\t\t\t\t\t<\/div>\n\t\t\t\t\t\t<div class=\"tb-carousel-nav\">\n\t\t\t<div class=\"dots\">\n\t\t\t\t<div class=\"dot active\"><\/div>\n\t\t\t\t<div class=\"dot\"><\/div>\n\t\t\t\t<div class=\"dot\"><\/div>\n\t\t\t<\/div>\n\t\t\t<div class=\"arrows\">\n\t\t\t\t<div class=\"prev disabled\">\n\t\t\t\t\t<span><i class=\"fa fa-chevron-left\"><\/i><\/span>\n\t\t\t\t<\/div>\n\t\t\t\t<div class=\"next\">\n\t\t\t\t\t<span><i class=\"fa fa-chevron-right\"><\/i><\/span>\n\t\t\t\t<\/div>\n\t\t\t<\/div>\n\t\t<\/div>\n\t\t\t\t<\/div>\n\t\t<\/div>\n\t\t\t\t\t\t\t<\/div>\n\t\t\t\t<\/div>\n\t\t\t<\/div>\n\t\t<\/div>\n\t\t<div class=\"mobile\">\n\t\t\t<div class=\"tb-image-part\">\n\t\t\t\t\t\t\t\t<div class=\"inner-block-full-width has-tb-carousel tb-carousel-slider\" >\n\t\t\t<div class=\"tb-carousel-container\">\n\t\t\t\t<div class=\"entries tb-cards\" data-slider-first=\"0\">\n\t\t\t\t\t\t\t\t\t<div class=\"entry\">\n\t\t\t\t<div class=\"tb-image-part\">\n\t\t\t\t\t<figure>\n\t\t\t\t\t\t<img src='https:\/\/albn.travelblox.eu\/wp-content\/uploads\/sites\/115\/2025\/10\/SiliquiniLaura-Travelbase-AlbaniaNomads20250725-0545-768x512.jpg' width='768' height='512' alt='Rondreis Albani\u00eb: in 7 dagen langs de mooiste plekken van Albani\u00eb' style='object-position:50% 50%' loading='lazy' image_size='medium_large'>\t\t\t\t\t\t\t\t\t\t\t<\/figure>\n\t\t\t\t<\/div>\n\t\t\t<\/div>\n\t\t\t\t\t<div class=\"entry\">\n\t\t\t\t<div class=\"tb-image-part\">\n\t\t\t\t\t<figure>\n\t\t\t\t\t\t<img src='https:\/\/albn.travelblox.eu\/wp-content\/uploads\/sites\/115\/2025\/10\/BERAT-DAY1-bis-768x512.jpg' width='768' height='512' alt='Rondreis Albani\u00eb: in 7 dagen langs de mooiste plekken van Albani\u00eb' style='object-position:50% 50%' loading='lazy' image_size='medium_large'>\t\t\t\t\t\t\t\t\t\t\t<\/figure>\n\t\t\t\t<\/div>\n\t\t\t<\/div>\n\t\t\t\t\t<div class=\"entry\">\n\t\t\t\t<div class=\"tb-image-part\">\n\t\t\t\t\t<figure>\n\t\t\t\t\t\t<img src='https:\/\/albn.travelblox.eu\/wp-content\/uploads\/sites\/115\/2025\/10\/Dalan-beach-DAY2-768x575.jpg' width='768' height='575' alt='Rondreis Albani\u00eb: in 7 dagen langs de mooiste plekken van Albani\u00eb' style='object-position:50% 50%' loading='lazy' image_size='medium_large'>\t\t\t\t\t\t\t\t\t\t\t<\/figure>\n\t\t\t\t<\/div>\n\t\t\t<\/div>\n\t\t\t\t\t\t\t\t<\/div>\n\t\t\t\t\t\t<div class=\"tb-carousel-nav\">\n\t\t\t<div class=\"dots\">\n\t\t\t\t<div class=\"dot active\"><\/div>\n\t\t\t\t<div class=\"dot\"><\/div>\n\t\t\t\t<div class=\"dot\"><\/div>\n\t\t\t<\/div>\n\t\t\t<div class=\"arrows\">\n\t\t\t\t<div class=\"prev disabled\">\n\t\t\t\t\t<span><i class=\"fa fa-chevron-left\"><\/i><\/span>\n\t\t\t\t<\/div>\n\t\t\t\t<div class=\"next\">\n\t\t\t\t\t<span><i class=\"fa fa-chevron-right\"><\/i><\/span>\n\t\t\t\t<\/div>\n\t\t\t<\/div>\n\t\t<\/div>\n\t\t\t\t<\/div>\n\t\t<\/div>\n\t\t\t\t\t<\/div>\n\t\t<\/div>\n\t<\/div>\n<\/div>\n\n\n\n<div class=\"tb-textimage2 tb-block align-left background-light pattern-none variant-text_first tb-collapsible-margins\" id=\"concept\">\n\t<div class=\"inner-block tb-fade-in\">\n\n\t\t\n\t\t<div class=\"tb-columns\">\n\t\t\t<div class=\"tb-column\">\n\t\t\t\t<div class=\"tb-text-part\">\n\t\t\t\t\t<h2>De ultieme rondreis door Albani\u00eb<\/h2>\n\t\t\t\t\t\t\t<div class=\"translation-block\"><p>Tijdens deze 7-daagse roadtrip ontdek je <strong>het beste van het Albanese landschap<\/strong>: van het majestueuze Berat, de stad met duizend ramen en UNESCO-werelderfgoed, tot het turquoise water van de Albanese Rivi\u00e8ra, via historische parels zoals Butrint en Gjirokast\u00ebr en de indrukwekkende bergen van de Balkan.<\/p><p><strong>Wij regelen alles voor je<\/strong>: je <strong>campings<\/strong> zijn geboekt, je <strong>route<\/strong> is uitgestippeld en je geniet van <strong>iconische activiteiten<\/strong> zoals paragliden, raften of een Albanese kookworkshop.<\/p><p>Als <strong>Albani\u00eb-experts<\/strong> begeleiden we je met een gedetailleerd <strong>roadbook<\/strong>, terwijl jij in alle vrijheid op ontdekking gaat.<\/p><p>Klaar voor een <strong>onvergetelijke rondreis door de Balkan<\/strong>?<\/p><\/div>\n\t\t\t\t\t\t\t\t\t\t\t<div class=\"tb-buttons-part\">\n\t\t\t\t\t\t\t\t<a href=\"#route\"  target=\"\" class=\"tb-button\">\n\t\t\tOntdek de route\t\t<\/a>\n\t\t\t\t\t\t\t\t\t\t<a href=\"https:\/\/albanianomads.com\/nl\/#join\"  target=\"\" class=\"tb-buttonlink\">\n\t\t\tBoek je roadtrip\t\t<\/a>\n\t\t\t\t\t\t\t<\/div>\n\t\t\t\t<\/div>\n\t\t\t<\/div>\n\t\t\t<div class=\"tb-column\">\n\t\t\t\t\t\t\t\t\t\t\t\t\t\t\t<div class=\"tb-image-part\">\n\t\t\t\t\t\t\t<img src='https:\/\/albn.travelblox.eu\/wp-content\/uploads\/sites\/115\/2024\/11\/ALBN24_EN.svg' width='768' height='1' alt='Rondreis Albani\u00eb: kaart Albani\u00eb &amp; route' loading='lazy' image_size='medium_large'>\t\t\t\t\t\t<\/div>\n\t\t\t\t\t\t\t\t\t\t\t\t<\/div>\n\t\t<\/div>\n\t<\/div>\n<\/div>\n\n\n<div class=\"tb-dayschedule tb-block align-center background-dark pattern-custom variant-none tb-collapsible-margins\" id=\"route\" style=\"background-image: url(https:\/\/albn.travelblox.eu\/wp-content\/uploads\/sites\/115\/2025\/07\/ALBN.png)\">\n\n\t<div class=\"inner-block tb-fade-in tb-fade-in--subtle\">\n\t\t<div class=\"text-part\">\n\t\t\t<h2>Jouw route in Albani\u00eb<\/h2>\n\t\t\t\t\t<div class=\"translation-block\"><p>In 7 dagen rijd je langs <strong>de mooiste plekken en verborgen parels van Albani\u00eb<\/strong>. De accommodaties zijn al geregeld, maar gedurende de dag kies je zelf welke bezienswaardigheden in Albani\u00eb je bezoekt en hoe lang je daar blijft.<strong>&nbsp;<\/strong><\/p><\/div>\n\t\t\t\t\t\t\t\t\t\t\t\t\t<\/div>\n\t<\/div>\n\t\t\t<div class=\"tb-sections\">\n\t\t\t\t\t\t\t\t\t\t\t\t\t\t<div class=\"inner-block-full-width has-tb-carousel tb-section\" id=\"route-section-0\">\n\t\t\t<div class=\"tb-carousel-container\">\n\t\t\t\t<div class=\"entries tb-cards\" data-slider-first=\"1\">\n\t\t\t\t\t\t\t\t\t\t\t\t\t\t\t<div class=\"tb-card entry tb-popup-trigger tb-unfold-on-hover\">\n\t\t\t\t\t\t\t<div class=\"tb-image-part\">\n\t\t\t\t\t\t\t\t<div class=\"tag\">\n\t\t\t\t\t\t\t\t\t<div>Dag 1<\/div>\n\t\t\t\t\t\t\t\t<\/div>\n\n\t\t\t\t\t\t\t\t<img src='https:\/\/albn.travelblox.eu\/wp-content\/uploads\/sites\/115\/2025\/10\/BERAT-DAY1-bis-768x512.jpg' width='768' height='512' alt='Rondreis Albani\u00eb: in 7 dagen langs de mooiste plekken van Albani\u00eb' style='object-position:50% 50%' loading='lazy' image_size='medium_large'>\t\t\t\t\t\t\t<\/div>\n\t\t\t\t\t\t\t<div class=\"tb-card-bottom-wrapper\">\n\t\t\t\t\t\t\t\t<div class=\"tb-card-bottom\">\n\n\t\t\t\t\t\t\t\t\t<span class=\"tb-card-bottom__title\">\n\t\t\t\t\t\t\t\t\t\t<span class=\"tb-card-bottom__place\">\n\t\t\t\t\t\t\t\t\t\t\tTirana &#8211; Berat\t\t\t\t\t\t\t\t\t\t\t\t\t\t\t\t\t\t\t\t\t<\/span>\n\n\t\t\t\t\t\t\t\t\t<\/span>\n\t\t\t\t\t\t\t\t\t<div class=\"tb-card-bottom__content\">\n\t\t\t\t\t\t\t\t\t\t<div>\n\t\t\t\t\t\t\t\t\t\t\t\t\t\t\t\t\t\t\t\t\t\t\t<i class=\"icon fa-regular fa-car\"><\/i> 125 km &#8211; 2u30\t\t\t\t\t\t\t\t\t\t\t\t\t\t\t\t\t\t\t\t\t<\/div>\n\t\t\t\t\t\t\t\t\t<\/div>\n\t\t\t\t\t\t\t\t\t<div class=\"tb-card-bottom__teaser tb-unfold-on-hover__content\" data-no-translation>\n\t\t\t\t\t\t\t\t\t\t\t\t\t\t\t\t\t\t\t\t\t\t\t\t\t\t\t\t\t\tWelkom in Albani\u00eb!&nbsp;Je kan je auto ophalen tussen 14.00 en 17.00 uur op de luchthaven van Tirana&#8230; <span class=\"link\">Lees meer<\/span>\t\t\t\t\t\t\t\t\t<\/div>\n\t\t\t\t\t\t\t\t<\/div>\n\n\t\t\t\t\t\t\t<\/div>\n\t\t\t\t\t\t\t<dialog class=\"tb-popup tb-popup-with-padding tb-dayschedule-popup-wrapper\">\n\t\t\t\t\t\t\t\t<div class=\"tb-dayschedule-popup\">\n\t\t\t\t\t\t\t\t\t<h5>\n\t\t\t\t\t\t\t\t\t\t\t\t\t\t\t\t\t\t\t\t\t\t\t\t\t\t\t\t\t\t\t<div>\n\t\t\t\t\t\t\t\t\t\t\t\t\t\t\t\t\t\t\t\t\t\t\t\t\tTirana\t\t\t\t\t\t\t\t\t\t\t\t\t\t\t\t\t\t\t\t\t\t\t\t\t\t\t\t\t\t\t\t\t\t\t\t\t\t\t\t\t\t\t\t\t\t\t\t\t\t\t<i class=\"icon fa-solid fa-arrow-right\"><\/i> Berat\t\t\t\t\t\t\t\t\t\t\t\t\t\t\t\t\t\t\t\t\t\t\t\t\t\t\t\t\t\t\t\t\t\t\t\t<\/div>\n\t\t\t\t\t\t\t\t\t\t\t\t\t\t\t\t\t\t\t<\/h5>\n\t\t\t\t\t\t\t\t\t<div class=\"tb-columns\">\n\t\t\t\t\t\t\t\t\t\t<div class=\"tb-column tb-column--text\">\n\t\t\t\t\t\t\t\t\t\t\t<div class=\"text-part\">\n\t\t\t\t\t\t\t\t\t\t\t\t\t\t\t\t\t\t\t\t\t\t\t\t\t<div class=\"tb-dayschedule-popup__icons\">\n\t\t\t\t\t\t\t\t\t\t\t\t\t\t\t\t\t\t\t\t\t\t\t\t\t\t\t\t\t\t\t\t\t\t\t\t\t\t\t\t\t\t\t<div class=\"tb-dayschedule-popup__icon\">\n\t\t\t\t\t\t\t\t\t\t\t\t\t\t\t\t<i class=\"icon fa-regular fa-car\"><\/i>\n\t\t\t\t\t\t\t\t\t\t\t\t\t\t\t\t<span>\n\t\t\t\t\t\t\t\t\t\t\t\t\t\t\t\t\t125 km &#8211; 2u30\t\t\t\t\t\t\t\t\t\t\t\t\t\t\t\t<\/span>\n\t\t\t\t\t\t\t\t\t\t\t\t\t\t\t<\/div>\n\t\t\t\t\t\t\t\t\t\t\t\t\t\t\t\t\t\t\t\t\t\t\t\t\t\t\t<\/div>\n\t\t\t\t\t\t\t\t\t\t\t\t\n\t\t\t\t\t\t\t\t\t\t\t\t\n\t\t\t\t\t\t\t\t\t\t\t\t<div>\n\t\t\t\t\t\t\t\t\t\t\t\t\t<strong>Dag 1<\/strong>\n\t\t\t\t\t\t\t\t\t\t\t\t\t\t\t<div class=\"translation-block\"><p><strong>Welkom in Albani\u00eb!&nbsp;<\/strong><\/p><p>Je kan je auto ophalen tussen 14.00 en 17.00 uur op de luchthaven van Tirana, waar onze lokale verhuurpartner je opwacht.&nbsp;<\/p><p>Na een korte briefing vertrek je <strong>richting Berat<\/strong>, waar je \u2018s avonds al de gezelligheid kan opsnuiven.&nbsp;<\/p><\/div>\n\t\t\t\t\t\t\t\t\t\t\t\t\t<\/div>\n\n\n\t\t\t\t\t\t\t\t\t\t\t<\/div>\n\t\t\t\t\t\t\t\t\t\t<\/div>\n\t\t\t\t\t\t\t\t\t\t<div class=\"tb-column tb-column--image\">\n\n\t\t\t\t\t\t\t\t\t\t\t<div class=\"tb-image-part\">\n\t\t\t\t\t\t\t\t\t\t\t\t\t\t\t\t<div class=\"inner-block-full-width has-tb-carousel tb-carousel-slider\" >\n\t\t\t<div class=\"tb-carousel-container\">\n\t\t\t\t<div class=\"entries tb-cards\" data-slider-first=\"0\">\n\t\t\t\t\t\t\t\t\t<div class=\"entry\">\n\t\t\t\t<div class=\"tb-image-part\">\n\t\t\t\t\t<figure>\n\t\t\t\t\t\t<img src='https:\/\/albn.travelblox.eu\/wp-content\/uploads\/sites\/115\/2025\/10\/BERAT-DAY1-bis-1024x683.jpg' width='1024' height='683' alt='Rondreis Albani\u00eb: in 7 dagen langs de mooiste plekken van Albani\u00eb' style='object-position:50% 50%' loading='lazy' image_size='large'>\t\t\t\t\t\t\t\t\t\t\t<\/figure>\n\t\t\t\t<\/div>\n\t\t\t<\/div>\n\t\t\t\t\t<div class=\"entry\">\n\t\t\t\t<div class=\"tb-image-part\">\n\t\t\t\t\t<figure>\n\t\t\t\t\t\t<img src='https:\/\/albn.travelblox.eu\/wp-content\/uploads\/sites\/115\/2025\/10\/Berat-day-1-biiiiis-1024x683.jpg' width='1024' height='683' alt='Rondreis Albani\u00eb: in 7 dagen langs de mooiste plekken van Albani\u00eb' style='object-position:50% 50%' loading='lazy' image_size='large'>\t\t\t\t\t\t\t\t\t\t\t<\/figure>\n\t\t\t\t<\/div>\n\t\t\t<\/div>\n\t\t\t\t\t<div class=\"entry\">\n\t\t\t\t<div class=\"tb-image-part\">\n\t\t\t\t\t<figure>\n\t\t\t\t\t\t<img src='https:\/\/albn.travelblox.eu\/wp-content\/uploads\/sites\/115\/2025\/10\/BERAT-DAY-1-BBBIS-683x1024.jpg' width='683' height='1024' loading='lazy' image_size='large'>\t\t\t\t\t\t\t\t\t\t\t<\/figure>\n\t\t\t\t<\/div>\n\t\t\t<\/div>\n\t\t\t\t\t<div class=\"entry\">\n\t\t\t\t<div class=\"tb-image-part\">\n\t\t\t\t\t<figure>\n\t\t\t\t\t\t<img src='https:\/\/albn.travelblox.eu\/wp-content\/uploads\/sites\/115\/2025\/10\/BERAT_DAY1-1024x767.jpg' width='1024' height='767' loading='lazy' image_size='large'>\t\t\t\t\t\t\t\t\t\t\t<\/figure>\n\t\t\t\t<\/div>\n\t\t\t<\/div>\n\t\t\t\t\t\t\t\t<\/div>\n\t\t\t\t\t\t<div class=\"tb-carousel-nav\">\n\t\t\t<div class=\"dots\">\n\t\t\t\t<div class=\"dot active\"><\/div>\n\t\t\t\t<div class=\"dot\"><\/div>\n\t\t\t\t<div class=\"dot\"><\/div>\n\t\t\t<\/div>\n\t\t\t<div class=\"arrows\">\n\t\t\t\t<div class=\"prev disabled\">\n\t\t\t\t\t<span><i class=\"fa fa-chevron-left\"><\/i><\/span>\n\t\t\t\t<\/div>\n\t\t\t\t<div class=\"next\">\n\t\t\t\t\t<span><i class=\"fa fa-chevron-right\"><\/i><\/span>\n\t\t\t\t<\/div>\n\t\t\t<\/div>\n\t\t<\/div>\n\t\t\t\t<\/div>\n\t\t<\/div>\n\t\t\t\t\t\t\t\t\t\t\t\t\t<\/div>\n\t\t\t\t\t\t\t\t\t\t<\/div>\n\t\t\t\t\t\t\t\t\t<\/div>\n\t\t\t\t\t\t\t\t\t\t\t<div class=\"tb-popup-nav\">\n\t\t\t<a href=\"#\" class=\"tb-buttonlink-with-icon tb-buttonlink-with-arrow icon-first tb-popup-previous\">\n\t\t\t\t<i class=\"icon fa fa-chevron-left\"><\/i>\n\t\t\t\t<span>Vorige dag<\/span>\n\t\t\t<\/a>\n\t\t\t<a href=\"#\" class=\"tb-buttonlink-with-icon tb-buttonlink-with-arrow tb-popup-next\">\n\t\t\t\t<span>Volgende dag<\/span>\n\t\t\t\t<i class=\"icon fa fa-chevron-right\"><\/i>\n\t\t\t<\/a>\n\t\t<\/div>\n\t\n\t\t\t\t\t\t\t\t<\/div>\n\t\t\t\t\t\t\t<\/dialog>\n\t\t\t\t\t\t<\/div>\n\t\t\t\t\t\t\t\t\t\t\t<div class=\"tb-card entry tb-popup-trigger tb-unfold-on-hover\">\n\t\t\t\t\t\t\t<div class=\"tb-image-part\">\n\t\t\t\t\t\t\t\t<div class=\"tag\">\n\t\t\t\t\t\t\t\t\t<div>Dag 2<\/div>\n\t\t\t\t\t\t\t\t<\/div>\n\n\t\t\t\t\t\t\t\t<img src='https:\/\/albn.travelblox.eu\/wp-content\/uploads\/sites\/115\/2025\/10\/APPOLONIA-PARK-DAY2-bbbbis-768x512.jpg' width='768' height='512' loading='lazy' image_size='medium_large'>\t\t\t\t\t\t\t<\/div>\n\t\t\t\t\t\t\t<div class=\"tb-card-bottom-wrapper\">\n\t\t\t\t\t\t\t\t<div class=\"tb-card-bottom\">\n\n\t\t\t\t\t\t\t\t\t<span class=\"tb-card-bottom__title\">\n\t\t\t\t\t\t\t\t\t\t<span class=\"tb-card-bottom__place\">\n\t\t\t\t\t\t\t\t\t\t\tBerat\t\t\t\t\t\t\t\t\t\t\t\t\t\t\t\t\t\t\t\t\t\t\t&#8211; Dukat\t\t\t\t\t\t\t\t\t\t\t\t\t\t\t\t\t\t\t\t\t<\/span>\n\n\t\t\t\t\t\t\t\t\t<\/span>\n\t\t\t\t\t\t\t\t\t<div class=\"tb-card-bottom__content\">\n\t\t\t\t\t\t\t\t\t\t<div>\n\t\t\t\t\t\t\t\t\t\t\t\t\t\t\t\t\t\t\t\t\t\t\t<i class=\"icon fa-regular fa-car\"><\/i> 160 km &#8211; 3u\t\t\t\t\t\t\t\t\t\t\t\t\t\t\t\t\t\t\t\t\t<\/div>\n\t\t\t\t\t\t\t\t\t<\/div>\n\t\t\t\t\t\t\t\t\t<div class=\"tb-card-bottom__teaser tb-unfold-on-hover__content\" data-no-translation>\n\t\t\t\t\t\t\t\t\t\t\t\t\t\t\t\t\t\t\t\t\t\t\t\t\t\t\t\t\t\tNa het ontbijt trek je eropuit in Berat, de \u201cstad met de duizend ramen\u201d. Je kan hier niet om de icon&#8230; <span class=\"link\">Lees meer<\/span>\t\t\t\t\t\t\t\t\t<\/div>\n\t\t\t\t\t\t\t\t<\/div>\n\n\t\t\t\t\t\t\t<\/div>\n\t\t\t\t\t\t\t<dialog class=\"tb-popup tb-popup-with-padding tb-dayschedule-popup-wrapper\">\n\t\t\t\t\t\t\t\t<div class=\"tb-dayschedule-popup\">\n\t\t\t\t\t\t\t\t\t<h5>\n\t\t\t\t\t\t\t\t\t\t\t\t\t\t\t\t\t\t\t\t\t\t\t\t\t\t\t\t\t\t\t<div>\n\t\t\t\t\t\t\t\t\t\t\t\t\t\t\t\t\t\t\t\t\t\t\t\t\tBerat\t\t\t\t\t\t\t\t\t\t\t\t\t\t\t\t\t\t\t\t\t\t\t\t\t\t\t\t\t\t\t\t\t\t\t\t\t\t\t\t\t\t\t\t\t\t\t\t\t\t\t<i class=\"icon fa-solid fa-arrow-right\"><\/i> Dukat\t\t\t\t\t\t\t\t\t\t\t\t\t\t\t\t\t\t\t\t\t\t\t\t\t\t\t\t\t\t\t\t\t\t\t\t<\/div>\n\t\t\t\t\t\t\t\t\t\t\t\t\t\t\t\t\t\t\t<\/h5>\n\t\t\t\t\t\t\t\t\t<div class=\"tb-columns\">\n\t\t\t\t\t\t\t\t\t\t<div class=\"tb-column tb-column--text\">\n\t\t\t\t\t\t\t\t\t\t\t<div class=\"text-part\">\n\t\t\t\t\t\t\t\t\t\t\t\t\t\t\t\t\t\t\t\t\t\t\t\t\t<div class=\"tb-dayschedule-popup__icons\">\n\t\t\t\t\t\t\t\t\t\t\t\t\t\t\t\t\t\t\t\t\t\t\t\t\t\t\t\t\t\t\t\t\t\t\t\t\t\t\t\t\t\t\t<div class=\"tb-dayschedule-popup__icon\">\n\t\t\t\t\t\t\t\t\t\t\t\t\t\t\t\t<i class=\"icon fa-regular fa-car\"><\/i>\n\t\t\t\t\t\t\t\t\t\t\t\t\t\t\t\t<span>\n\t\t\t\t\t\t\t\t\t\t\t\t\t\t\t\t\t160 km &#8211; 3u\t\t\t\t\t\t\t\t\t\t\t\t\t\t\t\t<\/span>\n\t\t\t\t\t\t\t\t\t\t\t\t\t\t\t<\/div>\n\t\t\t\t\t\t\t\t\t\t\t\t\t\t\t\t\t\t\t\t\t\t\t\t\t\t\t<\/div>\n\t\t\t\t\t\t\t\t\t\t\t\t\n\t\t\t\t\t\t\t\t\t\t\t\t\n\t\t\t\t\t\t\t\t\t\t\t\t<div>\n\t\t\t\t\t\t\t\t\t\t\t\t\t<strong>Dag 2<\/strong>\n\t\t\t\t\t\t\t\t\t\t\t\t\t\t\t<div class=\"translation-block\"><p>Na het ontbijt trek je eropuit in <strong>Berat<\/strong>, de <strong>\u201cstad met de duizend ramen\u201d<\/strong>. Je kan hier niet om de iconische witte gevels en Ottomaanse architectuur heen.<\/p><p>Geschiedenisliefhebbers kunnen hun hart ophalen in het <strong>archeologisch park van Apollonia<\/strong> (6de eeuw v.Chr.), waar antieke ruines en middeleeuws erfgoed elkaar ontmoeten.<\/p><p>Dan ga je richting de havenstad <strong>Vlora<\/strong>, met een stop aan het <strong>Sint-Mariaklooster<\/strong>. Wie geen hoogtevrees heeft (of dat net wil overwinnen) kan hier <strong>paragliden<\/strong>. Geloof ons, vanuit de lucht is het zicht op de bergen en de zee nog spectaculairder!<\/p><p>Je sluit de dag af op een <strong>camping midden in de natuur<\/strong>. Slaapwel!<\/p><\/div>\n\t\t\t\t\t\t\t\t\t\t\t\t\t<\/div>\n\n\n\t\t\t\t\t\t\t\t\t\t\t<\/div>\n\t\t\t\t\t\t\t\t\t\t<\/div>\n\t\t\t\t\t\t\t\t\t\t<div class=\"tb-column tb-column--image\">\n\n\t\t\t\t\t\t\t\t\t\t\t<div class=\"tb-image-part\">\n\t\t\t\t\t\t\t\t\t\t\t\t\t\t\t\t<div class=\"inner-block-full-width has-tb-carousel tb-carousel-slider\" >\n\t\t\t<div class=\"tb-carousel-container\">\n\t\t\t\t<div class=\"entries tb-cards\" data-slider-first=\"0\">\n\t\t\t\t\t\t\t\t\t<div class=\"entry\">\n\t\t\t\t<div class=\"tb-image-part\">\n\t\t\t\t\t<figure>\n\t\t\t\t\t\t<img src='https:\/\/albn.travelblox.eu\/wp-content\/uploads\/sites\/115\/2025\/10\/APPOLONIA-PARK-DAY2-bbbbis-1024x683.jpg' width='1024' height='683' loading='lazy' image_size='large'>\t\t\t\t\t\t\t\t\t\t\t<\/figure>\n\t\t\t\t<\/div>\n\t\t\t<\/div>\n\t\t\t\t\t<div class=\"entry\">\n\t\t\t\t<div class=\"tb-image-part\">\n\t\t\t\t\t<figure>\n\t\t\t\t\t\t<img src='https:\/\/albn.travelblox.eu\/wp-content\/uploads\/sites\/115\/2025\/10\/APPOLONIA-PARK-DAY2-bis-683x1024.jpg' width='683' height='1024' loading='lazy' image_size='large'>\t\t\t\t\t\t\t\t\t\t\t<\/figure>\n\t\t\t\t<\/div>\n\t\t\t<\/div>\n\t\t\t\t\t<div class=\"entry\">\n\t\t\t\t<div class=\"tb-image-part\">\n\t\t\t\t\t<figure>\n\t\t\t\t\t\t<img src='https:\/\/albn.travelblox.eu\/wp-content\/uploads\/sites\/115\/2025\/10\/APPOLONIA-PARK-DAY2-683x1024.jpg' width='683' height='1024' loading='lazy' image_size='large'>\t\t\t\t\t\t\t\t\t\t\t<\/figure>\n\t\t\t\t<\/div>\n\t\t\t<\/div>\n\t\t\t\t\t<div class=\"entry\">\n\t\t\t\t<div class=\"tb-image-part\">\n\t\t\t\t\t<figure>\n\t\t\t\t\t\t<img src='https:\/\/albn.travelblox.eu\/wp-content\/uploads\/sites\/115\/2025\/10\/Dalan-beach-day-2-bbbis-1024x683.jpg' width='1024' height='683' alt='Rondreis Albani\u00eb: in 7 dagen langs de mooiste plekken van Albani\u00eb' style='object-position:50% 50%' loading='lazy' image_size='large'>\t\t\t\t\t\t\t\t\t\t\t<\/figure>\n\t\t\t\t<\/div>\n\t\t\t<\/div>\n\t\t\t\t\t\t\t\t<\/div>\n\t\t\t\t\t\t<div class=\"tb-carousel-nav\">\n\t\t\t<div class=\"dots\">\n\t\t\t\t<div class=\"dot active\"><\/div>\n\t\t\t\t<div class=\"dot\"><\/div>\n\t\t\t\t<div class=\"dot\"><\/div>\n\t\t\t<\/div>\n\t\t\t<div class=\"arrows\">\n\t\t\t\t<div class=\"prev disabled\">\n\t\t\t\t\t<span><i class=\"fa fa-chevron-left\"><\/i><\/span>\n\t\t\t\t<\/div>\n\t\t\t\t<div class=\"next\">\n\t\t\t\t\t<span><i class=\"fa fa-chevron-right\"><\/i><\/span>\n\t\t\t\t<\/div>\n\t\t\t<\/div>\n\t\t<\/div>\n\t\t\t\t<\/div>\n\t\t<\/div>\n\t\t\t\t\t\t\t\t\t\t\t\t\t<\/div>\n\t\t\t\t\t\t\t\t\t\t<\/div>\n\t\t\t\t\t\t\t\t\t<\/div>\n\t\t\t\t\t\t\t\t\t\t\t<div class=\"tb-popup-nav\">\n\t\t\t<a href=\"#\" class=\"tb-buttonlink-with-icon tb-buttonlink-with-arrow icon-first tb-popup-previous\">\n\t\t\t\t<i class=\"icon fa fa-chevron-left\"><\/i>\n\t\t\t\t<span>Vorige dag<\/span>\n\t\t\t<\/a>\n\t\t\t<a href=\"#\" class=\"tb-buttonlink-with-icon tb-buttonlink-with-arrow tb-popup-next\">\n\t\t\t\t<span>Volgende dag<\/span>\n\t\t\t\t<i class=\"icon fa fa-chevron-right\"><\/i>\n\t\t\t<\/a>\n\t\t<\/div>\n\t\n\t\t\t\t\t\t\t\t<\/div>\n\t\t\t\t\t\t\t<\/dialog>\n\t\t\t\t\t\t<\/div>\n\t\t\t\t\t\t\t\t\t\t\t<div class=\"tb-card entry tb-popup-trigger tb-unfold-on-hover\">\n\t\t\t\t\t\t\t<div class=\"tb-image-part\">\n\t\t\t\t\t\t\t\t<div class=\"tag\">\n\t\t\t\t\t\t\t\t\t<div>Dag 3<\/div>\n\t\t\t\t\t\t\t\t<\/div>\n\n\t\t\t\t\t\t\t\t<img src='https:\/\/albn.travelblox.eu\/wp-content\/uploads\/sites\/115\/2025\/10\/dukat-day-2-768x512.jpg' width='768' height='512' alt='Rondreis Albani\u00eb: in 7 dagen langs de mooiste plekken van Albani\u00eb' style='object-position:50% 50%' loading='lazy' image_size='medium_large'>\t\t\t\t\t\t\t<\/div>\n\t\t\t\t\t\t\t<div class=\"tb-card-bottom-wrapper\">\n\t\t\t\t\t\t\t\t<div class=\"tb-card-bottom\">\n\n\t\t\t\t\t\t\t\t\t<span class=\"tb-card-bottom__title\">\n\t\t\t\t\t\t\t\t\t\t<span class=\"tb-card-bottom__place\">\n\t\t\t\t\t\t\t\t\t\t\tDukat\t\t\t\t\t\t\t\t\t\t\t\t\t\t\t\t\t\t\t\t\t\t\t&#8211; Ksamil\t\t\t\t\t\t\t\t\t\t\t\t\t\t\t\t\t\t\t\t\t<\/span>\n\n\t\t\t\t\t\t\t\t\t<\/span>\n\t\t\t\t\t\t\t\t\t<div class=\"tb-card-bottom__content\">\n\t\t\t\t\t\t\t\t\t\t<div>\n\t\t\t\t\t\t\t\t\t\t\t\t\t\t\t\t\t\t\t\t\t\t\t<i class=\"icon fa-regular fa-car\"><\/i> 120 km &#8211; 3u45\t\t\t\t\t\t\t\t\t\t\t\t\t\t\t\t\t\t\t\t\t<\/div>\n\t\t\t\t\t\t\t\t\t<\/div>\n\t\t\t\t\t\t\t\t\t<div class=\"tb-card-bottom__teaser tb-unfold-on-hover__content\" data-no-translation>\n\t\t\t\t\t\t\t\t\t\t\t\t\t\t\t\t\t\t\t\t\t\t\t\t\t\t\t\t\t\tKlaar voor een nieuwe dag vol ontdekkingen?Eerst neem je de befaamde Llogara-pas, een spectaculaire &#8230; <span class=\"link\">Lees meer<\/span>\t\t\t\t\t\t\t\t\t<\/div>\n\t\t\t\t\t\t\t\t<\/div>\n\n\t\t\t\t\t\t\t<\/div>\n\t\t\t\t\t\t\t<dialog class=\"tb-popup tb-popup-with-padding tb-dayschedule-popup-wrapper\">\n\t\t\t\t\t\t\t\t<div class=\"tb-dayschedule-popup\">\n\t\t\t\t\t\t\t\t\t<h5>\n\t\t\t\t\t\t\t\t\t\t\t\t\t\t\t\t\t\t\t\t\t\t\t\t\t\t\t\t\t\t\t<div>\n\t\t\t\t\t\t\t\t\t\t\t\t\t\t\t\t\t\t\t\t\t\t\t\t\tDukat\t\t\t\t\t\t\t\t\t\t\t\t\t\t\t\t\t\t\t\t\t\t\t\t\t\t\t\t\t\t\t\t\t\t\t\t\t\t\t\t\t\t\t\t\t\t\t\t\t\t\t<i class=\"icon fa-solid fa-arrow-right\"><\/i> Ksamil\t\t\t\t\t\t\t\t\t\t\t\t\t\t\t\t\t\t\t\t\t\t\t\t\t\t\t\t\t\t\t\t\t\t\t\t<\/div>\n\t\t\t\t\t\t\t\t\t\t\t\t\t\t\t\t\t\t\t<\/h5>\n\t\t\t\t\t\t\t\t\t<div class=\"tb-columns\">\n\t\t\t\t\t\t\t\t\t\t<div class=\"tb-column tb-column--text\">\n\t\t\t\t\t\t\t\t\t\t\t<div class=\"text-part\">\n\t\t\t\t\t\t\t\t\t\t\t\t\t\t\t\t\t\t\t\t\t\t\t\t\t<div class=\"tb-dayschedule-popup__icons\">\n\t\t\t\t\t\t\t\t\t\t\t\t\t\t\t\t\t\t\t\t\t\t\t\t\t\t\t\t\t\t\t\t\t\t\t\t\t\t\t\t\t\t\t<div class=\"tb-dayschedule-popup__icon\">\n\t\t\t\t\t\t\t\t\t\t\t\t\t\t\t\t<i class=\"icon fa-regular fa-car\"><\/i>\n\t\t\t\t\t\t\t\t\t\t\t\t\t\t\t\t<span>\n\t\t\t\t\t\t\t\t\t\t\t\t\t\t\t\t\t120 km &#8211; 3u45\t\t\t\t\t\t\t\t\t\t\t\t\t\t\t\t<\/span>\n\t\t\t\t\t\t\t\t\t\t\t\t\t\t\t<\/div>\n\t\t\t\t\t\t\t\t\t\t\t\t\t\t\t\t\t\t\t\t\t\t\t\t\t\t\t<\/div>\n\t\t\t\t\t\t\t\t\t\t\t\t\n\t\t\t\t\t\t\t\t\t\t\t\t\n\t\t\t\t\t\t\t\t\t\t\t\t<div>\n\t\t\t\t\t\t\t\t\t\t\t\t\t<strong>Dag 3<\/strong>\n\t\t\t\t\t\t\t\t\t\t\t\t\t\t\t<div class=\"translation-block\"><p>Klaar voor een nieuwe dag vol ontdekkingen?<\/p><p>Eerst neem je de befaamde <strong>Llogara-pas<\/strong>, een spectaculaire route met prachtige uitzichten op de Ionische Zee. De haarspeldbochten brengen je naar meer dan 1000 meter hoogte.<\/p><p>Daarna ontdek je twee van de mooiste stranden van Albani\u00eb: het strand van <strong>Dh\u00ebrmi<\/strong> en dat van <strong>Gjipe<\/strong>, een verborgen juweeltje tussen de kliffen.<\/p><p>In de namiddag staat het kasteel van <strong>Porto Palermo<\/strong> op het programma, een driehoekige vesting die uitkijkt op de zee en de militaire geschiedenis van de regio symboliseert.<\/p><p>Overnachten doe je vanavond in <strong>Ksamil<\/strong>.<\/p><\/div>\n\t\t\t\t\t\t\t\t\t\t\t\t\t<\/div>\n\n\n\t\t\t\t\t\t\t\t\t\t\t<\/div>\n\t\t\t\t\t\t\t\t\t\t<\/div>\n\t\t\t\t\t\t\t\t\t\t<div class=\"tb-column tb-column--image\">\n\n\t\t\t\t\t\t\t\t\t\t\t<div class=\"tb-image-part\">\n\t\t\t\t\t\t\t\t\t\t\t\t\t\t\t\t<div class=\"inner-block-full-width has-tb-carousel tb-carousel-slider\" >\n\t\t\t<div class=\"tb-carousel-container\">\n\t\t\t\t<div class=\"entries tb-cards\" data-slider-first=\"0\">\n\t\t\t\t\t\t\t\t\t<div class=\"entry\">\n\t\t\t\t<div class=\"tb-image-part\">\n\t\t\t\t\t<figure>\n\t\t\t\t\t\t<img src='https:\/\/albn.travelblox.eu\/wp-content\/uploads\/sites\/115\/2025\/10\/dukat-day-2-1024x683.jpg' width='1024' height='683' alt='Rondreis Albani\u00eb: in 7 dagen langs de mooiste plekken van Albani\u00eb' style='object-position:50% 50%' loading='lazy' image_size='large'>\t\t\t\t\t\t\t\t\t\t\t<\/figure>\n\t\t\t\t<\/div>\n\t\t\t<\/div>\n\t\t\t\t\t<div class=\"entry\">\n\t\t\t\t<div class=\"tb-image-part\">\n\t\t\t\t\t<figure>\n\t\t\t\t\t\t<img src='https:\/\/albn.travelblox.eu\/wp-content\/uploads\/sites\/115\/2025\/10\/DAY3-683x1024.jpg' width='683' height='1024' loading='lazy' image_size='large'>\t\t\t\t\t\t\t\t\t\t\t<\/figure>\n\t\t\t\t<\/div>\n\t\t\t<\/div>\n\t\t\t\t\t\t\t\t<\/div>\n\t\t\t\t\t\t<div class=\"tb-carousel-nav\">\n\t\t\t<div class=\"dots\">\n\t\t\t\t<div class=\"dot active\"><\/div>\n\t\t\t\t<div class=\"dot\"><\/div>\n\t\t\t\t<div class=\"dot\"><\/div>\n\t\t\t<\/div>\n\t\t\t<div class=\"arrows\">\n\t\t\t\t<div class=\"prev disabled\">\n\t\t\t\t\t<span><i class=\"fa fa-chevron-left\"><\/i><\/span>\n\t\t\t\t<\/div>\n\t\t\t\t<div class=\"next\">\n\t\t\t\t\t<span><i class=\"fa fa-chevron-right\"><\/i><\/span>\n\t\t\t\t<\/div>\n\t\t\t<\/div>\n\t\t<\/div>\n\t\t\t\t<\/div>\n\t\t<\/div>\n\t\t\t\t\t\t\t\t\t\t\t\t\t<\/div>\n\t\t\t\t\t\t\t\t\t\t<\/div>\n\t\t\t\t\t\t\t\t\t<\/div>\n\t\t\t\t\t\t\t\t\t\t\t<div class=\"tb-popup-nav\">\n\t\t\t<a href=\"#\" class=\"tb-buttonlink-with-icon tb-buttonlink-with-arrow icon-first tb-popup-previous\">\n\t\t\t\t<i class=\"icon fa fa-chevron-left\"><\/i>\n\t\t\t\t<span>Vorige dag<\/span>\n\t\t\t<\/a>\n\t\t\t<a href=\"#\" class=\"tb-buttonlink-with-icon tb-buttonlink-with-arrow tb-popup-next\">\n\t\t\t\t<span>Volgende dag<\/span>\n\t\t\t\t<i class=\"icon fa fa-chevron-right\"><\/i>\n\t\t\t<\/a>\n\t\t<\/div>\n\t\n\t\t\t\t\t\t\t\t<\/div>\n\t\t\t\t\t\t\t<\/dialog>\n\t\t\t\t\t\t<\/div>\n\t\t\t\t\t\t\t\t\t\t\t<div class=\"tb-card entry tb-popup-trigger tb-unfold-on-hover\">\n\t\t\t\t\t\t\t<div class=\"tb-image-part\">\n\t\t\t\t\t\t\t\t<div class=\"tag\">\n\t\t\t\t\t\t\t\t\t<div>Dag 4<\/div>\n\t\t\t\t\t\t\t\t<\/div>\n\n\t\t\t\t\t\t\t\t<img src='https:\/\/albn.travelblox.eu\/wp-content\/uploads\/sites\/115\/2025\/03\/Blue-eye-albanie-768x1024.jpg' width='768' height='1024' loading='lazy' image_size='medium_large'>\t\t\t\t\t\t\t<\/div>\n\t\t\t\t\t\t\t<div class=\"tb-card-bottom-wrapper\">\n\t\t\t\t\t\t\t\t<div class=\"tb-card-bottom\">\n\n\t\t\t\t\t\t\t\t\t<span class=\"tb-card-bottom__title\">\n\t\t\t\t\t\t\t\t\t\t<span class=\"tb-card-bottom__place\">\n\t\t\t\t\t\t\t\t\t\t\tKsamil\t\t\t\t\t\t\t\t\t\t\t\t\t\t\t\t\t\t\t\t\t\t\t&#8211; Gijrokast\u00ebr\t\t\t\t\t\t\t\t\t\t\t\t\t\t\t\t\t\t\t\t\t<\/span>\n\n\t\t\t\t\t\t\t\t\t<\/span>\n\t\t\t\t\t\t\t\t\t<div class=\"tb-card-bottom__content\">\n\t\t\t\t\t\t\t\t\t\t<div>\n\t\t\t\t\t\t\t\t\t\t\t\t\t\t\t\t\t\t\t\t\t\t\t<i class=\"icon fa-regular fa-car\"><\/i> 100 km &#8211; 3u\t\t\t\t\t\t\t\t\t\t\t\t\t\t\t\t\t\t\t\t\t<\/div>\n\t\t\t\t\t\t\t\t\t<\/div>\n\t\t\t\t\t\t\t\t\t<div class=\"tb-card-bottom__teaser tb-unfold-on-hover__content\" data-no-translation>\n\t\t\t\t\t\t\t\t\t\t\t\t\t\t\t\t\t\t\t\t\t\t\t\t\t\t\t\t\t\tJe vierde dag begint in het hart van het archeologische park van Butrint. Deze uitzonderlijke site i&#8230; <span class=\"link\">Lees meer<\/span>\t\t\t\t\t\t\t\t\t<\/div>\n\t\t\t\t\t\t\t\t<\/div>\n\n\t\t\t\t\t\t\t<\/div>\n\t\t\t\t\t\t\t<dialog class=\"tb-popup tb-popup-with-padding tb-dayschedule-popup-wrapper\">\n\t\t\t\t\t\t\t\t<div class=\"tb-dayschedule-popup\">\n\t\t\t\t\t\t\t\t\t<h5>\n\t\t\t\t\t\t\t\t\t\t\t\t\t\t\t\t\t\t\t\t\t\t\t\t\t\t\t\t\t\t\t<div>\n\t\t\t\t\t\t\t\t\t\t\t\t\t\t\t\t\t\t\t\t\t\t\t\t\tKsamil\t\t\t\t\t\t\t\t\t\t\t\t\t\t\t\t\t\t\t\t\t\t\t\t\t\t\t\t\t\t\t\t\t\t\t\t\t\t\t\t\t\t\t\t\t\t\t\t\t\t\t<i class=\"icon fa-solid fa-arrow-right\"><\/i> Gijrokast\u00ebr\t\t\t\t\t\t\t\t\t\t\t\t\t\t\t\t\t\t\t\t\t\t\t\t\t\t\t\t\t\t\t\t\t\t\t\t<\/div>\n\t\t\t\t\t\t\t\t\t\t\t\t\t\t\t\t\t\t\t<\/h5>\n\t\t\t\t\t\t\t\t\t<div class=\"tb-columns\">\n\t\t\t\t\t\t\t\t\t\t<div class=\"tb-column tb-column--text\">\n\t\t\t\t\t\t\t\t\t\t\t<div class=\"text-part\">\n\t\t\t\t\t\t\t\t\t\t\t\t\t\t\t\t\t\t\t\t\t\t\t\t\t<div class=\"tb-dayschedule-popup__icons\">\n\t\t\t\t\t\t\t\t\t\t\t\t\t\t\t\t\t\t\t\t\t\t\t\t\t\t\t\t\t\t\t\t\t\t\t\t\t\t\t\t\t\t\t<div class=\"tb-dayschedule-popup__icon\">\n\t\t\t\t\t\t\t\t\t\t\t\t\t\t\t\t<i class=\"icon fa-regular fa-car\"><\/i>\n\t\t\t\t\t\t\t\t\t\t\t\t\t\t\t\t<span>\n\t\t\t\t\t\t\t\t\t\t\t\t\t\t\t\t\t100 km &#8211; 3u\t\t\t\t\t\t\t\t\t\t\t\t\t\t\t\t<\/span>\n\t\t\t\t\t\t\t\t\t\t\t\t\t\t\t<\/div>\n\t\t\t\t\t\t\t\t\t\t\t\t\t\t\t\t\t\t\t\t\t\t\t\t\t\t\t<\/div>\n\t\t\t\t\t\t\t\t\t\t\t\t\n\t\t\t\t\t\t\t\t\t\t\t\t\n\t\t\t\t\t\t\t\t\t\t\t\t<div>\n\t\t\t\t\t\t\t\t\t\t\t\t\t<strong>Dag 4<\/strong>\n\t\t\t\t\t\t\t\t\t\t\t\t\t\t\t<div class=\"translation-block\"><p>Je vierde dag begint in het hart van het <strong>archeologische park van Butrint<\/strong>. Deze uitzonderlijke site is <strong>UNESCO-werelderfgoed<\/strong> en neemt je mee door meer dan 2500 jaar geschiedenis. Must-see\u2019s: het antiek&nbsp; theater en de Byzantijnse doopkapel.<\/p><p>In de namiddag staat een fascinerend natuurfenomeen op het programma. Het <strong>Blauwe Oog<\/strong> is een diepe waterbron die verscholen ligt in een weelderig bos. Verbazingwekkend mooi!<\/p><p>Je dag eindigt in <strong>Gjirokast\u00ebr<\/strong>, een historische stad die vooral bekend staat om zijn imposante fort en traditionele huizen. Hier breng je de nacht door.<\/p><\/div>\n\t\t\t\t\t\t\t\t\t\t\t\t\t<\/div>\n\n\n\t\t\t\t\t\t\t\t\t\t\t<\/div>\n\t\t\t\t\t\t\t\t\t\t<\/div>\n\t\t\t\t\t\t\t\t\t\t<div class=\"tb-column tb-column--image\">\n\n\t\t\t\t\t\t\t\t\t\t\t<div class=\"tb-image-part\">\n\t\t\t\t\t\t\t\t\t\t\t\t\t\t\t\t<div class=\"inner-block-full-width has-tb-carousel tb-carousel-slider\" >\n\t\t\t<div class=\"tb-carousel-container\">\n\t\t\t\t<div class=\"entries tb-cards\" data-slider-first=\"0\">\n\t\t\t\t\t\t\t\t\t<div class=\"entry\">\n\t\t\t\t<div class=\"tb-image-part\">\n\t\t\t\t\t<figure>\n\t\t\t\t\t\t<img src='https:\/\/albn.travelblox.eu\/wp-content\/uploads\/sites\/115\/2025\/03\/Blue-eye-albanie-768x1024.jpg' width='768' height='1024' loading='lazy' image_size='large'>\t\t\t\t\t\t\t\t\t\t\t<\/figure>\n\t\t\t\t<\/div>\n\t\t\t<\/div>\n\t\t\t\t\t<div class=\"entry\">\n\t\t\t\t<div class=\"tb-image-part\">\n\t\t\t\t\t<figure>\n\t\t\t\t\t\t<img src='https:\/\/albn.travelblox.eu\/wp-content\/uploads\/sites\/115\/2025\/10\/Girokastra-day-4-683x1024.jpg' width='683' height='1024' loading='lazy' image_size='large'>\t\t\t\t\t\t\t\t\t\t\t<\/figure>\n\t\t\t\t<\/div>\n\t\t\t<\/div>\n\t\t\t\t\t<div class=\"entry\">\n\t\t\t\t<div class=\"tb-image-part\">\n\t\t\t\t\t<figure>\n\t\t\t\t\t\t<img src='https:\/\/albn.travelblox.eu\/wp-content\/uploads\/sites\/115\/2025\/10\/camping-day-4-girokastra-683x1024.jpg' width='683' height='1024' loading='lazy' image_size='large'>\t\t\t\t\t\t\t\t\t\t\t<\/figure>\n\t\t\t\t<\/div>\n\t\t\t<\/div>\n\t\t\t\t\t\t\t\t<\/div>\n\t\t\t\t\t\t<div class=\"tb-carousel-nav\">\n\t\t\t<div class=\"dots\">\n\t\t\t\t<div class=\"dot active\"><\/div>\n\t\t\t\t<div class=\"dot\"><\/div>\n\t\t\t\t<div class=\"dot\"><\/div>\n\t\t\t<\/div>\n\t\t\t<div class=\"arrows\">\n\t\t\t\t<div class=\"prev disabled\">\n\t\t\t\t\t<span><i class=\"fa fa-chevron-left\"><\/i><\/span>\n\t\t\t\t<\/div>\n\t\t\t\t<div class=\"next\">\n\t\t\t\t\t<span><i class=\"fa fa-chevron-right\"><\/i><\/span>\n\t\t\t\t<\/div>\n\t\t\t<\/div>\n\t\t<\/div>\n\t\t\t\t<\/div>\n\t\t<\/div>\n\t\t\t\t\t\t\t\t\t\t\t\t\t<\/div>\n\t\t\t\t\t\t\t\t\t\t<\/div>\n\t\t\t\t\t\t\t\t\t<\/div>\n\t\t\t\t\t\t\t\t\t\t\t<div class=\"tb-popup-nav\">\n\t\t\t<a href=\"#\" class=\"tb-buttonlink-with-icon tb-buttonlink-with-arrow icon-first tb-popup-previous\">\n\t\t\t\t<i class=\"icon fa fa-chevron-left\"><\/i>\n\t\t\t\t<span>Vorige dag<\/span>\n\t\t\t<\/a>\n\t\t\t<a href=\"#\" class=\"tb-buttonlink-with-icon tb-buttonlink-with-arrow tb-popup-next\">\n\t\t\t\t<span>Volgende dag<\/span>\n\t\t\t\t<i class=\"icon fa fa-chevron-right\"><\/i>\n\t\t\t<\/a>\n\t\t<\/div>\n\t\n\t\t\t\t\t\t\t\t<\/div>\n\t\t\t\t\t\t\t<\/dialog>\n\t\t\t\t\t\t<\/div>\n\t\t\t\t\t\t\t\t\t\t\t<div class=\"tb-card entry tb-popup-trigger tb-unfold-on-hover\">\n\t\t\t\t\t\t\t<div class=\"tb-image-part\">\n\t\t\t\t\t\t\t\t<div class=\"tag\">\n\t\t\t\t\t\t\t\t\t<div>Dag 5<\/div>\n\t\t\t\t\t\t\t\t<\/div>\n\n\t\t\t\t\t\t\t\t<img src='https:\/\/albn.travelblox.eu\/wp-content\/uploads\/sites\/115\/2025\/10\/Dino_s-river-day-5-768x1024.jpg' width='768' height='1024' loading='lazy' image_size='medium_large'>\t\t\t\t\t\t\t<\/div>\n\t\t\t\t\t\t\t<div class=\"tb-card-bottom-wrapper\">\n\t\t\t\t\t\t\t\t<div class=\"tb-card-bottom\">\n\n\t\t\t\t\t\t\t\t\t<span class=\"tb-card-bottom__title\">\n\t\t\t\t\t\t\t\t\t\t<span class=\"tb-card-bottom__place\">\n\t\t\t\t\t\t\t\t\t\t\tGijrokast\u00ebr\t\t\t\t\t\t\t\t\t\t\t\t\t\t\t\t\t\t\t\t\t\t\t&#8211; Leskovik\t\t\t\t\t\t\t\t\t\t\t\t\t\t\t\t\t\t\t\t\t<\/span>\n\n\t\t\t\t\t\t\t\t\t<\/span>\n\t\t\t\t\t\t\t\t\t<div class=\"tb-card-bottom__content\">\n\t\t\t\t\t\t\t\t\t\t<div>\n\t\t\t\t\t\t\t\t\t\t\t\t\t\t\t\t\t\t\t\t\t\t\t<i class=\"icon fa-regular fa-car\"><\/i> 170 km &#8211; 4u\t\t\t\t\t\t\t\t\t\t\t\t\t\t\t\t\t\t\t\t\t<\/div>\n\t\t\t\t\t\t\t\t\t<\/div>\n\t\t\t\t\t\t\t\t\t<div class=\"tb-card-bottom__teaser tb-unfold-on-hover__content\" data-no-translation>\n\t\t\t\t\t\t\t\t\t\t\t\t\t\t\t\t\t\t\t\t\t\t\t\t\t\t\t\t\t\tDag 5 van je rondreis door Albani\u00eb begint bij het aquaduct van Ali Pasha, een indrukwekkend Ottomaan&#8230; <span class=\"link\">Lees meer<\/span>\t\t\t\t\t\t\t\t\t<\/div>\n\t\t\t\t\t\t\t\t<\/div>\n\n\t\t\t\t\t\t\t<\/div>\n\t\t\t\t\t\t\t<dialog class=\"tb-popup tb-popup-with-padding tb-dayschedule-popup-wrapper\">\n\t\t\t\t\t\t\t\t<div class=\"tb-dayschedule-popup\">\n\t\t\t\t\t\t\t\t\t<h5>\n\t\t\t\t\t\t\t\t\t\t\t\t\t\t\t\t\t\t\t\t\t\t\t\t\t\t\t\t\t\t\t<div>\n\t\t\t\t\t\t\t\t\t\t\t\t\t\t\t\t\t\t\t\t\t\t\t\t\tGijrokast\u00ebr\t\t\t\t\t\t\t\t\t\t\t\t\t\t\t\t\t\t\t\t\t\t\t\t\t\t\t\t\t\t\t\t\t\t\t\t\t\t\t\t\t\t\t\t\t\t\t\t\t\t\t<i class=\"icon fa-solid fa-arrow-right\"><\/i> Leskovik\t\t\t\t\t\t\t\t\t\t\t\t\t\t\t\t\t\t\t\t\t\t\t\t\t\t\t\t\t\t\t\t\t\t\t\t<\/div>\n\t\t\t\t\t\t\t\t\t\t\t\t\t\t\t\t\t\t\t<\/h5>\n\t\t\t\t\t\t\t\t\t<div class=\"tb-columns\">\n\t\t\t\t\t\t\t\t\t\t<div class=\"tb-column tb-column--text\">\n\t\t\t\t\t\t\t\t\t\t\t<div class=\"text-part\">\n\t\t\t\t\t\t\t\t\t\t\t\t\t\t\t\t\t\t\t\t\t\t\t\t\t<div class=\"tb-dayschedule-popup__icons\">\n\t\t\t\t\t\t\t\t\t\t\t\t\t\t\t\t\t\t\t\t\t\t\t\t\t\t\t\t\t\t\t\t\t\t\t\t\t\t\t\t\t\t\t<div class=\"tb-dayschedule-popup__icon\">\n\t\t\t\t\t\t\t\t\t\t\t\t\t\t\t\t<i class=\"icon fa-regular fa-car\"><\/i>\n\t\t\t\t\t\t\t\t\t\t\t\t\t\t\t\t<span>\n\t\t\t\t\t\t\t\t\t\t\t\t\t\t\t\t\t170 km &#8211; 4u\t\t\t\t\t\t\t\t\t\t\t\t\t\t\t\t<\/span>\n\t\t\t\t\t\t\t\t\t\t\t\t\t\t\t<\/div>\n\t\t\t\t\t\t\t\t\t\t\t\t\t\t\t\t\t\t\t\t\t\t\t\t\t\t\t<\/div>\n\t\t\t\t\t\t\t\t\t\t\t\t\n\t\t\t\t\t\t\t\t\t\t\t\t\n\t\t\t\t\t\t\t\t\t\t\t\t<div>\n\t\t\t\t\t\t\t\t\t\t\t\t\t<strong>Dag 5<\/strong>\n\t\t\t\t\t\t\t\t\t\t\t\t\t\t\t<div class=\"translation-block\"><p>Dag 5 van je rondreis door Albani\u00eb begint bij het <strong>aquaduct van Ali Pasha<\/strong>, een indrukwekkend Ottomaans bouwwerk uit de 18de eeuw. Daarna rijd je verder naar <strong>Permet<\/strong>, een charmant stadje verscholen tussen de bergen.<\/p><p>In de namiddag is het tijd voor actie. Op de <strong>Vjosa-rivier<\/strong> kan je <strong>raften<\/strong> (die activiteit kan je bij ons bijboeken) of je neemt er gewoon een verfrissende duik.<\/p><p>De dag eindigt op een rustige camping vlakbij de <strong>Griekse grens<\/strong>.<\/p><\/div>\n\t\t\t\t\t\t\t\t\t\t\t\t\t<\/div>\n\n\n\t\t\t\t\t\t\t\t\t\t\t<\/div>\n\t\t\t\t\t\t\t\t\t\t<\/div>\n\t\t\t\t\t\t\t\t\t\t<div class=\"tb-column tb-column--image\">\n\n\t\t\t\t\t\t\t\t\t\t\t<div class=\"tb-image-part\">\n\t\t\t\t\t\t\t\t\t\t\t\t\t\t\t\t<div class=\"inner-block-full-width has-tb-carousel tb-carousel-slider\" >\n\t\t\t<div class=\"tb-carousel-container\">\n\t\t\t\t<div class=\"entries tb-cards\" data-slider-first=\"0\">\n\t\t\t\t\t\t\t\t\t<div class=\"entry\">\n\t\t\t\t<div class=\"tb-image-part\">\n\t\t\t\t\t<figure>\n\t\t\t\t\t\t<img src='https:\/\/albn.travelblox.eu\/wp-content\/uploads\/sites\/115\/2025\/10\/Dino_s-river-day-5-768x1024.jpg' width='768' height='1024' loading='lazy' image_size='large'>\t\t\t\t\t\t\t\t\t\t\t<\/figure>\n\t\t\t\t<\/div>\n\t\t\t<\/div>\n\t\t\t\t\t<div class=\"entry\">\n\t\t\t\t<div class=\"tb-image-part\">\n\t\t\t\t\t<figure>\n\t\t\t\t\t\t<img src='https:\/\/albn.travelblox.eu\/wp-content\/uploads\/sites\/115\/2025\/10\/rafting-vjosa-river-day-5-bbis-1024x683.jpg' width='1024' height='683' alt='Wat te doen in Albani\u00eb: raften in Vlor\u00eb, Albani\u00eb' loading='lazy' image_size='large'>\t\t\t\t\t\t\t\t\t\t\t<\/figure>\n\t\t\t\t<\/div>\n\t\t\t<\/div>\n\t\t\t\t\t<div class=\"entry\">\n\t\t\t\t<div class=\"tb-image-part\">\n\t\t\t\t\t<figure>\n\t\t\t\t\t\t<img src='https:\/\/albn.travelblox.eu\/wp-content\/uploads\/sites\/115\/2025\/10\/vjosa-river-day-5-bis-683x1024.jpg' width='683' height='1024' loading='lazy' image_size='large'>\t\t\t\t\t\t\t\t\t\t\t<\/figure>\n\t\t\t\t<\/div>\n\t\t\t<\/div>\n\t\t\t\t\t\t\t\t<\/div>\n\t\t\t\t\t\t<div class=\"tb-carousel-nav\">\n\t\t\t<div class=\"dots\">\n\t\t\t\t<div class=\"dot active\"><\/div>\n\t\t\t\t<div class=\"dot\"><\/div>\n\t\t\t\t<div class=\"dot\"><\/div>\n\t\t\t<\/div>\n\t\t\t<div class=\"arrows\">\n\t\t\t\t<div class=\"prev disabled\">\n\t\t\t\t\t<span><i class=\"fa fa-chevron-left\"><\/i><\/span>\n\t\t\t\t<\/div>\n\t\t\t\t<div class=\"next\">\n\t\t\t\t\t<span><i class=\"fa fa-chevron-right\"><\/i><\/span>\n\t\t\t\t<\/div>\n\t\t\t<\/div>\n\t\t<\/div>\n\t\t\t\t<\/div>\n\t\t<\/div>\n\t\t\t\t\t\t\t\t\t\t\t\t\t<\/div>\n\t\t\t\t\t\t\t\t\t\t<\/div>\n\t\t\t\t\t\t\t\t\t<\/div>\n\t\t\t\t\t\t\t\t\t\t\t<div class=\"tb-popup-nav\">\n\t\t\t<a href=\"#\" class=\"tb-buttonlink-with-icon tb-buttonlink-with-arrow icon-first tb-popup-previous\">\n\t\t\t\t<i class=\"icon fa fa-chevron-left\"><\/i>\n\t\t\t\t<span>Vorige dag<\/span>\n\t\t\t<\/a>\n\t\t\t<a href=\"#\" class=\"tb-buttonlink-with-icon tb-buttonlink-with-arrow tb-popup-next\">\n\t\t\t\t<span>Volgende dag<\/span>\n\t\t\t\t<i class=\"icon fa fa-chevron-right\"><\/i>\n\t\t\t<\/a>\n\t\t<\/div>\n\t\n\t\t\t\t\t\t\t\t<\/div>\n\t\t\t\t\t\t\t<\/dialog>\n\t\t\t\t\t\t<\/div>\n\t\t\t\t\t\t\t\t\t\t\t<div class=\"tb-card entry tb-popup-trigger tb-unfold-on-hover\">\n\t\t\t\t\t\t\t<div class=\"tb-image-part\">\n\t\t\t\t\t\t\t\t<div class=\"tag\">\n\t\t\t\t\t\t\t\t\t<div>Dag 6<\/div>\n\t\t\t\t\t\t\t\t<\/div>\n\n\t\t\t\t\t\t\t\t<img src='https:\/\/albn.travelblox.eu\/wp-content\/uploads\/sites\/115\/2025\/10\/cooking-class-day-6-768x512.jpg' width='768' height='512' alt='albanie eten' loading='lazy' image_size='medium_large'>\t\t\t\t\t\t\t<\/div>\n\t\t\t\t\t\t\t<div class=\"tb-card-bottom-wrapper\">\n\t\t\t\t\t\t\t\t<div class=\"tb-card-bottom\">\n\n\t\t\t\t\t\t\t\t\t<span class=\"tb-card-bottom__title\">\n\t\t\t\t\t\t\t\t\t\t<span class=\"tb-card-bottom__place\">\n\t\t\t\t\t\t\t\t\t\t\tLeskovik\t\t\t\t\t\t\t\t\t\t\t\t\t\t\t\t\t\t\t\t\t\t\t&#8211; Pogradec\t\t\t\t\t\t\t\t\t\t\t\t\t\t\t\t\t\t\t\t\t<\/span>\n\n\t\t\t\t\t\t\t\t\t<\/span>\n\t\t\t\t\t\t\t\t\t<div class=\"tb-card-bottom__content\">\n\t\t\t\t\t\t\t\t\t\t<div>\n\t\t\t\t\t\t\t\t\t\t\t\t\t\t\t\t\t\t\t\t\t\t\t<i class=\"icon fa-regular fa-car\"><\/i> 140 km &#8211; 3u\t\t\t\t\t\t\t\t\t\t\t\t\t\t\t\t\t\t\t\t\t<\/div>\n\t\t\t\t\t\t\t\t\t<\/div>\n\t\t\t\t\t\t\t\t\t<div class=\"tb-card-bottom__teaser tb-unfold-on-hover__content\" data-no-translation>\n\t\t\t\t\t\t\t\t\t\t\t\t\t\t\t\t\t\t\t\t\t\t\t\t\t\t\t\t\t\tOp dag 6 neem je de weg naar Kor\u00e7\u00eb, een culturele stad die bekend staat om zijn unieke architectuur &#8230; <span class=\"link\">Lees meer<\/span>\t\t\t\t\t\t\t\t\t<\/div>\n\t\t\t\t\t\t\t\t<\/div>\n\n\t\t\t\t\t\t\t<\/div>\n\t\t\t\t\t\t\t<dialog class=\"tb-popup tb-popup-with-padding tb-dayschedule-popup-wrapper\">\n\t\t\t\t\t\t\t\t<div class=\"tb-dayschedule-popup\">\n\t\t\t\t\t\t\t\t\t<h5>\n\t\t\t\t\t\t\t\t\t\t\t\t\t\t\t\t\t\t\t\t\t\t\t\t\t\t\t\t\t\t\t<div>\n\t\t\t\t\t\t\t\t\t\t\t\t\t\t\t\t\t\t\t\t\t\t\t\t\tLeskovik\t\t\t\t\t\t\t\t\t\t\t\t\t\t\t\t\t\t\t\t\t\t\t\t\t\t\t\t\t\t\t\t\t\t\t\t\t\t\t\t\t\t\t\t\t\t\t\t\t\t\t<i class=\"icon fa-solid fa-arrow-right\"><\/i> Pogradec\t\t\t\t\t\t\t\t\t\t\t\t\t\t\t\t\t\t\t\t\t\t\t\t\t\t\t\t\t\t\t\t\t\t\t\t<\/div>\n\t\t\t\t\t\t\t\t\t\t\t\t\t\t\t\t\t\t\t<\/h5>\n\t\t\t\t\t\t\t\t\t<div class=\"tb-columns\">\n\t\t\t\t\t\t\t\t\t\t<div class=\"tb-column tb-column--text\">\n\t\t\t\t\t\t\t\t\t\t\t<div class=\"text-part\">\n\t\t\t\t\t\t\t\t\t\t\t\t\t\t\t\t\t\t\t\t\t\t\t\t\t<div class=\"tb-dayschedule-popup__icons\">\n\t\t\t\t\t\t\t\t\t\t\t\t\t\t\t\t\t\t\t\t\t\t\t\t\t\t\t\t\t\t\t\t\t\t\t\t\t\t\t\t\t\t\t<div class=\"tb-dayschedule-popup__icon\">\n\t\t\t\t\t\t\t\t\t\t\t\t\t\t\t\t<i class=\"icon fa-regular fa-car\"><\/i>\n\t\t\t\t\t\t\t\t\t\t\t\t\t\t\t\t<span>\n\t\t\t\t\t\t\t\t\t\t\t\t\t\t\t\t\t140 km &#8211; 3u\t\t\t\t\t\t\t\t\t\t\t\t\t\t\t\t<\/span>\n\t\t\t\t\t\t\t\t\t\t\t\t\t\t\t<\/div>\n\t\t\t\t\t\t\t\t\t\t\t\t\t\t\t\t\t\t\t\t\t\t\t\t\t\t\t<\/div>\n\t\t\t\t\t\t\t\t\t\t\t\t\n\t\t\t\t\t\t\t\t\t\t\t\t\n\t\t\t\t\t\t\t\t\t\t\t\t<div>\n\t\t\t\t\t\t\t\t\t\t\t\t\t<strong>Dag 6<\/strong>\n\t\t\t\t\t\t\t\t\t\t\t\t\t\t\t<div class=\"translation-block\"><p>Op dag 6 neem je de weg naar <strong>Kor\u00e7\u00eb<\/strong>, een culturele stad die bekend staat om zijn unieke architectuur en bohemian vibe.<\/p><p>Na een wandeling door de pittoreske straten ga je verder naar <strong>Pogradec<\/strong>. Dat is een badplaats aan de oever van het prachtige <strong>Ohridmeer<\/strong>, een van de oudste meren van Europa.&nbsp;&nbsp;<\/p><p>Hier heerst \u2018s avonds een magische sfeer!<\/p><\/div>\n\t\t\t\t\t\t\t\t\t\t\t\t\t<\/div>\n\n\n\t\t\t\t\t\t\t\t\t\t\t<\/div>\n\t\t\t\t\t\t\t\t\t\t<\/div>\n\t\t\t\t\t\t\t\t\t\t<div class=\"tb-column tb-column--image\">\n\n\t\t\t\t\t\t\t\t\t\t\t<div class=\"tb-image-part\">\n\t\t\t\t\t\t\t\t\t\t\t\t\t\t\t\t<div class=\"inner-block-full-width has-tb-carousel tb-carousel-slider\" >\n\t\t\t<div class=\"tb-carousel-container\">\n\t\t\t\t<div class=\"entries tb-cards\" data-slider-first=\"0\">\n\t\t\t\t\t\t\t\t\t<div class=\"entry\">\n\t\t\t\t<div class=\"tb-image-part\">\n\t\t\t\t\t<figure>\n\t\t\t\t\t\t<img src='https:\/\/albn.travelblox.eu\/wp-content\/uploads\/sites\/115\/2025\/10\/cooking-class-day-6-1024x683.jpg' width='1024' height='683' alt='albanie eten' loading='lazy' image_size='large'>\t\t\t\t\t\t\t\t\t\t\t<\/figure>\n\t\t\t\t<\/div>\n\t\t\t<\/div>\n\t\t\t\t\t<div class=\"entry\">\n\t\t\t\t<div class=\"tb-image-part\">\n\t\t\t\t\t<figure>\n\t\t\t\t\t\t<img src='https:\/\/albn.travelblox.eu\/wp-content\/uploads\/sites\/115\/2025\/10\/SiliquiniLaura-Travelbase-AlbaniaNomads20250726-1943-1024x683.jpg' width='1024' height='683' loading='lazy' image_size='large'>\t\t\t\t\t\t\t\t\t\t\t<\/figure>\n\t\t\t\t<\/div>\n\t\t\t<\/div>\n\t\t\t\t\t\t\t\t<\/div>\n\t\t\t\t\t\t<div class=\"tb-carousel-nav\">\n\t\t\t<div class=\"dots\">\n\t\t\t\t<div class=\"dot active\"><\/div>\n\t\t\t\t<div class=\"dot\"><\/div>\n\t\t\t\t<div class=\"dot\"><\/div>\n\t\t\t<\/div>\n\t\t\t<div class=\"arrows\">\n\t\t\t\t<div class=\"prev disabled\">\n\t\t\t\t\t<span><i class=\"fa fa-chevron-left\"><\/i><\/span>\n\t\t\t\t<\/div>\n\t\t\t\t<div class=\"next\">\n\t\t\t\t\t<span><i class=\"fa fa-chevron-right\"><\/i><\/span>\n\t\t\t\t<\/div>\n\t\t\t<\/div>\n\t\t<\/div>\n\t\t\t\t<\/div>\n\t\t<\/div>\n\t\t\t\t\t\t\t\t\t\t\t\t\t<\/div>\n\t\t\t\t\t\t\t\t\t\t<\/div>\n\t\t\t\t\t\t\t\t\t<\/div>\n\t\t\t\t\t\t\t\t\t\t\t<div class=\"tb-popup-nav\">\n\t\t\t<a href=\"#\" class=\"tb-buttonlink-with-icon tb-buttonlink-with-arrow icon-first tb-popup-previous\">\n\t\t\t\t<i class=\"icon fa fa-chevron-left\"><\/i>\n\t\t\t\t<span>Vorige dag<\/span>\n\t\t\t<\/a>\n\t\t\t<a href=\"#\" class=\"tb-buttonlink-with-icon tb-buttonlink-with-arrow tb-popup-next\">\n\t\t\t\t<span>Volgende dag<\/span>\n\t\t\t\t<i class=\"icon fa fa-chevron-right\"><\/i>\n\t\t\t<\/a>\n\t\t<\/div>\n\t\n\t\t\t\t\t\t\t\t<\/div>\n\t\t\t\t\t\t\t<\/dialog>\n\t\t\t\t\t\t<\/div>\n\t\t\t\t\t\t\t\t\t\t\t<div class=\"tb-card entry tb-popup-trigger tb-unfold-on-hover\">\n\t\t\t\t\t\t\t<div class=\"tb-image-part\">\n\t\t\t\t\t\t\t\t<div class=\"tag\">\n\t\t\t\t\t\t\t\t\t<div>Dag 7<\/div>\n\t\t\t\t\t\t\t\t<\/div>\n\n\t\t\t\t\t\t\t\t<img src='https:\/\/albn.travelblox.eu\/wp-content\/uploads\/sites\/115\/2025\/10\/SiliquiniLaura-Travelbase-AlbaniaNomads20250722-6724-768x512.jpg' width='768' height='512' loading='lazy' image_size='medium_large'>\t\t\t\t\t\t\t<\/div>\n\t\t\t\t\t\t\t<div class=\"tb-card-bottom-wrapper\">\n\t\t\t\t\t\t\t\t<div class=\"tb-card-bottom\">\n\n\t\t\t\t\t\t\t\t\t<span class=\"tb-card-bottom__title\">\n\t\t\t\t\t\t\t\t\t\t<span class=\"tb-card-bottom__place\">\n\t\t\t\t\t\t\t\t\t\t\tPogradec\t\t\t\t\t\t\t\t\t\t\t\t\t\t\t\t\t\t\t\t\t\t\t&#8211; Tirana\t\t\t\t\t\t\t\t\t\t\t\t\t\t\t\t\t\t\t\t\t<\/span>\n\n\t\t\t\t\t\t\t\t\t<\/span>\n\t\t\t\t\t\t\t\t\t<div class=\"tb-card-bottom__content\">\n\t\t\t\t\t\t\t\t\t\t<div>\n\t\t\t\t\t\t\t\t\t\t\t\t\t\t\t\t\t\t\t\t\t\t\t<i class=\"icon fa-regular fa-car\"><\/i> 125 km &#8211; 2u30\t\t\t\t\t\t\t\t\t\t\t\t\t\t\t\t\t\t\t\t\t<\/div>\n\t\t\t\t\t\t\t\t\t<\/div>\n\t\t\t\t\t\t\t\t\t<div class=\"tb-card-bottom__teaser tb-unfold-on-hover__content\" data-no-translation>\n\t\t\t\t\t\t\t\t\t\t\t\t\t\t\t\t\t\t\t\t\t\t\t\t\t\t\t\t\t\tJe laatste volledige dag in Albani\u00eb breng je door in alle rust aan de oevers van het Ohridmeer.&#038;nbsp&#8230; <span class=\"link\">Lees meer<\/span>\t\t\t\t\t\t\t\t\t<\/div>\n\t\t\t\t\t\t\t\t<\/div>\n\n\t\t\t\t\t\t\t<\/div>\n\t\t\t\t\t\t\t<dialog class=\"tb-popup tb-popup-with-padding tb-dayschedule-popup-wrapper\">\n\t\t\t\t\t\t\t\t<div class=\"tb-dayschedule-popup\">\n\t\t\t\t\t\t\t\t\t<h5>\n\t\t\t\t\t\t\t\t\t\t\t\t\t\t\t\t\t\t\t\t\t\t\t\t\t\t\t\t\t\t\t<div>\n\t\t\t\t\t\t\t\t\t\t\t\t\t\t\t\t\t\t\t\t\t\t\t\t\tPogradec\t\t\t\t\t\t\t\t\t\t\t\t\t\t\t\t\t\t\t\t\t\t\t\t\t\t\t\t\t\t\t\t\t\t\t\t\t\t\t\t\t\t\t\t\t\t\t\t\t\t\t<i class=\"icon fa-solid fa-arrow-right\"><\/i> Tirana\t\t\t\t\t\t\t\t\t\t\t\t\t\t\t\t\t\t\t\t\t\t\t\t\t\t\t\t\t\t\t\t\t\t\t\t<\/div>\n\t\t\t\t\t\t\t\t\t\t\t\t\t\t\t\t\t\t\t<\/h5>\n\t\t\t\t\t\t\t\t\t<div class=\"tb-columns\">\n\t\t\t\t\t\t\t\t\t\t<div class=\"tb-column tb-column--text\">\n\t\t\t\t\t\t\t\t\t\t\t<div class=\"text-part\">\n\t\t\t\t\t\t\t\t\t\t\t\t\t\t\t\t\t\t\t\t\t\t\t\t\t<div class=\"tb-dayschedule-popup__icons\">\n\t\t\t\t\t\t\t\t\t\t\t\t\t\t\t\t\t\t\t\t\t\t\t\t\t\t\t\t\t\t\t\t\t\t\t\t\t\t\t\t\t\t\t<div class=\"tb-dayschedule-popup__icon\">\n\t\t\t\t\t\t\t\t\t\t\t\t\t\t\t\t<i class=\"icon fa-regular fa-car\"><\/i>\n\t\t\t\t\t\t\t\t\t\t\t\t\t\t\t\t<span>\n\t\t\t\t\t\t\t\t\t\t\t\t\t\t\t\t\t125 km &#8211; 2u30\t\t\t\t\t\t\t\t\t\t\t\t\t\t\t\t<\/span>\n\t\t\t\t\t\t\t\t\t\t\t\t\t\t\t<\/div>\n\t\t\t\t\t\t\t\t\t\t\t\t\t\t\t\t\t\t\t\t\t\t\t\t\t\t\t<\/div>\n\t\t\t\t\t\t\t\t\t\t\t\t\n\t\t\t\t\t\t\t\t\t\t\t\t\n\t\t\t\t\t\t\t\t\t\t\t\t<div>\n\t\t\t\t\t\t\t\t\t\t\t\t\t<strong>Dag 7<\/strong>\n\t\t\t\t\t\t\t\t\t\t\t\t\t\t\t<div class=\"translation-block\"><p>Je laatste volledige dag in Albani\u00eb breng je door in alle rust aan de oevers van het <strong>Ohridmeer<\/strong>.&nbsp;<\/p><p>Tegen de middag ben je aangekomen in de bruisende hoofdstad <strong>Tirana<\/strong>. Naast het bekende <strong>Skanderbergplein<\/strong> vind je daar heel wat leuke bars en musea.<\/p><p>De laatste nacht breng je door op een rustige camping in de buurt van de stad. Je kunt er zwemmen en de huisgemaakte Raki van de eigenaren proeven (aanrader!).&nbsp;<\/p><\/div>\n\t\t\t\t\t\t\t\t\t\t\t\t\t<\/div>\n\n\n\t\t\t\t\t\t\t\t\t\t\t<\/div>\n\t\t\t\t\t\t\t\t\t\t<\/div>\n\t\t\t\t\t\t\t\t\t\t<div class=\"tb-column tb-column--image\">\n\n\t\t\t\t\t\t\t\t\t\t\t<div class=\"tb-image-part\">\n\t\t\t\t\t\t\t\t\t\t\t\t\t\t\t\t<div class=\"inner-block-full-width has-tb-carousel tb-carousel-slider\" >\n\t\t\t<div class=\"tb-carousel-container\">\n\t\t\t\t<div class=\"entries tb-cards\" data-slider-first=\"0\">\n\t\t\t\t\t\t\t\t\t<div class=\"entry\">\n\t\t\t\t<div class=\"tb-image-part\">\n\t\t\t\t\t<figure>\n\t\t\t\t\t\t<img src='https:\/\/albn.travelblox.eu\/wp-content\/uploads\/sites\/115\/2025\/10\/SiliquiniLaura-Travelbase-AlbaniaNomads20250722-6724-1024x683.jpg' width='1024' height='683' loading='lazy' image_size='large'>\t\t\t\t\t\t\t\t\t\t\t<\/figure>\n\t\t\t\t<\/div>\n\t\t\t<\/div>\n\t\t\t\t\t<div class=\"entry\">\n\t\t\t\t<div class=\"tb-image-part\">\n\t\t\t\t\t<figure>\n\t\t\t\t\t\t<img src='https:\/\/albn.travelblox.eu\/wp-content\/uploads\/sites\/115\/2025\/10\/SiliquiniLaura-Travelbase-AlbaniaNomads20250724-0063-1024x683.jpg' width='1024' height='683' alt='Rondreis Albani\u00eb: in 7 dagen langs de mooiste plekken van Albani\u00eb' style='object-position:50% 50%' loading='lazy' image_size='large'>\t\t\t\t\t\t\t\t\t\t\t<\/figure>\n\t\t\t\t<\/div>\n\t\t\t<\/div>\n\t\t\t\t\t\t\t\t<\/div>\n\t\t\t\t\t\t<div class=\"tb-carousel-nav\">\n\t\t\t<div class=\"dots\">\n\t\t\t\t<div class=\"dot active\"><\/div>\n\t\t\t\t<div class=\"dot\"><\/div>\n\t\t\t\t<div class=\"dot\"><\/div>\n\t\t\t<\/div>\n\t\t\t<div class=\"arrows\">\n\t\t\t\t<div class=\"prev disabled\">\n\t\t\t\t\t<span><i class=\"fa fa-chevron-left\"><\/i><\/span>\n\t\t\t\t<\/div>\n\t\t\t\t<div class=\"next\">\n\t\t\t\t\t<span><i class=\"fa fa-chevron-right\"><\/i><\/span>\n\t\t\t\t<\/div>\n\t\t\t<\/div>\n\t\t<\/div>\n\t\t\t\t<\/div>\n\t\t<\/div>\n\t\t\t\t\t\t\t\t\t\t\t\t\t<\/div>\n\t\t\t\t\t\t\t\t\t\t<\/div>\n\t\t\t\t\t\t\t\t\t<\/div>\n\t\t\t\t\t\t\t\t\t\t\t<div class=\"tb-popup-nav\">\n\t\t\t<a href=\"#\" class=\"tb-buttonlink-with-icon tb-buttonlink-with-arrow icon-first tb-popup-previous\">\n\t\t\t\t<i class=\"icon fa fa-chevron-left\"><\/i>\n\t\t\t\t<span>Vorige dag<\/span>\n\t\t\t<\/a>\n\t\t\t<a href=\"#\" class=\"tb-buttonlink-with-icon tb-buttonlink-with-arrow tb-popup-next\">\n\t\t\t\t<span>Volgende dag<\/span>\n\t\t\t\t<i class=\"icon fa fa-chevron-right\"><\/i>\n\t\t\t<\/a>\n\t\t<\/div>\n\t\n\t\t\t\t\t\t\t\t<\/div>\n\t\t\t\t\t\t\t<\/dialog>\n\t\t\t\t\t\t<\/div>\n\t\t\t\t\t\t\t\t\t\t\t<div class=\"tb-card entry tb-popup-trigger tb-unfold-on-hover\">\n\t\t\t\t\t\t\t<div class=\"tb-image-part\">\n\t\t\t\t\t\t\t\t<div class=\"tag\">\n\t\t\t\t\t\t\t\t\t<div>Dag 8<\/div>\n\t\t\t\t\t\t\t\t<\/div>\n\n\t\t\t\t\t\t\t\t<img src='https:\/\/albn.travelblox.eu\/wp-content\/uploads\/sites\/115\/2025\/10\/SiliquiniLaura-Travelbase-AlbaniaNomads20250724-9232-768x1152.jpg' width='768' height='1152' loading='lazy' image_size='medium_large'>\t\t\t\t\t\t\t<\/div>\n\t\t\t\t\t\t\t<div class=\"tb-card-bottom-wrapper\">\n\t\t\t\t\t\t\t\t<div class=\"tb-card-bottom\">\n\n\t\t\t\t\t\t\t\t\t<span class=\"tb-card-bottom__title\">\n\t\t\t\t\t\t\t\t\t\t<span class=\"tb-card-bottom__place\">\n\t\t\t\t\t\t\t\t\t\t\tTirana\t\t\t\t\t\t\t\t\t\t\t\t\t\t\t\t\t\t\t\t\t<\/span>\n\n\t\t\t\t\t\t\t\t\t<\/span>\n\t\t\t\t\t\t\t\t\t<div class=\"tb-card-bottom__content\">\n\t\t\t\t\t\t\t\t\t\t<div>\n\t\t\t\t\t\t\t\t\t\t\t\t\t\t\t\t\t\t\t\t\t<\/div>\n\t\t\t\t\t\t\t\t\t<\/div>\n\t\t\t\t\t\t\t\t\t<div class=\"tb-card-bottom__teaser tb-unfold-on-hover__content\" data-no-translation>\n\t\t\t\t\t\t\t\t\t\t\t\t\t\t\t\t\t\t\t\t\t\t\t\t\t\t\t\t\t\tTijd om terug naar huis te gaan\u2026Na een prachtige rondreis in Albani\u00eb lever je de auto terug in tusse&#8230; <span class=\"link\">Lees meer<\/span>\t\t\t\t\t\t\t\t\t<\/div>\n\t\t\t\t\t\t\t\t<\/div>\n\n\t\t\t\t\t\t\t<\/div>\n\t\t\t\t\t\t\t<dialog class=\"tb-popup tb-popup-with-padding tb-dayschedule-popup-wrapper\">\n\t\t\t\t\t\t\t\t<div class=\"tb-dayschedule-popup\">\n\t\t\t\t\t\t\t\t\t<h5>\n\t\t\t\t\t\t\t\t\t\t\t\t\t\t\t\t\t\t\t\t\t\t\t\t\t\t\t\t\t\t\t<div>\n\t\t\t\t\t\t\t\t\t\t\t\t\t\t\t\t\t\t\t\t\t\t\t\t\tTirana\t\t\t\t\t\t\t\t\t\t\t\t\t\t\t\t\t\t\t\t\t\t\t\t\t\t\t\t\t\t\t\t\t\t\t<\/div>\n\t\t\t\t\t\t\t\t\t\t\t\t\t\t\t\t\t\t\t<\/h5>\n\t\t\t\t\t\t\t\t\t<div class=\"tb-columns\">\n\t\t\t\t\t\t\t\t\t\t<div class=\"tb-column tb-column--text\">\n\t\t\t\t\t\t\t\t\t\t\t<div class=\"text-part\">\n\t\t\t\t\t\t\t\t\t\t\t\t\n\t\t\t\t\t\t\t\t\t\t\t\t\n\t\t\t\t\t\t\t\t\t\t\t\t<div>\n\t\t\t\t\t\t\t\t\t\t\t\t\t<strong>Dag 8<\/strong>\n\t\t\t\t\t\t\t\t\t\t\t\t\t\t\t<div class=\"translation-block\"><p>Tijd om terug naar huis te gaan\u2026<\/p><p>Na een <strong>prachtige rondreis in Albani\u00eb<\/strong> lever je de auto terug in tussen 8 uur en 10 uur, op dezelfde plek als waar je hem hebt opgehaald.&nbsp;<\/p><\/div>\n\t\t\t\t\t\t\t\t\t\t\t\t\t<\/div>\n\n\n\t\t\t\t\t\t\t\t\t\t\t<\/div>\n\t\t\t\t\t\t\t\t\t\t<\/div>\n\t\t\t\t\t\t\t\t\t\t<div class=\"tb-column tb-column--image\">\n\n\t\t\t\t\t\t\t\t\t\t\t<div class=\"tb-image-part\">\n\t\t\t\t\t\t\t\t\t\t\t\t<img src='https:\/\/albn.travelblox.eu\/wp-content\/uploads\/sites\/115\/2025\/10\/SiliquiniLaura-Travelbase-AlbaniaNomads20250724-9232-683x1024.jpg' width='683' height='1024' loading='lazy' image_size='large'>\t\t\t\t\t\t\t\t\t\t\t<\/div>\n\t\t\t\t\t\t\t\t\t\t<\/div>\n\t\t\t\t\t\t\t\t\t<\/div>\n\t\t\t\t\t\t\t\t\t\t\t<div class=\"tb-popup-nav\">\n\t\t\t<a href=\"#\" class=\"tb-buttonlink-with-icon tb-buttonlink-with-arrow icon-first tb-popup-previous\">\n\t\t\t\t<i class=\"icon fa fa-chevron-left\"><\/i>\n\t\t\t\t<span>Vorige dag<\/span>\n\t\t\t<\/a>\n\t\t\t<a href=\"#\" class=\"tb-buttonlink-with-icon tb-buttonlink-with-arrow tb-popup-next\">\n\t\t\t\t<span>Volgende dag<\/span>\n\t\t\t\t<i class=\"icon fa fa-chevron-right\"><\/i>\n\t\t\t<\/a>\n\t\t<\/div>\n\t\n\t\t\t\t\t\t\t\t<\/div>\n\t\t\t\t\t\t\t<\/dialog>\n\t\t\t\t\t\t<\/div>\n\t\t\t\t\t\t\t\t\t\t\t\t\t\t<\/div>\n\t\t\t\t\t\t<div class=\"tb-carousel-nav\">\n\t\t\t<div class=\"dots\">\n\t\t\t\t<div class=\"dot active\"><\/div>\n\t\t\t\t<div class=\"dot\"><\/div>\n\t\t\t\t<div class=\"dot\"><\/div>\n\t\t\t<\/div>\n\t\t\t<div class=\"arrows\">\n\t\t\t\t<div class=\"prev disabled\">\n\t\t\t\t\t<span><i class=\"fa fa-chevron-left\"><\/i><\/span>\n\t\t\t\t<\/div>\n\t\t\t\t<div class=\"next\">\n\t\t\t\t\t<span><i class=\"fa fa-chevron-right\"><\/i><\/span>\n\t\t\t\t<\/div>\n\t\t\t<\/div>\n\t\t<\/div>\n\t\t\t\t<\/div>\n\t\t<\/div>\n\t\t\t\t\t\t\t\t\t\t<\/div>\n\t\n<\/div>\n\n\n<div class=\"tb-highlights tb-block align-center background-light pattern-default variant-none tb-collapsible-margins\" id=\"options\">\n\t<div class=\"inner-block tb-fade-in tb-fade-in--subtle\">\n\t\t<div class=\"text-part\">\n\t\t\t<h2>Extra opties<\/h2>\n\t\t\t\t\t<div class=\"translation-block\"><p>Tijdens het boeken kan je de volgende opties toevoegen aan je roadtrip.<\/p><\/div>\n\t\t\t\t\t<div class=\"section-toggler\">\n\t\t<div class=\"section-toggler__inner\">\n\t\t\t<div class=\"section-toggler__toggles-wrapper\">\n\t\t\t\t<div class=\"section-toggler__toggles\">\n\t\t\t\t\t\t\t\t\t\t\t<input type=\"radio\" name=\"options-section\" value=\"options-section-0\" id=\"options-section-0-label\" checked class=\"\" \/>\n\t\t\t\t\t\t<label for=\"options-section-0-label\" data-target-id=\"options-section-0\" class=\"\">\n\t\t\t\t\t\t\tActiviteiten\t\t\t\t\t\t\t\t\t\t\t\t\t<\/label>\n\t\t\t\t\t\t\t\t\t\t\t<input type=\"radio\" name=\"options-section\" value=\"options-section-1\" id=\"options-section-1-label\"  class=\"\" \/>\n\t\t\t\t\t\t<label for=\"options-section-1-label\" data-target-id=\"options-section-1\" class=\"\">\n\t\t\t\t\t\t\tTransport\t\t\t\t\t\t\t\t\t\t\t\t\t<\/label>\n\t\t\t\t\t\t\t\t\t\t\t<input type=\"radio\" name=\"options-section\" value=\"options-section-2\" id=\"options-section-2-label\"  class=\"\" \/>\n\t\t\t\t\t\t<label for=\"options-section-2-label\" data-target-id=\"options-section-2\" class=\"\">\n\t\t\t\t\t\t\tVerzekeringen\t\t\t\t\t\t\t\t\t\t\t\t\t<\/label>\n\t\t\t\t\t\t\t\t\t<\/div>\n\t\t\t<\/div>\n\t\t<\/div>\n\t<\/div>\n\t\t\t<\/div>\n\t<\/div>\n\t\t\t<div class=\"tb-sections tb-fade-in tb-fade-in--subtle\">\n\t\t\t\t\t\t\t\t\t\t\t\t\t\t<div class=\"inner-block-full-width has-tb-carousel tb-section\" id=\"options-section-0\">\n\t\t\t<div class=\"tb-carousel-container\">\n\t\t\t\t<div class=\"entries tb-cards\" data-slider-first=\"1\">\n\t\t\t\t\t\t\t\t\t\t\t\t\t\t\t<div class=\"tb-card entry tb-popup-trigger desktop-only-popup\">\n\t\t\t\t\t\t\t<div class=\"tb-image-part desktop\">\n\t\t\t\t\t\t\t\t<img src='https:\/\/albn.travelblox.eu\/wp-content\/uploads\/sites\/115\/2025\/04\/pexels-photo-2162768.jpeg' width='1124' height='750' alt='Leukste activiteiten in Albani\u00eb: paragliden boven de Vl\u00f6re Albani\u00eb' style='object-position:50% 50%' loading='lazy'>\t\t\t\t\t\t\t\t\t\t\t\t\t\t\t\t\t<div class=\"tag tiny-body-font\"><p>Dag 2<\/p><\/div>\t\t\t\t\t\t\t\t\t\t\t\t\t\t\t\t\t<div class=\"price tiny-body-font desktop translation-block\"><p>100\u20ac per persoon<\/p><\/div>\t\t\t\t\t\t\t<\/div>\n\t\t\t\t\t\t\t<div class=\"tb-image-part mobile\">\n\t\t\t\t\t\t\t\t<img src='https:\/\/albn.travelblox.eu\/wp-content\/uploads\/sites\/115\/2025\/04\/pexels-photo-2162768-768x512.jpeg' width='768' height='512' alt='Leukste activiteiten in Albani\u00eb: paragliden boven de Vl\u00f6re Albani\u00eb' style='object-position:50% 50%' loading='lazy' image_size='medium_large'>\t\t\t\t\t\t\t\t\t\t\t\t\t\t\t\t\t<div class=\"tag tiny-body-font\"><p>Dag 2<\/p><\/div>\t\t\t\t\t\t\t<\/div>\n\t\t\t\t\t\t\t<div class=\"tb-card-content\">\n\t\t\t\t\t\t\t\t<h5>\n\t\t\t\t\t\t\t\t\t\t\t\t\t\t\t\t\t\t<span>Paragliden<\/span>\n\t\t\t\t\t\t\t\t<\/h5>\n\t\t\t\t\t\t\t\t\t\t\t\t\t\t\t\t\t<div class=\"price tiny-body-font mobile\"><p>100\u20ac per persoon<\/p><\/div>\t\t\t\t\t\t\t\t<div class=\"content readmore-content content--clamped\">\t\t<div class=\"translation-block\"><p>Trakteer jezelf op een adrenalinekick met een <strong>paraglidevlucht boven Vlor\u00eb<\/strong> en <strong>de Albanese kust<\/strong>. Je zweeft boven de <strong>Adriatische Zee<\/strong> met een spectaculair uitzicht op het turquoise water en de bergen van de Balkan. De landing is zacht, direct op een strand aan zee, een unieke ervaring!<\/p><p>Deze activiteit is <strong>voor iedereen toegankelijk<\/strong> en laat je Albani\u00eb vanuit een heel ander perspectief ontdekken. Een onvergetelijke sensatie gegarandeerd!<\/p><p><strong>Paragliden past perfect in je reisschema<\/strong>: je houdt nog ruim de tijd over om andere bezienswaardigheden te verkennen tijdens de rest van de dag.<\/p><p><strong>Deelnamevoorwaarden<\/strong>:<\/p><ul><li>Een <strong>basiskennis van het Engels<\/strong> is vereist (om de veiligheidsinstructies van de gids te kunnen begrijpen).<\/li><\/ul><\/div>\n\t<\/div>\n\t\t\t\t\t\t\t\t\t\t\t\t\t\t\t\t<div class=\"readmore link js-readmore\">\n\t\t\t\t\t\t\t\t\t<span><i class=\"fa-solid fa-circle-plus\"><\/i><u>Lees meer<\/u><\/span>\n\t\t\t\t\t\t\t\t\t<span><i class=\"fa-solid fa-circle-minus\"><\/i><u>Lees minder<\/u><\/span>\n\t\t\t\t\t\t\t\t<\/div>\n\t\t\t\t\t\t\t\t\t\t\t\t\t\t\t\t<dialog class=\"tb-popup\">\n\t\t\t\t\t\t\t\t\t<div class=\"tb-highlights-popup\">\n\t\t\t\t\t\t\t\t\t\t<div class=\"tb-image-part\">\n\t\t\t\t\t\t\t\t\t\t\t<img src='https:\/\/albn.travelblox.eu\/wp-content\/uploads\/sites\/115\/2025\/04\/pexels-photo-2162768-768x512.jpeg' width='768' height='512' alt='Leukste activiteiten in Albani\u00eb: paragliden boven de Vl\u00f6re Albani\u00eb' style='object-position:50% 50%' loading='lazy' image_size='medium_large'>\t\t\t\t\t\t\t\t\t\t<\/div>\n\t\t\t\t\t\t\t\t\t\t<div class=\"tb-popup-content\">\n\t\t\t\t\t\t\t\t\t\t\t<h5>Paragliden<\/h5>\n\t\t\t\t\t\t\t\t\t\t\t<div class=\"content\">\t\t<div class=\"translation-block\"><p>Trakteer jezelf op een adrenalinekick met een <strong>paraglidevlucht boven Vlor\u00eb<\/strong> en <strong>de Albanese kust<\/strong>. Je zweeft boven de <strong>Adriatische Zee<\/strong> met een spectaculair uitzicht op het turquoise water en de bergen van de Balkan. De landing is zacht, direct op een strand aan zee, een unieke ervaring!<\/p><p>Deze activiteit is <strong>voor iedereen toegankelijk<\/strong> en laat je Albani\u00eb vanuit een heel ander perspectief ontdekken. Een onvergetelijke sensatie gegarandeerd!<\/p><p><strong>Paragliden past perfect in je reisschema<\/strong>: je houdt nog ruim de tijd over om andere bezienswaardigheden te verkennen tijdens de rest van de dag.<\/p><p><strong>Deelnamevoorwaarden<\/strong>:<\/p><ul><li>Een <strong>basiskennis van het Engels<\/strong> is vereist (om de veiligheidsinstructies van de gids te kunnen begrijpen).<\/li><\/ul><\/div>\n\t<\/div>\n\t\t\t\t\t\t\t\t\t\t<\/div>\n\t\t\t\t\t\t\t\t\t<\/div>\n\t\t\t\t\t\t\t\t<\/dialog>\n\t\t\t\t\t\t\t<\/div>\n\t\t\t\t\t\t<\/div>\n\t\t\t\t\t\t\t\t\t\t\t<div class=\"tb-card entry tb-popup-trigger desktop-only-popup\">\n\t\t\t\t\t\t\t<div class=\"tb-image-part desktop\">\n\t\t\t\t\t\t\t\t<img src='https:\/\/albn.travelblox.eu\/wp-content\/uploads\/sites\/115\/2025\/11\/Untitled-design-4.png' width='831' height='554' alt='Raften in Albani\u00eb' loading='lazy'>\t\t\t\t\t\t\t\t\t\t\t\t\t\t\t\t\t<div class=\"tag tiny-body-font\"><p>Dag 5<\/p><\/div>\t\t\t\t\t\t\t\t\t\t\t\t\t\t\t\t\t<div class=\"price tiny-body-font desktop translation-block\"><p>39\u20ac per persoon<\/p><\/div>\t\t\t\t\t\t\t<\/div>\n\t\t\t\t\t\t\t<div class=\"tb-image-part mobile\">\n\t\t\t\t\t\t\t\t\t\t\t\t<div class=\"inner-block-full-width has-tb-carousel tb-carousel-slider\" >\n\t\t\t<div class=\"tb-carousel-container\">\n\t\t\t\t<div class=\"entries tb-cards\" data-slider-first=\"0\">\n\t\t\t\t\t\t\t\t\t<div class=\"entry\">\n\t\t\t\t<div class=\"tb-image-part\">\n\t\t\t\t\t<figure>\n\t\t\t\t\t\t<img src='https:\/\/albn.travelblox.eu\/wp-content\/uploads\/sites\/115\/2025\/11\/Untitled-design-4-768x512.png' width='768' height='512' alt='Raften in Albani\u00eb' loading='lazy' image_size='medium_large'>\t\t\t\t\t\t\t\t\t\t\t<\/figure>\n\t\t\t\t<\/div>\n\t\t\t<\/div>\n\t\t\t\t\t<div class=\"entry\">\n\t\t\t\t<div class=\"tb-image-part\">\n\t\t\t\t\t<figure>\n\t\t\t\t\t\t<img src='https:\/\/albn.travelblox.eu\/wp-content\/uploads\/sites\/115\/2025\/11\/Untitled-design-7-768x513.png' width='768' height='513' alt='Raften in Albani\u00eb' style='object-position:50% 50%' loading='lazy' image_size='medium_large'>\t\t\t\t\t\t\t\t\t\t\t<\/figure>\n\t\t\t\t<\/div>\n\t\t\t<\/div>\n\t\t\t\t\t\t\t\t<\/div>\n\t\t\t\t\t\t<div class=\"tb-carousel-nav\">\n\t\t\t<div class=\"dots\">\n\t\t\t\t<div class=\"dot active\"><\/div>\n\t\t\t\t<div class=\"dot\"><\/div>\n\t\t\t\t<div class=\"dot\"><\/div>\n\t\t\t<\/div>\n\t\t\t<div class=\"arrows\">\n\t\t\t\t<div class=\"prev disabled\">\n\t\t\t\t\t<span><i class=\"fa fa-chevron-left\"><\/i><\/span>\n\t\t\t\t<\/div>\n\t\t\t\t<div class=\"next\">\n\t\t\t\t\t<span><i class=\"fa fa-chevron-right\"><\/i><\/span>\n\t\t\t\t<\/div>\n\t\t\t<\/div>\n\t\t<\/div>\n\t\t\t\t<\/div>\n\t\t<\/div>\n\t\t\t\t\t\t\t\t\t\t\t\t\t\t\t\t\t\t\t<div class=\"tag tiny-body-font\"><p>Dag 5<\/p><\/div>\t\t\t\t\t\t\t<\/div>\n\t\t\t\t\t\t\t<div class=\"tb-card-content\">\n\t\t\t\t\t\t\t\t<h5>\n\t\t\t\t\t\t\t\t\t\t\t\t\t\t\t\t\t\t<span>Raften op de Vjosa-rivier<\/span>\n\t\t\t\t\t\t\t\t<\/h5>\n\t\t\t\t\t\t\t\t\t\t\t\t\t\t\t\t\t<div class=\"price tiny-body-font mobile\"><p>39\u20ac per persoon<\/p><\/div>\t\t\t\t\t\t\t\t<div class=\"content readmore-content content--clamped\">\t\t<div class=\"translation-block\"><p>Voor liefhebbers van avontuur is een <strong>raftingexpeditie op de Vjosa bij P\u00ebrmet<\/strong> een absolute must. Vaar over de wilde stroomversnellingen van een van de laatst ongerepte rivieren van Europa, omringd door indrukwekkende bergen en de adembenemende natuur van de Balkan. Onder begeleiding van <strong>gepassioneerde lokale gidsen<\/strong> beleef je een onvergetelijke mix van adrenaline en natuurlijke schoonheid.<\/p><p><strong>Deze activiteit past perfect in je reisschema<\/strong>: je houdt nog voldoende tijd over om andere plekken in de omgeving te verkennen.<\/p><p><strong>Deelnamevoorwaarden<\/strong>:<\/p><ul><li><strong>Minimumleeftijd<\/strong>: 6 jaar<\/li><li><strong>Basiskennis van het Engels<\/strong> (om de veiligheidsinstructies van de gids te begrijpen)<\/li><\/ul><\/div>\n\t<\/div>\n\t\t\t\t\t\t\t\t\t\t\t\t\t\t\t\t<div class=\"readmore link js-readmore\">\n\t\t\t\t\t\t\t\t\t<span><i class=\"fa-solid fa-circle-plus\"><\/i><u>Lees meer<\/u><\/span>\n\t\t\t\t\t\t\t\t\t<span><i class=\"fa-solid fa-circle-minus\"><\/i><u>Lees minder<\/u><\/span>\n\t\t\t\t\t\t\t\t<\/div>\n\t\t\t\t\t\t\t\t\t\t\t\t\t\t\t\t<dialog class=\"tb-popup\">\n\t\t\t\t\t\t\t\t\t<div class=\"tb-highlights-popup\">\n\t\t\t\t\t\t\t\t\t\t<div class=\"tb-image-part\">\n\t\t\t\t\t\t\t\t\t\t\t\t\t\t\t<div class=\"inner-block-full-width has-tb-carousel tb-carousel-slider\" >\n\t\t\t<div class=\"tb-carousel-container\">\n\t\t\t\t<div class=\"entries tb-cards\" data-slider-first=\"0\">\n\t\t\t\t\t\t\t\t\t<div class=\"entry\">\n\t\t\t\t<div class=\"tb-image-part\">\n\t\t\t\t\t<figure>\n\t\t\t\t\t\t<img src='https:\/\/albn.travelblox.eu\/wp-content\/uploads\/sites\/115\/2025\/11\/Untitled-design-4-768x512.png' width='768' height='512' alt='Raften in Albani\u00eb' loading='lazy' image_size='medium_large'>\t\t\t\t\t\t\t\t\t\t\t<\/figure>\n\t\t\t\t<\/div>\n\t\t\t<\/div>\n\t\t\t\t\t<div class=\"entry\">\n\t\t\t\t<div class=\"tb-image-part\">\n\t\t\t\t\t<figure>\n\t\t\t\t\t\t<img src='https:\/\/albn.travelblox.eu\/wp-content\/uploads\/sites\/115\/2025\/11\/Untitled-design-7-768x513.png' width='768' height='513' alt='Raften in Albani\u00eb' style='object-position:50% 50%' loading='lazy' image_size='medium_large'>\t\t\t\t\t\t\t\t\t\t\t<\/figure>\n\t\t\t\t<\/div>\n\t\t\t<\/div>\n\t\t\t\t\t\t\t\t<\/div>\n\t\t\t\t\t\t<div class=\"tb-carousel-nav\">\n\t\t\t<div class=\"dots\">\n\t\t\t\t<div class=\"dot active\"><\/div>\n\t\t\t\t<div class=\"dot\"><\/div>\n\t\t\t\t<div class=\"dot\"><\/div>\n\t\t\t<\/div>\n\t\t\t<div class=\"arrows\">\n\t\t\t\t<div class=\"prev disabled\">\n\t\t\t\t\t<span><i class=\"fa fa-chevron-left\"><\/i><\/span>\n\t\t\t\t<\/div>\n\t\t\t\t<div class=\"next\">\n\t\t\t\t\t<span><i class=\"fa fa-chevron-right\"><\/i><\/span>\n\t\t\t\t<\/div>\n\t\t\t<\/div>\n\t\t<\/div>\n\t\t\t\t<\/div>\n\t\t<\/div>\n\t\t\t\t\t\t\t\t\t\t\t\t<\/div>\n\t\t\t\t\t\t\t\t\t\t<div class=\"tb-popup-content\">\n\t\t\t\t\t\t\t\t\t\t\t<h5>Raften op de Vjosa-rivier<\/h5>\n\t\t\t\t\t\t\t\t\t\t\t<div class=\"content\">\t\t<div class=\"translation-block\"><p>Voor liefhebbers van avontuur is een <strong>raftingexpeditie op de Vjosa bij P\u00ebrmet<\/strong> een absolute must. Vaar over de wilde stroomversnellingen van een van de laatst ongerepte rivieren van Europa, omringd door indrukwekkende bergen en de adembenemende natuur van de Balkan. Onder begeleiding van <strong>gepassioneerde lokale gidsen<\/strong> beleef je een onvergetelijke mix van adrenaline en natuurlijke schoonheid.<\/p><p><strong>Deze activiteit past perfect in je reisschema<\/strong>: je houdt nog voldoende tijd over om andere plekken in de omgeving te verkennen.<\/p><p><strong>Deelnamevoorwaarden<\/strong>:<\/p><ul><li><strong>Minimumleeftijd<\/strong>: 6 jaar<\/li><li><strong>Basiskennis van het Engels<\/strong> (om de veiligheidsinstructies van de gids te begrijpen)<\/li><\/ul><\/div>\n\t<\/div>\n\t\t\t\t\t\t\t\t\t\t<\/div>\n\t\t\t\t\t\t\t\t\t<\/div>\n\t\t\t\t\t\t\t\t<\/dialog>\n\t\t\t\t\t\t\t<\/div>\n\t\t\t\t\t\t<\/div>\n\t\t\t\t\t\t\t\t\t\t\t<div class=\"tb-card entry tb-popup-trigger desktop-only-popup\">\n\t\t\t\t\t\t\t<div class=\"tb-image-part desktop\">\n\t\t\t\t\t\t\t\t<img src='https:\/\/albn.travelblox.eu\/wp-content\/uploads\/sites\/115\/2025\/10\/SiliquiniLaura-Travelbase-AlbaniaNomads20250727-2793.jpg' width='1365' height='2048' alt='Wat te doen in Albani\u00eb: kooklessen' style='object-position:50% 50%' loading='lazy'>\t\t\t\t\t\t\t\t\t\t\t\t\t\t\t\t\t<div class=\"tag tiny-body-font\"><p>Dag 6<\/p><\/div>\t\t\t\t\t\t\t\t\t\t\t\t\t\t\t\t\t<div class=\"price tiny-body-font desktop translation-block\"><p>10\u20ac per persoon<\/p><\/div>\t\t\t\t\t\t\t<\/div>\n\t\t\t\t\t\t\t<div class=\"tb-image-part mobile\">\n\t\t\t\t\t\t\t\t<img src='https:\/\/albn.travelblox.eu\/wp-content\/uploads\/sites\/115\/2025\/10\/SiliquiniLaura-Travelbase-AlbaniaNomads20250727-2793-768x1152.jpg' width='768' height='1152' alt='Wat te doen in Albani\u00eb: kooklessen' style='object-position:50% 50%' loading='lazy' image_size='medium_large'>\t\t\t\t\t\t\t\t\t\t\t\t\t\t\t\t\t<div class=\"tag tiny-body-font\"><p>Dag 6<\/p><\/div>\t\t\t\t\t\t\t<\/div>\n\t\t\t\t\t\t\t<div class=\"tb-card-content\">\n\t\t\t\t\t\t\t\t<h5>\n\t\t\t\t\t\t\t\t\t\t\t\t\t\t\t\t\t\t<span>Kookworkshop<\/span>\n\t\t\t\t\t\t\t\t<\/h5>\n\t\t\t\t\t\t\t\t\t\t\t\t\t\t\t\t\t<div class=\"price tiny-body-font mobile\"><p>10\u20ac per persoon<\/p><\/div>\t\t\t\t\t\t\t\t<div class=\"content readmore-content content--clamped\">\t\t<div class=\"translation-block\"><p>Beleef een <strong>authentieke ervaring<\/strong> met een <strong>traditionele Albanese kookworkshop<\/strong>, georganiseerd <strong>op een lokale boerderij<\/strong> waar ook je camping zich bevindt. Tegen het einde van de ochtend verwelkomen onze lokale partners je met open armen en laten ze je kennismaken met <strong>de geheimen van de Balkan-keuken<\/strong>.<\/p><p>Je bereidt typische gerechten met verse, lokale ingredi\u00ebnten en geniet daarna samen met je gastheren van een gezellige, huisgemaakte maaltijd. Een unieke culturele onderdompeling waarmee je Albani\u00eb op een andere manier leert kennen.<\/p><p>Deze activiteit <strong>past perfect in je reisschema<\/strong>: je houdt nog ruim de tijd over om andere plekken te verkennen tijdens de rest van de dag.<\/p><p><strong>Deelnamevoorwaarde<\/strong>:<\/p><ul><li><strong>Basiskennis van het Engels<\/strong> (om de uitleg te kunnen volgen)<\/li><\/ul><\/div>\n\t<\/div>\n\t\t\t\t\t\t\t\t\t\t\t\t\t\t\t\t<div class=\"readmore link js-readmore\">\n\t\t\t\t\t\t\t\t\t<span><i class=\"fa-solid fa-circle-plus\"><\/i><u>Lees meer<\/u><\/span>\n\t\t\t\t\t\t\t\t\t<span><i class=\"fa-solid fa-circle-minus\"><\/i><u>Lees minder<\/u><\/span>\n\t\t\t\t\t\t\t\t<\/div>\n\t\t\t\t\t\t\t\t\t\t\t\t\t\t\t\t<dialog class=\"tb-popup\">\n\t\t\t\t\t\t\t\t\t<div class=\"tb-highlights-popup\">\n\t\t\t\t\t\t\t\t\t\t<div class=\"tb-image-part\">\n\t\t\t\t\t\t\t\t\t\t\t<img src='https:\/\/albn.travelblox.eu\/wp-content\/uploads\/sites\/115\/2025\/10\/SiliquiniLaura-Travelbase-AlbaniaNomads20250727-2793-768x1152.jpg' width='768' height='1152' alt='Wat te doen in Albani\u00eb: kooklessen' style='object-position:50% 50%' loading='lazy' image_size='medium_large'>\t\t\t\t\t\t\t\t\t\t<\/div>\n\t\t\t\t\t\t\t\t\t\t<div class=\"tb-popup-content\">\n\t\t\t\t\t\t\t\t\t\t\t<h5>Kookworkshop<\/h5>\n\t\t\t\t\t\t\t\t\t\t\t<div class=\"content\">\t\t<div class=\"translation-block\"><p>Beleef een <strong>authentieke ervaring<\/strong> met een <strong>traditionele Albanese kookworkshop<\/strong>, georganiseerd <strong>op een lokale boerderij<\/strong> waar ook je camping zich bevindt. Tegen het einde van de ochtend verwelkomen onze lokale partners je met open armen en laten ze je kennismaken met <strong>de geheimen van de Balkan-keuken<\/strong>.<\/p><p>Je bereidt typische gerechten met verse, lokale ingredi\u00ebnten en geniet daarna samen met je gastheren van een gezellige, huisgemaakte maaltijd. Een unieke culturele onderdompeling waarmee je Albani\u00eb op een andere manier leert kennen.<\/p><p>Deze activiteit <strong>past perfect in je reisschema<\/strong>: je houdt nog ruim de tijd over om andere plekken te verkennen tijdens de rest van de dag.<\/p><p><strong>Deelnamevoorwaarde<\/strong>:<\/p><ul><li><strong>Basiskennis van het Engels<\/strong> (om de uitleg te kunnen volgen)<\/li><\/ul><\/div>\n\t<\/div>\n\t\t\t\t\t\t\t\t\t\t<\/div>\n\t\t\t\t\t\t\t\t\t<\/div>\n\t\t\t\t\t\t\t\t<\/dialog>\n\t\t\t\t\t\t\t<\/div>\n\t\t\t\t\t\t<\/div>\n\t\t\t\t\t\t\t\t\t\t\t\t\t\t<\/div>\n\t\t\t\t\t\t<div class=\"tb-carousel-nav\">\n\t\t\t<div class=\"dots\">\n\t\t\t\t<div class=\"dot active\"><\/div>\n\t\t\t\t<div class=\"dot\"><\/div>\n\t\t\t\t<div class=\"dot\"><\/div>\n\t\t\t<\/div>\n\t\t\t<div class=\"arrows\">\n\t\t\t\t<div class=\"prev disabled\">\n\t\t\t\t\t<span><i class=\"fa fa-chevron-left\"><\/i><\/span>\n\t\t\t\t<\/div>\n\t\t\t\t<div class=\"next\">\n\t\t\t\t\t<span><i class=\"fa fa-chevron-right\"><\/i><\/span>\n\t\t\t\t<\/div>\n\t\t\t<\/div>\n\t\t<\/div>\n\t\t\t\t<\/div>\n\t\t<\/div>\n\t\t\t\t\t\t\t\t\t\t\t\t\t\t\t\t\t\t\t<div class=\"inner-block-full-width has-tb-carousel tb-section\" id=\"options-section-1\"style=\"display:none;\">\n\t\t\t<div class=\"tb-carousel-container\">\n\t\t\t\t<div class=\"entries tb-cards\" data-slider-first=\"1\">\n\t\t\t\t\t\t\t\t\t\t\t\t\t\t\t<div class=\"tb-card entry tb-popup-trigger desktop-only-popup\">\n\t\t\t\t\t\t\t<div class=\"tb-image-part desktop\">\n\t\t\t\t\t\t\t\t<img src='https:\/\/albn.travelblox.eu\/wp-content\/uploads\/sites\/115\/2025\/10\/istockphoto-902818356-612x612-1.jpg' width='612' height='408' loading='lazy'>\t\t\t\t\t\t\t\t\t\t\t\t\t\t\t\t\t\t\t\t\t\t\t<\/div>\n\t\t\t\t\t\t\t<div class=\"tb-image-part mobile\">\n\t\t\t\t\t\t\t\t<img src='https:\/\/albn.travelblox.eu\/wp-content\/uploads\/sites\/115\/2025\/10\/istockphoto-902818356-612x612-1.jpg' width='612' height='408' loading='lazy' image_size='medium_large'>\t\t\t\t\t\t\t\t\t\t\t\t\t\t\t<\/div>\n\t\t\t\t\t\t\t<div class=\"tb-card-content\">\n\t\t\t\t\t\t\t\t<h5>\n\t\t\t\t\t\t\t\t\t\t\t\t\t\t\t\t\t\t<span>Vluchten via Albania Nomads<\/span>\n\t\t\t\t\t\t\t\t<\/h5>\n\t\t\t\t\t\t\t\t\t\t\t\t\t\t\t\t<div class=\"content readmore-content content--clamped\">\t\t<div class=\"translation-block\"><p>Maak het jezelf makkelijk door je vluchten rechtstreeks via <strong>Albania Nomads<\/strong> te boeken. Wij bieden vluchten aan met tijden die perfect aansluiten op je rondreis door Albani\u00eb.<\/p><p>Vind <strong>meer informatie<\/strong> over de vluchten, tijden en toegestane bagage verderop in de sectie \u201c<a href=\"#transport\">Hoe kom je ter plaatse?<\/a>\u201d.<\/p><\/div>\n\t<\/div>\n\t\t\t\t\t\t\t\t\t\t\t\t\t\t\t\t<div class=\"readmore link js-readmore\">\n\t\t\t\t\t\t\t\t\t<span><i class=\"fa-solid fa-circle-plus\"><\/i><u>Lees meer<\/u><\/span>\n\t\t\t\t\t\t\t\t\t<span><i class=\"fa-solid fa-circle-minus\"><\/i><u>Lees minder<\/u><\/span>\n\t\t\t\t\t\t\t\t<\/div>\n\t\t\t\t\t\t\t\t\t\t\t\t\t\t\t\t<dialog class=\"tb-popup\">\n\t\t\t\t\t\t\t\t\t<div class=\"tb-highlights-popup\">\n\t\t\t\t\t\t\t\t\t\t<div class=\"tb-image-part\">\n\t\t\t\t\t\t\t\t\t\t\t<img src='https:\/\/albn.travelblox.eu\/wp-content\/uploads\/sites\/115\/2025\/10\/istockphoto-902818356-612x612-1.jpg' width='612' height='408' loading='lazy' image_size='medium_large'>\t\t\t\t\t\t\t\t\t\t<\/div>\n\t\t\t\t\t\t\t\t\t\t<div class=\"tb-popup-content\">\n\t\t\t\t\t\t\t\t\t\t\t<h5>Vluchten via Albania Nomads<\/h5>\n\t\t\t\t\t\t\t\t\t\t\t<div class=\"content\">\t\t<div class=\"translation-block\"><p>Maak het jezelf makkelijk door je vluchten rechtstreeks via <strong>Albania Nomads<\/strong> te boeken. Wij bieden vluchten aan met tijden die perfect aansluiten op je rondreis door Albani\u00eb.<\/p><p>Vind <strong>meer informatie<\/strong> over de vluchten, tijden en toegestane bagage verderop in de sectie \u201c<a href=\"#transport\">Hoe kom je ter plaatse?<\/a>\u201d.<\/p><\/div>\n\t<\/div>\n\t\t\t\t\t\t\t\t\t\t<\/div>\n\t\t\t\t\t\t\t\t\t<\/div>\n\t\t\t\t\t\t\t\t<\/dialog>\n\t\t\t\t\t\t\t<\/div>\n\t\t\t\t\t\t<\/div>\n\t\t\t\t\t\t\t\t\t\t\t<div class=\"tb-card entry tb-popup-trigger desktop-only-popup\">\n\t\t\t\t\t\t\t<div class=\"tb-image-part desktop\">\n\t\t\t\t\t\t\t\t<img src='https:\/\/albn.travelblox.eu\/wp-content\/uploads\/sites\/115\/2025\/10\/SiliquiniLaura-Travelbase-AlbaniaNomads20250725-0545.jpg' width='2048' height='1365' alt='Rondreis Albani\u00eb: in 7 dagen langs de mooiste plekken van Albani\u00eb' style='object-position:50% 50%' loading='lazy'>\t\t\t\t\t\t\t\t\t\t\t\t\t\t\t\t\t<div class=\"tag tiny-body-font\"><p>Inbegrepen<\/p><\/div>\t\t\t\t\t\t\t\t\t\t\t\t\t\t\t<\/div>\n\t\t\t\t\t\t\t<div class=\"tb-image-part mobile\">\n\t\t\t\t\t\t\t\t\t\t\t\t<div class=\"inner-block-full-width has-tb-carousel tb-carousel-slider\" >\n\t\t\t<div class=\"tb-carousel-container\">\n\t\t\t\t<div class=\"entries tb-cards\" data-slider-first=\"0\">\n\t\t\t\t\t\t\t\t\t<div class=\"entry\">\n\t\t\t\t<div class=\"tb-image-part\">\n\t\t\t\t\t<figure>\n\t\t\t\t\t\t<img src='https:\/\/albn.travelblox.eu\/wp-content\/uploads\/sites\/115\/2025\/10\/SiliquiniLaura-Travelbase-AlbaniaNomads20250725-0545-768x512.jpg' width='768' height='512' alt='Rondreis Albani\u00eb: in 7 dagen langs de mooiste plekken van Albani\u00eb' style='object-position:50% 50%' loading='lazy' image_size='medium_large'>\t\t\t\t\t\t\t\t\t\t\t<\/figure>\n\t\t\t\t<\/div>\n\t\t\t<\/div>\n\t\t\t\t\t<div class=\"entry\">\n\t\t\t\t<div class=\"tb-image-part\">\n\t\t\t\t\t<figure>\n\t\t\t\t\t\t<img src='https:\/\/albn.travelblox.eu\/wp-content\/uploads\/sites\/115\/2025\/10\/dukat-day-2-768x512.jpg' width='768' height='512' alt='Rondreis Albani\u00eb: in 7 dagen langs de mooiste plekken van Albani\u00eb' style='object-position:50% 50%' loading='lazy' image_size='medium_large'>\t\t\t\t\t\t\t\t\t\t\t<\/figure>\n\t\t\t\t<\/div>\n\t\t\t<\/div>\n\t\t\t\t\t<div class=\"entry\">\n\t\t\t\t<div class=\"tb-image-part\">\n\t\t\t\t\t<figure>\n\t\t\t\t\t\t<img src='https:\/\/albn.travelblox.eu\/wp-content\/uploads\/sites\/115\/2025\/10\/camping-dukat-day2-bis-768x512.jpg' width='768' height='512' alt='Rondreis Albani\u00eb: in 7 dagen langs de mooiste plekken van Albani\u00eb' style='object-position:50% 50%' loading='lazy' image_size='medium_large'>\t\t\t\t\t\t\t\t\t\t\t<\/figure>\n\t\t\t\t<\/div>\n\t\t\t<\/div>\n\t\t\t\t\t<div class=\"entry\">\n\t\t\t\t<div class=\"tb-image-part\">\n\t\t\t\t\t<figure>\n\t\t\t\t\t\t<img src='https:\/\/albn.travelblox.eu\/wp-content\/uploads\/sites\/115\/2025\/10\/SiliquiniLaura-Travelbase-AlbaniaNomads20250726-2612-768x512.jpg' width='768' height='512' alt='Rondreis Albani\u00eb: in 7 dagen langs de mooiste plekken van Albani\u00eb' style='object-position:50% 50%' loading='lazy' image_size='medium_large'>\t\t\t\t\t\t\t\t\t\t\t<\/figure>\n\t\t\t\t<\/div>\n\t\t\t<\/div>\n\t\t\t\t\t<div class=\"entry\">\n\t\t\t\t<div class=\"tb-image-part\">\n\t\t\t\t\t<figure>\n\t\t\t\t\t\t<img src='https:\/\/albn.travelblox.eu\/wp-content\/uploads\/sites\/115\/2025\/10\/SiliquiniLaura-Travelbase-AlbaniaNomads20250724-0063-768x512.jpg' width='768' height='512' alt='Rondreis Albani\u00eb: in 7 dagen langs de mooiste plekken van Albani\u00eb' style='object-position:50% 50%' loading='lazy' image_size='medium_large'>\t\t\t\t\t\t\t\t\t\t\t<\/figure>\n\t\t\t\t<\/div>\n\t\t\t<\/div>\n\t\t\t\t\t\t\t\t<\/div>\n\t\t\t\t\t\t<div class=\"tb-carousel-nav\">\n\t\t\t<div class=\"dots\">\n\t\t\t\t<div class=\"dot active\"><\/div>\n\t\t\t\t<div class=\"dot\"><\/div>\n\t\t\t\t<div class=\"dot\"><\/div>\n\t\t\t<\/div>\n\t\t\t<div class=\"arrows\">\n\t\t\t\t<div class=\"prev disabled\">\n\t\t\t\t\t<span><i class=\"fa fa-chevron-left\"><\/i><\/span>\n\t\t\t\t<\/div>\n\t\t\t\t<div class=\"next\">\n\t\t\t\t\t<span><i class=\"fa fa-chevron-right\"><\/i><\/span>\n\t\t\t\t<\/div>\n\t\t\t<\/div>\n\t\t<\/div>\n\t\t\t\t<\/div>\n\t\t<\/div>\n\t\t\t\t\t\t\t\t\t\t\t\t\t\t\t\t\t\t\t<div class=\"tag tiny-body-font\"><p>Inbegrepen<\/p><\/div>\t\t\t\t\t\t\t<\/div>\n\t\t\t\t\t\t\t<div class=\"tb-card-content\">\n\t\t\t\t\t\t\t\t<h5>\n\t\t\t\t\t\t\t\t\t\t\t\t\t\t\t\t\t\t<span>Auto met daktent<\/span>\n\t\t\t\t\t\t\t\t<\/h5>\n\t\t\t\t\t\t\t\t\t\t\t\t\t\t\t\t<div class=\"content readmore-content content--clamped\">\t\t<div class=\"translation-block\"><p>Doorkruis Albani\u00eb met een <strong>robuuste SUV<\/strong> die perfect geschikt is voor alle Albanese wegen, van de kustwegen tot de bergpaden in de Balkan.<\/p><p>Je voertuig is uitgerust met een <strong>daktent<\/strong> en alle benodigde <strong>kampeerspullen<\/strong>. Alles wat je nodig hebt voor een geweldige reis door Albani\u00eb is voorzien!<\/p><p><a href=\"#info\"><strong>Meer informatie<\/strong><\/a> over de kampeeruitrusting en de schadeverzekering vind je in de andere rubrieken. Hier alvast de afmetingen van het tweepersoonsmatras: 203 x 130 cm.<\/p><\/div>\n\t<\/div>\n\t\t\t\t\t\t\t\t\t\t\t\t\t\t\t\t<div class=\"readmore link js-readmore\">\n\t\t\t\t\t\t\t\t\t<span><i class=\"fa-solid fa-circle-plus\"><\/i><u>Lees meer<\/u><\/span>\n\t\t\t\t\t\t\t\t\t<span><i class=\"fa-solid fa-circle-minus\"><\/i><u>Lees minder<\/u><\/span>\n\t\t\t\t\t\t\t\t<\/div>\n\t\t\t\t\t\t\t\t\t\t\t\t\t\t\t\t<dialog class=\"tb-popup\">\n\t\t\t\t\t\t\t\t\t<div class=\"tb-highlights-popup\">\n\t\t\t\t\t\t\t\t\t\t<div class=\"tb-image-part\">\n\t\t\t\t\t\t\t\t\t\t\t\t\t\t\t<div class=\"inner-block-full-width has-tb-carousel tb-carousel-slider\" >\n\t\t\t<div class=\"tb-carousel-container\">\n\t\t\t\t<div class=\"entries tb-cards\" data-slider-first=\"0\">\n\t\t\t\t\t\t\t\t\t<div class=\"entry\">\n\t\t\t\t<div class=\"tb-image-part\">\n\t\t\t\t\t<figure>\n\t\t\t\t\t\t<img src='https:\/\/albn.travelblox.eu\/wp-content\/uploads\/sites\/115\/2025\/10\/SiliquiniLaura-Travelbase-AlbaniaNomads20250725-0545-768x512.jpg' width='768' height='512' alt='Rondreis Albani\u00eb: in 7 dagen langs de mooiste plekken van Albani\u00eb' style='object-position:50% 50%' loading='lazy' image_size='medium_large'>\t\t\t\t\t\t\t\t\t\t\t<\/figure>\n\t\t\t\t<\/div>\n\t\t\t<\/div>\n\t\t\t\t\t<div class=\"entry\">\n\t\t\t\t<div class=\"tb-image-part\">\n\t\t\t\t\t<figure>\n\t\t\t\t\t\t<img src='https:\/\/albn.travelblox.eu\/wp-content\/uploads\/sites\/115\/2025\/10\/dukat-day-2-768x512.jpg' width='768' height='512' alt='Rondreis Albani\u00eb: in 7 dagen langs de mooiste plekken van Albani\u00eb' style='object-position:50% 50%' loading='lazy' image_size='medium_large'>\t\t\t\t\t\t\t\t\t\t\t<\/figure>\n\t\t\t\t<\/div>\n\t\t\t<\/div>\n\t\t\t\t\t<div class=\"entry\">\n\t\t\t\t<div class=\"tb-image-part\">\n\t\t\t\t\t<figure>\n\t\t\t\t\t\t<img src='https:\/\/albn.travelblox.eu\/wp-content\/uploads\/sites\/115\/2025\/10\/camping-dukat-day2-bis-768x512.jpg' width='768' height='512' alt='Rondreis Albani\u00eb: in 7 dagen langs de mooiste plekken van Albani\u00eb' style='object-position:50% 50%' loading='lazy' image_size='medium_large'>\t\t\t\t\t\t\t\t\t\t\t<\/figure>\n\t\t\t\t<\/div>\n\t\t\t<\/div>\n\t\t\t\t\t<div class=\"entry\">\n\t\t\t\t<div class=\"tb-image-part\">\n\t\t\t\t\t<figure>\n\t\t\t\t\t\t<img src='https:\/\/albn.travelblox.eu\/wp-content\/uploads\/sites\/115\/2025\/10\/SiliquiniLaura-Travelbase-AlbaniaNomads20250726-2612-768x512.jpg' width='768' height='512' alt='Rondreis Albani\u00eb: in 7 dagen langs de mooiste plekken van Albani\u00eb' style='object-position:50% 50%' loading='lazy' image_size='medium_large'>\t\t\t\t\t\t\t\t\t\t\t<\/figure>\n\t\t\t\t<\/div>\n\t\t\t<\/div>\n\t\t\t\t\t<div class=\"entry\">\n\t\t\t\t<div class=\"tb-image-part\">\n\t\t\t\t\t<figure>\n\t\t\t\t\t\t<img src='https:\/\/albn.travelblox.eu\/wp-content\/uploads\/sites\/115\/2025\/10\/SiliquiniLaura-Travelbase-AlbaniaNomads20250724-0063-768x512.jpg' width='768' height='512' alt='Rondreis Albani\u00eb: in 7 dagen langs de mooiste plekken van Albani\u00eb' style='object-position:50% 50%' loading='lazy' image_size='medium_large'>\t\t\t\t\t\t\t\t\t\t\t<\/figure>\n\t\t\t\t<\/div>\n\t\t\t<\/div>\n\t\t\t\t\t\t\t\t<\/div>\n\t\t\t\t\t\t<div class=\"tb-carousel-nav\">\n\t\t\t<div class=\"dots\">\n\t\t\t\t<div class=\"dot active\"><\/div>\n\t\t\t\t<div class=\"dot\"><\/div>\n\t\t\t\t<div class=\"dot\"><\/div>\n\t\t\t<\/div>\n\t\t\t<div class=\"arrows\">\n\t\t\t\t<div class=\"prev disabled\">\n\t\t\t\t\t<span><i class=\"fa fa-chevron-left\"><\/i><\/span>\n\t\t\t\t<\/div>\n\t\t\t\t<div class=\"next\">\n\t\t\t\t\t<span><i class=\"fa fa-chevron-right\"><\/i><\/span>\n\t\t\t\t<\/div>\n\t\t\t<\/div>\n\t\t<\/div>\n\t\t\t\t<\/div>\n\t\t<\/div>\n\t\t\t\t\t\t\t\t\t\t\t\t<\/div>\n\t\t\t\t\t\t\t\t\t\t<div class=\"tb-popup-content\">\n\t\t\t\t\t\t\t\t\t\t\t<h5>Auto met daktent<\/h5>\n\t\t\t\t\t\t\t\t\t\t\t<div class=\"content\">\t\t<div class=\"translation-block\"><p>Doorkruis Albani\u00eb met een <strong>robuuste SUV<\/strong> die perfect geschikt is voor alle Albanese wegen, van de kustwegen tot de bergpaden in de Balkan.<\/p><p>Je voertuig is uitgerust met een <strong>daktent<\/strong> en alle benodigde <strong>kampeerspullen<\/strong>. Alles wat je nodig hebt voor een geweldige reis door Albani\u00eb is voorzien!<\/p><p><a href=\"#info\"><strong>Meer informatie<\/strong><\/a> over de kampeeruitrusting en de schadeverzekering vind je in de andere rubrieken. Hier alvast de afmetingen van het tweepersoonsmatras: 203 x 130 cm.<\/p><\/div>\n\t<\/div>\n\t\t\t\t\t\t\t\t\t\t<\/div>\n\t\t\t\t\t\t\t\t\t<\/div>\n\t\t\t\t\t\t\t\t<\/dialog>\n\t\t\t\t\t\t\t<\/div>\n\t\t\t\t\t\t<\/div>\n\t\t\t\t\t\t\t\t\t\t\t<div class=\"tb-card entry tb-popup-trigger desktop-only-popup\">\n\t\t\t\t\t\t\t<div class=\"tb-image-part desktop\">\n\t\t\t\t\t\t\t\t<img src='https:\/\/albn.travelblox.eu\/wp-content\/uploads\/sites\/115\/2025\/10\/SiliquiniLaura-Travelbase-AlbaniaNomads20250728-3574.jpg' width='2048' height='1365' alt='Rondreis Albani\u00eb: in 7 dagen langs de mooiste plekken van Albani\u00eb' style='object-position:50% 50%' loading='lazy'>\t\t\t\t\t\t\t\t\t\t\t\t\t\t\t\t\t\t\t\t\t\t\t\t\t<div class=\"price tiny-body-font desktop translation-block\"><p>20\u20ac<\/p><\/div>\t\t\t\t\t\t\t<\/div>\n\t\t\t\t\t\t\t<div class=\"tb-image-part mobile\">\n\t\t\t\t\t\t\t\t<img src='https:\/\/albn.travelblox.eu\/wp-content\/uploads\/sites\/115\/2025\/10\/SiliquiniLaura-Travelbase-AlbaniaNomads20250728-3574-768x512.jpg' width='768' height='512' alt='Rondreis Albani\u00eb: in 7 dagen langs de mooiste plekken van Albani\u00eb' style='object-position:50% 50%' loading='lazy' image_size='medium_large'>\t\t\t\t\t\t\t\t\t\t\t\t\t\t\t<\/div>\n\t\t\t\t\t\t\t<div class=\"tb-card-content\">\n\t\t\t\t\t\t\t\t<h5>\n\t\t\t\t\t\t\t\t\t\t\t\t\t\t\t\t\t\t<span>CO2 Compensatie<\/span>\n\t\t\t\t\t\t\t\t<\/h5>\n\t\t\t\t\t\t\t\t\t\t\t\t\t\t\t\t\t<div class=\"price tiny-body-font mobile\"><p>20\u20ac<\/p><\/div>\t\t\t\t\t\t\t\t<div class=\"content readmore-content content--clamped\">\t\t<div class=\"translation-block\"><p>Dankzij onze samenwerking met&nbsp;<strong>Greentripper<\/strong>&nbsp;kan je de CO2-uitstoot van je reis terug in balans brengen. Je bijdrage gaat naar het&nbsp;<strong>gecertificeerde project in Oeganda<\/strong>&nbsp;en help je bij de distributie van effici\u00ebntere kooktoestellen die het brandstofverbruik aanzienlijk verminderen. Travelbase draagt hier ook aan bij.<\/p><p><a href=\"http:\/\/travelbase.eu\/impact\" target=\"_blank\">Ontdek alles over de initiatieven die Travelbase neemt.<\/a><\/p><\/div>\n\t<\/div>\n\t\t\t\t\t\t\t\t\t\t\t\t\t\t\t\t<div class=\"readmore link js-readmore\">\n\t\t\t\t\t\t\t\t\t<span><i class=\"fa-solid fa-circle-plus\"><\/i><u>Lees meer<\/u><\/span>\n\t\t\t\t\t\t\t\t\t<span><i class=\"fa-solid fa-circle-minus\"><\/i><u>Lees minder<\/u><\/span>\n\t\t\t\t\t\t\t\t<\/div>\n\t\t\t\t\t\t\t\t\t\t\t\t\t\t\t\t<dialog class=\"tb-popup\">\n\t\t\t\t\t\t\t\t\t<div class=\"tb-highlights-popup\">\n\t\t\t\t\t\t\t\t\t\t<div class=\"tb-image-part\">\n\t\t\t\t\t\t\t\t\t\t\t<img src='https:\/\/albn.travelblox.eu\/wp-content\/uploads\/sites\/115\/2025\/10\/SiliquiniLaura-Travelbase-AlbaniaNomads20250728-3574-768x512.jpg' width='768' height='512' alt='Rondreis Albani\u00eb: in 7 dagen langs de mooiste plekken van Albani\u00eb' style='object-position:50% 50%' loading='lazy' image_size='medium_large'>\t\t\t\t\t\t\t\t\t\t<\/div>\n\t\t\t\t\t\t\t\t\t\t<div class=\"tb-popup-content\">\n\t\t\t\t\t\t\t\t\t\t\t<h5>CO2 Compensatie<\/h5>\n\t\t\t\t\t\t\t\t\t\t\t<div class=\"content\">\t\t<div class=\"translation-block\"><p>Dankzij onze samenwerking met&nbsp;<strong>Greentripper<\/strong>&nbsp;kan je de CO2-uitstoot van je reis terug in balans brengen. Je bijdrage gaat naar het&nbsp;<strong>gecertificeerde project in Oeganda<\/strong>&nbsp;en help je bij de distributie van effici\u00ebntere kooktoestellen die het brandstofverbruik aanzienlijk verminderen. Travelbase draagt hier ook aan bij.<\/p><p><a href=\"http:\/\/travelbase.eu\/impact\" target=\"_blank\">Ontdek alles over de initiatieven die Travelbase neemt.<\/a><\/p><\/div>\n\t<\/div>\n\t\t\t\t\t\t\t\t\t\t<\/div>\n\t\t\t\t\t\t\t\t\t<\/div>\n\t\t\t\t\t\t\t\t<\/dialog>\n\t\t\t\t\t\t\t<\/div>\n\t\t\t\t\t\t<\/div>\n\t\t\t\t\t\t\t\t\t\t\t\t\t\t<\/div>\n\t\t\t\t\t\t<div class=\"tb-carousel-nav\">\n\t\t\t<div class=\"dots\">\n\t\t\t\t<div class=\"dot active\"><\/div>\n\t\t\t\t<div class=\"dot\"><\/div>\n\t\t\t\t<div class=\"dot\"><\/div>\n\t\t\t<\/div>\n\t\t\t<div class=\"arrows\">\n\t\t\t\t<div class=\"prev disabled\">\n\t\t\t\t\t<span><i class=\"fa fa-chevron-left\"><\/i><\/span>\n\t\t\t\t<\/div>\n\t\t\t\t<div class=\"next\">\n\t\t\t\t\t<span><i class=\"fa fa-chevron-right\"><\/i><\/span>\n\t\t\t\t<\/div>\n\t\t\t<\/div>\n\t\t<\/div>\n\t\t\t\t<\/div>\n\t\t<\/div>\n\t\t\t\t\t\t\t\t\t\t\t\t\t\t\t\t\t\t\t<div class=\"inner-block-full-width has-tb-carousel tb-section\" id=\"options-section-2\"style=\"display:none;\">\n\t\t\t<div class=\"tb-carousel-container\">\n\t\t\t\t<div class=\"entries tb-cards\" data-slider-first=\"1\">\n\t\t\t\t\t\t\t\t\t\t\t\t\t\t\t<div class=\"tb-card entry tb-popup-trigger desktop-only-popup\">\n\t\t\t\t\t\t\t<div class=\"tb-image-part desktop\">\n\t\t\t\t\t\t\t\t<img src='https:\/\/albn.travelblox.eu\/wp-content\/uploads\/sites\/115\/2025\/10\/DAY2.jpg' width='2048' height='1365' alt='Rondreis Albani\u00eb: in 7 dagen langs de mooiste plekken van Albani\u00eb' style='object-position:50% 50%' loading='lazy'>\t\t\t\t\t\t\t\t\t\t\t\t\t\t\t\t\t\t\t\t\t\t\t\t\t<div class=\"price tiny-body-font desktop translation-block\"><p>37\u20ac per dag<\/p><\/div>\t\t\t\t\t\t\t<\/div>\n\t\t\t\t\t\t\t<div class=\"tb-image-part mobile\">\n\t\t\t\t\t\t\t\t<img src='https:\/\/albn.travelblox.eu\/wp-content\/uploads\/sites\/115\/2025\/10\/DAY2-768x512.jpg' width='768' height='512' alt='Rondreis Albani\u00eb: in 7 dagen langs de mooiste plekken van Albani\u00eb' style='object-position:50% 50%' loading='lazy' image_size='medium_large'>\t\t\t\t\t\t\t\t\t\t\t\t\t\t\t<\/div>\n\t\t\t\t\t\t\t<div class=\"tb-card-content\">\n\t\t\t\t\t\t\t\t<h5>\n\t\t\t\t\t\t\t\t\t\t\t\t\t\t\t\t\t\t<span>Schadevrijstelling<\/span>\n\t\t\t\t\t\t\t\t<\/h5>\n\t\t\t\t\t\t\t\t\t\t\t\t\t\t\t\t\t<div class=\"price tiny-body-font mobile\"><p>\u20ac37 per dag<\/p><\/div>\t\t\t\t\t\t\t\t<div class=\"content readmore-content content--clamped\">\t\t<div class=\"translation-block\"><p>Een ongeluk is snel gebeurd. Daarom raden we je aan een <a href=\"https:\/\/admin.travelbase.eu\/u\/source\/Nomads_Trips\/General\/DAMAGE_WAIVER\/Damage_Waiver_NL.pdf\" target=\"_blank\"><strong>schadeverzekering<\/strong><\/a> aan je reservering toe te voegen.<\/p><p>Deze verzekering kost <strong>\u20ac37 per dag<\/strong> en dekt het voertuig wanneer jij of iemand uit je team achter het stuur zit.<\/p><p>Als je deze optie niet kiest, moet je voor vertrek een <strong>borg van \u20ac1000<\/strong> betalen. In geval van schade kan een <strong>maximaal bedrag van \u20ac3000<\/strong> in rekening worden gebracht.<\/p><\/div>\n\t<\/div>\n\t\t\t\t\t\t\t\t\t\t\t\t\t\t\t\t<div class=\"readmore link js-readmore\">\n\t\t\t\t\t\t\t\t\t<span><i class=\"fa-solid fa-circle-plus\"><\/i><u>Lees meer<\/u><\/span>\n\t\t\t\t\t\t\t\t\t<span><i class=\"fa-solid fa-circle-minus\"><\/i><u>Lees minder<\/u><\/span>\n\t\t\t\t\t\t\t\t<\/div>\n\t\t\t\t\t\t\t\t\t\t\t\t\t\t\t\t<dialog class=\"tb-popup\">\n\t\t\t\t\t\t\t\t\t<div class=\"tb-highlights-popup\">\n\t\t\t\t\t\t\t\t\t\t<div class=\"tb-image-part\">\n\t\t\t\t\t\t\t\t\t\t\t<img src='https:\/\/albn.travelblox.eu\/wp-content\/uploads\/sites\/115\/2025\/10\/DAY2-768x512.jpg' width='768' height='512' alt='Rondreis Albani\u00eb: in 7 dagen langs de mooiste plekken van Albani\u00eb' style='object-position:50% 50%' loading='lazy' image_size='medium_large'>\t\t\t\t\t\t\t\t\t\t<\/div>\n\t\t\t\t\t\t\t\t\t\t<div class=\"tb-popup-content\">\n\t\t\t\t\t\t\t\t\t\t\t<h5>Schadevrijstelling<\/h5>\n\t\t\t\t\t\t\t\t\t\t\t<div class=\"content\">\t\t<div class=\"translation-block\"><p>Een ongeluk is snel gebeurd. Daarom raden we je aan een <a href=\"https:\/\/admin.travelbase.eu\/u\/source\/Nomads_Trips\/General\/DAMAGE_WAIVER\/Damage_Waiver_NL.pdf\" target=\"_blank\"><strong>schadeverzekering<\/strong><\/a> aan je reservering toe te voegen.<\/p><p>Deze verzekering kost <strong>\u20ac37 per dag<\/strong> en dekt het voertuig wanneer jij of iemand uit je team achter het stuur zit.<\/p><p>Als je deze optie niet kiest, moet je voor vertrek een <strong>borg van \u20ac1000<\/strong> betalen. In geval van schade kan een <strong>maximaal bedrag van \u20ac3000<\/strong> in rekening worden gebracht.<\/p><\/div>\n\t<\/div>\n\t\t\t\t\t\t\t\t\t\t<\/div>\n\t\t\t\t\t\t\t\t\t<\/div>\n\t\t\t\t\t\t\t\t<\/dialog>\n\t\t\t\t\t\t\t<\/div>\n\t\t\t\t\t\t<\/div>\n\t\t\t\t\t\t\t\t\t\t\t<div class=\"tb-card entry tb-popup-trigger desktop-only-popup\">\n\t\t\t\t\t\t\t<div class=\"tb-image-part desktop\">\n\t\t\t\t\t\t\t\t<img src='https:\/\/albn.travelblox.eu\/wp-content\/uploads\/sites\/115\/2025\/10\/SiliquiniLaura-Travelbase-AlbaniaNomads20250724-0233.jpg' width='2048' height='1365' alt='Rondreis Albani\u00eb: in 7 dagen langs de mooiste plekken van Albani\u00eb' style='object-position:50% 50%' loading='lazy'>\t\t\t\t\t\t\t\t\t\t\t\t\t\t\t\t\t\t\t\t\t\t\t\t\t<div class=\"price tiny-body-font desktop translation-block\"><p>89\u20ac per persoon<\/p><\/div>\t\t\t\t\t\t\t<\/div>\n\t\t\t\t\t\t\t<div class=\"tb-image-part mobile\">\n\t\t\t\t\t\t\t\t<img src='https:\/\/albn.travelblox.eu\/wp-content\/uploads\/sites\/115\/2025\/10\/SiliquiniLaura-Travelbase-AlbaniaNomads20250724-0233-768x512.jpg' width='768' height='512' alt='Rondreis Albani\u00eb: in 7 dagen langs de mooiste plekken van Albani\u00eb' style='object-position:50% 50%' loading='lazy' image_size='medium_large'>\t\t\t\t\t\t\t\t\t\t\t\t\t\t\t<\/div>\n\t\t\t\t\t\t\t<div class=\"tb-card-content\">\n\t\t\t\t\t\t\t\t<h5>\n\t\t\t\t\t\t\t\t\t\t\t\t\t\t\t\t\t\t<span>Annuleringsverzekering<\/span>\n\t\t\t\t\t\t\t\t<\/h5>\n\t\t\t\t\t\t\t\t\t\t\t\t\t\t\t\t\t<div class=\"price tiny-body-font mobile\"><p>\u20ac89 per persoon<\/p><\/div>\t\t\t\t\t\t\t\t<div class=\"content readmore-content content--clamped\">\t\t<div class=\"translation-block\"><p>Wil je deze rondreis door Albani\u00eb met een gerust hart boeken? Kies dan voor de <a href=\"https:\/\/static.travelbase.eu\/u\/source\/Nomads_Trips\/NOMADS_CANCELLATION_INSURANCE_NL.pdf?_gl=1*1ciima0*_gcl_au*MTM3MjgyODY0Ny4xNzI3NzcyOTgyLjI4MjU4NjI1OS4xNzI4OTgyODgxLjE3Mjg5ODI4ODA.*_ga*MTQzMjE4NDU2NS4xNjkyODczMDY4*_ga_MNM1Z0RZ2L*MTcyODk4Mjg4MC4yMzQuMC4xNzI4OTgyODgwLjAuMC43NzkxMjM1MzE.\" target=\"_blank\">annuleringsverzekering<\/a> die je beschermt bij onvoorziene omstandigheden.<\/p><\/div>\n\t<\/div>\n\t\t\t\t\t\t\t\t\t\t\t\t\t\t\t\t<div class=\"readmore link js-readmore\">\n\t\t\t\t\t\t\t\t\t<span><i class=\"fa-solid fa-circle-plus\"><\/i><u>Lees meer<\/u><\/span>\n\t\t\t\t\t\t\t\t\t<span><i class=\"fa-solid fa-circle-minus\"><\/i><u>Lees minder<\/u><\/span>\n\t\t\t\t\t\t\t\t<\/div>\n\t\t\t\t\t\t\t\t\t\t\t\t\t\t\t\t<dialog class=\"tb-popup\">\n\t\t\t\t\t\t\t\t\t<div class=\"tb-highlights-popup\">\n\t\t\t\t\t\t\t\t\t\t<div class=\"tb-image-part\">\n\t\t\t\t\t\t\t\t\t\t\t<img src='https:\/\/albn.travelblox.eu\/wp-content\/uploads\/sites\/115\/2025\/10\/SiliquiniLaura-Travelbase-AlbaniaNomads20250724-0233-768x512.jpg' width='768' height='512' alt='Rondreis Albani\u00eb: in 7 dagen langs de mooiste plekken van Albani\u00eb' style='object-position:50% 50%' loading='lazy' image_size='medium_large'>\t\t\t\t\t\t\t\t\t\t<\/div>\n\t\t\t\t\t\t\t\t\t\t<div class=\"tb-popup-content\">\n\t\t\t\t\t\t\t\t\t\t\t<h5>Annuleringsverzekering<\/h5>\n\t\t\t\t\t\t\t\t\t\t\t<div class=\"content\">\t\t<div class=\"translation-block\"><p>Wil je deze rondreis door Albani\u00eb met een gerust hart boeken? Kies dan voor de <a href=\"https:\/\/static.travelbase.eu\/u\/source\/Nomads_Trips\/NOMADS_CANCELLATION_INSURANCE_NL.pdf?_gl=1*1ciima0*_gcl_au*MTM3MjgyODY0Ny4xNzI3NzcyOTgyLjI4MjU4NjI1OS4xNzI4OTgyODgxLjE3Mjg5ODI4ODA.*_ga*MTQzMjE4NDU2NS4xNjkyODczMDY4*_ga_MNM1Z0RZ2L*MTcyODk4Mjg4MC4yMzQuMC4xNzI4OTgyODgwLjAuMC43NzkxMjM1MzE.\" target=\"_blank\">annuleringsverzekering<\/a> die je beschermt bij onvoorziene omstandigheden.<\/p><\/div>\n\t<\/div>\n\t\t\t\t\t\t\t\t\t\t<\/div>\n\t\t\t\t\t\t\t\t\t<\/div>\n\t\t\t\t\t\t\t\t<\/dialog>\n\t\t\t\t\t\t\t<\/div>\n\t\t\t\t\t\t<\/div>\n\t\t\t\t\t\t\t\t\t\t\t<div class=\"tb-card entry tb-popup-trigger desktop-only-popup\">\n\t\t\t\t\t\t\t<div class=\"tb-image-part desktop\">\n\t\t\t\t\t\t\t\t<img src='https:\/\/albn.travelblox.eu\/wp-content\/uploads\/sites\/115\/2025\/10\/SiliquiniLaura-Travelbase-AlbaniaNomads20250726-1606.jpg' width='1365' height='2048' alt='Rondreis Albani\u00eb: in 7 dagen langs de mooiste plekken van Albani\u00eb' style='object-position:50% 50%' loading='lazy'>\t\t\t\t\t\t\t\t\t\t\t\t\t\t\t\t\t\t\t\t\t\t\t\t\t<div class=\"price tiny-body-font desktop translation-block\"><p>49\u20ac per persoon<\/p><\/div>\t\t\t\t\t\t\t<\/div>\n\t\t\t\t\t\t\t<div class=\"tb-image-part mobile\">\n\t\t\t\t\t\t\t\t<img src='https:\/\/albn.travelblox.eu\/wp-content\/uploads\/sites\/115\/2025\/10\/SiliquiniLaura-Travelbase-AlbaniaNomads20250726-1606-768x1152.jpg' width='768' height='1152' alt='Rondreis Albani\u00eb: in 7 dagen langs de mooiste plekken van Albani\u00eb' style='object-position:50% 50%' loading='lazy' image_size='medium_large'>\t\t\t\t\t\t\t\t\t\t\t\t\t\t\t<\/div>\n\t\t\t\t\t\t\t<div class=\"tb-card-content\">\n\t\t\t\t\t\t\t\t<h5>\n\t\t\t\t\t\t\t\t\t\t\t\t\t\t\t\t\t\t<span>Reisbijstandsverzekering<\/span>\n\t\t\t\t\t\t\t\t<\/h5>\n\t\t\t\t\t\t\t\t\t\t\t\t\t\t\t\t\t<div class=\"price tiny-body-font mobile\"><p>\u20ac49 per persoon<\/p><\/div>\t\t\t\t\t\t\t\t<div class=\"content readmore-content content--clamped\">\t\t<div class=\"translation-block\"><p>Wil je zonder zorgen op avontuur? Kies dan voor een <a href=\"https:\/\/albanianomads.com\/nl\/travelinsurance\" target=\"_blank\">reisverzekering<\/a>, enkel voor <strong>inwoners van Europa<\/strong> beschikbaar.<\/p><\/div>\n\t<\/div>\n\t\t\t\t\t\t\t\t\t\t\t\t\t\t\t\t<div class=\"readmore link js-readmore\">\n\t\t\t\t\t\t\t\t\t<span><i class=\"fa-solid fa-circle-plus\"><\/i><u>Lees meer<\/u><\/span>\n\t\t\t\t\t\t\t\t\t<span><i class=\"fa-solid fa-circle-minus\"><\/i><u>Lees minder<\/u><\/span>\n\t\t\t\t\t\t\t\t<\/div>\n\t\t\t\t\t\t\t\t\t\t\t\t\t\t\t\t<dialog class=\"tb-popup\">\n\t\t\t\t\t\t\t\t\t<div class=\"tb-highlights-popup\">\n\t\t\t\t\t\t\t\t\t\t<div class=\"tb-image-part\">\n\t\t\t\t\t\t\t\t\t\t\t<img src='https:\/\/albn.travelblox.eu\/wp-content\/uploads\/sites\/115\/2025\/10\/SiliquiniLaura-Travelbase-AlbaniaNomads20250726-1606-768x1152.jpg' width='768' height='1152' alt='Rondreis Albani\u00eb: in 7 dagen langs de mooiste plekken van Albani\u00eb' style='object-position:50% 50%' loading='lazy' image_size='medium_large'>\t\t\t\t\t\t\t\t\t\t<\/div>\n\t\t\t\t\t\t\t\t\t\t<div class=\"tb-popup-content\">\n\t\t\t\t\t\t\t\t\t\t\t<h5>Reisbijstandsverzekering<\/h5>\n\t\t\t\t\t\t\t\t\t\t\t<div class=\"content\">\t\t<div class=\"translation-block\"><p>Wil je zonder zorgen op avontuur? Kies dan voor een <a href=\"https:\/\/albanianomads.com\/nl\/travelinsurance\" target=\"_blank\">reisverzekering<\/a>, enkel voor <strong>inwoners van Europa<\/strong> beschikbaar.<\/p><\/div>\n\t<\/div>\n\t\t\t\t\t\t\t\t\t\t<\/div>\n\t\t\t\t\t\t\t\t\t<\/div>\n\t\t\t\t\t\t\t\t<\/dialog>\n\t\t\t\t\t\t\t<\/div>\n\t\t\t\t\t\t<\/div>\n\t\t\t\t\t\t\t\t\t\t\t<div class=\"tb-card entry tb-popup-trigger desktop-only-popup\">\n\t\t\t\t\t\t\t<div class=\"tb-image-part desktop\">\n\t\t\t\t\t\t\t\t<img src='https:\/\/albn.travelblox.eu\/wp-content\/uploads\/sites\/115\/2025\/10\/Berat-day-1-biiiiis.jpg' width='2048' height='1365' alt='Rondreis Albani\u00eb: in 7 dagen langs de mooiste plekken van Albani\u00eb' style='object-position:50% 50%' loading='lazy'>\t\t\t\t\t\t\t\t\t\t\t\t\t\t\t\t\t<div class=\"tag tiny-body-font\"><p>Voor wie vroeg boekt<\/p><\/div>\t\t\t\t\t\t\t\t\t\t\t\t\t\t\t<\/div>\n\t\t\t\t\t\t\t<div class=\"tb-image-part mobile\">\n\t\t\t\t\t\t\t\t<img src='https:\/\/albn.travelblox.eu\/wp-content\/uploads\/sites\/115\/2025\/10\/Berat-day-1-biiiiis-768x512.jpg' width='768' height='512' alt='Rondreis Albani\u00eb: in 7 dagen langs de mooiste plekken van Albani\u00eb' style='object-position:50% 50%' loading='lazy' image_size='medium_large'>\t\t\t\t\t\t\t\t\t\t\t\t\t\t\t\t\t<div class=\"tag tiny-body-font\"><p>Voor wie vroeg boekt<\/p><\/div>\t\t\t\t\t\t\t<\/div>\n\t\t\t\t\t\t\t<div class=\"tb-card-content\">\n\t\t\t\t\t\t\t\t<h5>\n\t\t\t\t\t\t\t\t\t\t\t\t\t\t\t\t\t\t<span>Superflexibele annuleringsvoorwaarden<\/span>\n\t\t\t\t\t\t\t\t<\/h5>\n\t\t\t\t\t\t\t\t\t\t\t\t\t\t\t\t<div class=\"content readmore-content content--clamped\">\t\t<div class=\"translation-block\"><p>Wie vroeg boekt, geniet van <strong>gratis superflexibele annuleringsvoorwaarden<\/strong>.&nbsp;<\/p><p>Hiermee kan je <strong>tot 1 maart 2026<\/strong> je reis <strong>kosteloos en zonder dringende reden annuleren of verplaatsen<\/strong> (afhankelijk van de beschikbaarheden).<\/p><p>Boeken zonder zorgen, zonder risico\u2019s.<\/p><\/div>\n\t<\/div>\n\t\t\t\t\t\t\t\t\t\t\t\t\t\t\t\t<div class=\"readmore link js-readmore\">\n\t\t\t\t\t\t\t\t\t<span><i class=\"fa-solid fa-circle-plus\"><\/i><u>Lees meer<\/u><\/span>\n\t\t\t\t\t\t\t\t\t<span><i class=\"fa-solid fa-circle-minus\"><\/i><u>Lees minder<\/u><\/span>\n\t\t\t\t\t\t\t\t<\/div>\n\t\t\t\t\t\t\t\t\t\t\t\t\t\t\t\t<dialog class=\"tb-popup\">\n\t\t\t\t\t\t\t\t\t<div class=\"tb-highlights-popup\">\n\t\t\t\t\t\t\t\t\t\t<div class=\"tb-image-part\">\n\t\t\t\t\t\t\t\t\t\t\t<img src='https:\/\/albn.travelblox.eu\/wp-content\/uploads\/sites\/115\/2025\/10\/Berat-day-1-biiiiis-768x512.jpg' width='768' height='512' alt='Rondreis Albani\u00eb: in 7 dagen langs de mooiste plekken van Albani\u00eb' style='object-position:50% 50%' loading='lazy' image_size='medium_large'>\t\t\t\t\t\t\t\t\t\t<\/div>\n\t\t\t\t\t\t\t\t\t\t<div class=\"tb-popup-content\">\n\t\t\t\t\t\t\t\t\t\t\t<h5>Superflexibele annuleringsvoorwaarden<\/h5>\n\t\t\t\t\t\t\t\t\t\t\t<div class=\"content\">\t\t<div class=\"translation-block\"><p>Wie vroeg boekt, geniet van <strong>gratis superflexibele annuleringsvoorwaarden<\/strong>.&nbsp;<\/p><p>Hiermee kan je <strong>tot 1 maart 2026<\/strong> je reis <strong>kosteloos en zonder dringende reden annuleren of verplaatsen<\/strong> (afhankelijk van de beschikbaarheden).<\/p><p>Boeken zonder zorgen, zonder risico\u2019s.<\/p><\/div>\n\t<\/div>\n\t\t\t\t\t\t\t\t\t\t<\/div>\n\t\t\t\t\t\t\t\t\t<\/div>\n\t\t\t\t\t\t\t\t<\/dialog>\n\t\t\t\t\t\t\t<\/div>\n\t\t\t\t\t\t<\/div>\n\t\t\t\t\t\t\t\t\t\t\t\t\t\t<\/div>\n\t\t\t\t\t\t<div class=\"tb-carousel-nav\">\n\t\t\t<div class=\"dots\">\n\t\t\t\t<div class=\"dot active\"><\/div>\n\t\t\t\t<div class=\"dot\"><\/div>\n\t\t\t\t<div class=\"dot\"><\/div>\n\t\t\t<\/div>\n\t\t\t<div class=\"arrows\">\n\t\t\t\t<div class=\"prev disabled\">\n\t\t\t\t\t<span><i class=\"fa fa-chevron-left\"><\/i><\/span>\n\t\t\t\t<\/div>\n\t\t\t\t<div class=\"next\">\n\t\t\t\t\t<span><i class=\"fa fa-chevron-right\"><\/i><\/span>\n\t\t\t\t<\/div>\n\t\t\t<\/div>\n\t\t<\/div>\n\t\t\t\t<\/div>\n\t\t<\/div>\n\t\t\t\t\t\t\t\t\t\t<\/div>\n\t\t<\/div>\n\n\n<div class=\"tb-gallery tb-block align-center background-light pattern-none variant-grid\" id=\"collage-1\">\n\t<div>\n\t\t<div class=\"desktop tb-has-popup-content\">\n\t\t\t\t\t\t\t<ul class=\"tb-gallery-grid\">\n\t\t\t\t\t\t\t\t\t\t\t\t\t\t\t\t\t\t<li class=\"slide\">\n\t\t\t\t\t\t\t\t<div class=\"tb-popup-trigger\">\n\t\t\t\t\t\t\t\t\t<img src='https:\/\/albn.travelblox.eu\/wp-content\/uploads\/sites\/115\/2025\/10\/SiliquiniLaura-Travelbase-AlbaniaNomads20250725-2.jpg' width='2048' height='1534' alt='Rondreis Albani\u00eb: in 7 dagen langs de mooiste plekken van Albani\u00eb' style='object-position:50% 50%' loading='lazy'>\t\t\t\t\t\t\t\t<\/div>\n\t\t\t\t\t\t\t<\/li>\n\t\t\t\t\t\t\t\t\t\t\t\t\t<li class=\"slide\">\n\t\t\t\t\t\t\t\t<div class=\"tb-popup-trigger\">\n\t\t\t\t\t\t\t\t\t<img src='https:\/\/albn.travelblox.eu\/wp-content\/uploads\/sites\/115\/2025\/10\/SiliquiniLaura-Travelbase-AlbaniaNomads20250725-0893.jpg' width='1365' height='2048' alt='Rondreis Albani\u00eb: in 7 dagen langs de mooiste plekken van Albani\u00eb' style='object-position:50% 50%' loading='lazy'>\t\t\t\t\t\t\t\t<\/div>\n\t\t\t\t\t\t\t<\/li>\n\t\t\t\t\t\t\t\t\t\t\t\t\t<li class=\"slide\">\n\t\t\t\t\t\t\t\t<div class=\"tb-popup-trigger\">\n\t\t\t\t\t\t\t\t\t<img src='https:\/\/albn.travelblox.eu\/wp-content\/uploads\/sites\/115\/2025\/10\/Dalan-beach-day-2-bbbis.jpg' width='2048' height='1365' alt='Rondreis Albani\u00eb: in 7 dagen langs de mooiste plekken van Albani\u00eb' style='object-position:50% 50%' loading='lazy'>\t\t\t\t\t\t\t\t<\/div>\n\t\t\t\t\t\t\t<\/li>\n\t\t\t\t\t\t\t\t\t\t\t\t\t\t\t<\/ul>\n\t\t\t\t\t\t<div class=\"tb-popup tb-popup--open-clicked-image\">\n\t\t\t\t<div class=\"tb-gallery-popup\">\n\t\t\t\t\t<div class=\"tb-image-part\">\n\t\t\t\t\t\t\t\t\t\t<div class=\"inner-block-full-width has-tb-carousel tb-carousel-slider\" >\n\t\t\t<div class=\"tb-carousel-container\">\n\t\t\t\t<div class=\"entries tb-cards\" data-slider-first=\"2\">\n\t\t\t\t\t\t\t\t\t<div class=\"entry\">\n\t\t\t\t<div class=\"tb-image-part\">\n\t\t\t\t\t<figure>\n\t\t\t\t\t\t<img src='https:\/\/albn.travelblox.eu\/wp-content\/uploads\/sites\/115\/2025\/10\/SiliquiniLaura-Travelbase-AlbaniaNomads20250725-2.jpg' width='2048' height='1534' alt='Rondreis Albani\u00eb: in 7 dagen langs de mooiste plekken van Albani\u00eb' style='object-position:50% 50%' loading='lazy' image_size='full'>\t\t\t\t\t\t\t\t\t\t\t<\/figure>\n\t\t\t\t<\/div>\n\t\t\t<\/div>\n\t\t\t\t\t<div class=\"entry\">\n\t\t\t\t<div class=\"tb-image-part\">\n\t\t\t\t\t<figure>\n\t\t\t\t\t\t<img src='https:\/\/albn.travelblox.eu\/wp-content\/uploads\/sites\/115\/2025\/10\/SiliquiniLaura-Travelbase-AlbaniaNomads20250725-0893.jpg' width='1365' height='2048' alt='Rondreis Albani\u00eb: in 7 dagen langs de mooiste plekken van Albani\u00eb' style='object-position:50% 50%' loading='lazy' image_size='full'>\t\t\t\t\t\t\t\t\t\t\t<\/figure>\n\t\t\t\t<\/div>\n\t\t\t<\/div>\n\t\t\t\t\t<div class=\"entry\">\n\t\t\t\t<div class=\"tb-image-part\">\n\t\t\t\t\t<figure>\n\t\t\t\t\t\t<img src='https:\/\/albn.travelblox.eu\/wp-content\/uploads\/sites\/115\/2025\/10\/Dalan-beach-day-2-bbbis.jpg' width='2048' height='1365' alt='Rondreis Albani\u00eb: in 7 dagen langs de mooiste plekken van Albani\u00eb' style='object-position:50% 50%' loading='lazy' image_size='full'>\t\t\t\t\t\t\t\t\t\t\t<\/figure>\n\t\t\t\t<\/div>\n\t\t\t<\/div>\n\t\t\t\t\t\t\t\t<\/div>\n\t\t\t\t\t\t<div class=\"tb-carousel-nav\">\n\t\t\t<div class=\"dots\">\n\t\t\t\t<div class=\"dot active\"><\/div>\n\t\t\t\t<div class=\"dot\"><\/div>\n\t\t\t\t<div class=\"dot\"><\/div>\n\t\t\t<\/div>\n\t\t\t<div class=\"arrows\">\n\t\t\t\t<div class=\"prev disabled\">\n\t\t\t\t\t<span><i class=\"fa fa-chevron-left\"><\/i><\/span>\n\t\t\t\t<\/div>\n\t\t\t\t<div class=\"next\">\n\t\t\t\t\t<span><i class=\"fa fa-chevron-right\"><\/i><\/span>\n\t\t\t\t<\/div>\n\t\t\t<\/div>\n\t\t<\/div>\n\t\t\t\t<\/div>\n\t\t<\/div>\n\t\t\t\t\t\t\t<\/div>\n\t\t\t\t<\/div>\n\t\t\t<\/div>\n\t\t<\/div>\n\t\t<div class=\"mobile\">\n\t\t\t<div class=\"tb-image-part\">\n\t\t\t\t\t\t\t\t<div class=\"inner-block-full-width has-tb-carousel tb-carousel-slider\" >\n\t\t\t<div class=\"tb-carousel-container\">\n\t\t\t\t<div class=\"entries tb-cards\" data-slider-first=\"0\">\n\t\t\t\t\t\t\t\t\t<div class=\"entry\">\n\t\t\t\t<div class=\"tb-image-part\">\n\t\t\t\t\t<figure>\n\t\t\t\t\t\t<img src='https:\/\/albn.travelblox.eu\/wp-content\/uploads\/sites\/115\/2025\/10\/SiliquiniLaura-Travelbase-AlbaniaNomads20250725-2-768x575.jpg' width='768' height='575' alt='Rondreis Albani\u00eb: in 7 dagen langs de mooiste plekken van Albani\u00eb' style='object-position:50% 50%' loading='lazy' image_size='medium_large'>\t\t\t\t\t\t\t\t\t\t\t<\/figure>\n\t\t\t\t<\/div>\n\t\t\t<\/div>\n\t\t\t\t\t<div class=\"entry\">\n\t\t\t\t<div class=\"tb-image-part\">\n\t\t\t\t\t<figure>\n\t\t\t\t\t\t<img src='https:\/\/albn.travelblox.eu\/wp-content\/uploads\/sites\/115\/2025\/10\/SiliquiniLaura-Travelbase-AlbaniaNomads20250725-0893-768x1152.jpg' width='768' height='1152' alt='Rondreis Albani\u00eb: in 7 dagen langs de mooiste plekken van Albani\u00eb' style='object-position:50% 50%' loading='lazy' image_size='medium_large'>\t\t\t\t\t\t\t\t\t\t\t<\/figure>\n\t\t\t\t<\/div>\n\t\t\t<\/div>\n\t\t\t\t\t<div class=\"entry\">\n\t\t\t\t<div class=\"tb-image-part\">\n\t\t\t\t\t<figure>\n\t\t\t\t\t\t<img src='https:\/\/albn.travelblox.eu\/wp-content\/uploads\/sites\/115\/2025\/10\/Dalan-beach-day-2-bbbis-768x512.jpg' width='768' height='512' alt='Rondreis Albani\u00eb: in 7 dagen langs de mooiste plekken van Albani\u00eb' style='object-position:50% 50%' loading='lazy' image_size='medium_large'>\t\t\t\t\t\t\t\t\t\t\t<\/figure>\n\t\t\t\t<\/div>\n\t\t\t<\/div>\n\t\t\t\t\t\t\t\t<\/div>\n\t\t\t\t\t\t<div class=\"tb-carousel-nav\">\n\t\t\t<div class=\"dots\">\n\t\t\t\t<div class=\"dot active\"><\/div>\n\t\t\t\t<div class=\"dot\"><\/div>\n\t\t\t\t<div class=\"dot\"><\/div>\n\t\t\t<\/div>\n\t\t\t<div class=\"arrows\">\n\t\t\t\t<div class=\"prev disabled\">\n\t\t\t\t\t<span><i class=\"fa fa-chevron-left\"><\/i><\/span>\n\t\t\t\t<\/div>\n\t\t\t\t<div class=\"next\">\n\t\t\t\t\t<span><i class=\"fa fa-chevron-right\"><\/i><\/span>\n\t\t\t\t<\/div>\n\t\t\t<\/div>\n\t\t<\/div>\n\t\t\t\t<\/div>\n\t\t<\/div>\n\t\t\t\t\t<\/div>\n\t\t<\/div>\n\t<\/div>\n<\/div>\n\n\n\n<div class=\"tb-practicalv2 tb-block align-none background-light pattern-none variant-none tb-collapsible-margins\" id=\"info\">\n\t<div class=\"inner-block tb-fade-in\">\n\t\t<div class=\"tb-practicalv2__intro\">\n\t\t\t<h2 class=\"tb-practicalv2__title\">Praktische informatie<\/h2>\n\t\t\t\t\t<div class=\"translation-block\"><p>Hier vind je alle informatie die je nodig hebt voor je roadtrip. Heb je nog vragen? <a href=\"https:\/\/albanianomads.com\/nl\/contact\/\">Neem contact met ons op<\/a>.<\/p><\/div>\n\t\t\t<\/div>\n\t<\/div>\n\t<div class=\"tb-practicalv2__container inner-block tb-fade-in\">\n\t\t<ul class=\"tb-practicalv2__nav\">\n\t\t\t\t\t\t\t<li class=\"tb-practicalv2__nav-item\">\n\t\t\t\t\t\t\t\t\t\t\t\t\t\t\t<i class=\"icon fa-solid fa-check\" aria-hidden=\"true\"><\/i>\n\t\t\t\t\t\t\t\t\t\t\t\t\t<a class=\"tb-practicalv2__nav-link\" href=\"#included\">\n\t\t\t\t\t\tInbegrepen\t\t\t\t\t<\/a>\n\t\t\t\t<\/li>\n\t\t\t\t\t\t\t<li class=\"tb-practicalv2__nav-item\">\n\t\t\t\t\t\t\t\t\t\t\t\t\t\t\t<i class=\"icon fa-solid fa-list-check\" aria-hidden=\"true\"><\/i>\n\t\t\t\t\t\t\t\t\t\t\t\t\t<a class=\"tb-practicalv2__nav-link\" href=\"#optional\">\n\t\t\t\t\t\tOptioneel\t\t\t\t\t<\/a>\n\t\t\t\t<\/li>\n\t\t\t\t\t\t\t<li class=\"tb-practicalv2__nav-item\">\n\t\t\t\t\t\t\t\t\t\t\t\t\t\t\t<i class=\"icon fa-solid fa-car-burst\" aria-hidden=\"true\"><\/i>\n\t\t\t\t\t\t\t\t\t\t\t\t\t<a class=\"tb-practicalv2__nav-link\" href=\"#insurance\">\n\t\t\t\t\t\tVerzekeringen\t\t\t\t\t<\/a>\n\t\t\t\t<\/li>\n\t\t\t\t\t\t\t<li class=\"tb-practicalv2__nav-item\">\n\t\t\t\t\t\t\t\t\t\t\t\t\t\t\t<i class=\"icon fa-solid fa-passport\" aria-hidden=\"true\"><\/i>\n\t\t\t\t\t\t\t\t\t\t\t\t\t<a class=\"tb-practicalv2__nav-link\" href=\"#documents\">\n\t\t\t\t\t\tDocumenten\t\t\t\t\t<\/a>\n\t\t\t\t<\/li>\n\t\t\t\t\t\t\t<li class=\"tb-practicalv2__nav-item\">\n\t\t\t\t\t\t\t\t\t\t\t\t\t\t\t<i class=\"icon fa-solid fa-suitcase\" aria-hidden=\"true\"><\/i>\n\t\t\t\t\t\t\t\t\t\t\t\t\t<a class=\"tb-practicalv2__nav-link\" href=\"#a-prevoir\">\n\t\t\t\t\t\tWat moet ik meenemen?\t\t\t\t\t<\/a>\n\t\t\t\t<\/li>\n\t\t\t\t\t<\/ul>\n\t\t<div class=\"tb-practicalv2__categories\">\n\t\t\t\t\t\t\t<details class=\"tb-practicalv2__category tb-practicalv2__category--included\" id=\"included\" open>\n\t\t\t\t\t<summary class=\"tb-practicalv2__category-toggle\">\n\t\t\t\t\t\t\t\t\t\t\t\t\t\t\t\t\t<i class=\"icon fa-solid fa-check tb-style-block\" aria-hidden=\"true\"><\/i>\n\t\t\t\t\t\t\t\t\t\t\t\t\t\t\t<span class=\"tb-practicalv2__category-name\">\n\t\t\t\t\t\t\tInbegrepen\t\t\t\t\t\t<\/span>\n\t\t\t\t\t<\/summary>\n\t\t\t\t\t<div class=\"tb-practicalv2__category-content\">\n\t\t\t\t\t\t\t\t\t\t\t\t\t<div class=\"tb-practicalv2__category-default-content\">\n\t\t\t\t\t\t\t\t\t\t\t\t\t\t\t\t\t<ul class=\"tb-practicalv2__meta\">\n\t\t\t\t\t\t\t\t\t\t\t\t\t\t\t\t\t\t\t\t\t<li class=\"tb-practicalv2__meta-item\">\n\t\t\t\t\t\t\t\t\t\t\t\t<i class=\"fa fa-regular fa-tag\"><\/i>\n\t\t\t\t\t\t\t\t\t\t\t\t<span>Vanaf \u20ac690<\/span>\n\t\t\t\t\t\t\t\t\t\t\t<\/li>\n\t\t\t\t\t\t\t\t\t\t\t\t\t\t\t\t\t\t\t\t\t\t\t\t\t\t\t\t\t\t\t<li class=\"tb-practicalv2__meta-item\">\n\t\t\t\t\t\t\t\t\t\t\t\t<i class=\"fa fa-regular fa-calendar\"><\/i>\n\t\t\t\t\t\t\t\t\t\t\t\t<span><p>Juni &#8211; September 2026<\/p>\n<\/span>\n\t\t\t\t\t\t\t\t\t\t\t<\/li>\n\t\t\t\t\t\t\t\t\t\t\t\t\t\t\t\t\t\t\t<\/ul>\n\t\t\t\t\t\t\t\t\t\t\n\t\t\t\t\t\t\t\t\t\t\t\t\t\t\t\t\t<ul class=\"tb-practicalv2__icon-list\">\n\t\t\t\t\t\t\t\t\t\t\t\t\t\t\t\t\t\t\t\t\t<li class=\"tb-practicalv2__icon-item\">\n\t\t\t\t\t\t\t\t\t\t\t\t\t\t\t\t\t\t\t\t\t\t\t\t\t<div>\n\t\t\t\t\t\t\t\t\t\t\t\t\t\t\t\t\t\t<i class=\"icon fa-solid fa-car\" aria-hidden=\"true\"><\/i>\n\t\t\t\t\t\t\t\t\t\t\t\t\t\t\t\t<\/div>\n\t\t\t\t\t\t\t\t\t\t\t\t\t\t\t\t\t\t\t\t\t\t\t\t\t\t<div class=\"translation-block\"><p>Auto met daktent<\/p><\/div>\n\t\t\t\t\t\t\t\t\t\t\t\t<\/li>\n\t\t\t\t\t\t\t\t\t\t\t\t\t\t\t\t\t\t\t\t\t<li class=\"tb-practicalv2__icon-item\">\n\t\t\t\t\t\t\t\t\t\t\t\t\t\t\t\t\t\t\t\t\t\t\t\t\t<div>\n\t\t\t\t\t\t\t\t\t\t\t\t\t\t\t\t\t\t<i class=\"icon fa-solid fa-campground\" aria-hidden=\"true\"><\/i>\n\t\t\t\t\t\t\t\t\t\t\t\t\t\t\t\t<\/div>\n\t\t\t\t\t\t\t\t\t\t\t\t\t\t\t\t\t\t\t\t\t\t\t\t\t\t<div class=\"translation-block\"><p>7 nachten op unieke campings<\/p><\/div>\n\t\t\t\t\t\t\t\t\t\t\t\t<\/li>\n\t\t\t\t\t\t\t\t\t\t\t\t\t\t\t\t\t\t\t\t\t<li class=\"tb-practicalv2__icon-item\">\n\t\t\t\t\t\t\t\t\t\t\t\t\t\t\t\t\t\t\t\t\t\t\t\t\t<div>\n\t\t\t\t\t\t\t\t\t\t\t\t\t\t\t\t\t\t<i class=\"icon fa-solid fa-book-open\" aria-hidden=\"true\"><\/i>\n\t\t\t\t\t\t\t\t\t\t\t\t\t\t\t\t<\/div>\n\t\t\t\t\t\t\t\t\t\t\t\t\t\t\t\t\t\t\t\t\t\t\t\t\t\t<div class=\"translation-block\"><p>Roadbook met een volledig uitgestippelde route, praktische info en tips<\/p><\/div>\n\t\t\t\t\t\t\t\t\t\t\t\t<\/li>\n\t\t\t\t\t\t\t\t\t\t\t\t\t\t\t\t\t\t\t\t\t<li class=\"tb-practicalv2__icon-item\">\n\t\t\t\t\t\t\t\t\t\t\t\t\t\t\t\t\t\t\t\t\t\t\t\t\t<div>\n\t\t\t\t\t\t\t\t\t\t\t\t\t\t\t\t\t\t<i class=\"icon fa-solid fa-map-location-dot\" aria-hidden=\"true\"><\/i>\n\t\t\t\t\t\t\t\t\t\t\t\t\t\t\t\t<\/div>\n\t\t\t\t\t\t\t\t\t\t\t\t\t\t\t\t\t\t\t\t\t\t\t\t\t\t<div class=\"translation-block\"><p><a href=\"https:\/\/albanianomads.com\/nl\/app\/\" target=\"_blank\">Mobiele app<\/a> met interactieve kaart en info<\/p><\/div>\n\t\t\t\t\t\t\t\t\t\t\t\t<\/li>\n\t\t\t\t\t\t\t\t\t\t\t\t\t\t\t\t\t\t\t\t\t<li class=\"tb-practicalv2__icon-item\">\n\t\t\t\t\t\t\t\t\t\t\t\t\t\t\t\t\t\t\t\t\t\t\t\t\t<div>\n\t\t\t\t\t\t\t\t\t\t\t\t\t\t\t\t\t\t<i class=\"icon fa-solid fa-bed\" aria-hidden=\"true\"><\/i>\n\t\t\t\t\t\t\t\t\t\t\t\t\t\t\t\t<\/div>\n\t\t\t\t\t\t\t\t\t\t\t\t\t\t\t\t\t\t\t\t\t\t\t\t\t\t<div class=\"translation-block\"><p>Kampeermateriaal (tweepersoonsmatras, slaapzakken, kussens, tafel en stoelen)<\/p><\/div>\n\t\t\t\t\t\t\t\t\t\t\t\t<\/li>\n\t\t\t\t\t\t\t\t\t\t\t\t\t\t\t\t\t\t\t\t\t<li class=\"tb-practicalv2__icon-item\">\n\t\t\t\t\t\t\t\t\t\t\t\t\t\t\t\t\t\t\t\t\t\t\t\t\t<div>\n\t\t\t\t\t\t\t\t\t\t\t\t\t\t\t\t\t\t<i class=\"icon fa-solid fa-bowl-rice\" aria-hidden=\"true\"><\/i>\n\t\t\t\t\t\t\t\t\t\t\t\t\t\t\t\t<\/div>\n\t\t\t\t\t\t\t\t\t\t\t\t\t\t\t\t\t\t\t\t\t\t\t\t\t\t<div class=\"translation-block\"><p>Kookmateriaal (kooktoestel, pan, steelpan, borden, kommen, bekers en bestek)<\/p><\/div>\n\t\t\t\t\t\t\t\t\t\t\t\t<\/li>\n\t\t\t\t\t\t\t\t\t\t\t\t\t\t\t\t\t\t\t\t\t<li class=\"tb-practicalv2__icon-item\">\n\t\t\t\t\t\t\t\t\t\t\t\t\t\t\t\t\t\t\t\t\t\t\t\t\t<div>\n\t\t\t\t\t\t\t\t\t\t\t\t\t\t\t\t\t\t<i class=\"icon fa-solid fa-phone\" aria-hidden=\"true\"><\/i>\n\t\t\t\t\t\t\t\t\t\t\t\t\t\t\t\t<\/div>\n\t\t\t\t\t\t\t\t\t\t\t\t\t\t\t\t\t\t\t\t\t\t\t\t\t\t<div class=\"translation-block\"><p>Ondersteuning voor en tijdens je reis<\/p><\/div>\n\t\t\t\t\t\t\t\t\t\t\t\t<\/li>\n\t\t\t\t\t\t\t\t\t\t\t\t\t\t\t\t\t\t\t<\/ul>\n\t\t\t\t\t\t\t\t\t\t\n\t\t\t\t\t\t\t\t\t\t\t\t\t\t\t\t\t\t\t<a href=\"https:\/\/albanianomads.com\/nl\/#join\"  target=\"\" class=\"tb-button\">\n\t\t\tNaar Albani\u00eb\t\t<\/a>\n\t\t\t\t\t\t\t\t\t\t\t\t\t\t\t\t\t<\/div>\n\t\t\t\t\t\t\t\n\t\t\t\t\t\t\t\t\t\t\t\t\t\t\t\t\t\t<\/div>\n\t\t\t\t<\/details>\n\t\t\t\t\t\t\t<details class=\"tb-practicalv2__category tb-practicalv2__category--optional\" id=\"optional\" open>\n\t\t\t\t\t<summary class=\"tb-practicalv2__category-toggle\">\n\t\t\t\t\t\t\t\t\t\t\t\t\t\t\t\t\t<i class=\"icon fa-solid fa-list-check tb-style-block\" aria-hidden=\"true\"><\/i>\n\t\t\t\t\t\t\t\t\t\t\t\t\t\t\t<span class=\"tb-practicalv2__category-name\">\n\t\t\t\t\t\t\tOptioneel\t\t\t\t\t\t<\/span>\n\t\t\t\t\t<\/summary>\n\t\t\t\t\t<div class=\"tb-practicalv2__category-content\">\n\t\t\t\t\t\t\t\t\t\t\t\t\t<div class=\"tb-practicalv2__category-default-content\">\n\t\t\t\t\t\t\t\t\t\t\n\t\t\t\t\t\t\t\t\t\t\t\t\t\t\t\t\t<ul class=\"tb-practicalv2__icon-list\">\n\t\t\t\t\t\t\t\t\t\t\t\t\t\t\t\t\t\t\t\t\t<li class=\"tb-practicalv2__icon-item\">\n\t\t\t\t\t\t\t\t\t\t\t\t\t\t\t\t\t\t\t\t\t\t\t\t\t<div>\n\t\t\t\t\t\t\t\t\t\t\t\t\t\t\t\t\t\t<i class=\"icon fa-solid fa-sailboat\" aria-hidden=\"true\"><\/i>\n\t\t\t\t\t\t\t\t\t\t\t\t\t\t\t\t<\/div>\n\t\t\t\t\t\t\t\t\t\t\t\t\t\t\t\t\t\t\t\t\t\t\t\t\t\t<div class=\"translation-block\"><p>Activiteiten<\/p><\/div>\n\t\t\t\t\t\t\t\t\t\t\t\t<\/li>\n\t\t\t\t\t\t\t\t\t\t\t\t\t\t\t\t\t\t\t\t\t<li class=\"tb-practicalv2__icon-item\">\n\t\t\t\t\t\t\t\t\t\t\t\t\t\t\t\t\t\t\t\t\t\t\t\t\t<div>\n\t\t\t\t\t\t\t\t\t\t\t\t\t\t\t\t\t\t<i class=\"icon fa-solid fa-plane\" aria-hidden=\"true\"><\/i>\n\t\t\t\t\t\t\t\t\t\t\t\t\t\t\t\t<\/div>\n\t\t\t\t\t\t\t\t\t\t\t\t\t\t\t\t\t\t\t\t\t\t\t\t\t\t<div class=\"translation-block\"><p>Internationale retourvluchten<\/p><\/div>\n\t\t\t\t\t\t\t\t\t\t\t\t<\/li>\n\t\t\t\t\t\t\t\t\t\t\t\t\t\t\t\t\t\t\t\t\t<li class=\"tb-practicalv2__icon-item\">\n\t\t\t\t\t\t\t\t\t\t\t\t\t\t\t\t\t\t\t\t\t\t\t\t\t<div>\n\t\t\t\t\t\t\t\t\t\t\t\t\t\t\t\t\t\t<i class=\"icon fa-solid fa-car-burst\" aria-hidden=\"true\"><\/i>\n\t\t\t\t\t\t\t\t\t\t\t\t\t\t\t\t<\/div>\n\t\t\t\t\t\t\t\t\t\t\t\t\t\t\t\t\t\t\t\t\t\t\t\t\t\t<div class=\"translation-block\"><p><a href=\"https:\/\/admin.travelbase.eu\/u\/source\/Nomads_Trips\/General\/DAMAGE_WAIVER\/Damage_Waiver_NL.pdf\" target=\"_blank\">Schadeverzekering<\/a><\/p><\/div>\n\t\t\t\t\t\t\t\t\t\t\t\t<\/li>\n\t\t\t\t\t\t\t\t\t\t\t\t\t\t\t\t\t\t\t\t\t<li class=\"tb-practicalv2__icon-item\">\n\t\t\t\t\t\t\t\t\t\t\t\t\t\t\t\t\t\t\t\t\t\t\t\t\t<div>\n\t\t\t\t\t\t\t\t\t\t\t\t\t\t\t\t\t\t<i class=\"icon fa-solid fa-credit-card\" aria-hidden=\"true\"><\/i>\n\t\t\t\t\t\t\t\t\t\t\t\t\t\t\t\t<\/div>\n\t\t\t\t\t\t\t\t\t\t\t\t\t\t\t\t\t\t\t\t\t\t\t\t\t\t<div class=\"translation-block\"><p><a href=\"https:\/\/static.travelbase.eu\/u\/source\/Nomads_Trips\/NOMADS_CANCELLATION_INSURANCE_NL.pdf\" target=\"_blank\">Annuleringsverzekering<\/a><\/p><\/div>\n\t\t\t\t\t\t\t\t\t\t\t\t<\/li>\n\t\t\t\t\t\t\t\t\t\t\t\t\t\t\t\t\t\t\t\t\t<li class=\"tb-practicalv2__icon-item\">\n\t\t\t\t\t\t\t\t\t\t\t\t\t\t\t\t\t\t\t\t\t\t\t\t\t<div>\n\t\t\t\t\t\t\t\t\t\t\t\t\t\t\t\t\t\t<i class=\"icon fa-solid fa-plane-lock\" aria-hidden=\"true\"><\/i>\n\t\t\t\t\t\t\t\t\t\t\t\t\t\t\t\t<\/div>\n\t\t\t\t\t\t\t\t\t\t\t\t\t\t\t\t\t\t\t\t\t\t\t\t\t\t<div class=\"translation-block\"><p><a href=\"https:\/\/albanianomads.com\/nl\/travelinsurance\/\" target=\"_blank\">Reisverzekering<\/a><\/p><\/div>\n\t\t\t\t\t\t\t\t\t\t\t\t<\/li>\n\t\t\t\t\t\t\t\t\t\t\t\t\t\t\t\t\t\t\t\t\t<li class=\"tb-practicalv2__icon-item\">\n\t\t\t\t\t\t\t\t\t\t\t\t\t\t\t\t\t\t\t\t\t\t\t\t\t<div>\n\t\t\t\t\t\t\t\t\t\t\t\t\t\t\t\t\t\t<i class=\"icon fa-solid fa-earth-europe\" aria-hidden=\"true\"><\/i>\n\t\t\t\t\t\t\t\t\t\t\t\t\t\t\t\t<\/div>\n\t\t\t\t\t\t\t\t\t\t\t\t\t\t\t\t\t\t\t\t\t\t\t\t\t\t<div class=\"translation-block\"><p>Compensatie van CO2-uitstoot<\/p><\/div>\n\t\t\t\t\t\t\t\t\t\t\t\t<\/li>\n\t\t\t\t\t\t\t\t\t\t\t\t\t\t\t\t\t\t\t<\/ul>\n\t\t\t\t\t\t\t\t\t\t\n\t\t\t\t\t\t\t\t\t\t\t\t\t\t\t<\/div>\n\t\t\t\t\t\t\t\n\t\t\t\t\t\t\t\t\t\t\t\t\t\t\t<div class=\"tb-practicalv2__info-extra\">\n\t\t\t\t\t\t\t\t\t\t\t\t\t\t\t\t\t\t\t\t\t<div class=\"translation-block\"><p>Vind alle <a href=\"https:\/\/albanianomads.com\/nl\/#options\">details en prijzen<\/a> van de extra opties hierboven.<\/p><\/div>\n\t\t\t\t\t\t\t\t\t\t\t\t\t\n\t\t\t\t\t\t\t\t\t\t\t\t\t\t\t\t\t<\/div>\n\t\t\t\t\t\t\t\t\t\t\t\t\t\t\t\t\t\t<\/div>\n\t\t\t\t<\/details>\n\t\t\t\t\t\t\t<details class=\"tb-practicalv2__category tb-practicalv2__category--insurance\" id=\"insurance\" open>\n\t\t\t\t\t<summary class=\"tb-practicalv2__category-toggle\">\n\t\t\t\t\t\t\t\t\t\t\t\t\t\t\t\t\t<i class=\"icon fa-solid fa-car-burst tb-style-block\" aria-hidden=\"true\"><\/i>\n\t\t\t\t\t\t\t\t\t\t\t\t\t\t\t<span class=\"tb-practicalv2__category-name\">\n\t\t\t\t\t\t\tVerzekeringen\t\t\t\t\t\t<\/span>\n\t\t\t\t\t<\/summary>\n\t\t\t\t\t<div class=\"tb-practicalv2__category-content\">\n\t\t\t\t\t\t\t\t\t\t\t\t\t<div class=\"tb-practicalv2__category-default-content\">\n\t\t\t\t\t\t\t\t\t\t\n\t\t\t\t\t\t\t\t\t\t\t\t\t\t\t\t\t<ul class=\"tb-practicalv2__icon-list\">\n\t\t\t\t\t\t\t\t\t\t\t\t\t\t\t\t\t\t\t\t\t<li class=\"tb-practicalv2__icon-item\">\n\t\t\t\t\t\t\t\t\t\t\t\t\t\t\t\t\t\t\t\t\t\t\t\t\t<div>\n\t\t\t\t\t\t\t\t\t\t\t\t\t\t\t\t\t\t<i class=\"icon fa-solid fa-car-on\" aria-hidden=\"true\"><\/i>\n\t\t\t\t\t\t\t\t\t\t\t\t\t\t\t\t<\/div>\n\t\t\t\t\t\t\t\t\t\t\t\t\t\t\t\t\t\t\t\t\t\t\t\t\t\t<div class=\"translation-block\"><p><a href=\"https:\/\/admin.travelbase.eu\/u\/source\/Nomads_Trips\/General\/DAMAGE_WAIVER\/Damage_Waiver_NL.pdf\" target=\"_blank\">Schadeverzekering<\/a>: \u20ac37\/dag\/voertuig<\/p><\/div>\n\t\t\t\t\t\t\t\t\t\t\t\t<\/li>\n\t\t\t\t\t\t\t\t\t\t\t\t\t\t\t\t\t\t\t\t\t<li class=\"tb-practicalv2__icon-item\">\n\t\t\t\t\t\t\t\t\t\t\t\t\t\t\t\t\t\t\t\t\t\t\t\t\t<div>\n\t\t\t\t\t\t\t\t\t\t\t\t\t\t\t\t\t\t<i class=\"icon fa-solid fa-credit-card\" aria-hidden=\"true\"><\/i>\n\t\t\t\t\t\t\t\t\t\t\t\t\t\t\t\t<\/div>\n\t\t\t\t\t\t\t\t\t\t\t\t\t\t\t\t\t\t\t\t\t\t\t\t\t\t<div class=\"translation-block\"><p><a href=\"https:\/\/static.travelbase.eu\/u\/source\/Nomads_Trips\/NOMADS_CANCELLATION_INSURANCE_NL.pdf\" target=\"_blank\">Annuleringsverzekering<\/a>: \u20ac89\/persoon<\/p><\/div>\n\t\t\t\t\t\t\t\t\t\t\t\t<\/li>\n\t\t\t\t\t\t\t\t\t\t\t\t\t\t\t\t\t\t\t\t\t<li class=\"tb-practicalv2__icon-item\">\n\t\t\t\t\t\t\t\t\t\t\t\t\t\t\t\t\t\t\t\t\t\t\t\t\t<div>\n\t\t\t\t\t\t\t\t\t\t\t\t\t\t\t\t\t\t<i class=\"icon fa-solid fa-earth-europe\" aria-hidden=\"true\"><\/i>\n\t\t\t\t\t\t\t\t\t\t\t\t\t\t\t\t<\/div>\n\t\t\t\t\t\t\t\t\t\t\t\t\t\t\t\t\t\t\t\t\t\t\t\t\t\t<div class=\"translation-block\"><p><a href=\"https:\/\/albanianomads.com\/nl\/travelinsurance\/\" target=\"_blank\">Reisverzekering<\/a>: \u20ac49\/persoon<\/p><\/div>\n\t\t\t\t\t\t\t\t\t\t\t\t<\/li>\n\t\t\t\t\t\t\t\t\t\t\t\t\t\t\t\t\t\t\t<\/ul>\n\t\t\t\t\t\t\t\t\t\t\n\t\t\t\t\t\t\t\t\t\t\t\t\t\t\t<\/div>\n\t\t\t\t\t\t\t\n\t\t\t\t\t\t\t\t\t\t\t\t\t\t\t\t\t\t<\/div>\n\t\t\t\t<\/details>\n\t\t\t\t\t\t\t<details class=\"tb-practicalv2__category tb-practicalv2__category--custom\" id=\"documents\" open>\n\t\t\t\t\t<summary class=\"tb-practicalv2__category-toggle\">\n\t\t\t\t\t\t\t\t\t\t\t\t\t\t\t\t\t<i class=\"icon fa-solid fa-passport tb-style-block\" aria-hidden=\"true\"><\/i>\n\t\t\t\t\t\t\t\t\t\t\t\t\t\t\t<span class=\"tb-practicalv2__category-name\">\n\t\t\t\t\t\t\tDocumenten\t\t\t\t\t\t<\/span>\n\t\t\t\t\t<\/summary>\n\t\t\t\t\t<div class=\"tb-practicalv2__category-content\">\n\t\t\t\t\t\t\t\t\t\t\t\t\t<div class=\"tb-practicalv2__category-default-content\">\n\t\t\t\t\t\t\t\t\t\t\n\t\t\t\t\t\t\t\t\t\t\t\t\t\t\t\t\t<ul class=\"tb-practicalv2__icon-list\">\n\t\t\t\t\t\t\t\t\t\t\t\t\t\t\t\t\t\t\t\t\t<li class=\"tb-practicalv2__icon-item\">\n\t\t\t\t\t\t\t\t\t\t\t\t\t\t\t\t\t\t\t\t\t\t\t\t\t<div>\n\t\t\t\t\t\t\t\t\t\t\t\t\t\t\t\t\t\t<i class=\"icon fa-solid fa-passport\" aria-hidden=\"true\"><\/i>\n\t\t\t\t\t\t\t\t\t\t\t\t\t\t\t\t<\/div>\n\t\t\t\t\t\t\t\t\t\t\t\t\t\t\t\t\t\t\t\t\t\t\t\t\t\t<div class=\"translation-block\"><p>Identiteitskaart of internationaal paspoort (nog geldig 6 maanden na je terugkeer)<\/p><\/div>\n\t\t\t\t\t\t\t\t\t\t\t\t<\/li>\n\t\t\t\t\t\t\t\t\t\t\t\t\t\t\t\t\t\t\t<\/ul>\n\t\t\t\t\t\t\t\t\t\t\n\t\t\t\t\t\t\t\t\t\t\t\t\t\t\t<\/div>\n\t\t\t\t\t\t\t\n\t\t\t\t\t\t\t\t\t\t\t\t\t\t\t\t\t\t<\/div>\n\t\t\t\t<\/details>\n\t\t\t\t\t\t\t<details class=\"tb-practicalv2__category tb-practicalv2__category--custom\" id=\"a-prevoir\" open>\n\t\t\t\t\t<summary class=\"tb-practicalv2__category-toggle\">\n\t\t\t\t\t\t\t\t\t\t\t\t\t\t\t\t\t<i class=\"icon fa-solid fa-suitcase tb-style-block\" aria-hidden=\"true\"><\/i>\n\t\t\t\t\t\t\t\t\t\t\t\t\t\t\t<span class=\"tb-practicalv2__category-name\">\n\t\t\t\t\t\t\tWat moet ik meenemen?\t\t\t\t\t\t<\/span>\n\t\t\t\t\t<\/summary>\n\t\t\t\t\t<div class=\"tb-practicalv2__category-content\">\n\t\t\t\t\t\t\t\t\t\t\t\t\t<div class=\"tb-practicalv2__category-default-content\">\n\t\t\t\t\t\t\t\t\t\t\n\t\t\t\t\t\t\t\t\t\t\t\t\t\t\t\t\t<ul class=\"tb-practicalv2__icon-list\">\n\t\t\t\t\t\t\t\t\t\t\t\t\t\t\t\t\t\t\t\t\t<li class=\"tb-practicalv2__icon-item\">\n\t\t\t\t\t\t\t\t\t\t\t\t\t\t\t\t\t\t\t\t\t\t\t\t\t<div>\n\t\t\t\t\t\t\t\t\t\t\t\t\t\t\t\t\t\t<i class=\"icon fa-solid fa-square-check\" aria-hidden=\"true\"><\/i>\n\t\t\t\t\t\t\t\t\t\t\t\t\t\t\t\t<\/div>\n\t\t\t\t\t\t\t\t\t\t\t\t\t\t\t\t\t\t\t\t\t\t\t\t\t\t<div class=\"translation-block\"><p><a href=\"https:\/\/admin.travelbase.eu\/u\/source\/Nomads_Trips\/Albania\/2026\/PACKLIST\/ALBN26_Packlist_NL.pdf\">Lijst met dingen om mee te nemen<\/a><\/p><\/div>\n\t\t\t\t\t\t\t\t\t\t\t\t<\/li>\n\t\t\t\t\t\t\t\t\t\t\t\t\t\t\t\t\t\t\t<\/ul>\n\t\t\t\t\t\t\t\t\t\t\n\t\t\t\t\t\t\t\t\t\t\t\t\t\t\t<\/div>\n\t\t\t\t\t\t\t\n\t\t\t\t\t\t\t\t\t\t\t\t\t\t\t\t\t\t<\/div>\n\t\t\t\t<\/details>\n\t\t\t\t\t<\/div>\n\t<\/div>\n<\/div>\n\n\n\n\n\n\n<div class=\"tb-howtogetthere tb-block align-none background-light pattern-default variant-none tb-collapsible-margins\" id=\"transport\">\n\t<div class=\"inner-block tb-fade-in tb-fade-in--subtle\">\n\t\t<div class=\"text-part\">\n\t\t\t<h2>Hoe kom je er? <\/h2>\n\t\t\t\t\t<div class=\"translation-block\">Je reis start in <strong>Tirana<\/strong>. We verwachten je op de eerste dag <strong>tussen 14u en 17u op de luchthaven<\/strong> om je auto op te halen. Het is aangeraden om zo vroeg mogelijk aan te komen, zodat je het meeste uit je eerste dag kunt halen.<\/div>\n\t\t\t\t\t\t\t\t<div class=\"select-part\">\n\t\t\t\t\t<label>Reizen vanuit<\/label>\n\t\t\t\t\t<select>\n\t\t\t\t\t\t\t\t\t\t\t\t\t<option value=\"0\" data-section=\"transport-section-0\">\ud83c\uddf3\ud83c\uddf1 Nederland<\/option>\n\t\t\t\t\t\t\t\t\t\t\t\t\t<option value=\"1\" data-section=\"transport-section-1\">\ud83c\udde7\ud83c\uddea Belgi\u00eb<\/option>\n\t\t\t\t\t\t\t\t\t\t\t<\/select>\n\t\t\t\t<\/div>\n\t\t\t\t\t<\/div>\n\t<\/div>\n\t\t\t<div class=\"inner-block tb-fade-in tb-fade-in--subtle\">\n\t\t\t\t\t\t\t<div class=\"tb-sections\">\n\t\t\t\t\t\t\t\t\t\t\t\t\t\t\t\t\t\t<div class=\"tb-section entries\" id=\"transport-section-0\">\n\t\t\t\t\t\t\t\t\t\t\t\t\t\t\t\t\t<div class=\"entry\">\n\t\t\t\t\t\t\t\t\t\t\t\t\t\t<i class=\"icon fa-solid fa-plane-departure\" aria-hidden=\"true\"><\/i>\n\t\t\t\t\t\t\t\t\t\t\t\t\t<div class=\"text-part\">\n\t\t\t\t\t\t\t\t\t\t\t<h4>Vluchten via Albania Nomads<\/h4>\n\t\t\t\t\t\t\t\t\t\t\t\t\t<div class=\"translation-block\"><p>We bieden vluchten met een tussenstop in Wenen of Frankfurt aan naar Tirana (TIA) vanuit Amsterdam (AMS)<\/p><p>Vluchtschema:<\/p><ul><li><strong>Heenreis (dag 1)<\/strong>: vertrek uit Amsterdam om 8u en aankomst in Tirana om 13u25<\/li><li><strong>Terugreis (dag 8)<\/strong>: vertrek uit Tirana om 14u15 of 15u00 en aankomst in Amsterdam om 22u10 of 22u15<\/li><\/ul><p>Als je je vluchten bij ons boekt, worden ze afgestemd op je reisprogramma en kun je rekenen op onze ondersteuning in geval van problemen.<\/p><\/div>\n\t\t\t\t\t\t\t\t\t\t\t<\/div>\n\t\t\t\t\t\t\t\t\t<\/div>\n\t\t\t\t\t\t\t\t\t\t\t\t\t\t\t\t\t<div class=\"entry\">\n\t\t\t\t\t\t\t\t\t\t\t\t\t\t<i class=\"icon fa-solid fa-plane\" aria-hidden=\"true\"><\/i>\n\t\t\t\t\t\t\t\t\t\t\t\t\t<div class=\"text-part\">\n\t\t\t\t\t\t\t\t\t\t\t<h4>Andere vluchten<\/h4>\n\t\t\t\t\t\t\t\t\t\t\t\t\t<div class=\"translation-block\"><p>Wil je liever zelf je vluchten boeken? Geen probleem! Zorg er dan voor dat je aankomst- en vertrektijden goed aansluiten bij je verblijf:<\/p><ul><li><strong>Heenreis<\/strong> (dag 1): aankomst v\u00f3\u00f3r <strong>17u00<\/strong> zodat je je SUV nog kunt ophalen<\/li><li><strong>Terugreis<\/strong> (dag 8): vertrek op de dag zelf (je hebt de auto niet meer na <strong>10u<\/strong>)<\/li><\/ul><p>We raden je aan om <a href=\"https:\/\/flights.google.com\/\" target=\"_blank\">Google Flights<\/a> te gebruiken om vluchten te vergelijken.<br>Neem gerust contact op als je vragen hebt.<\/p><\/div>\n\t\t\t\t\t\t\t\t\t\t\t<\/div>\n\t\t\t\t\t\t\t\t\t<\/div>\n\t\t\t\t\t\t\t\t\t\t\t\t\t\t\t\t\t<div class=\"entry\">\n\t\t\t\t\t\t\t\t\t\t\t\t\t\t<i class=\"icon fa-solid fa-suitcase-rolling\" aria-hidden=\"true\"><\/i>\n\t\t\t\t\t\t\t\t\t\t\t\t\t<div class=\"text-part\">\n\t\t\t\t\t\t\t\t\t\t\t<h4>Toegestane Bagage<\/h4>\n\t\t\t\t\t\t\t\t\t\t\t\t\t<div class=\"translation-block\"><p>Als je je vluchten via <strong>Albania Nomads<\/strong> boekt:<\/p><p><strong>Inbegrepen<\/strong>:&nbsp;<\/p><ul><li>1 persoonlijke item (max. 40 x 30 x 20 cm) te plaatsen onder de stoel<\/li><li>1 stuk handbagage (max. 8 kg, 55 x 40 x 23 cm)<\/li><li>1 ruimbagage (23kg)<\/li><\/ul><\/div>\n\t\t\t\t\t\t\t\t\t\t\t<\/div>\n\t\t\t\t\t\t\t\t\t<\/div>\n\t\t\t\t\t\t\t\t\t\t\t\t\t\t\t\t\t<div class=\"entry\">\n\t\t\t\t\t\t\t\t\t\t\t\t\t\t<i class=\"icon fa-solid fa-car\" aria-hidden=\"true\"><\/i>\n\t\t\t\t\t\t\t\t\t\t\t\t\t<div class=\"text-part\">\n\t\t\t\t\t\t\t\t\t\t\t<h4>Ophalen en inleveren van de huurauto<\/h4>\n\t\t\t\t\t\t\t\t\t\t\t\t\t<div class=\"translation-block\"><p>Op dag 1 kun je de auto ophalen <strong>tussen 14u&nbsp; en 17u<\/strong>&nbsp; bij onze partner op de luchthaven.<\/p><p>Op dag 8 moet de auto op dezelfde locatie uiterlijk <strong>om 10u<\/strong> worden ingeleverd.<\/p><\/div>\n\t\t\t\t\t\t\t\t\t\t\t<\/div>\n\t\t\t\t\t\t\t\t\t<\/div>\n\t\t\t\t\t\t\t\t\t\t\t\t\t\t\t<\/div>\n\t\t\t\t\t\t\t\t\t\t\t\t\t\t\t\t\t\t\t\t\t\t\t\t<div class=\"tb-section entries hidden\" id=\"transport-section-1\">\n\t\t\t\t\t\t\t\t\t\t\t\t\t\t\t\t\t<div class=\"entry\">\n\t\t\t\t\t\t\t\t\t\t\t\t\t\t<i class=\"icon fa-solid fa-plane-departure\" aria-hidden=\"true\"><\/i>\n\t\t\t\t\t\t\t\t\t\t\t\t\t<div class=\"text-part\">\n\t\t\t\t\t\t\t\t\t\t\t<h4>Vluchten via Albania Nomads<\/h4>\n\t\t\t\t\t\t\t\t\t\t\t\t\t<div class=\"translation-block\"><p>We bieden vluchten met een tussenstop in Frankfurt of Wenen aan naar <strong>Tirana (TIA)<\/strong> vanuit <strong>Brussel (BRU)<\/strong><\/p>\n<p>Vluchtschema:<\/p>\n<ul>\n<li><strong>Heenreis<\/strong> (dag 1): vertrek uit Brussel om 8u30 en aankomst in Tirana om 13u25<\/li>\n<li><strong>Terugreis<\/strong> (dag 8): vertrek uit Tirana om 14u10 of 15u00 en aankomst in Brussel om 19u55 of 20u40<\/li>\n<\/ul>\n<p>Als je je vluchten via ons boekt, passen we ze aan je reisprogramma aan en kun je <b>rekenen op onze steun in geval van problemen<\/b>.<\/p><\/div>\n\t\t\t\t\t\t\t\t\t\t\t<\/div>\n\t\t\t\t\t\t\t\t\t<\/div>\n\t\t\t\t\t\t\t\t\t\t\t\t\t\t\t\t\t<div class=\"entry\">\n\t\t\t\t\t\t\t\t\t\t\t\t\t\t<i class=\"icon fa-solid fa-plane\" aria-hidden=\"true\"><\/i>\n\t\t\t\t\t\t\t\t\t\t\t\t\t<div class=\"text-part\">\n\t\t\t\t\t\t\t\t\t\t\t<h4>Andere vluchten<\/h4>\n\t\t\t\t\t\t\t\t\t\t\t\t\t<div class=\"translation-block\"><p>Wil je liever zelf je vluchten boeken? Geen probleem! Zorg er dan voor dat je aankomst- en vertrektijden goed aansluiten bij je verblijf:<\/p><ul><li><strong>Heenreis<\/strong> (dag 1): aankomst v\u00f3\u00f3r <strong>17u00<\/strong> zodat je je SUV nog kunt ophalen<\/li><li><strong>Terugreis<\/strong> (dag 8): vertrek op de dag zelf (je hebt de auto niet meer na <strong>10u<\/strong>)<\/li><\/ul><p>We raden je aan om <a href=\"https:\/\/flights.google.com\/\" target=\"_blank\">Google Flights<\/a> te gebruiken om vluchten te vergelijken.<br>Neem gerust contact op als je vragen hebt.<\/p><\/div>\n\t\t\t\t\t\t\t\t\t\t\t<\/div>\n\t\t\t\t\t\t\t\t\t<\/div>\n\t\t\t\t\t\t\t\t\t\t\t\t\t\t\t\t\t<div class=\"entry\">\n\t\t\t\t\t\t\t\t\t\t\t\t\t\t<i class=\"icon fa-solid fa-suitcase-rolling\" aria-hidden=\"true\"><\/i>\n\t\t\t\t\t\t\t\t\t\t\t\t\t<div class=\"text-part\">\n\t\t\t\t\t\t\t\t\t\t\t<h4>Toegestane Bagage<\/h4>\n\t\t\t\t\t\t\t\t\t\t\t\t\t<div class=\"translation-block\"><p>Als je je vluchten via <strong>Albania Nomads<\/strong> boekt:<\/p><p><strong>Inbegrepen<\/strong>:&nbsp;<\/p><ul><li>1 persoonlijke item (max. 40 x 30 x 20 cm) te plaatsen onder de stoel<\/li><li>1 stuk handbagage (max. 8 kg, 55 x 40 x 23 cm)<\/li><li>1 ruimbagage (23kg)<\/li><\/ul><\/div>\n\t\t\t\t\t\t\t\t\t\t\t<\/div>\n\t\t\t\t\t\t\t\t\t<\/div>\n\t\t\t\t\t\t\t\t\t\t\t\t\t\t\t\t\t<div class=\"entry\">\n\t\t\t\t\t\t\t\t\t\t\t\t\t\t<i class=\"icon fa-solid fa-car\" aria-hidden=\"true\"><\/i>\n\t\t\t\t\t\t\t\t\t\t\t\t\t<div class=\"text-part\">\n\t\t\t\t\t\t\t\t\t\t\t<h4>Ophalen en inleveren van de huurauto<\/h4>\n\t\t\t\t\t\t\t\t\t\t\t\t\t<div class=\"translation-block\"><p>Op dag 1 kun je de auto ophalen <strong>tussen 14u&nbsp; en 17u<\/strong>&nbsp; bij onze partner op de luchthaven.<\/p><p>Op dag 8 moet de auto op dezelfde locatie uiterlijk <strong>om 10u<\/strong> worden ingeleverd.<\/p><\/div>\n\t\t\t\t\t\t\t\t\t\t\t<\/div>\n\t\t\t\t\t\t\t\t\t<\/div>\n\t\t\t\t\t\t\t\t\t\t\t\t\t\t\t<\/div>\n\t\t\t\t\t\t\t\t\t\t\t\t\t\t\t<\/div>\n\t\t\t\t\t<\/div>\n\t<\/div>\n\n\n\n\n    <div class=\"tb-calendarv2 tb-block align-center background-light pattern-none variant-none tb-collapsible-margins\" id=\"join\" data-field-packages='[{&quot;package_id&quot;:&quot;ALBN-AN25&quot;,&quot;prereg_url&quot;:&quot;https:\\\/\\\/travelbase.pro.typeform.com\\\/ALBN26preregFR&quot;,&quot;package_summary_content&quot;:&quot;&quot;,&quot;package_summary_inclusive&quot;:false,&quot;rowid&quot;:&quot;68496aed6bd30&quot;}]' data-package-ids='[\"ALBN-AN25\"]' data-brands='[{&quot;type&quot;:&quot;brands&quot;,&quot;id&quot;:&quot;124&quot;,&quot;attributes&quot;:{&quot;name&quot;:&quot;Albania Nomads&quot;,&quot;translatableName&quot;:{&quot;en&quot;:&quot;&quot;,&quot;nl&quot;:&quot;Albania Nomads&quot;,&quot;fr&quot;:&quot;Albania Nomads&quot;,&quot;de&quot;:&quot;&quot;}}}]' data-language='nl' data-allow-collapse-consecutive-sold-out-items='1' data-show-prereg-items='1' data-show-participants='0' data-show-departure-hours='0' data-no-participants-title=\"Nog geen deelnemers\" data-no-participants-text=\"De deelnemers van deze reis zijn nog niet bekend.\" data-sold-out-cta=\"\" data-show-months-toggle=\"1\" data-show-waiting-list-buttons=\"1\" data-show-price-toggle=\"1\" data-show-quote-request=\"1\" data-sort-filter-options-by-az-order='0' data-launch-unfiltered='0' data-merge-duplicate-filters='0'>\n        <div class=\"inner-block tb-fade-in tb-fade-in--subtle\">\n            <div class=\"text-part tb-fade-in tb-fade-in--subtle\">\n                                    <h2>Plan je reis naar Albani\u00eb<\/h2>\n                                                    \t\t<div class=\"translation-block\"><p>De rondreis Albani\u00eb Nomads vindt plaats <strong>van 24\/06\/2026 tot 02\/09\/2026<\/strong> (laatste vertrek).<\/p><p>Schrijf je nu in of vraag eerst een <strong>gepersonaliseerde prijsofferte<\/strong> aan.<\/p><\/div>\n\t                                                    <div class=\"tb-buttons-part\">\n                                                                            \t\t<a href=\"https:\/\/booking.travelbase.eu\/albn26\/book\"  target=\"_blank\" class=\"tb-button\">\n\t\t\tSchrijf je in voor zomer 2026\t\t<\/a>\n\t\t                                                                                                                                        <a href=\"https:\/\/booking.travelbase.eu\/albn26\/offer\" class=\"tb-buttonlink tb-quote-request\" target=\"_blank\"><span>Vraag een offerte aan<\/span><\/a>\n                                                                                                                                                        <\/div>\n                            <\/div>\n\n            \n            \n<div class=\"tb-skeleton tb-skeleton--calendar-v2 tb-skeleton--inactive\">\n    <!-- <div class=\"section-toggler section-toggler--small tb-skeleton__border tb-skeleton__disabled\">\n        <div class=\"section-toggler__inner\">\n            <div class=\"section-toggler__toggle-wrapper\">\n                <div class=\"section-toggler__toggles\">\n                    <input type=\"radio\" name=\"2025\" checked>\n                    <label class=\"tb-skeleton__background tb-skeleton__border\" for=\"\"><span class=\"tb-skeleton__bone\"><span class=\"tb-skeleton__invisible-text\">2025<\/span><\/span><\/label>\n                    <input type=\"radio\" name=\"2026\">\n                    <label class=\"tb-skeleton__border\" for=\"\"><span class=\"tb-skeleton__bone\"><span class=\"tb-skeleton__invisible-text\">2026<\/span><\/span><\/label>\n                <\/div>\n            <\/div>\n        <\/div>\n    <\/div> -->\n    <div class=\"tb-calendar-v2__year\" id=\"year-section-0\">\n        <div class=\"tb-block\">\n            <div class=\"section-toggler section-toggler--fake section-toggler--blocks tb-skeleton__border tb-skeleton__disabled\">\n                <div class=\"section-toggler__inner\">\n                    <div class=\"section-toggler__toggle-wrapper\">\n                        <div class=\"section-toggler__toggles\">\n                            <input type=\"radio\" name=\"Jan\" checked>\n                            <label class=\"tb-skeleton__background tb-skeleton__border\" for=\"\"><span class=\"tb-skeleton__bone\"><span class=\"tb-skeleton__invisible-text\">Jan<\/span><\/span><\/label>\n                            <input type=\"radio\" name=\"Feb\">\n                            <label class=\"tb-skeleton__border\" for=\"\"><span class=\"tb-skeleton__bone\"><span class=\"tb-skeleton__invisible-text\">Feb<\/span><\/span><\/label>\n                            <input type=\"radio\" name=\"Mar\">\n                            <label class=\"tb-skeleton__border\" for=\"\"><span class=\"tb-skeleton__bone\"><span class=\"tb-skeleton__invisible-text\">Mar<\/span><\/span><\/label>\n                            <input type=\"radio\" name=\"Apr\">\n                            <label class=\"tb-skeleton__border\" for=\"\"><span class=\"tb-skeleton__bone\"><span class=\"tb-skeleton__invisible-text\">Apr<\/span><\/span><\/label>\n                            <input type=\"radio\" name=\"May\">\n                            <label class=\"tb-skeleton__border\" for=\"\"><span class=\"tb-skeleton__bone\"><span class=\"tb-skeleton__invisible-text\">May<\/span><\/span><\/label>\n                        <\/div>\n                    <\/div>\n                <\/div>\n            <\/div>\n            <div class=\"tb-calendar-v2__month\" id=\"year-0-month-section-0\">\n                <ul class=\"tb-calendar-v2__departures\">\n                                            <li class=\"tb-calendar-v2__departure tb-calendar-v2-departure tb-skeleton__border\" data-availability=\"free\">\n                            <div class=\"tb-calendar-v2-departure__essential\">\n                                <div class=\"tb-calendar-v2-departure__first-part\">\n                                    <div class=\"tb-calendar-v2-departure__destination desktop-only\">\n                                        <span class=\"tb-skeleton__bone\"><span class=\"tb-skeleton__invisible-text\"><strong>Voorbeeldreis<\/strong><\/span><\/span>\n                                    <\/div>\n                                    <div class=\"tb-calendar-v2-departure__dates\">\n                                        <div class=\"tb-calendar-v2-departure__startdate\">\n                                            <span class=\"tb-skeleton__bone\"><span class=\"tb-skeleton__invisible-text\">Maandag<\/span><\/span>\n                                            <span class=\"tb-skeleton__bone\"><span class=\"tb-skeleton__invisible-text\"><strong>20 jan 2025<\/strong><\/span><\/span>\n                                        <\/div>\n                                        <span class=\"tb-skeleton__bone\"><span class=\"tb-skeleton__invisible-text\"><i class=\"fa-solid fa-arrow-right\"><\/i><\/span><\/span>\n                                        <div class=\"tb-calendar-v2-departure__enddate\">\n                                            <span class=\"tb-skeleton__bone\"><span class=\"tb-skeleton__invisible-text\">Zondag<\/span><\/span>\n                                            <span class=\"tb-skeleton__bone\"><span class=\"tb-skeleton__invisible-text\"><strong>26 jan 2025<\/strong><\/span><\/span>\n                                        <\/div>\n                                    <\/div>\n                                    <div class=\"tb-calendar-v2-departure__divider desktop-only tb-skeleton__bone\"><\/div>\n                                    <div class=\"tb-calendar-v2-departure__availability desktop-only\" data-availability=\"free\"><strong>\n                                            <span class=\"tb-skeleton__bone\"><span class=\"tb-skeleton__invisible-text\">Beschikbaar<\/span><\/span>\n                                        <\/strong><\/div>\n                                    <div class=\"tb-calendar-v2-departure__spots desktop-only\">\n                                        <span class=\"tb-skeleton__bone\"><span class=\"tb-skeleton__invisible-text\">\n                                                                                             <\/span><\/span>\n                                    <\/div>\n                                <\/div>\n                                <div class=\"tb-calendar-v2-departure__last-part\">\n                                    <div class=\"tb-calendar-v2-departure__price\"><span class=\"tb-skeleton__bone\"><span class=\"tb-skeleton__invisible-text\"><strong>\u20ac 1450<\/strong><\/span><\/span><\/div>\n                                    <div class=\"tb-calendar-v2-departure__availability mobile-only\" data-availability=\"free\">\n                                        <strong>\n                                            <span class=\"tb-skeleton__bone\"><span class=\"tb-skeleton__invisible-text\">Beschikbaar<\/span><\/span>\n                                        <\/strong>\n                                    <\/div>\n                                    <div class=\"tb-calendar-v2-departure__expand-button tb-skeleton__disabled desktop-only\" disabled>\n                                        <span class=\"tb-skeleton__bone\"><span class=\"tb-skeleton__invisible-text\"><i class=\"fa-solid fa-chevron-down\"><\/i><\/span><\/span>\n                                    <\/div>\n                                <\/div>\n                            <\/div>\n                            <div class=\"tb-calendar-v2-departure__divider mobile-only tb-skeleton__bone\"><\/div>\n                            <div class=\"tb-calendar-v2-departure__expand-button mobile-only tb-skeleton__disabled\" disabled>\n                                <span class=\"tb-skeleton__bone\"><span class=\"tb-skeleton__invisible-text\"><span class=\"more-info\">Meer info<\/span> <span class=\"less-info\">Minder info<\/span> <i class=\"fa-solid fa-chevron-down\"><\/i><\/span><\/span>\n                            <\/div>\n                        <\/li>\n                                            <li class=\"tb-calendar-v2__departure tb-calendar-v2-departure tb-skeleton__border\" data-availability=\"free\">\n                            <div class=\"tb-calendar-v2-departure__essential\">\n                                <div class=\"tb-calendar-v2-departure__first-part\">\n                                    <div class=\"tb-calendar-v2-departure__destination desktop-only\">\n                                        <span class=\"tb-skeleton__bone\"><span class=\"tb-skeleton__invisible-text\"><strong>Voorbeeldreis<\/strong><\/span><\/span>\n                                    <\/div>\n                                    <div class=\"tb-calendar-v2-departure__dates\">\n                                        <div class=\"tb-calendar-v2-departure__startdate\">\n                                            <span class=\"tb-skeleton__bone\"><span class=\"tb-skeleton__invisible-text\">Maandag<\/span><\/span>\n                                            <span class=\"tb-skeleton__bone\"><span class=\"tb-skeleton__invisible-text\"><strong>20 jan 2025<\/strong><\/span><\/span>\n                                        <\/div>\n                                        <span class=\"tb-skeleton__bone\"><span class=\"tb-skeleton__invisible-text\"><i class=\"fa-solid fa-arrow-right\"><\/i><\/span><\/span>\n                                        <div class=\"tb-calendar-v2-departure__enddate\">\n                                            <span class=\"tb-skeleton__bone\"><span class=\"tb-skeleton__invisible-text\">Zondag<\/span><\/span>\n                                            <span class=\"tb-skeleton__bone\"><span class=\"tb-skeleton__invisible-text\"><strong>26 jan 2025<\/strong><\/span><\/span>\n                                        <\/div>\n                                    <\/div>\n                                    <div class=\"tb-calendar-v2-departure__divider desktop-only tb-skeleton__bone\"><\/div>\n                                    <div class=\"tb-calendar-v2-departure__availability desktop-only\" data-availability=\"free\"><strong>\n                                            <span class=\"tb-skeleton__bone\"><span class=\"tb-skeleton__invisible-text\">Beschikbaar<\/span><\/span>\n                                        <\/strong><\/div>\n                                    <div class=\"tb-calendar-v2-departure__spots desktop-only\">\n                                        <span class=\"tb-skeleton__bone\"><span class=\"tb-skeleton__invisible-text\">\n                                                                                             <\/span><\/span>\n                                    <\/div>\n                                <\/div>\n                                <div class=\"tb-calendar-v2-departure__last-part\">\n                                    <div class=\"tb-calendar-v2-departure__price\"><span class=\"tb-skeleton__bone\"><span class=\"tb-skeleton__invisible-text\"><strong>\u20ac 1450<\/strong><\/span><\/span><\/div>\n                                    <div class=\"tb-calendar-v2-departure__availability mobile-only\" data-availability=\"free\">\n                                        <strong>\n                                            <span class=\"tb-skeleton__bone\"><span class=\"tb-skeleton__invisible-text\">Beschikbaar<\/span><\/span>\n                                        <\/strong>\n                                    <\/div>\n                                    <div class=\"tb-calendar-v2-departure__expand-button tb-skeleton__disabled desktop-only\" disabled>\n                                        <span class=\"tb-skeleton__bone\"><span class=\"tb-skeleton__invisible-text\"><i class=\"fa-solid fa-chevron-down\"><\/i><\/span><\/span>\n                                    <\/div>\n                                <\/div>\n                            <\/div>\n                            <div class=\"tb-calendar-v2-departure__divider mobile-only tb-skeleton__bone\"><\/div>\n                            <div class=\"tb-calendar-v2-departure__expand-button mobile-only tb-skeleton__disabled\" disabled>\n                                <span class=\"tb-skeleton__bone\"><span class=\"tb-skeleton__invisible-text\"><span class=\"more-info\">Meer info<\/span> <span class=\"less-info\">Minder info<\/span> <i class=\"fa-solid fa-chevron-down\"><\/i><\/span><\/span>\n                            <\/div>\n                        <\/li>\n                                            <li class=\"tb-calendar-v2__departure tb-calendar-v2-departure tb-skeleton__border\" data-availability=\"free\">\n                            <div class=\"tb-calendar-v2-departure__essential\">\n                                <div class=\"tb-calendar-v2-departure__first-part\">\n                                    <div class=\"tb-calendar-v2-departure__destination desktop-only\">\n                                        <span class=\"tb-skeleton__bone\"><span class=\"tb-skeleton__invisible-text\"><strong>Voorbeeldreis<\/strong><\/span><\/span>\n                                    <\/div>\n                                    <div class=\"tb-calendar-v2-departure__dates\">\n                                        <div class=\"tb-calendar-v2-departure__startdate\">\n                                            <span class=\"tb-skeleton__bone\"><span class=\"tb-skeleton__invisible-text\">Maandag<\/span><\/span>\n                                            <span class=\"tb-skeleton__bone\"><span class=\"tb-skeleton__invisible-text\"><strong>20 jan 2025<\/strong><\/span><\/span>\n                                        <\/div>\n                                        <span class=\"tb-skeleton__bone\"><span class=\"tb-skeleton__invisible-text\"><i class=\"fa-solid fa-arrow-right\"><\/i><\/span><\/span>\n                                        <div class=\"tb-calendar-v2-departure__enddate\">\n                                            <span class=\"tb-skeleton__bone\"><span class=\"tb-skeleton__invisible-text\">Zondag<\/span><\/span>\n                                            <span class=\"tb-skeleton__bone\"><span class=\"tb-skeleton__invisible-text\"><strong>26 jan 2025<\/strong><\/span><\/span>\n                                        <\/div>\n                                    <\/div>\n                                    <div class=\"tb-calendar-v2-departure__divider desktop-only tb-skeleton__bone\"><\/div>\n                                    <div class=\"tb-calendar-v2-departure__availability desktop-only\" data-availability=\"free\"><strong>\n                                            <span class=\"tb-skeleton__bone\"><span class=\"tb-skeleton__invisible-text\">Beschikbaar<\/span><\/span>\n                                        <\/strong><\/div>\n                                    <div class=\"tb-calendar-v2-departure__spots desktop-only\">\n                                        <span class=\"tb-skeleton__bone\"><span class=\"tb-skeleton__invisible-text\">\n                                                                                             <\/span><\/span>\n                                    <\/div>\n                                <\/div>\n                                <div class=\"tb-calendar-v2-departure__last-part\">\n                                    <div class=\"tb-calendar-v2-departure__price\"><span class=\"tb-skeleton__bone\"><span class=\"tb-skeleton__invisible-text\"><strong>\u20ac 1450<\/strong><\/span><\/span><\/div>\n                                    <div class=\"tb-calendar-v2-departure__availability mobile-only\" data-availability=\"free\">\n                                        <strong>\n                                            <span class=\"tb-skeleton__bone\"><span class=\"tb-skeleton__invisible-text\">Beschikbaar<\/span><\/span>\n                                        <\/strong>\n                                    <\/div>\n                                    <div class=\"tb-calendar-v2-departure__expand-button tb-skeleton__disabled desktop-only\" disabled>\n                                        <span class=\"tb-skeleton__bone\"><span class=\"tb-skeleton__invisible-text\"><i class=\"fa-solid fa-chevron-down\"><\/i><\/span><\/span>\n                                    <\/div>\n                                <\/div>\n                            <\/div>\n                            <div class=\"tb-calendar-v2-departure__divider mobile-only tb-skeleton__bone\"><\/div>\n                            <div class=\"tb-calendar-v2-departure__expand-button mobile-only tb-skeleton__disabled\" disabled>\n                                <span class=\"tb-skeleton__bone\"><span class=\"tb-skeleton__invisible-text\"><span class=\"more-info\">Meer info<\/span> <span class=\"less-info\">Minder info<\/span> <i class=\"fa-solid fa-chevron-down\"><\/i><\/span><\/span>\n                            <\/div>\n                        <\/li>\n                                            <li class=\"tb-calendar-v2__departure tb-calendar-v2-departure tb-skeleton__border\" data-availability=\"free\">\n                            <div class=\"tb-calendar-v2-departure__essential\">\n                                <div class=\"tb-calendar-v2-departure__first-part\">\n                                    <div class=\"tb-calendar-v2-departure__destination desktop-only\">\n                                        <span class=\"tb-skeleton__bone\"><span class=\"tb-skeleton__invisible-text\"><strong>Voorbeeldreis<\/strong><\/span><\/span>\n                                    <\/div>\n                                    <div class=\"tb-calendar-v2-departure__dates\">\n                                        <div class=\"tb-calendar-v2-departure__startdate\">\n                                            <span class=\"tb-skeleton__bone\"><span class=\"tb-skeleton__invisible-text\">Maandag<\/span><\/span>\n                                            <span class=\"tb-skeleton__bone\"><span class=\"tb-skeleton__invisible-text\"><strong>20 jan 2025<\/strong><\/span><\/span>\n                                        <\/div>\n                                        <span class=\"tb-skeleton__bone\"><span class=\"tb-skeleton__invisible-text\"><i class=\"fa-solid fa-arrow-right\"><\/i><\/span><\/span>\n                                        <div class=\"tb-calendar-v2-departure__enddate\">\n                                            <span class=\"tb-skeleton__bone\"><span class=\"tb-skeleton__invisible-text\">Zondag<\/span><\/span>\n                                            <span class=\"tb-skeleton__bone\"><span class=\"tb-skeleton__invisible-text\"><strong>26 jan 2025<\/strong><\/span><\/span>\n                                        <\/div>\n                                    <\/div>\n                                    <div class=\"tb-calendar-v2-departure__divider desktop-only tb-skeleton__bone\"><\/div>\n                                    <div class=\"tb-calendar-v2-departure__availability desktop-only\" data-availability=\"free\"><strong>\n                                            <span class=\"tb-skeleton__bone\"><span class=\"tb-skeleton__invisible-text\">Beschikbaar<\/span><\/span>\n                                        <\/strong><\/div>\n                                    <div class=\"tb-calendar-v2-departure__spots desktop-only\">\n                                        <span class=\"tb-skeleton__bone\"><span class=\"tb-skeleton__invisible-text\">\n                                                                                             <\/span><\/span>\n                                    <\/div>\n                                <\/div>\n                                <div class=\"tb-calendar-v2-departure__last-part\">\n                                    <div class=\"tb-calendar-v2-departure__price\"><span class=\"tb-skeleton__bone\"><span class=\"tb-skeleton__invisible-text\"><strong>\u20ac 1450<\/strong><\/span><\/span><\/div>\n                                    <div class=\"tb-calendar-v2-departure__availability mobile-only\" data-availability=\"free\">\n                                        <strong>\n                                            <span class=\"tb-skeleton__bone\"><span class=\"tb-skeleton__invisible-text\">Beschikbaar<\/span><\/span>\n                                        <\/strong>\n                                    <\/div>\n                                    <div class=\"tb-calendar-v2-departure__expand-button tb-skeleton__disabled desktop-only\" disabled>\n                                        <span class=\"tb-skeleton__bone\"><span class=\"tb-skeleton__invisible-text\"><i class=\"fa-solid fa-chevron-down\"><\/i><\/span><\/span>\n                                    <\/div>\n                                <\/div>\n                            <\/div>\n                            <div class=\"tb-calendar-v2-departure__divider mobile-only tb-skeleton__bone\"><\/div>\n                            <div class=\"tb-calendar-v2-departure__expand-button mobile-only tb-skeleton__disabled\" disabled>\n                                <span class=\"tb-skeleton__bone\"><span class=\"tb-skeleton__invisible-text\"><span class=\"more-info\">Meer info<\/span> <span class=\"less-info\">Minder info<\/span> <i class=\"fa-solid fa-chevron-down\"><\/i><\/span><\/span>\n                            <\/div>\n                        <\/li>\n                                            <li class=\"tb-calendar-v2__departure tb-calendar-v2-departure tb-skeleton__border\" data-availability=\"free\">\n                            <div class=\"tb-calendar-v2-departure__essential\">\n                                <div class=\"tb-calendar-v2-departure__first-part\">\n                                    <div class=\"tb-calendar-v2-departure__destination desktop-only\">\n                                        <span class=\"tb-skeleton__bone\"><span class=\"tb-skeleton__invisible-text\"><strong>Voorbeeldreis<\/strong><\/span><\/span>\n                                    <\/div>\n                                    <div class=\"tb-calendar-v2-departure__dates\">\n                                        <div class=\"tb-calendar-v2-departure__startdate\">\n                                            <span class=\"tb-skeleton__bone\"><span class=\"tb-skeleton__invisible-text\">Maandag<\/span><\/span>\n                                            <span class=\"tb-skeleton__bone\"><span class=\"tb-skeleton__invisible-text\"><strong>20 jan 2025<\/strong><\/span><\/span>\n                                        <\/div>\n                                        <span class=\"tb-skeleton__bone\"><span class=\"tb-skeleton__invisible-text\"><i class=\"fa-solid fa-arrow-right\"><\/i><\/span><\/span>\n                                        <div class=\"tb-calendar-v2-departure__enddate\">\n                                            <span class=\"tb-skeleton__bone\"><span class=\"tb-skeleton__invisible-text\">Zondag<\/span><\/span>\n                                            <span class=\"tb-skeleton__bone\"><span class=\"tb-skeleton__invisible-text\"><strong>26 jan 2025<\/strong><\/span><\/span>\n                                        <\/div>\n                                    <\/div>\n                                    <div class=\"tb-calendar-v2-departure__divider desktop-only tb-skeleton__bone\"><\/div>\n                                    <div class=\"tb-calendar-v2-departure__availability desktop-only\" data-availability=\"free\"><strong>\n                                            <span class=\"tb-skeleton__bone\"><span class=\"tb-skeleton__invisible-text\">Beschikbaar<\/span><\/span>\n                                        <\/strong><\/div>\n                                    <div class=\"tb-calendar-v2-departure__spots desktop-only\">\n                                        <span class=\"tb-skeleton__bone\"><span class=\"tb-skeleton__invisible-text\">\n                                                                                             <\/span><\/span>\n                                    <\/div>\n                                <\/div>\n                                <div class=\"tb-calendar-v2-departure__last-part\">\n                                    <div class=\"tb-calendar-v2-departure__price\"><span class=\"tb-skeleton__bone\"><span class=\"tb-skeleton__invisible-text\"><strong>\u20ac 1450<\/strong><\/span><\/span><\/div>\n                                    <div class=\"tb-calendar-v2-departure__availability mobile-only\" data-availability=\"free\">\n                                        <strong>\n                                            <span class=\"tb-skeleton__bone\"><span class=\"tb-skeleton__invisible-text\">Beschikbaar<\/span><\/span>\n                                        <\/strong>\n                                    <\/div>\n                                    <div class=\"tb-calendar-v2-departure__expand-button tb-skeleton__disabled desktop-only\" disabled>\n                                        <span class=\"tb-skeleton__bone\"><span class=\"tb-skeleton__invisible-text\"><i class=\"fa-solid fa-chevron-down\"><\/i><\/span><\/span>\n                                    <\/div>\n                                <\/div>\n                            <\/div>\n                            <div class=\"tb-calendar-v2-departure__divider mobile-only tb-skeleton__bone\"><\/div>\n                            <div class=\"tb-calendar-v2-departure__expand-button mobile-only tb-skeleton__disabled\" disabled>\n                                <span class=\"tb-skeleton__bone\"><span class=\"tb-skeleton__invisible-text\"><span class=\"more-info\">Meer info<\/span> <span class=\"less-info\">Minder info<\/span> <i class=\"fa-solid fa-chevron-down\"><\/i><\/span><\/span>\n                            <\/div>\n                        <\/li>\n                                            <li class=\"tb-calendar-v2__departure tb-calendar-v2-departure tb-skeleton__border\" data-availability=\"free\">\n                            <div class=\"tb-calendar-v2-departure__essential\">\n                                <div class=\"tb-calendar-v2-departure__first-part\">\n                                    <div class=\"tb-calendar-v2-departure__destination desktop-only\">\n                                        <span class=\"tb-skeleton__bone\"><span class=\"tb-skeleton__invisible-text\"><strong>Voorbeeldreis<\/strong><\/span><\/span>\n                                    <\/div>\n                                    <div class=\"tb-calendar-v2-departure__dates\">\n                                        <div class=\"tb-calendar-v2-departure__startdate\">\n                                            <span class=\"tb-skeleton__bone\"><span class=\"tb-skeleton__invisible-text\">Maandag<\/span><\/span>\n                                            <span class=\"tb-skeleton__bone\"><span class=\"tb-skeleton__invisible-text\"><strong>20 jan 2025<\/strong><\/span><\/span>\n                                        <\/div>\n                                        <span class=\"tb-skeleton__bone\"><span class=\"tb-skeleton__invisible-text\"><i class=\"fa-solid fa-arrow-right\"><\/i><\/span><\/span>\n                                        <div class=\"tb-calendar-v2-departure__enddate\">\n                                            <span class=\"tb-skeleton__bone\"><span class=\"tb-skeleton__invisible-text\">Zondag<\/span><\/span>\n                                            <span class=\"tb-skeleton__bone\"><span class=\"tb-skeleton__invisible-text\"><strong>26 jan 2025<\/strong><\/span><\/span>\n                                        <\/div>\n                                    <\/div>\n                                    <div class=\"tb-calendar-v2-departure__divider desktop-only tb-skeleton__bone\"><\/div>\n                                    <div class=\"tb-calendar-v2-departure__availability desktop-only\" data-availability=\"free\"><strong>\n                                            <span class=\"tb-skeleton__bone\"><span class=\"tb-skeleton__invisible-text\">Beschikbaar<\/span><\/span>\n                                        <\/strong><\/div>\n                                    <div class=\"tb-calendar-v2-departure__spots desktop-only\">\n                                        <span class=\"tb-skeleton__bone\"><span class=\"tb-skeleton__invisible-text\">\n                                                                                             <\/span><\/span>\n                                    <\/div>\n                                <\/div>\n                                <div class=\"tb-calendar-v2-departure__last-part\">\n                                    <div class=\"tb-calendar-v2-departure__price\"><span class=\"tb-skeleton__bone\"><span class=\"tb-skeleton__invisible-text\"><strong>\u20ac 1450<\/strong><\/span><\/span><\/div>\n                                    <div class=\"tb-calendar-v2-departure__availability mobile-only\" data-availability=\"free\">\n                                        <strong>\n                                            <span class=\"tb-skeleton__bone\"><span class=\"tb-skeleton__invisible-text\">Beschikbaar<\/span><\/span>\n                                        <\/strong>\n                                    <\/div>\n                                    <div class=\"tb-calendar-v2-departure__expand-button tb-skeleton__disabled desktop-only\" disabled>\n                                        <span class=\"tb-skeleton__bone\"><span class=\"tb-skeleton__invisible-text\"><i class=\"fa-solid fa-chevron-down\"><\/i><\/span><\/span>\n                                    <\/div>\n                                <\/div>\n                            <\/div>\n                            <div class=\"tb-calendar-v2-departure__divider mobile-only tb-skeleton__bone\"><\/div>\n                            <div class=\"tb-calendar-v2-departure__expand-button mobile-only tb-skeleton__disabled\" disabled>\n                                <span class=\"tb-skeleton__bone\"><span class=\"tb-skeleton__invisible-text\"><span class=\"more-info\">Meer info<\/span> <span class=\"less-info\">Minder info<\/span> <i class=\"fa-solid fa-chevron-down\"><\/i><\/span><\/span>\n                            <\/div>\n                        <\/li>\n                                    <\/ul>\n            <\/div>\n        <\/div>\n    <\/div>\n<\/div>            <div class=\"tb-calendar-v2 tb-sections\" data-calendar-data=\"{&quot;brands&quot;:[{&quot;type&quot;:&quot;brands&quot;,&quot;id&quot;:&quot;124&quot;,&quot;attributes&quot;:{&quot;name&quot;:&quot;Albania Nomads&quot;,&quot;translatableName&quot;:{&quot;en&quot;:&quot;&quot;,&quot;nl&quot;:&quot;Albania Nomads&quot;,&quot;fr&quot;:&quot;Albania Nomads&quot;,&quot;de&quot;:&quot;&quot;}}}],&quot;packages&quot;:[{&quot;type&quot;:&quot;packages&quot;,&quot;id&quot;:&quot;ALBN-AN25&quot;,&quot;attributes&quot;:{&quot;name&quot;:&quot;Albania Nomads - Albania Nomads&quot;,&quot;destinationName&quot;:&quot;Albania Nomads&quot;,&quot;destinationCountry&quot;:null,&quot;destinationTitle&quot;:{&quot;nl&quot;:&quot;Albania Nomads&quot;,&quot;en&quot;:&quot;Albania Nomads&quot;,&quot;fr&quot;:&quot;Albania Nomads&quot;,&quot;de&quot;:&quot;Albania Nomads&quot;},&quot;status&quot;:&quot;active&quot;,&quot;updatedAt&quot;:&quot;2026-04-28T19:49:20.000000Z&quot;},&quot;relationships&quot;:{&quot;brand&quot;:{&quot;data&quot;:{&quot;type&quot;:&quot;brands&quot;,&quot;id&quot;:&quot;124&quot;}}}}],&quot;departures&quot;:[{&quot;type&quot;:&quot;departures&quot;,&quot;id&quot;:&quot;t11419&quot;,&quot;attributes&quot;:{&quot;name&quot;:&quot;ALBN26-W23-WED&quot;,&quot;start&quot;:&quot;2026-06-03T10:00:00.000000Z&quot;,&quot;end&quot;:&quot;2026-06-10T12:00:00.000000Z&quot;,&quot;cheapestPrice&quot;:695,&quot;languages&quot;:[],&quot;availableSpots&quot;:0,&quot;bookedSpots&quot;:0,&quot;fakeLabel&quot;:&quot;sold out&quot;,&quot;availabilityLabel&quot;:&quot;sold out&quot;,&quot;promoLabel&quot;:&quot;&quot;,&quot;calendarToggles&quot;:[{&quot;value&quot;:&quot;flights Amsterdam&quot;,&quot;label&quot;:{&quot;en&quot;:&quot;Flights from Amsterdam&quot;,&quot;nl&quot;:&quot;Vliegen vanuit Amsterdam&quot;,&quot;fr&quot;:&quot;Vols d&#039;Amsterdam&quot;,&quot;de&quot;:&quot;Ich fliege von Amsterdam aus&quot;},&quot;price&quot;:647,&quot;status&quot;:&quot;available&quot;,&quot;language_hidden&quot;:[],&quot;startIncrement&quot;:0,&quot;endIncrement&quot;:0,&quot;var_name&quot;:&quot;flights2&quot;,&quot;category_label&quot;:{&quot;en&quot;:&quot;Flights&quot;,&quot;nl&quot;:&quot;Vluchten&quot;,&quot;fr&quot;:&quot;Vols&quot;,&quot;de&quot;:&quot;Deine Fl\\u00fcge&quot;}},{&quot;value&quot;:&quot;flights Paris&quot;,&quot;label&quot;:{&quot;en&quot;:&quot;Flights from Paris&quot;,&quot;nl&quot;:&quot;Vliegen vanuit Parijs&quot;,&quot;fr&quot;:&quot;Vols de Paris&quot;,&quot;de&quot;:&quot;Ich fliege von Paris aus&quot;},&quot;price&quot;:627,&quot;status&quot;:&quot;available&quot;,&quot;language_hidden&quot;:[],&quot;startIncrement&quot;:0,&quot;endIncrement&quot;:0,&quot;var_name&quot;:&quot;flights2&quot;,&quot;category_label&quot;:{&quot;en&quot;:&quot;Flights&quot;,&quot;nl&quot;:&quot;Vluchten&quot;,&quot;fr&quot;:&quot;Vols&quot;,&quot;de&quot;:&quot;Deine Fl\\u00fcge&quot;}},{&quot;value&quot;:&quot;flights Brussels&quot;,&quot;label&quot;:{&quot;en&quot;:&quot;Flights from Brussels&quot;,&quot;nl&quot;:&quot;Vliegen vanuit Brussel&quot;,&quot;fr&quot;:&quot;Vols de Bruxelles&quot;,&quot;de&quot;:&quot;Ich fliege von Br\\u00fcssel aus&quot;},&quot;price&quot;:788,&quot;status&quot;:&quot;available&quot;,&quot;language_hidden&quot;:[],&quot;startIncrement&quot;:0,&quot;endIncrement&quot;:0,&quot;var_name&quot;:&quot;flights2&quot;,&quot;category_label&quot;:{&quot;en&quot;:&quot;Flights&quot;,&quot;nl&quot;:&quot;Vluchten&quot;,&quot;fr&quot;:&quot;Vols&quot;,&quot;de&quot;:&quot;Deine Fl\\u00fcge&quot;}},{&quot;value&quot;:&quot;no flights&quot;,&quot;label&quot;:{&quot;en&quot;:&quot;No flights&quot;,&quot;nl&quot;:&quot;Geen vluchten&quot;,&quot;fr&quot;:&quot;Pas de vol&quot;,&quot;de&quot;:&quot;Ich buche meine eigenen Fl\\u00fcge nach Reykjavik&quot;},&quot;price&quot;:0,&quot;status&quot;:&quot;available&quot;,&quot;language_hidden&quot;:[],&quot;startIncrement&quot;:0,&quot;endIncrement&quot;:0,&quot;var_name&quot;:&quot;flights2&quot;,&quot;category_label&quot;:{&quot;en&quot;:&quot;Flights&quot;,&quot;nl&quot;:&quot;Vluchten&quot;,&quot;fr&quot;:&quot;Vols&quot;,&quot;de&quot;:&quot;Deine Fl\\u00fcge&quot;}}],&quot;bookable&quot;:false,&quot;bookingUrl&quot;:&quot;https:\\\/\\\/booking.travelbase.eu\\\/albn26\\\/book?trip=11419&quot;,&quot;packageId&quot;:&quot;ALBN-AN25&quot;}},{&quot;type&quot;:&quot;departures&quot;,&quot;id&quot;:&quot;t11422&quot;,&quot;attributes&quot;:{&quot;name&quot;:&quot;ALBN26-W23-SAT&quot;,&quot;start&quot;:&quot;2026-06-06T10:00:00.000000Z&quot;,&quot;end&quot;:&quot;2026-06-13T12:00:00.000000Z&quot;,&quot;cheapestPrice&quot;:695,&quot;languages&quot;:[],&quot;availableSpots&quot;:0,&quot;bookedSpots&quot;:0,&quot;fakeLabel&quot;:&quot;sold out&quot;,&quot;availabilityLabel&quot;:&quot;sold out&quot;,&quot;promoLabel&quot;:&quot;&quot;,&quot;calendarToggles&quot;:[{&quot;value&quot;:&quot;flights Amsterdam&quot;,&quot;label&quot;:{&quot;en&quot;:&quot;Flights from Amsterdam&quot;,&quot;nl&quot;:&quot;Vliegen vanuit Amsterdam&quot;,&quot;fr&quot;:&quot;Vols d&#039;Amsterdam&quot;,&quot;de&quot;:&quot;Ich fliege von Amsterdam aus&quot;},&quot;price&quot;:721,&quot;status&quot;:&quot;available&quot;,&quot;language_hidden&quot;:[],&quot;startIncrement&quot;:0,&quot;endIncrement&quot;:0,&quot;var_name&quot;:&quot;flights2&quot;,&quot;category_label&quot;:{&quot;en&quot;:&quot;Flights&quot;,&quot;nl&quot;:&quot;Vluchten&quot;,&quot;fr&quot;:&quot;Vols&quot;,&quot;de&quot;:&quot;Deine Fl\\u00fcge&quot;}},{&quot;value&quot;:&quot;flights Paris&quot;,&quot;label&quot;:{&quot;en&quot;:&quot;Flights from Paris&quot;,&quot;nl&quot;:&quot;Vliegen vanuit Parijs&quot;,&quot;fr&quot;:&quot;Vols de Paris&quot;,&quot;de&quot;:&quot;Ich fliege von Paris aus&quot;},&quot;price&quot;:786,&quot;status&quot;:&quot;available&quot;,&quot;language_hidden&quot;:[],&quot;startIncrement&quot;:0,&quot;endIncrement&quot;:0,&quot;var_name&quot;:&quot;flights2&quot;,&quot;category_label&quot;:{&quot;en&quot;:&quot;Flights&quot;,&quot;nl&quot;:&quot;Vluchten&quot;,&quot;fr&quot;:&quot;Vols&quot;,&quot;de&quot;:&quot;Deine Fl\\u00fcge&quot;}},{&quot;value&quot;:&quot;flights Brussels&quot;,&quot;label&quot;:{&quot;en&quot;:&quot;Flights from Brussels&quot;,&quot;nl&quot;:&quot;Vliegen vanuit Brussel&quot;,&quot;fr&quot;:&quot;Vols de Bruxelles&quot;,&quot;de&quot;:&quot;Ich fliege von Br\\u00fcssel aus&quot;},&quot;price&quot;:809,&quot;status&quot;:&quot;available&quot;,&quot;language_hidden&quot;:[],&quot;startIncrement&quot;:0,&quot;endIncrement&quot;:0,&quot;var_name&quot;:&quot;flights2&quot;,&quot;category_label&quot;:{&quot;en&quot;:&quot;Flights&quot;,&quot;nl&quot;:&quot;Vluchten&quot;,&quot;fr&quot;:&quot;Vols&quot;,&quot;de&quot;:&quot;Deine Fl\\u00fcge&quot;}},{&quot;value&quot;:&quot;no flights&quot;,&quot;label&quot;:{&quot;en&quot;:&quot;No flights&quot;,&quot;nl&quot;:&quot;Geen vluchten&quot;,&quot;fr&quot;:&quot;Pas de vol&quot;,&quot;de&quot;:&quot;Ich buche meine eigenen Fl\\u00fcge nach Reykjavik&quot;},&quot;price&quot;:0,&quot;status&quot;:&quot;available&quot;,&quot;language_hidden&quot;:[],&quot;startIncrement&quot;:0,&quot;endIncrement&quot;:0,&quot;var_name&quot;:&quot;flights2&quot;,&quot;category_label&quot;:{&quot;en&quot;:&quot;Flights&quot;,&quot;nl&quot;:&quot;Vluchten&quot;,&quot;fr&quot;:&quot;Vols&quot;,&quot;de&quot;:&quot;Deine Fl\\u00fcge&quot;}}],&quot;bookable&quot;:false,&quot;bookingUrl&quot;:&quot;https:\\\/\\\/booking.travelbase.eu\\\/albn26\\\/book?trip=11422&quot;,&quot;packageId&quot;:&quot;ALBN-AN25&quot;}},{&quot;type&quot;:&quot;departures&quot;,&quot;id&quot;:&quot;t11420&quot;,&quot;attributes&quot;:{&quot;name&quot;:&quot;ALBN26-W24-WED&quot;,&quot;start&quot;:&quot;2026-06-10T10:00:00.000000Z&quot;,&quot;end&quot;:&quot;2026-06-17T12:00:00.000000Z&quot;,&quot;cheapestPrice&quot;:695,&quot;languages&quot;:[],&quot;availableSpots&quot;:0,&quot;bookedSpots&quot;:8,&quot;fakeLabel&quot;:&quot;sold out&quot;,&quot;availabilityLabel&quot;:&quot;sold out&quot;,&quot;promoLabel&quot;:&quot;&quot;,&quot;calendarToggles&quot;:[{&quot;value&quot;:&quot;flights Amsterdam&quot;,&quot;label&quot;:{&quot;en&quot;:&quot;Flights from Amsterdam&quot;,&quot;nl&quot;:&quot;Vliegen vanuit Amsterdam&quot;,&quot;fr&quot;:&quot;Vols d&#039;Amsterdam&quot;,&quot;de&quot;:&quot;Ich fliege von Amsterdam aus&quot;},&quot;price&quot;:599,&quot;status&quot;:&quot;available&quot;,&quot;language_hidden&quot;:[],&quot;startIncrement&quot;:0,&quot;endIncrement&quot;:0,&quot;var_name&quot;:&quot;flights2&quot;,&quot;category_label&quot;:{&quot;en&quot;:&quot;Flights&quot;,&quot;nl&quot;:&quot;Vluchten&quot;,&quot;fr&quot;:&quot;Vols&quot;,&quot;de&quot;:&quot;Deine Fl\\u00fcge&quot;}},{&quot;value&quot;:&quot;flights Paris&quot;,&quot;label&quot;:{&quot;en&quot;:&quot;Flights from Paris&quot;,&quot;nl&quot;:&quot;Vliegen vanuit Parijs&quot;,&quot;fr&quot;:&quot;Vols de Paris&quot;,&quot;de&quot;:&quot;Ich fliege von Paris aus&quot;},&quot;price&quot;:586,&quot;status&quot;:&quot;available&quot;,&quot;language_hidden&quot;:[],&quot;startIncrement&quot;:0,&quot;endIncrement&quot;:0,&quot;var_name&quot;:&quot;flights2&quot;,&quot;category_label&quot;:{&quot;en&quot;:&quot;Flights&quot;,&quot;nl&quot;:&quot;Vluchten&quot;,&quot;fr&quot;:&quot;Vols&quot;,&quot;de&quot;:&quot;Deine Fl\\u00fcge&quot;}},{&quot;value&quot;:&quot;flights Brussels&quot;,&quot;label&quot;:{&quot;en&quot;:&quot;Flights from Brussels&quot;,&quot;nl&quot;:&quot;Vliegen vanuit Brussel&quot;,&quot;fr&quot;:&quot;Vols de Bruxelles&quot;,&quot;de&quot;:&quot;Ich fliege von Br\\u00fcssel aus&quot;},&quot;price&quot;:663,&quot;status&quot;:&quot;available&quot;,&quot;language_hidden&quot;:[],&quot;startIncrement&quot;:0,&quot;endIncrement&quot;:0,&quot;var_name&quot;:&quot;flights2&quot;,&quot;category_label&quot;:{&quot;en&quot;:&quot;Flights&quot;,&quot;nl&quot;:&quot;Vluchten&quot;,&quot;fr&quot;:&quot;Vols&quot;,&quot;de&quot;:&quot;Deine Fl\\u00fcge&quot;}},{&quot;value&quot;:&quot;no flights&quot;,&quot;label&quot;:{&quot;en&quot;:&quot;No flights&quot;,&quot;nl&quot;:&quot;Geen vluchten&quot;,&quot;fr&quot;:&quot;Pas de vol&quot;,&quot;de&quot;:&quot;Ich buche meine eigenen Fl\\u00fcge nach Reykjavik&quot;},&quot;price&quot;:0,&quot;status&quot;:&quot;available&quot;,&quot;language_hidden&quot;:[],&quot;startIncrement&quot;:0,&quot;endIncrement&quot;:0,&quot;var_name&quot;:&quot;flights2&quot;,&quot;category_label&quot;:{&quot;en&quot;:&quot;Flights&quot;,&quot;nl&quot;:&quot;Vluchten&quot;,&quot;fr&quot;:&quot;Vols&quot;,&quot;de&quot;:&quot;Deine Fl\\u00fcge&quot;}}],&quot;bookable&quot;:false,&quot;bookingUrl&quot;:&quot;https:\\\/\\\/booking.travelbase.eu\\\/albn26\\\/book?trip=11420&quot;,&quot;packageId&quot;:&quot;ALBN-AN25&quot;}},{&quot;type&quot;:&quot;departures&quot;,&quot;id&quot;:&quot;t11423&quot;,&quot;attributes&quot;:{&quot;name&quot;:&quot;ALBN26-W24-SAT&quot;,&quot;start&quot;:&quot;2026-06-13T10:00:00.000000Z&quot;,&quot;end&quot;:&quot;2026-06-20T12:00:00.000000Z&quot;,&quot;cheapestPrice&quot;:695,&quot;languages&quot;:[],&quot;availableSpots&quot;:9,&quot;bookedSpots&quot;:2,&quot;fakeLabel&quot;:&quot;&quot;,&quot;availabilityLabel&quot;:&quot;&quot;,&quot;promoLabel&quot;:&quot;&quot;,&quot;calendarToggles&quot;:[{&quot;value&quot;:&quot;flights Amsterdam&quot;,&quot;label&quot;:{&quot;en&quot;:&quot;Flights from Amsterdam&quot;,&quot;nl&quot;:&quot;Vliegen vanuit Amsterdam&quot;,&quot;fr&quot;:&quot;Vols d&#039;Amsterdam&quot;,&quot;de&quot;:&quot;Ich fliege von Amsterdam aus&quot;},&quot;price&quot;:682,&quot;status&quot;:&quot;available&quot;,&quot;language_hidden&quot;:[],&quot;startIncrement&quot;:0,&quot;endIncrement&quot;:0,&quot;var_name&quot;:&quot;flights2&quot;,&quot;category_label&quot;:{&quot;en&quot;:&quot;Flights&quot;,&quot;nl&quot;:&quot;Vluchten&quot;,&quot;fr&quot;:&quot;Vols&quot;,&quot;de&quot;:&quot;Deine Fl\\u00fcge&quot;}},{&quot;value&quot;:&quot;flights Paris&quot;,&quot;label&quot;:{&quot;en&quot;:&quot;Flights from Paris&quot;,&quot;nl&quot;:&quot;Vliegen vanuit Parijs&quot;,&quot;fr&quot;:&quot;Vols de Paris&quot;,&quot;de&quot;:&quot;Ich fliege von Paris aus&quot;},&quot;price&quot;:636,&quot;status&quot;:&quot;available&quot;,&quot;language_hidden&quot;:[],&quot;startIncrement&quot;:0,&quot;endIncrement&quot;:0,&quot;var_name&quot;:&quot;flights2&quot;,&quot;category_label&quot;:{&quot;en&quot;:&quot;Flights&quot;,&quot;nl&quot;:&quot;Vluchten&quot;,&quot;fr&quot;:&quot;Vols&quot;,&quot;de&quot;:&quot;Deine Fl\\u00fcge&quot;}},{&quot;value&quot;:&quot;flights Brussels&quot;,&quot;label&quot;:{&quot;en&quot;:&quot;Flights from Brussels&quot;,&quot;nl&quot;:&quot;Vliegen vanuit Brussel&quot;,&quot;fr&quot;:&quot;Vols de Bruxelles&quot;,&quot;de&quot;:&quot;Ich fliege von Br\\u00fcssel aus&quot;},&quot;price&quot;:760,&quot;status&quot;:&quot;available&quot;,&quot;language_hidden&quot;:[],&quot;startIncrement&quot;:0,&quot;endIncrement&quot;:0,&quot;var_name&quot;:&quot;flights2&quot;,&quot;category_label&quot;:{&quot;en&quot;:&quot;Flights&quot;,&quot;nl&quot;:&quot;Vluchten&quot;,&quot;fr&quot;:&quot;Vols&quot;,&quot;de&quot;:&quot;Deine Fl\\u00fcge&quot;}},{&quot;value&quot;:&quot;no flights&quot;,&quot;label&quot;:{&quot;en&quot;:&quot;No flights&quot;,&quot;nl&quot;:&quot;Geen vluchten&quot;,&quot;fr&quot;:&quot;Pas de vol&quot;,&quot;de&quot;:&quot;Ich buche meine eigenen Fl\\u00fcge nach Reykjavik&quot;},&quot;price&quot;:0,&quot;status&quot;:&quot;available&quot;,&quot;language_hidden&quot;:[],&quot;startIncrement&quot;:0,&quot;endIncrement&quot;:0,&quot;var_name&quot;:&quot;flights2&quot;,&quot;category_label&quot;:{&quot;en&quot;:&quot;Flights&quot;,&quot;nl&quot;:&quot;Vluchten&quot;,&quot;fr&quot;:&quot;Vols&quot;,&quot;de&quot;:&quot;Deine Fl\\u00fcge&quot;}}],&quot;bookable&quot;:true,&quot;bookingUrl&quot;:&quot;https:\\\/\\\/booking.travelbase.eu\\\/albn26\\\/book?trip=11423&quot;,&quot;packageId&quot;:&quot;ALBN-AN25&quot;}},{&quot;type&quot;:&quot;departures&quot;,&quot;id&quot;:&quot;t11421&quot;,&quot;attributes&quot;:{&quot;name&quot;:&quot;ALBN26-W25-WED&quot;,&quot;start&quot;:&quot;2026-06-17T10:00:00.000000Z&quot;,&quot;end&quot;:&quot;2026-06-24T12:00:00.000000Z&quot;,&quot;cheapestPrice&quot;:695,&quot;languages&quot;:[],&quot;availableSpots&quot;:0,&quot;bookedSpots&quot;:8,&quot;fakeLabel&quot;:&quot;sold out&quot;,&quot;availabilityLabel&quot;:&quot;sold out&quot;,&quot;promoLabel&quot;:&quot;&quot;,&quot;calendarToggles&quot;:[{&quot;value&quot;:&quot;flights Amsterdam&quot;,&quot;label&quot;:{&quot;en&quot;:&quot;Flights from Amsterdam&quot;,&quot;nl&quot;:&quot;Vliegen vanuit Amsterdam&quot;,&quot;fr&quot;:&quot;Vols d&#039;Amsterdam&quot;,&quot;de&quot;:&quot;Ich fliege von Amsterdam aus&quot;},&quot;price&quot;:520,&quot;status&quot;:&quot;available&quot;,&quot;language_hidden&quot;:[],&quot;startIncrement&quot;:0,&quot;endIncrement&quot;:0,&quot;var_name&quot;:&quot;flights2&quot;,&quot;category_label&quot;:{&quot;en&quot;:&quot;Flights&quot;,&quot;nl&quot;:&quot;Vluchten&quot;,&quot;fr&quot;:&quot;Vols&quot;,&quot;de&quot;:&quot;Deine Fl\\u00fcge&quot;}},{&quot;value&quot;:&quot;flights Paris&quot;,&quot;label&quot;:{&quot;en&quot;:&quot;Flights from Paris&quot;,&quot;nl&quot;:&quot;Vliegen vanuit Parijs&quot;,&quot;fr&quot;:&quot;Vols de Paris&quot;,&quot;de&quot;:&quot;Ich fliege von Paris aus&quot;},&quot;price&quot;:511,&quot;status&quot;:&quot;available&quot;,&quot;language_hidden&quot;:[],&quot;startIncrement&quot;:0,&quot;endIncrement&quot;:0,&quot;var_name&quot;:&quot;flights2&quot;,&quot;category_label&quot;:{&quot;en&quot;:&quot;Flights&quot;,&quot;nl&quot;:&quot;Vluchten&quot;,&quot;fr&quot;:&quot;Vols&quot;,&quot;de&quot;:&quot;Deine Fl\\u00fcge&quot;}},{&quot;value&quot;:&quot;flights Brussels&quot;,&quot;label&quot;:{&quot;en&quot;:&quot;Flights from Brussels&quot;,&quot;nl&quot;:&quot;Vliegen vanuit Brussel&quot;,&quot;fr&quot;:&quot;Vols de Bruxelles&quot;,&quot;de&quot;:&quot;Ich fliege von Br\\u00fcssel aus&quot;},&quot;price&quot;:528,&quot;status&quot;:&quot;available&quot;,&quot;language_hidden&quot;:[],&quot;startIncrement&quot;:0,&quot;endIncrement&quot;:0,&quot;var_name&quot;:&quot;flights2&quot;,&quot;category_label&quot;:{&quot;en&quot;:&quot;Flights&quot;,&quot;nl&quot;:&quot;Vluchten&quot;,&quot;fr&quot;:&quot;Vols&quot;,&quot;de&quot;:&quot;Deine Fl\\u00fcge&quot;}},{&quot;value&quot;:&quot;no flights&quot;,&quot;label&quot;:{&quot;en&quot;:&quot;No flights&quot;,&quot;nl&quot;:&quot;Geen vluchten&quot;,&quot;fr&quot;:&quot;Pas de vol&quot;,&quot;de&quot;:&quot;Ich buche meine eigenen Fl\\u00fcge nach Reykjavik&quot;},&quot;price&quot;:0,&quot;status&quot;:&quot;available&quot;,&quot;language_hidden&quot;:[],&quot;startIncrement&quot;:0,&quot;endIncrement&quot;:0,&quot;var_name&quot;:&quot;flights2&quot;,&quot;category_label&quot;:{&quot;en&quot;:&quot;Flights&quot;,&quot;nl&quot;:&quot;Vluchten&quot;,&quot;fr&quot;:&quot;Vols&quot;,&quot;de&quot;:&quot;Deine Fl\\u00fcge&quot;}}],&quot;bookable&quot;:false,&quot;bookingUrl&quot;:&quot;https:\\\/\\\/booking.travelbase.eu\\\/albn26\\\/book?trip=11421&quot;,&quot;packageId&quot;:&quot;ALBN-AN25&quot;}},{&quot;type&quot;:&quot;departures&quot;,&quot;id&quot;:&quot;t11424&quot;,&quot;attributes&quot;:{&quot;name&quot;:&quot;ALBN26-W25-SAT&quot;,&quot;start&quot;:&quot;2026-06-20T10:00:00.000000Z&quot;,&quot;end&quot;:&quot;2026-06-27T12:00:00.000000Z&quot;,&quot;cheapestPrice&quot;:695,&quot;languages&quot;:[],&quot;availableSpots&quot;:11,&quot;bookedSpots&quot;:0,&quot;fakeLabel&quot;:&quot;&quot;,&quot;availabilityLabel&quot;:&quot;&quot;,&quot;promoLabel&quot;:&quot;&quot;,&quot;calendarToggles&quot;:[{&quot;value&quot;:&quot;flights Amsterdam&quot;,&quot;label&quot;:{&quot;en&quot;:&quot;Flights from Amsterdam&quot;,&quot;nl&quot;:&quot;Vliegen vanuit Amsterdam&quot;,&quot;fr&quot;:&quot;Vols d&#039;Amsterdam&quot;,&quot;de&quot;:&quot;Ich fliege von Amsterdam aus&quot;},&quot;price&quot;:570,&quot;status&quot;:&quot;available&quot;,&quot;language_hidden&quot;:[],&quot;startIncrement&quot;:0,&quot;endIncrement&quot;:0,&quot;var_name&quot;:&quot;flights2&quot;,&quot;category_label&quot;:{&quot;en&quot;:&quot;Flights&quot;,&quot;nl&quot;:&quot;Vluchten&quot;,&quot;fr&quot;:&quot;Vols&quot;,&quot;de&quot;:&quot;Deine Fl\\u00fcge&quot;}},{&quot;value&quot;:&quot;flights Paris&quot;,&quot;label&quot;:{&quot;en&quot;:&quot;Flights from Paris&quot;,&quot;nl&quot;:&quot;Vliegen vanuit Parijs&quot;,&quot;fr&quot;:&quot;Vols de Paris&quot;,&quot;de&quot;:&quot;Ich fliege von Paris aus&quot;},&quot;price&quot;:472,&quot;status&quot;:&quot;available&quot;,&quot;language_hidden&quot;:[],&quot;startIncrement&quot;:0,&quot;endIncrement&quot;:0,&quot;var_name&quot;:&quot;flights2&quot;,&quot;category_label&quot;:{&quot;en&quot;:&quot;Flights&quot;,&quot;nl&quot;:&quot;Vluchten&quot;,&quot;fr&quot;:&quot;Vols&quot;,&quot;de&quot;:&quot;Deine Fl\\u00fcge&quot;}},{&quot;value&quot;:&quot;flights Brussels&quot;,&quot;label&quot;:{&quot;en&quot;:&quot;Flights from Brussels&quot;,&quot;nl&quot;:&quot;Vliegen vanuit Brussel&quot;,&quot;fr&quot;:&quot;Vols de Bruxelles&quot;,&quot;de&quot;:&quot;Ich fliege von Br\\u00fcssel aus&quot;},&quot;price&quot;:488,&quot;status&quot;:&quot;available&quot;,&quot;language_hidden&quot;:[],&quot;startIncrement&quot;:0,&quot;endIncrement&quot;:0,&quot;var_name&quot;:&quot;flights2&quot;,&quot;category_label&quot;:{&quot;en&quot;:&quot;Flights&quot;,&quot;nl&quot;:&quot;Vluchten&quot;,&quot;fr&quot;:&quot;Vols&quot;,&quot;de&quot;:&quot;Deine Fl\\u00fcge&quot;}},{&quot;value&quot;:&quot;no flights&quot;,&quot;label&quot;:{&quot;en&quot;:&quot;No flights&quot;,&quot;nl&quot;:&quot;Geen vluchten&quot;,&quot;fr&quot;:&quot;Pas de vol&quot;,&quot;de&quot;:&quot;Ich buche meine eigenen Fl\\u00fcge nach Reykjavik&quot;},&quot;price&quot;:0,&quot;status&quot;:&quot;available&quot;,&quot;language_hidden&quot;:[],&quot;startIncrement&quot;:0,&quot;endIncrement&quot;:0,&quot;var_name&quot;:&quot;flights2&quot;,&quot;category_label&quot;:{&quot;en&quot;:&quot;Flights&quot;,&quot;nl&quot;:&quot;Vluchten&quot;,&quot;fr&quot;:&quot;Vols&quot;,&quot;de&quot;:&quot;Deine Fl\\u00fcge&quot;}}],&quot;bookable&quot;:true,&quot;bookingUrl&quot;:&quot;https:\\\/\\\/booking.travelbase.eu\\\/albn26\\\/book?trip=11424&quot;,&quot;packageId&quot;:&quot;ALBN-AN25&quot;}},{&quot;type&quot;:&quot;departures&quot;,&quot;id&quot;:&quot;t10355&quot;,&quot;attributes&quot;:{&quot;name&quot;:&quot;ALBN26-W26-WED&quot;,&quot;start&quot;:&quot;2026-06-24T10:00:00.000000Z&quot;,&quot;end&quot;:&quot;2026-07-01T12:00:00.000000Z&quot;,&quot;cheapestPrice&quot;:710,&quot;languages&quot;:[],&quot;availableSpots&quot;:0,&quot;bookedSpots&quot;:10,&quot;fakeLabel&quot;:&quot;sold out&quot;,&quot;availabilityLabel&quot;:&quot;sold out&quot;,&quot;promoLabel&quot;:null,&quot;calendarToggles&quot;:[{&quot;value&quot;:&quot;flights Amsterdam&quot;,&quot;label&quot;:{&quot;en&quot;:&quot;Flights from Amsterdam&quot;,&quot;nl&quot;:&quot;Vliegen vanuit Amsterdam&quot;,&quot;fr&quot;:&quot;Vols d&#039;Amsterdam&quot;,&quot;de&quot;:&quot;Ich fliege von Amsterdam aus&quot;},&quot;price&quot;:597,&quot;status&quot;:&quot;available&quot;,&quot;language_hidden&quot;:[],&quot;startIncrement&quot;:0,&quot;endIncrement&quot;:0,&quot;var_name&quot;:&quot;flights2&quot;,&quot;category_label&quot;:{&quot;en&quot;:&quot;Flights&quot;,&quot;nl&quot;:&quot;Vluchten&quot;,&quot;fr&quot;:&quot;Vols&quot;,&quot;de&quot;:&quot;Deine Fl\\u00fcge&quot;}},{&quot;value&quot;:&quot;flights Paris&quot;,&quot;label&quot;:{&quot;en&quot;:&quot;Flights from Paris&quot;,&quot;nl&quot;:&quot;Vliegen vanuit Parijs&quot;,&quot;fr&quot;:&quot;Vols de Paris&quot;,&quot;de&quot;:&quot;Ich fliege von Paris aus&quot;},&quot;price&quot;:524,&quot;status&quot;:&quot;available&quot;,&quot;language_hidden&quot;:[],&quot;startIncrement&quot;:0,&quot;endIncrement&quot;:0,&quot;var_name&quot;:&quot;flights2&quot;,&quot;category_label&quot;:{&quot;en&quot;:&quot;Flights&quot;,&quot;nl&quot;:&quot;Vluchten&quot;,&quot;fr&quot;:&quot;Vols&quot;,&quot;de&quot;:&quot;Deine Fl\\u00fcge&quot;}},{&quot;value&quot;:&quot;flights Brussels&quot;,&quot;label&quot;:{&quot;en&quot;:&quot;Flights from Brussels&quot;,&quot;nl&quot;:&quot;Vliegen vanuit Brussel&quot;,&quot;fr&quot;:&quot;Vols de Bruxelles&quot;,&quot;de&quot;:&quot;Ich fliege von Br\\u00fcssel aus&quot;},&quot;price&quot;:573,&quot;status&quot;:&quot;available&quot;,&quot;language_hidden&quot;:[],&quot;startIncrement&quot;:0,&quot;endIncrement&quot;:0,&quot;var_name&quot;:&quot;flights2&quot;,&quot;category_label&quot;:{&quot;en&quot;:&quot;Flights&quot;,&quot;nl&quot;:&quot;Vluchten&quot;,&quot;fr&quot;:&quot;Vols&quot;,&quot;de&quot;:&quot;Deine Fl\\u00fcge&quot;}},{&quot;value&quot;:&quot;no flights&quot;,&quot;label&quot;:{&quot;en&quot;:&quot;No flights&quot;,&quot;nl&quot;:&quot;Geen vluchten&quot;,&quot;fr&quot;:&quot;Pas de vol&quot;,&quot;de&quot;:&quot;Ich buche meine eigenen Fl\\u00fcge nach Reykjavik&quot;},&quot;price&quot;:0,&quot;status&quot;:&quot;available&quot;,&quot;language_hidden&quot;:[],&quot;startIncrement&quot;:0,&quot;endIncrement&quot;:0,&quot;var_name&quot;:&quot;flights2&quot;,&quot;category_label&quot;:{&quot;en&quot;:&quot;Flights&quot;,&quot;nl&quot;:&quot;Vluchten&quot;,&quot;fr&quot;:&quot;Vols&quot;,&quot;de&quot;:&quot;Deine Fl\\u00fcge&quot;}}],&quot;bookable&quot;:false,&quot;bookingUrl&quot;:&quot;https:\\\/\\\/booking.travelbase.eu\\\/albn26\\\/book?trip=10355&quot;,&quot;packageId&quot;:&quot;ALBN-AN25&quot;}},{&quot;type&quot;:&quot;departures&quot;,&quot;id&quot;:&quot;t10366&quot;,&quot;attributes&quot;:{&quot;name&quot;:&quot;ALBN26-W26-SAT&quot;,&quot;start&quot;:&quot;2026-06-27T10:00:00.000000Z&quot;,&quot;end&quot;:&quot;2026-07-04T12:00:00.000000Z&quot;,&quot;cheapestPrice&quot;:710,&quot;languages&quot;:[],&quot;availableSpots&quot;:0,&quot;bookedSpots&quot;:10,&quot;fakeLabel&quot;:&quot;sold out&quot;,&quot;availabilityLabel&quot;:&quot;sold out&quot;,&quot;promoLabel&quot;:null,&quot;calendarToggles&quot;:[{&quot;value&quot;:&quot;flights Amsterdam&quot;,&quot;label&quot;:{&quot;en&quot;:&quot;Flights from Amsterdam&quot;,&quot;nl&quot;:&quot;Vliegen vanuit Amsterdam&quot;,&quot;fr&quot;:&quot;Vols d&#039;Amsterdam&quot;,&quot;de&quot;:&quot;Ich fliege von Amsterdam aus&quot;},&quot;price&quot;:784,&quot;status&quot;:&quot;available&quot;,&quot;language_hidden&quot;:[],&quot;startIncrement&quot;:0,&quot;endIncrement&quot;:0,&quot;var_name&quot;:&quot;flights2&quot;,&quot;category_label&quot;:{&quot;en&quot;:&quot;Flights&quot;,&quot;nl&quot;:&quot;Vluchten&quot;,&quot;fr&quot;:&quot;Vols&quot;,&quot;de&quot;:&quot;Deine Fl\\u00fcge&quot;}},{&quot;value&quot;:&quot;flights Paris&quot;,&quot;label&quot;:{&quot;en&quot;:&quot;Flights from Paris&quot;,&quot;nl&quot;:&quot;Vliegen vanuit Parijs&quot;,&quot;fr&quot;:&quot;Vols de Paris&quot;,&quot;de&quot;:&quot;Ich fliege von Paris aus&quot;},&quot;price&quot;:789,&quot;status&quot;:&quot;available&quot;,&quot;language_hidden&quot;:[],&quot;startIncrement&quot;:0,&quot;endIncrement&quot;:0,&quot;var_name&quot;:&quot;flights2&quot;,&quot;category_label&quot;:{&quot;en&quot;:&quot;Flights&quot;,&quot;nl&quot;:&quot;Vluchten&quot;,&quot;fr&quot;:&quot;Vols&quot;,&quot;de&quot;:&quot;Deine Fl\\u00fcge&quot;}},{&quot;value&quot;:&quot;flights Brussels&quot;,&quot;label&quot;:{&quot;en&quot;:&quot;Flights from Brussels&quot;,&quot;nl&quot;:&quot;Vliegen vanuit Brussel&quot;,&quot;fr&quot;:&quot;Vols de Bruxelles&quot;,&quot;de&quot;:&quot;Ich fliege von Br\\u00fcssel aus&quot;},&quot;price&quot;:875,&quot;status&quot;:&quot;available&quot;,&quot;language_hidden&quot;:[],&quot;startIncrement&quot;:0,&quot;endIncrement&quot;:0,&quot;var_name&quot;:&quot;flights2&quot;,&quot;category_label&quot;:{&quot;en&quot;:&quot;Flights&quot;,&quot;nl&quot;:&quot;Vluchten&quot;,&quot;fr&quot;:&quot;Vols&quot;,&quot;de&quot;:&quot;Deine Fl\\u00fcge&quot;}},{&quot;value&quot;:&quot;no flights&quot;,&quot;label&quot;:{&quot;en&quot;:&quot;No flights&quot;,&quot;nl&quot;:&quot;Geen vluchten&quot;,&quot;fr&quot;:&quot;Pas de vol&quot;,&quot;de&quot;:&quot;Ich buche meine eigenen Fl\\u00fcge nach Reykjavik&quot;},&quot;price&quot;:0,&quot;status&quot;:&quot;available&quot;,&quot;language_hidden&quot;:[],&quot;startIncrement&quot;:0,&quot;endIncrement&quot;:0,&quot;var_name&quot;:&quot;flights2&quot;,&quot;category_label&quot;:{&quot;en&quot;:&quot;Flights&quot;,&quot;nl&quot;:&quot;Vluchten&quot;,&quot;fr&quot;:&quot;Vols&quot;,&quot;de&quot;:&quot;Deine Fl\\u00fcge&quot;}}],&quot;bookable&quot;:false,&quot;bookingUrl&quot;:&quot;https:\\\/\\\/booking.travelbase.eu\\\/albn26\\\/book?trip=10366&quot;,&quot;packageId&quot;:&quot;ALBN-AN25&quot;}},{&quot;type&quot;:&quot;departures&quot;,&quot;id&quot;:&quot;t10356&quot;,&quot;attributes&quot;:{&quot;name&quot;:&quot;ALBN26-W27-WED&quot;,&quot;start&quot;:&quot;2026-07-01T10:00:00.000000Z&quot;,&quot;end&quot;:&quot;2026-07-08T12:00:00.000000Z&quot;,&quot;cheapestPrice&quot;:710,&quot;languages&quot;:[],&quot;availableSpots&quot;:0,&quot;bookedSpots&quot;:10,&quot;fakeLabel&quot;:&quot;sold out&quot;,&quot;availabilityLabel&quot;:&quot;sold out&quot;,&quot;promoLabel&quot;:null,&quot;calendarToggles&quot;:[{&quot;value&quot;:&quot;flights Amsterdam&quot;,&quot;label&quot;:{&quot;en&quot;:&quot;Flights from Amsterdam&quot;,&quot;nl&quot;:&quot;Vliegen vanuit Amsterdam&quot;,&quot;fr&quot;:&quot;Vols d&#039;Amsterdam&quot;,&quot;de&quot;:&quot;Ich fliege von Amsterdam aus&quot;},&quot;price&quot;:755,&quot;status&quot;:&quot;available&quot;,&quot;language_hidden&quot;:[],&quot;startIncrement&quot;:0,&quot;endIncrement&quot;:0,&quot;var_name&quot;:&quot;flights2&quot;,&quot;category_label&quot;:{&quot;en&quot;:&quot;Flights&quot;,&quot;nl&quot;:&quot;Vluchten&quot;,&quot;fr&quot;:&quot;Vols&quot;,&quot;de&quot;:&quot;Deine Fl\\u00fcge&quot;}},{&quot;value&quot;:&quot;flights Paris&quot;,&quot;label&quot;:{&quot;en&quot;:&quot;Flights from Paris&quot;,&quot;nl&quot;:&quot;Vliegen vanuit Parijs&quot;,&quot;fr&quot;:&quot;Vols de Paris&quot;,&quot;de&quot;:&quot;Ich fliege von Paris aus&quot;},&quot;price&quot;:731,&quot;status&quot;:&quot;available&quot;,&quot;language_hidden&quot;:[],&quot;startIncrement&quot;:0,&quot;endIncrement&quot;:0,&quot;var_name&quot;:&quot;flights2&quot;,&quot;category_label&quot;:{&quot;en&quot;:&quot;Flights&quot;,&quot;nl&quot;:&quot;Vluchten&quot;,&quot;fr&quot;:&quot;Vols&quot;,&quot;de&quot;:&quot;Deine Fl\\u00fcge&quot;}},{&quot;value&quot;:&quot;flights Brussels&quot;,&quot;label&quot;:{&quot;en&quot;:&quot;Flights from Brussels&quot;,&quot;nl&quot;:&quot;Vliegen vanuit Brussel&quot;,&quot;fr&quot;:&quot;Vols de Bruxelles&quot;,&quot;de&quot;:&quot;Ich fliege von Br\\u00fcssel aus&quot;},&quot;price&quot;:841,&quot;status&quot;:&quot;available&quot;,&quot;language_hidden&quot;:[],&quot;startIncrement&quot;:0,&quot;endIncrement&quot;:0,&quot;var_name&quot;:&quot;flights2&quot;,&quot;category_label&quot;:{&quot;en&quot;:&quot;Flights&quot;,&quot;nl&quot;:&quot;Vluchten&quot;,&quot;fr&quot;:&quot;Vols&quot;,&quot;de&quot;:&quot;Deine Fl\\u00fcge&quot;}},{&quot;value&quot;:&quot;no flights&quot;,&quot;label&quot;:{&quot;en&quot;:&quot;No flights&quot;,&quot;nl&quot;:&quot;Geen vluchten&quot;,&quot;fr&quot;:&quot;Pas de vol&quot;,&quot;de&quot;:&quot;Ich buche meine eigenen Fl\\u00fcge nach Reykjavik&quot;},&quot;price&quot;:0,&quot;status&quot;:&quot;available&quot;,&quot;language_hidden&quot;:[],&quot;startIncrement&quot;:0,&quot;endIncrement&quot;:0,&quot;var_name&quot;:&quot;flights2&quot;,&quot;category_label&quot;:{&quot;en&quot;:&quot;Flights&quot;,&quot;nl&quot;:&quot;Vluchten&quot;,&quot;fr&quot;:&quot;Vols&quot;,&quot;de&quot;:&quot;Deine Fl\\u00fcge&quot;}}],&quot;bookable&quot;:false,&quot;bookingUrl&quot;:&quot;https:\\\/\\\/booking.travelbase.eu\\\/albn26\\\/book?trip=10356&quot;,&quot;packageId&quot;:&quot;ALBN-AN25&quot;}},{&quot;type&quot;:&quot;departures&quot;,&quot;id&quot;:&quot;t10367&quot;,&quot;attributes&quot;:{&quot;name&quot;:&quot;ALBN26-W27-SAT&quot;,&quot;start&quot;:&quot;2026-07-04T10:00:00.000000Z&quot;,&quot;end&quot;:&quot;2026-07-11T12:00:00.000000Z&quot;,&quot;cheapestPrice&quot;:710,&quot;languages&quot;:[],&quot;availableSpots&quot;:3,&quot;bookedSpots&quot;:8,&quot;fakeLabel&quot;:&quot;last stock&quot;,&quot;availabilityLabel&quot;:&quot;last spots&quot;,&quot;promoLabel&quot;:null,&quot;calendarToggles&quot;:[{&quot;value&quot;:&quot;flights Amsterdam&quot;,&quot;label&quot;:{&quot;en&quot;:&quot;Flights from Amsterdam&quot;,&quot;nl&quot;:&quot;Vliegen vanuit Amsterdam&quot;,&quot;fr&quot;:&quot;Vols d&#039;Amsterdam&quot;,&quot;de&quot;:&quot;Ich fliege von Amsterdam aus&quot;},&quot;price&quot;:773,&quot;status&quot;:&quot;available&quot;,&quot;language_hidden&quot;:[],&quot;startIncrement&quot;:0,&quot;endIncrement&quot;:0,&quot;var_name&quot;:&quot;flights2&quot;,&quot;category_label&quot;:{&quot;en&quot;:&quot;Flights&quot;,&quot;nl&quot;:&quot;Vluchten&quot;,&quot;fr&quot;:&quot;Vols&quot;,&quot;de&quot;:&quot;Deine Fl\\u00fcge&quot;}},{&quot;value&quot;:&quot;flights Paris&quot;,&quot;label&quot;:{&quot;en&quot;:&quot;Flights from Paris&quot;,&quot;nl&quot;:&quot;Vliegen vanuit Parijs&quot;,&quot;fr&quot;:&quot;Vols de Paris&quot;,&quot;de&quot;:&quot;Ich fliege von Paris aus&quot;},&quot;price&quot;:807,&quot;status&quot;:&quot;available&quot;,&quot;language_hidden&quot;:[],&quot;startIncrement&quot;:0,&quot;endIncrement&quot;:0,&quot;var_name&quot;:&quot;flights2&quot;,&quot;category_label&quot;:{&quot;en&quot;:&quot;Flights&quot;,&quot;nl&quot;:&quot;Vluchten&quot;,&quot;fr&quot;:&quot;Vols&quot;,&quot;de&quot;:&quot;Deine Fl\\u00fcge&quot;}},{&quot;value&quot;:&quot;flights Brussels&quot;,&quot;label&quot;:{&quot;en&quot;:&quot;Flights from Brussels&quot;,&quot;nl&quot;:&quot;Vliegen vanuit Brussel&quot;,&quot;fr&quot;:&quot;Vols de Bruxelles&quot;,&quot;de&quot;:&quot;Ich fliege von Br\\u00fcssel aus&quot;},&quot;price&quot;:956,&quot;status&quot;:&quot;available&quot;,&quot;language_hidden&quot;:[],&quot;startIncrement&quot;:0,&quot;endIncrement&quot;:0,&quot;var_name&quot;:&quot;flights2&quot;,&quot;category_label&quot;:{&quot;en&quot;:&quot;Flights&quot;,&quot;nl&quot;:&quot;Vluchten&quot;,&quot;fr&quot;:&quot;Vols&quot;,&quot;de&quot;:&quot;Deine Fl\\u00fcge&quot;}},{&quot;value&quot;:&quot;no flights&quot;,&quot;label&quot;:{&quot;en&quot;:&quot;No flights&quot;,&quot;nl&quot;:&quot;Geen vluchten&quot;,&quot;fr&quot;:&quot;Pas de vol&quot;,&quot;de&quot;:&quot;Ich buche meine eigenen Fl\\u00fcge nach Reykjavik&quot;},&quot;price&quot;:0,&quot;status&quot;:&quot;available&quot;,&quot;language_hidden&quot;:[],&quot;startIncrement&quot;:0,&quot;endIncrement&quot;:0,&quot;var_name&quot;:&quot;flights2&quot;,&quot;category_label&quot;:{&quot;en&quot;:&quot;Flights&quot;,&quot;nl&quot;:&quot;Vluchten&quot;,&quot;fr&quot;:&quot;Vols&quot;,&quot;de&quot;:&quot;Deine Fl\\u00fcge&quot;}}],&quot;bookable&quot;:true,&quot;bookingUrl&quot;:&quot;https:\\\/\\\/booking.travelbase.eu\\\/albn26\\\/book?trip=10367&quot;,&quot;packageId&quot;:&quot;ALBN-AN25&quot;}},{&quot;type&quot;:&quot;departures&quot;,&quot;id&quot;:&quot;t10357&quot;,&quot;attributes&quot;:{&quot;name&quot;:&quot;ALBN26-W28-WED&quot;,&quot;start&quot;:&quot;2026-07-08T10:00:00.000000Z&quot;,&quot;end&quot;:&quot;2026-07-15T12:00:00.000000Z&quot;,&quot;cheapestPrice&quot;:710,&quot;languages&quot;:[],&quot;availableSpots&quot;:0,&quot;bookedSpots&quot;:13,&quot;fakeLabel&quot;:&quot;sold out&quot;,&quot;availabilityLabel&quot;:&quot;sold out&quot;,&quot;promoLabel&quot;:null,&quot;calendarToggles&quot;:[{&quot;value&quot;:&quot;flights Amsterdam&quot;,&quot;label&quot;:{&quot;en&quot;:&quot;Flights from Amsterdam&quot;,&quot;nl&quot;:&quot;Vliegen vanuit Amsterdam&quot;,&quot;fr&quot;:&quot;Vols d&#039;Amsterdam&quot;,&quot;de&quot;:&quot;Ich fliege von Amsterdam aus&quot;},&quot;price&quot;:826,&quot;status&quot;:&quot;available&quot;,&quot;language_hidden&quot;:[],&quot;startIncrement&quot;:0,&quot;endIncrement&quot;:0,&quot;var_name&quot;:&quot;flights2&quot;,&quot;category_label&quot;:{&quot;en&quot;:&quot;Flights&quot;,&quot;nl&quot;:&quot;Vluchten&quot;,&quot;fr&quot;:&quot;Vols&quot;,&quot;de&quot;:&quot;Deine Fl\\u00fcge&quot;}},{&quot;value&quot;:&quot;flights Paris&quot;,&quot;label&quot;:{&quot;en&quot;:&quot;Flights from Paris&quot;,&quot;nl&quot;:&quot;Vliegen vanuit Parijs&quot;,&quot;fr&quot;:&quot;Vols de Paris&quot;,&quot;de&quot;:&quot;Ich fliege von Paris aus&quot;},&quot;price&quot;:741,&quot;status&quot;:&quot;available&quot;,&quot;language_hidden&quot;:[],&quot;startIncrement&quot;:0,&quot;endIncrement&quot;:0,&quot;var_name&quot;:&quot;flights2&quot;,&quot;category_label&quot;:{&quot;en&quot;:&quot;Flights&quot;,&quot;nl&quot;:&quot;Vluchten&quot;,&quot;fr&quot;:&quot;Vols&quot;,&quot;de&quot;:&quot;Deine Fl\\u00fcge&quot;}},{&quot;value&quot;:&quot;flights Brussels&quot;,&quot;label&quot;:{&quot;en&quot;:&quot;Flights from Brussels&quot;,&quot;nl&quot;:&quot;Vliegen vanuit Brussel&quot;,&quot;fr&quot;:&quot;Vols de Bruxelles&quot;,&quot;de&quot;:&quot;Ich fliege von Br\\u00fcssel aus&quot;},&quot;price&quot;:816,&quot;status&quot;:&quot;available&quot;,&quot;language_hidden&quot;:[],&quot;startIncrement&quot;:0,&quot;endIncrement&quot;:0,&quot;var_name&quot;:&quot;flights2&quot;,&quot;category_label&quot;:{&quot;en&quot;:&quot;Flights&quot;,&quot;nl&quot;:&quot;Vluchten&quot;,&quot;fr&quot;:&quot;Vols&quot;,&quot;de&quot;:&quot;Deine Fl\\u00fcge&quot;}},{&quot;value&quot;:&quot;no flights&quot;,&quot;label&quot;:{&quot;en&quot;:&quot;No flights&quot;,&quot;nl&quot;:&quot;Geen vluchten&quot;,&quot;fr&quot;:&quot;Pas de vol&quot;,&quot;de&quot;:&quot;Ich buche meine eigenen Fl\\u00fcge nach Reykjavik&quot;},&quot;price&quot;:0,&quot;status&quot;:&quot;available&quot;,&quot;language_hidden&quot;:[],&quot;startIncrement&quot;:0,&quot;endIncrement&quot;:0,&quot;var_name&quot;:&quot;flights2&quot;,&quot;category_label&quot;:{&quot;en&quot;:&quot;Flights&quot;,&quot;nl&quot;:&quot;Vluchten&quot;,&quot;fr&quot;:&quot;Vols&quot;,&quot;de&quot;:&quot;Deine Fl\\u00fcge&quot;}}],&quot;bookable&quot;:false,&quot;bookingUrl&quot;:&quot;https:\\\/\\\/booking.travelbase.eu\\\/albn26\\\/book?trip=10357&quot;,&quot;packageId&quot;:&quot;ALBN-AN25&quot;}},{&quot;type&quot;:&quot;departures&quot;,&quot;id&quot;:&quot;t10368&quot;,&quot;attributes&quot;:{&quot;name&quot;:&quot;ALBN26-W28-SAT&quot;,&quot;start&quot;:&quot;2026-07-11T10:00:00.000000Z&quot;,&quot;end&quot;:&quot;2026-07-18T12:00:00.000000Z&quot;,&quot;cheapestPrice&quot;:710,&quot;languages&quot;:[],&quot;availableSpots&quot;:0,&quot;bookedSpots&quot;:10,&quot;fakeLabel&quot;:&quot;sold out&quot;,&quot;availabilityLabel&quot;:&quot;sold out&quot;,&quot;promoLabel&quot;:null,&quot;calendarToggles&quot;:[{&quot;value&quot;:&quot;flights Amsterdam&quot;,&quot;label&quot;:{&quot;en&quot;:&quot;Flights from Amsterdam&quot;,&quot;nl&quot;:&quot;Vliegen vanuit Amsterdam&quot;,&quot;fr&quot;:&quot;Vols d&#039;Amsterdam&quot;,&quot;de&quot;:&quot;Ich fliege von Amsterdam aus&quot;},&quot;price&quot;:829,&quot;status&quot;:&quot;available&quot;,&quot;language_hidden&quot;:[],&quot;startIncrement&quot;:0,&quot;endIncrement&quot;:0,&quot;var_name&quot;:&quot;flights2&quot;,&quot;category_label&quot;:{&quot;en&quot;:&quot;Flights&quot;,&quot;nl&quot;:&quot;Vluchten&quot;,&quot;fr&quot;:&quot;Vols&quot;,&quot;de&quot;:&quot;Deine Fl\\u00fcge&quot;}},{&quot;value&quot;:&quot;flights Paris&quot;,&quot;label&quot;:{&quot;en&quot;:&quot;Flights from Paris&quot;,&quot;nl&quot;:&quot;Vliegen vanuit Parijs&quot;,&quot;fr&quot;:&quot;Vols de Paris&quot;,&quot;de&quot;:&quot;Ich fliege von Paris aus&quot;},&quot;price&quot;:929,&quot;status&quot;:&quot;available&quot;,&quot;language_hidden&quot;:[],&quot;startIncrement&quot;:0,&quot;endIncrement&quot;:0,&quot;var_name&quot;:&quot;flights2&quot;,&quot;category_label&quot;:{&quot;en&quot;:&quot;Flights&quot;,&quot;nl&quot;:&quot;Vluchten&quot;,&quot;fr&quot;:&quot;Vols&quot;,&quot;de&quot;:&quot;Deine Fl\\u00fcge&quot;}},{&quot;value&quot;:&quot;flights Brussels&quot;,&quot;label&quot;:{&quot;en&quot;:&quot;Flights from Brussels&quot;,&quot;nl&quot;:&quot;Vliegen vanuit Brussel&quot;,&quot;fr&quot;:&quot;Vols de Bruxelles&quot;,&quot;de&quot;:&quot;Ich fliege von Br\\u00fcssel aus&quot;},&quot;price&quot;:1068,&quot;status&quot;:&quot;available&quot;,&quot;language_hidden&quot;:[],&quot;startIncrement&quot;:0,&quot;endIncrement&quot;:0,&quot;var_name&quot;:&quot;flights2&quot;,&quot;category_label&quot;:{&quot;en&quot;:&quot;Flights&quot;,&quot;nl&quot;:&quot;Vluchten&quot;,&quot;fr&quot;:&quot;Vols&quot;,&quot;de&quot;:&quot;Deine Fl\\u00fcge&quot;}},{&quot;value&quot;:&quot;no flights&quot;,&quot;label&quot;:{&quot;en&quot;:&quot;No flights&quot;,&quot;nl&quot;:&quot;Geen vluchten&quot;,&quot;fr&quot;:&quot;Pas de vol&quot;,&quot;de&quot;:&quot;Ich buche meine eigenen Fl\\u00fcge nach Reykjavik&quot;},&quot;price&quot;:0,&quot;status&quot;:&quot;available&quot;,&quot;language_hidden&quot;:[],&quot;startIncrement&quot;:0,&quot;endIncrement&quot;:0,&quot;var_name&quot;:&quot;flights2&quot;,&quot;category_label&quot;:{&quot;en&quot;:&quot;Flights&quot;,&quot;nl&quot;:&quot;Vluchten&quot;,&quot;fr&quot;:&quot;Vols&quot;,&quot;de&quot;:&quot;Deine Fl\\u00fcge&quot;}}],&quot;bookable&quot;:false,&quot;bookingUrl&quot;:&quot;https:\\\/\\\/booking.travelbase.eu\\\/albn26\\\/book?trip=10368&quot;,&quot;packageId&quot;:&quot;ALBN-AN25&quot;}},{&quot;type&quot;:&quot;departures&quot;,&quot;id&quot;:&quot;t10358&quot;,&quot;attributes&quot;:{&quot;name&quot;:&quot;ALBN26-W29-WED&quot;,&quot;start&quot;:&quot;2026-07-15T10:00:00.000000Z&quot;,&quot;end&quot;:&quot;2026-07-22T12:00:00.000000Z&quot;,&quot;cheapestPrice&quot;:710,&quot;languages&quot;:[],&quot;availableSpots&quot;:0,&quot;bookedSpots&quot;:12,&quot;fakeLabel&quot;:&quot;sold out&quot;,&quot;availabilityLabel&quot;:&quot;sold out&quot;,&quot;promoLabel&quot;:null,&quot;calendarToggles&quot;:[{&quot;value&quot;:&quot;flights Amsterdam&quot;,&quot;label&quot;:{&quot;en&quot;:&quot;Flights from Amsterdam&quot;,&quot;nl&quot;:&quot;Vliegen vanuit Amsterdam&quot;,&quot;fr&quot;:&quot;Vols d&#039;Amsterdam&quot;,&quot;de&quot;:&quot;Ich fliege von Amsterdam aus&quot;},&quot;price&quot;:816,&quot;status&quot;:&quot;available&quot;,&quot;language_hidden&quot;:[],&quot;startIncrement&quot;:0,&quot;endIncrement&quot;:0,&quot;var_name&quot;:&quot;flights2&quot;,&quot;category_label&quot;:{&quot;en&quot;:&quot;Flights&quot;,&quot;nl&quot;:&quot;Vluchten&quot;,&quot;fr&quot;:&quot;Vols&quot;,&quot;de&quot;:&quot;Deine Fl\\u00fcge&quot;}},{&quot;value&quot;:&quot;flights Paris&quot;,&quot;label&quot;:{&quot;en&quot;:&quot;Flights from Paris&quot;,&quot;nl&quot;:&quot;Vliegen vanuit Parijs&quot;,&quot;fr&quot;:&quot;Vols de Paris&quot;,&quot;de&quot;:&quot;Ich fliege von Paris aus&quot;},&quot;price&quot;:806,&quot;status&quot;:&quot;available&quot;,&quot;language_hidden&quot;:[],&quot;startIncrement&quot;:0,&quot;endIncrement&quot;:0,&quot;var_name&quot;:&quot;flights2&quot;,&quot;category_label&quot;:{&quot;en&quot;:&quot;Flights&quot;,&quot;nl&quot;:&quot;Vluchten&quot;,&quot;fr&quot;:&quot;Vols&quot;,&quot;de&quot;:&quot;Deine Fl\\u00fcge&quot;}},{&quot;value&quot;:&quot;flights Brussels&quot;,&quot;label&quot;:{&quot;en&quot;:&quot;Flights from Brussels&quot;,&quot;nl&quot;:&quot;Vliegen vanuit Brussel&quot;,&quot;fr&quot;:&quot;Vols de Bruxelles&quot;,&quot;de&quot;:&quot;Ich fliege von Br\\u00fcssel aus&quot;},&quot;price&quot;:841,&quot;status&quot;:&quot;available&quot;,&quot;language_hidden&quot;:[],&quot;startIncrement&quot;:0,&quot;endIncrement&quot;:0,&quot;var_name&quot;:&quot;flights2&quot;,&quot;category_label&quot;:{&quot;en&quot;:&quot;Flights&quot;,&quot;nl&quot;:&quot;Vluchten&quot;,&quot;fr&quot;:&quot;Vols&quot;,&quot;de&quot;:&quot;Deine Fl\\u00fcge&quot;}},{&quot;value&quot;:&quot;no flights&quot;,&quot;label&quot;:{&quot;en&quot;:&quot;No flights&quot;,&quot;nl&quot;:&quot;Geen vluchten&quot;,&quot;fr&quot;:&quot;Pas de vol&quot;,&quot;de&quot;:&quot;Ich buche meine eigenen Fl\\u00fcge nach Reykjavik&quot;},&quot;price&quot;:0,&quot;status&quot;:&quot;available&quot;,&quot;language_hidden&quot;:[],&quot;startIncrement&quot;:0,&quot;endIncrement&quot;:0,&quot;var_name&quot;:&quot;flights2&quot;,&quot;category_label&quot;:{&quot;en&quot;:&quot;Flights&quot;,&quot;nl&quot;:&quot;Vluchten&quot;,&quot;fr&quot;:&quot;Vols&quot;,&quot;de&quot;:&quot;Deine Fl\\u00fcge&quot;}}],&quot;bookable&quot;:false,&quot;bookingUrl&quot;:&quot;https:\\\/\\\/booking.travelbase.eu\\\/albn26\\\/book?trip=10358&quot;,&quot;packageId&quot;:&quot;ALBN-AN25&quot;}},{&quot;type&quot;:&quot;departures&quot;,&quot;id&quot;:&quot;t10369&quot;,&quot;attributes&quot;:{&quot;name&quot;:&quot;ALBN26-W29-SAT&quot;,&quot;start&quot;:&quot;2026-07-18T10:00:00.000000Z&quot;,&quot;end&quot;:&quot;2026-07-25T12:00:00.000000Z&quot;,&quot;cheapestPrice&quot;:710,&quot;languages&quot;:[],&quot;availableSpots&quot;:0,&quot;bookedSpots&quot;:10,&quot;fakeLabel&quot;:&quot;sold out&quot;,&quot;availabilityLabel&quot;:&quot;sold out&quot;,&quot;promoLabel&quot;:null,&quot;calendarToggles&quot;:[{&quot;value&quot;:&quot;flights Amsterdam&quot;,&quot;label&quot;:{&quot;en&quot;:&quot;Flights from Amsterdam&quot;,&quot;nl&quot;:&quot;Vliegen vanuit Amsterdam&quot;,&quot;fr&quot;:&quot;Vols d&#039;Amsterdam&quot;,&quot;de&quot;:&quot;Ich fliege von Amsterdam aus&quot;},&quot;price&quot;:762,&quot;status&quot;:&quot;available&quot;,&quot;language_hidden&quot;:[],&quot;startIncrement&quot;:0,&quot;endIncrement&quot;:0,&quot;var_name&quot;:&quot;flights2&quot;,&quot;category_label&quot;:{&quot;en&quot;:&quot;Flights&quot;,&quot;nl&quot;:&quot;Vluchten&quot;,&quot;fr&quot;:&quot;Vols&quot;,&quot;de&quot;:&quot;Deine Fl\\u00fcge&quot;}},{&quot;value&quot;:&quot;flights Paris&quot;,&quot;label&quot;:{&quot;en&quot;:&quot;Flights from Paris&quot;,&quot;nl&quot;:&quot;Vliegen vanuit Parijs&quot;,&quot;fr&quot;:&quot;Vols de Paris&quot;,&quot;de&quot;:&quot;Ich fliege von Paris aus&quot;},&quot;price&quot;:756,&quot;status&quot;:&quot;available&quot;,&quot;language_hidden&quot;:[],&quot;startIncrement&quot;:0,&quot;endIncrement&quot;:0,&quot;var_name&quot;:&quot;flights2&quot;,&quot;category_label&quot;:{&quot;en&quot;:&quot;Flights&quot;,&quot;nl&quot;:&quot;Vluchten&quot;,&quot;fr&quot;:&quot;Vols&quot;,&quot;de&quot;:&quot;Deine Fl\\u00fcge&quot;}},{&quot;value&quot;:&quot;flights Brussels&quot;,&quot;label&quot;:{&quot;en&quot;:&quot;Flights from Brussels&quot;,&quot;nl&quot;:&quot;Vliegen vanuit Brussel&quot;,&quot;fr&quot;:&quot;Vols de Bruxelles&quot;,&quot;de&quot;:&quot;Ich fliege von Br\\u00fcssel aus&quot;},&quot;price&quot;:1012,&quot;status&quot;:&quot;available&quot;,&quot;language_hidden&quot;:[],&quot;startIncrement&quot;:0,&quot;endIncrement&quot;:0,&quot;var_name&quot;:&quot;flights2&quot;,&quot;category_label&quot;:{&quot;en&quot;:&quot;Flights&quot;,&quot;nl&quot;:&quot;Vluchten&quot;,&quot;fr&quot;:&quot;Vols&quot;,&quot;de&quot;:&quot;Deine Fl\\u00fcge&quot;}},{&quot;value&quot;:&quot;no flights&quot;,&quot;label&quot;:{&quot;en&quot;:&quot;No flights&quot;,&quot;nl&quot;:&quot;Geen vluchten&quot;,&quot;fr&quot;:&quot;Pas de vol&quot;,&quot;de&quot;:&quot;Ich buche meine eigenen Fl\\u00fcge nach Reykjavik&quot;},&quot;price&quot;:0,&quot;status&quot;:&quot;available&quot;,&quot;language_hidden&quot;:[],&quot;startIncrement&quot;:0,&quot;endIncrement&quot;:0,&quot;var_name&quot;:&quot;flights2&quot;,&quot;category_label&quot;:{&quot;en&quot;:&quot;Flights&quot;,&quot;nl&quot;:&quot;Vluchten&quot;,&quot;fr&quot;:&quot;Vols&quot;,&quot;de&quot;:&quot;Deine Fl\\u00fcge&quot;}}],&quot;bookable&quot;:false,&quot;bookingUrl&quot;:&quot;https:\\\/\\\/booking.travelbase.eu\\\/albn26\\\/book?trip=10369&quot;,&quot;packageId&quot;:&quot;ALBN-AN25&quot;}},{&quot;type&quot;:&quot;departures&quot;,&quot;id&quot;:&quot;t10359&quot;,&quot;attributes&quot;:{&quot;name&quot;:&quot;ALBN26-W30-WED&quot;,&quot;start&quot;:&quot;2026-07-22T10:00:00.000000Z&quot;,&quot;end&quot;:&quot;2026-07-29T12:00:00.000000Z&quot;,&quot;cheapestPrice&quot;:710,&quot;languages&quot;:[],&quot;availableSpots&quot;:0,&quot;bookedSpots&quot;:10,&quot;fakeLabel&quot;:&quot;sold out&quot;,&quot;availabilityLabel&quot;:&quot;sold out&quot;,&quot;promoLabel&quot;:null,&quot;calendarToggles&quot;:[{&quot;value&quot;:&quot;flights Amsterdam&quot;,&quot;label&quot;:{&quot;en&quot;:&quot;Flights from Amsterdam&quot;,&quot;nl&quot;:&quot;Vliegen vanuit Amsterdam&quot;,&quot;fr&quot;:&quot;Vols d&#039;Amsterdam&quot;,&quot;de&quot;:&quot;Ich fliege von Amsterdam aus&quot;},&quot;price&quot;:600,&quot;status&quot;:&quot;available&quot;,&quot;language_hidden&quot;:[],&quot;startIncrement&quot;:0,&quot;endIncrement&quot;:0,&quot;var_name&quot;:&quot;flights2&quot;,&quot;category_label&quot;:{&quot;en&quot;:&quot;Flights&quot;,&quot;nl&quot;:&quot;Vluchten&quot;,&quot;fr&quot;:&quot;Vols&quot;,&quot;de&quot;:&quot;Deine Fl\\u00fcge&quot;}},{&quot;value&quot;:&quot;flights Paris&quot;,&quot;label&quot;:{&quot;en&quot;:&quot;Flights from Paris&quot;,&quot;nl&quot;:&quot;Vliegen vanuit Parijs&quot;,&quot;fr&quot;:&quot;Vols de Paris&quot;,&quot;de&quot;:&quot;Ich fliege von Paris aus&quot;},&quot;price&quot;:592,&quot;status&quot;:&quot;available&quot;,&quot;language_hidden&quot;:[],&quot;startIncrement&quot;:0,&quot;endIncrement&quot;:0,&quot;var_name&quot;:&quot;flights2&quot;,&quot;category_label&quot;:{&quot;en&quot;:&quot;Flights&quot;,&quot;nl&quot;:&quot;Vluchten&quot;,&quot;fr&quot;:&quot;Vols&quot;,&quot;de&quot;:&quot;Deine Fl\\u00fcge&quot;}},{&quot;value&quot;:&quot;flights Brussels&quot;,&quot;label&quot;:{&quot;en&quot;:&quot;Flights from Brussels&quot;,&quot;nl&quot;:&quot;Vliegen vanuit Brussel&quot;,&quot;fr&quot;:&quot;Vols de Bruxelles&quot;,&quot;de&quot;:&quot;Ich fliege von Br\\u00fcssel aus&quot;},&quot;price&quot;:849,&quot;status&quot;:&quot;available&quot;,&quot;language_hidden&quot;:[],&quot;startIncrement&quot;:0,&quot;endIncrement&quot;:0,&quot;var_name&quot;:&quot;flights2&quot;,&quot;category_label&quot;:{&quot;en&quot;:&quot;Flights&quot;,&quot;nl&quot;:&quot;Vluchten&quot;,&quot;fr&quot;:&quot;Vols&quot;,&quot;de&quot;:&quot;Deine Fl\\u00fcge&quot;}},{&quot;value&quot;:&quot;no flights&quot;,&quot;label&quot;:{&quot;en&quot;:&quot;No flights&quot;,&quot;nl&quot;:&quot;Geen vluchten&quot;,&quot;fr&quot;:&quot;Pas de vol&quot;,&quot;de&quot;:&quot;Ich buche meine eigenen Fl\\u00fcge nach Reykjavik&quot;},&quot;price&quot;:0,&quot;status&quot;:&quot;available&quot;,&quot;language_hidden&quot;:[],&quot;startIncrement&quot;:0,&quot;endIncrement&quot;:0,&quot;var_name&quot;:&quot;flights2&quot;,&quot;category_label&quot;:{&quot;en&quot;:&quot;Flights&quot;,&quot;nl&quot;:&quot;Vluchten&quot;,&quot;fr&quot;:&quot;Vols&quot;,&quot;de&quot;:&quot;Deine Fl\\u00fcge&quot;}}],&quot;bookable&quot;:false,&quot;bookingUrl&quot;:&quot;https:\\\/\\\/booking.travelbase.eu\\\/albn26\\\/book?trip=10359&quot;,&quot;packageId&quot;:&quot;ALBN-AN25&quot;}},{&quot;type&quot;:&quot;departures&quot;,&quot;id&quot;:&quot;t10370&quot;,&quot;attributes&quot;:{&quot;name&quot;:&quot;ALBN26-W30-SAT&quot;,&quot;start&quot;:&quot;2026-07-25T10:00:00.000000Z&quot;,&quot;end&quot;:&quot;2026-08-01T12:00:00.000000Z&quot;,&quot;cheapestPrice&quot;:710,&quot;languages&quot;:[],&quot;availableSpots&quot;:0,&quot;bookedSpots&quot;:10,&quot;fakeLabel&quot;:&quot;sold out&quot;,&quot;availabilityLabel&quot;:&quot;sold out&quot;,&quot;promoLabel&quot;:null,&quot;calendarToggles&quot;:[{&quot;value&quot;:&quot;flights Amsterdam&quot;,&quot;label&quot;:{&quot;en&quot;:&quot;Flights from Amsterdam&quot;,&quot;nl&quot;:&quot;Vliegen vanuit Amsterdam&quot;,&quot;fr&quot;:&quot;Vols d&#039;Amsterdam&quot;,&quot;de&quot;:&quot;Ich fliege von Amsterdam aus&quot;},&quot;price&quot;:686,&quot;status&quot;:&quot;available&quot;,&quot;language_hidden&quot;:[],&quot;startIncrement&quot;:0,&quot;endIncrement&quot;:0,&quot;var_name&quot;:&quot;flights2&quot;,&quot;category_label&quot;:{&quot;en&quot;:&quot;Flights&quot;,&quot;nl&quot;:&quot;Vluchten&quot;,&quot;fr&quot;:&quot;Vols&quot;,&quot;de&quot;:&quot;Deine Fl\\u00fcge&quot;}},{&quot;value&quot;:&quot;flights Paris&quot;,&quot;label&quot;:{&quot;en&quot;:&quot;Flights from Paris&quot;,&quot;nl&quot;:&quot;Vliegen vanuit Parijs&quot;,&quot;fr&quot;:&quot;Vols de Paris&quot;,&quot;de&quot;:&quot;Ich fliege von Paris aus&quot;},&quot;price&quot;:705,&quot;status&quot;:&quot;available&quot;,&quot;language_hidden&quot;:[],&quot;startIncrement&quot;:0,&quot;endIncrement&quot;:0,&quot;var_name&quot;:&quot;flights2&quot;,&quot;category_label&quot;:{&quot;en&quot;:&quot;Flights&quot;,&quot;nl&quot;:&quot;Vluchten&quot;,&quot;fr&quot;:&quot;Vols&quot;,&quot;de&quot;:&quot;Deine Fl\\u00fcge&quot;}},{&quot;value&quot;:&quot;flights Brussels&quot;,&quot;label&quot;:{&quot;en&quot;:&quot;Flights from Brussels&quot;,&quot;nl&quot;:&quot;Vliegen vanuit Brussel&quot;,&quot;fr&quot;:&quot;Vols de Bruxelles&quot;,&quot;de&quot;:&quot;Ich fliege von Br\\u00fcssel aus&quot;},&quot;price&quot;:1123,&quot;status&quot;:&quot;available&quot;,&quot;language_hidden&quot;:[],&quot;startIncrement&quot;:0,&quot;endIncrement&quot;:0,&quot;var_name&quot;:&quot;flights2&quot;,&quot;category_label&quot;:{&quot;en&quot;:&quot;Flights&quot;,&quot;nl&quot;:&quot;Vluchten&quot;,&quot;fr&quot;:&quot;Vols&quot;,&quot;de&quot;:&quot;Deine Fl\\u00fcge&quot;}},{&quot;value&quot;:&quot;no flights&quot;,&quot;label&quot;:{&quot;en&quot;:&quot;No flights&quot;,&quot;nl&quot;:&quot;Geen vluchten&quot;,&quot;fr&quot;:&quot;Pas de vol&quot;,&quot;de&quot;:&quot;Ich buche meine eigenen Fl\\u00fcge nach Reykjavik&quot;},&quot;price&quot;:0,&quot;status&quot;:&quot;available&quot;,&quot;language_hidden&quot;:[],&quot;startIncrement&quot;:0,&quot;endIncrement&quot;:0,&quot;var_name&quot;:&quot;flights2&quot;,&quot;category_label&quot;:{&quot;en&quot;:&quot;Flights&quot;,&quot;nl&quot;:&quot;Vluchten&quot;,&quot;fr&quot;:&quot;Vols&quot;,&quot;de&quot;:&quot;Deine Fl\\u00fcge&quot;}}],&quot;bookable&quot;:false,&quot;bookingUrl&quot;:&quot;https:\\\/\\\/booking.travelbase.eu\\\/albn26\\\/book?trip=10370&quot;,&quot;packageId&quot;:&quot;ALBN-AN25&quot;}},{&quot;type&quot;:&quot;departures&quot;,&quot;id&quot;:&quot;t10360&quot;,&quot;attributes&quot;:{&quot;name&quot;:&quot;ALBN26-W31-WED&quot;,&quot;start&quot;:&quot;2026-07-29T10:00:00.000000Z&quot;,&quot;end&quot;:&quot;2026-08-05T12:00:00.000000Z&quot;,&quot;cheapestPrice&quot;:710,&quot;languages&quot;:[],&quot;availableSpots&quot;:0,&quot;bookedSpots&quot;:10,&quot;fakeLabel&quot;:&quot;sold out&quot;,&quot;availabilityLabel&quot;:&quot;sold out&quot;,&quot;promoLabel&quot;:null,&quot;calendarToggles&quot;:[{&quot;value&quot;:&quot;flights Amsterdam&quot;,&quot;label&quot;:{&quot;en&quot;:&quot;Flights from Amsterdam&quot;,&quot;nl&quot;:&quot;Vliegen vanuit Amsterdam&quot;,&quot;fr&quot;:&quot;Vols d&#039;Amsterdam&quot;,&quot;de&quot;:&quot;Ich fliege von Amsterdam aus&quot;},&quot;price&quot;:756,&quot;status&quot;:&quot;available&quot;,&quot;language_hidden&quot;:[],&quot;startIncrement&quot;:0,&quot;endIncrement&quot;:0,&quot;var_name&quot;:&quot;flights2&quot;,&quot;category_label&quot;:{&quot;en&quot;:&quot;Flights&quot;,&quot;nl&quot;:&quot;Vluchten&quot;,&quot;fr&quot;:&quot;Vols&quot;,&quot;de&quot;:&quot;Deine Fl\\u00fcge&quot;}},{&quot;value&quot;:&quot;flights Paris&quot;,&quot;label&quot;:{&quot;en&quot;:&quot;Flights from Paris&quot;,&quot;nl&quot;:&quot;Vliegen vanuit Parijs&quot;,&quot;fr&quot;:&quot;Vols de Paris&quot;,&quot;de&quot;:&quot;Ich fliege von Paris aus&quot;},&quot;price&quot;:863,&quot;status&quot;:&quot;available&quot;,&quot;language_hidden&quot;:[],&quot;startIncrement&quot;:0,&quot;endIncrement&quot;:0,&quot;var_name&quot;:&quot;flights2&quot;,&quot;category_label&quot;:{&quot;en&quot;:&quot;Flights&quot;,&quot;nl&quot;:&quot;Vluchten&quot;,&quot;fr&quot;:&quot;Vols&quot;,&quot;de&quot;:&quot;Deine Fl\\u00fcge&quot;}},{&quot;value&quot;:&quot;flights Brussels&quot;,&quot;label&quot;:{&quot;en&quot;:&quot;Flights from Brussels&quot;,&quot;nl&quot;:&quot;Vliegen vanuit Brussel&quot;,&quot;fr&quot;:&quot;Vols de Bruxelles&quot;,&quot;de&quot;:&quot;Ich fliege von Br\\u00fcssel aus&quot;},&quot;price&quot;:901,&quot;status&quot;:&quot;available&quot;,&quot;language_hidden&quot;:[],&quot;startIncrement&quot;:0,&quot;endIncrement&quot;:0,&quot;var_name&quot;:&quot;flights2&quot;,&quot;category_label&quot;:{&quot;en&quot;:&quot;Flights&quot;,&quot;nl&quot;:&quot;Vluchten&quot;,&quot;fr&quot;:&quot;Vols&quot;,&quot;de&quot;:&quot;Deine Fl\\u00fcge&quot;}},{&quot;value&quot;:&quot;no flights&quot;,&quot;label&quot;:{&quot;en&quot;:&quot;No flights&quot;,&quot;nl&quot;:&quot;Geen vluchten&quot;,&quot;fr&quot;:&quot;Pas de vol&quot;,&quot;de&quot;:&quot;Ich buche meine eigenen Fl\\u00fcge nach Reykjavik&quot;},&quot;price&quot;:0,&quot;status&quot;:&quot;available&quot;,&quot;language_hidden&quot;:[],&quot;startIncrement&quot;:0,&quot;endIncrement&quot;:0,&quot;var_name&quot;:&quot;flights2&quot;,&quot;category_label&quot;:{&quot;en&quot;:&quot;Flights&quot;,&quot;nl&quot;:&quot;Vluchten&quot;,&quot;fr&quot;:&quot;Vols&quot;,&quot;de&quot;:&quot;Deine Fl\\u00fcge&quot;}}],&quot;bookable&quot;:false,&quot;bookingUrl&quot;:&quot;https:\\\/\\\/booking.travelbase.eu\\\/albn26\\\/book?trip=10360&quot;,&quot;packageId&quot;:&quot;ALBN-AN25&quot;}},{&quot;type&quot;:&quot;departures&quot;,&quot;id&quot;:&quot;t10371&quot;,&quot;attributes&quot;:{&quot;name&quot;:&quot;ALBN26-W31-SAT&quot;,&quot;start&quot;:&quot;2026-08-01T10:00:00.000000Z&quot;,&quot;end&quot;:&quot;2026-08-08T12:00:00.000000Z&quot;,&quot;cheapestPrice&quot;:710,&quot;languages&quot;:[],&quot;availableSpots&quot;:0,&quot;bookedSpots&quot;:10,&quot;fakeLabel&quot;:&quot;sold out&quot;,&quot;availabilityLabel&quot;:&quot;sold out&quot;,&quot;promoLabel&quot;:null,&quot;calendarToggles&quot;:[{&quot;value&quot;:&quot;flights Amsterdam&quot;,&quot;label&quot;:{&quot;en&quot;:&quot;Flights from Amsterdam&quot;,&quot;nl&quot;:&quot;Vliegen vanuit Amsterdam&quot;,&quot;fr&quot;:&quot;Vols d&#039;Amsterdam&quot;,&quot;de&quot;:&quot;Ich fliege von Amsterdam aus&quot;},&quot;price&quot;:926,&quot;status&quot;:&quot;available&quot;,&quot;language_hidden&quot;:[],&quot;startIncrement&quot;:0,&quot;endIncrement&quot;:0,&quot;var_name&quot;:&quot;flights2&quot;,&quot;category_label&quot;:{&quot;en&quot;:&quot;Flights&quot;,&quot;nl&quot;:&quot;Vluchten&quot;,&quot;fr&quot;:&quot;Vols&quot;,&quot;de&quot;:&quot;Deine Fl\\u00fcge&quot;}},{&quot;value&quot;:&quot;flights Paris&quot;,&quot;label&quot;:{&quot;en&quot;:&quot;Flights from Paris&quot;,&quot;nl&quot;:&quot;Vliegen vanuit Parijs&quot;,&quot;fr&quot;:&quot;Vols de Paris&quot;,&quot;de&quot;:&quot;Ich fliege von Paris aus&quot;},&quot;price&quot;:1009,&quot;status&quot;:&quot;available&quot;,&quot;language_hidden&quot;:[],&quot;startIncrement&quot;:0,&quot;endIncrement&quot;:0,&quot;var_name&quot;:&quot;flights2&quot;,&quot;category_label&quot;:{&quot;en&quot;:&quot;Flights&quot;,&quot;nl&quot;:&quot;Vluchten&quot;,&quot;fr&quot;:&quot;Vols&quot;,&quot;de&quot;:&quot;Deine Fl\\u00fcge&quot;}},{&quot;value&quot;:&quot;flights Brussels&quot;,&quot;label&quot;:{&quot;en&quot;:&quot;Flights from Brussels&quot;,&quot;nl&quot;:&quot;Vliegen vanuit Brussel&quot;,&quot;fr&quot;:&quot;Vols de Bruxelles&quot;,&quot;de&quot;:&quot;Ich fliege von Br\\u00fcssel aus&quot;},&quot;price&quot;:false,&quot;status&quot;:&quot;disabled&quot;,&quot;language_hidden&quot;:[],&quot;startIncrement&quot;:0,&quot;endIncrement&quot;:0,&quot;var_name&quot;:&quot;flights2&quot;,&quot;category_label&quot;:{&quot;en&quot;:&quot;Flights&quot;,&quot;nl&quot;:&quot;Vluchten&quot;,&quot;fr&quot;:&quot;Vols&quot;,&quot;de&quot;:&quot;Deine Fl\\u00fcge&quot;}},{&quot;value&quot;:&quot;no flights&quot;,&quot;label&quot;:{&quot;en&quot;:&quot;No flights&quot;,&quot;nl&quot;:&quot;Geen vluchten&quot;,&quot;fr&quot;:&quot;Pas de vol&quot;,&quot;de&quot;:&quot;Ich buche meine eigenen Fl\\u00fcge nach Reykjavik&quot;},&quot;price&quot;:0,&quot;status&quot;:&quot;available&quot;,&quot;language_hidden&quot;:[],&quot;startIncrement&quot;:0,&quot;endIncrement&quot;:0,&quot;var_name&quot;:&quot;flights2&quot;,&quot;category_label&quot;:{&quot;en&quot;:&quot;Flights&quot;,&quot;nl&quot;:&quot;Vluchten&quot;,&quot;fr&quot;:&quot;Vols&quot;,&quot;de&quot;:&quot;Deine Fl\\u00fcge&quot;}}],&quot;bookable&quot;:false,&quot;bookingUrl&quot;:&quot;https:\\\/\\\/booking.travelbase.eu\\\/albn26\\\/book?trip=10371&quot;,&quot;packageId&quot;:&quot;ALBN-AN25&quot;}},{&quot;type&quot;:&quot;departures&quot;,&quot;id&quot;:&quot;t10361&quot;,&quot;attributes&quot;:{&quot;name&quot;:&quot;ALBN26-W32-WED&quot;,&quot;start&quot;:&quot;2026-08-05T10:00:00.000000Z&quot;,&quot;end&quot;:&quot;2026-08-12T12:00:00.000000Z&quot;,&quot;cheapestPrice&quot;:710,&quot;languages&quot;:[],&quot;availableSpots&quot;:0,&quot;bookedSpots&quot;:10,&quot;fakeLabel&quot;:&quot;sold out&quot;,&quot;availabilityLabel&quot;:&quot;sold out&quot;,&quot;promoLabel&quot;:null,&quot;calendarToggles&quot;:[{&quot;value&quot;:&quot;flights Amsterdam&quot;,&quot;label&quot;:{&quot;en&quot;:&quot;Flights from Amsterdam&quot;,&quot;nl&quot;:&quot;Vliegen vanuit Amsterdam&quot;,&quot;fr&quot;:&quot;Vols d&#039;Amsterdam&quot;,&quot;de&quot;:&quot;Ich fliege von Amsterdam aus&quot;},&quot;price&quot;:511,&quot;status&quot;:&quot;available&quot;,&quot;language_hidden&quot;:[],&quot;startIncrement&quot;:0,&quot;endIncrement&quot;:0,&quot;var_name&quot;:&quot;flights2&quot;,&quot;category_label&quot;:{&quot;en&quot;:&quot;Flights&quot;,&quot;nl&quot;:&quot;Vluchten&quot;,&quot;fr&quot;:&quot;Vols&quot;,&quot;de&quot;:&quot;Deine Fl\\u00fcge&quot;}},{&quot;value&quot;:&quot;flights Paris&quot;,&quot;label&quot;:{&quot;en&quot;:&quot;Flights from Paris&quot;,&quot;nl&quot;:&quot;Vliegen vanuit Parijs&quot;,&quot;fr&quot;:&quot;Vols de Paris&quot;,&quot;de&quot;:&quot;Ich fliege von Paris aus&quot;},&quot;price&quot;:611,&quot;status&quot;:&quot;available&quot;,&quot;language_hidden&quot;:[],&quot;startIncrement&quot;:0,&quot;endIncrement&quot;:0,&quot;var_name&quot;:&quot;flights2&quot;,&quot;category_label&quot;:{&quot;en&quot;:&quot;Flights&quot;,&quot;nl&quot;:&quot;Vluchten&quot;,&quot;fr&quot;:&quot;Vols&quot;,&quot;de&quot;:&quot;Deine Fl\\u00fcge&quot;}},{&quot;value&quot;:&quot;flights Brussels&quot;,&quot;label&quot;:{&quot;en&quot;:&quot;Flights from Brussels&quot;,&quot;nl&quot;:&quot;Vliegen vanuit Brussel&quot;,&quot;fr&quot;:&quot;Vols de Bruxelles&quot;,&quot;de&quot;:&quot;Ich fliege von Br\\u00fcssel aus&quot;},&quot;price&quot;:535,&quot;status&quot;:&quot;available&quot;,&quot;language_hidden&quot;:[],&quot;startIncrement&quot;:0,&quot;endIncrement&quot;:0,&quot;var_name&quot;:&quot;flights2&quot;,&quot;category_label&quot;:{&quot;en&quot;:&quot;Flights&quot;,&quot;nl&quot;:&quot;Vluchten&quot;,&quot;fr&quot;:&quot;Vols&quot;,&quot;de&quot;:&quot;Deine Fl\\u00fcge&quot;}},{&quot;value&quot;:&quot;no flights&quot;,&quot;label&quot;:{&quot;en&quot;:&quot;No flights&quot;,&quot;nl&quot;:&quot;Geen vluchten&quot;,&quot;fr&quot;:&quot;Pas de vol&quot;,&quot;de&quot;:&quot;Ich buche meine eigenen Fl\\u00fcge nach Reykjavik&quot;},&quot;price&quot;:0,&quot;status&quot;:&quot;available&quot;,&quot;language_hidden&quot;:[],&quot;startIncrement&quot;:0,&quot;endIncrement&quot;:0,&quot;var_name&quot;:&quot;flights2&quot;,&quot;category_label&quot;:{&quot;en&quot;:&quot;Flights&quot;,&quot;nl&quot;:&quot;Vluchten&quot;,&quot;fr&quot;:&quot;Vols&quot;,&quot;de&quot;:&quot;Deine Fl\\u00fcge&quot;}}],&quot;bookable&quot;:false,&quot;bookingUrl&quot;:&quot;https:\\\/\\\/booking.travelbase.eu\\\/albn26\\\/book?trip=10361&quot;,&quot;packageId&quot;:&quot;ALBN-AN25&quot;}},{&quot;type&quot;:&quot;departures&quot;,&quot;id&quot;:&quot;t10372&quot;,&quot;attributes&quot;:{&quot;name&quot;:&quot;ALBN26-W32-SAT&quot;,&quot;start&quot;:&quot;2026-08-08T10:00:00.000000Z&quot;,&quot;end&quot;:&quot;2026-08-15T12:00:00.000000Z&quot;,&quot;cheapestPrice&quot;:710,&quot;languages&quot;:[],&quot;availableSpots&quot;:0,&quot;bookedSpots&quot;:10,&quot;fakeLabel&quot;:&quot;sold out&quot;,&quot;availabilityLabel&quot;:&quot;sold out&quot;,&quot;promoLabel&quot;:null,&quot;calendarToggles&quot;:[{&quot;value&quot;:&quot;flights Amsterdam&quot;,&quot;label&quot;:{&quot;en&quot;:&quot;Flights from Amsterdam&quot;,&quot;nl&quot;:&quot;Vliegen vanuit Amsterdam&quot;,&quot;fr&quot;:&quot;Vols d&#039;Amsterdam&quot;,&quot;de&quot;:&quot;Ich fliege von Amsterdam aus&quot;},&quot;price&quot;:720,&quot;status&quot;:&quot;available&quot;,&quot;language_hidden&quot;:[],&quot;startIncrement&quot;:0,&quot;endIncrement&quot;:0,&quot;var_name&quot;:&quot;flights2&quot;,&quot;category_label&quot;:{&quot;en&quot;:&quot;Flights&quot;,&quot;nl&quot;:&quot;Vluchten&quot;,&quot;fr&quot;:&quot;Vols&quot;,&quot;de&quot;:&quot;Deine Fl\\u00fcge&quot;}},{&quot;value&quot;:&quot;flights Paris&quot;,&quot;label&quot;:{&quot;en&quot;:&quot;Flights from Paris&quot;,&quot;nl&quot;:&quot;Vliegen vanuit Parijs&quot;,&quot;fr&quot;:&quot;Vols de Paris&quot;,&quot;de&quot;:&quot;Ich fliege von Paris aus&quot;},&quot;price&quot;:818,&quot;status&quot;:&quot;available&quot;,&quot;language_hidden&quot;:[],&quot;startIncrement&quot;:0,&quot;endIncrement&quot;:0,&quot;var_name&quot;:&quot;flights2&quot;,&quot;category_label&quot;:{&quot;en&quot;:&quot;Flights&quot;,&quot;nl&quot;:&quot;Vluchten&quot;,&quot;fr&quot;:&quot;Vols&quot;,&quot;de&quot;:&quot;Deine Fl\\u00fcge&quot;}},{&quot;value&quot;:&quot;flights Brussels&quot;,&quot;label&quot;:{&quot;en&quot;:&quot;Flights from Brussels&quot;,&quot;nl&quot;:&quot;Vliegen vanuit Brussel&quot;,&quot;fr&quot;:&quot;Vols de Bruxelles&quot;,&quot;de&quot;:&quot;Ich fliege von Br\\u00fcssel aus&quot;},&quot;price&quot;:false,&quot;status&quot;:&quot;disabled&quot;,&quot;language_hidden&quot;:[],&quot;startIncrement&quot;:0,&quot;endIncrement&quot;:0,&quot;var_name&quot;:&quot;flights2&quot;,&quot;category_label&quot;:{&quot;en&quot;:&quot;Flights&quot;,&quot;nl&quot;:&quot;Vluchten&quot;,&quot;fr&quot;:&quot;Vols&quot;,&quot;de&quot;:&quot;Deine Fl\\u00fcge&quot;}},{&quot;value&quot;:&quot;no flights&quot;,&quot;label&quot;:{&quot;en&quot;:&quot;No flights&quot;,&quot;nl&quot;:&quot;Geen vluchten&quot;,&quot;fr&quot;:&quot;Pas de vol&quot;,&quot;de&quot;:&quot;Ich buche meine eigenen Fl\\u00fcge nach Reykjavik&quot;},&quot;price&quot;:0,&quot;status&quot;:&quot;available&quot;,&quot;language_hidden&quot;:[],&quot;startIncrement&quot;:0,&quot;endIncrement&quot;:0,&quot;var_name&quot;:&quot;flights2&quot;,&quot;category_label&quot;:{&quot;en&quot;:&quot;Flights&quot;,&quot;nl&quot;:&quot;Vluchten&quot;,&quot;fr&quot;:&quot;Vols&quot;,&quot;de&quot;:&quot;Deine Fl\\u00fcge&quot;}}],&quot;bookable&quot;:false,&quot;bookingUrl&quot;:&quot;https:\\\/\\\/booking.travelbase.eu\\\/albn26\\\/book?trip=10372&quot;,&quot;packageId&quot;:&quot;ALBN-AN25&quot;}},{&quot;type&quot;:&quot;departures&quot;,&quot;id&quot;:&quot;t10362&quot;,&quot;attributes&quot;:{&quot;name&quot;:&quot;ALBN26-W33-WED&quot;,&quot;start&quot;:&quot;2026-08-12T10:00:00.000000Z&quot;,&quot;end&quot;:&quot;2026-08-19T12:00:00.000000Z&quot;,&quot;cheapestPrice&quot;:695,&quot;languages&quot;:[],&quot;availableSpots&quot;:6,&quot;bookedSpots&quot;:6,&quot;fakeLabel&quot;:&quot;&quot;,&quot;availabilityLabel&quot;:&quot;&quot;,&quot;promoLabel&quot;:null,&quot;calendarToggles&quot;:[{&quot;value&quot;:&quot;flights Amsterdam&quot;,&quot;label&quot;:{&quot;en&quot;:&quot;Flights from Amsterdam&quot;,&quot;nl&quot;:&quot;Vliegen vanuit Amsterdam&quot;,&quot;fr&quot;:&quot;Vols d&#039;Amsterdam&quot;,&quot;de&quot;:&quot;Ich fliege von Amsterdam aus&quot;},&quot;price&quot;:469,&quot;status&quot;:&quot;available&quot;,&quot;language_hidden&quot;:[],&quot;startIncrement&quot;:0,&quot;endIncrement&quot;:0,&quot;var_name&quot;:&quot;flights2&quot;,&quot;category_label&quot;:{&quot;en&quot;:&quot;Flights&quot;,&quot;nl&quot;:&quot;Vluchten&quot;,&quot;fr&quot;:&quot;Vols&quot;,&quot;de&quot;:&quot;Deine Fl\\u00fcge&quot;}},{&quot;value&quot;:&quot;flights Paris&quot;,&quot;label&quot;:{&quot;en&quot;:&quot;Flights from Paris&quot;,&quot;nl&quot;:&quot;Vliegen vanuit Parijs&quot;,&quot;fr&quot;:&quot;Vols de Paris&quot;,&quot;de&quot;:&quot;Ich fliege von Paris aus&quot;},&quot;price&quot;:539,&quot;status&quot;:&quot;available&quot;,&quot;language_hidden&quot;:[],&quot;startIncrement&quot;:0,&quot;endIncrement&quot;:0,&quot;var_name&quot;:&quot;flights2&quot;,&quot;category_label&quot;:{&quot;en&quot;:&quot;Flights&quot;,&quot;nl&quot;:&quot;Vluchten&quot;,&quot;fr&quot;:&quot;Vols&quot;,&quot;de&quot;:&quot;Deine Fl\\u00fcge&quot;}},{&quot;value&quot;:&quot;flights Brussels&quot;,&quot;label&quot;:{&quot;en&quot;:&quot;Flights from Brussels&quot;,&quot;nl&quot;:&quot;Vliegen vanuit Brussel&quot;,&quot;fr&quot;:&quot;Vols de Bruxelles&quot;,&quot;de&quot;:&quot;Ich fliege von Br\\u00fcssel aus&quot;},&quot;price&quot;:491,&quot;status&quot;:&quot;available&quot;,&quot;language_hidden&quot;:[],&quot;startIncrement&quot;:0,&quot;endIncrement&quot;:0,&quot;var_name&quot;:&quot;flights2&quot;,&quot;category_label&quot;:{&quot;en&quot;:&quot;Flights&quot;,&quot;nl&quot;:&quot;Vluchten&quot;,&quot;fr&quot;:&quot;Vols&quot;,&quot;de&quot;:&quot;Deine Fl\\u00fcge&quot;}},{&quot;value&quot;:&quot;no flights&quot;,&quot;label&quot;:{&quot;en&quot;:&quot;No flights&quot;,&quot;nl&quot;:&quot;Geen vluchten&quot;,&quot;fr&quot;:&quot;Pas de vol&quot;,&quot;de&quot;:&quot;Ich buche meine eigenen Fl\\u00fcge nach Reykjavik&quot;},&quot;price&quot;:0,&quot;status&quot;:&quot;available&quot;,&quot;language_hidden&quot;:[],&quot;startIncrement&quot;:0,&quot;endIncrement&quot;:0,&quot;var_name&quot;:&quot;flights2&quot;,&quot;category_label&quot;:{&quot;en&quot;:&quot;Flights&quot;,&quot;nl&quot;:&quot;Vluchten&quot;,&quot;fr&quot;:&quot;Vols&quot;,&quot;de&quot;:&quot;Deine Fl\\u00fcge&quot;}}],&quot;bookable&quot;:true,&quot;bookingUrl&quot;:&quot;https:\\\/\\\/booking.travelbase.eu\\\/albn26\\\/book?trip=10362&quot;,&quot;packageId&quot;:&quot;ALBN-AN25&quot;}},{&quot;type&quot;:&quot;departures&quot;,&quot;id&quot;:&quot;t10373&quot;,&quot;attributes&quot;:{&quot;name&quot;:&quot;ALBN26-W33-SAT&quot;,&quot;start&quot;:&quot;2026-08-15T10:00:00.000000Z&quot;,&quot;end&quot;:&quot;2026-08-22T12:00:00.000000Z&quot;,&quot;cheapestPrice&quot;:710,&quot;languages&quot;:[],&quot;availableSpots&quot;:6,&quot;bookedSpots&quot;:6,&quot;fakeLabel&quot;:&quot;last stock&quot;,&quot;availabilityLabel&quot;:&quot;last spots&quot;,&quot;promoLabel&quot;:null,&quot;calendarToggles&quot;:[{&quot;value&quot;:&quot;flights Amsterdam&quot;,&quot;label&quot;:{&quot;en&quot;:&quot;Flights from Amsterdam&quot;,&quot;nl&quot;:&quot;Vliegen vanuit Amsterdam&quot;,&quot;fr&quot;:&quot;Vols d&#039;Amsterdam&quot;,&quot;de&quot;:&quot;Ich fliege von Amsterdam aus&quot;},&quot;price&quot;:621,&quot;status&quot;:&quot;available&quot;,&quot;language_hidden&quot;:[],&quot;startIncrement&quot;:0,&quot;endIncrement&quot;:0,&quot;var_name&quot;:&quot;flights2&quot;,&quot;category_label&quot;:{&quot;en&quot;:&quot;Flights&quot;,&quot;nl&quot;:&quot;Vluchten&quot;,&quot;fr&quot;:&quot;Vols&quot;,&quot;de&quot;:&quot;Deine Fl\\u00fcge&quot;}},{&quot;value&quot;:&quot;flights Paris&quot;,&quot;label&quot;:{&quot;en&quot;:&quot;Flights from Paris&quot;,&quot;nl&quot;:&quot;Vliegen vanuit Parijs&quot;,&quot;fr&quot;:&quot;Vols de Paris&quot;,&quot;de&quot;:&quot;Ich fliege von Paris aus&quot;},&quot;price&quot;:709,&quot;status&quot;:&quot;available&quot;,&quot;language_hidden&quot;:[],&quot;startIncrement&quot;:0,&quot;endIncrement&quot;:0,&quot;var_name&quot;:&quot;flights2&quot;,&quot;category_label&quot;:{&quot;en&quot;:&quot;Flights&quot;,&quot;nl&quot;:&quot;Vluchten&quot;,&quot;fr&quot;:&quot;Vols&quot;,&quot;de&quot;:&quot;Deine Fl\\u00fcge&quot;}},{&quot;value&quot;:&quot;flights Brussels&quot;,&quot;label&quot;:{&quot;en&quot;:&quot;Flights from Brussels&quot;,&quot;nl&quot;:&quot;Vliegen vanuit Brussel&quot;,&quot;fr&quot;:&quot;Vols de Bruxelles&quot;,&quot;de&quot;:&quot;Ich fliege von Br\\u00fcssel aus&quot;},&quot;price&quot;:false,&quot;status&quot;:&quot;disabled&quot;,&quot;language_hidden&quot;:[],&quot;startIncrement&quot;:0,&quot;endIncrement&quot;:0,&quot;var_name&quot;:&quot;flights2&quot;,&quot;category_label&quot;:{&quot;en&quot;:&quot;Flights&quot;,&quot;nl&quot;:&quot;Vluchten&quot;,&quot;fr&quot;:&quot;Vols&quot;,&quot;de&quot;:&quot;Deine Fl\\u00fcge&quot;}},{&quot;value&quot;:&quot;no flights&quot;,&quot;label&quot;:{&quot;en&quot;:&quot;No flights&quot;,&quot;nl&quot;:&quot;Geen vluchten&quot;,&quot;fr&quot;:&quot;Pas de vol&quot;,&quot;de&quot;:&quot;Ich buche meine eigenen Fl\\u00fcge nach Reykjavik&quot;},&quot;price&quot;:0,&quot;status&quot;:&quot;available&quot;,&quot;language_hidden&quot;:[],&quot;startIncrement&quot;:0,&quot;endIncrement&quot;:0,&quot;var_name&quot;:&quot;flights2&quot;,&quot;category_label&quot;:{&quot;en&quot;:&quot;Flights&quot;,&quot;nl&quot;:&quot;Vluchten&quot;,&quot;fr&quot;:&quot;Vols&quot;,&quot;de&quot;:&quot;Deine Fl\\u00fcge&quot;}}],&quot;bookable&quot;:true,&quot;bookingUrl&quot;:&quot;https:\\\/\\\/booking.travelbase.eu\\\/albn26\\\/book?trip=10373&quot;,&quot;packageId&quot;:&quot;ALBN-AN25&quot;}},{&quot;type&quot;:&quot;departures&quot;,&quot;id&quot;:&quot;t10363&quot;,&quot;attributes&quot;:{&quot;name&quot;:&quot;ALBN26-W34-WED&quot;,&quot;start&quot;:&quot;2026-08-19T10:00:00.000000Z&quot;,&quot;end&quot;:&quot;2026-08-26T12:00:00.000000Z&quot;,&quot;cheapestPrice&quot;:710,&quot;languages&quot;:[],&quot;availableSpots&quot;:0,&quot;bookedSpots&quot;:10,&quot;fakeLabel&quot;:&quot;sold out&quot;,&quot;availabilityLabel&quot;:&quot;sold out&quot;,&quot;promoLabel&quot;:null,&quot;calendarToggles&quot;:[{&quot;value&quot;:&quot;flights Amsterdam&quot;,&quot;label&quot;:{&quot;en&quot;:&quot;Flights from Amsterdam&quot;,&quot;nl&quot;:&quot;Vliegen vanuit Amsterdam&quot;,&quot;fr&quot;:&quot;Vols d&#039;Amsterdam&quot;,&quot;de&quot;:&quot;Ich fliege von Amsterdam aus&quot;},&quot;price&quot;:417,&quot;status&quot;:&quot;available&quot;,&quot;language_hidden&quot;:[],&quot;startIncrement&quot;:0,&quot;endIncrement&quot;:0,&quot;var_name&quot;:&quot;flights2&quot;,&quot;category_label&quot;:{&quot;en&quot;:&quot;Flights&quot;,&quot;nl&quot;:&quot;Vluchten&quot;,&quot;fr&quot;:&quot;Vols&quot;,&quot;de&quot;:&quot;Deine Fl\\u00fcge&quot;}},{&quot;value&quot;:&quot;flights Paris&quot;,&quot;label&quot;:{&quot;en&quot;:&quot;Flights from Paris&quot;,&quot;nl&quot;:&quot;Vliegen vanuit Parijs&quot;,&quot;fr&quot;:&quot;Vols de Paris&quot;,&quot;de&quot;:&quot;Ich fliege von Paris aus&quot;},&quot;price&quot;:449,&quot;status&quot;:&quot;available&quot;,&quot;language_hidden&quot;:[],&quot;startIncrement&quot;:0,&quot;endIncrement&quot;:0,&quot;var_name&quot;:&quot;flights2&quot;,&quot;category_label&quot;:{&quot;en&quot;:&quot;Flights&quot;,&quot;nl&quot;:&quot;Vluchten&quot;,&quot;fr&quot;:&quot;Vols&quot;,&quot;de&quot;:&quot;Deine Fl\\u00fcge&quot;}},{&quot;value&quot;:&quot;flights Brussels&quot;,&quot;label&quot;:{&quot;en&quot;:&quot;Flights from Brussels&quot;,&quot;nl&quot;:&quot;Vliegen vanuit Brussel&quot;,&quot;fr&quot;:&quot;Vols de Bruxelles&quot;,&quot;de&quot;:&quot;Ich fliege von Br\\u00fcssel aus&quot;},&quot;price&quot;:460,&quot;status&quot;:&quot;available&quot;,&quot;language_hidden&quot;:[],&quot;startIncrement&quot;:0,&quot;endIncrement&quot;:0,&quot;var_name&quot;:&quot;flights2&quot;,&quot;category_label&quot;:{&quot;en&quot;:&quot;Flights&quot;,&quot;nl&quot;:&quot;Vluchten&quot;,&quot;fr&quot;:&quot;Vols&quot;,&quot;de&quot;:&quot;Deine Fl\\u00fcge&quot;}},{&quot;value&quot;:&quot;no flights&quot;,&quot;label&quot;:{&quot;en&quot;:&quot;No flights&quot;,&quot;nl&quot;:&quot;Geen vluchten&quot;,&quot;fr&quot;:&quot;Pas de vol&quot;,&quot;de&quot;:&quot;Ich buche meine eigenen Fl\\u00fcge nach Reykjavik&quot;},&quot;price&quot;:0,&quot;status&quot;:&quot;available&quot;,&quot;language_hidden&quot;:[],&quot;startIncrement&quot;:0,&quot;endIncrement&quot;:0,&quot;var_name&quot;:&quot;flights2&quot;,&quot;category_label&quot;:{&quot;en&quot;:&quot;Flights&quot;,&quot;nl&quot;:&quot;Vluchten&quot;,&quot;fr&quot;:&quot;Vols&quot;,&quot;de&quot;:&quot;Deine Fl\\u00fcge&quot;}}],&quot;bookable&quot;:false,&quot;bookingUrl&quot;:&quot;https:\\\/\\\/booking.travelbase.eu\\\/albn26\\\/book?trip=10363&quot;,&quot;packageId&quot;:&quot;ALBN-AN25&quot;}},{&quot;type&quot;:&quot;departures&quot;,&quot;id&quot;:&quot;t10374&quot;,&quot;attributes&quot;:{&quot;name&quot;:&quot;ALBN26-W34-SAT&quot;,&quot;start&quot;:&quot;2026-08-22T10:00:00.000000Z&quot;,&quot;end&quot;:&quot;2026-08-29T12:00:00.000000Z&quot;,&quot;cheapestPrice&quot;:710,&quot;languages&quot;:[],&quot;availableSpots&quot;:0,&quot;bookedSpots&quot;:10,&quot;fakeLabel&quot;:&quot;sold out&quot;,&quot;availabilityLabel&quot;:&quot;sold out&quot;,&quot;promoLabel&quot;:null,&quot;calendarToggles&quot;:[{&quot;value&quot;:&quot;flights Amsterdam&quot;,&quot;label&quot;:{&quot;en&quot;:&quot;Flights from Amsterdam&quot;,&quot;nl&quot;:&quot;Vliegen vanuit Amsterdam&quot;,&quot;fr&quot;:&quot;Vols d&#039;Amsterdam&quot;,&quot;de&quot;:&quot;Ich fliege von Amsterdam aus&quot;},&quot;price&quot;:630,&quot;status&quot;:&quot;available&quot;,&quot;language_hidden&quot;:[],&quot;startIncrement&quot;:0,&quot;endIncrement&quot;:0,&quot;var_name&quot;:&quot;flights2&quot;,&quot;category_label&quot;:{&quot;en&quot;:&quot;Flights&quot;,&quot;nl&quot;:&quot;Vluchten&quot;,&quot;fr&quot;:&quot;Vols&quot;,&quot;de&quot;:&quot;Deine Fl\\u00fcge&quot;}},{&quot;value&quot;:&quot;flights Paris&quot;,&quot;label&quot;:{&quot;en&quot;:&quot;Flights from Paris&quot;,&quot;nl&quot;:&quot;Vliegen vanuit Parijs&quot;,&quot;fr&quot;:&quot;Vols de Paris&quot;,&quot;de&quot;:&quot;Ich fliege von Paris aus&quot;},&quot;price&quot;:693,&quot;status&quot;:&quot;available&quot;,&quot;language_hidden&quot;:[],&quot;startIncrement&quot;:0,&quot;endIncrement&quot;:0,&quot;var_name&quot;:&quot;flights2&quot;,&quot;category_label&quot;:{&quot;en&quot;:&quot;Flights&quot;,&quot;nl&quot;:&quot;Vluchten&quot;,&quot;fr&quot;:&quot;Vols&quot;,&quot;de&quot;:&quot;Deine Fl\\u00fcge&quot;}},{&quot;value&quot;:&quot;flights Brussels&quot;,&quot;label&quot;:{&quot;en&quot;:&quot;Flights from Brussels&quot;,&quot;nl&quot;:&quot;Vliegen vanuit Brussel&quot;,&quot;fr&quot;:&quot;Vols de Bruxelles&quot;,&quot;de&quot;:&quot;Ich fliege von Br\\u00fcssel aus&quot;},&quot;price&quot;:false,&quot;status&quot;:&quot;disabled&quot;,&quot;language_hidden&quot;:[],&quot;startIncrement&quot;:0,&quot;endIncrement&quot;:0,&quot;var_name&quot;:&quot;flights2&quot;,&quot;category_label&quot;:{&quot;en&quot;:&quot;Flights&quot;,&quot;nl&quot;:&quot;Vluchten&quot;,&quot;fr&quot;:&quot;Vols&quot;,&quot;de&quot;:&quot;Deine Fl\\u00fcge&quot;}},{&quot;value&quot;:&quot;no flights&quot;,&quot;label&quot;:{&quot;en&quot;:&quot;No flights&quot;,&quot;nl&quot;:&quot;Geen vluchten&quot;,&quot;fr&quot;:&quot;Pas de vol&quot;,&quot;de&quot;:&quot;Ich buche meine eigenen Fl\\u00fcge nach Reykjavik&quot;},&quot;price&quot;:0,&quot;status&quot;:&quot;available&quot;,&quot;language_hidden&quot;:[],&quot;startIncrement&quot;:0,&quot;endIncrement&quot;:0,&quot;var_name&quot;:&quot;flights2&quot;,&quot;category_label&quot;:{&quot;en&quot;:&quot;Flights&quot;,&quot;nl&quot;:&quot;Vluchten&quot;,&quot;fr&quot;:&quot;Vols&quot;,&quot;de&quot;:&quot;Deine Fl\\u00fcge&quot;}}],&quot;bookable&quot;:false,&quot;bookingUrl&quot;:&quot;https:\\\/\\\/booking.travelbase.eu\\\/albn26\\\/book?trip=10374&quot;,&quot;packageId&quot;:&quot;ALBN-AN25&quot;}},{&quot;type&quot;:&quot;departures&quot;,&quot;id&quot;:&quot;t10364&quot;,&quot;attributes&quot;:{&quot;name&quot;:&quot;ALBN26-W35-WED&quot;,&quot;start&quot;:&quot;2026-08-26T10:00:00.000000Z&quot;,&quot;end&quot;:&quot;2026-09-02T12:00:00.000000Z&quot;,&quot;cheapestPrice&quot;:710,&quot;languages&quot;:[],&quot;availableSpots&quot;:0,&quot;bookedSpots&quot;:10,&quot;fakeLabel&quot;:&quot;sold out&quot;,&quot;availabilityLabel&quot;:&quot;sold out&quot;,&quot;promoLabel&quot;:null,&quot;calendarToggles&quot;:[{&quot;value&quot;:&quot;flights Amsterdam&quot;,&quot;label&quot;:{&quot;en&quot;:&quot;Flights from Amsterdam&quot;,&quot;nl&quot;:&quot;Vliegen vanuit Amsterdam&quot;,&quot;fr&quot;:&quot;Vols d&#039;Amsterdam&quot;,&quot;de&quot;:&quot;Ich fliege von Amsterdam aus&quot;},&quot;price&quot;:439,&quot;status&quot;:&quot;available&quot;,&quot;language_hidden&quot;:[],&quot;startIncrement&quot;:0,&quot;endIncrement&quot;:0,&quot;var_name&quot;:&quot;flights2&quot;,&quot;category_label&quot;:{&quot;en&quot;:&quot;Flights&quot;,&quot;nl&quot;:&quot;Vluchten&quot;,&quot;fr&quot;:&quot;Vols&quot;,&quot;de&quot;:&quot;Deine Fl\\u00fcge&quot;}},{&quot;value&quot;:&quot;flights Paris&quot;,&quot;label&quot;:{&quot;en&quot;:&quot;Flights from Paris&quot;,&quot;nl&quot;:&quot;Vliegen vanuit Parijs&quot;,&quot;fr&quot;:&quot;Vols de Paris&quot;,&quot;de&quot;:&quot;Ich fliege von Paris aus&quot;},&quot;price&quot;:375,&quot;status&quot;:&quot;available&quot;,&quot;language_hidden&quot;:[],&quot;startIncrement&quot;:0,&quot;endIncrement&quot;:0,&quot;var_name&quot;:&quot;flights2&quot;,&quot;category_label&quot;:{&quot;en&quot;:&quot;Flights&quot;,&quot;nl&quot;:&quot;Vluchten&quot;,&quot;fr&quot;:&quot;Vols&quot;,&quot;de&quot;:&quot;Deine Fl\\u00fcge&quot;}},{&quot;value&quot;:&quot;flights Brussels&quot;,&quot;label&quot;:{&quot;en&quot;:&quot;Flights from Brussels&quot;,&quot;nl&quot;:&quot;Vliegen vanuit Brussel&quot;,&quot;fr&quot;:&quot;Vols de Bruxelles&quot;,&quot;de&quot;:&quot;Ich fliege von Br\\u00fcssel aus&quot;},&quot;price&quot;:416,&quot;status&quot;:&quot;available&quot;,&quot;language_hidden&quot;:[],&quot;startIncrement&quot;:0,&quot;endIncrement&quot;:0,&quot;var_name&quot;:&quot;flights2&quot;,&quot;category_label&quot;:{&quot;en&quot;:&quot;Flights&quot;,&quot;nl&quot;:&quot;Vluchten&quot;,&quot;fr&quot;:&quot;Vols&quot;,&quot;de&quot;:&quot;Deine Fl\\u00fcge&quot;}},{&quot;value&quot;:&quot;no flights&quot;,&quot;label&quot;:{&quot;en&quot;:&quot;No flights&quot;,&quot;nl&quot;:&quot;Geen vluchten&quot;,&quot;fr&quot;:&quot;Pas de vol&quot;,&quot;de&quot;:&quot;Ich buche meine eigenen Fl\\u00fcge nach Reykjavik&quot;},&quot;price&quot;:0,&quot;status&quot;:&quot;available&quot;,&quot;language_hidden&quot;:[],&quot;startIncrement&quot;:0,&quot;endIncrement&quot;:0,&quot;var_name&quot;:&quot;flights2&quot;,&quot;category_label&quot;:{&quot;en&quot;:&quot;Flights&quot;,&quot;nl&quot;:&quot;Vluchten&quot;,&quot;fr&quot;:&quot;Vols&quot;,&quot;de&quot;:&quot;Deine Fl\\u00fcge&quot;}}],&quot;bookable&quot;:false,&quot;bookingUrl&quot;:&quot;https:\\\/\\\/booking.travelbase.eu\\\/albn26\\\/book?trip=10364&quot;,&quot;packageId&quot;:&quot;ALBN-AN25&quot;}},{&quot;type&quot;:&quot;departures&quot;,&quot;id&quot;:&quot;t10375&quot;,&quot;attributes&quot;:{&quot;name&quot;:&quot;ALBN26-W35-SAT&quot;,&quot;start&quot;:&quot;2026-08-29T10:00:00.000000Z&quot;,&quot;end&quot;:&quot;2026-09-05T12:00:00.000000Z&quot;,&quot;cheapestPrice&quot;:710,&quot;languages&quot;:[],&quot;availableSpots&quot;:0,&quot;bookedSpots&quot;:10,&quot;fakeLabel&quot;:&quot;sold out&quot;,&quot;availabilityLabel&quot;:&quot;sold out&quot;,&quot;promoLabel&quot;:null,&quot;calendarToggles&quot;:[{&quot;value&quot;:&quot;flights Amsterdam&quot;,&quot;label&quot;:{&quot;en&quot;:&quot;Flights from Amsterdam&quot;,&quot;nl&quot;:&quot;Vliegen vanuit Amsterdam&quot;,&quot;fr&quot;:&quot;Vols d&#039;Amsterdam&quot;,&quot;de&quot;:&quot;Ich fliege von Amsterdam aus&quot;},&quot;price&quot;:526,&quot;status&quot;:&quot;available&quot;,&quot;language_hidden&quot;:[],&quot;startIncrement&quot;:0,&quot;endIncrement&quot;:0,&quot;var_name&quot;:&quot;flights2&quot;,&quot;category_label&quot;:{&quot;en&quot;:&quot;Flights&quot;,&quot;nl&quot;:&quot;Vluchten&quot;,&quot;fr&quot;:&quot;Vols&quot;,&quot;de&quot;:&quot;Deine Fl\\u00fcge&quot;}},{&quot;value&quot;:&quot;flights Paris&quot;,&quot;label&quot;:{&quot;en&quot;:&quot;Flights from Paris&quot;,&quot;nl&quot;:&quot;Vliegen vanuit Parijs&quot;,&quot;fr&quot;:&quot;Vols de Paris&quot;,&quot;de&quot;:&quot;Ich fliege von Paris aus&quot;},&quot;price&quot;:506,&quot;status&quot;:&quot;available&quot;,&quot;language_hidden&quot;:[],&quot;startIncrement&quot;:0,&quot;endIncrement&quot;:0,&quot;var_name&quot;:&quot;flights2&quot;,&quot;category_label&quot;:{&quot;en&quot;:&quot;Flights&quot;,&quot;nl&quot;:&quot;Vluchten&quot;,&quot;fr&quot;:&quot;Vols&quot;,&quot;de&quot;:&quot;Deine Fl\\u00fcge&quot;}},{&quot;value&quot;:&quot;flights Brussels&quot;,&quot;label&quot;:{&quot;en&quot;:&quot;Flights from Brussels&quot;,&quot;nl&quot;:&quot;Vliegen vanuit Brussel&quot;,&quot;fr&quot;:&quot;Vols de Bruxelles&quot;,&quot;de&quot;:&quot;Ich fliege von Br\\u00fcssel aus&quot;},&quot;price&quot;:535,&quot;status&quot;:&quot;available&quot;,&quot;language_hidden&quot;:[],&quot;startIncrement&quot;:0,&quot;endIncrement&quot;:0,&quot;var_name&quot;:&quot;flights2&quot;,&quot;category_label&quot;:{&quot;en&quot;:&quot;Flights&quot;,&quot;nl&quot;:&quot;Vluchten&quot;,&quot;fr&quot;:&quot;Vols&quot;,&quot;de&quot;:&quot;Deine Fl\\u00fcge&quot;}},{&quot;value&quot;:&quot;no flights&quot;,&quot;label&quot;:{&quot;en&quot;:&quot;No flights&quot;,&quot;nl&quot;:&quot;Geen vluchten&quot;,&quot;fr&quot;:&quot;Pas de vol&quot;,&quot;de&quot;:&quot;Ich buche meine eigenen Fl\\u00fcge nach Reykjavik&quot;},&quot;price&quot;:0,&quot;status&quot;:&quot;available&quot;,&quot;language_hidden&quot;:[],&quot;startIncrement&quot;:0,&quot;endIncrement&quot;:0,&quot;var_name&quot;:&quot;flights2&quot;,&quot;category_label&quot;:{&quot;en&quot;:&quot;Flights&quot;,&quot;nl&quot;:&quot;Vluchten&quot;,&quot;fr&quot;:&quot;Vols&quot;,&quot;de&quot;:&quot;Deine Fl\\u00fcge&quot;}}],&quot;bookable&quot;:false,&quot;bookingUrl&quot;:&quot;https:\\\/\\\/booking.travelbase.eu\\\/albn26\\\/book?trip=10375&quot;,&quot;packageId&quot;:&quot;ALBN-AN25&quot;}},{&quot;type&quot;:&quot;departures&quot;,&quot;id&quot;:&quot;t10365&quot;,&quot;attributes&quot;:{&quot;name&quot;:&quot;ALBN26-W36-WED&quot;,&quot;start&quot;:&quot;2026-09-02T10:00:00.000000Z&quot;,&quot;end&quot;:&quot;2026-09-09T12:00:00.000000Z&quot;,&quot;cheapestPrice&quot;:710,&quot;languages&quot;:[],&quot;availableSpots&quot;:0,&quot;bookedSpots&quot;:8,&quot;fakeLabel&quot;:&quot;sold out&quot;,&quot;availabilityLabel&quot;:&quot;sold out&quot;,&quot;promoLabel&quot;:null,&quot;calendarToggles&quot;:[{&quot;value&quot;:&quot;flights Amsterdam&quot;,&quot;label&quot;:{&quot;en&quot;:&quot;Flights from Amsterdam&quot;,&quot;nl&quot;:&quot;Vliegen vanuit Amsterdam&quot;,&quot;fr&quot;:&quot;Vols d&#039;Amsterdam&quot;,&quot;de&quot;:&quot;Ich fliege von Amsterdam aus&quot;},&quot;price&quot;:486,&quot;status&quot;:&quot;available&quot;,&quot;language_hidden&quot;:[],&quot;startIncrement&quot;:0,&quot;endIncrement&quot;:0,&quot;var_name&quot;:&quot;flights2&quot;,&quot;category_label&quot;:{&quot;en&quot;:&quot;Flights&quot;,&quot;nl&quot;:&quot;Vluchten&quot;,&quot;fr&quot;:&quot;Vols&quot;,&quot;de&quot;:&quot;Deine Fl\\u00fcge&quot;}},{&quot;value&quot;:&quot;flights Paris&quot;,&quot;label&quot;:{&quot;en&quot;:&quot;Flights from Paris&quot;,&quot;nl&quot;:&quot;Vliegen vanuit Parijs&quot;,&quot;fr&quot;:&quot;Vols de Paris&quot;,&quot;de&quot;:&quot;Ich fliege von Paris aus&quot;},&quot;price&quot;:465,&quot;status&quot;:&quot;available&quot;,&quot;language_hidden&quot;:[],&quot;startIncrement&quot;:0,&quot;endIncrement&quot;:0,&quot;var_name&quot;:&quot;flights2&quot;,&quot;category_label&quot;:{&quot;en&quot;:&quot;Flights&quot;,&quot;nl&quot;:&quot;Vluchten&quot;,&quot;fr&quot;:&quot;Vols&quot;,&quot;de&quot;:&quot;Deine Fl\\u00fcge&quot;}},{&quot;value&quot;:&quot;flights Brussels&quot;,&quot;label&quot;:{&quot;en&quot;:&quot;Flights from Brussels&quot;,&quot;nl&quot;:&quot;Vliegen vanuit Brussel&quot;,&quot;fr&quot;:&quot;Vols de Bruxelles&quot;,&quot;de&quot;:&quot;Ich fliege von Br\\u00fcssel aus&quot;},&quot;price&quot;:476,&quot;status&quot;:&quot;available&quot;,&quot;language_hidden&quot;:[],&quot;startIncrement&quot;:0,&quot;endIncrement&quot;:0,&quot;var_name&quot;:&quot;flights2&quot;,&quot;category_label&quot;:{&quot;en&quot;:&quot;Flights&quot;,&quot;nl&quot;:&quot;Vluchten&quot;,&quot;fr&quot;:&quot;Vols&quot;,&quot;de&quot;:&quot;Deine Fl\\u00fcge&quot;}},{&quot;value&quot;:&quot;no flights&quot;,&quot;label&quot;:{&quot;en&quot;:&quot;No flights&quot;,&quot;nl&quot;:&quot;Geen vluchten&quot;,&quot;fr&quot;:&quot;Pas de vol&quot;,&quot;de&quot;:&quot;Ich buche meine eigenen Fl\\u00fcge nach Reykjavik&quot;},&quot;price&quot;:0,&quot;status&quot;:&quot;available&quot;,&quot;language_hidden&quot;:[],&quot;startIncrement&quot;:0,&quot;endIncrement&quot;:0,&quot;var_name&quot;:&quot;flights2&quot;,&quot;category_label&quot;:{&quot;en&quot;:&quot;Flights&quot;,&quot;nl&quot;:&quot;Vluchten&quot;,&quot;fr&quot;:&quot;Vols&quot;,&quot;de&quot;:&quot;Deine Fl\\u00fcge&quot;}}],&quot;bookable&quot;:false,&quot;bookingUrl&quot;:&quot;https:\\\/\\\/booking.travelbase.eu\\\/albn26\\\/book?trip=10365&quot;,&quot;packageId&quot;:&quot;ALBN-AN25&quot;}},{&quot;type&quot;:&quot;departures&quot;,&quot;id&quot;:&quot;t11425&quot;,&quot;attributes&quot;:{&quot;name&quot;:&quot;ALBN26-W36-SAT&quot;,&quot;start&quot;:&quot;2026-09-05T10:00:00.000000Z&quot;,&quot;end&quot;:&quot;2026-09-12T12:00:00.000000Z&quot;,&quot;cheapestPrice&quot;:695,&quot;languages&quot;:[],&quot;availableSpots&quot;:6,&quot;bookedSpots&quot;:4,&quot;fakeLabel&quot;:&quot;&quot;,&quot;availabilityLabel&quot;:&quot;&quot;,&quot;promoLabel&quot;:&quot;&quot;,&quot;calendarToggles&quot;:[{&quot;value&quot;:&quot;flights Amsterdam&quot;,&quot;label&quot;:{&quot;en&quot;:&quot;Flights from Amsterdam&quot;,&quot;nl&quot;:&quot;Vliegen vanuit Amsterdam&quot;,&quot;fr&quot;:&quot;Vols d&#039;Amsterdam&quot;,&quot;de&quot;:&quot;Ich fliege von Amsterdam aus&quot;},&quot;price&quot;:633,&quot;status&quot;:&quot;available&quot;,&quot;language_hidden&quot;:[],&quot;startIncrement&quot;:0,&quot;endIncrement&quot;:0,&quot;var_name&quot;:&quot;flights2&quot;,&quot;category_label&quot;:{&quot;en&quot;:&quot;Flights&quot;,&quot;nl&quot;:&quot;Vluchten&quot;,&quot;fr&quot;:&quot;Vols&quot;,&quot;de&quot;:&quot;Deine Fl\\u00fcge&quot;}},{&quot;value&quot;:&quot;flights Paris&quot;,&quot;label&quot;:{&quot;en&quot;:&quot;Flights from Paris&quot;,&quot;nl&quot;:&quot;Vliegen vanuit Parijs&quot;,&quot;fr&quot;:&quot;Vols de Paris&quot;,&quot;de&quot;:&quot;Ich fliege von Paris aus&quot;},&quot;price&quot;:561,&quot;status&quot;:&quot;available&quot;,&quot;language_hidden&quot;:[],&quot;startIncrement&quot;:0,&quot;endIncrement&quot;:0,&quot;var_name&quot;:&quot;flights2&quot;,&quot;category_label&quot;:{&quot;en&quot;:&quot;Flights&quot;,&quot;nl&quot;:&quot;Vluchten&quot;,&quot;fr&quot;:&quot;Vols&quot;,&quot;de&quot;:&quot;Deine Fl\\u00fcge&quot;}},{&quot;value&quot;:&quot;flights Brussels&quot;,&quot;label&quot;:{&quot;en&quot;:&quot;Flights from Brussels&quot;,&quot;nl&quot;:&quot;Vliegen vanuit Brussel&quot;,&quot;fr&quot;:&quot;Vols de Bruxelles&quot;,&quot;de&quot;:&quot;Ich fliege von Br\\u00fcssel aus&quot;},&quot;price&quot;:615,&quot;status&quot;:&quot;available&quot;,&quot;language_hidden&quot;:[],&quot;startIncrement&quot;:0,&quot;endIncrement&quot;:0,&quot;var_name&quot;:&quot;flights2&quot;,&quot;category_label&quot;:{&quot;en&quot;:&quot;Flights&quot;,&quot;nl&quot;:&quot;Vluchten&quot;,&quot;fr&quot;:&quot;Vols&quot;,&quot;de&quot;:&quot;Deine Fl\\u00fcge&quot;}},{&quot;value&quot;:&quot;no flights&quot;,&quot;label&quot;:{&quot;en&quot;:&quot;No flights&quot;,&quot;nl&quot;:&quot;Geen vluchten&quot;,&quot;fr&quot;:&quot;Pas de vol&quot;,&quot;de&quot;:&quot;Ich buche meine eigenen Fl\\u00fcge nach Reykjavik&quot;},&quot;price&quot;:0,&quot;status&quot;:&quot;available&quot;,&quot;language_hidden&quot;:[],&quot;startIncrement&quot;:0,&quot;endIncrement&quot;:0,&quot;var_name&quot;:&quot;flights2&quot;,&quot;category_label&quot;:{&quot;en&quot;:&quot;Flights&quot;,&quot;nl&quot;:&quot;Vluchten&quot;,&quot;fr&quot;:&quot;Vols&quot;,&quot;de&quot;:&quot;Deine Fl\\u00fcge&quot;}}],&quot;bookable&quot;:true,&quot;bookingUrl&quot;:&quot;https:\\\/\\\/booking.travelbase.eu\\\/albn26\\\/book?trip=11425&quot;,&quot;packageId&quot;:&quot;ALBN-AN25&quot;}},{&quot;type&quot;:&quot;departures&quot;,&quot;id&quot;:&quot;t11427&quot;,&quot;attributes&quot;:{&quot;name&quot;:&quot;ALBN26-W37-WED&quot;,&quot;start&quot;:&quot;2026-09-09T10:00:00.000000Z&quot;,&quot;end&quot;:&quot;2026-09-16T12:00:00.000000Z&quot;,&quot;cheapestPrice&quot;:695,&quot;languages&quot;:[],&quot;availableSpots&quot;:0,&quot;bookedSpots&quot;:8,&quot;fakeLabel&quot;:&quot;sold out&quot;,&quot;availabilityLabel&quot;:&quot;sold out&quot;,&quot;promoLabel&quot;:&quot;&quot;,&quot;calendarToggles&quot;:[{&quot;value&quot;:&quot;flights Amsterdam&quot;,&quot;label&quot;:{&quot;en&quot;:&quot;Flights from Amsterdam&quot;,&quot;nl&quot;:&quot;Vliegen vanuit Amsterdam&quot;,&quot;fr&quot;:&quot;Vols d&#039;Amsterdam&quot;,&quot;de&quot;:&quot;Ich fliege von Amsterdam aus&quot;},&quot;price&quot;:473,&quot;status&quot;:&quot;available&quot;,&quot;language_hidden&quot;:[],&quot;startIncrement&quot;:0,&quot;endIncrement&quot;:0,&quot;var_name&quot;:&quot;flights2&quot;,&quot;category_label&quot;:{&quot;en&quot;:&quot;Flights&quot;,&quot;nl&quot;:&quot;Vluchten&quot;,&quot;fr&quot;:&quot;Vols&quot;,&quot;de&quot;:&quot;Deine Fl\\u00fcge&quot;}},{&quot;value&quot;:&quot;flights Paris&quot;,&quot;label&quot;:{&quot;en&quot;:&quot;Flights from Paris&quot;,&quot;nl&quot;:&quot;Vliegen vanuit Parijs&quot;,&quot;fr&quot;:&quot;Vols de Paris&quot;,&quot;de&quot;:&quot;Ich fliege von Paris aus&quot;},&quot;price&quot;:415,&quot;status&quot;:&quot;available&quot;,&quot;language_hidden&quot;:[],&quot;startIncrement&quot;:0,&quot;endIncrement&quot;:0,&quot;var_name&quot;:&quot;flights2&quot;,&quot;category_label&quot;:{&quot;en&quot;:&quot;Flights&quot;,&quot;nl&quot;:&quot;Vluchten&quot;,&quot;fr&quot;:&quot;Vols&quot;,&quot;de&quot;:&quot;Deine Fl\\u00fcge&quot;}},{&quot;value&quot;:&quot;flights Brussels&quot;,&quot;label&quot;:{&quot;en&quot;:&quot;Flights from Brussels&quot;,&quot;nl&quot;:&quot;Vliegen vanuit Brussel&quot;,&quot;fr&quot;:&quot;Vols de Bruxelles&quot;,&quot;de&quot;:&quot;Ich fliege von Br\\u00fcssel aus&quot;},&quot;price&quot;:458,&quot;status&quot;:&quot;available&quot;,&quot;language_hidden&quot;:[],&quot;startIncrement&quot;:0,&quot;endIncrement&quot;:0,&quot;var_name&quot;:&quot;flights2&quot;,&quot;category_label&quot;:{&quot;en&quot;:&quot;Flights&quot;,&quot;nl&quot;:&quot;Vluchten&quot;,&quot;fr&quot;:&quot;Vols&quot;,&quot;de&quot;:&quot;Deine Fl\\u00fcge&quot;}},{&quot;value&quot;:&quot;no flights&quot;,&quot;label&quot;:{&quot;en&quot;:&quot;No flights&quot;,&quot;nl&quot;:&quot;Geen vluchten&quot;,&quot;fr&quot;:&quot;Pas de vol&quot;,&quot;de&quot;:&quot;Ich buche meine eigenen Fl\\u00fcge nach Reykjavik&quot;},&quot;price&quot;:0,&quot;status&quot;:&quot;available&quot;,&quot;language_hidden&quot;:[],&quot;startIncrement&quot;:0,&quot;endIncrement&quot;:0,&quot;var_name&quot;:&quot;flights2&quot;,&quot;category_label&quot;:{&quot;en&quot;:&quot;Flights&quot;,&quot;nl&quot;:&quot;Vluchten&quot;,&quot;fr&quot;:&quot;Vols&quot;,&quot;de&quot;:&quot;Deine Fl\\u00fcge&quot;}}],&quot;bookable&quot;:false,&quot;bookingUrl&quot;:&quot;https:\\\/\\\/booking.travelbase.eu\\\/albn26\\\/book?trip=11427&quot;,&quot;packageId&quot;:&quot;ALBN-AN25&quot;}},{&quot;type&quot;:&quot;departures&quot;,&quot;id&quot;:&quot;t11426&quot;,&quot;attributes&quot;:{&quot;name&quot;:&quot;ALBN26-W37-SAT&quot;,&quot;start&quot;:&quot;2026-09-12T10:00:00.000000Z&quot;,&quot;end&quot;:&quot;2026-09-19T12:00:00.000000Z&quot;,&quot;cheapestPrice&quot;:695,&quot;languages&quot;:[],&quot;availableSpots&quot;:0,&quot;bookedSpots&quot;:8,&quot;fakeLabel&quot;:&quot;sold out&quot;,&quot;availabilityLabel&quot;:&quot;sold out&quot;,&quot;promoLabel&quot;:&quot;&quot;,&quot;calendarToggles&quot;:[{&quot;value&quot;:&quot;flights Amsterdam&quot;,&quot;label&quot;:{&quot;en&quot;:&quot;Flights from Amsterdam&quot;,&quot;nl&quot;:&quot;Vliegen vanuit Amsterdam&quot;,&quot;fr&quot;:&quot;Vols d&#039;Amsterdam&quot;,&quot;de&quot;:&quot;Ich fliege von Amsterdam aus&quot;},&quot;price&quot;:586,&quot;status&quot;:&quot;available&quot;,&quot;language_hidden&quot;:[],&quot;startIncrement&quot;:0,&quot;endIncrement&quot;:0,&quot;var_name&quot;:&quot;flights2&quot;,&quot;category_label&quot;:{&quot;en&quot;:&quot;Flights&quot;,&quot;nl&quot;:&quot;Vluchten&quot;,&quot;fr&quot;:&quot;Vols&quot;,&quot;de&quot;:&quot;Deine Fl\\u00fcge&quot;}},{&quot;value&quot;:&quot;flights Paris&quot;,&quot;label&quot;:{&quot;en&quot;:&quot;Flights from Paris&quot;,&quot;nl&quot;:&quot;Vliegen vanuit Parijs&quot;,&quot;fr&quot;:&quot;Vols de Paris&quot;,&quot;de&quot;:&quot;Ich fliege von Paris aus&quot;},&quot;price&quot;:545,&quot;status&quot;:&quot;available&quot;,&quot;language_hidden&quot;:[],&quot;startIncrement&quot;:0,&quot;endIncrement&quot;:0,&quot;var_name&quot;:&quot;flights2&quot;,&quot;category_label&quot;:{&quot;en&quot;:&quot;Flights&quot;,&quot;nl&quot;:&quot;Vluchten&quot;,&quot;fr&quot;:&quot;Vols&quot;,&quot;de&quot;:&quot;Deine Fl\\u00fcge&quot;}},{&quot;value&quot;:&quot;flights Brussels&quot;,&quot;label&quot;:{&quot;en&quot;:&quot;Flights from Brussels&quot;,&quot;nl&quot;:&quot;Vliegen vanuit Brussel&quot;,&quot;fr&quot;:&quot;Vols de Bruxelles&quot;,&quot;de&quot;:&quot;Ich fliege von Br\\u00fcssel aus&quot;},&quot;price&quot;:547,&quot;status&quot;:&quot;available&quot;,&quot;language_hidden&quot;:[],&quot;startIncrement&quot;:0,&quot;endIncrement&quot;:0,&quot;var_name&quot;:&quot;flights2&quot;,&quot;category_label&quot;:{&quot;en&quot;:&quot;Flights&quot;,&quot;nl&quot;:&quot;Vluchten&quot;,&quot;fr&quot;:&quot;Vols&quot;,&quot;de&quot;:&quot;Deine Fl\\u00fcge&quot;}},{&quot;value&quot;:&quot;no flights&quot;,&quot;label&quot;:{&quot;en&quot;:&quot;No flights&quot;,&quot;nl&quot;:&quot;Geen vluchten&quot;,&quot;fr&quot;:&quot;Pas de vol&quot;,&quot;de&quot;:&quot;Ich buche meine eigenen Fl\\u00fcge nach Reykjavik&quot;},&quot;price&quot;:0,&quot;status&quot;:&quot;available&quot;,&quot;language_hidden&quot;:[],&quot;startIncrement&quot;:0,&quot;endIncrement&quot;:0,&quot;var_name&quot;:&quot;flights2&quot;,&quot;category_label&quot;:{&quot;en&quot;:&quot;Flights&quot;,&quot;nl&quot;:&quot;Vluchten&quot;,&quot;fr&quot;:&quot;Vols&quot;,&quot;de&quot;:&quot;Deine Fl\\u00fcge&quot;}}],&quot;bookable&quot;:false,&quot;bookingUrl&quot;:&quot;https:\\\/\\\/booking.travelbase.eu\\\/albn26\\\/book?trip=11426&quot;,&quot;packageId&quot;:&quot;ALBN-AN25&quot;}},{&quot;type&quot;:&quot;departures&quot;,&quot;id&quot;:&quot;t11428&quot;,&quot;attributes&quot;:{&quot;name&quot;:&quot;ALBN26-W38-WED&quot;,&quot;start&quot;:&quot;2026-09-16T10:00:00.000000Z&quot;,&quot;end&quot;:&quot;2026-09-23T12:00:00.000000Z&quot;,&quot;cheapestPrice&quot;:695,&quot;languages&quot;:[],&quot;availableSpots&quot;:0,&quot;bookedSpots&quot;:8,&quot;fakeLabel&quot;:&quot;sold out&quot;,&quot;availabilityLabel&quot;:&quot;sold out&quot;,&quot;promoLabel&quot;:&quot;&quot;,&quot;calendarToggles&quot;:[{&quot;value&quot;:&quot;flights Amsterdam&quot;,&quot;label&quot;:{&quot;en&quot;:&quot;Flights from Amsterdam&quot;,&quot;nl&quot;:&quot;Vliegen vanuit Amsterdam&quot;,&quot;fr&quot;:&quot;Vols d&#039;Amsterdam&quot;,&quot;de&quot;:&quot;Ich fliege von Amsterdam aus&quot;},&quot;price&quot;:448,&quot;status&quot;:&quot;available&quot;,&quot;language_hidden&quot;:[],&quot;startIncrement&quot;:0,&quot;endIncrement&quot;:0,&quot;var_name&quot;:&quot;flights2&quot;,&quot;category_label&quot;:{&quot;en&quot;:&quot;Flights&quot;,&quot;nl&quot;:&quot;Vluchten&quot;,&quot;fr&quot;:&quot;Vols&quot;,&quot;de&quot;:&quot;Deine Fl\\u00fcge&quot;}},{&quot;value&quot;:&quot;flights Paris&quot;,&quot;label&quot;:{&quot;en&quot;:&quot;Flights from Paris&quot;,&quot;nl&quot;:&quot;Vliegen vanuit Parijs&quot;,&quot;fr&quot;:&quot;Vols de Paris&quot;,&quot;de&quot;:&quot;Ich fliege von Paris aus&quot;},&quot;price&quot;:415,&quot;status&quot;:&quot;available&quot;,&quot;language_hidden&quot;:[],&quot;startIncrement&quot;:0,&quot;endIncrement&quot;:0,&quot;var_name&quot;:&quot;flights2&quot;,&quot;category_label&quot;:{&quot;en&quot;:&quot;Flights&quot;,&quot;nl&quot;:&quot;Vluchten&quot;,&quot;fr&quot;:&quot;Vols&quot;,&quot;de&quot;:&quot;Deine Fl\\u00fcge&quot;}},{&quot;value&quot;:&quot;flights Brussels&quot;,&quot;label&quot;:{&quot;en&quot;:&quot;Flights from Brussels&quot;,&quot;nl&quot;:&quot;Vliegen vanuit Brussel&quot;,&quot;fr&quot;:&quot;Vols de Bruxelles&quot;,&quot;de&quot;:&quot;Ich fliege von Br\\u00fcssel aus&quot;},&quot;price&quot;:458,&quot;status&quot;:&quot;available&quot;,&quot;language_hidden&quot;:[],&quot;startIncrement&quot;:0,&quot;endIncrement&quot;:0,&quot;var_name&quot;:&quot;flights2&quot;,&quot;category_label&quot;:{&quot;en&quot;:&quot;Flights&quot;,&quot;nl&quot;:&quot;Vluchten&quot;,&quot;fr&quot;:&quot;Vols&quot;,&quot;de&quot;:&quot;Deine Fl\\u00fcge&quot;}},{&quot;value&quot;:&quot;no flights&quot;,&quot;label&quot;:{&quot;en&quot;:&quot;No flights&quot;,&quot;nl&quot;:&quot;Geen vluchten&quot;,&quot;fr&quot;:&quot;Pas de vol&quot;,&quot;de&quot;:&quot;Ich buche meine eigenen Fl\\u00fcge nach Reykjavik&quot;},&quot;price&quot;:0,&quot;status&quot;:&quot;available&quot;,&quot;language_hidden&quot;:[],&quot;startIncrement&quot;:0,&quot;endIncrement&quot;:0,&quot;var_name&quot;:&quot;flights2&quot;,&quot;category_label&quot;:{&quot;en&quot;:&quot;Flights&quot;,&quot;nl&quot;:&quot;Vluchten&quot;,&quot;fr&quot;:&quot;Vols&quot;,&quot;de&quot;:&quot;Deine Fl\\u00fcge&quot;}}],&quot;bookable&quot;:false,&quot;bookingUrl&quot;:&quot;https:\\\/\\\/booking.travelbase.eu\\\/albn26\\\/book?trip=11428&quot;,&quot;packageId&quot;:&quot;ALBN-AN25&quot;}}]}\" data-summary-content=\"Pour confirmer votre inscription, nous vous demandons de verser un acompte de 35% dans les 5 jours.\" data-summary-inclusive='[{&quot;remark&quot;:&quot;Un SUV enti\\u00e8rement \\u00e9quip\\u00e9 avec tente de toit.&quot;,&quot;rowid&quot;:&quot;68496aed6bbfe&quot;},{&quot;remark&quot;:&quot;7 nuits dans des campings uniques.&quot;,&quot;rowid&quot;:&quot;68496aed6bc1d&quot;},{&quot;remark&quot;:&quot;Un carnet de route d\\u00e9taill\\u00e9 avec l&#039;itin\\u00e9raire complet, des explications sur chaque journ\\u00e9e et des conseils et astuces utiles.&quot;,&quot;rowid&quot;:&quot;68496aed6bc3a&quot;},{&quot;remark&quot;:&quot;Acc\\u00e8s \\u00e0 une application exclusive contenant toutes sortes d&#039;informations et une carte interactive.&quot;,&quot;rowid&quot;:&quot;68496aed6bc56&quot;},{&quot;remark&quot;:&quot;Mat\\u00e9riel de couchage : un matelas double, sacs de couchage et des oreillers.&quot;,&quot;rowid&quot;:&quot;68496aed6bc71&quot;},{&quot;remark&quot;:&quot;Mat\\u00e9riel de camping : une table de camping et des tabourets.&quot;,&quot;rowid&quot;:&quot;68496aed6bc8c&quot;},{&quot;remark&quot;:&quot;Mat\\u00e9riel de cuisine : une po\\u00eale, une casserole, une gazini\\u00e8re, des assiettes et des tasses.&quot;,&quot;rowid&quot;:&quot;68496aed6bca7&quot;},{&quot;remark&quot;:&quot;Assistance avant et pendant votre voyage.&quot;,&quot;rowid&quot;:&quot;68496aed6bcca&quot;}]'><\/div>\n        <\/div>\n    <\/div>\n\n\n\n<div class=\"tb-reviewroll tb-block align-center background-light pattern-none variant-none tb-collapsible-margins\" id=\"reviews\">\n\t\t<div class=\"inner-block tb-fade-in tb-fade-in--subtle\">\n\t\t<div class=\"text-part\">\n\t\t\t<h2>Wat andere Nomads over ons schreven...<\/h2>\n\t\t<\/div>\n\n\t\t<div class=\"average-reviews-wrapper\" data-embed-social-id=\"b0ff53b6da69c89beca10ef7bb76aa0ece1708fa\" data-reviews-redirect-url=\"\">\n\t\t<\/div>\n\t<\/div>\n\t<div class=\"inner-block-full-width has-tb-carousel\">\n\t\t<!-- <div class=\"inner-block tb-fade-in tb-fade-in--subtle\"> -->\n\n\t\t<div class=\"reviews-wrapper\" data-embed-social-id=\"b0ff53b6da69c89beca10ef7bb76aa0ece1708fa\" data-per-page=\"5\" data-type-code=\"travelbase\"\">\n\t\t\t<div class=\"tb-ajax-loader\">\n\t\t<\/div>\n\t<\/div>\n\n\t<!-- <\/div> -->\n<\/div>\n<\/div>\n\n\n<div class=\"hide-some tb-faq tb-block align-center background-light pattern-default variant-none tb-collapsible-margins\" id=\"faq\">\n\t<div class=\"inner-block tb-fade-in tb-fade-in--subtle\">\n\t\t<div class=\"text-part\">\n\t\t\t<h2>FAQ<\/h2>\n\t\t\t\t\t<div class=\"translation-block\"><p>Hieronder vind je een antwoord op veelgestelde vragen over Albania Nomads. Heb je nog andere vragen, neem dan gerust <a href=\"mailto:info@albanianomads.com\" target=\"_blank\">contact<\/a> op met ons.<\/p><\/div>\n\t\t\t<\/div>\n\t<\/div>\n\t<div class=\"inner-block\">\n\n\t\t\t\t\t<div class=\"faq-list tb-accordion tb-accordion--animation two-col\">\n\t\t\t\t\t\t\t\t\t<details class=\"details\">\n\t\t\t\t\t\t<summary class=\"summary\"><div>Welke documenten heb ik nodig om naar Albani\u00eb te reizen? <\/div><\/summary>\n\t\t\t\t\t\t<div class=\"content text-part\">\n\t\t\t\t\t\t\t\t\t<div class=\"translation-block\"><ul><li>Een geldige <strong>identiteitskaart<\/strong> of een internationaal <strong>paspoort<\/strong> dat nog minstens 6 maanden geldig is na je terugkeer.<\/li><li>Een nationaal, Europees of internationaal <strong>rijbewijs<\/strong>.<\/li><\/ul><\/div>\n\t\t\t\t\t\t\t<\/div>\n\t\t\t\t\t<\/details>\n\t\t\t\t\t\t\t\t\t<details class=\"details\">\n\t\t\t\t\t\t<summary class=\"summary\"><div>Hoe oud moet je zijn om in Albani\u00eb te rijden?<\/div><\/summary>\n\t\t\t\t\t\t<div class=\"content text-part\">\n\t\t\t\t\t\t\t\t\t<div class=\"translation-block\"><p>Voor deze reis moet je <strong>minstens 21 jaar<\/strong> oud zijn en <strong>minstens 2 jaar<\/strong> in het bezit zijn van <strong>een geldig rijbewijs.&nbsp;<\/strong><\/p><\/div>\n\t\t\t\t\t\t\t<\/div>\n\t\t\t\t\t<\/details>\n\t\t\t\t\t\t\t\t\t<details class=\"details\">\n\t\t\t\t\t\t<summary class=\"summary\"><div>Wat staat er in het roadbook?<\/div><\/summary>\n\t\t\t\t\t\t<div class=\"content text-part\">\n\t\t\t\t\t\t\t\t\t<div class=\"translation-block\"><p><strong>Het roadbook bevat alle nodige informatie<\/strong> voor een geslaagde reis door Albani\u00eb.<\/p><p>Het volledige <strong>traject<\/strong> is uitgestippeld. Je komt langs de <strong>bekendste plekken<\/strong> van Albani\u00eb, maar we leiden je ook naar <strong>verborgen parels<\/strong> die je in de meeste reisgidsen nog niet terugvindt. We geven je een reeks adressen mee, maar uiteraard ben je helemaal vrij om onderweg te stoppen of extra haltes toe te voegen.<\/p><p>Daarnaast vind je in het roadbook ook een selectie <strong>unieke adresjes<\/strong> waar je \u2019s avonds iets kan drinken of eten.<\/p><\/div>\n\t\t\t\t\t\t\t<\/div>\n\t\t\t\t\t<\/details>\n\t\t\t\t\t\t\t\t\t<details class=\"details\">\n\t\t\t\t\t\t<summary class=\"summary\"><div>Wat zijn de extra kosten?<\/div><\/summary>\n\t\t\t\t\t\t<div class=\"content text-part\">\n\t\t\t\t\t\t\t\t\t<div class=\"translation-block\"><ul><li><strong>Brandstof<\/strong>: \u00b1 \u20ac250 voor de hele reis<\/li><li><strong>Eten en drinken:<\/strong> zie <a href=\"#info\">hierboven<\/a> voor meer info<\/li><li><strong>Toegangstickets<\/strong>: voor bepaalde toeristische bezienswaardigheden<\/li><li><strong>Parkeren<\/strong>: in steden of bij toeristische sites<\/li><\/ul><\/div>\n\t\t\t\t\t\t\t<\/div>\n\t\t\t\t\t<\/details>\n\t\t\t\t\t\t\t\t\t<details class=\"details\">\n\t\t\t\t\t\t<summary class=\"summary\"><div>Kan ik de reis naar eigen wens aanpassen?<\/div><\/summary>\n\t\t\t\t\t\t<div class=\"content text-part\">\n\t\t\t\t\t\t\t\t\t<div class=\"translation-block\"><p>Wij bieden een volledig uitgestippelde rondreis door Albani\u00eb aan, waardoor het niet mogelijk is om de reisduur en planning aan te passen.&nbsp;<\/p><p>Je bent uiteraard vrij om je reis op eigen initiatief te verlengen, door bijvoorbeeld naar een ander land verder te reizen.&nbsp;<\/p><\/div>\n\t\t\t\t\t\t\t<\/div>\n\t\t\t\t\t<\/details>\n\t\t\t\t\t\t\t\t\t<details class=\"details\">\n\t\t\t\t\t\t<summary class=\"summary\"><div>Met hoeveel personen kun je vertrekken?<\/div><\/summary>\n\t\t\t\t\t\t<div class=\"content text-part\">\n\t\t\t\t\t\t\t\t\t<div class=\"translation-block\"><p>Albania Nomads is speciaal ontworpen voor groepen van 2-<strong>3 personen<\/strong>.<\/p><p>Wil je met meer dan 2-3 personen reizen? Dat is mogelijk, maar dan moeten er meerdere kleine groepen gevormd worden. Elke groep moet zich apart inschrijven en krijgt een eigen auto toegewezen. <a href=\"https:\/\/albanianomads.com\/nl\/contact\/\" target=\"_blank\">Neem gerust vooraf contact met ons op<\/a> om de beschikbaarheid te controleren.<\/p><\/div>\n\t\t\t\t\t\t\t<\/div>\n\t\t\t\t\t<\/details>\n\t\t\t\t\t\t\t\t\t<details class=\"details\">\n\t\t\t\t\t\t<summary class=\"summary\"><div>Kan ik deze reis solo boeken?<\/div><\/summary>\n\t\t\t\t\t\t<div class=\"content text-part\">\n\t\t\t\t\t\t\t\t\t<div class=\"translation-block\"><p>Onze roadtrip is behoorlijk intensief. Daarom raden we je aan om met minstens 2-3 personen te reizen.<\/p><p>Verder zijn de prijzen ook telkens berekend op basis van 2-3 personen. Het is mogelijk om de roadtrip in je eentje te doen, maar dan zal je de dubbele basisprijs moeten betalen.<\/p><\/div>\n\t\t\t\t\t\t\t<\/div>\n\t\t\t\t\t<\/details>\n\t\t\t\t\t\t\t\t\t<details class=\"details\">\n\t\t\t\t\t\t<summary class=\"summary\"><div>Hoe verloopt de betalingsprocedure?<\/div><\/summary>\n\t\t\t\t\t\t<div class=\"content text-part\">\n\t\t\t\t\t\t\t\t\t<div class=\"translation-block\"><p><strong>Binnen de 5 dagen<\/strong> na je inschrijving zal je een <strong>voorschot van 35%<\/strong> moeten betalen om je rondreis te bevestigen. Daarna heb je nog tot <strong>45 dagen voor vertrek om je opties te wijzigen en het restbedrag te betalen<\/strong>. Als je wijzigingen aanbrengt, wordt het voorschot automatisch herberekend.<\/p><p>Daarnaast zal je kort voor vertrek ook nog een waarborg moeten betalen indien je niet koos voor de schadevrijstelling.&nbsp;<\/p><p>Er zijn diverse betaalmogelijkheden. Is je betaling mislukt? Dan is er waarschijnlijk een fout opgetreden bij het invoeren van het referentienummer of heb je de limiet van je rekening overschreden.<\/p><\/div>\n\t\t\t\t\t\t\t<\/div>\n\t\t\t\t\t<\/details>\n\t\t\t\t\t\t\t\t\t<details class=\"details\">\n\t\t\t\t\t\t<summary class=\"summary\"><div>Kan ik mijn reis nog annuleren?<\/div><\/summary>\n\t\t\t\t\t\t<div class=\"content text-part\">\n\t\t\t\t\t\t\t\t\t<div class=\"translation-block\"><p>Het is altijd mogelijk om je reis te annuleren. Raadpleeg de <a href=\"https:\/\/static.travelbase.eu\/u\/source\/Nomads_Trips\/NOMADS_CANCELLATION_INSURANCE_NL.pdf\" target=\"_blank\">annuleringsvoorwaarden<\/a>.&nbsp;<\/p><\/div>\n\t\t\t\t\t\t\t<\/div>\n\t\t\t\t\t<\/details>\n\t\t\t\t\t\t\t\t\t<details class=\"details\">\n\t\t\t\t\t\t<summary class=\"summary\"><div>Is er ondersteuning ter plaatse?<\/div><\/summary>\n\t\t\t\t\t\t<div class=\"content text-part\">\n\t\t\t\t\t\t\t\t\t<div class=\"translation-block\"><p>Tijdens je rondreis kan je allerlei nuttige informatie terugvinden in onze <a href=\"https:\/\/albanianomads.com\/nl\/app\/\" target=\"_blank\">Travelbase app<\/a>.&nbsp;<\/p><p>Daarnaast krijg je vlak voor vertrek toegang tot <strong>een chat in de app<\/strong> met alle deelnemers die op dezelfde datum vertrekken. In deze chat kunnen jullie met elkaar communiceren. Bij problemen staan onze autopartner en iemand van het team voor jullie klaar.<\/p><\/div>\n\t\t\t\t\t\t\t<\/div>\n\t\t\t\t\t<\/details>\n\t\t\t\t\t\t\t\t\t<details class=\"details\">\n\t\t\t\t\t\t<summary class=\"summary\"><div>Hoe kan ik een steentje bijdragen aan de natuur?<\/div><\/summary>\n\t\t\t\t\t\t<div class=\"content text-part\">\n\t\t\t\t\t\t\t\t\t<div class=\"translation-block\"><p>Dankzij onze samenwerking met&nbsp;<strong>Greentripper<\/strong>&nbsp;kan je de CO2-uitstoot van je reis terug in balans brengen. Je bijdrage gaat naar het&nbsp;<strong>gecertificeerde project in Oeganda<\/strong>&nbsp;en help je bij de distributie van effici\u00ebntere kooktoestellen die het brandstofverbruik aanzienlijk verminderen. Travelbase draagt hier ook aan bij.<\/p><p><a href=\"http:\/\/travelbase.eu\/impact\" target=\"_blank\">Ontdek alles over de initiatieven die Travelbase neemt.<\/a><\/p><\/div>\n\t\t\t\t\t\t\t<\/div>\n\t\t\t\t\t<\/details>\n\t\t\t\t\t\t\t\t\t<details class=\"details\">\n\t\t\t\t\t\t<summary class=\"summary\"><div>Wat zijn de Superflex annuleringsvoorwaarden?<\/div><\/summary>\n\t\t\t\t\t\t<div class=\"content text-part\">\n\t\t\t\t\t\t\t\t\t<div class=\"translation-block\"><p>Met de Superflex annuleringsvoorwaarden kan je <strong>jouw reis in hetzelfde jaar verplaatsen op basis van beschikbaarheid, of gratis annuleren<\/strong> (inclusief de vluchten) tot 01\/03\/2026. Deze optie is gratis beschikbaar voor mensen die in de eerste weken hebben geboekt.<\/p><\/div>\n\t\t\t\t\t\t\t<\/div>\n\t\t\t\t\t<\/details>\n\t\t\t\t\t\t\t\t\t<details class=\"details\">\n\t\t\t\t\t\t<summary class=\"summary\"><div>Als ik het voorschot niet binnen 5 dagen betaal, wordt mijn reis dan geannuleerd?<\/div><\/summary>\n\t\t\t\t\t\t<div class=\"content text-part\">\n\t\t\t\t\t\t\t\t\t<div class=\"translation-block\"><p>Ja, je reservering wordt automatisch geannuleerd als de aanbetaling niet op tijd is betaald. Dit stelt ons in staat om de plaatsen vrij te maken voor andere reizigers. Je kunt natuurlijk opnieuw reserveren als er nog beschikbaarheid is.<\/p><\/div>\n\t\t\t\t\t\t\t<\/div>\n\t\t\t\t\t<\/details>\n\t\t\t\t\t\t\t\t\t<details class=\"details\">\n\t\t\t\t\t\t<summary class=\"summary\"><div>Kan ik alleen campings reserveren of een auto huren via Albania Nomads?<\/div><\/summary>\n\t\t\t\t\t\t<div class=\"content text-part\">\n\t\t\t\t\t\t\t\t\t<div class=\"translation-block\"><p>Nee, het is niet mogelijk om alleen campings te reserveren of een auto apart te huren. De reis wordt aangeboden als een compleet pakket om een soepele en zorgeloze ervaring te garanderen.<\/p><\/div>\n\t\t\t\t\t\t\t<\/div>\n\t\t\t\t\t<\/details>\n\t\t\t\t\t\t\t\t\t<details class=\"details\">\n\t\t\t\t\t\t<summary class=\"summary\"><div>Kan ik deze reis met mijn eigen voertuig maken?<\/div><\/summary>\n\t\t\t\t\t\t<div class=\"content text-part\">\n\t\t\t\t\t\t\t\t\t<div class=\"translation-block\"><p>Nee, het is niet mogelijk om met je eigen auto of camper deel te nemen. Je boekt een all-inclusive reis bij ons.<\/p><\/div>\n\t\t\t\t\t\t\t<\/div>\n\t\t\t\t\t<\/details>\n\t\t\t\t\t\t\t\t\t<details class=\"details\">\n\t\t\t\t\t\t<summary class=\"summary\"><div>Kan ik deze roadtrip met kinderen maken en betalen zij dezelfde prijs?<\/div><\/summary>\n\t\t\t\t\t\t<div class=\"content text-part\">\n\t\t\t\t\t\t\t\t\t<div class=\"translation-block\"><p>Ja, natuurlijk. Houd er echter rekening mee dat het een avontuurlijke roadtrip is. Je zult ongeveer 3 tot 4 uur per dag op de weg zijn. Maximaal 3 personen zijn toegestaan per auto. Jonge kinderen tot 8 jaar kunnen met de ouders in de daktent slapen. Voor kinderen ouder dan 8 jaar is er een extra tent op de grond voorzien.<\/p>\n<p>Als je met 3 personen deelneemt, ontvang je een korting van 250 \u20ac op je reservering. Als de derde persoon jonger is dan 7 jaar, is de korting 500 \u20ac.<\/p><\/div>\n\t\t\t\t\t\t\t<\/div>\n\t\t\t\t\t<\/details>\n\t\t\t\t\t\t\t\t\t<details class=\"details\">\n\t\t\t\t\t\t<summary class=\"summary\"><div>Is Albani\u00eb een veilige bestemming?<\/div><\/summary>\n\t\t\t\t\t\t<div class=\"content text-part\">\n\t\t\t\t\t\t\t\t\t<div class=\"translation-block\"><p>Ja, Albani\u00eb is over het algemeen een veilige bestemming. De Albanezen zijn erg gastvrij en behulpzaam. Zoals overal is het belangrijk om gezond verstand te gebruiken en de gebruikelijke voorzorgsmaatregelen te nemen.<\/p><\/div>\n\t\t\t\t\t\t\t<\/div>\n\t\t\t\t\t<\/details>\n\t\t\t\t\t\t\t\t\t<details class=\"details\">\n\t\t\t\t\t\t<summary class=\"summary\"><div>Hoeveel personen kunnen er in de auto?<\/div><\/summary>\n\t\t\t\t\t\t<div class=\"content text-part\">\n\t\t\t\t\t\t\t\t\t<div class=\"translation-block\"><p>Elke auto kan 3 personen en de benodigde bagage vervoeren.<\/p><\/div>\n\t\t\t\t\t\t\t<\/div>\n\t\t\t\t\t<\/details>\n\t\t\t\t\t\t\t\t\t<details class=\"details\">\n\t\t\t\t\t\t<summary class=\"summary\"><div>Is rijden in Albani\u00eb uitdagend?<\/div><\/summary>\n\t\t\t\t\t\t<div class=\"content text-part\">\n\t\t\t\t\t\t\t\t\t<div class=\"translation-block\"><p>Rijden in Albani\u00eb is zeker toegankelijk, ook zonder bijzondere ervaring. De wegen zijn de voorbije jaren sterk verbeterd, vooral op de hoofdwegen tussen de steden en regio\u2019s.<\/p><p>Tijdens je roadtrip rijd je vooral over mooie, goed berijdbare routes. Sommige stukken kunnen wat avontuurlijker zijn, bijvoorbeeld in bergachtige gebieden, maar dat hoort net bij de charme van de reis.<\/p><p>De locals hebben soms een iets eigen rijstijl, maar zolang je zelf rustig en gecontroleerd rijdt, is het absoluut goed te doen. Met een beetje aandacht en gezond verstand verloopt alles heel vlot.<\/p><\/div>\n\t\t\t\t\t\t\t<\/div>\n\t\t\t\t\t<\/details>\n\t\t\t\t\t\t\t\t\t<details class=\"details\">\n\t\t\t\t\t\t<summary class=\"summary\"><div>Zijn er sanitaire voorzieningen op elke camping?<\/div><\/summary>\n\t\t\t\t\t\t<div class=\"content text-part\">\n\t\t\t\t\t\t\t\t\t<div class=\"translation-block\"><p>Ja, alle campings hebben basis sanitaire voorzieningen zoals toiletten en douches. De faciliteiten kunnen per locatie verschillen.<\/p><\/div>\n\t\t\t\t\t\t\t<\/div>\n\t\t\t\t\t<\/details>\n\t\t\t\t\t\t\t<\/div>\n\t\t\t\t<div class=\"load-more-faqs-container\">\n\t\t\t<div class=\"load-more-faqs-link\">\n\t\t\t\t<a href=\"#\" class=\"tb-buttonlink-with-icon load-more\">\n\t\t\t\t\t<span>Laad meer FAQ's<\/span>\n\t\t\t\t\t<i class=\"icon fa fa-plus\"><\/i>\n\t\t\t\t<\/a>\n\t\t\t\t<a href=\"#\" class=\"tb-buttonlink-with-icon load-less\">\n\t\t\t\t\t<span>Laad minder FAQ's<\/span>\n\t\t\t\t\t<i class=\"icon fa fa-minus\"><\/i>\n\t\t\t\t<\/a>\n\t\t\t<\/div>\n\t\t<\/div>\n\t<\/div>\n\t\t\t<div class=\"inner-block tb-fade-in tb-fade-in--subtle\">\n\t\t\t<div class=\"faq-footer text-part\">\n\t\t\t\t<h3>Heb je nog andere vragen?<\/h3>\t\t\t\t\t\t\t\t\t\t\t\t\t\t\t\t\t<a href=\"https:\/\/albn.travelblox.eu\/nl\/contact\/\" class=\"tb-buttonlink-with-icon\">\n\t\t\t\t\t\t<span>Contacteer ons<\/span>\n\t\t\t\t\t\t<i class=\"icon fa fa-arrow-right\"><\/i>\n\t\t\t\t\t<\/a>\n\t\t\t\t\t\t\t<\/div>\n\t\t<\/div>\n\t<\/div>\n\n\n<div class=\"tb-blog tb-block align-center background-light pattern-none variant-none tb-collapsible-margins\" id=\"blog\">\n    <div class=\"inner-block tb-fade-in tb-fade-in--subtle\">\n        <div class=\"text-part\">\n            <h2>Tips &amp; tricks<\/h2>\n                    <\/div>\n    <\/div>\n    <div class=\"tb-sections tb-fade-in tb-fade-in--subtle\">\n                    \t\t<div class=\"inner-block-full-width has-tb-carousel\" >\n\t\t\t<div class=\"tb-carousel-container\">\n\t\t\t\t<div class=\"entries tb-cards\" data-slider-first=\"1\">\n\t\t\t\t                                                <a class=\"tb-card entry\" href=\"https:\/\/reisplaatje.nl\/roadtrip-albania-nomads\/\"  target=\"_blank\">\n                                                            <div class=\"tb-image-part\">\n                                                                                                                <img src='https:\/\/albn.travelblox.eu\/wp-content\/uploads\/sites\/115\/2025\/10\/SiliquiniLaura-Travelbase-AlbaniaNomads-LR20250726-2-768x575.jpg' width='768' height='575' loading='lazy' image_size='medium_large'>                                                                    <\/div>\n                                                        <div class=\"tb-card-bottom\">\n                                                                <h4 class=\"tb-card-bottom__title\">Roadtrip Albani\u00eb in 7 dagen: onze ervaring<\/h4>\n                                                                    <div class=\"tb-card-bottom__content\">\n                                        <div class=\"tb-card__author\"><small>door Reisplaatje<\/small><\/div>\n                                    <\/div>\n                                                                                            <\/div>\n                        <\/a>\n                                        <a class=\"tb-card entry\" href=\"https:\/\/albn.travelblox.eu\/nl\/kamperen-in-albanie-alles-wat-je-moet-weten-voor-je-rondreis\/\"  >\n                                                            <div class=\"tb-image-part\">\n                                                                            <div class=\"tag\" data-no-translation>\n                                                                                                                                                Tips &amp; Tricks                                                                                                                                    <\/div>\n                                                                                                                <img src='https:\/\/albn.travelblox.eu\/wp-content\/uploads\/sites\/115\/2025\/07\/DSC07184-768x512.webp' width='768' height='512' loading='lazy' image_size='medium_large'>                                                                    <\/div>\n                                                        <div class=\"tb-card-bottom\">\n                                                                <h4 class=\"tb-card-bottom__title\">Kamperen in Albani\u00eb: Wat je absoluut moet weten voordat je vertrekt<\/h4>\n                                                                    <div class=\"tb-card-bottom__content\">\n                                        <div class=\"tb-card__author\"><small>door Sophie van Albania Nomads<\/small><\/div>\n                                    <\/div>\n                                                                                            <\/div>\n                        <\/a>\n                                        <a class=\"tb-card entry\" href=\"https:\/\/albn.travelblox.eu\/nl\/7-dagen-rondreis-door-albanie-route-en-tips\/\"  >\n                                                            <div class=\"tb-image-part\">\n                                                                            <div class=\"tag\" data-no-translation>\n                                                                                                                                                Activiteiten                                                                                                                                    <\/div>\n                                                                                                                <img src='https:\/\/albn.travelblox.eu\/wp-content\/uploads\/sites\/115\/2024\/11\/ALBN_GALLERY_1-768x512.jpg' width='768' height='512' loading='lazy' image_size='medium_large'>                                                                    <\/div>\n                                                        <div class=\"tb-card-bottom\">\n                                                                <h4 class=\"tb-card-bottom__title\">7-daagse rondreis in Albani\u00eb: Van paradijselijke stranden tot majestueuze bergen<\/h4>\n                                                                    <div class=\"tb-card-bottom__content\">\n                                        <div class=\"tb-card__author\"><small>door Sophie van Albania Nomads<\/small><\/div>\n                                    <\/div>\n                                                                                            <\/div>\n                        <\/a>\n                                                                    \t\t\t\t<\/div>\n\t\t\t\t\t\t<div class=\"tb-carousel-nav\">\n\t\t\t<div class=\"dots\">\n\t\t\t\t<div class=\"dot active\"><\/div>\n\t\t\t\t<div class=\"dot\"><\/div>\n\t\t\t\t<div class=\"dot\"><\/div>\n\t\t\t<\/div>\n\t\t\t<div class=\"arrows\">\n\t\t\t\t<div class=\"prev disabled\">\n\t\t\t\t\t<span><i class=\"fa fa-chevron-left\"><\/i><\/span>\n\t\t\t\t<\/div>\n\t\t\t\t<div class=\"next\">\n\t\t\t\t\t<span><i class=\"fa fa-chevron-right\"><\/i><\/span>\n\t\t\t\t<\/div>\n\t\t\t<\/div>\n\t\t<\/div>\n\t\t\t\t<\/div>\n\t\t<\/div>\n\t                    <\/div>\n    <\/div>\n\n\n\n<div class=\"tb-similartrips tb-block align-center background-light pattern-none variant-none tb-collapsible-margins\" id=\"othertrips\">\n\t\t\t<div class=\"inner-block tb-fade-in tb-fade-in--subtle\">\n\t\t\t<div class=\"text-part\">\n\t\t\t\t\t\t\t\t\t<h2>Benieuwd naar onze andere avonturen?<\/h2>\n\t\t\t\t\t\t\t\t\t\t\t<\/div>\n\t\t<\/div>\n\t\t\t\t\t\t<div class=\"inner-block-full-width has-tb-carousel\" >\n\t\t\t<div class=\"tb-carousel-container\">\n\t\t\t\t<div class=\"entries tb-cards\" data-slider-first=\"1\">\n\t\t\t\t\t\t\t\t\t<a href=\"https:\/\/icelandnomads.com\/nl\/\"  target=\"_blank\" class=\"tb-card entry\">\n\t\t\t\t<div class=\"tb-image-part\">\n\t\t\t\t\t\t\t\t\t\t\t<img src='https:\/\/albn.travelblox.eu\/wp-content\/uploads\/sites\/115\/2025\/07\/icen-road.webp' width='768' height='432' loading='lazy' image_size='medium_large'>\t\t\t\t\t\t\t\t\t\t\t\t\t\t\t\t\t\t\t\t\t<div class=\"tag tiny-body-font\">Roadtrip<\/div>\t\t\t\t\t\t\t\t\t<\/div>\n\t\t\t\t<div class=\"tb-card-content\">\n\t\t\t\t\t<h4>\n\t\t\t\t\t\t<span>Iceland Nomads<\/span>\n\t\t\t\t\t\t\t\t\t\t\t<\/h4>\n\t\t\t\t\t\t\t\t\t\t\t<div class=\"line\">\n\t\t\t\t\t\t\t\t\t\t\t\t\t\t\t<span class=\"location tb-text-with-icon icon-first\">\n\t\t\t\t\t\t\t\t\t<i class=\"icon fa fa-map-marker\"><\/i>\n\t\t\t\t\t\t\t\t\t<span>IJsland<\/span>\n\t\t\t\t\t\t\t\t<\/span>\n\t\t\t\t\t\t\t\t\t\t\t\t\t\t\t\t\t\t\t\t\t\t<span class=\"duration tb-text-with-icon icon-first\">\n\t\t\t\t\t\t\t\t\t<i class=\"icon fa fa-clock\"><\/i>\n\t\t\t\t\t\t\t\t\t<span>jun - sept 2026<\/span>\n\t\t\t\t\t\t\t\t<\/span>\n\t\t\t\t\t\t\t\t\t\t\t\t\t<\/div>\n\t\t\t\t\t\t\t\t\t\t\t\t\t\t\t\t<div class=\"line\">\n\t\t\t\t\t\t\t<span class=\"months tb-text-with-icon icon-first\">\n\t\t\t\t\t\t\t\t<i class=\"icon fa fa-calendar\"><\/i>\n\t\t\t\t\t\t\t\t<span>Juni &#8211; September<\/span>\n\t\t\t\t\t\t\t<\/span>\n\t\t\t\t\t\t<\/div>\n\t\t\t\t\t\t\t\t\t<\/div>\n\t\t\t<\/a>\n\t\t\t\t\t<a href=\"https:\/\/jordannomads.org\/nl\/\"  target=\"_blank\" class=\"tb-card entry\">\n\t\t\t\t<div class=\"tb-image-part\">\n\t\t\t\t\t\t\t\t\t\t\t<img src='https:\/\/albn.travelblox.eu\/wp-content\/uploads\/sites\/115\/2025\/07\/jordan.webp' width='768' height='512' loading='lazy' image_size='medium_large'>\t\t\t\t\t\t\t\t\t\t\t\t\t\t\t\t\t\t\t\t\t<div class=\"tag tiny-body-font\">Roadtrip<\/div>\t\t\t\t\t\t\t\t\t<\/div>\n\t\t\t\t<div class=\"tb-card-content\">\n\t\t\t\t\t<h4>\n\t\t\t\t\t\t<span>Jordan Nomads<\/span>\n\t\t\t\t\t\t\t\t\t\t\t<\/h4>\n\t\t\t\t\t\t\t\t\t\t\t<div class=\"line\">\n\t\t\t\t\t\t\t\t\t\t\t\t\t\t\t<span class=\"location tb-text-with-icon icon-first\">\n\t\t\t\t\t\t\t\t\t<i class=\"icon fa fa-map-marker\"><\/i>\n\t\t\t\t\t\t\t\t\t<span>Jordani\u00eb<\/span>\n\t\t\t\t\t\t\t\t<\/span>\n\t\t\t\t\t\t\t\t\t\t\t\t\t\t\t\t\t\t\t\t\t\t<span class=\"duration tb-text-with-icon icon-first\">\n\t\t\t\t\t\t\t\t\t<i class=\"icon fa fa-clock\"><\/i>\n\t\t\t\t\t\t\t\t\t<span>jun - sept 2026<\/span>\n\t\t\t\t\t\t\t\t<\/span>\n\t\t\t\t\t\t\t\t\t\t\t\t\t<\/div>\n\t\t\t\t\t\t\t\t\t\t\t\t\t\t\t\t<div class=\"line\">\n\t\t\t\t\t\t\t<span class=\"months tb-text-with-icon icon-first\">\n\t\t\t\t\t\t\t\t<i class=\"icon fa fa-calendar\"><\/i>\n\t\t\t\t\t\t\t\t<span>Oktober &#8211; November<\/span>\n\t\t\t\t\t\t\t<\/span>\n\t\t\t\t\t\t<\/div>\n\t\t\t\t\t\t\t\t\t<\/div>\n\t\t\t<\/a>\n\t\t\t\t\t<a href=\"https:\/\/omannomads.com\/nl\"  target=\"_blank\" class=\"tb-card entry\">\n\t\t\t\t<div class=\"tb-image-part\">\n\t\t\t\t\t\t\t\t\t\t\t<img src='https:\/\/albn.travelblox.eu\/wp-content\/uploads\/sites\/115\/2024\/11\/OMAN-2-768x512.jpg' width='768' height='512' loading='lazy' image_size='medium_large'>\t\t\t\t\t\t\t\t\t\t\t\t\t\t\t\t\t\t\t\t\t<div class=\"tag tiny-body-font\">Roadtrip<\/div>\t\t\t\t\t\t\t\t\t<\/div>\n\t\t\t\t<div class=\"tb-card-content\">\n\t\t\t\t\t<h4>\n\t\t\t\t\t\t<span>Oman Nomads<\/span>\n\t\t\t\t\t\t\t\t\t\t\t<\/h4>\n\t\t\t\t\t\t\t\t\t\t\t<div class=\"line\">\n\t\t\t\t\t\t\t\t\t\t\t\t\t\t\t<span class=\"location tb-text-with-icon icon-first\">\n\t\t\t\t\t\t\t\t\t<i class=\"icon fa fa-map-marker\"><\/i>\n\t\t\t\t\t\t\t\t\t<span>Oman<\/span>\n\t\t\t\t\t\t\t\t<\/span>\n\t\t\t\t\t\t\t\t\t\t\t\t\t\t\t\t\t\t\t\t\t\t<span class=\"duration tb-text-with-icon icon-first\">\n\t\t\t\t\t\t\t\t\t<i class=\"icon fa fa-clock\"><\/i>\n\t\t\t\t\t\t\t\t\t<span>jun - sept 2026<\/span>\n\t\t\t\t\t\t\t\t<\/span>\n\t\t\t\t\t\t\t\t\t\t\t\t\t<\/div>\n\t\t\t\t\t\t\t\t\t\t\t\t\t\t\t\t<div class=\"line\">\n\t\t\t\t\t\t\t<span class=\"months tb-text-with-icon icon-first\">\n\t\t\t\t\t\t\t\t<i class=\"icon fa fa-calendar\"><\/i>\n\t\t\t\t\t\t\t\t<span>November &#8211; December<\/span>\n\t\t\t\t\t\t\t<\/span>\n\t\t\t\t\t\t<\/div>\n\t\t\t\t\t\t\t\t\t<\/div>\n\t\t\t<\/a>\n\t\t\t\t\t\t\t\t<\/div>\n\t\t\t\t\t\t<div class=\"tb-carousel-nav\">\n\t\t\t<div class=\"dots\">\n\t\t\t\t<div class=\"dot active\"><\/div>\n\t\t\t\t<div class=\"dot\"><\/div>\n\t\t\t\t<div class=\"dot\"><\/div>\n\t\t\t<\/div>\n\t\t\t<div class=\"arrows\">\n\t\t\t\t<div class=\"prev disabled\">\n\t\t\t\t\t<span><i class=\"fa fa-chevron-left\"><\/i><\/span>\n\t\t\t\t<\/div>\n\t\t\t\t<div class=\"next\">\n\t\t\t\t\t<span><i class=\"fa fa-chevron-right\"><\/i><\/span>\n\t\t\t\t<\/div>\n\t\t\t<\/div>\n\t\t<\/div>\n\t\t\t\t<\/div>\n\t\t<\/div>\n\t\t\t\t\t<div class=\"inner-block tb-buttons tb-fade-in tb-fade-in--subtle\">\n\t\t\t<div class=\"text-part\">\n\t\t\t\t\t\t<a href=\"https:\/\/travelbase.eu\"  target=\"\" class=\"tb-buttonlink\">\n\t\t\tOntdek alle Travelbase reizen\t\t<\/a>\n\t\t\t\t\t<\/div>\n\t\t<\/div>\n\t<\/div>\n\n\n<div class=\"tb-instagramroll tb-block align-center background-light pattern-none variant-none tb-collapsible-margins\" id=\"ig\">\n\n\t\n\t<div class=\"inner-block tb-fade-in tb-fade-in--subtle\">\n\t\t<div class=\"text-part\">\n\t\t\t<h2>Ontdek al onze roadtrips op Instagram<\/h2>\n\t\t<\/div>\n\t\t\t\t\t<div class=\"embedsocial-hashtag\" data-ref=\"fc8d358516af4509a0f1533fadf8be2a6f8141a1\"><\/div> <script> (function(d, s, id) { var js; if (d.getElementById(id)) {return;} js = d.createElement(s); js.id = id; js.src = \"https:\/\/embedsocial.com\/cdn\/ht.js\"; d.getElementsByTagName(\"head\")[0].appendChild(js); }(document, \"script\", \"EmbedSocialHashtagScript\")); <\/script>\n\t\t\t<\/div>\n\t\n<\/div>","protected":false},"excerpt":{"rendered":"","protected":false},"author":119,"featured_media":86,"parent":0,"menu_order":0,"comment_status":"closed","ping_status":"closed","template":"","meta":{"_acf_changed":false,"inline_featured_image":false,"footnotes":""},"class_list":["post-563","page","type-page","status-publish","has-post-thumbnail","hentry"],"acf":{"page_package_ids":"ALBN-AN25","is_main_package_page":true,"additional_linked_packages":[],"feed_page_to_atlas":true},"_links":{"self":[{"href":"https:\/\/albn.travelblox.eu\/nl\/wp-json\/wp\/v2\/pages\/563","targetHints":{"allow":["GET"]}}],"collection":[{"href":"https:\/\/albn.travelblox.eu\/nl\/wp-json\/wp\/v2\/pages"}],"about":[{"href":"https:\/\/albn.travelblox.eu\/nl\/wp-json\/wp\/v2\/types\/page"}],"author":[{"embeddable":true,"href":"https:\/\/albn.travelblox.eu\/nl\/wp-json\/wp\/v2\/users\/119"}],"replies":[{"embeddable":true,"href":"https:\/\/albn.travelblox.eu\/nl\/wp-json\/wp\/v2\/comments?post=563"}],"version-history":[{"count":50,"href":"https:\/\/albn.travelblox.eu\/nl\/wp-json\/wp\/v2\/pages\/563\/revisions"}],"predecessor-version":[{"id":1255,"href":"https:\/\/albn.travelblox.eu\/nl\/wp-json\/wp\/v2\/pages\/563\/revisions\/1255"}],"wp:featuredmedia":[{"embeddable":true,"href":"https:\/\/albn.travelblox.eu\/nl\/wp-json\/wp\/v2\/media\/86"}],"wp:attachment":[{"href":"https:\/\/albn.travelblox.eu\/nl\/wp-json\/wp\/v2\/media?parent=563"}],"curies":[{"name":"wp","href":"https:\/\/api.w.org\/{rel}","templated":true}]}}