{"id":563,"date":"2025-10-14T10:07:52","date_gmt":"2025-10-14T10:07:52","guid":{"rendered":"https:\/\/albn.travelblox.eu\/?page_id=563"},"modified":"2026-04-24T12:47:01","modified_gmt":"2026-04-24T12:47:01","slug":"home","status":"publish","type":"page","link":"https:\/\/albn.travelblox.eu\/fr\/","title":{"rendered":"ALBN26"},"content":{"rendered":"\n<div class=\" tb-header tb-block align-center background-dark pattern-none variant-none\" id=\"header\" data-fallback-background=\"https:\/\/vz-2d98b19f-729.b-cdn.net\/8a13ecba-881e-4ed1-8304-0dcb2f826a52\/thumbnail.jpg\" style=\"background-image: url('https:\/\/vz-2d98b19f-729.b-cdn.net\/8a13ecba-881e-4ed1-8304-0dcb2f826a52\/thumbnail.jpg'); background-position:center;\">\n    <div class=\"tb-header-foreground\">\n        <div class=\"inner-block\">\n\n            <div class=\"main-part\">\n                <div class=\"text-part\">\n                                                                                            <h1>\t<span class=\"tb-logo \"  style=\"-webkit-mask-image: url(https:\/\/albn.travelblox.eu\/wp-content\/uploads\/sites\/115\/2024\/11\/ALBN-round.png); mask-image: url(https:\/\/albn.travelblox.eu\/wp-content\/uploads\/sites\/115\/2024\/11\/ALBN-round.png)\">\n\t\t<img src='https:\/\/albn.travelblox.eu\/wp-content\/uploads\/sites\/115\/2024\/11\/ALBN-round.png' width='370' height='362' alt='Albania Nomads logo' title='Albania Nomads' loading='lazy'>\n\t<\/span>\n<\/h1>\n                                                                                        <h2 class=\"tb-subtitle\">\t\t<div class=\"translation-block\"><p>D\u00e9couvrez les Balkans lors d&rsquo;un road trip de 7 jours en Albanie<\/p><\/div>\n\t<\/h2>\n                                                                                            <div class=\"tb-properties\">\n                                                                    <div class=\"tb-property\">\n                                                                                    <div class=\"tb-property__icon\">\n                                                \t\t\t\t<i class=\"icon fa-solid fa-calendar-days \" aria-hidden=\"true\"><\/i>\n\t\t\t                                            <\/div>\n                                                                                <div class=\"tb-property__label\">\n                                            7 jours                                         <\/div>\n                                    <\/div>\n                                    <div class=\"tb-properties__divider\"><\/div>\n                                                                                                    <div class=\"tb-property\">\n                                                                                    <div class=\"tb-property__icon\">\n                                                \t\t\t\t<i class=\"icon fa-kit fa-tb-rooftop \" aria-hidden=\"true\"><\/i>\n\t\t\t                                            <\/div>\n                                                                                <div class=\"tb-property__label\">\n                                            SUV avec tente de toit                                        <\/div>\n                                    <\/div>\n                                    <div class=\"tb-properties__divider\"><\/div>\n                                                                                                    <div class=\"tb-property\">\n                                                                                    <div class=\"tb-property__icon\">\n                                                \t\t\t\t<i class=\"icon fa-solid fa-person-simple \" aria-hidden=\"true\"><\/i>\n\t\t\t                                            <\/div>\n                                                                                <div class=\"tb-property__label\">\n                                            2 ou 3 personnes                                         <\/div>\n                                    <\/div>\n                                                            <\/div>\n                                                                                        <div class=\"tb-buttons-part\">\n                                                            \t\t<a href=\"#join\"  target=\"\" class=\"tb-button\">\n\t\t\tPartir en Albanie en 2026\t\t<\/a>\n\t\t                                                                                        \t\t<a href=\"#intro\"  target=\"\" class=\"tb-buttonlink\">\n\t\t\tPlus d&rsquo;infos\t\t<\/a>\n\t\t                                                    <\/div>\n                                                                <div class=\"average-reviews-wrapper\" data-reviews-redirect-url=\"\" data-embed-social-id=\"2bca483ef0a14bdae16dee0baf85f63a36f19038\"><\/div>\n                                    <\/div>\n            <\/div>\n            \n                    <\/div>\n    <\/div>\n\n                        <div class=\"tb-header-background tb-header-background--has-iframe\">\n                        <iframe src=\"https:\/\/iframe.mediadelivery.net\/embed\/306445\/8a13ecba-881e-4ed1-8304-0dcb2f826a52?autoplay=true&#038;preload=true&#038;loop=true&#038;responsive=true&#038;muted=true\" allow=\"accelerometer;gyroscope;encrypted-media;picture-in-picture;autoplay;muted;\" allowfullscreen=\"true\" style=\"border: none;\" loading=\"lazy\"><\/iframe>                    <\/div>\n    \n    \n        <nav class=\"tb-header__subnav\">\n            <div class=\"inner-block\">\n                <div class=\"tb-header__pagename\">\n                                            \t<span class=\"tb-logo \"  style=\"-webkit-mask-image: url(https:\/\/albn.travelblox.eu\/wp-content\/uploads\/sites\/115\/2024\/11\/ALBN-round.png); mask-image: url(https:\/\/albn.travelblox.eu\/wp-content\/uploads\/sites\/115\/2024\/11\/ALBN-round.png)\">\n\t\t<img src='https:\/\/albn.travelblox.eu\/wp-content\/uploads\/sites\/115\/2024\/11\/ALBN-round.png' width='370' height='362' alt='Albania Nomads logo' title='Albania Nomads' loading='lazy'>\n\t<\/span>\n                                    <\/div>\n\n                <ul>\n                                            <li>\n                            <a href=\"#route\">Itin\u00e9raire<\/a>\n                        <\/li>\n\n                                            <li>\n                            <a href=\"#options\">Options<\/a>\n                        <\/li>\n\n                                            <li>\n                            <a href=\"#info\">Infos pratiques<\/a>\n                        <\/li>\n\n                                            <li>\n                            <a href=\"#transport\">Vols<\/a>\n                        <\/li>\n\n                                            <li>\n                            <a href=\"#faq\">FAQ<\/a>\n                        <\/li>\n\n                    \n                                                <li class=\"tb-header__subnav_cta\">\n                                <a href=\"#join\" class=\"tb-button\" >R\u00e9servez votre voyage<\/a>\n                            <\/li>\n                                    <\/ul>\n            <\/div>\n        <\/nav>\n\n    \n<\/div>\n\n\n\n\n<div class=\" tb-intro tb-block align-none background-middle pattern-none variant-none tb-collapsible-margins\" id=\"intro\">\n    <div class=\"inner-block tb-fade-in tb-fade-in--subtle\">\n\n        \n\n        <div class=\"text-part content-part\">\n            <div class=\"title-meta-inclusive\">\n                <div class=\"title-and-meta\">\n                                            <div class=\"title-part\">\n                                                            <h3>Albania Nomads<\/h3>\n                                                                                                                            <h5>\t\t<div class=\"translation-block\">D\u00e9couvrez les plus beaux paysages d&rsquo;Albanie, des montagnes aux plages de la Riviera albanaise, lors d&rsquo;un road trip de 7 jours inoubliables.<\/div>\n\t<\/h5>\n                                                                                    <\/div>\n                                        <ul class=\"meta-data\">\n                                                    <li>\n                                <i class=\"fa fa-regular fa-tag\"><\/i>\n                                <span>\u00c0 partir de 690\u20ac<\/span>\n                            <\/li>\n                                                                            <li>\n                                <i class=\"fa fa-regular fa-calendar\"><\/i>\n                                <span><p><a href=\"#join\">Juin &#8211; Septembre 2026<\/a><\/p>\n<\/span>\n                            <\/li>\n                                            <\/ul>\n                <\/div>\n                                    <div class=\"inclusive \">\n                                                    <h6>Points forts :<\/h6>\n                                                <ul class=\"\">\n                                                            <li class=\"visible\">\n                                                                            \t\t\t\t<i class=\"icon fa-kit fa-tb-rooftop \" aria-hidden=\"true\"><\/i>\n\t\t\t                                                                                                                <span>Explorez le meilleur de l&rsquo;Albanie dans votre propre SUV.<\/span>\n                                                                    <\/li>\n                                                            <li class=\"visible\">\n                                                                            \t\t\t\t<i class=\"icon fa-solid fa-house \" aria-hidden=\"true\"><\/i>\n\t\t\t                                                                                                                <span>D\u00e9couvrez l&rsquo;architecture ottomane de Berat et Gjirokast\u00ebr.<\/span>\n                                                                    <\/li>\n                                                            <li class=\"visible\">\n                                                                            \t\t\t\t<i class=\"icon fa-solid fa-sailboat \" aria-hidden=\"true\"><\/i>\n\t\t\t                                                                                                                <span>Faites du parapente, rafting ou un cours de cuisine albanaise.<\/span>\n                                                                    <\/li>\n                                                            <li class=\"visible\">\n                                                                            \t\t\t\t<i class=\"icon fa-solid fa-mountain-sun \" aria-hidden=\"true\"><\/i>\n\t\t\t                                                                                                                <span>Visitez des villages de montagne et des plages pr\u00e9serv\u00e9es.<\/span>\n                                                                    <\/li>\n                                                            <li class=\"visible\">\n                                                                            \t\t\t\t<i class=\"icon fa-solid fa-moon \" aria-hidden=\"true\"><\/i>\n\t\t\t                                                                                                                <span>Dormez dans des campings exceptionnels, r\u00e9serv\u00e9s \u00e0 l&rsquo;avance.<\/span>\n                                                                    <\/li>\n                                                    <\/ul>\n                                            <\/div>\n                            <\/div>\n\n                            <div class=\"tb-buttons desktop-only\">\n                                            <a href=\"#join\" class=\"tb-button\">\n                                                            Prix et disponibilit\u00e9s                                                    <\/a>\n                                                                <a href=\"#route\" class=\"tb-buttonlink\">\n                                                            D\u00e9couvrir l&rsquo;itin\u00e9raire                                                    <\/a>\n                                    <\/div>\n                    <\/div>\n                                    <div class=\"tb-video-part\">\n                    <iframe src=\"https:\/\/iframe.mediadelivery.net\/embed\/328190\/95c3e103-8b16-45fb-bcb8-7111acf18a20?autoplay=false&#038;preload=true&#038;loop=true&#038;responsive=true\" allow=\"accelerometer;gyroscope;encrypted-media;picture-in-picture;\" allowfullscreen=\"true\" style=\"border: none;\" loading=\"lazy\"><\/iframe>                <\/div>\n                                        <div class=\"tb-buttons mobile-only\">\n                                    <a href=\"#join\" class=\"tb-button\">\n                                                    Prix et disponibilit\u00e9s                                            <\/a>\n                                                    <a href=\"#route\" class=\"tb-buttonlink\">\n                                                    D\u00e9couvrir l&rsquo;itin\u00e9raire                                            <\/a>\n                            <\/div>\n            <\/div>\n<\/div>\n\n\n<div class=\"hide-some tb-Story Highlights tb-block align-center background-light pattern-none variant-none tb-collapsible-margins\" id=\"storyhighlights\">\n        <div class=\"inner-block tb-fade-in tb-fade-in--subtle\">\n        <div class=\"text-part\">\n            <h2>Le road trip en vid\u00e9os <\/h2>\n            \t\t<div class=\"translation-block\"><\/div>\n\t        <\/div>\n    <\/div>\n    <div class=\"inner-block\">\n        <div class='embedsocial-story-gallery' data-ref=\"9fbde9f8e8b671af2f40da4dd8b209fe093cfa1d\"><\/div>\n        <script>\n            (function(d, s, id) {\n                var js;\n                if (d.getElementById(id)) {\n                    return;\n                }\n                js = d.createElement(s);\n                js.id = id;\n                js.src = \"https:\/\/embedsocial.com\/embedscript\/stg.js\";\n                d.getElementsByTagName(\"head\")[0].appendChild(js);\n            }(document, \"script\", \"EmbedSocialStoryGalleryScript\"));\n        <\/script>\n    <\/div>\n    <\/div>\n\n\n\n\n\n\n\n\n<div class=\" tb-gallery tb-block align-center background-light pattern-none variant-grid\" id=\"collage\">\n\t<div>\n\t\t<div class=\"desktop tb-has-popup-content\">\n\t\t\t\t\t\t\t<ul class=\"tb-gallery-grid\">\n\t\t\t\t\t\t\t\t\t\t\t\t\t\t\t\t\t\t<li class=\"slide\">\n\t\t\t\t\t\t\t\t<div class=\"tb-popup-trigger\">\n\t\t\t\t\t\t\t\t\t<img src='https:\/\/albn.travelblox.eu\/wp-content\/uploads\/sites\/115\/2025\/10\/SiliquiniLaura-Travelbase-AlbaniaNomads20250725-0545.jpg' width='2048' height='1365' alt='Voyage en Albanie : road trip de 7 jours en Albanie' style='object-position:50% 50%' loading='lazy'>\t\t\t\t\t\t\t\t<\/div>\n\t\t\t\t\t\t\t<\/li>\n\t\t\t\t\t\t\t\t\t\t\t\t\t<li class=\"slide\">\n\t\t\t\t\t\t\t\t<div class=\"tb-popup-trigger\">\n\t\t\t\t\t\t\t\t\t<img src='https:\/\/albn.travelblox.eu\/wp-content\/uploads\/sites\/115\/2025\/10\/BERAT-DAY1-bis.jpg' width='2048' height='1365' alt='Voyage en Albanie : road trip de 7 jours en Albanie' style='object-position:50% 50%' loading='lazy'>\t\t\t\t\t\t\t\t<\/div>\n\t\t\t\t\t\t\t<\/li>\n\t\t\t\t\t\t\t\t\t\t\t\t\t<li class=\"slide\">\n\t\t\t\t\t\t\t\t<div class=\"tb-popup-trigger\">\n\t\t\t\t\t\t\t\t\t<img src='https:\/\/albn.travelblox.eu\/wp-content\/uploads\/sites\/115\/2025\/10\/Dalan-beach-DAY2.jpg' width='2048' height='1534' alt='Voyage en Albanie : road trip de 7 jours en Albanie' style='object-position:50% 50%' loading='lazy'>\t\t\t\t\t\t\t\t<\/div>\n\t\t\t\t\t\t\t<\/li>\n\t\t\t\t\t\t\t\t\t\t\t\t\t\t\t<\/ul>\n\t\t\t\t\t\t<div class=\"tb-popup tb-popup--open-clicked-image\">\n\t\t\t\t<div class=\"tb-gallery-popup\">\n\t\t\t\t\t<div class=\"tb-image-part\">\n\t\t\t\t\t\t\t\t\t\t<div class=\"inner-block-full-width has-tb-carousel tb-carousel-slider\" >\n\t\t\t<div class=\"tb-carousel-container\">\n\t\t\t\t<div class=\"entries tb-cards\" data-slider-first=\"2\">\n\t\t\t\t\t\t\t\t\t<div class=\"entry\">\n\t\t\t\t<div class=\"tb-image-part\">\n\t\t\t\t\t<figure>\n\t\t\t\t\t\t<img src='https:\/\/albn.travelblox.eu\/wp-content\/uploads\/sites\/115\/2025\/10\/SiliquiniLaura-Travelbase-AlbaniaNomads20250725-0545.jpg' width='2048' height='1365' alt='Voyage en Albanie : road trip de 7 jours en Albanie' style='object-position:50% 50%' loading='lazy' image_size='full'>\t\t\t\t\t\t\t\t\t\t\t<\/figure>\n\t\t\t\t<\/div>\n\t\t\t<\/div>\n\t\t\t\t\t<div class=\"entry\">\n\t\t\t\t<div class=\"tb-image-part\">\n\t\t\t\t\t<figure>\n\t\t\t\t\t\t<img src='https:\/\/albn.travelblox.eu\/wp-content\/uploads\/sites\/115\/2025\/10\/BERAT-DAY1-bis.jpg' width='2048' height='1365' alt='Voyage en Albanie : road trip de 7 jours en Albanie' style='object-position:50% 50%' loading='lazy' image_size='full'>\t\t\t\t\t\t\t\t\t\t\t<\/figure>\n\t\t\t\t<\/div>\n\t\t\t<\/div>\n\t\t\t\t\t<div class=\"entry\">\n\t\t\t\t<div class=\"tb-image-part\">\n\t\t\t\t\t<figure>\n\t\t\t\t\t\t<img src='https:\/\/albn.travelblox.eu\/wp-content\/uploads\/sites\/115\/2025\/10\/Dalan-beach-DAY2.jpg' width='2048' height='1534' alt='Voyage en Albanie : road trip de 7 jours en Albanie' style='object-position:50% 50%' loading='lazy' image_size='full'>\t\t\t\t\t\t\t\t\t\t\t<\/figure>\n\t\t\t\t<\/div>\n\t\t\t<\/div>\n\t\t\t\t\t\t\t\t<\/div>\n\t\t\t\t\t\t<div class=\"tb-carousel-nav\">\n\t\t\t<div class=\"dots\">\n\t\t\t\t<div class=\"dot active\"><\/div>\n\t\t\t\t<div class=\"dot\"><\/div>\n\t\t\t\t<div class=\"dot\"><\/div>\n\t\t\t<\/div>\n\t\t\t<div class=\"arrows\">\n\t\t\t\t<div class=\"prev disabled\">\n\t\t\t\t\t<span><i class=\"fa fa-chevron-left\"><\/i><\/span>\n\t\t\t\t<\/div>\n\t\t\t\t<div class=\"next\">\n\t\t\t\t\t<span><i class=\"fa fa-chevron-right\"><\/i><\/span>\n\t\t\t\t<\/div>\n\t\t\t<\/div>\n\t\t<\/div>\n\t\t\t\t<\/div>\n\t\t<\/div>\n\t\t\t\t\t\t\t<\/div>\n\t\t\t\t<\/div>\n\t\t\t<\/div>\n\t\t<\/div>\n\t\t<div class=\"mobile\">\n\t\t\t<div class=\"tb-image-part\">\n\t\t\t\t\t\t\t\t<div class=\"inner-block-full-width has-tb-carousel tb-carousel-slider\" >\n\t\t\t<div class=\"tb-carousel-container\">\n\t\t\t\t<div class=\"entries tb-cards\" data-slider-first=\"0\">\n\t\t\t\t\t\t\t\t\t<div class=\"entry\">\n\t\t\t\t<div class=\"tb-image-part\">\n\t\t\t\t\t<figure>\n\t\t\t\t\t\t<img src='https:\/\/albn.travelblox.eu\/wp-content\/uploads\/sites\/115\/2025\/10\/SiliquiniLaura-Travelbase-AlbaniaNomads20250725-0545-768x512.jpg' width='768' height='512' alt='Voyage en Albanie : road trip de 7 jours en Albanie' style='object-position:50% 50%' loading='lazy' image_size='medium_large'>\t\t\t\t\t\t\t\t\t\t\t<\/figure>\n\t\t\t\t<\/div>\n\t\t\t<\/div>\n\t\t\t\t\t<div class=\"entry\">\n\t\t\t\t<div class=\"tb-image-part\">\n\t\t\t\t\t<figure>\n\t\t\t\t\t\t<img src='https:\/\/albn.travelblox.eu\/wp-content\/uploads\/sites\/115\/2025\/10\/BERAT-DAY1-bis-768x512.jpg' width='768' height='512' alt='Voyage en Albanie : road trip de 7 jours en Albanie' style='object-position:50% 50%' loading='lazy' image_size='medium_large'>\t\t\t\t\t\t\t\t\t\t\t<\/figure>\n\t\t\t\t<\/div>\n\t\t\t<\/div>\n\t\t\t\t\t<div class=\"entry\">\n\t\t\t\t<div class=\"tb-image-part\">\n\t\t\t\t\t<figure>\n\t\t\t\t\t\t<img src='https:\/\/albn.travelblox.eu\/wp-content\/uploads\/sites\/115\/2025\/10\/Dalan-beach-DAY2-768x575.jpg' width='768' height='575' alt='Voyage en Albanie : road trip de 7 jours en Albanie' style='object-position:50% 50%' loading='lazy' image_size='medium_large'>\t\t\t\t\t\t\t\t\t\t\t<\/figure>\n\t\t\t\t<\/div>\n\t\t\t<\/div>\n\t\t\t\t\t\t\t\t<\/div>\n\t\t\t\t\t\t<div class=\"tb-carousel-nav\">\n\t\t\t<div class=\"dots\">\n\t\t\t\t<div class=\"dot active\"><\/div>\n\t\t\t\t<div class=\"dot\"><\/div>\n\t\t\t\t<div class=\"dot\"><\/div>\n\t\t\t<\/div>\n\t\t\t<div class=\"arrows\">\n\t\t\t\t<div class=\"prev disabled\">\n\t\t\t\t\t<span><i class=\"fa fa-chevron-left\"><\/i><\/span>\n\t\t\t\t<\/div>\n\t\t\t\t<div class=\"next\">\n\t\t\t\t\t<span><i class=\"fa fa-chevron-right\"><\/i><\/span>\n\t\t\t\t<\/div>\n\t\t\t<\/div>\n\t\t<\/div>\n\t\t\t\t<\/div>\n\t\t<\/div>\n\t\t\t\t\t<\/div>\n\t\t<\/div>\n\t<\/div>\n<\/div>\n\n\n\n<div class=\" tb-textimage2 tb-block align-left background-light pattern-none variant-text_first tb-collapsible-margins\" id=\"concept\">\n\t<div class=\"inner-block tb-fade-in\">\n\n\t\t\n\t\t<div class=\"tb-columns\">\n\t\t\t<div class=\"tb-column\">\n\t\t\t\t<div class=\"tb-text-part\">\n\t\t\t\t\t<h2>Le road trip ultime \u00e0 travers l\u2019Albanie<\/h2>\n\t\t\t\t\t\t\t<div class=\"translation-block\"><p>Durant ce road trip de 7 jours, explorez <b>le meilleur des paysages albanais<\/b> : de la majestueuse Berat, ville aux mille fen\u00eatres class\u00e9e UNESCO, aux eaux turquoise de la Riviera albanaise, en passant par les sites historiques de Butrint et Gjirokast\u00ebr et les montagnes des Balkans.<\/p>\n<p><strong>On s&rsquo;occupe de tout<\/strong> : vos <b>campings<\/b> sont r\u00e9serv\u00e9s, votre <b>itin\u00e9raire<\/b> est planifi\u00e9, et vous pouvez profiter d&rsquo;<b>activit\u00e9s<\/b> embl\u00e9matiques comme le parapente, le rafting ou un cours de cuisine albanaise.<\/p>\n<p>En tant qu&rsquo;<b>experts de l&rsquo;Albanie<\/b>, nous vous accompagnons \u00e0 chaque \u00e9tape avec notre carnet de route d\u00e9taill\u00e9, tout en vous laissant la libert\u00e9 d&rsquo;explorer \u00e0 votre rythme.<\/p>\n<p>Pr\u00eat pour un <b>voyage inoubliable<\/b> dans les Balkans ?<\/p><\/div>\n\t\t\t\t\t\t\t\t\t\t\t<div class=\"tb-buttons-part\">\n\t\t\t\t\t\t\t\t<a href=\"#route\"  target=\"\" class=\"tb-button\">\n\t\t\tD\u00e9couvrir l&rsquo;itin\u00e9raire\t\t<\/a>\n\t\t\t\t\t\t\t\t\t\t<a href=\"#join\"  target=\"\" class=\"tb-buttonlink\">\n\t\t\tVoir les disponibilit\u00e9s\t\t<\/a>\n\t\t\t\t\t\t\t<\/div>\n\t\t\t\t<\/div>\n\t\t\t<\/div>\n\t\t\t<div class=\"tb-column\">\n\t\t\t\t\t\t\t\t\t\t\t\t\t\t\t<div class=\"tb-image-part\">\n\t\t\t\t\t\t\t<img src='https:\/\/albn.travelblox.eu\/wp-content\/uploads\/sites\/115\/2024\/11\/ALBN24_EN.svg' width='768' height='1' alt='Albania Nomads Map Road' loading='lazy' image_size='medium_large'>\t\t\t\t\t\t<\/div>\n\t\t\t\t\t\t\t\t\t\t\t\t<\/div>\n\t\t<\/div>\n\t<\/div>\n<\/div>\n\n\n<div class=\" tb-dayschedule tb-block align-center background-dark pattern-custom variant-none tb-collapsible-margins\" id=\"route\" style=\"background-image: url(https:\/\/albn.travelblox.eu\/wp-content\/uploads\/sites\/115\/2025\/07\/ALBN.png)\">\n\n\t<div class=\"inner-block tb-fade-in tb-fade-in--subtle\">\n\t\t<div class=\"text-part\">\n\t\t\t<h2>Votre itin\u00e9raire en Albanie<\/h2>\n\t\t\t\t\t<div class=\"translation-block\"><p>Voici l&rsquo;aper\u00e7u de votre circuit de 7 jours \u00e0 travers l\u2019Albanie. Cet itin\u00e9raire vous guide vers les plus beaux endroits de la r\u00e9gion, tout en vous laissant libre de composer vos journ\u00e9es \u00e0 votre rythme.<\/p><\/div>\n\t\t\t\t\t\t\t\t\t\t\t\t\t<\/div>\n\t<\/div>\n\t\t\t<div class=\"tb-sections\">\n\t\t\t\t\t\t\t\t\t\t\t\t\t\t<div class=\"inner-block-full-width has-tb-carousel tb-section\" id=\"route-section-0\">\n\t\t\t<div class=\"tb-carousel-container\">\n\t\t\t\t<div class=\"entries tb-cards\" data-slider-first=\"1\">\n\t\t\t\t\t\t\t\t\t\t\t\t\t\t\t<div class=\"tb-card entry tb-popup-trigger tb-unfold-on-hover\">\n\t\t\t\t\t\t\t<div class=\"tb-image-part\">\n\t\t\t\t\t\t\t\t<div class=\"tag\">\n\t\t\t\t\t\t\t\t\t<div>Jour 1<\/div>\n\t\t\t\t\t\t\t\t<\/div>\n\n\t\t\t\t\t\t\t\t<img src='https:\/\/albn.travelblox.eu\/wp-content\/uploads\/sites\/115\/2025\/10\/BERAT-DAY1-bis-768x512.jpg' width='768' height='512' alt='Voyage en Albanie : road trip de 7 jours en Albanie' style='object-position:50% 50%' loading='lazy' image_size='medium_large'>\t\t\t\t\t\t\t<\/div>\n\t\t\t\t\t\t\t<div class=\"tb-card-bottom-wrapper\">\n\t\t\t\t\t\t\t\t<div class=\"tb-card-bottom\">\n\n\t\t\t\t\t\t\t\t\t<span class=\"tb-card-bottom__title\">\n\t\t\t\t\t\t\t\t\t\t<span class=\"tb-card-bottom__place\">\n\t\t\t\t\t\t\t\t\t\t\tTirana\t\t\t\t\t\t\t\t\t\t\t\t\t\t\t\t\t\t\t\t\t\t\t&#8211; Berat\t\t\t\t\t\t\t\t\t\t\t\t\t\t\t\t\t\t\t\t\t<\/span>\n\n\t\t\t\t\t\t\t\t\t<\/span>\n\t\t\t\t\t\t\t\t\t<div class=\"tb-card-bottom__content\">\n\t\t\t\t\t\t\t\t\t\t<div>\n\t\t\t\t\t\t\t\t\t\t\t\t\t\t\t\t\t\t\t\t\t\t\t<i class=\"icon fa-regular fa-car\"><\/i> 125 km &#8211; 2h30\t\t\t\t\t\t\t\t\t\t\t\t\t\t\t\t\t\t\t\t\t<\/div>\n\t\t\t\t\t\t\t\t\t<\/div>\n\t\t\t\t\t\t\t\t\t<div class=\"tb-card-bottom__teaser tb-unfold-on-hover__content\" data-no-translation>\n\t\t\t\t\t\t\t\t\t\t\t\t\t\t\t\t\t\t\t\t\t\t\t\t\t\t\t\t\t\tBienvenue en Albanie !\nVous pourrez r\u00e9cup\u00e9rer votre voiture entre 14h et 17h dans la ville de Tirana&#8230; <span class=\"link\">Lire la suite<\/span>\t\t\t\t\t\t\t\t\t<\/div>\n\t\t\t\t\t\t\t\t<\/div>\n\n\t\t\t\t\t\t\t<\/div>\n\t\t\t\t\t\t\t<dialog class=\"tb-popup tb-popup-with-padding tb-dayschedule-popup-wrapper\">\n\t\t\t\t\t\t\t\t<div class=\"tb-dayschedule-popup\">\n\t\t\t\t\t\t\t\t\t<h5>\n\t\t\t\t\t\t\t\t\t\t\t\t\t\t\t\t\t\t\t\t\t\t\t\t\t\t\t\t\t\t\t<div>\n\t\t\t\t\t\t\t\t\t\t\t\t\t\t\t\t\t\t\t\t\t\t\t\t\tTirana\t\t\t\t\t\t\t\t\t\t\t\t\t\t\t\t\t\t\t\t\t\t\t\t\t\t\t\t\t\t\t\t\t\t\t\t\t\t\t\t\t\t\t\t\t\t\t\t\t\t\t<i class=\"icon fa-solid fa-arrow-right\"><\/i> Berat\t\t\t\t\t\t\t\t\t\t\t\t\t\t\t\t\t\t\t\t\t\t\t\t\t\t\t\t\t\t\t\t\t\t\t\t<\/div>\n\t\t\t\t\t\t\t\t\t\t\t\t\t\t\t\t\t\t\t<\/h5>\n\t\t\t\t\t\t\t\t\t<div class=\"tb-columns\">\n\t\t\t\t\t\t\t\t\t\t<div class=\"tb-column tb-column--text\">\n\t\t\t\t\t\t\t\t\t\t\t<div class=\"text-part\">\n\t\t\t\t\t\t\t\t\t\t\t\t\t\t\t\t\t\t\t\t\t\t\t\t\t<div class=\"tb-dayschedule-popup__icons\">\n\t\t\t\t\t\t\t\t\t\t\t\t\t\t\t\t\t\t\t\t\t\t\t\t\t\t\t\t\t\t\t\t\t\t\t\t\t\t\t\t\t\t\t<div class=\"tb-dayschedule-popup__icon\">\n\t\t\t\t\t\t\t\t\t\t\t\t\t\t\t\t<i class=\"icon fa-regular fa-car\"><\/i>\n\t\t\t\t\t\t\t\t\t\t\t\t\t\t\t\t<span>\n\t\t\t\t\t\t\t\t\t\t\t\t\t\t\t\t\t125 km &#8211; 2h30\t\t\t\t\t\t\t\t\t\t\t\t\t\t\t\t<\/span>\n\t\t\t\t\t\t\t\t\t\t\t\t\t\t\t<\/div>\n\t\t\t\t\t\t\t\t\t\t\t\t\t\t\t\t\t\t\t\t\t\t\t\t\t\t\t<\/div>\n\t\t\t\t\t\t\t\t\t\t\t\t\n\t\t\t\t\t\t\t\t\t\t\t\t\n\t\t\t\t\t\t\t\t\t\t\t\t<div>\n\t\t\t\t\t\t\t\t\t\t\t\t\t<strong>Jour 1<\/strong>\n\t\t\t\t\t\t\t\t\t\t\t\t\t\t\t<div class=\"translation-block\"><p>Bienvenue en Albanie !<\/p>\n<p>Vous pourrez r\u00e9cup\u00e9rer votre voiture entre <b>14h et 17h<\/b> dans la ville de <b>Tirana<\/b>, pr\u00e8s de l&rsquo;a\u00e9roport. Apr\u00e8s un bref briefing, vous partirez en direction de <b>Berat<\/b>. Vous pourrez donc profiter de votre premi\u00e8re soir\u00e9e en vous baladant dans les rues de Berat et sa forteresse.<\/p><\/div>\n\t\t\t\t\t\t\t\t\t\t\t\t\t<\/div>\n\n\n\t\t\t\t\t\t\t\t\t\t\t<\/div>\n\t\t\t\t\t\t\t\t\t\t<\/div>\n\t\t\t\t\t\t\t\t\t\t<div class=\"tb-column tb-column--image\">\n\n\t\t\t\t\t\t\t\t\t\t\t<div class=\"tb-image-part\">\n\t\t\t\t\t\t\t\t\t\t\t\t\t\t\t\t<div class=\"inner-block-full-width has-tb-carousel tb-carousel-slider\" >\n\t\t\t<div class=\"tb-carousel-container\">\n\t\t\t\t<div class=\"entries tb-cards\" data-slider-first=\"0\">\n\t\t\t\t\t\t\t\t\t<div class=\"entry\">\n\t\t\t\t<div class=\"tb-image-part\">\n\t\t\t\t\t<figure>\n\t\t\t\t\t\t<img src='https:\/\/albn.travelblox.eu\/wp-content\/uploads\/sites\/115\/2025\/10\/BERAT-DAY1-bis-1024x683.jpg' width='1024' height='683' alt='Voyage en Albanie : road trip de 7 jours en Albanie' style='object-position:50% 50%' loading='lazy' image_size='large'>\t\t\t\t\t\t\t\t\t\t\t<\/figure>\n\t\t\t\t<\/div>\n\t\t\t<\/div>\n\t\t\t\t\t<div class=\"entry\">\n\t\t\t\t<div class=\"tb-image-part\">\n\t\t\t\t\t<figure>\n\t\t\t\t\t\t<img src='https:\/\/albn.travelblox.eu\/wp-content\/uploads\/sites\/115\/2025\/10\/Berat-day-1-biiiiis-1024x683.jpg' width='1024' height='683' alt='Voyage en Albanie : road trip de 7 jours en Albanie' style='object-position:50% 50%' loading='lazy' image_size='large'>\t\t\t\t\t\t\t\t\t\t\t<\/figure>\n\t\t\t\t<\/div>\n\t\t\t<\/div>\n\t\t\t\t\t<div class=\"entry\">\n\t\t\t\t<div class=\"tb-image-part\">\n\t\t\t\t\t<figure>\n\t\t\t\t\t\t<img src='https:\/\/albn.travelblox.eu\/wp-content\/uploads\/sites\/115\/2025\/10\/BERAT-DAY-1-BBBIS-683x1024.jpg' width='683' height='1024' loading='lazy' image_size='large'>\t\t\t\t\t\t\t\t\t\t\t<\/figure>\n\t\t\t\t<\/div>\n\t\t\t<\/div>\n\t\t\t\t\t<div class=\"entry\">\n\t\t\t\t<div class=\"tb-image-part\">\n\t\t\t\t\t<figure>\n\t\t\t\t\t\t<img src='https:\/\/albn.travelblox.eu\/wp-content\/uploads\/sites\/115\/2025\/10\/BERAT_DAY1-1024x767.jpg' width='1024' height='767' loading='lazy' image_size='large'>\t\t\t\t\t\t\t\t\t\t\t<\/figure>\n\t\t\t\t<\/div>\n\t\t\t<\/div>\n\t\t\t\t\t\t\t\t<\/div>\n\t\t\t\t\t\t<div class=\"tb-carousel-nav\">\n\t\t\t<div class=\"dots\">\n\t\t\t\t<div class=\"dot active\"><\/div>\n\t\t\t\t<div class=\"dot\"><\/div>\n\t\t\t\t<div class=\"dot\"><\/div>\n\t\t\t<\/div>\n\t\t\t<div class=\"arrows\">\n\t\t\t\t<div class=\"prev disabled\">\n\t\t\t\t\t<span><i class=\"fa fa-chevron-left\"><\/i><\/span>\n\t\t\t\t<\/div>\n\t\t\t\t<div class=\"next\">\n\t\t\t\t\t<span><i class=\"fa fa-chevron-right\"><\/i><\/span>\n\t\t\t\t<\/div>\n\t\t\t<\/div>\n\t\t<\/div>\n\t\t\t\t<\/div>\n\t\t<\/div>\n\t\t\t\t\t\t\t\t\t\t\t\t\t<\/div>\n\t\t\t\t\t\t\t\t\t\t<\/div>\n\t\t\t\t\t\t\t\t\t<\/div>\n\t\t\t\t\t\t\t\t\t\t\t<div class=\"tb-popup-nav\">\n\t\t\t<a href=\"#\" class=\"tb-buttonlink-with-icon tb-buttonlink-with-arrow icon-first tb-popup-previous\">\n\t\t\t\t<i class=\"icon fa fa-chevron-left\"><\/i>\n\t\t\t\t<span>Jour pr\u00e9c\u00e9dent<\/span>\n\t\t\t<\/a>\n\t\t\t<a href=\"#\" class=\"tb-buttonlink-with-icon tb-buttonlink-with-arrow tb-popup-next\">\n\t\t\t\t<span>Jour suivant<\/span>\n\t\t\t\t<i class=\"icon fa fa-chevron-right\"><\/i>\n\t\t\t<\/a>\n\t\t<\/div>\n\t\n\t\t\t\t\t\t\t\t<\/div>\n\t\t\t\t\t\t\t<\/dialog>\n\t\t\t\t\t\t<\/div>\n\t\t\t\t\t\t\t\t\t\t\t<div class=\"tb-card entry tb-popup-trigger tb-unfold-on-hover\">\n\t\t\t\t\t\t\t<div class=\"tb-image-part\">\n\t\t\t\t\t\t\t\t<div class=\"tag\">\n\t\t\t\t\t\t\t\t\t<div>Jour 2<\/div>\n\t\t\t\t\t\t\t\t<\/div>\n\n\t\t\t\t\t\t\t\t<img src='https:\/\/albn.travelblox.eu\/wp-content\/uploads\/sites\/115\/2025\/10\/APPOLONIA-PARK-DAY2-bbbbis-768x512.jpg' width='768' height='512' loading='lazy' image_size='medium_large'>\t\t\t\t\t\t\t<\/div>\n\t\t\t\t\t\t\t<div class=\"tb-card-bottom-wrapper\">\n\t\t\t\t\t\t\t\t<div class=\"tb-card-bottom\">\n\n\t\t\t\t\t\t\t\t\t<span class=\"tb-card-bottom__title\">\n\t\t\t\t\t\t\t\t\t\t<span class=\"tb-card-bottom__place\">\n\t\t\t\t\t\t\t\t\t\t\tBerat\t\t\t\t\t\t\t\t\t\t\t\t\t\t\t\t\t\t\t\t\t\t\t&#8211; Dukat\t\t\t\t\t\t\t\t\t\t\t\t\t\t\t\t\t\t\t\t\t<\/span>\n\n\t\t\t\t\t\t\t\t\t<\/span>\n\t\t\t\t\t\t\t\t\t<div class=\"tb-card-bottom__content\">\n\t\t\t\t\t\t\t\t\t\t<div>\n\t\t\t\t\t\t\t\t\t\t\t\t\t\t\t\t\t\t\t\t\t\t\t<i class=\"icon fa-regular fa-car\"><\/i> 160 km &#8211; 3h\t\t\t\t\t\t\t\t\t\t\t\t\t\t\t\t\t\t\t\t\t<\/div>\n\t\t\t\t\t\t\t\t\t<\/div>\n\t\t\t\t\t\t\t\t\t<div class=\"tb-card-bottom__teaser tb-unfold-on-hover__content\" data-no-translation>\n\t\t\t\t\t\t\t\t\t\t\t\t\t\t\t\t\t\t\t\t\t\t\t\t\t\t\t\t\t\tUne fois votre petit-d\u00e9jeuner pris, vous partirez \u00e0 la d\u00e9couverte de la vieille ville de Berat, surn&#8230; <span class=\"link\">Lire la suite<\/span>\t\t\t\t\t\t\t\t\t<\/div>\n\t\t\t\t\t\t\t\t<\/div>\n\n\t\t\t\t\t\t\t<\/div>\n\t\t\t\t\t\t\t<dialog class=\"tb-popup tb-popup-with-padding tb-dayschedule-popup-wrapper\">\n\t\t\t\t\t\t\t\t<div class=\"tb-dayschedule-popup\">\n\t\t\t\t\t\t\t\t\t<h5>\n\t\t\t\t\t\t\t\t\t\t\t\t\t\t\t\t\t\t\t\t\t\t\t\t\t\t\t\t\t\t\t<div>\n\t\t\t\t\t\t\t\t\t\t\t\t\t\t\t\t\t\t\t\t\t\t\t\t\tBerat\t\t\t\t\t\t\t\t\t\t\t\t\t\t\t\t\t\t\t\t\t\t\t\t\t\t\t\t\t\t\t\t\t\t\t\t\t\t\t\t\t\t\t\t\t\t\t\t\t\t\t<i class=\"icon fa-solid fa-arrow-right\"><\/i> Dukat\t\t\t\t\t\t\t\t\t\t\t\t\t\t\t\t\t\t\t\t\t\t\t\t\t\t\t\t\t\t\t\t\t\t\t\t<\/div>\n\t\t\t\t\t\t\t\t\t\t\t\t\t\t\t\t\t\t\t<\/h5>\n\t\t\t\t\t\t\t\t\t<div class=\"tb-columns\">\n\t\t\t\t\t\t\t\t\t\t<div class=\"tb-column tb-column--text\">\n\t\t\t\t\t\t\t\t\t\t\t<div class=\"text-part\">\n\t\t\t\t\t\t\t\t\t\t\t\t\t\t\t\t\t\t\t\t\t\t\t\t\t<div class=\"tb-dayschedule-popup__icons\">\n\t\t\t\t\t\t\t\t\t\t\t\t\t\t\t\t\t\t\t\t\t\t\t\t\t\t\t\t\t\t\t\t\t\t\t\t\t\t\t\t\t\t\t<div class=\"tb-dayschedule-popup__icon\">\n\t\t\t\t\t\t\t\t\t\t\t\t\t\t\t\t<i class=\"icon fa-regular fa-car\"><\/i>\n\t\t\t\t\t\t\t\t\t\t\t\t\t\t\t\t<span>\n\t\t\t\t\t\t\t\t\t\t\t\t\t\t\t\t\t160 km &#8211; 3h\t\t\t\t\t\t\t\t\t\t\t\t\t\t\t\t<\/span>\n\t\t\t\t\t\t\t\t\t\t\t\t\t\t\t<\/div>\n\t\t\t\t\t\t\t\t\t\t\t\t\t\t\t\t\t\t\t\t\t\t\t\t\t\t\t<\/div>\n\t\t\t\t\t\t\t\t\t\t\t\t\n\t\t\t\t\t\t\t\t\t\t\t\t\n\t\t\t\t\t\t\t\t\t\t\t\t<div>\n\t\t\t\t\t\t\t\t\t\t\t\t\t<strong>Jour 2<\/strong>\n\t\t\t\t\t\t\t\t\t\t\t\t\t\t\t<div class=\"translation-block\"><p>Une fois votre petit-d\u00e9jeuner pris, vous partirez \u00e0 la d\u00e9couverte de la vieille ville de <b>Berat<\/b>, surnomm\u00e9e \u00ab la ville aux mille fen\u00eatres \u00bb, avec ses fa\u00e7ades blanches et son architecture ottomane.<\/p>\n<p>Les f\u00e9rus d&rsquo;histoire pourront ensuite remonter le temps en visitant le <b>parc arch\u00e9ologique d&rsquo;Apollonia<\/b>, fond\u00e9 au VIe si\u00e8cle av. J.-C., o\u00f9 vestiges antiques et patrimoine m\u00e9di\u00e9val se c\u00f4toient.<\/p>\n<p>Cap ensuite sur <b>Vlora<\/b>, avec une halte au Monast\u00e8re Sainte-Marie, avant d&rsquo;arriver sur la c\u00f4te albanaise. Et pour les plus t\u00e9m\u00e9raires, c&rsquo;est ici que l&rsquo;aventure prend de la hauteur : un <b>vol en parapente<\/b> au-dessus de Vlora pour admirer la mer et les montagnes comme vous ne les avez jamais vues.<\/p>\n<p>Votre journ\u00e9e s&rsquo;ach\u00e8vera dans un <strong>camping paisible<\/strong>, en pleine campagne, pour une nuit au c\u0153ur de la nature.<\/p><\/div>\n\t\t\t\t\t\t\t\t\t\t\t\t\t<\/div>\n\n\n\t\t\t\t\t\t\t\t\t\t\t<\/div>\n\t\t\t\t\t\t\t\t\t\t<\/div>\n\t\t\t\t\t\t\t\t\t\t<div class=\"tb-column tb-column--image\">\n\n\t\t\t\t\t\t\t\t\t\t\t<div class=\"tb-image-part\">\n\t\t\t\t\t\t\t\t\t\t\t\t\t\t\t\t<div class=\"inner-block-full-width has-tb-carousel tb-carousel-slider\" >\n\t\t\t<div class=\"tb-carousel-container\">\n\t\t\t\t<div class=\"entries tb-cards\" data-slider-first=\"0\">\n\t\t\t\t\t\t\t\t\t<div class=\"entry\">\n\t\t\t\t<div class=\"tb-image-part\">\n\t\t\t\t\t<figure>\n\t\t\t\t\t\t<img src='https:\/\/albn.travelblox.eu\/wp-content\/uploads\/sites\/115\/2025\/10\/APPOLONIA-PARK-DAY2-bbbbis-1024x683.jpg' width='1024' height='683' loading='lazy' image_size='large'>\t\t\t\t\t\t\t\t\t\t\t<\/figure>\n\t\t\t\t<\/div>\n\t\t\t<\/div>\n\t\t\t\t\t<div class=\"entry\">\n\t\t\t\t<div class=\"tb-image-part\">\n\t\t\t\t\t<figure>\n\t\t\t\t\t\t<img src='https:\/\/albn.travelblox.eu\/wp-content\/uploads\/sites\/115\/2025\/10\/APPOLONIA-PARK-DAY2-bis-683x1024.jpg' width='683' height='1024' loading='lazy' image_size='large'>\t\t\t\t\t\t\t\t\t\t\t<\/figure>\n\t\t\t\t<\/div>\n\t\t\t<\/div>\n\t\t\t\t\t<div class=\"entry\">\n\t\t\t\t<div class=\"tb-image-part\">\n\t\t\t\t\t<figure>\n\t\t\t\t\t\t<img src='https:\/\/albn.travelblox.eu\/wp-content\/uploads\/sites\/115\/2025\/10\/APPOLONIA-PARK-DAY2-683x1024.jpg' width='683' height='1024' loading='lazy' image_size='large'>\t\t\t\t\t\t\t\t\t\t\t<\/figure>\n\t\t\t\t<\/div>\n\t\t\t<\/div>\n\t\t\t\t\t<div class=\"entry\">\n\t\t\t\t<div class=\"tb-image-part\">\n\t\t\t\t\t<figure>\n\t\t\t\t\t\t<img src='https:\/\/albn.travelblox.eu\/wp-content\/uploads\/sites\/115\/2025\/10\/Dalan-beach-day-2-bbbis-1024x683.jpg' width='1024' height='683' alt='Voyage en Albanie : road trip de 7 jours en Albanie' style='object-position:50% 50%' loading='lazy' image_size='large'>\t\t\t\t\t\t\t\t\t\t\t<\/figure>\n\t\t\t\t<\/div>\n\t\t\t<\/div>\n\t\t\t\t\t\t\t\t<\/div>\n\t\t\t\t\t\t<div class=\"tb-carousel-nav\">\n\t\t\t<div class=\"dots\">\n\t\t\t\t<div class=\"dot active\"><\/div>\n\t\t\t\t<div class=\"dot\"><\/div>\n\t\t\t\t<div class=\"dot\"><\/div>\n\t\t\t<\/div>\n\t\t\t<div class=\"arrows\">\n\t\t\t\t<div class=\"prev disabled\">\n\t\t\t\t\t<span><i class=\"fa fa-chevron-left\"><\/i><\/span>\n\t\t\t\t<\/div>\n\t\t\t\t<div class=\"next\">\n\t\t\t\t\t<span><i class=\"fa fa-chevron-right\"><\/i><\/span>\n\t\t\t\t<\/div>\n\t\t\t<\/div>\n\t\t<\/div>\n\t\t\t\t<\/div>\n\t\t<\/div>\n\t\t\t\t\t\t\t\t\t\t\t\t\t<\/div>\n\t\t\t\t\t\t\t\t\t\t<\/div>\n\t\t\t\t\t\t\t\t\t<\/div>\n\t\t\t\t\t\t\t\t\t\t\t<div class=\"tb-popup-nav\">\n\t\t\t<a href=\"#\" class=\"tb-buttonlink-with-icon tb-buttonlink-with-arrow icon-first tb-popup-previous\">\n\t\t\t\t<i class=\"icon fa fa-chevron-left\"><\/i>\n\t\t\t\t<span>Jour pr\u00e9c\u00e9dent<\/span>\n\t\t\t<\/a>\n\t\t\t<a href=\"#\" class=\"tb-buttonlink-with-icon tb-buttonlink-with-arrow tb-popup-next\">\n\t\t\t\t<span>Jour suivant<\/span>\n\t\t\t\t<i class=\"icon fa fa-chevron-right\"><\/i>\n\t\t\t<\/a>\n\t\t<\/div>\n\t\n\t\t\t\t\t\t\t\t<\/div>\n\t\t\t\t\t\t\t<\/dialog>\n\t\t\t\t\t\t<\/div>\n\t\t\t\t\t\t\t\t\t\t\t<div class=\"tb-card entry tb-popup-trigger tb-unfold-on-hover\">\n\t\t\t\t\t\t\t<div class=\"tb-image-part\">\n\t\t\t\t\t\t\t\t<div class=\"tag\">\n\t\t\t\t\t\t\t\t\t<div>Jour 3<\/div>\n\t\t\t\t\t\t\t\t<\/div>\n\n\t\t\t\t\t\t\t\t<img src='https:\/\/albn.travelblox.eu\/wp-content\/uploads\/sites\/115\/2025\/10\/dukat-day-2-768x512.jpg' width='768' height='512' alt='Voyage en Albanie : road trip de 7 jours en Albanie' style='object-position:50% 50%' loading='lazy' image_size='medium_large'>\t\t\t\t\t\t\t<\/div>\n\t\t\t\t\t\t\t<div class=\"tb-card-bottom-wrapper\">\n\t\t\t\t\t\t\t\t<div class=\"tb-card-bottom\">\n\n\t\t\t\t\t\t\t\t\t<span class=\"tb-card-bottom__title\">\n\t\t\t\t\t\t\t\t\t\t<span class=\"tb-card-bottom__place\">\n\t\t\t\t\t\t\t\t\t\t\tDukat\t\t\t\t\t\t\t\t\t\t\t\t\t\t\t\t\t\t\t\t\t\t\t&#8211; Ksamil\t\t\t\t\t\t\t\t\t\t\t\t\t\t\t\t\t\t\t\t\t<\/span>\n\n\t\t\t\t\t\t\t\t\t<\/span>\n\t\t\t\t\t\t\t\t\t<div class=\"tb-card-bottom__content\">\n\t\t\t\t\t\t\t\t\t\t<div>\n\t\t\t\t\t\t\t\t\t\t\t\t\t\t\t\t\t\t\t\t\t\t\t<i class=\"icon fa-regular fa-car\"><\/i> 120 km &#8211; 3h45\t\t\t\t\t\t\t\t\t\t\t\t\t\t\t\t\t\t\t\t\t<\/div>\n\t\t\t\t\t\t\t\t\t<\/div>\n\t\t\t\t\t\t\t\t\t<div class=\"tb-card-bottom__teaser tb-unfold-on-hover__content\" data-no-translation>\n\t\t\t\t\t\t\t\t\t\t\t\t\t\t\t\t\t\t\t\t\t\t\t\t\t\t\t\t\t\tApr\u00e8s votre nuit \u00e0 la campagne, vous reprendrez la route pour une journ\u00e9e riche en d\u00e9couvertes sur l&#8230; <span class=\"link\">Lire la suite<\/span>\t\t\t\t\t\t\t\t\t<\/div>\n\t\t\t\t\t\t\t\t<\/div>\n\n\t\t\t\t\t\t\t<\/div>\n\t\t\t\t\t\t\t<dialog class=\"tb-popup tb-popup-with-padding tb-dayschedule-popup-wrapper\">\n\t\t\t\t\t\t\t\t<div class=\"tb-dayschedule-popup\">\n\t\t\t\t\t\t\t\t\t<h5>\n\t\t\t\t\t\t\t\t\t\t\t\t\t\t\t\t\t\t\t\t\t\t\t\t\t\t\t\t\t\t\t<div>\n\t\t\t\t\t\t\t\t\t\t\t\t\t\t\t\t\t\t\t\t\t\t\t\t\tDukat\t\t\t\t\t\t\t\t\t\t\t\t\t\t\t\t\t\t\t\t\t\t\t\t\t\t\t\t\t\t\t\t\t\t\t\t\t\t\t\t\t\t\t\t\t\t\t\t\t\t\t<i class=\"icon fa-solid fa-arrow-right\"><\/i> Ksamil\t\t\t\t\t\t\t\t\t\t\t\t\t\t\t\t\t\t\t\t\t\t\t\t\t\t\t\t\t\t\t\t\t\t\t\t<\/div>\n\t\t\t\t\t\t\t\t\t\t\t\t\t\t\t\t\t\t\t<\/h5>\n\t\t\t\t\t\t\t\t\t<div class=\"tb-columns\">\n\t\t\t\t\t\t\t\t\t\t<div class=\"tb-column tb-column--text\">\n\t\t\t\t\t\t\t\t\t\t\t<div class=\"text-part\">\n\t\t\t\t\t\t\t\t\t\t\t\t\t\t\t\t\t\t\t\t\t\t\t\t\t<div class=\"tb-dayschedule-popup__icons\">\n\t\t\t\t\t\t\t\t\t\t\t\t\t\t\t\t\t\t\t\t\t\t\t\t\t\t\t\t\t\t\t\t\t\t\t\t\t\t\t\t\t\t\t<div class=\"tb-dayschedule-popup__icon\">\n\t\t\t\t\t\t\t\t\t\t\t\t\t\t\t\t<i class=\"icon fa-regular fa-car\"><\/i>\n\t\t\t\t\t\t\t\t\t\t\t\t\t\t\t\t<span>\n\t\t\t\t\t\t\t\t\t\t\t\t\t\t\t\t\t120 km &#8211; 3h45\t\t\t\t\t\t\t\t\t\t\t\t\t\t\t\t<\/span>\n\t\t\t\t\t\t\t\t\t\t\t\t\t\t\t<\/div>\n\t\t\t\t\t\t\t\t\t\t\t\t\t\t\t\t\t\t\t\t\t\t\t\t\t\t\t<\/div>\n\t\t\t\t\t\t\t\t\t\t\t\t\n\t\t\t\t\t\t\t\t\t\t\t\t\n\t\t\t\t\t\t\t\t\t\t\t\t<div>\n\t\t\t\t\t\t\t\t\t\t\t\t\t<strong>Jour 3<\/strong>\n\t\t\t\t\t\t\t\t\t\t\t\t\t\t\t<div class=\"translation-block\"><p>Apr\u00e8s votre nuit \u00e0 la campagne, vous reprendrez la route pour une journ\u00e9e riche en d\u00e9couvertes sur la <b>Riviera albanaise<\/b>.<\/p>\n<p>D&rsquo;abord, vous vous \u00e9lancerez sur le c\u00e9l\u00e8bre <b>col de Llogara<\/b>, une route spectaculaire offrant de beaux panoramas sur la mer Ionienne. Les virages en \u00e9pingle vous m\u00e8neront \u00e0 plus de 1000 m\u00e8tres d&rsquo;altitude !<\/p>\n<p>Puis, vous d\u00e9couvrirez deux des plus belles plages d&rsquo;Albanie : la magnifique plage de <b>Dh\u00ebrmi<\/b> aux eaux cristallines, suivie de la plage de <b>Gjipe<\/b>, v\u00e9ritable joyau cach\u00e9 entre les falaises.<\/p>\n<p>L&rsquo;apr\u00e8s-midi, vous ferez une halte au <b>ch\u00e2teau de Porto Palermo<\/b>, forteresse triangulaire surplombant la mer, t\u00e9moin de l&rsquo;histoire militaire de la r\u00e9gion.<\/p>\n<p>Enfin, vous prendrez la direction de <b>Ksamil<\/b>, o\u00f9 vous vous installerez pour la nuit.<\/p><\/div>\n\t\t\t\t\t\t\t\t\t\t\t\t\t<\/div>\n\n\n\t\t\t\t\t\t\t\t\t\t\t<\/div>\n\t\t\t\t\t\t\t\t\t\t<\/div>\n\t\t\t\t\t\t\t\t\t\t<div class=\"tb-column tb-column--image\">\n\n\t\t\t\t\t\t\t\t\t\t\t<div class=\"tb-image-part\">\n\t\t\t\t\t\t\t\t\t\t\t\t\t\t\t\t<div class=\"inner-block-full-width has-tb-carousel tb-carousel-slider\" >\n\t\t\t<div class=\"tb-carousel-container\">\n\t\t\t\t<div class=\"entries tb-cards\" data-slider-first=\"0\">\n\t\t\t\t\t\t\t\t\t<div class=\"entry\">\n\t\t\t\t<div class=\"tb-image-part\">\n\t\t\t\t\t<figure>\n\t\t\t\t\t\t<img src='https:\/\/albn.travelblox.eu\/wp-content\/uploads\/sites\/115\/2025\/10\/dukat-day-2-1024x683.jpg' width='1024' height='683' alt='Voyage en Albanie : road trip de 7 jours en Albanie' style='object-position:50% 50%' loading='lazy' image_size='large'>\t\t\t\t\t\t\t\t\t\t\t<\/figure>\n\t\t\t\t<\/div>\n\t\t\t<\/div>\n\t\t\t\t\t<div class=\"entry\">\n\t\t\t\t<div class=\"tb-image-part\">\n\t\t\t\t\t<figure>\n\t\t\t\t\t\t<img src='https:\/\/albn.travelblox.eu\/wp-content\/uploads\/sites\/115\/2025\/10\/DAY3-683x1024.jpg' width='683' height='1024' loading='lazy' image_size='large'>\t\t\t\t\t\t\t\t\t\t\t<\/figure>\n\t\t\t\t<\/div>\n\t\t\t<\/div>\n\t\t\t\t\t\t\t\t<\/div>\n\t\t\t\t\t\t<div class=\"tb-carousel-nav\">\n\t\t\t<div class=\"dots\">\n\t\t\t\t<div class=\"dot active\"><\/div>\n\t\t\t\t<div class=\"dot\"><\/div>\n\t\t\t\t<div class=\"dot\"><\/div>\n\t\t\t<\/div>\n\t\t\t<div class=\"arrows\">\n\t\t\t\t<div class=\"prev disabled\">\n\t\t\t\t\t<span><i class=\"fa fa-chevron-left\"><\/i><\/span>\n\t\t\t\t<\/div>\n\t\t\t\t<div class=\"next\">\n\t\t\t\t\t<span><i class=\"fa fa-chevron-right\"><\/i><\/span>\n\t\t\t\t<\/div>\n\t\t\t<\/div>\n\t\t<\/div>\n\t\t\t\t<\/div>\n\t\t<\/div>\n\t\t\t\t\t\t\t\t\t\t\t\t\t<\/div>\n\t\t\t\t\t\t\t\t\t\t<\/div>\n\t\t\t\t\t\t\t\t\t<\/div>\n\t\t\t\t\t\t\t\t\t\t\t<div class=\"tb-popup-nav\">\n\t\t\t<a href=\"#\" class=\"tb-buttonlink-with-icon tb-buttonlink-with-arrow icon-first tb-popup-previous\">\n\t\t\t\t<i class=\"icon fa fa-chevron-left\"><\/i>\n\t\t\t\t<span>Jour pr\u00e9c\u00e9dent<\/span>\n\t\t\t<\/a>\n\t\t\t<a href=\"#\" class=\"tb-buttonlink-with-icon tb-buttonlink-with-arrow tb-popup-next\">\n\t\t\t\t<span>Jour suivant<\/span>\n\t\t\t\t<i class=\"icon fa fa-chevron-right\"><\/i>\n\t\t\t<\/a>\n\t\t<\/div>\n\t\n\t\t\t\t\t\t\t\t<\/div>\n\t\t\t\t\t\t\t<\/dialog>\n\t\t\t\t\t\t<\/div>\n\t\t\t\t\t\t\t\t\t\t\t<div class=\"tb-card entry tb-popup-trigger tb-unfold-on-hover\">\n\t\t\t\t\t\t\t<div class=\"tb-image-part\">\n\t\t\t\t\t\t\t\t<div class=\"tag\">\n\t\t\t\t\t\t\t\t\t<div>Jour 4<\/div>\n\t\t\t\t\t\t\t\t<\/div>\n\n\t\t\t\t\t\t\t\t<img src='https:\/\/albn.travelblox.eu\/wp-content\/uploads\/sites\/115\/2025\/03\/Blue-eye-albanie-768x1024.jpg' width='768' height='1024' loading='lazy' image_size='medium_large'>\t\t\t\t\t\t\t<\/div>\n\t\t\t\t\t\t\t<div class=\"tb-card-bottom-wrapper\">\n\t\t\t\t\t\t\t\t<div class=\"tb-card-bottom\">\n\n\t\t\t\t\t\t\t\t\t<span class=\"tb-card-bottom__title\">\n\t\t\t\t\t\t\t\t\t\t<span class=\"tb-card-bottom__place\">\n\t\t\t\t\t\t\t\t\t\t\tKsamil\t\t\t\t\t\t\t\t\t\t\t\t\t\t\t\t\t\t\t\t\t\t\t&#8211; Gijrokast\u00ebr\t\t\t\t\t\t\t\t\t\t\t\t\t\t\t\t\t\t\t\t\t<\/span>\n\n\t\t\t\t\t\t\t\t\t<\/span>\n\t\t\t\t\t\t\t\t\t<div class=\"tb-card-bottom__content\">\n\t\t\t\t\t\t\t\t\t\t<div>\n\t\t\t\t\t\t\t\t\t\t\t\t\t\t\t\t\t\t\t\t\t\t\t<i class=\"icon fa-regular fa-car\"><\/i> 100 km &#8211; 3h\t\t\t\t\t\t\t\t\t\t\t\t\t\t\t\t\t\t\t\t\t<\/div>\n\t\t\t\t\t\t\t\t\t<\/div>\n\t\t\t\t\t\t\t\t\t<div class=\"tb-card-bottom__teaser tb-unfold-on-hover__content\" data-no-translation>\n\t\t\t\t\t\t\t\t\t\t\t\t\t\t\t\t\t\t\t\t\t\t\t\t\t\t\t\t\t\tVotre quatri\u00e8me journ\u00e9e d\u00e9butera au c\u0153ur du parc arch\u00e9ologique de Butrint, class\u00e9 au patrimoine mond&#8230; <span class=\"link\">Lire la suite<\/span>\t\t\t\t\t\t\t\t\t<\/div>\n\t\t\t\t\t\t\t\t<\/div>\n\n\t\t\t\t\t\t\t<\/div>\n\t\t\t\t\t\t\t<dialog class=\"tb-popup tb-popup-with-padding tb-dayschedule-popup-wrapper\">\n\t\t\t\t\t\t\t\t<div class=\"tb-dayschedule-popup\">\n\t\t\t\t\t\t\t\t\t<h5>\n\t\t\t\t\t\t\t\t\t\t\t\t\t\t\t\t\t\t\t\t\t\t\t\t\t\t\t\t\t\t\t<div>\n\t\t\t\t\t\t\t\t\t\t\t\t\t\t\t\t\t\t\t\t\t\t\t\t\tKsamil\t\t\t\t\t\t\t\t\t\t\t\t\t\t\t\t\t\t\t\t\t\t\t\t\t\t\t\t\t\t\t\t\t\t\t\t\t\t\t\t\t\t\t\t\t\t\t\t\t\t\t<i class=\"icon fa-solid fa-arrow-right\"><\/i> Gijrokast\u00ebr\t\t\t\t\t\t\t\t\t\t\t\t\t\t\t\t\t\t\t\t\t\t\t\t\t\t\t\t\t\t\t\t\t\t\t\t<\/div>\n\t\t\t\t\t\t\t\t\t\t\t\t\t\t\t\t\t\t\t<\/h5>\n\t\t\t\t\t\t\t\t\t<div class=\"tb-columns\">\n\t\t\t\t\t\t\t\t\t\t<div class=\"tb-column tb-column--text\">\n\t\t\t\t\t\t\t\t\t\t\t<div class=\"text-part\">\n\t\t\t\t\t\t\t\t\t\t\t\t\t\t\t\t\t\t\t\t\t\t\t\t\t<div class=\"tb-dayschedule-popup__icons\">\n\t\t\t\t\t\t\t\t\t\t\t\t\t\t\t\t\t\t\t\t\t\t\t\t\t\t\t\t\t\t\t\t\t\t\t\t\t\t\t\t\t\t\t<div class=\"tb-dayschedule-popup__icon\">\n\t\t\t\t\t\t\t\t\t\t\t\t\t\t\t\t<i class=\"icon fa-regular fa-car\"><\/i>\n\t\t\t\t\t\t\t\t\t\t\t\t\t\t\t\t<span>\n\t\t\t\t\t\t\t\t\t\t\t\t\t\t\t\t\t100 km &#8211; 3h\t\t\t\t\t\t\t\t\t\t\t\t\t\t\t\t<\/span>\n\t\t\t\t\t\t\t\t\t\t\t\t\t\t\t<\/div>\n\t\t\t\t\t\t\t\t\t\t\t\t\t\t\t\t\t\t\t\t\t\t\t\t\t\t\t<\/div>\n\t\t\t\t\t\t\t\t\t\t\t\t\n\t\t\t\t\t\t\t\t\t\t\t\t\n\t\t\t\t\t\t\t\t\t\t\t\t<div>\n\t\t\t\t\t\t\t\t\t\t\t\t\t<strong>Jour 4<\/strong>\n\t\t\t\t\t\t\t\t\t\t\t\t\t\t\t<div class=\"translation-block\"><p>Votre quatri\u00e8me journ\u00e9e d\u00e9butera au c\u0153ur du <b>parc arch\u00e9ologique de Butrint,<\/b> class\u00e9 au patrimoine mondial de l&rsquo;UNESCO. Ce site historique exceptionnel vous plongera dans plus de 2500 ans d&rsquo;histoire, entre th\u00e9\u00e2tre antique et baptist\u00e8re byzantin.<\/p>\n<p>L&rsquo;apr\u00e8s-midi, vous mettrez le cap vers <b>The Blue Eye (l&rsquo;\u0152il Bleu)<\/b>, un ph\u00e9nom\u00e8ne naturel fascinant. Cette source d&rsquo;eau d&rsquo;un bleu profond, nich\u00e9e dans une for\u00eat verdoyante, vous \u00e9merveillera par sa beaut\u00e9 myst\u00e9rieuse. Votre journ\u00e9e s&rsquo;ach\u00e8vera \u00e0 <b>Gjirokast\u00ebr<\/b>, ville-mus\u00e9e aux toits de pierre. C&rsquo;est \u00e0 c\u00f4t\u00e9 de cette cit\u00e9 historique, connue pour son imposante forteresse et ses maisons traditionnelles, que vous passerez la nuit.<\/p><\/div>\n\t\t\t\t\t\t\t\t\t\t\t\t\t<\/div>\n\n\n\t\t\t\t\t\t\t\t\t\t\t<\/div>\n\t\t\t\t\t\t\t\t\t\t<\/div>\n\t\t\t\t\t\t\t\t\t\t<div class=\"tb-column tb-column--image\">\n\n\t\t\t\t\t\t\t\t\t\t\t<div class=\"tb-image-part\">\n\t\t\t\t\t\t\t\t\t\t\t\t\t\t\t\t<div class=\"inner-block-full-width has-tb-carousel tb-carousel-slider\" >\n\t\t\t<div class=\"tb-carousel-container\">\n\t\t\t\t<div class=\"entries tb-cards\" data-slider-first=\"0\">\n\t\t\t\t\t\t\t\t\t<div class=\"entry\">\n\t\t\t\t<div class=\"tb-image-part\">\n\t\t\t\t\t<figure>\n\t\t\t\t\t\t<img src='https:\/\/albn.travelblox.eu\/wp-content\/uploads\/sites\/115\/2025\/03\/Blue-eye-albanie-768x1024.jpg' width='768' height='1024' loading='lazy' image_size='large'>\t\t\t\t\t\t\t\t\t\t\t<\/figure>\n\t\t\t\t<\/div>\n\t\t\t<\/div>\n\t\t\t\t\t<div class=\"entry\">\n\t\t\t\t<div class=\"tb-image-part\">\n\t\t\t\t\t<figure>\n\t\t\t\t\t\t<img src='https:\/\/albn.travelblox.eu\/wp-content\/uploads\/sites\/115\/2025\/10\/Girokastra-day-4-683x1024.jpg' width='683' height='1024' loading='lazy' image_size='large'>\t\t\t\t\t\t\t\t\t\t\t<\/figure>\n\t\t\t\t<\/div>\n\t\t\t<\/div>\n\t\t\t\t\t<div class=\"entry\">\n\t\t\t\t<div class=\"tb-image-part\">\n\t\t\t\t\t<figure>\n\t\t\t\t\t\t<img src='https:\/\/albn.travelblox.eu\/wp-content\/uploads\/sites\/115\/2025\/10\/camping-day-4-girokastra-683x1024.jpg' width='683' height='1024' loading='lazy' image_size='large'>\t\t\t\t\t\t\t\t\t\t\t<\/figure>\n\t\t\t\t<\/div>\n\t\t\t<\/div>\n\t\t\t\t\t\t\t\t<\/div>\n\t\t\t\t\t\t<div class=\"tb-carousel-nav\">\n\t\t\t<div class=\"dots\">\n\t\t\t\t<div class=\"dot active\"><\/div>\n\t\t\t\t<div class=\"dot\"><\/div>\n\t\t\t\t<div class=\"dot\"><\/div>\n\t\t\t<\/div>\n\t\t\t<div class=\"arrows\">\n\t\t\t\t<div class=\"prev disabled\">\n\t\t\t\t\t<span><i class=\"fa fa-chevron-left\"><\/i><\/span>\n\t\t\t\t<\/div>\n\t\t\t\t<div class=\"next\">\n\t\t\t\t\t<span><i class=\"fa fa-chevron-right\"><\/i><\/span>\n\t\t\t\t<\/div>\n\t\t\t<\/div>\n\t\t<\/div>\n\t\t\t\t<\/div>\n\t\t<\/div>\n\t\t\t\t\t\t\t\t\t\t\t\t\t<\/div>\n\t\t\t\t\t\t\t\t\t\t<\/div>\n\t\t\t\t\t\t\t\t\t<\/div>\n\t\t\t\t\t\t\t\t\t\t\t<div class=\"tb-popup-nav\">\n\t\t\t<a href=\"#\" class=\"tb-buttonlink-with-icon tb-buttonlink-with-arrow icon-first tb-popup-previous\">\n\t\t\t\t<i class=\"icon fa fa-chevron-left\"><\/i>\n\t\t\t\t<span>Jour pr\u00e9c\u00e9dent<\/span>\n\t\t\t<\/a>\n\t\t\t<a href=\"#\" class=\"tb-buttonlink-with-icon tb-buttonlink-with-arrow tb-popup-next\">\n\t\t\t\t<span>Jour suivant<\/span>\n\t\t\t\t<i class=\"icon fa fa-chevron-right\"><\/i>\n\t\t\t<\/a>\n\t\t<\/div>\n\t\n\t\t\t\t\t\t\t\t<\/div>\n\t\t\t\t\t\t\t<\/dialog>\n\t\t\t\t\t\t<\/div>\n\t\t\t\t\t\t\t\t\t\t\t<div class=\"tb-card entry tb-popup-trigger tb-unfold-on-hover\">\n\t\t\t\t\t\t\t<div class=\"tb-image-part\">\n\t\t\t\t\t\t\t\t<div class=\"tag\">\n\t\t\t\t\t\t\t\t\t<div>Jour 5<\/div>\n\t\t\t\t\t\t\t\t<\/div>\n\n\t\t\t\t\t\t\t\t<img src='https:\/\/albn.travelblox.eu\/wp-content\/uploads\/sites\/115\/2025\/10\/Dino_s-river-day-5-768x1024.jpg' width='768' height='1024' loading='lazy' image_size='medium_large'>\t\t\t\t\t\t\t<\/div>\n\t\t\t\t\t\t\t<div class=\"tb-card-bottom-wrapper\">\n\t\t\t\t\t\t\t\t<div class=\"tb-card-bottom\">\n\n\t\t\t\t\t\t\t\t\t<span class=\"tb-card-bottom__title\">\n\t\t\t\t\t\t\t\t\t\t<span class=\"tb-card-bottom__place\">\n\t\t\t\t\t\t\t\t\t\t\tGijrokast\u00ebr\t\t\t\t\t\t\t\t\t\t\t\t\t\t\t\t\t\t\t\t\t\t\t&#8211; Leskovik\t\t\t\t\t\t\t\t\t\t\t\t\t\t\t\t\t\t\t\t\t<\/span>\n\n\t\t\t\t\t\t\t\t\t<\/span>\n\t\t\t\t\t\t\t\t\t<div class=\"tb-card-bottom__content\">\n\t\t\t\t\t\t\t\t\t\t<div>\n\t\t\t\t\t\t\t\t\t\t\t\t\t\t\t\t\t\t\t\t\t\t\t<i class=\"icon fa-regular fa-car\"><\/i> 170 km &#8211; 4h\t\t\t\t\t\t\t\t\t\t\t\t\t\t\t\t\t\t\t\t\t<\/div>\n\t\t\t\t\t\t\t\t\t<\/div>\n\t\t\t\t\t\t\t\t\t<div class=\"tb-card-bottom__teaser tb-unfold-on-hover__content\" data-no-translation>\n\t\t\t\t\t\t\t\t\t\t\t\t\t\t\t\t\t\t\t\t\t\t\t\t\t\t\t\t\t\tPour votre cinqui\u00e8me jour d&rsquo;aventure, vous quitterez la ville-mus\u00e9e de Gjirokast\u00ebr pour d\u00e9couv&#8230; <span class=\"link\">Lire la suite<\/span>\t\t\t\t\t\t\t\t\t<\/div>\n\t\t\t\t\t\t\t\t<\/div>\n\n\t\t\t\t\t\t\t<\/div>\n\t\t\t\t\t\t\t<dialog class=\"tb-popup tb-popup-with-padding tb-dayschedule-popup-wrapper\">\n\t\t\t\t\t\t\t\t<div class=\"tb-dayschedule-popup\">\n\t\t\t\t\t\t\t\t\t<h5>\n\t\t\t\t\t\t\t\t\t\t\t\t\t\t\t\t\t\t\t\t\t\t\t\t\t\t\t\t\t\t\t<div>\n\t\t\t\t\t\t\t\t\t\t\t\t\t\t\t\t\t\t\t\t\t\t\t\t\tGijrokast\u00ebr\t\t\t\t\t\t\t\t\t\t\t\t\t\t\t\t\t\t\t\t\t\t\t\t\t\t\t\t\t\t\t\t\t\t\t\t\t\t\t\t\t\t\t\t\t\t\t\t\t\t\t<i class=\"icon fa-solid fa-arrow-right\"><\/i> Leskovik\t\t\t\t\t\t\t\t\t\t\t\t\t\t\t\t\t\t\t\t\t\t\t\t\t\t\t\t\t\t\t\t\t\t\t\t<\/div>\n\t\t\t\t\t\t\t\t\t\t\t\t\t\t\t\t\t\t\t<\/h5>\n\t\t\t\t\t\t\t\t\t<div class=\"tb-columns\">\n\t\t\t\t\t\t\t\t\t\t<div class=\"tb-column tb-column--text\">\n\t\t\t\t\t\t\t\t\t\t\t<div class=\"text-part\">\n\t\t\t\t\t\t\t\t\t\t\t\t\t\t\t\t\t\t\t\t\t\t\t\t\t<div class=\"tb-dayschedule-popup__icons\">\n\t\t\t\t\t\t\t\t\t\t\t\t\t\t\t\t\t\t\t\t\t\t\t\t\t\t\t\t\t\t\t\t\t\t\t\t\t\t\t\t\t\t\t<div class=\"tb-dayschedule-popup__icon\">\n\t\t\t\t\t\t\t\t\t\t\t\t\t\t\t\t<i class=\"icon fa-regular fa-car\"><\/i>\n\t\t\t\t\t\t\t\t\t\t\t\t\t\t\t\t<span>\n\t\t\t\t\t\t\t\t\t\t\t\t\t\t\t\t\t170 km &#8211; 4h\t\t\t\t\t\t\t\t\t\t\t\t\t\t\t\t<\/span>\n\t\t\t\t\t\t\t\t\t\t\t\t\t\t\t<\/div>\n\t\t\t\t\t\t\t\t\t\t\t\t\t\t\t\t\t\t\t\t\t\t\t\t\t\t\t<\/div>\n\t\t\t\t\t\t\t\t\t\t\t\t\n\t\t\t\t\t\t\t\t\t\t\t\t\n\t\t\t\t\t\t\t\t\t\t\t\t<div>\n\t\t\t\t\t\t\t\t\t\t\t\t\t<strong>Jour 5<\/strong>\n\t\t\t\t\t\t\t\t\t\t\t\t\t\t\t<div class=\"translation-block\"><p>Pour votre cinqui\u00e8me jour d&rsquo;aventure, vous quitterez la ville-mus\u00e9e de Gjirokast\u00ebr pour d\u00e9couvrir un autre pan de l&rsquo;histoire locale.<\/p>\n<p>Vous commencerez par <b>l&rsquo;aqueduc d&rsquo;Ali Pacha<\/b>, impressionnant ouvrage du XVIIIe si\u00e8cle qui t\u00e9moigne encore du g\u00e9nie civil ottoman. Ensuite, cap sur Permet, charmante ville nich\u00e9e entre les montagnes.<\/p>\n<p>L&rsquo;apr\u00e8s-midi, place \u00e0 l&rsquo;action pour ceux qui ont r\u00e9serv\u00e9 <b>l&rsquo;activit\u00e9 rafting<\/b> : une belle occasion de d\u00e9couvrir la <b>rivi\u00e8re Vjosa<\/b> d&rsquo;encore plus pr\u00e8s, au fil de ses rapides. Pour les autres, pas d&rsquo;inqui\u00e9tude : la rivi\u00e8re invite aussi \u00e0 la baignade un peu partout le long de son cours.<\/p>\n<p>La journ\u00e9e s&rsquo;ach\u00e8vera dans un camping paisible, tout pr\u00e8s de la fronti\u00e8re grecque.<\/p><\/div>\n\t\t\t\t\t\t\t\t\t\t\t\t\t<\/div>\n\n\n\t\t\t\t\t\t\t\t\t\t\t<\/div>\n\t\t\t\t\t\t\t\t\t\t<\/div>\n\t\t\t\t\t\t\t\t\t\t<div class=\"tb-column tb-column--image\">\n\n\t\t\t\t\t\t\t\t\t\t\t<div class=\"tb-image-part\">\n\t\t\t\t\t\t\t\t\t\t\t\t\t\t\t\t<div class=\"inner-block-full-width has-tb-carousel tb-carousel-slider\" >\n\t\t\t<div class=\"tb-carousel-container\">\n\t\t\t\t<div class=\"entries tb-cards\" data-slider-first=\"0\">\n\t\t\t\t\t\t\t\t\t<div class=\"entry\">\n\t\t\t\t<div class=\"tb-image-part\">\n\t\t\t\t\t<figure>\n\t\t\t\t\t\t<img src='https:\/\/albn.travelblox.eu\/wp-content\/uploads\/sites\/115\/2025\/10\/Dino_s-river-day-5-768x1024.jpg' width='768' height='1024' loading='lazy' image_size='large'>\t\t\t\t\t\t\t\t\t\t\t<\/figure>\n\t\t\t\t<\/div>\n\t\t\t<\/div>\n\t\t\t\t\t<div class=\"entry\">\n\t\t\t\t<div class=\"tb-image-part\">\n\t\t\t\t\t<figure>\n\t\t\t\t\t\t<img src='https:\/\/albn.travelblox.eu\/wp-content\/uploads\/sites\/115\/2025\/10\/rafting-vjosa-river-day-5-bbis-1024x683.jpg' width='1024' height='683' alt='Wat te doen in Albani\u00eb: raften op Vl\u00f6re Albani\u00eb' loading='lazy' image_size='large'>\t\t\t\t\t\t\t\t\t\t\t<\/figure>\n\t\t\t\t<\/div>\n\t\t\t<\/div>\n\t\t\t\t\t<div class=\"entry\">\n\t\t\t\t<div class=\"tb-image-part\">\n\t\t\t\t\t<figure>\n\t\t\t\t\t\t<img src='https:\/\/albn.travelblox.eu\/wp-content\/uploads\/sites\/115\/2025\/10\/vjosa-river-day-5-bis-683x1024.jpg' width='683' height='1024' loading='lazy' image_size='large'>\t\t\t\t\t\t\t\t\t\t\t<\/figure>\n\t\t\t\t<\/div>\n\t\t\t<\/div>\n\t\t\t\t\t\t\t\t<\/div>\n\t\t\t\t\t\t<div class=\"tb-carousel-nav\">\n\t\t\t<div class=\"dots\">\n\t\t\t\t<div class=\"dot active\"><\/div>\n\t\t\t\t<div class=\"dot\"><\/div>\n\t\t\t\t<div class=\"dot\"><\/div>\n\t\t\t<\/div>\n\t\t\t<div class=\"arrows\">\n\t\t\t\t<div class=\"prev disabled\">\n\t\t\t\t\t<span><i class=\"fa fa-chevron-left\"><\/i><\/span>\n\t\t\t\t<\/div>\n\t\t\t\t<div class=\"next\">\n\t\t\t\t\t<span><i class=\"fa fa-chevron-right\"><\/i><\/span>\n\t\t\t\t<\/div>\n\t\t\t<\/div>\n\t\t<\/div>\n\t\t\t\t<\/div>\n\t\t<\/div>\n\t\t\t\t\t\t\t\t\t\t\t\t\t<\/div>\n\t\t\t\t\t\t\t\t\t\t<\/div>\n\t\t\t\t\t\t\t\t\t<\/div>\n\t\t\t\t\t\t\t\t\t\t\t<div class=\"tb-popup-nav\">\n\t\t\t<a href=\"#\" class=\"tb-buttonlink-with-icon tb-buttonlink-with-arrow icon-first tb-popup-previous\">\n\t\t\t\t<i class=\"icon fa fa-chevron-left\"><\/i>\n\t\t\t\t<span>Jour pr\u00e9c\u00e9dent<\/span>\n\t\t\t<\/a>\n\t\t\t<a href=\"#\" class=\"tb-buttonlink-with-icon tb-buttonlink-with-arrow tb-popup-next\">\n\t\t\t\t<span>Jour suivant<\/span>\n\t\t\t\t<i class=\"icon fa fa-chevron-right\"><\/i>\n\t\t\t<\/a>\n\t\t<\/div>\n\t\n\t\t\t\t\t\t\t\t<\/div>\n\t\t\t\t\t\t\t<\/dialog>\n\t\t\t\t\t\t<\/div>\n\t\t\t\t\t\t\t\t\t\t\t<div class=\"tb-card entry tb-popup-trigger tb-unfold-on-hover\">\n\t\t\t\t\t\t\t<div class=\"tb-image-part\">\n\t\t\t\t\t\t\t\t<div class=\"tag\">\n\t\t\t\t\t\t\t\t\t<div>Jour 6<\/div>\n\t\t\t\t\t\t\t\t<\/div>\n\n\t\t\t\t\t\t\t\t<img src='https:\/\/albn.travelblox.eu\/wp-content\/uploads\/sites\/115\/2025\/10\/cooking-class-day-6-768x512.jpg' width='768' height='512' alt='albanie eten' loading='lazy' image_size='medium_large'>\t\t\t\t\t\t\t<\/div>\n\t\t\t\t\t\t\t<div class=\"tb-card-bottom-wrapper\">\n\t\t\t\t\t\t\t\t<div class=\"tb-card-bottom\">\n\n\t\t\t\t\t\t\t\t\t<span class=\"tb-card-bottom__title\">\n\t\t\t\t\t\t\t\t\t\t<span class=\"tb-card-bottom__place\">\n\t\t\t\t\t\t\t\t\t\t\tLeskovik\t\t\t\t\t\t\t\t\t\t\t\t\t\t\t\t\t\t\t\t\t\t\t&#8211; Pogradec\t\t\t\t\t\t\t\t\t\t\t\t\t\t\t\t\t\t\t\t\t<\/span>\n\n\t\t\t\t\t\t\t\t\t<\/span>\n\t\t\t\t\t\t\t\t\t<div class=\"tb-card-bottom__content\">\n\t\t\t\t\t\t\t\t\t\t<div>\n\t\t\t\t\t\t\t\t\t\t\t\t\t\t\t\t\t\t\t\t\t\t\t<i class=\"icon fa-regular fa-car\"><\/i> 140 km &#8211; 3h\t\t\t\t\t\t\t\t\t\t\t\t\t\t\t\t\t\t\t\t\t<\/div>\n\t\t\t\t\t\t\t\t\t<\/div>\n\t\t\t\t\t\t\t\t\t<div class=\"tb-card-bottom__teaser tb-unfold-on-hover__content\" data-no-translation>\n\t\t\t\t\t\t\t\t\t\t\t\t\t\t\t\t\t\t\t\t\t\t\t\t\t\t\t\t\t\tPour ce sixi\u00e8me jour de voyage, vous prendrez la route vers Kor\u00e7\u00eb, ville culturelle r\u00e9put\u00e9e pour son&#8230; <span class=\"link\">Lire la suite<\/span>\t\t\t\t\t\t\t\t\t<\/div>\n\t\t\t\t\t\t\t\t<\/div>\n\n\t\t\t\t\t\t\t<\/div>\n\t\t\t\t\t\t\t<dialog class=\"tb-popup tb-popup-with-padding tb-dayschedule-popup-wrapper\">\n\t\t\t\t\t\t\t\t<div class=\"tb-dayschedule-popup\">\n\t\t\t\t\t\t\t\t\t<h5>\n\t\t\t\t\t\t\t\t\t\t\t\t\t\t\t\t\t\t\t\t\t\t\t\t\t\t\t\t\t\t\t<div>\n\t\t\t\t\t\t\t\t\t\t\t\t\t\t\t\t\t\t\t\t\t\t\t\t\tLeskovik\t\t\t\t\t\t\t\t\t\t\t\t\t\t\t\t\t\t\t\t\t\t\t\t\t\t\t\t\t\t\t\t\t\t\t\t\t\t\t\t\t\t\t\t\t\t\t\t\t\t\t<i class=\"icon fa-solid fa-arrow-right\"><\/i> Pogradec\t\t\t\t\t\t\t\t\t\t\t\t\t\t\t\t\t\t\t\t\t\t\t\t\t\t\t\t\t\t\t\t\t\t\t\t<\/div>\n\t\t\t\t\t\t\t\t\t\t\t\t\t\t\t\t\t\t\t<\/h5>\n\t\t\t\t\t\t\t\t\t<div class=\"tb-columns\">\n\t\t\t\t\t\t\t\t\t\t<div class=\"tb-column tb-column--text\">\n\t\t\t\t\t\t\t\t\t\t\t<div class=\"text-part\">\n\t\t\t\t\t\t\t\t\t\t\t\t\t\t\t\t\t\t\t\t\t\t\t\t\t<div class=\"tb-dayschedule-popup__icons\">\n\t\t\t\t\t\t\t\t\t\t\t\t\t\t\t\t\t\t\t\t\t\t\t\t\t\t\t\t\t\t\t\t\t\t\t\t\t\t\t\t\t\t\t<div class=\"tb-dayschedule-popup__icon\">\n\t\t\t\t\t\t\t\t\t\t\t\t\t\t\t\t<i class=\"icon fa-regular fa-car\"><\/i>\n\t\t\t\t\t\t\t\t\t\t\t\t\t\t\t\t<span>\n\t\t\t\t\t\t\t\t\t\t\t\t\t\t\t\t\t140 km &#8211; 3h\t\t\t\t\t\t\t\t\t\t\t\t\t\t\t\t<\/span>\n\t\t\t\t\t\t\t\t\t\t\t\t\t\t\t<\/div>\n\t\t\t\t\t\t\t\t\t\t\t\t\t\t\t\t\t\t\t\t\t\t\t\t\t\t\t<\/div>\n\t\t\t\t\t\t\t\t\t\t\t\t\n\t\t\t\t\t\t\t\t\t\t\t\t\n\t\t\t\t\t\t\t\t\t\t\t\t<div>\n\t\t\t\t\t\t\t\t\t\t\t\t\t<strong>Jour 6<\/strong>\n\t\t\t\t\t\t\t\t\t\t\t\t\t\t\t<div class=\"translation-block\"><p>Pour ce sixi\u00e8me jour de voyage, vous prendrez la route vers <b>Kor\u00e7\u00eb<\/b>, ville culturelle r\u00e9put\u00e9e pour son architecture unique et son ambiance boh\u00e8me.<\/p>\n<p>Apr\u00e8s avoir fl\u00e2n\u00e9 dans ses rues pittoresques, vous continuerez vers <b>Pogradec<\/b>, station baln\u00e9aire situ\u00e9e au bord du magnifique <b>lac d&rsquo;Ohrid<\/b>. Ce lac d&rsquo;origine tectonique, l&rsquo;un des plus anciens d&rsquo;Europe, vous offrira un cadre enchanteur pour votre fin de journ\u00e9e.<\/p>\n<p>Vous pourrez passer la soir\u00e9e au bord du lac et vous laisser \u00e9merveiller par la douceur des paysages.<\/p><\/div>\n\t\t\t\t\t\t\t\t\t\t\t\t\t<\/div>\n\n\n\t\t\t\t\t\t\t\t\t\t\t<\/div>\n\t\t\t\t\t\t\t\t\t\t<\/div>\n\t\t\t\t\t\t\t\t\t\t<div class=\"tb-column tb-column--image\">\n\n\t\t\t\t\t\t\t\t\t\t\t<div class=\"tb-image-part\">\n\t\t\t\t\t\t\t\t\t\t\t\t\t\t\t\t<div class=\"inner-block-full-width has-tb-carousel tb-carousel-slider\" >\n\t\t\t<div class=\"tb-carousel-container\">\n\t\t\t\t<div class=\"entries tb-cards\" data-slider-first=\"0\">\n\t\t\t\t\t\t\t\t\t<div class=\"entry\">\n\t\t\t\t<div class=\"tb-image-part\">\n\t\t\t\t\t<figure>\n\t\t\t\t\t\t<img src='https:\/\/albn.travelblox.eu\/wp-content\/uploads\/sites\/115\/2025\/10\/cooking-class-day-6-1024x683.jpg' width='1024' height='683' alt='albanie eten' loading='lazy' image_size='large'>\t\t\t\t\t\t\t\t\t\t\t<\/figure>\n\t\t\t\t<\/div>\n\t\t\t<\/div>\n\t\t\t\t\t<div class=\"entry\">\n\t\t\t\t<div class=\"tb-image-part\">\n\t\t\t\t\t<figure>\n\t\t\t\t\t\t<img src='https:\/\/albn.travelblox.eu\/wp-content\/uploads\/sites\/115\/2025\/10\/SiliquiniLaura-Travelbase-AlbaniaNomads20250726-1943-1024x683.jpg' width='1024' height='683' loading='lazy' image_size='large'>\t\t\t\t\t\t\t\t\t\t\t<\/figure>\n\t\t\t\t<\/div>\n\t\t\t<\/div>\n\t\t\t\t\t\t\t\t<\/div>\n\t\t\t\t\t\t<div class=\"tb-carousel-nav\">\n\t\t\t<div class=\"dots\">\n\t\t\t\t<div class=\"dot active\"><\/div>\n\t\t\t\t<div class=\"dot\"><\/div>\n\t\t\t\t<div class=\"dot\"><\/div>\n\t\t\t<\/div>\n\t\t\t<div class=\"arrows\">\n\t\t\t\t<div class=\"prev disabled\">\n\t\t\t\t\t<span><i class=\"fa fa-chevron-left\"><\/i><\/span>\n\t\t\t\t<\/div>\n\t\t\t\t<div class=\"next\">\n\t\t\t\t\t<span><i class=\"fa fa-chevron-right\"><\/i><\/span>\n\t\t\t\t<\/div>\n\t\t\t<\/div>\n\t\t<\/div>\n\t\t\t\t<\/div>\n\t\t<\/div>\n\t\t\t\t\t\t\t\t\t\t\t\t\t<\/div>\n\t\t\t\t\t\t\t\t\t\t<\/div>\n\t\t\t\t\t\t\t\t\t<\/div>\n\t\t\t\t\t\t\t\t\t\t\t<div class=\"tb-popup-nav\">\n\t\t\t<a href=\"#\" class=\"tb-buttonlink-with-icon tb-buttonlink-with-arrow icon-first tb-popup-previous\">\n\t\t\t\t<i class=\"icon fa fa-chevron-left\"><\/i>\n\t\t\t\t<span>Jour pr\u00e9c\u00e9dent<\/span>\n\t\t\t<\/a>\n\t\t\t<a href=\"#\" class=\"tb-buttonlink-with-icon tb-buttonlink-with-arrow tb-popup-next\">\n\t\t\t\t<span>Jour suivant<\/span>\n\t\t\t\t<i class=\"icon fa fa-chevron-right\"><\/i>\n\t\t\t<\/a>\n\t\t<\/div>\n\t\n\t\t\t\t\t\t\t\t<\/div>\n\t\t\t\t\t\t\t<\/dialog>\n\t\t\t\t\t\t<\/div>\n\t\t\t\t\t\t\t\t\t\t\t<div class=\"tb-card entry tb-popup-trigger tb-unfold-on-hover\">\n\t\t\t\t\t\t\t<div class=\"tb-image-part\">\n\t\t\t\t\t\t\t\t<div class=\"tag\">\n\t\t\t\t\t\t\t\t\t<div>Jour 7<\/div>\n\t\t\t\t\t\t\t\t<\/div>\n\n\t\t\t\t\t\t\t\t<img src='https:\/\/albn.travelblox.eu\/wp-content\/uploads\/sites\/115\/2025\/10\/SiliquiniLaura-Travelbase-AlbaniaNomads20250722-6724-768x512.jpg' width='768' height='512' loading='lazy' image_size='medium_large'>\t\t\t\t\t\t\t<\/div>\n\t\t\t\t\t\t\t<div class=\"tb-card-bottom-wrapper\">\n\t\t\t\t\t\t\t\t<div class=\"tb-card-bottom\">\n\n\t\t\t\t\t\t\t\t\t<span class=\"tb-card-bottom__title\">\n\t\t\t\t\t\t\t\t\t\t<span class=\"tb-card-bottom__place\">\n\t\t\t\t\t\t\t\t\t\t\tPogradec\t\t\t\t\t\t\t\t\t\t\t\t\t\t\t\t\t\t\t\t\t\t\t&#8211; Tirana\t\t\t\t\t\t\t\t\t\t\t\t\t\t\t\t\t\t\t\t\t<\/span>\n\n\t\t\t\t\t\t\t\t\t<\/span>\n\t\t\t\t\t\t\t\t\t<div class=\"tb-card-bottom__content\">\n\t\t\t\t\t\t\t\t\t\t<div>\n\t\t\t\t\t\t\t\t\t\t\t\t\t\t\t\t\t\t\t\t\t\t\t<i class=\"icon fa-regular fa-car\"><\/i> 125 km &#8211; 2h30\t\t\t\t\t\t\t\t\t\t\t\t\t\t\t\t\t\t\t\t\t<\/div>\n\t\t\t\t\t\t\t\t\t<\/div>\n\t\t\t\t\t\t\t\t\t<div class=\"tb-card-bottom__teaser tb-unfold-on-hover__content\" data-no-translation>\n\t\t\t\t\t\t\t\t\t\t\t\t\t\t\t\t\t\t\t\t\t\t\t\t\t\t\t\t\t\tPour votre derni\u00e8re journ\u00e9e compl\u00e8te en Albanie, vous pourrez d&rsquo;abord profiter de la s\u00e9r\u00e9nit\u00e9 &#8230; <span class=\"link\">Lire la suite<\/span>\t\t\t\t\t\t\t\t\t<\/div>\n\t\t\t\t\t\t\t\t<\/div>\n\n\t\t\t\t\t\t\t<\/div>\n\t\t\t\t\t\t\t<dialog class=\"tb-popup tb-popup-with-padding tb-dayschedule-popup-wrapper\">\n\t\t\t\t\t\t\t\t<div class=\"tb-dayschedule-popup\">\n\t\t\t\t\t\t\t\t\t<h5>\n\t\t\t\t\t\t\t\t\t\t\t\t\t\t\t\t\t\t\t\t\t\t\t\t\t\t\t\t\t\t\t<div>\n\t\t\t\t\t\t\t\t\t\t\t\t\t\t\t\t\t\t\t\t\t\t\t\t\tPogradec\t\t\t\t\t\t\t\t\t\t\t\t\t\t\t\t\t\t\t\t\t\t\t\t\t\t\t\t\t\t\t\t\t\t\t\t\t\t\t\t\t\t\t\t\t\t\t\t\t\t\t<i class=\"icon fa-solid fa-arrow-right\"><\/i> Tirana\t\t\t\t\t\t\t\t\t\t\t\t\t\t\t\t\t\t\t\t\t\t\t\t\t\t\t\t\t\t\t\t\t\t\t\t<\/div>\n\t\t\t\t\t\t\t\t\t\t\t\t\t\t\t\t\t\t\t<\/h5>\n\t\t\t\t\t\t\t\t\t<div class=\"tb-columns\">\n\t\t\t\t\t\t\t\t\t\t<div class=\"tb-column tb-column--text\">\n\t\t\t\t\t\t\t\t\t\t\t<div class=\"text-part\">\n\t\t\t\t\t\t\t\t\t\t\t\t\t\t\t\t\t\t\t\t\t\t\t\t\t<div class=\"tb-dayschedule-popup__icons\">\n\t\t\t\t\t\t\t\t\t\t\t\t\t\t\t\t\t\t\t\t\t\t\t\t\t\t\t\t\t\t\t\t\t\t\t\t\t\t\t\t\t\t\t<div class=\"tb-dayschedule-popup__icon\">\n\t\t\t\t\t\t\t\t\t\t\t\t\t\t\t\t<i class=\"icon fa-regular fa-car\"><\/i>\n\t\t\t\t\t\t\t\t\t\t\t\t\t\t\t\t<span>\n\t\t\t\t\t\t\t\t\t\t\t\t\t\t\t\t\t125 km &#8211; 2h30\t\t\t\t\t\t\t\t\t\t\t\t\t\t\t\t<\/span>\n\t\t\t\t\t\t\t\t\t\t\t\t\t\t\t<\/div>\n\t\t\t\t\t\t\t\t\t\t\t\t\t\t\t\t\t\t\t\t\t\t\t\t\t\t\t<\/div>\n\t\t\t\t\t\t\t\t\t\t\t\t\n\t\t\t\t\t\t\t\t\t\t\t\t\n\t\t\t\t\t\t\t\t\t\t\t\t<div>\n\t\t\t\t\t\t\t\t\t\t\t\t\t<strong>Jour 7<\/strong>\n\t\t\t\t\t\t\t\t\t\t\t\t\t\t\t<div class=\"translation-block\"><p>Pour votre derni\u00e8re journ\u00e9e compl\u00e8te en Albanie, vous pourrez d&rsquo;abord profiter de la s\u00e9r\u00e9nit\u00e9 matinale du <b>lac d&rsquo;Ohrid<\/b> et de ses eaux miroitantes.<\/p>\n<p>L&rsquo;apr\u00e8s-midi, vous retrouverez l&rsquo;effervescence de <b>Tirana<\/b>. Ceux qui le souhaitent pourront explorer la capitale albanaise : sa grande place Skanderbeg, ses mus\u00e9es ou ses caf\u00e9s anim\u00e9s.<\/p>\n<p>Vous passerez votre derni\u00e8re nuit dans un camping paisible aux environs de la ville o\u00f9 vous pourrez vous <b>baigner<\/b> (et m\u00eame go\u00fbter le vin et le Raki fait-maison des propri\u00e9taires !), l&rsquo;occasion de repenser \u00e0 toutes les merveilles d\u00e9couvertes durant votre voyage en Albanie.<\/p><\/div>\n\t\t\t\t\t\t\t\t\t\t\t\t\t<\/div>\n\n\n\t\t\t\t\t\t\t\t\t\t\t<\/div>\n\t\t\t\t\t\t\t\t\t\t<\/div>\n\t\t\t\t\t\t\t\t\t\t<div class=\"tb-column tb-column--image\">\n\n\t\t\t\t\t\t\t\t\t\t\t<div class=\"tb-image-part\">\n\t\t\t\t\t\t\t\t\t\t\t\t\t\t\t\t<div class=\"inner-block-full-width has-tb-carousel tb-carousel-slider\" >\n\t\t\t<div class=\"tb-carousel-container\">\n\t\t\t\t<div class=\"entries tb-cards\" data-slider-first=\"0\">\n\t\t\t\t\t\t\t\t\t<div class=\"entry\">\n\t\t\t\t<div class=\"tb-image-part\">\n\t\t\t\t\t<figure>\n\t\t\t\t\t\t<img src='https:\/\/albn.travelblox.eu\/wp-content\/uploads\/sites\/115\/2025\/10\/SiliquiniLaura-Travelbase-AlbaniaNomads20250722-6724-1024x683.jpg' width='1024' height='683' loading='lazy' image_size='large'>\t\t\t\t\t\t\t\t\t\t\t<\/figure>\n\t\t\t\t<\/div>\n\t\t\t<\/div>\n\t\t\t\t\t<div class=\"entry\">\n\t\t\t\t<div class=\"tb-image-part\">\n\t\t\t\t\t<figure>\n\t\t\t\t\t\t<img src='https:\/\/albn.travelblox.eu\/wp-content\/uploads\/sites\/115\/2025\/10\/SiliquiniLaura-Travelbase-AlbaniaNomads20250724-0063-1024x683.jpg' width='1024' height='683' alt='Voyage en Albanie : road trip de 7 jours en Albanie' style='object-position:50% 50%' loading='lazy' image_size='large'>\t\t\t\t\t\t\t\t\t\t\t<\/figure>\n\t\t\t\t<\/div>\n\t\t\t<\/div>\n\t\t\t\t\t\t\t\t<\/div>\n\t\t\t\t\t\t<div class=\"tb-carousel-nav\">\n\t\t\t<div class=\"dots\">\n\t\t\t\t<div class=\"dot active\"><\/div>\n\t\t\t\t<div class=\"dot\"><\/div>\n\t\t\t\t<div class=\"dot\"><\/div>\n\t\t\t<\/div>\n\t\t\t<div class=\"arrows\">\n\t\t\t\t<div class=\"prev disabled\">\n\t\t\t\t\t<span><i class=\"fa fa-chevron-left\"><\/i><\/span>\n\t\t\t\t<\/div>\n\t\t\t\t<div class=\"next\">\n\t\t\t\t\t<span><i class=\"fa fa-chevron-right\"><\/i><\/span>\n\t\t\t\t<\/div>\n\t\t\t<\/div>\n\t\t<\/div>\n\t\t\t\t<\/div>\n\t\t<\/div>\n\t\t\t\t\t\t\t\t\t\t\t\t\t<\/div>\n\t\t\t\t\t\t\t\t\t\t<\/div>\n\t\t\t\t\t\t\t\t\t<\/div>\n\t\t\t\t\t\t\t\t\t\t\t<div class=\"tb-popup-nav\">\n\t\t\t<a href=\"#\" class=\"tb-buttonlink-with-icon tb-buttonlink-with-arrow icon-first tb-popup-previous\">\n\t\t\t\t<i class=\"icon fa fa-chevron-left\"><\/i>\n\t\t\t\t<span>Jour pr\u00e9c\u00e9dent<\/span>\n\t\t\t<\/a>\n\t\t\t<a href=\"#\" class=\"tb-buttonlink-with-icon tb-buttonlink-with-arrow tb-popup-next\">\n\t\t\t\t<span>Jour suivant<\/span>\n\t\t\t\t<i class=\"icon fa fa-chevron-right\"><\/i>\n\t\t\t<\/a>\n\t\t<\/div>\n\t\n\t\t\t\t\t\t\t\t<\/div>\n\t\t\t\t\t\t\t<\/dialog>\n\t\t\t\t\t\t<\/div>\n\t\t\t\t\t\t\t\t\t\t\t<div class=\"tb-card entry tb-popup-trigger tb-unfold-on-hover\">\n\t\t\t\t\t\t\t<div class=\"tb-image-part\">\n\t\t\t\t\t\t\t\t<div class=\"tag\">\n\t\t\t\t\t\t\t\t\t<div>Jour 8<\/div>\n\t\t\t\t\t\t\t\t<\/div>\n\n\t\t\t\t\t\t\t\t<img src='https:\/\/albn.travelblox.eu\/wp-content\/uploads\/sites\/115\/2025\/10\/SiliquiniLaura-Travelbase-AlbaniaNomads20250724-9232-768x1152.jpg' width='768' height='1152' loading='lazy' image_size='medium_large'>\t\t\t\t\t\t\t<\/div>\n\t\t\t\t\t\t\t<div class=\"tb-card-bottom-wrapper\">\n\t\t\t\t\t\t\t\t<div class=\"tb-card-bottom\">\n\n\t\t\t\t\t\t\t\t\t<span class=\"tb-card-bottom__title\">\n\t\t\t\t\t\t\t\t\t\t<span class=\"tb-card-bottom__place\">\n\t\t\t\t\t\t\t\t\t\t\tTirana\t\t\t\t\t\t\t\t\t\t\t\t\t\t\t\t\t\t\t\t\t<\/span>\n\n\t\t\t\t\t\t\t\t\t<\/span>\n\t\t\t\t\t\t\t\t\t<div class=\"tb-card-bottom__content\">\n\t\t\t\t\t\t\t\t\t\t<div>\n\t\t\t\t\t\t\t\t\t\t\t\t\t\t\t\t\t\t\t\t\t<\/div>\n\t\t\t\t\t\t\t\t\t<\/div>\n\t\t\t\t\t\t\t\t\t<div class=\"tb-card-bottom__teaser tb-unfold-on-hover__content\" data-no-translation>\n\t\t\t\t\t\t\t\t\t\t\t\t\t\t\t\t\t\t\t\t\t\t\t\t\t\t\t\t\t\tMalheureusement, il est temps de rentrer chez vous apr\u00e8s ce road trip en Albanie d\u2019une semaine inoub&#8230; <span class=\"link\">Lire la suite<\/span>\t\t\t\t\t\t\t\t\t<\/div>\n\t\t\t\t\t\t\t\t<\/div>\n\n\t\t\t\t\t\t\t<\/div>\n\t\t\t\t\t\t\t<dialog class=\"tb-popup tb-popup-with-padding tb-dayschedule-popup-wrapper\">\n\t\t\t\t\t\t\t\t<div class=\"tb-dayschedule-popup\">\n\t\t\t\t\t\t\t\t\t<h5>\n\t\t\t\t\t\t\t\t\t\t\t\t\t\t\t\t\t\t\t\t\t\t\t\t\t\t\t\t\t\t\t<div>\n\t\t\t\t\t\t\t\t\t\t\t\t\t\t\t\t\t\t\t\t\t\t\t\t\tTirana\t\t\t\t\t\t\t\t\t\t\t\t\t\t\t\t\t\t\t\t\t\t\t\t\t\t\t\t\t\t\t\t\t\t\t<\/div>\n\t\t\t\t\t\t\t\t\t\t\t\t\t\t\t\t\t\t\t<\/h5>\n\t\t\t\t\t\t\t\t\t<div class=\"tb-columns\">\n\t\t\t\t\t\t\t\t\t\t<div class=\"tb-column tb-column--text\">\n\t\t\t\t\t\t\t\t\t\t\t<div class=\"text-part\">\n\t\t\t\t\t\t\t\t\t\t\t\t\n\t\t\t\t\t\t\t\t\t\t\t\t\n\t\t\t\t\t\t\t\t\t\t\t\t<div>\n\t\t\t\t\t\t\t\t\t\t\t\t\t<strong>Jour 8<\/strong>\n\t\t\t\t\t\t\t\t\t\t\t\t\t\t\t<div class=\"translation-block\"><p>Malheureusement, il est temps de rentrer chez vous apr\u00e8s ce road trip en Albanie d\u2019une semaine inoubliable\u2026 Vous devrez restituer votre voiture entre <b>8h et 10h<\/b>&nbsp;\u00e0 l&rsquo;endroit o\u00f9 vous l&rsquo;avez r\u00e9cup\u00e9r\u00e9e.<\/p><\/div>\n\t\t\t\t\t\t\t\t\t\t\t\t\t<\/div>\n\n\n\t\t\t\t\t\t\t\t\t\t\t<\/div>\n\t\t\t\t\t\t\t\t\t\t<\/div>\n\t\t\t\t\t\t\t\t\t\t<div class=\"tb-column tb-column--image\">\n\n\t\t\t\t\t\t\t\t\t\t\t<div class=\"tb-image-part\">\n\t\t\t\t\t\t\t\t\t\t\t\t<img src='https:\/\/albn.travelblox.eu\/wp-content\/uploads\/sites\/115\/2025\/10\/SiliquiniLaura-Travelbase-AlbaniaNomads20250724-9232-683x1024.jpg' width='683' height='1024' loading='lazy' image_size='large'>\t\t\t\t\t\t\t\t\t\t\t<\/div>\n\t\t\t\t\t\t\t\t\t\t<\/div>\n\t\t\t\t\t\t\t\t\t<\/div>\n\t\t\t\t\t\t\t\t\t\t\t<div class=\"tb-popup-nav\">\n\t\t\t<a href=\"#\" class=\"tb-buttonlink-with-icon tb-buttonlink-with-arrow icon-first tb-popup-previous\">\n\t\t\t\t<i class=\"icon fa fa-chevron-left\"><\/i>\n\t\t\t\t<span>Jour pr\u00e9c\u00e9dent<\/span>\n\t\t\t<\/a>\n\t\t\t<a href=\"#\" class=\"tb-buttonlink-with-icon tb-buttonlink-with-arrow tb-popup-next\">\n\t\t\t\t<span>Jour suivant<\/span>\n\t\t\t\t<i class=\"icon fa fa-chevron-right\"><\/i>\n\t\t\t<\/a>\n\t\t<\/div>\n\t\n\t\t\t\t\t\t\t\t<\/div>\n\t\t\t\t\t\t\t<\/dialog>\n\t\t\t\t\t\t<\/div>\n\t\t\t\t\t\t\t\t\t\t\t\t\t\t<\/div>\n\t\t\t\t\t\t<div class=\"tb-carousel-nav\">\n\t\t\t<div class=\"dots\">\n\t\t\t\t<div class=\"dot active\"><\/div>\n\t\t\t\t<div class=\"dot\"><\/div>\n\t\t\t\t<div class=\"dot\"><\/div>\n\t\t\t<\/div>\n\t\t\t<div class=\"arrows\">\n\t\t\t\t<div class=\"prev disabled\">\n\t\t\t\t\t<span><i class=\"fa fa-chevron-left\"><\/i><\/span>\n\t\t\t\t<\/div>\n\t\t\t\t<div class=\"next\">\n\t\t\t\t\t<span><i class=\"fa fa-chevron-right\"><\/i><\/span>\n\t\t\t\t<\/div>\n\t\t\t<\/div>\n\t\t<\/div>\n\t\t\t\t<\/div>\n\t\t<\/div>\n\t\t\t\t\t\t\t\t\t\t<\/div>\n\t\n<\/div>\n\n\n<div class=\" tb-highlights tb-block align-center background-light pattern-default variant-none tb-collapsible-margins\" id=\"options\">\n\t<div class=\"inner-block tb-fade-in tb-fade-in--subtle\">\n\t\t<div class=\"text-part\">\n\t\t\t<h2>Options suppl\u00e9mentaires<\/h2>\n\t\t\t\t\t<div class=\"translation-block\"><p>Lors de votre r\u00e9servation, vous pouvez choisir d\u2019ajouter les options suivantes \u00e0 votre voyage.<\/p><\/div>\n\t\t\t\t\t<div class=\"section-toggler \">\n\t\t<div class=\"section-toggler__inner\">\n\t\t\t<div class=\"section-toggler__toggles-wrapper\">\n\t\t\t\t<div class=\"section-toggler__toggles\">\n\t\t\t\t\t\t\t\t\t\t\t<input type=\"radio\" name=\"options-section\" value=\"options-section-0\" id=\"options-section-0-label\" checked class=\"\" \/>\n\t\t\t\t\t\t<label for=\"options-section-0-label\" data-target-id=\"options-section-0\" class=\"\">\n\t\t\t\t\t\t\tActivit\u00e9s\t\t\t\t\t\t\t\t\t\t\t\t\t<\/label>\n\t\t\t\t\t\t\t\t\t\t\t<input type=\"radio\" name=\"options-section\" value=\"options-section-1\" id=\"options-section-1-label\"  class=\"\" \/>\n\t\t\t\t\t\t<label for=\"options-section-1-label\" data-target-id=\"options-section-1\" class=\"\">\n\t\t\t\t\t\t\tTransport\t\t\t\t\t\t\t\t\t\t\t\t\t<\/label>\n\t\t\t\t\t\t\t\t\t\t\t<input type=\"radio\" name=\"options-section\" value=\"options-section-2\" id=\"options-section-2-label\"  class=\"\" \/>\n\t\t\t\t\t\t<label for=\"options-section-2-label\" data-target-id=\"options-section-2\" class=\"\">\n\t\t\t\t\t\t\tAssurances\t\t\t\t\t\t\t\t\t\t\t\t\t<\/label>\n\t\t\t\t\t\t\t\t\t<\/div>\n\t\t\t<\/div>\n\t\t<\/div>\n\t<\/div>\n\t\t\t<\/div>\n\t<\/div>\n\t\t\t<div class=\"tb-sections tb-fade-in tb-fade-in--subtle\">\n\t\t\t\t\t\t\t\t\t\t\t\t\t\t<div class=\"inner-block-full-width has-tb-carousel tb-section\" id=\"options-section-0\">\n\t\t\t<div class=\"tb-carousel-container\">\n\t\t\t\t<div class=\"entries tb-cards\" data-slider-first=\"1\">\n\t\t\t\t\t\t\t\t\t\t\t\t\t\t\t<div class=\"tb-card entry tb-popup-trigger desktop-only-popup\">\n\t\t\t\t\t\t\t<div class=\"tb-image-part desktop\">\n\t\t\t\t\t\t\t\t<img src='https:\/\/albn.travelblox.eu\/wp-content\/uploads\/sites\/115\/2025\/04\/pexels-photo-2162768.jpeg' width='1124' height='750' alt='Quoi faire en Albanie : parapente Vl\u00f6re Albanie' style='object-position:50% 50%' loading='lazy'>\t\t\t\t\t\t\t\t\t\t\t\t\t\t\t\t\t<div class=\"tag tiny-body-font\"><p>Jour 2<\/p><\/div>\t\t\t\t\t\t\t\t\t\t\t\t\t\t\t\t\t<div class=\"price tiny-body-font desktop translation-block\"><p>100\u20ac par personne<\/p><\/div>\t\t\t\t\t\t\t<\/div>\n\t\t\t\t\t\t\t<div class=\"tb-image-part mobile\">\n\t\t\t\t\t\t\t\t<img src='https:\/\/albn.travelblox.eu\/wp-content\/uploads\/sites\/115\/2025\/04\/pexels-photo-2162768-768x512.jpeg' width='768' height='512' alt='Quoi faire en Albanie : parapente Vl\u00f6re Albanie' style='object-position:50% 50%' loading='lazy' image_size='medium_large'>\t\t\t\t\t\t\t\t\t\t\t\t\t\t\t\t\t<div class=\"tag tiny-body-font\"><p>Jour 2<\/p><\/div>\t\t\t\t\t\t\t<\/div>\n\t\t\t\t\t\t\t<div class=\"tb-card-content\">\n\t\t\t\t\t\t\t\t<h5>\n\t\t\t\t\t\t\t\t\t\t\t\t\t\t\t\t\t\t<span>Parapente<\/span>\n\t\t\t\t\t\t\t\t<\/h5>\n\t\t\t\t\t\t\t\t\t\t\t\t\t\t\t\t\t<div class=\"price tiny-body-font mobile\"><p>100\u20ac par personne<\/p><\/div>\t\t\t\t\t\t\t\t<div class=\"content readmore-content content--clamped\">\t\t<div class=\"translation-block\"><p>Offrez-vous une dose d&rsquo;adr\u00e9naline avec un <b>vol en parapente<\/b> au-dessus de Vlor\u00eb et de la c\u00f4te albanaise. Vous survolerez la <b>mer Adriatique<\/b> avec une vue spectaculaire sur les eaux turquoise et les <b>montagnes des Balkans<\/b>. L&rsquo;atterrissage se fait en douceur directement sur une plage face \u00e0 la mer, une <b>exp\u00e9rience unique<\/b> ! Accessible \u00e0 tous, cette activit\u00e9 vous permet de d\u00e9couvrir l&rsquo;Albanie sous un angle diff\u00e9rent et offre des sensations inoubliables.<\/p>\n<p>Cette activit\u00e9 <b>s&rsquo;int\u00e8gre parfaitement \u00e0 votre itin\u00e9raire<\/b>, vous laissant tout le temps d&rsquo;explorer d&rsquo;autres sites le reste de la journ\u00e9e.<\/p>\n<p><b>Condition de participation :<\/b><\/p>\n<ul>\n<li>Avoir une <b>connaissance de base de l&rsquo;anglais<\/b> (pour comprendre les consignes de s\u00e9curit\u00e9 fournies par le guide)<\/li>\n<\/ul><\/div>\n\t<\/div>\n\t\t\t\t\t\t\t\t\t\t\t\t\t\t\t\t<div class=\"readmore link js-readmore\">\n\t\t\t\t\t\t\t\t\t<span><i class=\"fa-solid fa-circle-plus\"><\/i><u>Lire la suite<\/u><\/span>\n\t\t\t\t\t\t\t\t\t<span><i class=\"fa-solid fa-circle-minus\"><\/i><u>Lire moins<\/u><\/span>\n\t\t\t\t\t\t\t\t<\/div>\n\t\t\t\t\t\t\t\t\t\t\t\t\t\t\t\t<dialog class=\"tb-popup\">\n\t\t\t\t\t\t\t\t\t<div class=\"tb-highlights-popup\">\n\t\t\t\t\t\t\t\t\t\t<div class=\"tb-image-part\">\n\t\t\t\t\t\t\t\t\t\t\t<img src='https:\/\/albn.travelblox.eu\/wp-content\/uploads\/sites\/115\/2025\/04\/pexels-photo-2162768-768x512.jpeg' width='768' height='512' alt='Quoi faire en Albanie : parapente Vl\u00f6re Albanie' style='object-position:50% 50%' loading='lazy' image_size='medium_large'>\t\t\t\t\t\t\t\t\t\t<\/div>\n\t\t\t\t\t\t\t\t\t\t<div class=\"tb-popup-content\">\n\t\t\t\t\t\t\t\t\t\t\t<h5>Parapente<\/h5>\n\t\t\t\t\t\t\t\t\t\t\t<div class=\"content\">\t\t<div class=\"translation-block\"><p>Offrez-vous une dose d&rsquo;adr\u00e9naline avec un <b>vol en parapente<\/b> au-dessus de Vlor\u00eb et de la c\u00f4te albanaise. Vous survolerez la <b>mer Adriatique<\/b> avec une vue spectaculaire sur les eaux turquoise et les <b>montagnes des Balkans<\/b>. L&rsquo;atterrissage se fait en douceur directement sur une plage face \u00e0 la mer, une <b>exp\u00e9rience unique<\/b> ! Accessible \u00e0 tous, cette activit\u00e9 vous permet de d\u00e9couvrir l&rsquo;Albanie sous un angle diff\u00e9rent et offre des sensations inoubliables.<\/p>\n<p>Cette activit\u00e9 <b>s&rsquo;int\u00e8gre parfaitement \u00e0 votre itin\u00e9raire<\/b>, vous laissant tout le temps d&rsquo;explorer d&rsquo;autres sites le reste de la journ\u00e9e.<\/p>\n<p><b>Condition de participation :<\/b><\/p>\n<ul>\n<li>Avoir une <b>connaissance de base de l&rsquo;anglais<\/b> (pour comprendre les consignes de s\u00e9curit\u00e9 fournies par le guide)<\/li>\n<\/ul><\/div>\n\t<\/div>\n\t\t\t\t\t\t\t\t\t\t<\/div>\n\t\t\t\t\t\t\t\t\t<\/div>\n\t\t\t\t\t\t\t\t<\/dialog>\n\t\t\t\t\t\t\t<\/div>\n\t\t\t\t\t\t<\/div>\n\t\t\t\t\t\t\t\t\t\t\t<div class=\"tb-card entry tb-popup-trigger desktop-only-popup\">\n\t\t\t\t\t\t\t<div class=\"tb-image-part desktop\">\n\t\t\t\t\t\t\t\t<img src='https:\/\/albn.travelblox.eu\/wp-content\/uploads\/sites\/115\/2025\/11\/Untitled-design-4.png' width='831' height='554' alt='Rafting Albania' loading='lazy'>\t\t\t\t\t\t\t\t\t\t\t\t\t\t\t\t\t<div class=\"tag tiny-body-font\"><p>Jour 5<\/p><\/div>\t\t\t\t\t\t\t\t\t\t\t\t\t\t\t\t\t<div class=\"price tiny-body-font desktop translation-block\"><p>39\u20ac par personne<\/p><\/div>\t\t\t\t\t\t\t<\/div>\n\t\t\t\t\t\t\t<div class=\"tb-image-part mobile\">\n\t\t\t\t\t\t\t\t\t\t\t\t<div class=\"inner-block-full-width has-tb-carousel tb-carousel-slider\" >\n\t\t\t<div class=\"tb-carousel-container\">\n\t\t\t\t<div class=\"entries tb-cards\" data-slider-first=\"0\">\n\t\t\t\t\t\t\t\t\t<div class=\"entry\">\n\t\t\t\t<div class=\"tb-image-part\">\n\t\t\t\t\t<figure>\n\t\t\t\t\t\t<img src='https:\/\/albn.travelblox.eu\/wp-content\/uploads\/sites\/115\/2025\/11\/Untitled-design-4-768x512.png' width='768' height='512' alt='Rafting Albania' loading='lazy' image_size='medium_large'>\t\t\t\t\t\t\t\t\t\t\t<\/figure>\n\t\t\t\t<\/div>\n\t\t\t<\/div>\n\t\t\t\t\t<div class=\"entry\">\n\t\t\t\t<div class=\"tb-image-part\">\n\t\t\t\t\t<figure>\n\t\t\t\t\t\t<img src='https:\/\/albn.travelblox.eu\/wp-content\/uploads\/sites\/115\/2025\/11\/Untitled-design-7-768x513.png' width='768' height='513' alt='Rafting Albania' style='object-position:50% 50%' loading='lazy' image_size='medium_large'>\t\t\t\t\t\t\t\t\t\t\t<\/figure>\n\t\t\t\t<\/div>\n\t\t\t<\/div>\n\t\t\t\t\t\t\t\t<\/div>\n\t\t\t\t\t\t<div class=\"tb-carousel-nav\">\n\t\t\t<div class=\"dots\">\n\t\t\t\t<div class=\"dot active\"><\/div>\n\t\t\t\t<div class=\"dot\"><\/div>\n\t\t\t\t<div class=\"dot\"><\/div>\n\t\t\t<\/div>\n\t\t\t<div class=\"arrows\">\n\t\t\t\t<div class=\"prev disabled\">\n\t\t\t\t\t<span><i class=\"fa fa-chevron-left\"><\/i><\/span>\n\t\t\t\t<\/div>\n\t\t\t\t<div class=\"next\">\n\t\t\t\t\t<span><i class=\"fa fa-chevron-right\"><\/i><\/span>\n\t\t\t\t<\/div>\n\t\t\t<\/div>\n\t\t<\/div>\n\t\t\t\t<\/div>\n\t\t<\/div>\n\t\t\t\t\t\t\t\t\t\t\t\t\t\t\t\t\t\t\t<div class=\"tag tiny-body-font\"><p>Jour 5<\/p><\/div>\t\t\t\t\t\t\t<\/div>\n\t\t\t\t\t\t\t<div class=\"tb-card-content\">\n\t\t\t\t\t\t\t\t<h5>\n\t\t\t\t\t\t\t\t\t\t\t\t\t\t\t\t\t\t<span>Rafting sur la rivi\u00e8re Vjosa<\/span>\n\t\t\t\t\t\t\t\t<\/h5>\n\t\t\t\t\t\t\t\t\t\t\t\t\t\t\t\t\t<div class=\"price tiny-body-font mobile\"><p>39\u20ac par personne<\/p><\/div>\t\t\t\t\t\t\t\t<div class=\"content readmore-content content--clamped\">\t\t<div class=\"translation-block\"><p>Pour les amateurs de sensations fortes, l&rsquo;exp\u00e9dition <b>rafting sur la Vjosa<\/b> pr\u00e8s de P\u00ebrmet est un incontournable. Descendez les rapides sauvages de cette rivi\u00e8re pr\u00e9serv\u00e9e d&rsquo;Albanie, entour\u00e9e de montagnes imposantes et de paysages spectaculaires des Balkans. Accompagn\u00e9 de <b>guides locaux<\/b> passionn\u00e9s, cette aventure vous offrira un m\u00e9lange d&rsquo;adr\u00e9naline et de d\u00e9couvertes naturelles inoubliables.<\/p>\n<p>Cette activit\u00e9 <b>s&rsquo;int\u00e8gre parfaitement \u00e0 votre itin\u00e9raire<\/b>, vous laissant tout le temps d&rsquo;explorer d&rsquo;autres sites le reste de la journ\u00e9e.<\/p>\n<p><b>Conditions de participation :<\/b><\/p>\n<ul>\n<li>\u00catre \u00e2g\u00e9 de <strong>6<\/strong><b>&nbsp;ans minimum<\/b><\/li>\n<li>Avoir une <b>connaissance de base de l&rsquo;anglais<\/b> (pour comprendre les consignes de s\u00e9curit\u00e9 fournies par le guide)<\/li>\n<\/ul><\/div>\n\t<\/div>\n\t\t\t\t\t\t\t\t\t\t\t\t\t\t\t\t<div class=\"readmore link js-readmore\">\n\t\t\t\t\t\t\t\t\t<span><i class=\"fa-solid fa-circle-plus\"><\/i><u>Lire la suite<\/u><\/span>\n\t\t\t\t\t\t\t\t\t<span><i class=\"fa-solid fa-circle-minus\"><\/i><u>Lire moins<\/u><\/span>\n\t\t\t\t\t\t\t\t<\/div>\n\t\t\t\t\t\t\t\t\t\t\t\t\t\t\t\t<dialog class=\"tb-popup\">\n\t\t\t\t\t\t\t\t\t<div class=\"tb-highlights-popup\">\n\t\t\t\t\t\t\t\t\t\t<div class=\"tb-image-part\">\n\t\t\t\t\t\t\t\t\t\t\t\t\t\t\t<div class=\"inner-block-full-width has-tb-carousel tb-carousel-slider\" >\n\t\t\t<div class=\"tb-carousel-container\">\n\t\t\t\t<div class=\"entries tb-cards\" data-slider-first=\"0\">\n\t\t\t\t\t\t\t\t\t<div class=\"entry\">\n\t\t\t\t<div class=\"tb-image-part\">\n\t\t\t\t\t<figure>\n\t\t\t\t\t\t<img src='https:\/\/albn.travelblox.eu\/wp-content\/uploads\/sites\/115\/2025\/11\/Untitled-design-4-768x512.png' width='768' height='512' alt='Rafting Albania' loading='lazy' image_size='medium_large'>\t\t\t\t\t\t\t\t\t\t\t<\/figure>\n\t\t\t\t<\/div>\n\t\t\t<\/div>\n\t\t\t\t\t<div class=\"entry\">\n\t\t\t\t<div class=\"tb-image-part\">\n\t\t\t\t\t<figure>\n\t\t\t\t\t\t<img src='https:\/\/albn.travelblox.eu\/wp-content\/uploads\/sites\/115\/2025\/11\/Untitled-design-7-768x513.png' width='768' height='513' alt='Rafting Albania' style='object-position:50% 50%' loading='lazy' image_size='medium_large'>\t\t\t\t\t\t\t\t\t\t\t<\/figure>\n\t\t\t\t<\/div>\n\t\t\t<\/div>\n\t\t\t\t\t\t\t\t<\/div>\n\t\t\t\t\t\t<div class=\"tb-carousel-nav\">\n\t\t\t<div class=\"dots\">\n\t\t\t\t<div class=\"dot active\"><\/div>\n\t\t\t\t<div class=\"dot\"><\/div>\n\t\t\t\t<div class=\"dot\"><\/div>\n\t\t\t<\/div>\n\t\t\t<div class=\"arrows\">\n\t\t\t\t<div class=\"prev disabled\">\n\t\t\t\t\t<span><i class=\"fa fa-chevron-left\"><\/i><\/span>\n\t\t\t\t<\/div>\n\t\t\t\t<div class=\"next\">\n\t\t\t\t\t<span><i class=\"fa fa-chevron-right\"><\/i><\/span>\n\t\t\t\t<\/div>\n\t\t\t<\/div>\n\t\t<\/div>\n\t\t\t\t<\/div>\n\t\t<\/div>\n\t\t\t\t\t\t\t\t\t\t\t\t<\/div>\n\t\t\t\t\t\t\t\t\t\t<div class=\"tb-popup-content\">\n\t\t\t\t\t\t\t\t\t\t\t<h5>Rafting sur la rivi\u00e8re Vjosa<\/h5>\n\t\t\t\t\t\t\t\t\t\t\t<div class=\"content\">\t\t<div class=\"translation-block\"><p>Pour les amateurs de sensations fortes, l&rsquo;exp\u00e9dition <b>rafting sur la Vjosa<\/b> pr\u00e8s de P\u00ebrmet est un incontournable. Descendez les rapides sauvages de cette rivi\u00e8re pr\u00e9serv\u00e9e d&rsquo;Albanie, entour\u00e9e de montagnes imposantes et de paysages spectaculaires des Balkans. Accompagn\u00e9 de <b>guides locaux<\/b> passionn\u00e9s, cette aventure vous offrira un m\u00e9lange d&rsquo;adr\u00e9naline et de d\u00e9couvertes naturelles inoubliables.<\/p>\n<p>Cette activit\u00e9 <b>s&rsquo;int\u00e8gre parfaitement \u00e0 votre itin\u00e9raire<\/b>, vous laissant tout le temps d&rsquo;explorer d&rsquo;autres sites le reste de la journ\u00e9e.<\/p>\n<p><b>Conditions de participation :<\/b><\/p>\n<ul>\n<li>\u00catre \u00e2g\u00e9 de <strong>6<\/strong><b>&nbsp;ans minimum<\/b><\/li>\n<li>Avoir une <b>connaissance de base de l&rsquo;anglais<\/b> (pour comprendre les consignes de s\u00e9curit\u00e9 fournies par le guide)<\/li>\n<\/ul><\/div>\n\t<\/div>\n\t\t\t\t\t\t\t\t\t\t<\/div>\n\t\t\t\t\t\t\t\t\t<\/div>\n\t\t\t\t\t\t\t\t<\/dialog>\n\t\t\t\t\t\t\t<\/div>\n\t\t\t\t\t\t<\/div>\n\t\t\t\t\t\t\t\t\t\t\t<div class=\"tb-card entry tb-popup-trigger desktop-only-popup\">\n\t\t\t\t\t\t\t<div class=\"tb-image-part desktop\">\n\t\t\t\t\t\t\t\t<img src='https:\/\/albn.travelblox.eu\/wp-content\/uploads\/sites\/115\/2025\/10\/SiliquiniLaura-Travelbase-AlbaniaNomads20250727-2793.jpg' width='1365' height='2048' alt='Quoi faire en Albanie : cours de cuisine' style='object-position:50% 50%' loading='lazy'>\t\t\t\t\t\t\t\t\t\t\t\t\t\t\t\t\t<div class=\"tag tiny-body-font\"><p>Jour 6<\/p><\/div>\t\t\t\t\t\t\t\t\t\t\t\t\t\t\t\t\t<div class=\"price tiny-body-font desktop translation-block\"><p>10\u20ac par personne<\/p><\/div>\t\t\t\t\t\t\t<\/div>\n\t\t\t\t\t\t\t<div class=\"tb-image-part mobile\">\n\t\t\t\t\t\t\t\t<img src='https:\/\/albn.travelblox.eu\/wp-content\/uploads\/sites\/115\/2025\/10\/SiliquiniLaura-Travelbase-AlbaniaNomads20250727-2793-768x1152.jpg' width='768' height='1152' alt='Quoi faire en Albanie : cours de cuisine' style='object-position:50% 50%' loading='lazy' image_size='medium_large'>\t\t\t\t\t\t\t\t\t\t\t\t\t\t\t\t\t<div class=\"tag tiny-body-font\"><p>Jour 6<\/p><\/div>\t\t\t\t\t\t\t<\/div>\n\t\t\t\t\t\t\t<div class=\"tb-card-content\">\n\t\t\t\t\t\t\t\t<h5>\n\t\t\t\t\t\t\t\t\t\t\t\t\t\t\t\t\t\t<span>Cours de cuisine<\/span>\n\t\t\t\t\t\t\t\t<\/h5>\n\t\t\t\t\t\t\t\t\t\t\t\t\t\t\t\t\t<div class=\"price tiny-body-font mobile\"><p>10\u20ac par personne<\/p><\/div>\t\t\t\t\t\t\t\t<div class=\"content readmore-content content--clamped\">\t\t<div class=\"translation-block\"><p>Vivez une exp\u00e9rience authentique en participant \u00e0 un <b>cours de cuisine traditionnelle albanaise<\/b>, directement organis\u00e9 dans une <b>ferme locale<\/b> o\u00f9 se trouve votre camping. En fin de matin\u00e9e, nos partenaires locaux vous ouvriront leurs portes pour vous faire d\u00e9couvrir les secrets de la <b>gastronomie des Balkans<\/b>. Vous pr\u00e9parerez des <b>plats typiques<\/b> avec des ingr\u00e9dients frais et locaux, puis partagerez un repas convivial avec vos h\u00f4tes. Une immersion culturelle unique pour d\u00e9couvrir l&rsquo;Albanie autrement.<\/p>\n<p>Cette activit\u00e9 <b>s&rsquo;int\u00e8gre parfaitement \u00e0 votre itin\u00e9raire<\/b>, vous laissant tout le temps d&rsquo;explorer d&rsquo;autres sites le reste de la journ\u00e9e.<\/p>\n<p><b>Condition de participation :<\/b><\/p>\n<ul>\n<li>Avoir une <b>connaissance de base de l&rsquo;anglais<\/b> (pour comprendre les explications)<\/li>\n<\/ul><\/div>\n\t<\/div>\n\t\t\t\t\t\t\t\t\t\t\t\t\t\t\t\t<div class=\"readmore link js-readmore\">\n\t\t\t\t\t\t\t\t\t<span><i class=\"fa-solid fa-circle-plus\"><\/i><u>Lire la suite<\/u><\/span>\n\t\t\t\t\t\t\t\t\t<span><i class=\"fa-solid fa-circle-minus\"><\/i><u>Lire moins<\/u><\/span>\n\t\t\t\t\t\t\t\t<\/div>\n\t\t\t\t\t\t\t\t\t\t\t\t\t\t\t\t<dialog class=\"tb-popup\">\n\t\t\t\t\t\t\t\t\t<div class=\"tb-highlights-popup\">\n\t\t\t\t\t\t\t\t\t\t<div class=\"tb-image-part\">\n\t\t\t\t\t\t\t\t\t\t\t<img src='https:\/\/albn.travelblox.eu\/wp-content\/uploads\/sites\/115\/2025\/10\/SiliquiniLaura-Travelbase-AlbaniaNomads20250727-2793-768x1152.jpg' width='768' height='1152' alt='Quoi faire en Albanie : cours de cuisine' style='object-position:50% 50%' loading='lazy' image_size='medium_large'>\t\t\t\t\t\t\t\t\t\t<\/div>\n\t\t\t\t\t\t\t\t\t\t<div class=\"tb-popup-content\">\n\t\t\t\t\t\t\t\t\t\t\t<h5>Cours de cuisine<\/h5>\n\t\t\t\t\t\t\t\t\t\t\t<div class=\"content\">\t\t<div class=\"translation-block\"><p>Vivez une exp\u00e9rience authentique en participant \u00e0 un <b>cours de cuisine traditionnelle albanaise<\/b>, directement organis\u00e9 dans une <b>ferme locale<\/b> o\u00f9 se trouve votre camping. En fin de matin\u00e9e, nos partenaires locaux vous ouvriront leurs portes pour vous faire d\u00e9couvrir les secrets de la <b>gastronomie des Balkans<\/b>. Vous pr\u00e9parerez des <b>plats typiques<\/b> avec des ingr\u00e9dients frais et locaux, puis partagerez un repas convivial avec vos h\u00f4tes. Une immersion culturelle unique pour d\u00e9couvrir l&rsquo;Albanie autrement.<\/p>\n<p>Cette activit\u00e9 <b>s&rsquo;int\u00e8gre parfaitement \u00e0 votre itin\u00e9raire<\/b>, vous laissant tout le temps d&rsquo;explorer d&rsquo;autres sites le reste de la journ\u00e9e.<\/p>\n<p><b>Condition de participation :<\/b><\/p>\n<ul>\n<li>Avoir une <b>connaissance de base de l&rsquo;anglais<\/b> (pour comprendre les explications)<\/li>\n<\/ul><\/div>\n\t<\/div>\n\t\t\t\t\t\t\t\t\t\t<\/div>\n\t\t\t\t\t\t\t\t\t<\/div>\n\t\t\t\t\t\t\t\t<\/dialog>\n\t\t\t\t\t\t\t<\/div>\n\t\t\t\t\t\t<\/div>\n\t\t\t\t\t\t\t\t\t\t\t\t\t\t<\/div>\n\t\t\t\t\t\t<div class=\"tb-carousel-nav\">\n\t\t\t<div class=\"dots\">\n\t\t\t\t<div class=\"dot active\"><\/div>\n\t\t\t\t<div class=\"dot\"><\/div>\n\t\t\t\t<div class=\"dot\"><\/div>\n\t\t\t<\/div>\n\t\t\t<div class=\"arrows\">\n\t\t\t\t<div class=\"prev disabled\">\n\t\t\t\t\t<span><i class=\"fa fa-chevron-left\"><\/i><\/span>\n\t\t\t\t<\/div>\n\t\t\t\t<div class=\"next\">\n\t\t\t\t\t<span><i class=\"fa fa-chevron-right\"><\/i><\/span>\n\t\t\t\t<\/div>\n\t\t\t<\/div>\n\t\t<\/div>\n\t\t\t\t<\/div>\n\t\t<\/div>\n\t\t\t\t\t\t\t\t\t\t\t\t\t\t\t\t\t\t\t<div class=\"inner-block-full-width has-tb-carousel tb-section\" id=\"options-section-1\"style=\"display:none;\">\n\t\t\t<div class=\"tb-carousel-container\">\n\t\t\t\t<div class=\"entries tb-cards\" data-slider-first=\"1\">\n\t\t\t\t\t\t\t\t\t\t\t\t\t\t\t<div class=\"tb-card entry tb-popup-trigger desktop-only-popup\">\n\t\t\t\t\t\t\t<div class=\"tb-image-part desktop\">\n\t\t\t\t\t\t\t\t<img src='https:\/\/albn.travelblox.eu\/wp-content\/uploads\/sites\/115\/2025\/10\/istockphoto-902818356-612x612-1.jpg' width='612' height='408' loading='lazy'>\t\t\t\t\t\t\t\t\t\t\t\t\t\t\t\t\t\t\t\t\t\t\t<\/div>\n\t\t\t\t\t\t\t<div class=\"tb-image-part mobile\">\n\t\t\t\t\t\t\t\t<img src='https:\/\/albn.travelblox.eu\/wp-content\/uploads\/sites\/115\/2025\/10\/istockphoto-902818356-612x612-1.jpg' width='612' height='408' loading='lazy' image_size='medium_large'>\t\t\t\t\t\t\t\t\t\t\t\t\t\t\t<\/div>\n\t\t\t\t\t\t\t<div class=\"tb-card-content\">\n\t\t\t\t\t\t\t\t<h5>\n\t\t\t\t\t\t\t\t\t\t\t\t\t\t\t\t\t\t<span>Vols via Albania Nomads<\/span>\n\t\t\t\t\t\t\t\t<\/h5>\n\t\t\t\t\t\t\t\t\t\t\t\t\t\t\t\t<div class=\"content readmore-content content--clamped\">\t\t<div class=\"translation-block\"><p>Facilitez-vous la vie en r\u00e9servant vos vols <b>directement via Albania Nomads<\/b>. Nous proposons des vols avec des <b>horaires parfaitement adapt\u00e9s<\/b> \u00e0 votre road trip en Albanie.<\/p>\n<p>Retrouvez <b>plus d&rsquo;informations<\/b> sur les vols, horaires et bagages autoris\u00e9s plus bas dans la rubrique \u00ab\u00a0<a href=\"#transport\">Comment se rendre sur place ?<\/a>\u00ab\u00a0.<\/p><\/div>\n\t<\/div>\n\t\t\t\t\t\t\t\t\t\t\t\t\t\t\t\t<div class=\"readmore link js-readmore\">\n\t\t\t\t\t\t\t\t\t<span><i class=\"fa-solid fa-circle-plus\"><\/i><u>Lire la suite<\/u><\/span>\n\t\t\t\t\t\t\t\t\t<span><i class=\"fa-solid fa-circle-minus\"><\/i><u>Lire moins<\/u><\/span>\n\t\t\t\t\t\t\t\t<\/div>\n\t\t\t\t\t\t\t\t\t\t\t\t\t\t\t\t<dialog class=\"tb-popup\">\n\t\t\t\t\t\t\t\t\t<div class=\"tb-highlights-popup\">\n\t\t\t\t\t\t\t\t\t\t<div class=\"tb-image-part\">\n\t\t\t\t\t\t\t\t\t\t\t<img src='https:\/\/albn.travelblox.eu\/wp-content\/uploads\/sites\/115\/2025\/10\/istockphoto-902818356-612x612-1.jpg' width='612' height='408' loading='lazy' image_size='medium_large'>\t\t\t\t\t\t\t\t\t\t<\/div>\n\t\t\t\t\t\t\t\t\t\t<div class=\"tb-popup-content\">\n\t\t\t\t\t\t\t\t\t\t\t<h5>Vols via Albania Nomads<\/h5>\n\t\t\t\t\t\t\t\t\t\t\t<div class=\"content\">\t\t<div class=\"translation-block\"><p>Facilitez-vous la vie en r\u00e9servant vos vols <b>directement via Albania Nomads<\/b>. Nous proposons des vols avec des <b>horaires parfaitement adapt\u00e9s<\/b> \u00e0 votre road trip en Albanie.<\/p>\n<p>Retrouvez <b>plus d&rsquo;informations<\/b> sur les vols, horaires et bagages autoris\u00e9s plus bas dans la rubrique \u00ab\u00a0<a href=\"#transport\">Comment se rendre sur place ?<\/a>\u00ab\u00a0.<\/p><\/div>\n\t<\/div>\n\t\t\t\t\t\t\t\t\t\t<\/div>\n\t\t\t\t\t\t\t\t\t<\/div>\n\t\t\t\t\t\t\t\t<\/dialog>\n\t\t\t\t\t\t\t<\/div>\n\t\t\t\t\t\t<\/div>\n\t\t\t\t\t\t\t\t\t\t\t<div class=\"tb-card entry tb-popup-trigger desktop-only-popup\">\n\t\t\t\t\t\t\t<div class=\"tb-image-part desktop\">\n\t\t\t\t\t\t\t\t<img src='https:\/\/albn.travelblox.eu\/wp-content\/uploads\/sites\/115\/2025\/10\/SiliquiniLaura-Travelbase-AlbaniaNomads20250725-0545.jpg' width='2048' height='1365' alt='Voyage en Albanie : road trip de 7 jours en Albanie' style='object-position:50% 50%' loading='lazy'>\t\t\t\t\t\t\t\t\t\t\t\t\t\t\t\t\t<div class=\"tag tiny-body-font\"><p>Inclus<\/p><\/div>\t\t\t\t\t\t\t\t\t\t\t\t\t\t\t<\/div>\n\t\t\t\t\t\t\t<div class=\"tb-image-part mobile\">\n\t\t\t\t\t\t\t\t\t\t\t\t<div class=\"inner-block-full-width has-tb-carousel tb-carousel-slider\" >\n\t\t\t<div class=\"tb-carousel-container\">\n\t\t\t\t<div class=\"entries tb-cards\" data-slider-first=\"0\">\n\t\t\t\t\t\t\t\t\t<div class=\"entry\">\n\t\t\t\t<div class=\"tb-image-part\">\n\t\t\t\t\t<figure>\n\t\t\t\t\t\t<img src='https:\/\/albn.travelblox.eu\/wp-content\/uploads\/sites\/115\/2025\/10\/SiliquiniLaura-Travelbase-AlbaniaNomads20250725-0545-768x512.jpg' width='768' height='512' alt='Voyage en Albanie : road trip de 7 jours en Albanie' style='object-position:50% 50%' loading='lazy' image_size='medium_large'>\t\t\t\t\t\t\t\t\t\t\t<\/figure>\n\t\t\t\t<\/div>\n\t\t\t<\/div>\n\t\t\t\t\t<div class=\"entry\">\n\t\t\t\t<div class=\"tb-image-part\">\n\t\t\t\t\t<figure>\n\t\t\t\t\t\t<img src='https:\/\/albn.travelblox.eu\/wp-content\/uploads\/sites\/115\/2025\/10\/dukat-day-2-768x512.jpg' width='768' height='512' alt='Voyage en Albanie : road trip de 7 jours en Albanie' style='object-position:50% 50%' loading='lazy' image_size='medium_large'>\t\t\t\t\t\t\t\t\t\t\t<\/figure>\n\t\t\t\t<\/div>\n\t\t\t<\/div>\n\t\t\t\t\t<div class=\"entry\">\n\t\t\t\t<div class=\"tb-image-part\">\n\t\t\t\t\t<figure>\n\t\t\t\t\t\t<img src='https:\/\/albn.travelblox.eu\/wp-content\/uploads\/sites\/115\/2025\/10\/camping-dukat-day2-bis-768x512.jpg' width='768' height='512' alt='Voyage en Albanie : road trip de 7 jours en Albanie' style='object-position:50% 50%' loading='lazy' image_size='medium_large'>\t\t\t\t\t\t\t\t\t\t\t<\/figure>\n\t\t\t\t<\/div>\n\t\t\t<\/div>\n\t\t\t\t\t<div class=\"entry\">\n\t\t\t\t<div class=\"tb-image-part\">\n\t\t\t\t\t<figure>\n\t\t\t\t\t\t<img src='https:\/\/albn.travelblox.eu\/wp-content\/uploads\/sites\/115\/2025\/10\/SiliquiniLaura-Travelbase-AlbaniaNomads20250726-2612-768x512.jpg' width='768' height='512' alt='Voyage en Albanie : road trip de 7 jours en Albanie' style='object-position:50% 50%' loading='lazy' image_size='medium_large'>\t\t\t\t\t\t\t\t\t\t\t<\/figure>\n\t\t\t\t<\/div>\n\t\t\t<\/div>\n\t\t\t\t\t<div class=\"entry\">\n\t\t\t\t<div class=\"tb-image-part\">\n\t\t\t\t\t<figure>\n\t\t\t\t\t\t<img src='https:\/\/albn.travelblox.eu\/wp-content\/uploads\/sites\/115\/2025\/10\/SiliquiniLaura-Travelbase-AlbaniaNomads20250724-0063-768x512.jpg' width='768' height='512' alt='Voyage en Albanie : road trip de 7 jours en Albanie' style='object-position:50% 50%' loading='lazy' image_size='medium_large'>\t\t\t\t\t\t\t\t\t\t\t<\/figure>\n\t\t\t\t<\/div>\n\t\t\t<\/div>\n\t\t\t\t\t\t\t\t<\/div>\n\t\t\t\t\t\t<div class=\"tb-carousel-nav\">\n\t\t\t<div class=\"dots\">\n\t\t\t\t<div class=\"dot active\"><\/div>\n\t\t\t\t<div class=\"dot\"><\/div>\n\t\t\t\t<div class=\"dot\"><\/div>\n\t\t\t<\/div>\n\t\t\t<div class=\"arrows\">\n\t\t\t\t<div class=\"prev disabled\">\n\t\t\t\t\t<span><i class=\"fa fa-chevron-left\"><\/i><\/span>\n\t\t\t\t<\/div>\n\t\t\t\t<div class=\"next\">\n\t\t\t\t\t<span><i class=\"fa fa-chevron-right\"><\/i><\/span>\n\t\t\t\t<\/div>\n\t\t\t<\/div>\n\t\t<\/div>\n\t\t\t\t<\/div>\n\t\t<\/div>\n\t\t\t\t\t\t\t\t\t\t\t\t\t\t\t\t\t\t\t<div class=\"tag tiny-body-font\"><p>Inclus<\/p><\/div>\t\t\t\t\t\t\t<\/div>\n\t\t\t\t\t\t\t<div class=\"tb-card-content\">\n\t\t\t\t\t\t\t\t<h5>\n\t\t\t\t\t\t\t\t\t\t\t\t\t\t\t\t\t\t<span>Voiture avec tente de toit<\/span>\n\t\t\t\t\t\t\t\t<\/h5>\n\t\t\t\t\t\t\t\t\t\t\t\t\t\t\t\t<div class=\"content readmore-content content--clamped\">\t\t<div class=\"translation-block\"><p>Traversez l&rsquo;Albanie avec un <b>SUV robuste<\/b> parfaitement adapt\u00e9 \u00e0 toutes les routes albanaises, des routes c\u00f4ti\u00e8res aux chemins de montagne des Balkans.<\/p>\n<p>Votre v\u00e9hicule est \u00e9quip\u00e9 d&rsquo;une <b>tente de toit<\/b> et de tout le <b>mat\u00e9riel de camping<\/b>. Tout ce qu&rsquo;il vous faut pour passer un excellent s\u00e9jour en Albanie est pr\u00e9vu !<\/p>\n<p>Vous trouverez <b>plus d&rsquo;informations<\/b> sur le mat\u00e9riel de camping et l&rsquo;assurance d\u00e9g\u00e2ts dans les autres rubriques. Voici d\u00e9j\u00e0 les <b>dimensions du matelas<\/b> deux personnes : 203 x 130 cm.<\/p><\/div>\n\t<\/div>\n\t\t\t\t\t\t\t\t\t\t\t\t\t\t\t\t<div class=\"readmore link js-readmore\">\n\t\t\t\t\t\t\t\t\t<span><i class=\"fa-solid fa-circle-plus\"><\/i><u>Lire la suite<\/u><\/span>\n\t\t\t\t\t\t\t\t\t<span><i class=\"fa-solid fa-circle-minus\"><\/i><u>Lire moins<\/u><\/span>\n\t\t\t\t\t\t\t\t<\/div>\n\t\t\t\t\t\t\t\t\t\t\t\t\t\t\t\t<dialog class=\"tb-popup\">\n\t\t\t\t\t\t\t\t\t<div class=\"tb-highlights-popup\">\n\t\t\t\t\t\t\t\t\t\t<div class=\"tb-image-part\">\n\t\t\t\t\t\t\t\t\t\t\t\t\t\t\t<div class=\"inner-block-full-width has-tb-carousel tb-carousel-slider\" >\n\t\t\t<div class=\"tb-carousel-container\">\n\t\t\t\t<div class=\"entries tb-cards\" data-slider-first=\"0\">\n\t\t\t\t\t\t\t\t\t<div class=\"entry\">\n\t\t\t\t<div class=\"tb-image-part\">\n\t\t\t\t\t<figure>\n\t\t\t\t\t\t<img src='https:\/\/albn.travelblox.eu\/wp-content\/uploads\/sites\/115\/2025\/10\/SiliquiniLaura-Travelbase-AlbaniaNomads20250725-0545-768x512.jpg' width='768' height='512' alt='Voyage en Albanie : road trip de 7 jours en Albanie' style='object-position:50% 50%' loading='lazy' image_size='medium_large'>\t\t\t\t\t\t\t\t\t\t\t<\/figure>\n\t\t\t\t<\/div>\n\t\t\t<\/div>\n\t\t\t\t\t<div class=\"entry\">\n\t\t\t\t<div class=\"tb-image-part\">\n\t\t\t\t\t<figure>\n\t\t\t\t\t\t<img src='https:\/\/albn.travelblox.eu\/wp-content\/uploads\/sites\/115\/2025\/10\/dukat-day-2-768x512.jpg' width='768' height='512' alt='Voyage en Albanie : road trip de 7 jours en Albanie' style='object-position:50% 50%' loading='lazy' image_size='medium_large'>\t\t\t\t\t\t\t\t\t\t\t<\/figure>\n\t\t\t\t<\/div>\n\t\t\t<\/div>\n\t\t\t\t\t<div class=\"entry\">\n\t\t\t\t<div class=\"tb-image-part\">\n\t\t\t\t\t<figure>\n\t\t\t\t\t\t<img src='https:\/\/albn.travelblox.eu\/wp-content\/uploads\/sites\/115\/2025\/10\/camping-dukat-day2-bis-768x512.jpg' width='768' height='512' alt='Voyage en Albanie : road trip de 7 jours en Albanie' style='object-position:50% 50%' loading='lazy' image_size='medium_large'>\t\t\t\t\t\t\t\t\t\t\t<\/figure>\n\t\t\t\t<\/div>\n\t\t\t<\/div>\n\t\t\t\t\t<div class=\"entry\">\n\t\t\t\t<div class=\"tb-image-part\">\n\t\t\t\t\t<figure>\n\t\t\t\t\t\t<img src='https:\/\/albn.travelblox.eu\/wp-content\/uploads\/sites\/115\/2025\/10\/SiliquiniLaura-Travelbase-AlbaniaNomads20250726-2612-768x512.jpg' width='768' height='512' alt='Voyage en Albanie : road trip de 7 jours en Albanie' style='object-position:50% 50%' loading='lazy' image_size='medium_large'>\t\t\t\t\t\t\t\t\t\t\t<\/figure>\n\t\t\t\t<\/div>\n\t\t\t<\/div>\n\t\t\t\t\t<div class=\"entry\">\n\t\t\t\t<div class=\"tb-image-part\">\n\t\t\t\t\t<figure>\n\t\t\t\t\t\t<img src='https:\/\/albn.travelblox.eu\/wp-content\/uploads\/sites\/115\/2025\/10\/SiliquiniLaura-Travelbase-AlbaniaNomads20250724-0063-768x512.jpg' width='768' height='512' alt='Voyage en Albanie : road trip de 7 jours en Albanie' style='object-position:50% 50%' loading='lazy' image_size='medium_large'>\t\t\t\t\t\t\t\t\t\t\t<\/figure>\n\t\t\t\t<\/div>\n\t\t\t<\/div>\n\t\t\t\t\t\t\t\t<\/div>\n\t\t\t\t\t\t<div class=\"tb-carousel-nav\">\n\t\t\t<div class=\"dots\">\n\t\t\t\t<div class=\"dot active\"><\/div>\n\t\t\t\t<div class=\"dot\"><\/div>\n\t\t\t\t<div class=\"dot\"><\/div>\n\t\t\t<\/div>\n\t\t\t<div class=\"arrows\">\n\t\t\t\t<div class=\"prev disabled\">\n\t\t\t\t\t<span><i class=\"fa fa-chevron-left\"><\/i><\/span>\n\t\t\t\t<\/div>\n\t\t\t\t<div class=\"next\">\n\t\t\t\t\t<span><i class=\"fa fa-chevron-right\"><\/i><\/span>\n\t\t\t\t<\/div>\n\t\t\t<\/div>\n\t\t<\/div>\n\t\t\t\t<\/div>\n\t\t<\/div>\n\t\t\t\t\t\t\t\t\t\t\t\t<\/div>\n\t\t\t\t\t\t\t\t\t\t<div class=\"tb-popup-content\">\n\t\t\t\t\t\t\t\t\t\t\t<h5>Voiture avec tente de toit<\/h5>\n\t\t\t\t\t\t\t\t\t\t\t<div class=\"content\">\t\t<div class=\"translation-block\"><p>Traversez l&rsquo;Albanie avec un <b>SUV robuste<\/b> parfaitement adapt\u00e9 \u00e0 toutes les routes albanaises, des routes c\u00f4ti\u00e8res aux chemins de montagne des Balkans.<\/p>\n<p>Votre v\u00e9hicule est \u00e9quip\u00e9 d&rsquo;une <b>tente de toit<\/b> et de tout le <b>mat\u00e9riel de camping<\/b>. Tout ce qu&rsquo;il vous faut pour passer un excellent s\u00e9jour en Albanie est pr\u00e9vu !<\/p>\n<p>Vous trouverez <b>plus d&rsquo;informations<\/b> sur le mat\u00e9riel de camping et l&rsquo;assurance d\u00e9g\u00e2ts dans les autres rubriques. Voici d\u00e9j\u00e0 les <b>dimensions du matelas<\/b> deux personnes : 203 x 130 cm.<\/p><\/div>\n\t<\/div>\n\t\t\t\t\t\t\t\t\t\t<\/div>\n\t\t\t\t\t\t\t\t\t<\/div>\n\t\t\t\t\t\t\t\t<\/dialog>\n\t\t\t\t\t\t\t<\/div>\n\t\t\t\t\t\t<\/div>\n\t\t\t\t\t\t\t\t\t\t\t<div class=\"tb-card entry tb-popup-trigger desktop-only-popup\">\n\t\t\t\t\t\t\t<div class=\"tb-image-part desktop\">\n\t\t\t\t\t\t\t\t<img src='https:\/\/albn.travelblox.eu\/wp-content\/uploads\/sites\/115\/2025\/10\/SiliquiniLaura-Travelbase-AlbaniaNomads20250728-3574.jpg' width='2048' height='1365' alt='Voyage en Albanie : road trip de 7 jours en Albanie' style='object-position:50% 50%' loading='lazy'>\t\t\t\t\t\t\t\t\t\t\t\t\t\t\t\t\t\t\t\t\t\t\t\t\t<div class=\"price tiny-body-font desktop translation-block\"><p>20\u20ac<\/p><\/div>\t\t\t\t\t\t\t<\/div>\n\t\t\t\t\t\t\t<div class=\"tb-image-part mobile\">\n\t\t\t\t\t\t\t\t<img src='https:\/\/albn.travelblox.eu\/wp-content\/uploads\/sites\/115\/2025\/10\/SiliquiniLaura-Travelbase-AlbaniaNomads20250728-3574-768x512.jpg' width='768' height='512' alt='Voyage en Albanie : road trip de 7 jours en Albanie' style='object-position:50% 50%' loading='lazy' image_size='medium_large'>\t\t\t\t\t\t\t\t\t\t\t\t\t\t\t<\/div>\n\t\t\t\t\t\t\t<div class=\"tb-card-content\">\n\t\t\t\t\t\t\t\t<h5>\n\t\t\t\t\t\t\t\t\t\t\t\t\t\t\t\t\t\t<span>Compensation CO2<\/span>\n\t\t\t\t\t\t\t\t<\/h5>\n\t\t\t\t\t\t\t\t\t\t\t\t\t\t\t\t\t<div class=\"price tiny-body-font mobile\"><p>20\u20ac<\/p><\/div>\t\t\t\t\t\t\t\t<div class=\"content readmore-content content--clamped\">\t\t<div class=\"translation-block\"><p>La plan\u00e8te nous offre tant de beaut\u00e9s \u00e0 admirer, mais si nous voulons encore pouvoir le faire \u00e0 l&rsquo;avenir, nous devons la prot\u00e9ger aujourd&rsquo;hui. C&rsquo;est pourquoi nous faisons des efforts suppl\u00e9mentaires pour r\u00e9duire l&rsquo;impact de nos voyages, et tu peux, via le formulaire de r\u00e9servation, contribuer de mani\u00e8re fiable \u00e0 un projet climatique de <a href=\"https:\/\/butterfly-foundation.org\/partners\/greentripper\">Greentripper<\/a>, ce qui permet de r\u00e9\u00e9quilibrer les \u00e9missions de CO2 de ton transport.<\/p>\n<p>En contribuant \u00e0 leur projet certifi\u00e9 en Ouganda, tu aides \u00e0 la distribution de foyers de cuisson plus efficaces qui r\u00e9duisent consid\u00e9rablement la consommation de combustible. Cette initiative de 11 projets locaux prot\u00e8ge les for\u00eats vuln\u00e9rables de la d\u00e9forestation, am\u00e9liore la sant\u00e9 des familles gr\u00e2ce \u00e0 une meilleure qualit\u00e9 de l&rsquo;air int\u00e9rieur et stimule l&rsquo;\u00e9conomie locale en cr\u00e9ant des emplois. Le projet est certifi\u00e9 Gold Standard, ce qui garantit les normes internationales les plus \u00e9lev\u00e9es en mati\u00e8re d&rsquo;int\u00e9grit\u00e9 environnementale.<\/p>\n<p>Si tu choisis de verser une contribution pour les \u00e9missions de ton transport, Travelbase contribuera elle-m\u00eame davantage pour les \u00e9missions sur place. Apr\u00e8s ton voyage, tu recevras un certificat officiel de cr\u00e9dit carbone.<\/p>\n<p>Pour en savoir plus sur les efforts et actions mises en place par Travelbase, consulte la page <a href=\"https:\/\/travelbase.fr\/fr\/impact\">travelbase.fr\/impact<\/a>.<\/p><\/div>\n\t<\/div>\n\t\t\t\t\t\t\t\t\t\t\t\t\t\t\t\t<div class=\"readmore link js-readmore\">\n\t\t\t\t\t\t\t\t\t<span><i class=\"fa-solid fa-circle-plus\"><\/i><u>Lire la suite<\/u><\/span>\n\t\t\t\t\t\t\t\t\t<span><i class=\"fa-solid fa-circle-minus\"><\/i><u>Lire moins<\/u><\/span>\n\t\t\t\t\t\t\t\t<\/div>\n\t\t\t\t\t\t\t\t\t\t\t\t\t\t\t\t<dialog class=\"tb-popup\">\n\t\t\t\t\t\t\t\t\t<div class=\"tb-highlights-popup\">\n\t\t\t\t\t\t\t\t\t\t<div class=\"tb-image-part\">\n\t\t\t\t\t\t\t\t\t\t\t<img src='https:\/\/albn.travelblox.eu\/wp-content\/uploads\/sites\/115\/2025\/10\/SiliquiniLaura-Travelbase-AlbaniaNomads20250728-3574-768x512.jpg' width='768' height='512' alt='Voyage en Albanie : road trip de 7 jours en Albanie' style='object-position:50% 50%' loading='lazy' image_size='medium_large'>\t\t\t\t\t\t\t\t\t\t<\/div>\n\t\t\t\t\t\t\t\t\t\t<div class=\"tb-popup-content\">\n\t\t\t\t\t\t\t\t\t\t\t<h5>Compensation CO2<\/h5>\n\t\t\t\t\t\t\t\t\t\t\t<div class=\"content\">\t\t<div class=\"translation-block\"><p>La plan\u00e8te nous offre tant de beaut\u00e9s \u00e0 admirer, mais si nous voulons encore pouvoir le faire \u00e0 l&rsquo;avenir, nous devons la prot\u00e9ger aujourd&rsquo;hui. C&rsquo;est pourquoi nous faisons des efforts suppl\u00e9mentaires pour r\u00e9duire l&rsquo;impact de nos voyages, et tu peux, via le formulaire de r\u00e9servation, contribuer de mani\u00e8re fiable \u00e0 un projet climatique de <a href=\"https:\/\/butterfly-foundation.org\/partners\/greentripper\">Greentripper<\/a>, ce qui permet de r\u00e9\u00e9quilibrer les \u00e9missions de CO2 de ton transport.<\/p>\n<p>En contribuant \u00e0 leur projet certifi\u00e9 en Ouganda, tu aides \u00e0 la distribution de foyers de cuisson plus efficaces qui r\u00e9duisent consid\u00e9rablement la consommation de combustible. Cette initiative de 11 projets locaux prot\u00e8ge les for\u00eats vuln\u00e9rables de la d\u00e9forestation, am\u00e9liore la sant\u00e9 des familles gr\u00e2ce \u00e0 une meilleure qualit\u00e9 de l&rsquo;air int\u00e9rieur et stimule l&rsquo;\u00e9conomie locale en cr\u00e9ant des emplois. Le projet est certifi\u00e9 Gold Standard, ce qui garantit les normes internationales les plus \u00e9lev\u00e9es en mati\u00e8re d&rsquo;int\u00e9grit\u00e9 environnementale.<\/p>\n<p>Si tu choisis de verser une contribution pour les \u00e9missions de ton transport, Travelbase contribuera elle-m\u00eame davantage pour les \u00e9missions sur place. Apr\u00e8s ton voyage, tu recevras un certificat officiel de cr\u00e9dit carbone.<\/p>\n<p>Pour en savoir plus sur les efforts et actions mises en place par Travelbase, consulte la page <a href=\"https:\/\/travelbase.fr\/fr\/impact\">travelbase.fr\/impact<\/a>.<\/p><\/div>\n\t<\/div>\n\t\t\t\t\t\t\t\t\t\t<\/div>\n\t\t\t\t\t\t\t\t\t<\/div>\n\t\t\t\t\t\t\t\t<\/dialog>\n\t\t\t\t\t\t\t<\/div>\n\t\t\t\t\t\t<\/div>\n\t\t\t\t\t\t\t\t\t\t\t\t\t\t<\/div>\n\t\t\t\t\t\t<div class=\"tb-carousel-nav\">\n\t\t\t<div class=\"dots\">\n\t\t\t\t<div class=\"dot active\"><\/div>\n\t\t\t\t<div class=\"dot\"><\/div>\n\t\t\t\t<div class=\"dot\"><\/div>\n\t\t\t<\/div>\n\t\t\t<div class=\"arrows\">\n\t\t\t\t<div class=\"prev disabled\">\n\t\t\t\t\t<span><i class=\"fa fa-chevron-left\"><\/i><\/span>\n\t\t\t\t<\/div>\n\t\t\t\t<div class=\"next\">\n\t\t\t\t\t<span><i class=\"fa fa-chevron-right\"><\/i><\/span>\n\t\t\t\t<\/div>\n\t\t\t<\/div>\n\t\t<\/div>\n\t\t\t\t<\/div>\n\t\t<\/div>\n\t\t\t\t\t\t\t\t\t\t\t\t\t\t\t\t\t\t\t<div class=\"inner-block-full-width has-tb-carousel tb-section\" id=\"options-section-2\"style=\"display:none;\">\n\t\t\t<div class=\"tb-carousel-container\">\n\t\t\t\t<div class=\"entries tb-cards\" data-slider-first=\"1\">\n\t\t\t\t\t\t\t\t\t\t\t\t\t\t\t<div class=\"tb-card entry tb-popup-trigger desktop-only-popup\">\n\t\t\t\t\t\t\t<div class=\"tb-image-part desktop\">\n\t\t\t\t\t\t\t\t<img src='https:\/\/albn.travelblox.eu\/wp-content\/uploads\/sites\/115\/2025\/10\/DAY2.jpg' width='2048' height='1365' alt='Voyage en Albanie : road trip de 7 jours en Albanie' style='object-position:50% 50%' loading='lazy'>\t\t\t\t\t\t\t\t\t\t\t\t\t\t\t\t\t\t\t\t\t\t\t\t\t<div class=\"price tiny-body-font desktop translation-block\"><p>37\u20ac par jour<\/p><\/div>\t\t\t\t\t\t\t<\/div>\n\t\t\t\t\t\t\t<div class=\"tb-image-part mobile\">\n\t\t\t\t\t\t\t\t<img src='https:\/\/albn.travelblox.eu\/wp-content\/uploads\/sites\/115\/2025\/10\/DAY2-768x512.jpg' width='768' height='512' alt='Voyage en Albanie : road trip de 7 jours en Albanie' style='object-position:50% 50%' loading='lazy' image_size='medium_large'>\t\t\t\t\t\t\t\t\t\t\t\t\t\t\t<\/div>\n\t\t\t\t\t\t\t<div class=\"tb-card-content\">\n\t\t\t\t\t\t\t\t<h5>\n\t\t\t\t\t\t\t\t\t\t\t\t\t\t\t\t\t\t<span>Couverture d\u00e9g\u00e2ts<\/span>\n\t\t\t\t\t\t\t\t<\/h5>\n\t\t\t\t\t\t\t\t\t\t\t\t\t\t\t\t\t<div class=\"price tiny-body-font mobile\"><p>37\u20ac par jour<\/p><\/div>\t\t\t\t\t\t\t\t<div class=\"content readmore-content content--clamped\">\t\t<div class=\"translation-block\"><p>Un accident est vite arriv\u00e9. C\u2019est pourquoi nous vous conseillons <b>d\u2019ajouter une<\/b> <a class=\"c2\" href=\"https:\/\/admin.travelbase.eu\/u\/source\/Nomads_Trips\/General\/DAMAGE_WAIVER\/Damage_Waiver_FR.pdf\" target=\"_blank\" rel=\"noopener\">couverture d\u00e9g\u00e2ts<\/a> \u00e0 votre r\u00e9servation. Cette assurance co\u00fbte <b>37\u20ac par jour<\/b> et couvre le v\u00e9hicule lorsque vous ou quelqu\u2019un de votre \u00e9quipe \u00eates au volant.<\/p>\n<p>Si vous ne choisissez pas cette option, vous devrez payer une <b>caution de 1000\u20ac<\/b> avant votre d\u00e9part. En cas de d\u00e9g\u00e2ts, une <b>somme maximale de 3000\u20ac<\/b> peut vous \u00eatre factur\u00e9e.<\/p><\/div>\n\t<\/div>\n\t\t\t\t\t\t\t\t\t\t\t\t\t\t\t\t<div class=\"readmore link js-readmore\">\n\t\t\t\t\t\t\t\t\t<span><i class=\"fa-solid fa-circle-plus\"><\/i><u>Lire la suite<\/u><\/span>\n\t\t\t\t\t\t\t\t\t<span><i class=\"fa-solid fa-circle-minus\"><\/i><u>Lire moins<\/u><\/span>\n\t\t\t\t\t\t\t\t<\/div>\n\t\t\t\t\t\t\t\t\t\t\t\t\t\t\t\t<dialog class=\"tb-popup\">\n\t\t\t\t\t\t\t\t\t<div class=\"tb-highlights-popup\">\n\t\t\t\t\t\t\t\t\t\t<div class=\"tb-image-part\">\n\t\t\t\t\t\t\t\t\t\t\t<img src='https:\/\/albn.travelblox.eu\/wp-content\/uploads\/sites\/115\/2025\/10\/DAY2-768x512.jpg' width='768' height='512' alt='Voyage en Albanie : road trip de 7 jours en Albanie' style='object-position:50% 50%' loading='lazy' image_size='medium_large'>\t\t\t\t\t\t\t\t\t\t<\/div>\n\t\t\t\t\t\t\t\t\t\t<div class=\"tb-popup-content\">\n\t\t\t\t\t\t\t\t\t\t\t<h5>Couverture d\u00e9g\u00e2ts<\/h5>\n\t\t\t\t\t\t\t\t\t\t\t<div class=\"content\">\t\t<div class=\"translation-block\"><p>Un accident est vite arriv\u00e9. C\u2019est pourquoi nous vous conseillons <b>d\u2019ajouter une<\/b> <a class=\"c2\" href=\"https:\/\/admin.travelbase.eu\/u\/source\/Nomads_Trips\/General\/DAMAGE_WAIVER\/Damage_Waiver_FR.pdf\" target=\"_blank\" rel=\"noopener\">couverture d\u00e9g\u00e2ts<\/a> \u00e0 votre r\u00e9servation. Cette assurance co\u00fbte <b>37\u20ac par jour<\/b> et couvre le v\u00e9hicule lorsque vous ou quelqu\u2019un de votre \u00e9quipe \u00eates au volant.<\/p>\n<p>Si vous ne choisissez pas cette option, vous devrez payer une <b>caution de 1000\u20ac<\/b> avant votre d\u00e9part. En cas de d\u00e9g\u00e2ts, une <b>somme maximale de 3000\u20ac<\/b> peut vous \u00eatre factur\u00e9e.<\/p><\/div>\n\t<\/div>\n\t\t\t\t\t\t\t\t\t\t<\/div>\n\t\t\t\t\t\t\t\t\t<\/div>\n\t\t\t\t\t\t\t\t<\/dialog>\n\t\t\t\t\t\t\t<\/div>\n\t\t\t\t\t\t<\/div>\n\t\t\t\t\t\t\t\t\t\t\t<div class=\"tb-card entry tb-popup-trigger desktop-only-popup\">\n\t\t\t\t\t\t\t<div class=\"tb-image-part desktop\">\n\t\t\t\t\t\t\t\t<img src='https:\/\/albn.travelblox.eu\/wp-content\/uploads\/sites\/115\/2025\/10\/SiliquiniLaura-Travelbase-AlbaniaNomads20250724-0233.jpg' width='2048' height='1365' alt='Voyage en Albanie : road trip de 7 jours en Albanie' style='object-position:50% 50%' loading='lazy'>\t\t\t\t\t\t\t\t\t\t\t\t\t\t\t\t\t\t\t\t\t\t\t\t\t<div class=\"price tiny-body-font desktop translation-block\"><p>89\u20ac par personne<\/p><\/div>\t\t\t\t\t\t\t<\/div>\n\t\t\t\t\t\t\t<div class=\"tb-image-part mobile\">\n\t\t\t\t\t\t\t\t<img src='https:\/\/albn.travelblox.eu\/wp-content\/uploads\/sites\/115\/2025\/10\/SiliquiniLaura-Travelbase-AlbaniaNomads20250724-0233-768x512.jpg' width='768' height='512' alt='Voyage en Albanie : road trip de 7 jours en Albanie' style='object-position:50% 50%' loading='lazy' image_size='medium_large'>\t\t\t\t\t\t\t\t\t\t\t\t\t\t\t<\/div>\n\t\t\t\t\t\t\t<div class=\"tb-card-content\">\n\t\t\t\t\t\t\t\t<h5>\n\t\t\t\t\t\t\t\t\t\t\t\t\t\t\t\t\t\t<span>Assurance annulation<\/span>\n\t\t\t\t\t\t\t\t<\/h5>\n\t\t\t\t\t\t\t\t\t\t\t\t\t\t\t\t\t<div class=\"price tiny-body-font mobile\"><p>89\u20ac par personne<\/p><\/div>\t\t\t\t\t\t\t\t<div class=\"content readmore-content content--clamped\">\t\t<div class=\"translation-block\"><p>Vous voulez r\u00e9server ce road trip l&rsquo;esprit tranquille ? Optez pour l\u2019<a href=\"https:\/\/static.travelbase.eu\/u\/source\/Nomads_Trips\/NOMADS_CANCELLATION_INSURANCE_FR.pdf?_gl=1*1ciima0*_gcl_au*MTM3MjgyODY0Ny4xNzI3NzcyOTgyLjI4MjU4NjI1OS4xNzI4OTgyODgxLjE3Mjg5ODI4ODA.*_ga*MTQzMjE4NDU2NS4xNjkyODczMDY4*_ga_MNM1Z0RZ2L*MTcyODk4Mjg4MC4yMzQuMC4xNzI4OTgyODgwLjAuMC43NzkxMjM1MzE.\" target=\"_blank\" rel=\"noopener\">assurance annulation<\/a> qui vous prot\u00e9gera en cas de circonstances impr\u00e9vues.<\/p><\/div>\n\t<\/div>\n\t\t\t\t\t\t\t\t\t\t\t\t\t\t\t\t<div class=\"readmore link js-readmore\">\n\t\t\t\t\t\t\t\t\t<span><i class=\"fa-solid fa-circle-plus\"><\/i><u>Lire la suite<\/u><\/span>\n\t\t\t\t\t\t\t\t\t<span><i class=\"fa-solid fa-circle-minus\"><\/i><u>Lire moins<\/u><\/span>\n\t\t\t\t\t\t\t\t<\/div>\n\t\t\t\t\t\t\t\t\t\t\t\t\t\t\t\t<dialog class=\"tb-popup\">\n\t\t\t\t\t\t\t\t\t<div class=\"tb-highlights-popup\">\n\t\t\t\t\t\t\t\t\t\t<div class=\"tb-image-part\">\n\t\t\t\t\t\t\t\t\t\t\t<img src='https:\/\/albn.travelblox.eu\/wp-content\/uploads\/sites\/115\/2025\/10\/SiliquiniLaura-Travelbase-AlbaniaNomads20250724-0233-768x512.jpg' width='768' height='512' alt='Voyage en Albanie : road trip de 7 jours en Albanie' style='object-position:50% 50%' loading='lazy' image_size='medium_large'>\t\t\t\t\t\t\t\t\t\t<\/div>\n\t\t\t\t\t\t\t\t\t\t<div class=\"tb-popup-content\">\n\t\t\t\t\t\t\t\t\t\t\t<h5>Assurance annulation<\/h5>\n\t\t\t\t\t\t\t\t\t\t\t<div class=\"content\">\t\t<div class=\"translation-block\"><p>Vous voulez r\u00e9server ce road trip l&rsquo;esprit tranquille ? Optez pour l\u2019<a href=\"https:\/\/static.travelbase.eu\/u\/source\/Nomads_Trips\/NOMADS_CANCELLATION_INSURANCE_FR.pdf?_gl=1*1ciima0*_gcl_au*MTM3MjgyODY0Ny4xNzI3NzcyOTgyLjI4MjU4NjI1OS4xNzI4OTgyODgxLjE3Mjg5ODI4ODA.*_ga*MTQzMjE4NDU2NS4xNjkyODczMDY4*_ga_MNM1Z0RZ2L*MTcyODk4Mjg4MC4yMzQuMC4xNzI4OTgyODgwLjAuMC43NzkxMjM1MzE.\" target=\"_blank\" rel=\"noopener\">assurance annulation<\/a> qui vous prot\u00e9gera en cas de circonstances impr\u00e9vues.<\/p><\/div>\n\t<\/div>\n\t\t\t\t\t\t\t\t\t\t<\/div>\n\t\t\t\t\t\t\t\t\t<\/div>\n\t\t\t\t\t\t\t\t<\/dialog>\n\t\t\t\t\t\t\t<\/div>\n\t\t\t\t\t\t<\/div>\n\t\t\t\t\t\t\t\t\t\t\t<div class=\"tb-card entry tb-popup-trigger desktop-only-popup\">\n\t\t\t\t\t\t\t<div class=\"tb-image-part desktop\">\n\t\t\t\t\t\t\t\t<img src='https:\/\/albn.travelblox.eu\/wp-content\/uploads\/sites\/115\/2025\/10\/SiliquiniLaura-Travelbase-AlbaniaNomads20250726-1606.jpg' width='1365' height='2048' alt='Voyage en Albanie : road trip de 7 jours en Albanie' style='object-position:50% 50%' loading='lazy'>\t\t\t\t\t\t\t\t\t\t\t\t\t\t\t\t\t\t\t\t\t\t\t\t\t<div class=\"price tiny-body-font desktop translation-block\"><p>49\u20ac par personne<\/p><\/div>\t\t\t\t\t\t\t<\/div>\n\t\t\t\t\t\t\t<div class=\"tb-image-part mobile\">\n\t\t\t\t\t\t\t\t<img src='https:\/\/albn.travelblox.eu\/wp-content\/uploads\/sites\/115\/2025\/10\/SiliquiniLaura-Travelbase-AlbaniaNomads20250726-1606-768x1152.jpg' width='768' height='1152' alt='Voyage en Albanie : road trip de 7 jours en Albanie' style='object-position:50% 50%' loading='lazy' image_size='medium_large'>\t\t\t\t\t\t\t\t\t\t\t\t\t\t\t<\/div>\n\t\t\t\t\t\t\t<div class=\"tb-card-content\">\n\t\t\t\t\t\t\t\t<h5>\n\t\t\t\t\t\t\t\t\t\t\t\t\t\t\t\t\t\t<span>Assurance voyage<\/span>\n\t\t\t\t\t\t\t\t<\/h5>\n\t\t\t\t\t\t\t\t\t\t\t\t\t\t\t\t\t<div class=\"price tiny-body-font mobile\"><p>49\u20ac par personne<\/p><\/div>\t\t\t\t\t\t\t\t<div class=\"content readmore-content content--clamped\">\t\t<div class=\"translation-block\"><p>Vous voulez partir en voyage sans vous faire de soucis ? Optez pour une <a href=\"https:\/\/albanianomads.com\/fr\/travelinsurance\" target=\"_blank\" rel=\"noopener\">assurance voyage<\/a>, disponible uniquement pour les <strong>citoyens europ\u00e9ens<\/strong>.<\/p><\/div>\n\t<\/div>\n\t\t\t\t\t\t\t\t\t\t\t\t\t\t\t\t<div class=\"readmore link js-readmore\">\n\t\t\t\t\t\t\t\t\t<span><i class=\"fa-solid fa-circle-plus\"><\/i><u>Lire la suite<\/u><\/span>\n\t\t\t\t\t\t\t\t\t<span><i class=\"fa-solid fa-circle-minus\"><\/i><u>Lire moins<\/u><\/span>\n\t\t\t\t\t\t\t\t<\/div>\n\t\t\t\t\t\t\t\t\t\t\t\t\t\t\t\t<dialog class=\"tb-popup\">\n\t\t\t\t\t\t\t\t\t<div class=\"tb-highlights-popup\">\n\t\t\t\t\t\t\t\t\t\t<div class=\"tb-image-part\">\n\t\t\t\t\t\t\t\t\t\t\t<img src='https:\/\/albn.travelblox.eu\/wp-content\/uploads\/sites\/115\/2025\/10\/SiliquiniLaura-Travelbase-AlbaniaNomads20250726-1606-768x1152.jpg' width='768' height='1152' alt='Voyage en Albanie : road trip de 7 jours en Albanie' style='object-position:50% 50%' loading='lazy' image_size='medium_large'>\t\t\t\t\t\t\t\t\t\t<\/div>\n\t\t\t\t\t\t\t\t\t\t<div class=\"tb-popup-content\">\n\t\t\t\t\t\t\t\t\t\t\t<h5>Assurance voyage<\/h5>\n\t\t\t\t\t\t\t\t\t\t\t<div class=\"content\">\t\t<div class=\"translation-block\"><p>Vous voulez partir en voyage sans vous faire de soucis ? Optez pour une <a href=\"https:\/\/albanianomads.com\/fr\/travelinsurance\" target=\"_blank\" rel=\"noopener\">assurance voyage<\/a>, disponible uniquement pour les <strong>citoyens europ\u00e9ens<\/strong>.<\/p><\/div>\n\t<\/div>\n\t\t\t\t\t\t\t\t\t\t<\/div>\n\t\t\t\t\t\t\t\t\t<\/div>\n\t\t\t\t\t\t\t\t<\/dialog>\n\t\t\t\t\t\t\t<\/div>\n\t\t\t\t\t\t<\/div>\n\t\t\t\t\t\t\t\t\t\t\t<div class=\"tb-card entry tb-popup-trigger desktop-only-popup\">\n\t\t\t\t\t\t\t<div class=\"tb-image-part desktop\">\n\t\t\t\t\t\t\t\t<img src='https:\/\/albn.travelblox.eu\/wp-content\/uploads\/sites\/115\/2025\/10\/Berat-day-1-biiiiis.jpg' width='2048' height='1365' alt='Voyage en Albanie : road trip de 7 jours en Albanie' style='object-position:50% 50%' loading='lazy'>\t\t\t\t\t\t\t\t\t\t\t\t\t\t\t\t\t<div class=\"tag tiny-body-font\"><p>Pour ceux qui r\u00e9servent t\u00f4t<\/p><\/div>\t\t\t\t\t\t\t\t\t\t\t\t\t\t\t<\/div>\n\t\t\t\t\t\t\t<div class=\"tb-image-part mobile\">\n\t\t\t\t\t\t\t\t<img src='https:\/\/albn.travelblox.eu\/wp-content\/uploads\/sites\/115\/2025\/10\/Berat-day-1-biiiiis-768x512.jpg' width='768' height='512' alt='Voyage en Albanie : road trip de 7 jours en Albanie' style='object-position:50% 50%' loading='lazy' image_size='medium_large'>\t\t\t\t\t\t\t\t\t\t\t\t\t\t\t\t\t<div class=\"tag tiny-body-font\"><p>Pour ceux qui r\u00e9servent t\u00f4t<\/p><\/div>\t\t\t\t\t\t\t<\/div>\n\t\t\t\t\t\t\t<div class=\"tb-card-content\">\n\t\t\t\t\t\t\t\t<h5>\n\t\t\t\t\t\t\t\t\t\t\t\t\t\t\t\t\t\t<span>Conditions ultra-flexibles<\/span>\n\t\t\t\t\t\t\t\t<\/h5>\n\t\t\t\t\t\t\t\t\t\t\t\t\t\t\t\t<div class=\"content readmore-content content--clamped\">\t\t<div class=\"translation-block\"><p><b>R\u00e9servez votre road trip t\u00f4t<\/b> et b\u00e9n\u00e9ficiez <b>gratuitement<\/b> des conditions ultra-flexibles !<\/p>\n<p>Avec ces conditions, vous pouvez <b>annuler votre voyage ou le reporter<\/b> vers une autre semaine (selon les disponibilit\u00e9s) sans frais <b>jusqu\u2019au 01\/03\/2026<\/b>.<\/p>\n<p>R\u00e9servez en toute tranquillit\u00e9, sans risque.<\/p><\/div>\n\t<\/div>\n\t\t\t\t\t\t\t\t\t\t\t\t\t\t\t\t<div class=\"readmore link js-readmore\">\n\t\t\t\t\t\t\t\t\t<span><i class=\"fa-solid fa-circle-plus\"><\/i><u>Lire la suite<\/u><\/span>\n\t\t\t\t\t\t\t\t\t<span><i class=\"fa-solid fa-circle-minus\"><\/i><u>Lire moins<\/u><\/span>\n\t\t\t\t\t\t\t\t<\/div>\n\t\t\t\t\t\t\t\t\t\t\t\t\t\t\t\t<dialog class=\"tb-popup\">\n\t\t\t\t\t\t\t\t\t<div class=\"tb-highlights-popup\">\n\t\t\t\t\t\t\t\t\t\t<div class=\"tb-image-part\">\n\t\t\t\t\t\t\t\t\t\t\t<img src='https:\/\/albn.travelblox.eu\/wp-content\/uploads\/sites\/115\/2025\/10\/Berat-day-1-biiiiis-768x512.jpg' width='768' height='512' alt='Voyage en Albanie : road trip de 7 jours en Albanie' style='object-position:50% 50%' loading='lazy' image_size='medium_large'>\t\t\t\t\t\t\t\t\t\t<\/div>\n\t\t\t\t\t\t\t\t\t\t<div class=\"tb-popup-content\">\n\t\t\t\t\t\t\t\t\t\t\t<h5>Conditions ultra-flexibles<\/h5>\n\t\t\t\t\t\t\t\t\t\t\t<div class=\"content\">\t\t<div class=\"translation-block\"><p><b>R\u00e9servez votre road trip t\u00f4t<\/b> et b\u00e9n\u00e9ficiez <b>gratuitement<\/b> des conditions ultra-flexibles !<\/p>\n<p>Avec ces conditions, vous pouvez <b>annuler votre voyage ou le reporter<\/b> vers une autre semaine (selon les disponibilit\u00e9s) sans frais <b>jusqu\u2019au 01\/03\/2026<\/b>.<\/p>\n<p>R\u00e9servez en toute tranquillit\u00e9, sans risque.<\/p><\/div>\n\t<\/div>\n\t\t\t\t\t\t\t\t\t\t<\/div>\n\t\t\t\t\t\t\t\t\t<\/div>\n\t\t\t\t\t\t\t\t<\/dialog>\n\t\t\t\t\t\t\t<\/div>\n\t\t\t\t\t\t<\/div>\n\t\t\t\t\t\t\t\t\t\t\t\t\t\t<\/div>\n\t\t\t\t\t\t<div class=\"tb-carousel-nav\">\n\t\t\t<div class=\"dots\">\n\t\t\t\t<div class=\"dot active\"><\/div>\n\t\t\t\t<div class=\"dot\"><\/div>\n\t\t\t\t<div class=\"dot\"><\/div>\n\t\t\t<\/div>\n\t\t\t<div class=\"arrows\">\n\t\t\t\t<div class=\"prev disabled\">\n\t\t\t\t\t<span><i class=\"fa fa-chevron-left\"><\/i><\/span>\n\t\t\t\t<\/div>\n\t\t\t\t<div class=\"next\">\n\t\t\t\t\t<span><i class=\"fa fa-chevron-right\"><\/i><\/span>\n\t\t\t\t<\/div>\n\t\t\t<\/div>\n\t\t<\/div>\n\t\t\t\t<\/div>\n\t\t<\/div>\n\t\t\t\t\t\t\t\t\t\t<\/div>\n\t\t<\/div>\n\n\n<div class=\" tb-gallery tb-block align-center background-light pattern-none variant-grid\" id=\"collage-1\">\n\t<div>\n\t\t<div class=\"desktop tb-has-popup-content\">\n\t\t\t\t\t\t\t<ul class=\"tb-gallery-grid\">\n\t\t\t\t\t\t\t\t\t\t\t\t\t\t\t\t\t\t<li class=\"slide\">\n\t\t\t\t\t\t\t\t<div class=\"tb-popup-trigger\">\n\t\t\t\t\t\t\t\t\t<img src='https:\/\/albn.travelblox.eu\/wp-content\/uploads\/sites\/115\/2025\/10\/SiliquiniLaura-Travelbase-AlbaniaNomads20250725-2.jpg' width='2048' height='1534' alt='Voyage en Albanie : road trip de 7 jours en Albanie' style='object-position:50% 50%' loading='lazy'>\t\t\t\t\t\t\t\t<\/div>\n\t\t\t\t\t\t\t<\/li>\n\t\t\t\t\t\t\t\t\t\t\t\t\t<li class=\"slide\">\n\t\t\t\t\t\t\t\t<div class=\"tb-popup-trigger\">\n\t\t\t\t\t\t\t\t\t<img src='https:\/\/albn.travelblox.eu\/wp-content\/uploads\/sites\/115\/2025\/10\/SiliquiniLaura-Travelbase-AlbaniaNomads20250725-0893.jpg' width='1365' height='2048' alt='Voyage en Albanie : road trip de 7 jours en Albanie' style='object-position:50% 50%' loading='lazy'>\t\t\t\t\t\t\t\t<\/div>\n\t\t\t\t\t\t\t<\/li>\n\t\t\t\t\t\t\t\t\t\t\t\t\t<li class=\"slide\">\n\t\t\t\t\t\t\t\t<div class=\"tb-popup-trigger\">\n\t\t\t\t\t\t\t\t\t<img src='https:\/\/albn.travelblox.eu\/wp-content\/uploads\/sites\/115\/2025\/10\/Dalan-beach-day-2-bbbis.jpg' width='2048' height='1365' alt='Voyage en Albanie : road trip de 7 jours en Albanie' style='object-position:50% 50%' loading='lazy'>\t\t\t\t\t\t\t\t<\/div>\n\t\t\t\t\t\t\t<\/li>\n\t\t\t\t\t\t\t\t\t\t\t\t\t\t\t<\/ul>\n\t\t\t\t\t\t<div class=\"tb-popup tb-popup--open-clicked-image\">\n\t\t\t\t<div class=\"tb-gallery-popup\">\n\t\t\t\t\t<div class=\"tb-image-part\">\n\t\t\t\t\t\t\t\t\t\t<div class=\"inner-block-full-width has-tb-carousel tb-carousel-slider\" >\n\t\t\t<div class=\"tb-carousel-container\">\n\t\t\t\t<div class=\"entries tb-cards\" data-slider-first=\"2\">\n\t\t\t\t\t\t\t\t\t<div class=\"entry\">\n\t\t\t\t<div class=\"tb-image-part\">\n\t\t\t\t\t<figure>\n\t\t\t\t\t\t<img src='https:\/\/albn.travelblox.eu\/wp-content\/uploads\/sites\/115\/2025\/10\/SiliquiniLaura-Travelbase-AlbaniaNomads20250725-2.jpg' width='2048' height='1534' alt='Voyage en Albanie : road trip de 7 jours en Albanie' style='object-position:50% 50%' loading='lazy' image_size='full'>\t\t\t\t\t\t\t\t\t\t\t<\/figure>\n\t\t\t\t<\/div>\n\t\t\t<\/div>\n\t\t\t\t\t<div class=\"entry\">\n\t\t\t\t<div class=\"tb-image-part\">\n\t\t\t\t\t<figure>\n\t\t\t\t\t\t<img src='https:\/\/albn.travelblox.eu\/wp-content\/uploads\/sites\/115\/2025\/10\/SiliquiniLaura-Travelbase-AlbaniaNomads20250725-0893.jpg' width='1365' height='2048' alt='Voyage en Albanie : road trip de 7 jours en Albanie' style='object-position:50% 50%' loading='lazy' image_size='full'>\t\t\t\t\t\t\t\t\t\t\t<\/figure>\n\t\t\t\t<\/div>\n\t\t\t<\/div>\n\t\t\t\t\t<div class=\"entry\">\n\t\t\t\t<div class=\"tb-image-part\">\n\t\t\t\t\t<figure>\n\t\t\t\t\t\t<img src='https:\/\/albn.travelblox.eu\/wp-content\/uploads\/sites\/115\/2025\/10\/Dalan-beach-day-2-bbbis.jpg' width='2048' height='1365' alt='Voyage en Albanie : road trip de 7 jours en Albanie' style='object-position:50% 50%' loading='lazy' image_size='full'>\t\t\t\t\t\t\t\t\t\t\t<\/figure>\n\t\t\t\t<\/div>\n\t\t\t<\/div>\n\t\t\t\t\t\t\t\t<\/div>\n\t\t\t\t\t\t<div class=\"tb-carousel-nav\">\n\t\t\t<div class=\"dots\">\n\t\t\t\t<div class=\"dot active\"><\/div>\n\t\t\t\t<div class=\"dot\"><\/div>\n\t\t\t\t<div class=\"dot\"><\/div>\n\t\t\t<\/div>\n\t\t\t<div class=\"arrows\">\n\t\t\t\t<div class=\"prev disabled\">\n\t\t\t\t\t<span><i class=\"fa fa-chevron-left\"><\/i><\/span>\n\t\t\t\t<\/div>\n\t\t\t\t<div class=\"next\">\n\t\t\t\t\t<span><i class=\"fa fa-chevron-right\"><\/i><\/span>\n\t\t\t\t<\/div>\n\t\t\t<\/div>\n\t\t<\/div>\n\t\t\t\t<\/div>\n\t\t<\/div>\n\t\t\t\t\t\t\t<\/div>\n\t\t\t\t<\/div>\n\t\t\t<\/div>\n\t\t<\/div>\n\t\t<div class=\"mobile\">\n\t\t\t<div class=\"tb-image-part\">\n\t\t\t\t\t\t\t\t<div class=\"inner-block-full-width has-tb-carousel tb-carousel-slider\" >\n\t\t\t<div class=\"tb-carousel-container\">\n\t\t\t\t<div class=\"entries tb-cards\" data-slider-first=\"0\">\n\t\t\t\t\t\t\t\t\t<div class=\"entry\">\n\t\t\t\t<div class=\"tb-image-part\">\n\t\t\t\t\t<figure>\n\t\t\t\t\t\t<img src='https:\/\/albn.travelblox.eu\/wp-content\/uploads\/sites\/115\/2025\/10\/SiliquiniLaura-Travelbase-AlbaniaNomads20250725-2-768x575.jpg' width='768' height='575' alt='Voyage en Albanie : road trip de 7 jours en Albanie' style='object-position:50% 50%' loading='lazy' image_size='medium_large'>\t\t\t\t\t\t\t\t\t\t\t<\/figure>\n\t\t\t\t<\/div>\n\t\t\t<\/div>\n\t\t\t\t\t<div class=\"entry\">\n\t\t\t\t<div class=\"tb-image-part\">\n\t\t\t\t\t<figure>\n\t\t\t\t\t\t<img src='https:\/\/albn.travelblox.eu\/wp-content\/uploads\/sites\/115\/2025\/10\/SiliquiniLaura-Travelbase-AlbaniaNomads20250725-0893-768x1152.jpg' width='768' height='1152' alt='Voyage en Albanie : road trip de 7 jours en Albanie' style='object-position:50% 50%' loading='lazy' image_size='medium_large'>\t\t\t\t\t\t\t\t\t\t\t<\/figure>\n\t\t\t\t<\/div>\n\t\t\t<\/div>\n\t\t\t\t\t<div class=\"entry\">\n\t\t\t\t<div class=\"tb-image-part\">\n\t\t\t\t\t<figure>\n\t\t\t\t\t\t<img src='https:\/\/albn.travelblox.eu\/wp-content\/uploads\/sites\/115\/2025\/10\/Dalan-beach-day-2-bbbis-768x512.jpg' width='768' height='512' alt='Voyage en Albanie : road trip de 7 jours en Albanie' style='object-position:50% 50%' loading='lazy' image_size='medium_large'>\t\t\t\t\t\t\t\t\t\t\t<\/figure>\n\t\t\t\t<\/div>\n\t\t\t<\/div>\n\t\t\t\t\t\t\t\t<\/div>\n\t\t\t\t\t\t<div class=\"tb-carousel-nav\">\n\t\t\t<div class=\"dots\">\n\t\t\t\t<div class=\"dot active\"><\/div>\n\t\t\t\t<div class=\"dot\"><\/div>\n\t\t\t\t<div class=\"dot\"><\/div>\n\t\t\t<\/div>\n\t\t\t<div class=\"arrows\">\n\t\t\t\t<div class=\"prev disabled\">\n\t\t\t\t\t<span><i class=\"fa fa-chevron-left\"><\/i><\/span>\n\t\t\t\t<\/div>\n\t\t\t\t<div class=\"next\">\n\t\t\t\t\t<span><i class=\"fa fa-chevron-right\"><\/i><\/span>\n\t\t\t\t<\/div>\n\t\t\t<\/div>\n\t\t<\/div>\n\t\t\t\t<\/div>\n\t\t<\/div>\n\t\t\t\t\t<\/div>\n\t\t<\/div>\n\t<\/div>\n<\/div>\n\n\n\n<div class=\" tb-practicalv2 tb-block align-none background-light pattern-none variant-none tb-collapsible-margins\" id=\"info\">\n\t<div class=\"inner-block tb-fade-in\">\n\t\t<div class=\"tb-practicalv2__intro\">\n\t\t\t<h2 class=\"tb-practicalv2__title\">Informations pratiques<\/h2>\n\t\t\t\t\t<div class=\"translation-block\"><p>Voici toutes les informations dont vous avez besoin pour votre voyage. Vous avez encore des questions ? <a href=\"https:\/\/albanianomads.com\/fr\/contact\/\">Contactez-nous<\/a> !<\/p><\/div>\n\t\t\t<\/div>\n\t<\/div>\n\t<div class=\"tb-practicalv2__container inner-block tb-fade-in\">\n\t\t<ul class=\"tb-practicalv2__nav\">\n\t\t\t\t\t\t\t<li class=\"tb-practicalv2__nav-item\">\n\t\t\t\t\t\t\t\t\t\t\t\t\t\t\t<i class=\"icon fa-solid fa-check \" aria-hidden=\"true\"><\/i>\n\t\t\t\t\t\t\t\t\t\t\t\t\t<a class=\"tb-practicalv2__nav-link\" href=\"#included\">\n\t\t\t\t\t\tInclus\t\t\t\t\t<\/a>\n\t\t\t\t<\/li>\n\t\t\t\t\t\t\t<li class=\"tb-practicalv2__nav-item\">\n\t\t\t\t\t\t\t\t\t\t\t\t\t\t\t<i class=\"icon fa-solid fa-list-check \" aria-hidden=\"true\"><\/i>\n\t\t\t\t\t\t\t\t\t\t\t\t\t<a class=\"tb-practicalv2__nav-link\" href=\"#optional\">\n\t\t\t\t\t\tOptionnel\t\t\t\t\t<\/a>\n\t\t\t\t<\/li>\n\t\t\t\t\t\t\t<li class=\"tb-practicalv2__nav-item\">\n\t\t\t\t\t\t\t\t\t\t\t\t\t\t\t<i class=\"icon fa-solid fa-car-burst \" aria-hidden=\"true\"><\/i>\n\t\t\t\t\t\t\t\t\t\t\t\t\t<a class=\"tb-practicalv2__nav-link\" href=\"#insurance\">\n\t\t\t\t\t\tAssurance\t\t\t\t\t<\/a>\n\t\t\t\t<\/li>\n\t\t\t\t\t\t\t<li class=\"tb-practicalv2__nav-item\">\n\t\t\t\t\t\t\t\t\t\t\t\t\t\t\t<i class=\"icon fa-solid fa-passport \" aria-hidden=\"true\"><\/i>\n\t\t\t\t\t\t\t\t\t\t\t\t\t<a class=\"tb-practicalv2__nav-link\" href=\"#documents\">\n\t\t\t\t\t\tDocuments\t\t\t\t\t<\/a>\n\t\t\t\t<\/li>\n\t\t\t\t\t\t\t<li class=\"tb-practicalv2__nav-item\">\n\t\t\t\t\t\t\t\t\t\t\t\t\t\t\t<i class=\"icon fa-solid fa-suitcase \" aria-hidden=\"true\"><\/i>\n\t\t\t\t\t\t\t\t\t\t\t\t\t<a class=\"tb-practicalv2__nav-link\" href=\"#a-prevoir\">\n\t\t\t\t\t\t\u00c0 pr\u00e9voir\t\t\t\t\t<\/a>\n\t\t\t\t<\/li>\n\t\t\t\t\t<\/ul>\n\t\t<div class=\"tb-practicalv2__categories\">\n\t\t\t\t\t\t\t<details class=\"tb-practicalv2__category tb-practicalv2__category--included\" id=\"included\" open>\n\t\t\t\t\t<summary class=\"tb-practicalv2__category-toggle\">\n\t\t\t\t\t\t\t\t\t\t\t\t\t\t\t\t\t<i class=\"icon fa-solid fa-check tb-style-block\" aria-hidden=\"true\"><\/i>\n\t\t\t\t\t\t\t\t\t\t\t\t\t\t\t<span class=\"tb-practicalv2__category-name\">\n\t\t\t\t\t\t\tInclus\t\t\t\t\t\t<\/span>\n\t\t\t\t\t<\/summary>\n\t\t\t\t\t<div class=\"tb-practicalv2__category-content\">\n\t\t\t\t\t\t\t\t\t\t\t\t\t<div class=\"tb-practicalv2__category-default-content\">\n\t\t\t\t\t\t\t\t\t\t\t\t\t\t\t\t\t<ul class=\"tb-practicalv2__meta\">\n\t\t\t\t\t\t\t\t\t\t\t\t\t\t\t\t\t\t\t\t\t<li class=\"tb-practicalv2__meta-item\">\n\t\t\t\t\t\t\t\t\t\t\t\t<i class=\"fa fa-regular fa-tag\"><\/i>\n\t\t\t\t\t\t\t\t\t\t\t\t<span>D\u00e8s 690\u20ac<\/span>\n\t\t\t\t\t\t\t\t\t\t\t<\/li>\n\t\t\t\t\t\t\t\t\t\t\t\t\t\t\t\t\t\t\t\t\t\t\t\t\t\t\t\t\t\t\t<li class=\"tb-practicalv2__meta-item\">\n\t\t\t\t\t\t\t\t\t\t\t\t<i class=\"fa fa-regular fa-calendar\"><\/i>\n\t\t\t\t\t\t\t\t\t\t\t\t<span><p>Juin &#8211; Septembre 2026<\/p>\n<\/span>\n\t\t\t\t\t\t\t\t\t\t\t<\/li>\n\t\t\t\t\t\t\t\t\t\t\t\t\t\t\t\t\t\t\t<\/ul>\n\t\t\t\t\t\t\t\t\t\t\n\t\t\t\t\t\t\t\t\t\t\t\t\t\t\t\t\t<ul class=\"tb-practicalv2__icon-list\">\n\t\t\t\t\t\t\t\t\t\t\t\t\t\t\t\t\t\t\t\t\t<li class=\"tb-practicalv2__icon-item\">\n\t\t\t\t\t\t\t\t\t\t\t\t\t\t\t\t\t\t\t\t\t\t\t\t\t<div>\n\t\t\t\t\t\t\t\t\t\t\t\t\t\t\t\t\t\t<i class=\"icon fa-solid fa-car \" aria-hidden=\"true\"><\/i>\n\t\t\t\t\t\t\t\t\t\t\t\t\t\t\t\t<\/div>\n\t\t\t\t\t\t\t\t\t\t\t\t\t\t\t\t\t\t\t\t\t\t\t\t\t\t<div class=\"translation-block\"><p>Voiture avec tente de toit<\/p><\/div>\n\t\t\t\t\t\t\t\t\t\t\t\t<\/li>\n\t\t\t\t\t\t\t\t\t\t\t\t\t\t\t\t\t\t\t\t\t<li class=\"tb-practicalv2__icon-item\">\n\t\t\t\t\t\t\t\t\t\t\t\t\t\t\t\t\t\t\t\t\t\t\t\t\t<div>\n\t\t\t\t\t\t\t\t\t\t\t\t\t\t\t\t\t\t<i class=\"icon fa-solid fa-campground \" aria-hidden=\"true\"><\/i>\n\t\t\t\t\t\t\t\t\t\t\t\t\t\t\t\t<\/div>\n\t\t\t\t\t\t\t\t\t\t\t\t\t\t\t\t\t\t\t\t\t\t\t\t\t\t<div class=\"translation-block\"><p>7 nuits dans des campings uniques<\/p><\/div>\n\t\t\t\t\t\t\t\t\t\t\t\t<\/li>\n\t\t\t\t\t\t\t\t\t\t\t\t\t\t\t\t\t\t\t\t\t<li class=\"tb-practicalv2__icon-item\">\n\t\t\t\t\t\t\t\t\t\t\t\t\t\t\t\t\t\t\t\t\t\t\t\t\t<div>\n\t\t\t\t\t\t\t\t\t\t\t\t\t\t\t\t\t\t<i class=\"icon fa-solid fa-book-open \" aria-hidden=\"true\"><\/i>\n\t\t\t\t\t\t\t\t\t\t\t\t\t\t\t\t<\/div>\n\t\t\t\t\t\t\t\t\t\t\t\t\t\t\t\t\t\t\t\t\t\t\t\t\t\t<div class=\"translation-block\"><p>Carnet de route avec itin\u00e9raire complet, explications sur chaque journ\u00e9e et conseils<\/p><\/div>\n\t\t\t\t\t\t\t\t\t\t\t\t<\/li>\n\t\t\t\t\t\t\t\t\t\t\t\t\t\t\t\t\t\t\t\t\t<li class=\"tb-practicalv2__icon-item\">\n\t\t\t\t\t\t\t\t\t\t\t\t\t\t\t\t\t\t\t\t\t\t\t\t\t<div>\n\t\t\t\t\t\t\t\t\t\t\t\t\t\t\t\t\t\t<i class=\"icon fa-solid fa-map-location-dot \" aria-hidden=\"true\"><\/i>\n\t\t\t\t\t\t\t\t\t\t\t\t\t\t\t\t<\/div>\n\t\t\t\t\t\t\t\t\t\t\t\t\t\t\t\t\t\t\t\t\t\t\t\t\t\t<div class=\"translation-block\"><p><a href=\"https:\/\/albanianomads.com\/fr\/app\/\" target=\"_blank\" rel=\"noopener\">Application mobile<\/a> avec carte interactive et informations<\/p><\/div>\n\t\t\t\t\t\t\t\t\t\t\t\t<\/li>\n\t\t\t\t\t\t\t\t\t\t\t\t\t\t\t\t\t\t\t\t\t<li class=\"tb-practicalv2__icon-item\">\n\t\t\t\t\t\t\t\t\t\t\t\t\t\t\t\t\t\t\t\t\t\t\t\t\t<div>\n\t\t\t\t\t\t\t\t\t\t\t\t\t\t\t\t\t\t<i class=\"icon fa-solid fa-bed \" aria-hidden=\"true\"><\/i>\n\t\t\t\t\t\t\t\t\t\t\t\t\t\t\t\t<\/div>\n\t\t\t\t\t\t\t\t\t\t\t\t\t\t\t\t\t\t\t\t\t\t\t\t\t\t<div class=\"translation-block\"><p>Mat\u00e9riel de camping (matelas double, sacs de couchage, oreillers, table et chaises)<\/p><\/div>\n\t\t\t\t\t\t\t\t\t\t\t\t<\/li>\n\t\t\t\t\t\t\t\t\t\t\t\t\t\t\t\t\t\t\t\t\t<li class=\"tb-practicalv2__icon-item\">\n\t\t\t\t\t\t\t\t\t\t\t\t\t\t\t\t\t\t\t\t\t\t\t\t\t<div>\n\t\t\t\t\t\t\t\t\t\t\t\t\t\t\t\t\t\t<i class=\"icon fa-solid fa-bowl-rice \" aria-hidden=\"true\"><\/i>\n\t\t\t\t\t\t\t\t\t\t\t\t\t\t\t\t<\/div>\n\t\t\t\t\t\t\t\t\t\t\t\t\t\t\t\t\t\t\t\t\t\t\t\t\t\t<div class=\"translation-block\"><p>Mat\u00e9riel de cuisine (r\u00e9chaud, po\u00eale, casserole, assiettes, bols, gobelets et couverts)<\/p><\/div>\n\t\t\t\t\t\t\t\t\t\t\t\t<\/li>\n\t\t\t\t\t\t\t\t\t\t\t\t\t\t\t\t\t\t\t\t\t<li class=\"tb-practicalv2__icon-item\">\n\t\t\t\t\t\t\t\t\t\t\t\t\t\t\t\t\t\t\t\t\t\t\t\t\t<div>\n\t\t\t\t\t\t\t\t\t\t\t\t\t\t\t\t\t\t<i class=\"icon fa-solid fa-phone \" aria-hidden=\"true\"><\/i>\n\t\t\t\t\t\t\t\t\t\t\t\t\t\t\t\t<\/div>\n\t\t\t\t\t\t\t\t\t\t\t\t\t\t\t\t\t\t\t\t\t\t\t\t\t\t<div class=\"translation-block\"><p>Assistance avant et pendant votre voyage<\/p><\/div>\n\t\t\t\t\t\t\t\t\t\t\t\t<\/li>\n\t\t\t\t\t\t\t\t\t\t\t\t\t\t\t\t\t\t\t<\/ul>\n\t\t\t\t\t\t\t\t\t\t\n\t\t\t\t\t\t\t\t\t\t\t\t\t\t\t\t\t\t\t<a href=\"https:\/\/albanianomads.com\/fr\/#join\"  target=\"\" class=\"tb-button\">\n\t\t\tPartir en Albanie\t\t<\/a>\n\t\t\t\t\t\t\t\t\t\t\t\t\t\t\t\t\t<\/div>\n\t\t\t\t\t\t\t\n\t\t\t\t\t\t\t\t\t\t\t\t\t\t\t\t\t\t<\/div>\n\t\t\t\t<\/details>\n\t\t\t\t\t\t\t<details class=\"tb-practicalv2__category tb-practicalv2__category--optional\" id=\"optional\" open>\n\t\t\t\t\t<summary class=\"tb-practicalv2__category-toggle\">\n\t\t\t\t\t\t\t\t\t\t\t\t\t\t\t\t\t<i class=\"icon fa-solid fa-list-check tb-style-block\" aria-hidden=\"true\"><\/i>\n\t\t\t\t\t\t\t\t\t\t\t\t\t\t\t<span class=\"tb-practicalv2__category-name\">\n\t\t\t\t\t\t\tOptionnel\t\t\t\t\t\t<\/span>\n\t\t\t\t\t<\/summary>\n\t\t\t\t\t<div class=\"tb-practicalv2__category-content\">\n\t\t\t\t\t\t\t\t\t\t\t\t\t<div class=\"tb-practicalv2__category-default-content\">\n\t\t\t\t\t\t\t\t\t\t\n\t\t\t\t\t\t\t\t\t\t\t\t\t\t\t\t\t<ul class=\"tb-practicalv2__icon-list\">\n\t\t\t\t\t\t\t\t\t\t\t\t\t\t\t\t\t\t\t\t\t<li class=\"tb-practicalv2__icon-item\">\n\t\t\t\t\t\t\t\t\t\t\t\t\t\t\t\t\t\t\t\t\t\t\t\t\t<div>\n\t\t\t\t\t\t\t\t\t\t\t\t\t\t\t\t\t\t<i class=\"icon fa-solid fa-sailboat \" aria-hidden=\"true\"><\/i>\n\t\t\t\t\t\t\t\t\t\t\t\t\t\t\t\t<\/div>\n\t\t\t\t\t\t\t\t\t\t\t\t\t\t\t\t\t\t\t\t\t\t\t\t\t\t<div class=\"translation-block\"><p>Activit\u00e9s<\/p><\/div>\n\t\t\t\t\t\t\t\t\t\t\t\t<\/li>\n\t\t\t\t\t\t\t\t\t\t\t\t\t\t\t\t\t\t\t\t\t<li class=\"tb-practicalv2__icon-item\">\n\t\t\t\t\t\t\t\t\t\t\t\t\t\t\t\t\t\t\t\t\t\t\t\t\t<div>\n\t\t\t\t\t\t\t\t\t\t\t\t\t\t\t\t\t\t<i class=\"icon fa-solid fa-plane \" aria-hidden=\"true\"><\/i>\n\t\t\t\t\t\t\t\t\t\t\t\t\t\t\t\t<\/div>\n\t\t\t\t\t\t\t\t\t\t\t\t\t\t\t\t\t\t\t\t\t\t\t\t\t\t<div class=\"translation-block\"><p>Vols internationaux A\/R<\/p><\/div>\n\t\t\t\t\t\t\t\t\t\t\t\t<\/li>\n\t\t\t\t\t\t\t\t\t\t\t\t\t\t\t\t\t\t\t\t\t<li class=\"tb-practicalv2__icon-item\">\n\t\t\t\t\t\t\t\t\t\t\t\t\t\t\t\t\t\t\t\t\t\t\t\t\t<div>\n\t\t\t\t\t\t\t\t\t\t\t\t\t\t\t\t\t\t<i class=\"icon fa-solid fa-car-burst \" aria-hidden=\"true\"><\/i>\n\t\t\t\t\t\t\t\t\t\t\t\t\t\t\t\t<\/div>\n\t\t\t\t\t\t\t\t\t\t\t\t\t\t\t\t\t\t\t\t\t\t\t\t\t\t<div class=\"translation-block\"><p><a href=\"https:\/\/admin.travelbase.eu\/u\/source\/Nomads_Trips\/General\/DAMAGE_WAIVER\/Damage_Waiver_FR.pdf\" target=\"_blank\" rel=\"noopener\">Couverture d\u00e9g\u00e2ts<\/a><\/p><\/div>\n\t\t\t\t\t\t\t\t\t\t\t\t<\/li>\n\t\t\t\t\t\t\t\t\t\t\t\t\t\t\t\t\t\t\t\t\t<li class=\"tb-practicalv2__icon-item\">\n\t\t\t\t\t\t\t\t\t\t\t\t\t\t\t\t\t\t\t\t\t\t\t\t\t<div>\n\t\t\t\t\t\t\t\t\t\t\t\t\t\t\t\t\t\t<i class=\"icon fa-solid fa-credit-card \" aria-hidden=\"true\"><\/i>\n\t\t\t\t\t\t\t\t\t\t\t\t\t\t\t\t<\/div>\n\t\t\t\t\t\t\t\t\t\t\t\t\t\t\t\t\t\t\t\t\t\t\t\t\t\t<div class=\"translation-block\"><p><a href=\"https:\/\/static.travelbase.eu\/u\/source\/Nomads_Trips\/NOMADS_CANCELLATION_INSURANCE_FR.pdf\" target=\"_blank\" rel=\"noopener\">Assurance annulation<\/a><\/p><\/div>\n\t\t\t\t\t\t\t\t\t\t\t\t<\/li>\n\t\t\t\t\t\t\t\t\t\t\t\t\t\t\t\t\t\t\t\t\t<li class=\"tb-practicalv2__icon-item\">\n\t\t\t\t\t\t\t\t\t\t\t\t\t\t\t\t\t\t\t\t\t\t\t\t\t<div>\n\t\t\t\t\t\t\t\t\t\t\t\t\t\t\t\t\t\t<i class=\"icon fa-solid fa-plane-lock \" aria-hidden=\"true\"><\/i>\n\t\t\t\t\t\t\t\t\t\t\t\t\t\t\t\t<\/div>\n\t\t\t\t\t\t\t\t\t\t\t\t\t\t\t\t\t\t\t\t\t\t\t\t\t\t<div class=\"translation-block\"><p><a href=\"https:\/\/albanianomads.com\/fr\/travelinsurance\/\" target=\"_blank\" rel=\"noopener\">Assurance voyage<\/a><\/p><\/div>\n\t\t\t\t\t\t\t\t\t\t\t\t<\/li>\n\t\t\t\t\t\t\t\t\t\t\t\t\t\t\t\t\t\t\t\t\t<li class=\"tb-practicalv2__icon-item\">\n\t\t\t\t\t\t\t\t\t\t\t\t\t\t\t\t\t\t\t\t\t\t\t\t\t<div>\n\t\t\t\t\t\t\t\t\t\t\t\t\t\t\t\t\t\t<i class=\"icon fa-solid fa-earth-europe \" aria-hidden=\"true\"><\/i>\n\t\t\t\t\t\t\t\t\t\t\t\t\t\t\t\t<\/div>\n\t\t\t\t\t\t\t\t\t\t\t\t\t\t\t\t\t\t\t\t\t\t\t\t\t\t<div class=\"translation-block\"><p>Compensation des \u00e9missions de CO2<\/p><\/div>\n\t\t\t\t\t\t\t\t\t\t\t\t<\/li>\n\t\t\t\t\t\t\t\t\t\t\t\t\t\t\t\t\t\t\t<\/ul>\n\t\t\t\t\t\t\t\t\t\t\n\t\t\t\t\t\t\t\t\t\t\t\t\t\t\t<\/div>\n\t\t\t\t\t\t\t\n\t\t\t\t\t\t\t\t\t\t\t\t\t\t\t<div class=\"tb-practicalv2__info-extra\">\n\t\t\t\t\t\t\t\t\t\t\t\t\t\t\t\t\t\t\t\t\t<div class=\"translation-block\"><p>Retrouvez tous les <a href=\"https:\/\/albanianomads.com\/fr\/#options\">d\u00e9tails et prix<\/a> des options suppl\u00e9mentaires ci-dessus.<\/p><\/div>\n\t\t\t\t\t\t\t\t\t\t\t\t\t\n\t\t\t\t\t\t\t\t\t\t\t\t\t\t\t\t\t<\/div>\n\t\t\t\t\t\t\t\t\t\t\t\t\t\t\t\t\t\t<\/div>\n\t\t\t\t<\/details>\n\t\t\t\t\t\t\t<details class=\"tb-practicalv2__category tb-practicalv2__category--insurance\" id=\"insurance\" open>\n\t\t\t\t\t<summary class=\"tb-practicalv2__category-toggle\">\n\t\t\t\t\t\t\t\t\t\t\t\t\t\t\t\t\t<i class=\"icon fa-solid fa-car-burst tb-style-block\" aria-hidden=\"true\"><\/i>\n\t\t\t\t\t\t\t\t\t\t\t\t\t\t\t<span class=\"tb-practicalv2__category-name\">\n\t\t\t\t\t\t\tAssurance\t\t\t\t\t\t<\/span>\n\t\t\t\t\t<\/summary>\n\t\t\t\t\t<div class=\"tb-practicalv2__category-content\">\n\t\t\t\t\t\t\t\t\t\t\t\t\t<div class=\"tb-practicalv2__category-default-content\">\n\t\t\t\t\t\t\t\t\t\t\n\t\t\t\t\t\t\t\t\t\t\t\t\t\t\t\t\t<ul class=\"tb-practicalv2__icon-list\">\n\t\t\t\t\t\t\t\t\t\t\t\t\t\t\t\t\t\t\t\t\t<li class=\"tb-practicalv2__icon-item\">\n\t\t\t\t\t\t\t\t\t\t\t\t\t\t\t\t\t\t\t\t\t\t\t\t\t<div>\n\t\t\t\t\t\t\t\t\t\t\t\t\t\t\t\t\t\t<i class=\"icon fa-solid fa-car-on \" aria-hidden=\"true\"><\/i>\n\t\t\t\t\t\t\t\t\t\t\t\t\t\t\t\t<\/div>\n\t\t\t\t\t\t\t\t\t\t\t\t\t\t\t\t\t\t\t\t\t\t\t\t\t\t<div class=\"translation-block\"><p><a href=\"https:\/\/admin.travelbase.eu\/u\/source\/Nomads_Trips\/General\/DAMAGE_WAIVER\/Damage_Waiver_FR.pdf\" target=\"_blank\" rel=\"noopener\">Couverture d\u00e9g\u00e2ts<\/a> : 37 \u20ac \/ jour \/ v\u00e9hicule<\/p><\/div>\n\t\t\t\t\t\t\t\t\t\t\t\t<\/li>\n\t\t\t\t\t\t\t\t\t\t\t\t\t\t\t\t\t\t\t\t\t<li class=\"tb-practicalv2__icon-item\">\n\t\t\t\t\t\t\t\t\t\t\t\t\t\t\t\t\t\t\t\t\t\t\t\t\t<div>\n\t\t\t\t\t\t\t\t\t\t\t\t\t\t\t\t\t\t<i class=\"icon fa-solid fa-credit-card \" aria-hidden=\"true\"><\/i>\n\t\t\t\t\t\t\t\t\t\t\t\t\t\t\t\t<\/div>\n\t\t\t\t\t\t\t\t\t\t\t\t\t\t\t\t\t\t\t\t\t\t\t\t\t\t<div class=\"translation-block\"><p><a href=\"https:\/\/static.travelbase.eu\/u\/source\/Nomads_Trips\/NOMADS_CANCELLATION_INSURANCE_FR.pdf\" target=\"_blank\" rel=\"noopener\">Assurance annulation<\/a> :&nbsp;89&nbsp;\u20ac&nbsp;\/ personne<\/p><\/div>\n\t\t\t\t\t\t\t\t\t\t\t\t<\/li>\n\t\t\t\t\t\t\t\t\t\t\t\t\t\t\t\t\t\t\t\t\t<li class=\"tb-practicalv2__icon-item\">\n\t\t\t\t\t\t\t\t\t\t\t\t\t\t\t\t\t\t\t\t\t\t\t\t\t<div>\n\t\t\t\t\t\t\t\t\t\t\t\t\t\t\t\t\t\t<i class=\"icon fa-solid fa-earth-europe \" aria-hidden=\"true\"><\/i>\n\t\t\t\t\t\t\t\t\t\t\t\t\t\t\t\t<\/div>\n\t\t\t\t\t\t\t\t\t\t\t\t\t\t\t\t\t\t\t\t\t\t\t\t\t\t<div class=\"translation-block\"><p><a href=\"https:\/\/albanianomads.com\/fr\/travelinsurance\/\" target=\"_blank\" rel=\"noopener\">Assurance voyage<\/a> : 49 \u20ac \/ personne<\/p><\/div>\n\t\t\t\t\t\t\t\t\t\t\t\t<\/li>\n\t\t\t\t\t\t\t\t\t\t\t\t\t\t\t\t\t\t\t<\/ul>\n\t\t\t\t\t\t\t\t\t\t\n\t\t\t\t\t\t\t\t\t\t\t\t\t\t\t<\/div>\n\t\t\t\t\t\t\t\n\t\t\t\t\t\t\t\t\t\t\t\t\t\t\t\t\t\t<\/div>\n\t\t\t\t<\/details>\n\t\t\t\t\t\t\t<details class=\"tb-practicalv2__category tb-practicalv2__category--custom\" id=\"documents\" open>\n\t\t\t\t\t<summary class=\"tb-practicalv2__category-toggle\">\n\t\t\t\t\t\t\t\t\t\t\t\t\t\t\t\t\t<i class=\"icon fa-solid fa-passport tb-style-block\" aria-hidden=\"true\"><\/i>\n\t\t\t\t\t\t\t\t\t\t\t\t\t\t\t<span class=\"tb-practicalv2__category-name\">\n\t\t\t\t\t\t\tDocuments\t\t\t\t\t\t<\/span>\n\t\t\t\t\t<\/summary>\n\t\t\t\t\t<div class=\"tb-practicalv2__category-content\">\n\t\t\t\t\t\t\t\t\t\t\t\t\t<div class=\"tb-practicalv2__category-default-content\">\n\t\t\t\t\t\t\t\t\t\t\n\t\t\t\t\t\t\t\t\t\t\t\t\t\t\t\t\t<ul class=\"tb-practicalv2__icon-list\">\n\t\t\t\t\t\t\t\t\t\t\t\t\t\t\t\t\t\t\t\t\t<li class=\"tb-practicalv2__icon-item\">\n\t\t\t\t\t\t\t\t\t\t\t\t\t\t\t\t\t\t\t\t\t\t\t\t\t<div>\n\t\t\t\t\t\t\t\t\t\t\t\t\t\t\t\t\t\t<i class=\"icon fa-solid fa-passport \" aria-hidden=\"true\"><\/i>\n\t\t\t\t\t\t\t\t\t\t\t\t\t\t\t\t<\/div>\n\t\t\t\t\t\t\t\t\t\t\t\t\t\t\t\t\t\t\t\t\t\t\t\t\t\t<div class=\"translation-block\"><p>Carte d&rsquo;identit\u00e9 ou passeport international (valable encore 6 mois apr\u00e8s votre retour)<\/p><\/div>\n\t\t\t\t\t\t\t\t\t\t\t\t<\/li>\n\t\t\t\t\t\t\t\t\t\t\t\t\t\t\t\t\t\t\t<\/ul>\n\t\t\t\t\t\t\t\t\t\t\n\t\t\t\t\t\t\t\t\t\t\t\t\t\t\t<\/div>\n\t\t\t\t\t\t\t\n\t\t\t\t\t\t\t\t\t\t\t\t\t\t\t\t\t\t<\/div>\n\t\t\t\t<\/details>\n\t\t\t\t\t\t\t<details class=\"tb-practicalv2__category tb-practicalv2__category--custom\" id=\"a-prevoir\" open>\n\t\t\t\t\t<summary class=\"tb-practicalv2__category-toggle\">\n\t\t\t\t\t\t\t\t\t\t\t\t\t\t\t\t\t<i class=\"icon fa-solid fa-suitcase tb-style-block\" aria-hidden=\"true\"><\/i>\n\t\t\t\t\t\t\t\t\t\t\t\t\t\t\t<span class=\"tb-practicalv2__category-name\">\n\t\t\t\t\t\t\t\u00c0 pr\u00e9voir\t\t\t\t\t\t<\/span>\n\t\t\t\t\t<\/summary>\n\t\t\t\t\t<div class=\"tb-practicalv2__category-content\">\n\t\t\t\t\t\t\t\t\t\t\t\t\t<div class=\"tb-practicalv2__category-default-content\">\n\t\t\t\t\t\t\t\t\t\t\n\t\t\t\t\t\t\t\t\t\t\t\t\t\t\t\t\t<ul class=\"tb-practicalv2__icon-list\">\n\t\t\t\t\t\t\t\t\t\t\t\t\t\t\t\t\t\t\t\t\t<li class=\"tb-practicalv2__icon-item\">\n\t\t\t\t\t\t\t\t\t\t\t\t\t\t\t\t\t\t\t\t\t\t\t\t\t<div>\n\t\t\t\t\t\t\t\t\t\t\t\t\t\t\t\t\t\t<i class=\"icon fa-solid fa-square-check \" aria-hidden=\"true\"><\/i>\n\t\t\t\t\t\t\t\t\t\t\t\t\t\t\t\t<\/div>\n\t\t\t\t\t\t\t\t\t\t\t\t\t\t\t\t\t\t\t\t\t\t\t\t\t\t<div class=\"translation-block\"><p><a href=\"https:\/\/admin.travelbase.eu\/u\/source\/Nomads_Trips\/Albania\/2026\/PACKLIST\/ALBN26_Packlist_FR.pdf\">Liste de choses \u00e0 emporter<\/a><\/p><\/div>\n\t\t\t\t\t\t\t\t\t\t\t\t<\/li>\n\t\t\t\t\t\t\t\t\t\t\t\t\t\t\t\t\t\t\t<\/ul>\n\t\t\t\t\t\t\t\t\t\t\n\t\t\t\t\t\t\t\t\t\t\t\t\t\t\t<\/div>\n\t\t\t\t\t\t\t\n\t\t\t\t\t\t\t\t\t\t\t\t\t\t\t\t\t\t<\/div>\n\t\t\t\t<\/details>\n\t\t\t\t\t<\/div>\n\t<\/div>\n<\/div>\n\n\n\n\n\n\n\n\n<div class=\" tb-howtogetthere tb-block align-none background-light pattern-default variant-none tb-collapsible-margins\" id=\"transport\">\n\t<div class=\"inner-block tb-fade-in tb-fade-in--subtle\">\n\t\t<div class=\"text-part\">\n\t\t\t<h2>Comment se rendre sur place ?<\/h2>\n\t\t\t\t\t<div class=\"translation-block\"><p>Votre voyage commence \u00e0 <b>Tirana<\/b>.<\/p>\n<p>Nous vous attendons \u00e0 l&rsquo;a\u00e9roport le premier jour <b>entre 14h et 17h<\/b> pour r\u00e9cup\u00e9rer votre voiture. Le mieux est d\u2019arriver au plus t\u00f4t pour profiter au maximum de votre premier jour de road trip.&nbsp;<\/p><\/div>\n\t\t\t\t\t\t\t\t<div class=\"select-part\">\n\t\t\t\t\t<label>Voyage depuis<\/label>\n\t\t\t\t\t<select>\n\t\t\t\t\t\t\t\t\t\t\t\t\t<option value=\"0\" data-section=\"transport-section-0\">\ud83c\uddeb\ud83c\uddf7 France<\/option>\n\t\t\t\t\t\t\t\t\t\t\t\t\t<option value=\"1\" data-section=\"transport-section-1\">\ud83c\udde7\ud83c\uddea Belgique<\/option>\n\t\t\t\t\t\t\t\t\t\t\t<\/select>\n\t\t\t\t<\/div>\n\t\t\t\t\t<\/div>\n\t<\/div>\n\t\t\t<div class=\"inner-block tb-fade-in tb-fade-in--subtle\">\n\t\t\t\t\t\t\t<div class=\"tb-sections\">\n\t\t\t\t\t\t\t\t\t\t\t\t\t\t\t\t\t\t<div class=\"tb-section entries \" id=\"transport-section-0\">\n\t\t\t\t\t\t\t\t\t\t\t\t\t\t\t\t\t<div class=\"entry\">\n\t\t\t\t\t\t\t\t\t\t\t\t\t\t<i class=\"icon fa-solid fa-plane-departure \" aria-hidden=\"true\"><\/i>\n\t\t\t\t\t\t\t\t\t\t\t\t\t<div class=\"text-part\">\n\t\t\t\t\t\t\t\t\t\t\t<h4>Vols via Albania Nomads<\/h4>\n\t\t\t\t\t\t\t\t\t\t\t\t\t<div class=\"translation-block\"><p>Nous proposons des <b>vols avec escale \u00e0 Vienne ou Francfort vers Tirana (TIA) depuis Paris (CDG)<\/b><\/p>\n<p>Horaire de vol :<\/p>\n<ul>\n<li><b>Aller<\/b> (jour 1) : d\u00e9part de Paris \u00e0 7h20 et arriv\u00e9e \u00e0 Tirana \u00e0 13h25<\/li>\n<li><b>Retour<\/b> (jour 8) : d\u00e9part de Tirana \u00e0 14h15 ou 15h et arriv\u00e9e \u00e0 Paris \u00e0 22h25 ou 22h55<\/li>\n<\/ul>\n<p>Si vous r\u00e9servez vos vols avec nous, ils seront adapt\u00e9s \u00e0 votre programme de voyage et vous pourrez <b>compter sur notre soutien en cas de probl\u00e8me<\/b>.<\/p><\/div>\n\t\t\t\t\t\t\t\t\t\t\t<\/div>\n\t\t\t\t\t\t\t\t\t<\/div>\n\t\t\t\t\t\t\t\t\t\t\t\t\t\t\t\t\t<div class=\"entry\">\n\t\t\t\t\t\t\t\t\t\t\t\t\t\t<i class=\"icon fa-solid fa-plane \" aria-hidden=\"true\"><\/i>\n\t\t\t\t\t\t\t\t\t\t\t\t\t<div class=\"text-part\">\n\t\t\t\t\t\t\t\t\t\t\t<h4>Autres vols<\/h4>\n\t\t\t\t\t\t\t\t\t\t\t\t\t<div class=\"translation-block\"><p>Vous pr\u00e9f\u00e9rez r\u00e9server vos propres vols ? Aucun probl\u00e8me ! Veillez simplement \u00e0 ce que <b>vos horaires d&rsquo;arriv\u00e9e et de d\u00e9part correspondent bien \u00e0 ceux du s\u00e9jour<\/b> :<\/p>\n<ul>\n<li><b>Aller<\/b> (jour 1) : arriv\u00e9e avant 17h pour r\u00e9cup\u00e9rer votre voiture<\/li>\n<li><b>Retour<\/b> (jour 8) : d\u00e9part dans la journ\u00e9e (vous n&rsquo;aurez plus de voiture apr\u00e8s 10h)<\/li>\n<\/ul>\n<p>Nous vous recommandons&nbsp;<a href=\"https:\/\/flights.google.com\/\" target=\"_blank\" rel=\"noopener\">Google Flights<\/a> pour comparer les vols.<\/p>\n<p>N\u2019h\u00e9sitez pas \u00e0 nous contacter si vous avez des questions.<\/p><\/div>\n\t\t\t\t\t\t\t\t\t\t\t<\/div>\n\t\t\t\t\t\t\t\t\t<\/div>\n\t\t\t\t\t\t\t\t\t\t\t\t\t\t\t\t\t<div class=\"entry\">\n\t\t\t\t\t\t\t\t\t\t\t\t\t\t<i class=\"icon fa-solid fa-suitcase-rolling \" aria-hidden=\"true\"><\/i>\n\t\t\t\t\t\t\t\t\t\t\t\t\t<div class=\"text-part\">\n\t\t\t\t\t\t\t\t\t\t\t<h4>Bagage autoris\u00e9s<\/h4>\n\t\t\t\t\t\t\t\t\t\t\t\t\t<div class=\"translation-block\"><p>Si vous r\u00e9servez vos vols via <strong>Albania Nomads<\/strong> :<\/p>\n<p><strong>Inclus<\/strong> :<\/p>\n<ul>\n<li>1 bagage \u00e0 main (max. 40 x 30 x 20 cm) \u00e0 placer sous le si\u00e8ge<\/li>\n<li>1 bagage cabine (max. 8 kg, dimensions 55 x 40 x 23 cm)<\/li>\n<li>1 bagage en soute (23kg)<\/li>\n<\/ul><\/div>\n\t\t\t\t\t\t\t\t\t\t\t<\/div>\n\t\t\t\t\t\t\t\t\t<\/div>\n\t\t\t\t\t\t\t\t\t\t\t\t\t\t\t\t\t<div class=\"entry\">\n\t\t\t\t\t\t\t\t\t\t\t\t\t\t<i class=\"icon fa-solid fa-car \" aria-hidden=\"true\"><\/i>\n\t\t\t\t\t\t\t\t\t\t\t\t\t<div class=\"text-part\">\n\t\t\t\t\t\t\t\t\t\t\t<h4>R\u00e9cup\u00e9ration et retour du v\u00e9hicule<\/h4>\n\t\t\t\t\t\t\t\t\t\t\t\t\t<div class=\"translation-block\"><p>Le jour 1, vous pouvez r\u00e9cup\u00e9rer la voiture <b>entre 14h et 17h<\/b> aupr\u00e8s de notre partenaire de location de voitures \u00e0 l&rsquo;a\u00e9roport.<\/p>\n<p>Le jour 8, vous devez restituer la voiture au m\u00eame endroit <b>au plus tard \u00e0 10h<\/b>.<\/p><\/div>\n\t\t\t\t\t\t\t\t\t\t\t<\/div>\n\t\t\t\t\t\t\t\t\t<\/div>\n\t\t\t\t\t\t\t\t\t\t\t\t\t\t\t<\/div>\n\t\t\t\t\t\t\t\t\t\t\t\t\t\t\t\t\t\t\t\t\t\t\t\t<div class=\"tb-section entries hidden\" id=\"transport-section-1\">\n\t\t\t\t\t\t\t\t\t\t\t\t\t\t\t\t\t<div class=\"entry\">\n\t\t\t\t\t\t\t\t\t\t\t\t\t\t<i class=\"icon fa-solid fa-plane-departure \" aria-hidden=\"true\"><\/i>\n\t\t\t\t\t\t\t\t\t\t\t\t\t<div class=\"text-part\">\n\t\t\t\t\t\t\t\t\t\t\t<h4>Vols via Albania Nomads<\/h4>\n\t\t\t\t\t\t\t\t\t\t\t\t\t<div class=\"translation-block\"><p>Nous proposons des <b>vols avec escale \u00e0 Francfort ou Vienne vers Tirana (TIA) depuis Bruxelles (BRU)<\/b><\/p>\n<p>Horaire de vol :&nbsp;<\/p>\n<ul>\n<li><b>Aller<\/b> (jour 1) : d\u00e9part de Bruxelles \u00e0 8h30 et arriv\u00e9e \u00e0 Tirana \u00e0 13h25<\/li>\n<li><b>Retour<\/b> (jour 8) : d\u00e9part de Tirana \u00e0 14h10 ou 15h et arriv\u00e9e \u00e0 Bruxelles \u00e0 19h55 ou 20h40<\/li>\n<\/ul>\n<p>Si vous r\u00e9servez vos vols avec nous, ils seront adapt\u00e9s \u00e0 votre programme de voyage et vous pourrez <b>compter sur notre soutien en cas de probl\u00e8me<\/b>.<\/p><\/div>\n\t\t\t\t\t\t\t\t\t\t\t<\/div>\n\t\t\t\t\t\t\t\t\t<\/div>\n\t\t\t\t\t\t\t\t\t\t\t\t\t\t\t\t\t<div class=\"entry\">\n\t\t\t\t\t\t\t\t\t\t\t\t\t\t<i class=\"icon fa-solid fa-plane \" aria-hidden=\"true\"><\/i>\n\t\t\t\t\t\t\t\t\t\t\t\t\t<div class=\"text-part\">\n\t\t\t\t\t\t\t\t\t\t\t<h4>Autres vols<\/h4>\n\t\t\t\t\t\t\t\t\t\t\t\t\t<div class=\"translation-block\"><p>Vous pr\u00e9f\u00e9rez r\u00e9server vos propres vols ? Aucun probl\u00e8me ! Veillez simplement \u00e0 ce que <b>vos horaires d&rsquo;arriv\u00e9e et de d\u00e9part correspondent bien \u00e0 ceux du s\u00e9jour<\/b> :<\/p>\n<ul>\n<li><b>Aller<\/b> (jour 1) : arriv\u00e9e avant 17h pour r\u00e9cup\u00e9rer votre voiture<\/li>\n<li><b>Retour<\/b> (jour 8) : d\u00e9part dans la journ\u00e9e (vous n&rsquo;aurez plus de voiture apr\u00e8s 10h)<\/li>\n<\/ul>\n<p>Nous vous recommandons&nbsp;<a href=\"https:\/\/flights.google.com\/\">Google Flights<\/a> pour comparer les vols.<\/p>\n<p>N\u2019h\u00e9sitez pas \u00e0 nous contacter si vous avez des questions.<\/p><\/div>\n\t\t\t\t\t\t\t\t\t\t\t<\/div>\n\t\t\t\t\t\t\t\t\t<\/div>\n\t\t\t\t\t\t\t\t\t\t\t\t\t\t\t\t\t<div class=\"entry\">\n\t\t\t\t\t\t\t\t\t\t\t\t\t\t<i class=\"icon fa-solid fa-suitcase-rolling \" aria-hidden=\"true\"><\/i>\n\t\t\t\t\t\t\t\t\t\t\t\t\t<div class=\"text-part\">\n\t\t\t\t\t\t\t\t\t\t\t<h4>Bagage autoris\u00e9s<\/h4>\n\t\t\t\t\t\t\t\t\t\t\t\t\t<div class=\"translation-block\"><p>Si vous r\u00e9servez vos vols via <strong>Albania Nomads<\/strong> :<\/p>\n<p><strong>Inclus<\/strong> :<\/p>\n<ul>\n<li>1 bagage \u00e0 main (max. 40 x 30 x 20 cm) \u00e0 placer sous le si\u00e8ge<\/li>\n<li>1 bagage cabine (max. 8 kg, dimensions 55 x 40 x 23 cm)<\/li>\n<li>1 bagage en soute (23kg)<\/li>\n<\/ul><\/div>\n\t\t\t\t\t\t\t\t\t\t\t<\/div>\n\t\t\t\t\t\t\t\t\t<\/div>\n\t\t\t\t\t\t\t\t\t\t\t\t\t\t\t\t\t<div class=\"entry\">\n\t\t\t\t\t\t\t\t\t\t\t\t\t\t<i class=\"icon fa-solid fa-car \" aria-hidden=\"true\"><\/i>\n\t\t\t\t\t\t\t\t\t\t\t\t\t<div class=\"text-part\">\n\t\t\t\t\t\t\t\t\t\t\t<h4>R\u00e9cup\u00e9ration et retour du v\u00e9hicule<\/h4>\n\t\t\t\t\t\t\t\t\t\t\t\t\t<div class=\"translation-block\"><p>Le jour 1, vous pouvez r\u00e9cup\u00e9rer la voiture <b>entre 14h et 17h<\/b> aupr\u00e8s de notre partenaire de location de voitures \u00e0 l&rsquo;a\u00e9roport.<\/p>\n<p>Le jour 8, vous devez restituer la voiture au m\u00eame endroit <b>au plus tard \u00e0 10h<\/b>.<\/p><\/div>\n\t\t\t\t\t\t\t\t\t\t\t<\/div>\n\t\t\t\t\t\t\t\t\t<\/div>\n\t\t\t\t\t\t\t\t\t\t\t\t\t\t\t<\/div>\n\t\t\t\t\t\t\t\t\t\t\t\t\t\t\t<\/div>\n\t\t\t\t\t<\/div>\n\t<\/div>\n\n\n    <div class=\" tb-calendarv2 tb-block align-center background-light pattern-none variant-none tb-collapsible-margins\" id=\"join\" data-field-packages='[{&quot;package_id&quot;:&quot;ALBN-AN25&quot;,&quot;prereg_url&quot;:&quot;https:\\\/\\\/travelbase.pro.typeform.com\\\/ALBN26preregFR&quot;,&quot;package_summary_content&quot;:&quot;&quot;,&quot;package_summary_inclusive&quot;:false,&quot;rowid&quot;:&quot;68496aed6bd30&quot;}]' data-package-ids='[\"ALBN-AN25\"]' data-brands='[{&quot;type&quot;:&quot;brands&quot;,&quot;id&quot;:&quot;124&quot;,&quot;attributes&quot;:{&quot;name&quot;:&quot;Albania Nomads&quot;,&quot;translatableName&quot;:{&quot;en&quot;:&quot;&quot;,&quot;nl&quot;:&quot;Albania Nomads&quot;,&quot;fr&quot;:&quot;Albania Nomads&quot;,&quot;de&quot;:&quot;&quot;}}}]' data-language='fr' data-allow-collapse-consecutive-sold-out-items='1' data-show-prereg-items='1' data-show-participants='0' data-show-departure-hours='0' data-no-participants-title=\"0 participants\" data-no-participants-text=\"Il n'y a pas encore de participants\" data-sold-out-cta=\"\" data-show-months-toggle=\"1\" data-show-waiting-list-buttons=\"1\" data-show-price-toggle=\"1\" data-show-quote-request=\"1\" data-sort-filter-options-by-az-order='0' data-launch-unfiltered='0' data-merge-duplicate-filters='0'>\n        <div class=\"inner-block tb-fade-in tb-fade-in--subtle\">\n            <div class=\"text-part tb-fade-in tb-fade-in--subtle\">\n                                    <h2>Planifiez votre voyage en Albanie<\/h2>\n                                                    \t\t<div class=\"translation-block\"><p>Le road trip Albania Nomads aura lieu <b>du 24\/06\/2026 au 02\/09\/2026<\/b> (dernier d\u00e9part).<\/p>\n<p>Inscrivez-vous maintenant ou demandez d&rsquo;abord une <strong>offre de prix personnalis\u00e9e<\/strong>.<\/p><\/div>\n\t                                                    <div class=\"tb-buttons-part\">\n                                                                            \t\t<a href=\"https:\/\/booking.travelbase.eu\/albn26\/book\"  target=\"_blank\" class=\"tb-button\">\n\t\t\tInscrivez-vous pour l&rsquo;\u00e9t\u00e9 2026\t\t<\/a>\n\t\t                                                                                                                                        <a href=\"https:\/\/booking.travelbase.eu\/albn26\/offer\" class=\"tb-buttonlink tb-quote-request\" target=\"_blank\"><span>Demander un devis<\/span><\/a>\n                                                                                                                                                        <\/div>\n                            <\/div>\n\n            \n            \n<div class=\"tb-skeleton tb-skeleton--calendar-v2 tb-skeleton--inactive\">\n    <!-- <div class=\"section-toggler section-toggler--small tb-skeleton__border tb-skeleton__disabled\">\n        <div class=\"section-toggler__inner\">\n            <div class=\"section-toggler__toggle-wrapper\">\n                <div class=\"section-toggler__toggles\">\n                    <input type=\"radio\" name=\"2025\" checked>\n                    <label class=\"tb-skeleton__background tb-skeleton__border\" for=\"\"><span class=\"tb-skeleton__bone\"><span class=\"tb-skeleton__invisible-text\">2025<\/span><\/span><\/label>\n                    <input type=\"radio\" name=\"2026\">\n                    <label class=\"tb-skeleton__border\" for=\"\"><span class=\"tb-skeleton__bone\"><span class=\"tb-skeleton__invisible-text\">2026<\/span><\/span><\/label>\n                <\/div>\n            <\/div>\n        <\/div>\n    <\/div> -->\n    <div class=\"tb-calendar-v2__year\" id=\"year-section-0\">\n        <div class=\"tb-block\">\n            <div class=\"section-toggler section-toggler--fake section-toggler--blocks tb-skeleton__border tb-skeleton__disabled\">\n                <div class=\"section-toggler__inner\">\n                    <div class=\"section-toggler__toggle-wrapper\">\n                        <div class=\"section-toggler__toggles\">\n                            <input type=\"radio\" name=\"Jan\" checked>\n                            <label class=\"tb-skeleton__background tb-skeleton__border\" for=\"\"><span class=\"tb-skeleton__bone\"><span class=\"tb-skeleton__invisible-text\">Jan<\/span><\/span><\/label>\n                            <input type=\"radio\" name=\"Feb\">\n                            <label class=\"tb-skeleton__border\" for=\"\"><span class=\"tb-skeleton__bone\"><span class=\"tb-skeleton__invisible-text\">Feb<\/span><\/span><\/label>\n                            <input type=\"radio\" name=\"Mar\">\n                            <label class=\"tb-skeleton__border\" for=\"\"><span class=\"tb-skeleton__bone\"><span class=\"tb-skeleton__invisible-text\">Mar<\/span><\/span><\/label>\n                            <input type=\"radio\" name=\"Apr\">\n                            <label class=\"tb-skeleton__border\" for=\"\"><span class=\"tb-skeleton__bone\"><span class=\"tb-skeleton__invisible-text\">Apr<\/span><\/span><\/label>\n                            <input type=\"radio\" name=\"May\">\n                            <label class=\"tb-skeleton__border\" for=\"\"><span class=\"tb-skeleton__bone\"><span class=\"tb-skeleton__invisible-text\">May<\/span><\/span><\/label>\n                        <\/div>\n                    <\/div>\n                <\/div>\n            <\/div>\n            <div class=\"tb-calendar-v2__month\" id=\"year-0-month-section-0\">\n                <ul class=\" tb-calendar-v2__departures\">\n                                            <li class=\"tb-calendar-v2__departure tb-calendar-v2-departure tb-skeleton__border\" data-availability=\"free\">\n                            <div class=\"tb-calendar-v2-departure__essential\">\n                                <div class=\"tb-calendar-v2-departure__first-part\">\n                                    <div class=\"tb-calendar-v2-departure__destination desktop-only\">\n                                        <span class=\"tb-skeleton__bone\"><span class=\"tb-skeleton__invisible-text\"><strong>Example trip<\/strong><\/span><\/span>\n                                    <\/div>\n                                    <div class=\"tb-calendar-v2-departure__dates\">\n                                        <div class=\"tb-calendar-v2-departure__startdate \">\n                                            <span class=\"tb-skeleton__bone\"><span class=\"tb-skeleton__invisible-text\">Monday<\/span><\/span>\n                                            <span class=\"tb-skeleton__bone\"><span class=\"tb-skeleton__invisible-text\"><strong>20 Jan 2025<\/strong><\/span><\/span>\n                                        <\/div>\n                                        <span class=\"tb-skeleton__bone\"><span class=\"tb-skeleton__invisible-text\"><i class=\"fa-solid fa-arrow-right\"><\/i><\/span><\/span>\n                                        <div class=\"tb-calendar-v2-departure__enddate\">\n                                            <span class=\"tb-skeleton__bone\"><span class=\"tb-skeleton__invisible-text\">Sunday<\/span><\/span>\n                                            <span class=\"tb-skeleton__bone\"><span class=\"tb-skeleton__invisible-text\"><strong>26 Jan 2025<\/strong><\/span><\/span>\n                                        <\/div>\n                                    <\/div>\n                                    <div class=\"tb-calendar-v2-departure__divider desktop-only tb-skeleton__bone\"><\/div>\n                                    <div class=\"tb-calendar-v2-departure__availability desktop-only\" data-availability=\"free\"><strong>\n                                            <span class=\"tb-skeleton__bone\"><span class=\"tb-skeleton__invisible-text\">Disponible<\/span><\/span>\n                                        <\/strong><\/div>\n                                    <div class=\"tb-calendar-v2-departure__spots desktop-only\">\n                                        <span class=\"tb-skeleton__bone\"><span class=\"tb-skeleton__invisible-text\">\n                                                                                             <\/span><\/span>\n                                    <\/div>\n                                <\/div>\n                                <div class=\"tb-calendar-v2-departure__last-part\">\n                                    <div class=\"tb-calendar-v2-departure__price\"><span class=\"tb-skeleton__bone\"><span class=\"tb-skeleton__invisible-text\"><strong>\u20ac 1450<\/strong><\/span><\/span><\/div>\n                                    <div class=\"tb-calendar-v2-departure__availability mobile-only\" data-availability=\"free\">\n                                        <strong>\n                                            <span class=\"tb-skeleton__bone\"><span class=\"tb-skeleton__invisible-text\">Disponible<\/span><\/span>\n                                        <\/strong>\n                                    <\/div>\n                                    <div class=\"tb-calendar-v2-departure__expand-button tb-skeleton__disabled desktop-only\" disabled>\n                                        <span class=\"tb-skeleton__bone\"><span class=\"tb-skeleton__invisible-text\"><i class=\"fa-solid fa-chevron-down\"><\/i><\/span><\/span>\n                                    <\/div>\n                                <\/div>\n                            <\/div>\n                            <div class=\"tb-calendar-v2-departure__divider mobile-only tb-skeleton__bone\"><\/div>\n                            <div class=\"tb-calendar-v2-departure__expand-button mobile-only tb-skeleton__disabled\" disabled>\n                                <span class=\"tb-skeleton__bone\"><span class=\"tb-skeleton__invisible-text\"><span class=\"more-info\">Plus d&rsquo;infos<\/span> <span class=\"less-info\">Voir moins<\/span> <i class=\"fa-solid fa-chevron-down\"><\/i><\/span><\/span>\n                            <\/div>\n                        <\/li>\n                                            <li class=\"tb-calendar-v2__departure tb-calendar-v2-departure tb-skeleton__border\" data-availability=\"free\">\n                            <div class=\"tb-calendar-v2-departure__essential\">\n                                <div class=\"tb-calendar-v2-departure__first-part\">\n                                    <div class=\"tb-calendar-v2-departure__destination desktop-only\">\n                                        <span class=\"tb-skeleton__bone\"><span class=\"tb-skeleton__invisible-text\"><strong>Example trip<\/strong><\/span><\/span>\n                                    <\/div>\n                                    <div class=\"tb-calendar-v2-departure__dates\">\n                                        <div class=\"tb-calendar-v2-departure__startdate \">\n                                            <span class=\"tb-skeleton__bone\"><span class=\"tb-skeleton__invisible-text\">Monday<\/span><\/span>\n                                            <span class=\"tb-skeleton__bone\"><span class=\"tb-skeleton__invisible-text\"><strong>20 Jan 2025<\/strong><\/span><\/span>\n                                        <\/div>\n                                        <span class=\"tb-skeleton__bone\"><span class=\"tb-skeleton__invisible-text\"><i class=\"fa-solid fa-arrow-right\"><\/i><\/span><\/span>\n                                        <div class=\"tb-calendar-v2-departure__enddate\">\n                                            <span class=\"tb-skeleton__bone\"><span class=\"tb-skeleton__invisible-text\">Sunday<\/span><\/span>\n                                            <span class=\"tb-skeleton__bone\"><span class=\"tb-skeleton__invisible-text\"><strong>26 Jan 2025<\/strong><\/span><\/span>\n                                        <\/div>\n                                    <\/div>\n                                    <div class=\"tb-calendar-v2-departure__divider desktop-only tb-skeleton__bone\"><\/div>\n                                    <div class=\"tb-calendar-v2-departure__availability desktop-only\" data-availability=\"free\"><strong>\n                                            <span class=\"tb-skeleton__bone\"><span class=\"tb-skeleton__invisible-text\">Disponible<\/span><\/span>\n                                        <\/strong><\/div>\n                                    <div class=\"tb-calendar-v2-departure__spots desktop-only\">\n                                        <span class=\"tb-skeleton__bone\"><span class=\"tb-skeleton__invisible-text\">\n                                                                                             <\/span><\/span>\n                                    <\/div>\n                                <\/div>\n                                <div class=\"tb-calendar-v2-departure__last-part\">\n                                    <div class=\"tb-calendar-v2-departure__price\"><span class=\"tb-skeleton__bone\"><span class=\"tb-skeleton__invisible-text\"><strong>\u20ac 1450<\/strong><\/span><\/span><\/div>\n                                    <div class=\"tb-calendar-v2-departure__availability mobile-only\" data-availability=\"free\">\n                                        <strong>\n                                            <span class=\"tb-skeleton__bone\"><span class=\"tb-skeleton__invisible-text\">Disponible<\/span><\/span>\n                                        <\/strong>\n                                    <\/div>\n                                    <div class=\"tb-calendar-v2-departure__expand-button tb-skeleton__disabled desktop-only\" disabled>\n                                        <span class=\"tb-skeleton__bone\"><span class=\"tb-skeleton__invisible-text\"><i class=\"fa-solid fa-chevron-down\"><\/i><\/span><\/span>\n                                    <\/div>\n                                <\/div>\n                            <\/div>\n                            <div class=\"tb-calendar-v2-departure__divider mobile-only tb-skeleton__bone\"><\/div>\n                            <div class=\"tb-calendar-v2-departure__expand-button mobile-only tb-skeleton__disabled\" disabled>\n                                <span class=\"tb-skeleton__bone\"><span class=\"tb-skeleton__invisible-text\"><span class=\"more-info\">Plus d&rsquo;infos<\/span> <span class=\"less-info\">Voir moins<\/span> <i class=\"fa-solid fa-chevron-down\"><\/i><\/span><\/span>\n                            <\/div>\n                        <\/li>\n                                            <li class=\"tb-calendar-v2__departure tb-calendar-v2-departure tb-skeleton__border\" data-availability=\"free\">\n                            <div class=\"tb-calendar-v2-departure__essential\">\n                                <div class=\"tb-calendar-v2-departure__first-part\">\n                                    <div class=\"tb-calendar-v2-departure__destination desktop-only\">\n                                        <span class=\"tb-skeleton__bone\"><span class=\"tb-skeleton__invisible-text\"><strong>Example trip<\/strong><\/span><\/span>\n                                    <\/div>\n                                    <div class=\"tb-calendar-v2-departure__dates\">\n                                        <div class=\"tb-calendar-v2-departure__startdate \">\n                                            <span class=\"tb-skeleton__bone\"><span class=\"tb-skeleton__invisible-text\">Monday<\/span><\/span>\n                                            <span class=\"tb-skeleton__bone\"><span class=\"tb-skeleton__invisible-text\"><strong>20 Jan 2025<\/strong><\/span><\/span>\n                                        <\/div>\n                                        <span class=\"tb-skeleton__bone\"><span class=\"tb-skeleton__invisible-text\"><i class=\"fa-solid fa-arrow-right\"><\/i><\/span><\/span>\n                                        <div class=\"tb-calendar-v2-departure__enddate\">\n                                            <span class=\"tb-skeleton__bone\"><span class=\"tb-skeleton__invisible-text\">Sunday<\/span><\/span>\n                                            <span class=\"tb-skeleton__bone\"><span class=\"tb-skeleton__invisible-text\"><strong>26 Jan 2025<\/strong><\/span><\/span>\n                                        <\/div>\n                                    <\/div>\n                                    <div class=\"tb-calendar-v2-departure__divider desktop-only tb-skeleton__bone\"><\/div>\n                                    <div class=\"tb-calendar-v2-departure__availability desktop-only\" data-availability=\"free\"><strong>\n                                            <span class=\"tb-skeleton__bone\"><span class=\"tb-skeleton__invisible-text\">Disponible<\/span><\/span>\n                                        <\/strong><\/div>\n                                    <div class=\"tb-calendar-v2-departure__spots desktop-only\">\n                                        <span class=\"tb-skeleton__bone\"><span class=\"tb-skeleton__invisible-text\">\n                                                                                             <\/span><\/span>\n                                    <\/div>\n                                <\/div>\n                                <div class=\"tb-calendar-v2-departure__last-part\">\n                                    <div class=\"tb-calendar-v2-departure__price\"><span class=\"tb-skeleton__bone\"><span class=\"tb-skeleton__invisible-text\"><strong>\u20ac 1450<\/strong><\/span><\/span><\/div>\n                                    <div class=\"tb-calendar-v2-departure__availability mobile-only\" data-availability=\"free\">\n                                        <strong>\n                                            <span class=\"tb-skeleton__bone\"><span class=\"tb-skeleton__invisible-text\">Disponible<\/span><\/span>\n                                        <\/strong>\n                                    <\/div>\n                                    <div class=\"tb-calendar-v2-departure__expand-button tb-skeleton__disabled desktop-only\" disabled>\n                                        <span class=\"tb-skeleton__bone\"><span class=\"tb-skeleton__invisible-text\"><i class=\"fa-solid fa-chevron-down\"><\/i><\/span><\/span>\n                                    <\/div>\n                                <\/div>\n                            <\/div>\n                            <div class=\"tb-calendar-v2-departure__divider mobile-only tb-skeleton__bone\"><\/div>\n                            <div class=\"tb-calendar-v2-departure__expand-button mobile-only tb-skeleton__disabled\" disabled>\n                                <span class=\"tb-skeleton__bone\"><span class=\"tb-skeleton__invisible-text\"><span class=\"more-info\">Plus d&rsquo;infos<\/span> <span class=\"less-info\">Voir moins<\/span> <i class=\"fa-solid fa-chevron-down\"><\/i><\/span><\/span>\n                            <\/div>\n                        <\/li>\n                                            <li class=\"tb-calendar-v2__departure tb-calendar-v2-departure tb-skeleton__border\" data-availability=\"free\">\n                            <div class=\"tb-calendar-v2-departure__essential\">\n                                <div class=\"tb-calendar-v2-departure__first-part\">\n                                    <div class=\"tb-calendar-v2-departure__destination desktop-only\">\n                                        <span class=\"tb-skeleton__bone\"><span class=\"tb-skeleton__invisible-text\"><strong>Example trip<\/strong><\/span><\/span>\n                                    <\/div>\n                                    <div class=\"tb-calendar-v2-departure__dates\">\n                                        <div class=\"tb-calendar-v2-departure__startdate \">\n                                            <span class=\"tb-skeleton__bone\"><span class=\"tb-skeleton__invisible-text\">Monday<\/span><\/span>\n                                            <span class=\"tb-skeleton__bone\"><span class=\"tb-skeleton__invisible-text\"><strong>20 Jan 2025<\/strong><\/span><\/span>\n                                        <\/div>\n                                        <span class=\"tb-skeleton__bone\"><span class=\"tb-skeleton__invisible-text\"><i class=\"fa-solid fa-arrow-right\"><\/i><\/span><\/span>\n                                        <div class=\"tb-calendar-v2-departure__enddate\">\n                                            <span class=\"tb-skeleton__bone\"><span class=\"tb-skeleton__invisible-text\">Sunday<\/span><\/span>\n                                            <span class=\"tb-skeleton__bone\"><span class=\"tb-skeleton__invisible-text\"><strong>26 Jan 2025<\/strong><\/span><\/span>\n                                        <\/div>\n                                    <\/div>\n                                    <div class=\"tb-calendar-v2-departure__divider desktop-only tb-skeleton__bone\"><\/div>\n                                    <div class=\"tb-calendar-v2-departure__availability desktop-only\" data-availability=\"free\"><strong>\n                                            <span class=\"tb-skeleton__bone\"><span class=\"tb-skeleton__invisible-text\">Disponible<\/span><\/span>\n                                        <\/strong><\/div>\n                                    <div class=\"tb-calendar-v2-departure__spots desktop-only\">\n                                        <span class=\"tb-skeleton__bone\"><span class=\"tb-skeleton__invisible-text\">\n                                                                                             <\/span><\/span>\n                                    <\/div>\n                                <\/div>\n                                <div class=\"tb-calendar-v2-departure__last-part\">\n                                    <div class=\"tb-calendar-v2-departure__price\"><span class=\"tb-skeleton__bone\"><span class=\"tb-skeleton__invisible-text\"><strong>\u20ac 1450<\/strong><\/span><\/span><\/div>\n                                    <div class=\"tb-calendar-v2-departure__availability mobile-only\" data-availability=\"free\">\n                                        <strong>\n                                            <span class=\"tb-skeleton__bone\"><span class=\"tb-skeleton__invisible-text\">Disponible<\/span><\/span>\n                                        <\/strong>\n                                    <\/div>\n                                    <div class=\"tb-calendar-v2-departure__expand-button tb-skeleton__disabled desktop-only\" disabled>\n                                        <span class=\"tb-skeleton__bone\"><span class=\"tb-skeleton__invisible-text\"><i class=\"fa-solid fa-chevron-down\"><\/i><\/span><\/span>\n                                    <\/div>\n                                <\/div>\n                            <\/div>\n                            <div class=\"tb-calendar-v2-departure__divider mobile-only tb-skeleton__bone\"><\/div>\n                            <div class=\"tb-calendar-v2-departure__expand-button mobile-only tb-skeleton__disabled\" disabled>\n                                <span class=\"tb-skeleton__bone\"><span class=\"tb-skeleton__invisible-text\"><span class=\"more-info\">Plus d&rsquo;infos<\/span> <span class=\"less-info\">Voir moins<\/span> <i class=\"fa-solid fa-chevron-down\"><\/i><\/span><\/span>\n                            <\/div>\n                        <\/li>\n                                            <li class=\"tb-calendar-v2__departure tb-calendar-v2-departure tb-skeleton__border\" data-availability=\"free\">\n                            <div class=\"tb-calendar-v2-departure__essential\">\n                                <div class=\"tb-calendar-v2-departure__first-part\">\n                                    <div class=\"tb-calendar-v2-departure__destination desktop-only\">\n                                        <span class=\"tb-skeleton__bone\"><span class=\"tb-skeleton__invisible-text\"><strong>Example trip<\/strong><\/span><\/span>\n                                    <\/div>\n                                    <div class=\"tb-calendar-v2-departure__dates\">\n                                        <div class=\"tb-calendar-v2-departure__startdate \">\n                                            <span class=\"tb-skeleton__bone\"><span class=\"tb-skeleton__invisible-text\">Monday<\/span><\/span>\n                                            <span class=\"tb-skeleton__bone\"><span class=\"tb-skeleton__invisible-text\"><strong>20 Jan 2025<\/strong><\/span><\/span>\n                                        <\/div>\n                                        <span class=\"tb-skeleton__bone\"><span class=\"tb-skeleton__invisible-text\"><i class=\"fa-solid fa-arrow-right\"><\/i><\/span><\/span>\n                                        <div class=\"tb-calendar-v2-departure__enddate\">\n                                            <span class=\"tb-skeleton__bone\"><span class=\"tb-skeleton__invisible-text\">Sunday<\/span><\/span>\n                                            <span class=\"tb-skeleton__bone\"><span class=\"tb-skeleton__invisible-text\"><strong>26 Jan 2025<\/strong><\/span><\/span>\n                                        <\/div>\n                                    <\/div>\n                                    <div class=\"tb-calendar-v2-departure__divider desktop-only tb-skeleton__bone\"><\/div>\n                                    <div class=\"tb-calendar-v2-departure__availability desktop-only\" data-availability=\"free\"><strong>\n                                            <span class=\"tb-skeleton__bone\"><span class=\"tb-skeleton__invisible-text\">Disponible<\/span><\/span>\n                                        <\/strong><\/div>\n                                    <div class=\"tb-calendar-v2-departure__spots desktop-only\">\n                                        <span class=\"tb-skeleton__bone\"><span class=\"tb-skeleton__invisible-text\">\n                                                                                             <\/span><\/span>\n                                    <\/div>\n                                <\/div>\n                                <div class=\"tb-calendar-v2-departure__last-part\">\n                                    <div class=\"tb-calendar-v2-departure__price\"><span class=\"tb-skeleton__bone\"><span class=\"tb-skeleton__invisible-text\"><strong>\u20ac 1450<\/strong><\/span><\/span><\/div>\n                                    <div class=\"tb-calendar-v2-departure__availability mobile-only\" data-availability=\"free\">\n                                        <strong>\n                                            <span class=\"tb-skeleton__bone\"><span class=\"tb-skeleton__invisible-text\">Disponible<\/span><\/span>\n                                        <\/strong>\n                                    <\/div>\n                                    <div class=\"tb-calendar-v2-departure__expand-button tb-skeleton__disabled desktop-only\" disabled>\n                                        <span class=\"tb-skeleton__bone\"><span class=\"tb-skeleton__invisible-text\"><i class=\"fa-solid fa-chevron-down\"><\/i><\/span><\/span>\n                                    <\/div>\n                                <\/div>\n                            <\/div>\n                            <div class=\"tb-calendar-v2-departure__divider mobile-only tb-skeleton__bone\"><\/div>\n                            <div class=\"tb-calendar-v2-departure__expand-button mobile-only tb-skeleton__disabled\" disabled>\n                                <span class=\"tb-skeleton__bone\"><span class=\"tb-skeleton__invisible-text\"><span class=\"more-info\">Plus d&rsquo;infos<\/span> <span class=\"less-info\">Voir moins<\/span> <i class=\"fa-solid fa-chevron-down\"><\/i><\/span><\/span>\n                            <\/div>\n                        <\/li>\n                                            <li class=\"tb-calendar-v2__departure tb-calendar-v2-departure tb-skeleton__border\" data-availability=\"free\">\n                            <div class=\"tb-calendar-v2-departure__essential\">\n                                <div class=\"tb-calendar-v2-departure__first-part\">\n                                    <div class=\"tb-calendar-v2-departure__destination desktop-only\">\n                                        <span class=\"tb-skeleton__bone\"><span class=\"tb-skeleton__invisible-text\"><strong>Example trip<\/strong><\/span><\/span>\n                                    <\/div>\n                                    <div class=\"tb-calendar-v2-departure__dates\">\n                                        <div class=\"tb-calendar-v2-departure__startdate \">\n                                            <span class=\"tb-skeleton__bone\"><span class=\"tb-skeleton__invisible-text\">Monday<\/span><\/span>\n                                            <span class=\"tb-skeleton__bone\"><span class=\"tb-skeleton__invisible-text\"><strong>20 Jan 2025<\/strong><\/span><\/span>\n                                        <\/div>\n                                        <span class=\"tb-skeleton__bone\"><span class=\"tb-skeleton__invisible-text\"><i class=\"fa-solid fa-arrow-right\"><\/i><\/span><\/span>\n                                        <div class=\"tb-calendar-v2-departure__enddate\">\n                                            <span class=\"tb-skeleton__bone\"><span class=\"tb-skeleton__invisible-text\">Sunday<\/span><\/span>\n                                            <span class=\"tb-skeleton__bone\"><span class=\"tb-skeleton__invisible-text\"><strong>26 Jan 2025<\/strong><\/span><\/span>\n                                        <\/div>\n                                    <\/div>\n                                    <div class=\"tb-calendar-v2-departure__divider desktop-only tb-skeleton__bone\"><\/div>\n                                    <div class=\"tb-calendar-v2-departure__availability desktop-only\" data-availability=\"free\"><strong>\n                                            <span class=\"tb-skeleton__bone\"><span class=\"tb-skeleton__invisible-text\">Disponible<\/span><\/span>\n                                        <\/strong><\/div>\n                                    <div class=\"tb-calendar-v2-departure__spots desktop-only\">\n                                        <span class=\"tb-skeleton__bone\"><span class=\"tb-skeleton__invisible-text\">\n                                                                                             <\/span><\/span>\n                                    <\/div>\n                                <\/div>\n                                <div class=\"tb-calendar-v2-departure__last-part\">\n                                    <div class=\"tb-calendar-v2-departure__price\"><span class=\"tb-skeleton__bone\"><span class=\"tb-skeleton__invisible-text\"><strong>\u20ac 1450<\/strong><\/span><\/span><\/div>\n                                    <div class=\"tb-calendar-v2-departure__availability mobile-only\" data-availability=\"free\">\n                                        <strong>\n                                            <span class=\"tb-skeleton__bone\"><span class=\"tb-skeleton__invisible-text\">Disponible<\/span><\/span>\n                                        <\/strong>\n                                    <\/div>\n                                    <div class=\"tb-calendar-v2-departure__expand-button tb-skeleton__disabled desktop-only\" disabled>\n                                        <span class=\"tb-skeleton__bone\"><span class=\"tb-skeleton__invisible-text\"><i class=\"fa-solid fa-chevron-down\"><\/i><\/span><\/span>\n                                    <\/div>\n                                <\/div>\n                            <\/div>\n                            <div class=\"tb-calendar-v2-departure__divider mobile-only tb-skeleton__bone\"><\/div>\n                            <div class=\"tb-calendar-v2-departure__expand-button mobile-only tb-skeleton__disabled\" disabled>\n                                <span class=\"tb-skeleton__bone\"><span class=\"tb-skeleton__invisible-text\"><span class=\"more-info\">Plus d&rsquo;infos<\/span> <span class=\"less-info\">Voir moins<\/span> <i class=\"fa-solid fa-chevron-down\"><\/i><\/span><\/span>\n                            <\/div>\n                        <\/li>\n                                    <\/ul>\n            <\/div>\n        <\/div>\n    <\/div>\n<\/div>            <div class=\"tb-calendar-v2 tb-sections\" data-calendar-data=\"{&quot;brands&quot;:[{&quot;type&quot;:&quot;brands&quot;,&quot;id&quot;:&quot;124&quot;,&quot;attributes&quot;:{&quot;name&quot;:&quot;Albania Nomads&quot;,&quot;translatableName&quot;:{&quot;en&quot;:&quot;&quot;,&quot;nl&quot;:&quot;Albania Nomads&quot;,&quot;fr&quot;:&quot;Albania Nomads&quot;,&quot;de&quot;:&quot;&quot;}}}],&quot;packages&quot;:[{&quot;type&quot;:&quot;packages&quot;,&quot;id&quot;:&quot;ALBN-AN25&quot;,&quot;attributes&quot;:{&quot;name&quot;:&quot;Albania Nomads - Albania Nomads&quot;,&quot;destinationName&quot;:&quot;Albania Nomads&quot;,&quot;destinationCountry&quot;:null,&quot;destinationTitle&quot;:{&quot;nl&quot;:&quot;Albania Nomads&quot;,&quot;en&quot;:&quot;Albania Nomads&quot;,&quot;fr&quot;:&quot;Albania Nomads&quot;,&quot;de&quot;:&quot;Albania Nomads&quot;},&quot;status&quot;:&quot;active&quot;,&quot;updatedAt&quot;:&quot;2026-04-28T19:49:20.000000Z&quot;},&quot;relationships&quot;:{&quot;brand&quot;:{&quot;data&quot;:{&quot;type&quot;:&quot;brands&quot;,&quot;id&quot;:&quot;124&quot;}}}}],&quot;departures&quot;:[{&quot;type&quot;:&quot;departures&quot;,&quot;id&quot;:&quot;t11419&quot;,&quot;attributes&quot;:{&quot;name&quot;:&quot;ALBN26-W23-WED&quot;,&quot;start&quot;:&quot;2026-06-03T10:00:00.000000Z&quot;,&quot;end&quot;:&quot;2026-06-10T12:00:00.000000Z&quot;,&quot;cheapestPrice&quot;:695,&quot;languages&quot;:[],&quot;availableSpots&quot;:0,&quot;bookedSpots&quot;:0,&quot;fakeLabel&quot;:&quot;sold out&quot;,&quot;availabilityLabel&quot;:&quot;sold out&quot;,&quot;promoLabel&quot;:&quot;&quot;,&quot;calendarToggles&quot;:[{&quot;value&quot;:&quot;flights Amsterdam&quot;,&quot;label&quot;:{&quot;en&quot;:&quot;Flights from Amsterdam&quot;,&quot;nl&quot;:&quot;Vliegen vanuit Amsterdam&quot;,&quot;fr&quot;:&quot;Vols d&#039;Amsterdam&quot;,&quot;de&quot;:&quot;Ich fliege von Amsterdam aus&quot;},&quot;price&quot;:647,&quot;status&quot;:&quot;available&quot;,&quot;language_hidden&quot;:[],&quot;startIncrement&quot;:0,&quot;endIncrement&quot;:0,&quot;var_name&quot;:&quot;flights2&quot;,&quot;category_label&quot;:{&quot;en&quot;:&quot;Flights&quot;,&quot;nl&quot;:&quot;Vluchten&quot;,&quot;fr&quot;:&quot;Vols&quot;,&quot;de&quot;:&quot;Deine Fl\\u00fcge&quot;}},{&quot;value&quot;:&quot;flights Paris&quot;,&quot;label&quot;:{&quot;en&quot;:&quot;Flights from Paris&quot;,&quot;nl&quot;:&quot;Vliegen vanuit Parijs&quot;,&quot;fr&quot;:&quot;Vols de Paris&quot;,&quot;de&quot;:&quot;Ich fliege von Paris aus&quot;},&quot;price&quot;:627,&quot;status&quot;:&quot;available&quot;,&quot;language_hidden&quot;:[],&quot;startIncrement&quot;:0,&quot;endIncrement&quot;:0,&quot;var_name&quot;:&quot;flights2&quot;,&quot;category_label&quot;:{&quot;en&quot;:&quot;Flights&quot;,&quot;nl&quot;:&quot;Vluchten&quot;,&quot;fr&quot;:&quot;Vols&quot;,&quot;de&quot;:&quot;Deine Fl\\u00fcge&quot;}},{&quot;value&quot;:&quot;flights Brussels&quot;,&quot;label&quot;:{&quot;en&quot;:&quot;Flights from Brussels&quot;,&quot;nl&quot;:&quot;Vliegen vanuit Brussel&quot;,&quot;fr&quot;:&quot;Vols de Bruxelles&quot;,&quot;de&quot;:&quot;Ich fliege von Br\\u00fcssel aus&quot;},&quot;price&quot;:788,&quot;status&quot;:&quot;available&quot;,&quot;language_hidden&quot;:[],&quot;startIncrement&quot;:0,&quot;endIncrement&quot;:0,&quot;var_name&quot;:&quot;flights2&quot;,&quot;category_label&quot;:{&quot;en&quot;:&quot;Flights&quot;,&quot;nl&quot;:&quot;Vluchten&quot;,&quot;fr&quot;:&quot;Vols&quot;,&quot;de&quot;:&quot;Deine Fl\\u00fcge&quot;}},{&quot;value&quot;:&quot;no flights&quot;,&quot;label&quot;:{&quot;en&quot;:&quot;No flights&quot;,&quot;nl&quot;:&quot;Geen vluchten&quot;,&quot;fr&quot;:&quot;Pas de vol&quot;,&quot;de&quot;:&quot;Ich buche meine eigenen Fl\\u00fcge nach Reykjavik&quot;},&quot;price&quot;:0,&quot;status&quot;:&quot;available&quot;,&quot;language_hidden&quot;:[],&quot;startIncrement&quot;:0,&quot;endIncrement&quot;:0,&quot;var_name&quot;:&quot;flights2&quot;,&quot;category_label&quot;:{&quot;en&quot;:&quot;Flights&quot;,&quot;nl&quot;:&quot;Vluchten&quot;,&quot;fr&quot;:&quot;Vols&quot;,&quot;de&quot;:&quot;Deine Fl\\u00fcge&quot;}}],&quot;bookable&quot;:false,&quot;bookingUrl&quot;:&quot;https:\\\/\\\/booking.travelbase.eu\\\/albn26\\\/book?trip=11419&quot;,&quot;packageId&quot;:&quot;ALBN-AN25&quot;}},{&quot;type&quot;:&quot;departures&quot;,&quot;id&quot;:&quot;t11422&quot;,&quot;attributes&quot;:{&quot;name&quot;:&quot;ALBN26-W23-SAT&quot;,&quot;start&quot;:&quot;2026-06-06T10:00:00.000000Z&quot;,&quot;end&quot;:&quot;2026-06-13T12:00:00.000000Z&quot;,&quot;cheapestPrice&quot;:695,&quot;languages&quot;:[],&quot;availableSpots&quot;:0,&quot;bookedSpots&quot;:0,&quot;fakeLabel&quot;:&quot;sold out&quot;,&quot;availabilityLabel&quot;:&quot;sold out&quot;,&quot;promoLabel&quot;:&quot;&quot;,&quot;calendarToggles&quot;:[{&quot;value&quot;:&quot;flights Amsterdam&quot;,&quot;label&quot;:{&quot;en&quot;:&quot;Flights from Amsterdam&quot;,&quot;nl&quot;:&quot;Vliegen vanuit Amsterdam&quot;,&quot;fr&quot;:&quot;Vols d&#039;Amsterdam&quot;,&quot;de&quot;:&quot;Ich fliege von Amsterdam aus&quot;},&quot;price&quot;:721,&quot;status&quot;:&quot;available&quot;,&quot;language_hidden&quot;:[],&quot;startIncrement&quot;:0,&quot;endIncrement&quot;:0,&quot;var_name&quot;:&quot;flights2&quot;,&quot;category_label&quot;:{&quot;en&quot;:&quot;Flights&quot;,&quot;nl&quot;:&quot;Vluchten&quot;,&quot;fr&quot;:&quot;Vols&quot;,&quot;de&quot;:&quot;Deine Fl\\u00fcge&quot;}},{&quot;value&quot;:&quot;flights Paris&quot;,&quot;label&quot;:{&quot;en&quot;:&quot;Flights from Paris&quot;,&quot;nl&quot;:&quot;Vliegen vanuit Parijs&quot;,&quot;fr&quot;:&quot;Vols de Paris&quot;,&quot;de&quot;:&quot;Ich fliege von Paris aus&quot;},&quot;price&quot;:786,&quot;status&quot;:&quot;available&quot;,&quot;language_hidden&quot;:[],&quot;startIncrement&quot;:0,&quot;endIncrement&quot;:0,&quot;var_name&quot;:&quot;flights2&quot;,&quot;category_label&quot;:{&quot;en&quot;:&quot;Flights&quot;,&quot;nl&quot;:&quot;Vluchten&quot;,&quot;fr&quot;:&quot;Vols&quot;,&quot;de&quot;:&quot;Deine Fl\\u00fcge&quot;}},{&quot;value&quot;:&quot;flights Brussels&quot;,&quot;label&quot;:{&quot;en&quot;:&quot;Flights from Brussels&quot;,&quot;nl&quot;:&quot;Vliegen vanuit Brussel&quot;,&quot;fr&quot;:&quot;Vols de Bruxelles&quot;,&quot;de&quot;:&quot;Ich fliege von Br\\u00fcssel aus&quot;},&quot;price&quot;:809,&quot;status&quot;:&quot;available&quot;,&quot;language_hidden&quot;:[],&quot;startIncrement&quot;:0,&quot;endIncrement&quot;:0,&quot;var_name&quot;:&quot;flights2&quot;,&quot;category_label&quot;:{&quot;en&quot;:&quot;Flights&quot;,&quot;nl&quot;:&quot;Vluchten&quot;,&quot;fr&quot;:&quot;Vols&quot;,&quot;de&quot;:&quot;Deine Fl\\u00fcge&quot;}},{&quot;value&quot;:&quot;no flights&quot;,&quot;label&quot;:{&quot;en&quot;:&quot;No flights&quot;,&quot;nl&quot;:&quot;Geen vluchten&quot;,&quot;fr&quot;:&quot;Pas de vol&quot;,&quot;de&quot;:&quot;Ich buche meine eigenen Fl\\u00fcge nach Reykjavik&quot;},&quot;price&quot;:0,&quot;status&quot;:&quot;available&quot;,&quot;language_hidden&quot;:[],&quot;startIncrement&quot;:0,&quot;endIncrement&quot;:0,&quot;var_name&quot;:&quot;flights2&quot;,&quot;category_label&quot;:{&quot;en&quot;:&quot;Flights&quot;,&quot;nl&quot;:&quot;Vluchten&quot;,&quot;fr&quot;:&quot;Vols&quot;,&quot;de&quot;:&quot;Deine Fl\\u00fcge&quot;}}],&quot;bookable&quot;:false,&quot;bookingUrl&quot;:&quot;https:\\\/\\\/booking.travelbase.eu\\\/albn26\\\/book?trip=11422&quot;,&quot;packageId&quot;:&quot;ALBN-AN25&quot;}},{&quot;type&quot;:&quot;departures&quot;,&quot;id&quot;:&quot;t11420&quot;,&quot;attributes&quot;:{&quot;name&quot;:&quot;ALBN26-W24-WED&quot;,&quot;start&quot;:&quot;2026-06-10T10:00:00.000000Z&quot;,&quot;end&quot;:&quot;2026-06-17T12:00:00.000000Z&quot;,&quot;cheapestPrice&quot;:695,&quot;languages&quot;:[],&quot;availableSpots&quot;:0,&quot;bookedSpots&quot;:8,&quot;fakeLabel&quot;:&quot;sold out&quot;,&quot;availabilityLabel&quot;:&quot;sold out&quot;,&quot;promoLabel&quot;:&quot;&quot;,&quot;calendarToggles&quot;:[{&quot;value&quot;:&quot;flights Amsterdam&quot;,&quot;label&quot;:{&quot;en&quot;:&quot;Flights from Amsterdam&quot;,&quot;nl&quot;:&quot;Vliegen vanuit Amsterdam&quot;,&quot;fr&quot;:&quot;Vols d&#039;Amsterdam&quot;,&quot;de&quot;:&quot;Ich fliege von Amsterdam aus&quot;},&quot;price&quot;:599,&quot;status&quot;:&quot;available&quot;,&quot;language_hidden&quot;:[],&quot;startIncrement&quot;:0,&quot;endIncrement&quot;:0,&quot;var_name&quot;:&quot;flights2&quot;,&quot;category_label&quot;:{&quot;en&quot;:&quot;Flights&quot;,&quot;nl&quot;:&quot;Vluchten&quot;,&quot;fr&quot;:&quot;Vols&quot;,&quot;de&quot;:&quot;Deine Fl\\u00fcge&quot;}},{&quot;value&quot;:&quot;flights Paris&quot;,&quot;label&quot;:{&quot;en&quot;:&quot;Flights from Paris&quot;,&quot;nl&quot;:&quot;Vliegen vanuit Parijs&quot;,&quot;fr&quot;:&quot;Vols de Paris&quot;,&quot;de&quot;:&quot;Ich fliege von Paris aus&quot;},&quot;price&quot;:586,&quot;status&quot;:&quot;available&quot;,&quot;language_hidden&quot;:[],&quot;startIncrement&quot;:0,&quot;endIncrement&quot;:0,&quot;var_name&quot;:&quot;flights2&quot;,&quot;category_label&quot;:{&quot;en&quot;:&quot;Flights&quot;,&quot;nl&quot;:&quot;Vluchten&quot;,&quot;fr&quot;:&quot;Vols&quot;,&quot;de&quot;:&quot;Deine Fl\\u00fcge&quot;}},{&quot;value&quot;:&quot;flights Brussels&quot;,&quot;label&quot;:{&quot;en&quot;:&quot;Flights from Brussels&quot;,&quot;nl&quot;:&quot;Vliegen vanuit Brussel&quot;,&quot;fr&quot;:&quot;Vols de Bruxelles&quot;,&quot;de&quot;:&quot;Ich fliege von Br\\u00fcssel aus&quot;},&quot;price&quot;:663,&quot;status&quot;:&quot;available&quot;,&quot;language_hidden&quot;:[],&quot;startIncrement&quot;:0,&quot;endIncrement&quot;:0,&quot;var_name&quot;:&quot;flights2&quot;,&quot;category_label&quot;:{&quot;en&quot;:&quot;Flights&quot;,&quot;nl&quot;:&quot;Vluchten&quot;,&quot;fr&quot;:&quot;Vols&quot;,&quot;de&quot;:&quot;Deine Fl\\u00fcge&quot;}},{&quot;value&quot;:&quot;no flights&quot;,&quot;label&quot;:{&quot;en&quot;:&quot;No flights&quot;,&quot;nl&quot;:&quot;Geen vluchten&quot;,&quot;fr&quot;:&quot;Pas de vol&quot;,&quot;de&quot;:&quot;Ich buche meine eigenen Fl\\u00fcge nach Reykjavik&quot;},&quot;price&quot;:0,&quot;status&quot;:&quot;available&quot;,&quot;language_hidden&quot;:[],&quot;startIncrement&quot;:0,&quot;endIncrement&quot;:0,&quot;var_name&quot;:&quot;flights2&quot;,&quot;category_label&quot;:{&quot;en&quot;:&quot;Flights&quot;,&quot;nl&quot;:&quot;Vluchten&quot;,&quot;fr&quot;:&quot;Vols&quot;,&quot;de&quot;:&quot;Deine Fl\\u00fcge&quot;}}],&quot;bookable&quot;:false,&quot;bookingUrl&quot;:&quot;https:\\\/\\\/booking.travelbase.eu\\\/albn26\\\/book?trip=11420&quot;,&quot;packageId&quot;:&quot;ALBN-AN25&quot;}},{&quot;type&quot;:&quot;departures&quot;,&quot;id&quot;:&quot;t11423&quot;,&quot;attributes&quot;:{&quot;name&quot;:&quot;ALBN26-W24-SAT&quot;,&quot;start&quot;:&quot;2026-06-13T10:00:00.000000Z&quot;,&quot;end&quot;:&quot;2026-06-20T12:00:00.000000Z&quot;,&quot;cheapestPrice&quot;:695,&quot;languages&quot;:[],&quot;availableSpots&quot;:9,&quot;bookedSpots&quot;:2,&quot;fakeLabel&quot;:&quot;&quot;,&quot;availabilityLabel&quot;:&quot;&quot;,&quot;promoLabel&quot;:&quot;&quot;,&quot;calendarToggles&quot;:[{&quot;value&quot;:&quot;flights Amsterdam&quot;,&quot;label&quot;:{&quot;en&quot;:&quot;Flights from Amsterdam&quot;,&quot;nl&quot;:&quot;Vliegen vanuit Amsterdam&quot;,&quot;fr&quot;:&quot;Vols d&#039;Amsterdam&quot;,&quot;de&quot;:&quot;Ich fliege von Amsterdam aus&quot;},&quot;price&quot;:682,&quot;status&quot;:&quot;available&quot;,&quot;language_hidden&quot;:[],&quot;startIncrement&quot;:0,&quot;endIncrement&quot;:0,&quot;var_name&quot;:&quot;flights2&quot;,&quot;category_label&quot;:{&quot;en&quot;:&quot;Flights&quot;,&quot;nl&quot;:&quot;Vluchten&quot;,&quot;fr&quot;:&quot;Vols&quot;,&quot;de&quot;:&quot;Deine Fl\\u00fcge&quot;}},{&quot;value&quot;:&quot;flights Paris&quot;,&quot;label&quot;:{&quot;en&quot;:&quot;Flights from Paris&quot;,&quot;nl&quot;:&quot;Vliegen vanuit Parijs&quot;,&quot;fr&quot;:&quot;Vols de Paris&quot;,&quot;de&quot;:&quot;Ich fliege von Paris aus&quot;},&quot;price&quot;:636,&quot;status&quot;:&quot;available&quot;,&quot;language_hidden&quot;:[],&quot;startIncrement&quot;:0,&quot;endIncrement&quot;:0,&quot;var_name&quot;:&quot;flights2&quot;,&quot;category_label&quot;:{&quot;en&quot;:&quot;Flights&quot;,&quot;nl&quot;:&quot;Vluchten&quot;,&quot;fr&quot;:&quot;Vols&quot;,&quot;de&quot;:&quot;Deine Fl\\u00fcge&quot;}},{&quot;value&quot;:&quot;flights Brussels&quot;,&quot;label&quot;:{&quot;en&quot;:&quot;Flights from Brussels&quot;,&quot;nl&quot;:&quot;Vliegen vanuit Brussel&quot;,&quot;fr&quot;:&quot;Vols de Bruxelles&quot;,&quot;de&quot;:&quot;Ich fliege von Br\\u00fcssel aus&quot;},&quot;price&quot;:760,&quot;status&quot;:&quot;available&quot;,&quot;language_hidden&quot;:[],&quot;startIncrement&quot;:0,&quot;endIncrement&quot;:0,&quot;var_name&quot;:&quot;flights2&quot;,&quot;category_label&quot;:{&quot;en&quot;:&quot;Flights&quot;,&quot;nl&quot;:&quot;Vluchten&quot;,&quot;fr&quot;:&quot;Vols&quot;,&quot;de&quot;:&quot;Deine Fl\\u00fcge&quot;}},{&quot;value&quot;:&quot;no flights&quot;,&quot;label&quot;:{&quot;en&quot;:&quot;No flights&quot;,&quot;nl&quot;:&quot;Geen vluchten&quot;,&quot;fr&quot;:&quot;Pas de vol&quot;,&quot;de&quot;:&quot;Ich buche meine eigenen Fl\\u00fcge nach Reykjavik&quot;},&quot;price&quot;:0,&quot;status&quot;:&quot;available&quot;,&quot;language_hidden&quot;:[],&quot;startIncrement&quot;:0,&quot;endIncrement&quot;:0,&quot;var_name&quot;:&quot;flights2&quot;,&quot;category_label&quot;:{&quot;en&quot;:&quot;Flights&quot;,&quot;nl&quot;:&quot;Vluchten&quot;,&quot;fr&quot;:&quot;Vols&quot;,&quot;de&quot;:&quot;Deine Fl\\u00fcge&quot;}}],&quot;bookable&quot;:true,&quot;bookingUrl&quot;:&quot;https:\\\/\\\/booking.travelbase.eu\\\/albn26\\\/book?trip=11423&quot;,&quot;packageId&quot;:&quot;ALBN-AN25&quot;}},{&quot;type&quot;:&quot;departures&quot;,&quot;id&quot;:&quot;t11421&quot;,&quot;attributes&quot;:{&quot;name&quot;:&quot;ALBN26-W25-WED&quot;,&quot;start&quot;:&quot;2026-06-17T10:00:00.000000Z&quot;,&quot;end&quot;:&quot;2026-06-24T12:00:00.000000Z&quot;,&quot;cheapestPrice&quot;:695,&quot;languages&quot;:[],&quot;availableSpots&quot;:0,&quot;bookedSpots&quot;:8,&quot;fakeLabel&quot;:&quot;sold out&quot;,&quot;availabilityLabel&quot;:&quot;sold out&quot;,&quot;promoLabel&quot;:&quot;&quot;,&quot;calendarToggles&quot;:[{&quot;value&quot;:&quot;flights Amsterdam&quot;,&quot;label&quot;:{&quot;en&quot;:&quot;Flights from Amsterdam&quot;,&quot;nl&quot;:&quot;Vliegen vanuit Amsterdam&quot;,&quot;fr&quot;:&quot;Vols d&#039;Amsterdam&quot;,&quot;de&quot;:&quot;Ich fliege von Amsterdam aus&quot;},&quot;price&quot;:520,&quot;status&quot;:&quot;available&quot;,&quot;language_hidden&quot;:[],&quot;startIncrement&quot;:0,&quot;endIncrement&quot;:0,&quot;var_name&quot;:&quot;flights2&quot;,&quot;category_label&quot;:{&quot;en&quot;:&quot;Flights&quot;,&quot;nl&quot;:&quot;Vluchten&quot;,&quot;fr&quot;:&quot;Vols&quot;,&quot;de&quot;:&quot;Deine Fl\\u00fcge&quot;}},{&quot;value&quot;:&quot;flights Paris&quot;,&quot;label&quot;:{&quot;en&quot;:&quot;Flights from Paris&quot;,&quot;nl&quot;:&quot;Vliegen vanuit Parijs&quot;,&quot;fr&quot;:&quot;Vols de Paris&quot;,&quot;de&quot;:&quot;Ich fliege von Paris aus&quot;},&quot;price&quot;:511,&quot;status&quot;:&quot;available&quot;,&quot;language_hidden&quot;:[],&quot;startIncrement&quot;:0,&quot;endIncrement&quot;:0,&quot;var_name&quot;:&quot;flights2&quot;,&quot;category_label&quot;:{&quot;en&quot;:&quot;Flights&quot;,&quot;nl&quot;:&quot;Vluchten&quot;,&quot;fr&quot;:&quot;Vols&quot;,&quot;de&quot;:&quot;Deine Fl\\u00fcge&quot;}},{&quot;value&quot;:&quot;flights Brussels&quot;,&quot;label&quot;:{&quot;en&quot;:&quot;Flights from Brussels&quot;,&quot;nl&quot;:&quot;Vliegen vanuit Brussel&quot;,&quot;fr&quot;:&quot;Vols de Bruxelles&quot;,&quot;de&quot;:&quot;Ich fliege von Br\\u00fcssel aus&quot;},&quot;price&quot;:528,&quot;status&quot;:&quot;available&quot;,&quot;language_hidden&quot;:[],&quot;startIncrement&quot;:0,&quot;endIncrement&quot;:0,&quot;var_name&quot;:&quot;flights2&quot;,&quot;category_label&quot;:{&quot;en&quot;:&quot;Flights&quot;,&quot;nl&quot;:&quot;Vluchten&quot;,&quot;fr&quot;:&quot;Vols&quot;,&quot;de&quot;:&quot;Deine Fl\\u00fcge&quot;}},{&quot;value&quot;:&quot;no flights&quot;,&quot;label&quot;:{&quot;en&quot;:&quot;No flights&quot;,&quot;nl&quot;:&quot;Geen vluchten&quot;,&quot;fr&quot;:&quot;Pas de vol&quot;,&quot;de&quot;:&quot;Ich buche meine eigenen Fl\\u00fcge nach Reykjavik&quot;},&quot;price&quot;:0,&quot;status&quot;:&quot;available&quot;,&quot;language_hidden&quot;:[],&quot;startIncrement&quot;:0,&quot;endIncrement&quot;:0,&quot;var_name&quot;:&quot;flights2&quot;,&quot;category_label&quot;:{&quot;en&quot;:&quot;Flights&quot;,&quot;nl&quot;:&quot;Vluchten&quot;,&quot;fr&quot;:&quot;Vols&quot;,&quot;de&quot;:&quot;Deine Fl\\u00fcge&quot;}}],&quot;bookable&quot;:false,&quot;bookingUrl&quot;:&quot;https:\\\/\\\/booking.travelbase.eu\\\/albn26\\\/book?trip=11421&quot;,&quot;packageId&quot;:&quot;ALBN-AN25&quot;}},{&quot;type&quot;:&quot;departures&quot;,&quot;id&quot;:&quot;t11424&quot;,&quot;attributes&quot;:{&quot;name&quot;:&quot;ALBN26-W25-SAT&quot;,&quot;start&quot;:&quot;2026-06-20T10:00:00.000000Z&quot;,&quot;end&quot;:&quot;2026-06-27T12:00:00.000000Z&quot;,&quot;cheapestPrice&quot;:695,&quot;languages&quot;:[],&quot;availableSpots&quot;:11,&quot;bookedSpots&quot;:0,&quot;fakeLabel&quot;:&quot;&quot;,&quot;availabilityLabel&quot;:&quot;&quot;,&quot;promoLabel&quot;:&quot;&quot;,&quot;calendarToggles&quot;:[{&quot;value&quot;:&quot;flights Amsterdam&quot;,&quot;label&quot;:{&quot;en&quot;:&quot;Flights from Amsterdam&quot;,&quot;nl&quot;:&quot;Vliegen vanuit Amsterdam&quot;,&quot;fr&quot;:&quot;Vols d&#039;Amsterdam&quot;,&quot;de&quot;:&quot;Ich fliege von Amsterdam aus&quot;},&quot;price&quot;:570,&quot;status&quot;:&quot;available&quot;,&quot;language_hidden&quot;:[],&quot;startIncrement&quot;:0,&quot;endIncrement&quot;:0,&quot;var_name&quot;:&quot;flights2&quot;,&quot;category_label&quot;:{&quot;en&quot;:&quot;Flights&quot;,&quot;nl&quot;:&quot;Vluchten&quot;,&quot;fr&quot;:&quot;Vols&quot;,&quot;de&quot;:&quot;Deine Fl\\u00fcge&quot;}},{&quot;value&quot;:&quot;flights Paris&quot;,&quot;label&quot;:{&quot;en&quot;:&quot;Flights from Paris&quot;,&quot;nl&quot;:&quot;Vliegen vanuit Parijs&quot;,&quot;fr&quot;:&quot;Vols de Paris&quot;,&quot;de&quot;:&quot;Ich fliege von Paris aus&quot;},&quot;price&quot;:472,&quot;status&quot;:&quot;available&quot;,&quot;language_hidden&quot;:[],&quot;startIncrement&quot;:0,&quot;endIncrement&quot;:0,&quot;var_name&quot;:&quot;flights2&quot;,&quot;category_label&quot;:{&quot;en&quot;:&quot;Flights&quot;,&quot;nl&quot;:&quot;Vluchten&quot;,&quot;fr&quot;:&quot;Vols&quot;,&quot;de&quot;:&quot;Deine Fl\\u00fcge&quot;}},{&quot;value&quot;:&quot;flights Brussels&quot;,&quot;label&quot;:{&quot;en&quot;:&quot;Flights from Brussels&quot;,&quot;nl&quot;:&quot;Vliegen vanuit Brussel&quot;,&quot;fr&quot;:&quot;Vols de Bruxelles&quot;,&quot;de&quot;:&quot;Ich fliege von Br\\u00fcssel aus&quot;},&quot;price&quot;:488,&quot;status&quot;:&quot;available&quot;,&quot;language_hidden&quot;:[],&quot;startIncrement&quot;:0,&quot;endIncrement&quot;:0,&quot;var_name&quot;:&quot;flights2&quot;,&quot;category_label&quot;:{&quot;en&quot;:&quot;Flights&quot;,&quot;nl&quot;:&quot;Vluchten&quot;,&quot;fr&quot;:&quot;Vols&quot;,&quot;de&quot;:&quot;Deine Fl\\u00fcge&quot;}},{&quot;value&quot;:&quot;no flights&quot;,&quot;label&quot;:{&quot;en&quot;:&quot;No flights&quot;,&quot;nl&quot;:&quot;Geen vluchten&quot;,&quot;fr&quot;:&quot;Pas de vol&quot;,&quot;de&quot;:&quot;Ich buche meine eigenen Fl\\u00fcge nach Reykjavik&quot;},&quot;price&quot;:0,&quot;status&quot;:&quot;available&quot;,&quot;language_hidden&quot;:[],&quot;startIncrement&quot;:0,&quot;endIncrement&quot;:0,&quot;var_name&quot;:&quot;flights2&quot;,&quot;category_label&quot;:{&quot;en&quot;:&quot;Flights&quot;,&quot;nl&quot;:&quot;Vluchten&quot;,&quot;fr&quot;:&quot;Vols&quot;,&quot;de&quot;:&quot;Deine Fl\\u00fcge&quot;}}],&quot;bookable&quot;:true,&quot;bookingUrl&quot;:&quot;https:\\\/\\\/booking.travelbase.eu\\\/albn26\\\/book?trip=11424&quot;,&quot;packageId&quot;:&quot;ALBN-AN25&quot;}},{&quot;type&quot;:&quot;departures&quot;,&quot;id&quot;:&quot;t10355&quot;,&quot;attributes&quot;:{&quot;name&quot;:&quot;ALBN26-W26-WED&quot;,&quot;start&quot;:&quot;2026-06-24T10:00:00.000000Z&quot;,&quot;end&quot;:&quot;2026-07-01T12:00:00.000000Z&quot;,&quot;cheapestPrice&quot;:710,&quot;languages&quot;:[],&quot;availableSpots&quot;:0,&quot;bookedSpots&quot;:10,&quot;fakeLabel&quot;:&quot;sold out&quot;,&quot;availabilityLabel&quot;:&quot;sold out&quot;,&quot;promoLabel&quot;:null,&quot;calendarToggles&quot;:[{&quot;value&quot;:&quot;flights Amsterdam&quot;,&quot;label&quot;:{&quot;en&quot;:&quot;Flights from Amsterdam&quot;,&quot;nl&quot;:&quot;Vliegen vanuit Amsterdam&quot;,&quot;fr&quot;:&quot;Vols d&#039;Amsterdam&quot;,&quot;de&quot;:&quot;Ich fliege von Amsterdam aus&quot;},&quot;price&quot;:597,&quot;status&quot;:&quot;available&quot;,&quot;language_hidden&quot;:[],&quot;startIncrement&quot;:0,&quot;endIncrement&quot;:0,&quot;var_name&quot;:&quot;flights2&quot;,&quot;category_label&quot;:{&quot;en&quot;:&quot;Flights&quot;,&quot;nl&quot;:&quot;Vluchten&quot;,&quot;fr&quot;:&quot;Vols&quot;,&quot;de&quot;:&quot;Deine Fl\\u00fcge&quot;}},{&quot;value&quot;:&quot;flights Paris&quot;,&quot;label&quot;:{&quot;en&quot;:&quot;Flights from Paris&quot;,&quot;nl&quot;:&quot;Vliegen vanuit Parijs&quot;,&quot;fr&quot;:&quot;Vols de Paris&quot;,&quot;de&quot;:&quot;Ich fliege von Paris aus&quot;},&quot;price&quot;:524,&quot;status&quot;:&quot;available&quot;,&quot;language_hidden&quot;:[],&quot;startIncrement&quot;:0,&quot;endIncrement&quot;:0,&quot;var_name&quot;:&quot;flights2&quot;,&quot;category_label&quot;:{&quot;en&quot;:&quot;Flights&quot;,&quot;nl&quot;:&quot;Vluchten&quot;,&quot;fr&quot;:&quot;Vols&quot;,&quot;de&quot;:&quot;Deine Fl\\u00fcge&quot;}},{&quot;value&quot;:&quot;flights Brussels&quot;,&quot;label&quot;:{&quot;en&quot;:&quot;Flights from Brussels&quot;,&quot;nl&quot;:&quot;Vliegen vanuit Brussel&quot;,&quot;fr&quot;:&quot;Vols de Bruxelles&quot;,&quot;de&quot;:&quot;Ich fliege von Br\\u00fcssel aus&quot;},&quot;price&quot;:573,&quot;status&quot;:&quot;available&quot;,&quot;language_hidden&quot;:[],&quot;startIncrement&quot;:0,&quot;endIncrement&quot;:0,&quot;var_name&quot;:&quot;flights2&quot;,&quot;category_label&quot;:{&quot;en&quot;:&quot;Flights&quot;,&quot;nl&quot;:&quot;Vluchten&quot;,&quot;fr&quot;:&quot;Vols&quot;,&quot;de&quot;:&quot;Deine Fl\\u00fcge&quot;}},{&quot;value&quot;:&quot;no flights&quot;,&quot;label&quot;:{&quot;en&quot;:&quot;No flights&quot;,&quot;nl&quot;:&quot;Geen vluchten&quot;,&quot;fr&quot;:&quot;Pas de vol&quot;,&quot;de&quot;:&quot;Ich buche meine eigenen Fl\\u00fcge nach Reykjavik&quot;},&quot;price&quot;:0,&quot;status&quot;:&quot;available&quot;,&quot;language_hidden&quot;:[],&quot;startIncrement&quot;:0,&quot;endIncrement&quot;:0,&quot;var_name&quot;:&quot;flights2&quot;,&quot;category_label&quot;:{&quot;en&quot;:&quot;Flights&quot;,&quot;nl&quot;:&quot;Vluchten&quot;,&quot;fr&quot;:&quot;Vols&quot;,&quot;de&quot;:&quot;Deine Fl\\u00fcge&quot;}}],&quot;bookable&quot;:false,&quot;bookingUrl&quot;:&quot;https:\\\/\\\/booking.travelbase.eu\\\/albn26\\\/book?trip=10355&quot;,&quot;packageId&quot;:&quot;ALBN-AN25&quot;}},{&quot;type&quot;:&quot;departures&quot;,&quot;id&quot;:&quot;t10366&quot;,&quot;attributes&quot;:{&quot;name&quot;:&quot;ALBN26-W26-SAT&quot;,&quot;start&quot;:&quot;2026-06-27T10:00:00.000000Z&quot;,&quot;end&quot;:&quot;2026-07-04T12:00:00.000000Z&quot;,&quot;cheapestPrice&quot;:710,&quot;languages&quot;:[],&quot;availableSpots&quot;:0,&quot;bookedSpots&quot;:10,&quot;fakeLabel&quot;:&quot;sold out&quot;,&quot;availabilityLabel&quot;:&quot;sold out&quot;,&quot;promoLabel&quot;:null,&quot;calendarToggles&quot;:[{&quot;value&quot;:&quot;flights Amsterdam&quot;,&quot;label&quot;:{&quot;en&quot;:&quot;Flights from Amsterdam&quot;,&quot;nl&quot;:&quot;Vliegen vanuit Amsterdam&quot;,&quot;fr&quot;:&quot;Vols d&#039;Amsterdam&quot;,&quot;de&quot;:&quot;Ich fliege von Amsterdam aus&quot;},&quot;price&quot;:784,&quot;status&quot;:&quot;available&quot;,&quot;language_hidden&quot;:[],&quot;startIncrement&quot;:0,&quot;endIncrement&quot;:0,&quot;var_name&quot;:&quot;flights2&quot;,&quot;category_label&quot;:{&quot;en&quot;:&quot;Flights&quot;,&quot;nl&quot;:&quot;Vluchten&quot;,&quot;fr&quot;:&quot;Vols&quot;,&quot;de&quot;:&quot;Deine Fl\\u00fcge&quot;}},{&quot;value&quot;:&quot;flights Paris&quot;,&quot;label&quot;:{&quot;en&quot;:&quot;Flights from Paris&quot;,&quot;nl&quot;:&quot;Vliegen vanuit Parijs&quot;,&quot;fr&quot;:&quot;Vols de Paris&quot;,&quot;de&quot;:&quot;Ich fliege von Paris aus&quot;},&quot;price&quot;:789,&quot;status&quot;:&quot;available&quot;,&quot;language_hidden&quot;:[],&quot;startIncrement&quot;:0,&quot;endIncrement&quot;:0,&quot;var_name&quot;:&quot;flights2&quot;,&quot;category_label&quot;:{&quot;en&quot;:&quot;Flights&quot;,&quot;nl&quot;:&quot;Vluchten&quot;,&quot;fr&quot;:&quot;Vols&quot;,&quot;de&quot;:&quot;Deine Fl\\u00fcge&quot;}},{&quot;value&quot;:&quot;flights Brussels&quot;,&quot;label&quot;:{&quot;en&quot;:&quot;Flights from Brussels&quot;,&quot;nl&quot;:&quot;Vliegen vanuit Brussel&quot;,&quot;fr&quot;:&quot;Vols de Bruxelles&quot;,&quot;de&quot;:&quot;Ich fliege von Br\\u00fcssel aus&quot;},&quot;price&quot;:875,&quot;status&quot;:&quot;available&quot;,&quot;language_hidden&quot;:[],&quot;startIncrement&quot;:0,&quot;endIncrement&quot;:0,&quot;var_name&quot;:&quot;flights2&quot;,&quot;category_label&quot;:{&quot;en&quot;:&quot;Flights&quot;,&quot;nl&quot;:&quot;Vluchten&quot;,&quot;fr&quot;:&quot;Vols&quot;,&quot;de&quot;:&quot;Deine Fl\\u00fcge&quot;}},{&quot;value&quot;:&quot;no flights&quot;,&quot;label&quot;:{&quot;en&quot;:&quot;No flights&quot;,&quot;nl&quot;:&quot;Geen vluchten&quot;,&quot;fr&quot;:&quot;Pas de vol&quot;,&quot;de&quot;:&quot;Ich buche meine eigenen Fl\\u00fcge nach Reykjavik&quot;},&quot;price&quot;:0,&quot;status&quot;:&quot;available&quot;,&quot;language_hidden&quot;:[],&quot;startIncrement&quot;:0,&quot;endIncrement&quot;:0,&quot;var_name&quot;:&quot;flights2&quot;,&quot;category_label&quot;:{&quot;en&quot;:&quot;Flights&quot;,&quot;nl&quot;:&quot;Vluchten&quot;,&quot;fr&quot;:&quot;Vols&quot;,&quot;de&quot;:&quot;Deine Fl\\u00fcge&quot;}}],&quot;bookable&quot;:false,&quot;bookingUrl&quot;:&quot;https:\\\/\\\/booking.travelbase.eu\\\/albn26\\\/book?trip=10366&quot;,&quot;packageId&quot;:&quot;ALBN-AN25&quot;}},{&quot;type&quot;:&quot;departures&quot;,&quot;id&quot;:&quot;t10356&quot;,&quot;attributes&quot;:{&quot;name&quot;:&quot;ALBN26-W27-WED&quot;,&quot;start&quot;:&quot;2026-07-01T10:00:00.000000Z&quot;,&quot;end&quot;:&quot;2026-07-08T12:00:00.000000Z&quot;,&quot;cheapestPrice&quot;:710,&quot;languages&quot;:[],&quot;availableSpots&quot;:0,&quot;bookedSpots&quot;:10,&quot;fakeLabel&quot;:&quot;sold out&quot;,&quot;availabilityLabel&quot;:&quot;sold out&quot;,&quot;promoLabel&quot;:null,&quot;calendarToggles&quot;:[{&quot;value&quot;:&quot;flights Amsterdam&quot;,&quot;label&quot;:{&quot;en&quot;:&quot;Flights from Amsterdam&quot;,&quot;nl&quot;:&quot;Vliegen vanuit Amsterdam&quot;,&quot;fr&quot;:&quot;Vols d&#039;Amsterdam&quot;,&quot;de&quot;:&quot;Ich fliege von Amsterdam aus&quot;},&quot;price&quot;:755,&quot;status&quot;:&quot;available&quot;,&quot;language_hidden&quot;:[],&quot;startIncrement&quot;:0,&quot;endIncrement&quot;:0,&quot;var_name&quot;:&quot;flights2&quot;,&quot;category_label&quot;:{&quot;en&quot;:&quot;Flights&quot;,&quot;nl&quot;:&quot;Vluchten&quot;,&quot;fr&quot;:&quot;Vols&quot;,&quot;de&quot;:&quot;Deine Fl\\u00fcge&quot;}},{&quot;value&quot;:&quot;flights Paris&quot;,&quot;label&quot;:{&quot;en&quot;:&quot;Flights from Paris&quot;,&quot;nl&quot;:&quot;Vliegen vanuit Parijs&quot;,&quot;fr&quot;:&quot;Vols de Paris&quot;,&quot;de&quot;:&quot;Ich fliege von Paris aus&quot;},&quot;price&quot;:731,&quot;status&quot;:&quot;available&quot;,&quot;language_hidden&quot;:[],&quot;startIncrement&quot;:0,&quot;endIncrement&quot;:0,&quot;var_name&quot;:&quot;flights2&quot;,&quot;category_label&quot;:{&quot;en&quot;:&quot;Flights&quot;,&quot;nl&quot;:&quot;Vluchten&quot;,&quot;fr&quot;:&quot;Vols&quot;,&quot;de&quot;:&quot;Deine Fl\\u00fcge&quot;}},{&quot;value&quot;:&quot;flights Brussels&quot;,&quot;label&quot;:{&quot;en&quot;:&quot;Flights from Brussels&quot;,&quot;nl&quot;:&quot;Vliegen vanuit Brussel&quot;,&quot;fr&quot;:&quot;Vols de Bruxelles&quot;,&quot;de&quot;:&quot;Ich fliege von Br\\u00fcssel aus&quot;},&quot;price&quot;:841,&quot;status&quot;:&quot;available&quot;,&quot;language_hidden&quot;:[],&quot;startIncrement&quot;:0,&quot;endIncrement&quot;:0,&quot;var_name&quot;:&quot;flights2&quot;,&quot;category_label&quot;:{&quot;en&quot;:&quot;Flights&quot;,&quot;nl&quot;:&quot;Vluchten&quot;,&quot;fr&quot;:&quot;Vols&quot;,&quot;de&quot;:&quot;Deine Fl\\u00fcge&quot;}},{&quot;value&quot;:&quot;no flights&quot;,&quot;label&quot;:{&quot;en&quot;:&quot;No flights&quot;,&quot;nl&quot;:&quot;Geen vluchten&quot;,&quot;fr&quot;:&quot;Pas de vol&quot;,&quot;de&quot;:&quot;Ich buche meine eigenen Fl\\u00fcge nach Reykjavik&quot;},&quot;price&quot;:0,&quot;status&quot;:&quot;available&quot;,&quot;language_hidden&quot;:[],&quot;startIncrement&quot;:0,&quot;endIncrement&quot;:0,&quot;var_name&quot;:&quot;flights2&quot;,&quot;category_label&quot;:{&quot;en&quot;:&quot;Flights&quot;,&quot;nl&quot;:&quot;Vluchten&quot;,&quot;fr&quot;:&quot;Vols&quot;,&quot;de&quot;:&quot;Deine Fl\\u00fcge&quot;}}],&quot;bookable&quot;:false,&quot;bookingUrl&quot;:&quot;https:\\\/\\\/booking.travelbase.eu\\\/albn26\\\/book?trip=10356&quot;,&quot;packageId&quot;:&quot;ALBN-AN25&quot;}},{&quot;type&quot;:&quot;departures&quot;,&quot;id&quot;:&quot;t10367&quot;,&quot;attributes&quot;:{&quot;name&quot;:&quot;ALBN26-W27-SAT&quot;,&quot;start&quot;:&quot;2026-07-04T10:00:00.000000Z&quot;,&quot;end&quot;:&quot;2026-07-11T12:00:00.000000Z&quot;,&quot;cheapestPrice&quot;:710,&quot;languages&quot;:[],&quot;availableSpots&quot;:3,&quot;bookedSpots&quot;:8,&quot;fakeLabel&quot;:&quot;last stock&quot;,&quot;availabilityLabel&quot;:&quot;last spots&quot;,&quot;promoLabel&quot;:null,&quot;calendarToggles&quot;:[{&quot;value&quot;:&quot;flights Amsterdam&quot;,&quot;label&quot;:{&quot;en&quot;:&quot;Flights from Amsterdam&quot;,&quot;nl&quot;:&quot;Vliegen vanuit Amsterdam&quot;,&quot;fr&quot;:&quot;Vols d&#039;Amsterdam&quot;,&quot;de&quot;:&quot;Ich fliege von Amsterdam aus&quot;},&quot;price&quot;:773,&quot;status&quot;:&quot;available&quot;,&quot;language_hidden&quot;:[],&quot;startIncrement&quot;:0,&quot;endIncrement&quot;:0,&quot;var_name&quot;:&quot;flights2&quot;,&quot;category_label&quot;:{&quot;en&quot;:&quot;Flights&quot;,&quot;nl&quot;:&quot;Vluchten&quot;,&quot;fr&quot;:&quot;Vols&quot;,&quot;de&quot;:&quot;Deine Fl\\u00fcge&quot;}},{&quot;value&quot;:&quot;flights Paris&quot;,&quot;label&quot;:{&quot;en&quot;:&quot;Flights from Paris&quot;,&quot;nl&quot;:&quot;Vliegen vanuit Parijs&quot;,&quot;fr&quot;:&quot;Vols de Paris&quot;,&quot;de&quot;:&quot;Ich fliege von Paris aus&quot;},&quot;price&quot;:807,&quot;status&quot;:&quot;available&quot;,&quot;language_hidden&quot;:[],&quot;startIncrement&quot;:0,&quot;endIncrement&quot;:0,&quot;var_name&quot;:&quot;flights2&quot;,&quot;category_label&quot;:{&quot;en&quot;:&quot;Flights&quot;,&quot;nl&quot;:&quot;Vluchten&quot;,&quot;fr&quot;:&quot;Vols&quot;,&quot;de&quot;:&quot;Deine Fl\\u00fcge&quot;}},{&quot;value&quot;:&quot;flights Brussels&quot;,&quot;label&quot;:{&quot;en&quot;:&quot;Flights from Brussels&quot;,&quot;nl&quot;:&quot;Vliegen vanuit Brussel&quot;,&quot;fr&quot;:&quot;Vols de Bruxelles&quot;,&quot;de&quot;:&quot;Ich fliege von Br\\u00fcssel aus&quot;},&quot;price&quot;:956,&quot;status&quot;:&quot;available&quot;,&quot;language_hidden&quot;:[],&quot;startIncrement&quot;:0,&quot;endIncrement&quot;:0,&quot;var_name&quot;:&quot;flights2&quot;,&quot;category_label&quot;:{&quot;en&quot;:&quot;Flights&quot;,&quot;nl&quot;:&quot;Vluchten&quot;,&quot;fr&quot;:&quot;Vols&quot;,&quot;de&quot;:&quot;Deine Fl\\u00fcge&quot;}},{&quot;value&quot;:&quot;no flights&quot;,&quot;label&quot;:{&quot;en&quot;:&quot;No flights&quot;,&quot;nl&quot;:&quot;Geen vluchten&quot;,&quot;fr&quot;:&quot;Pas de vol&quot;,&quot;de&quot;:&quot;Ich buche meine eigenen Fl\\u00fcge nach Reykjavik&quot;},&quot;price&quot;:0,&quot;status&quot;:&quot;available&quot;,&quot;language_hidden&quot;:[],&quot;startIncrement&quot;:0,&quot;endIncrement&quot;:0,&quot;var_name&quot;:&quot;flights2&quot;,&quot;category_label&quot;:{&quot;en&quot;:&quot;Flights&quot;,&quot;nl&quot;:&quot;Vluchten&quot;,&quot;fr&quot;:&quot;Vols&quot;,&quot;de&quot;:&quot;Deine Fl\\u00fcge&quot;}}],&quot;bookable&quot;:true,&quot;bookingUrl&quot;:&quot;https:\\\/\\\/booking.travelbase.eu\\\/albn26\\\/book?trip=10367&quot;,&quot;packageId&quot;:&quot;ALBN-AN25&quot;}},{&quot;type&quot;:&quot;departures&quot;,&quot;id&quot;:&quot;t10357&quot;,&quot;attributes&quot;:{&quot;name&quot;:&quot;ALBN26-W28-WED&quot;,&quot;start&quot;:&quot;2026-07-08T10:00:00.000000Z&quot;,&quot;end&quot;:&quot;2026-07-15T12:00:00.000000Z&quot;,&quot;cheapestPrice&quot;:710,&quot;languages&quot;:[],&quot;availableSpots&quot;:0,&quot;bookedSpots&quot;:13,&quot;fakeLabel&quot;:&quot;sold out&quot;,&quot;availabilityLabel&quot;:&quot;sold out&quot;,&quot;promoLabel&quot;:null,&quot;calendarToggles&quot;:[{&quot;value&quot;:&quot;flights Amsterdam&quot;,&quot;label&quot;:{&quot;en&quot;:&quot;Flights from Amsterdam&quot;,&quot;nl&quot;:&quot;Vliegen vanuit Amsterdam&quot;,&quot;fr&quot;:&quot;Vols d&#039;Amsterdam&quot;,&quot;de&quot;:&quot;Ich fliege von Amsterdam aus&quot;},&quot;price&quot;:826,&quot;status&quot;:&quot;available&quot;,&quot;language_hidden&quot;:[],&quot;startIncrement&quot;:0,&quot;endIncrement&quot;:0,&quot;var_name&quot;:&quot;flights2&quot;,&quot;category_label&quot;:{&quot;en&quot;:&quot;Flights&quot;,&quot;nl&quot;:&quot;Vluchten&quot;,&quot;fr&quot;:&quot;Vols&quot;,&quot;de&quot;:&quot;Deine Fl\\u00fcge&quot;}},{&quot;value&quot;:&quot;flights Paris&quot;,&quot;label&quot;:{&quot;en&quot;:&quot;Flights from Paris&quot;,&quot;nl&quot;:&quot;Vliegen vanuit Parijs&quot;,&quot;fr&quot;:&quot;Vols de Paris&quot;,&quot;de&quot;:&quot;Ich fliege von Paris aus&quot;},&quot;price&quot;:741,&quot;status&quot;:&quot;available&quot;,&quot;language_hidden&quot;:[],&quot;startIncrement&quot;:0,&quot;endIncrement&quot;:0,&quot;var_name&quot;:&quot;flights2&quot;,&quot;category_label&quot;:{&quot;en&quot;:&quot;Flights&quot;,&quot;nl&quot;:&quot;Vluchten&quot;,&quot;fr&quot;:&quot;Vols&quot;,&quot;de&quot;:&quot;Deine Fl\\u00fcge&quot;}},{&quot;value&quot;:&quot;flights Brussels&quot;,&quot;label&quot;:{&quot;en&quot;:&quot;Flights from Brussels&quot;,&quot;nl&quot;:&quot;Vliegen vanuit Brussel&quot;,&quot;fr&quot;:&quot;Vols de Bruxelles&quot;,&quot;de&quot;:&quot;Ich fliege von Br\\u00fcssel aus&quot;},&quot;price&quot;:816,&quot;status&quot;:&quot;available&quot;,&quot;language_hidden&quot;:[],&quot;startIncrement&quot;:0,&quot;endIncrement&quot;:0,&quot;var_name&quot;:&quot;flights2&quot;,&quot;category_label&quot;:{&quot;en&quot;:&quot;Flights&quot;,&quot;nl&quot;:&quot;Vluchten&quot;,&quot;fr&quot;:&quot;Vols&quot;,&quot;de&quot;:&quot;Deine Fl\\u00fcge&quot;}},{&quot;value&quot;:&quot;no flights&quot;,&quot;label&quot;:{&quot;en&quot;:&quot;No flights&quot;,&quot;nl&quot;:&quot;Geen vluchten&quot;,&quot;fr&quot;:&quot;Pas de vol&quot;,&quot;de&quot;:&quot;Ich buche meine eigenen Fl\\u00fcge nach Reykjavik&quot;},&quot;price&quot;:0,&quot;status&quot;:&quot;available&quot;,&quot;language_hidden&quot;:[],&quot;startIncrement&quot;:0,&quot;endIncrement&quot;:0,&quot;var_name&quot;:&quot;flights2&quot;,&quot;category_label&quot;:{&quot;en&quot;:&quot;Flights&quot;,&quot;nl&quot;:&quot;Vluchten&quot;,&quot;fr&quot;:&quot;Vols&quot;,&quot;de&quot;:&quot;Deine Fl\\u00fcge&quot;}}],&quot;bookable&quot;:false,&quot;bookingUrl&quot;:&quot;https:\\\/\\\/booking.travelbase.eu\\\/albn26\\\/book?trip=10357&quot;,&quot;packageId&quot;:&quot;ALBN-AN25&quot;}},{&quot;type&quot;:&quot;departures&quot;,&quot;id&quot;:&quot;t10368&quot;,&quot;attributes&quot;:{&quot;name&quot;:&quot;ALBN26-W28-SAT&quot;,&quot;start&quot;:&quot;2026-07-11T10:00:00.000000Z&quot;,&quot;end&quot;:&quot;2026-07-18T12:00:00.000000Z&quot;,&quot;cheapestPrice&quot;:710,&quot;languages&quot;:[],&quot;availableSpots&quot;:0,&quot;bookedSpots&quot;:10,&quot;fakeLabel&quot;:&quot;sold out&quot;,&quot;availabilityLabel&quot;:&quot;sold out&quot;,&quot;promoLabel&quot;:null,&quot;calendarToggles&quot;:[{&quot;value&quot;:&quot;flights Amsterdam&quot;,&quot;label&quot;:{&quot;en&quot;:&quot;Flights from Amsterdam&quot;,&quot;nl&quot;:&quot;Vliegen vanuit Amsterdam&quot;,&quot;fr&quot;:&quot;Vols d&#039;Amsterdam&quot;,&quot;de&quot;:&quot;Ich fliege von Amsterdam aus&quot;},&quot;price&quot;:829,&quot;status&quot;:&quot;available&quot;,&quot;language_hidden&quot;:[],&quot;startIncrement&quot;:0,&quot;endIncrement&quot;:0,&quot;var_name&quot;:&quot;flights2&quot;,&quot;category_label&quot;:{&quot;en&quot;:&quot;Flights&quot;,&quot;nl&quot;:&quot;Vluchten&quot;,&quot;fr&quot;:&quot;Vols&quot;,&quot;de&quot;:&quot;Deine Fl\\u00fcge&quot;}},{&quot;value&quot;:&quot;flights Paris&quot;,&quot;label&quot;:{&quot;en&quot;:&quot;Flights from Paris&quot;,&quot;nl&quot;:&quot;Vliegen vanuit Parijs&quot;,&quot;fr&quot;:&quot;Vols de Paris&quot;,&quot;de&quot;:&quot;Ich fliege von Paris aus&quot;},&quot;price&quot;:929,&quot;status&quot;:&quot;available&quot;,&quot;language_hidden&quot;:[],&quot;startIncrement&quot;:0,&quot;endIncrement&quot;:0,&quot;var_name&quot;:&quot;flights2&quot;,&quot;category_label&quot;:{&quot;en&quot;:&quot;Flights&quot;,&quot;nl&quot;:&quot;Vluchten&quot;,&quot;fr&quot;:&quot;Vols&quot;,&quot;de&quot;:&quot;Deine Fl\\u00fcge&quot;}},{&quot;value&quot;:&quot;flights Brussels&quot;,&quot;label&quot;:{&quot;en&quot;:&quot;Flights from Brussels&quot;,&quot;nl&quot;:&quot;Vliegen vanuit Brussel&quot;,&quot;fr&quot;:&quot;Vols de Bruxelles&quot;,&quot;de&quot;:&quot;Ich fliege von Br\\u00fcssel aus&quot;},&quot;price&quot;:1068,&quot;status&quot;:&quot;available&quot;,&quot;language_hidden&quot;:[],&quot;startIncrement&quot;:0,&quot;endIncrement&quot;:0,&quot;var_name&quot;:&quot;flights2&quot;,&quot;category_label&quot;:{&quot;en&quot;:&quot;Flights&quot;,&quot;nl&quot;:&quot;Vluchten&quot;,&quot;fr&quot;:&quot;Vols&quot;,&quot;de&quot;:&quot;Deine Fl\\u00fcge&quot;}},{&quot;value&quot;:&quot;no flights&quot;,&quot;label&quot;:{&quot;en&quot;:&quot;No flights&quot;,&quot;nl&quot;:&quot;Geen vluchten&quot;,&quot;fr&quot;:&quot;Pas de vol&quot;,&quot;de&quot;:&quot;Ich buche meine eigenen Fl\\u00fcge nach Reykjavik&quot;},&quot;price&quot;:0,&quot;status&quot;:&quot;available&quot;,&quot;language_hidden&quot;:[],&quot;startIncrement&quot;:0,&quot;endIncrement&quot;:0,&quot;var_name&quot;:&quot;flights2&quot;,&quot;category_label&quot;:{&quot;en&quot;:&quot;Flights&quot;,&quot;nl&quot;:&quot;Vluchten&quot;,&quot;fr&quot;:&quot;Vols&quot;,&quot;de&quot;:&quot;Deine Fl\\u00fcge&quot;}}],&quot;bookable&quot;:false,&quot;bookingUrl&quot;:&quot;https:\\\/\\\/booking.travelbase.eu\\\/albn26\\\/book?trip=10368&quot;,&quot;packageId&quot;:&quot;ALBN-AN25&quot;}},{&quot;type&quot;:&quot;departures&quot;,&quot;id&quot;:&quot;t10358&quot;,&quot;attributes&quot;:{&quot;name&quot;:&quot;ALBN26-W29-WED&quot;,&quot;start&quot;:&quot;2026-07-15T10:00:00.000000Z&quot;,&quot;end&quot;:&quot;2026-07-22T12:00:00.000000Z&quot;,&quot;cheapestPrice&quot;:710,&quot;languages&quot;:[],&quot;availableSpots&quot;:0,&quot;bookedSpots&quot;:12,&quot;fakeLabel&quot;:&quot;sold out&quot;,&quot;availabilityLabel&quot;:&quot;sold out&quot;,&quot;promoLabel&quot;:null,&quot;calendarToggles&quot;:[{&quot;value&quot;:&quot;flights Amsterdam&quot;,&quot;label&quot;:{&quot;en&quot;:&quot;Flights from Amsterdam&quot;,&quot;nl&quot;:&quot;Vliegen vanuit Amsterdam&quot;,&quot;fr&quot;:&quot;Vols d&#039;Amsterdam&quot;,&quot;de&quot;:&quot;Ich fliege von Amsterdam aus&quot;},&quot;price&quot;:816,&quot;status&quot;:&quot;available&quot;,&quot;language_hidden&quot;:[],&quot;startIncrement&quot;:0,&quot;endIncrement&quot;:0,&quot;var_name&quot;:&quot;flights2&quot;,&quot;category_label&quot;:{&quot;en&quot;:&quot;Flights&quot;,&quot;nl&quot;:&quot;Vluchten&quot;,&quot;fr&quot;:&quot;Vols&quot;,&quot;de&quot;:&quot;Deine Fl\\u00fcge&quot;}},{&quot;value&quot;:&quot;flights Paris&quot;,&quot;label&quot;:{&quot;en&quot;:&quot;Flights from Paris&quot;,&quot;nl&quot;:&quot;Vliegen vanuit Parijs&quot;,&quot;fr&quot;:&quot;Vols de Paris&quot;,&quot;de&quot;:&quot;Ich fliege von Paris aus&quot;},&quot;price&quot;:806,&quot;status&quot;:&quot;available&quot;,&quot;language_hidden&quot;:[],&quot;startIncrement&quot;:0,&quot;endIncrement&quot;:0,&quot;var_name&quot;:&quot;flights2&quot;,&quot;category_label&quot;:{&quot;en&quot;:&quot;Flights&quot;,&quot;nl&quot;:&quot;Vluchten&quot;,&quot;fr&quot;:&quot;Vols&quot;,&quot;de&quot;:&quot;Deine Fl\\u00fcge&quot;}},{&quot;value&quot;:&quot;flights Brussels&quot;,&quot;label&quot;:{&quot;en&quot;:&quot;Flights from Brussels&quot;,&quot;nl&quot;:&quot;Vliegen vanuit Brussel&quot;,&quot;fr&quot;:&quot;Vols de Bruxelles&quot;,&quot;de&quot;:&quot;Ich fliege von Br\\u00fcssel aus&quot;},&quot;price&quot;:841,&quot;status&quot;:&quot;available&quot;,&quot;language_hidden&quot;:[],&quot;startIncrement&quot;:0,&quot;endIncrement&quot;:0,&quot;var_name&quot;:&quot;flights2&quot;,&quot;category_label&quot;:{&quot;en&quot;:&quot;Flights&quot;,&quot;nl&quot;:&quot;Vluchten&quot;,&quot;fr&quot;:&quot;Vols&quot;,&quot;de&quot;:&quot;Deine Fl\\u00fcge&quot;}},{&quot;value&quot;:&quot;no flights&quot;,&quot;label&quot;:{&quot;en&quot;:&quot;No flights&quot;,&quot;nl&quot;:&quot;Geen vluchten&quot;,&quot;fr&quot;:&quot;Pas de vol&quot;,&quot;de&quot;:&quot;Ich buche meine eigenen Fl\\u00fcge nach Reykjavik&quot;},&quot;price&quot;:0,&quot;status&quot;:&quot;available&quot;,&quot;language_hidden&quot;:[],&quot;startIncrement&quot;:0,&quot;endIncrement&quot;:0,&quot;var_name&quot;:&quot;flights2&quot;,&quot;category_label&quot;:{&quot;en&quot;:&quot;Flights&quot;,&quot;nl&quot;:&quot;Vluchten&quot;,&quot;fr&quot;:&quot;Vols&quot;,&quot;de&quot;:&quot;Deine Fl\\u00fcge&quot;}}],&quot;bookable&quot;:false,&quot;bookingUrl&quot;:&quot;https:\\\/\\\/booking.travelbase.eu\\\/albn26\\\/book?trip=10358&quot;,&quot;packageId&quot;:&quot;ALBN-AN25&quot;}},{&quot;type&quot;:&quot;departures&quot;,&quot;id&quot;:&quot;t10369&quot;,&quot;attributes&quot;:{&quot;name&quot;:&quot;ALBN26-W29-SAT&quot;,&quot;start&quot;:&quot;2026-07-18T10:00:00.000000Z&quot;,&quot;end&quot;:&quot;2026-07-25T12:00:00.000000Z&quot;,&quot;cheapestPrice&quot;:710,&quot;languages&quot;:[],&quot;availableSpots&quot;:0,&quot;bookedSpots&quot;:10,&quot;fakeLabel&quot;:&quot;sold out&quot;,&quot;availabilityLabel&quot;:&quot;sold out&quot;,&quot;promoLabel&quot;:null,&quot;calendarToggles&quot;:[{&quot;value&quot;:&quot;flights Amsterdam&quot;,&quot;label&quot;:{&quot;en&quot;:&quot;Flights from Amsterdam&quot;,&quot;nl&quot;:&quot;Vliegen vanuit Amsterdam&quot;,&quot;fr&quot;:&quot;Vols d&#039;Amsterdam&quot;,&quot;de&quot;:&quot;Ich fliege von Amsterdam aus&quot;},&quot;price&quot;:762,&quot;status&quot;:&quot;available&quot;,&quot;language_hidden&quot;:[],&quot;startIncrement&quot;:0,&quot;endIncrement&quot;:0,&quot;var_name&quot;:&quot;flights2&quot;,&quot;category_label&quot;:{&quot;en&quot;:&quot;Flights&quot;,&quot;nl&quot;:&quot;Vluchten&quot;,&quot;fr&quot;:&quot;Vols&quot;,&quot;de&quot;:&quot;Deine Fl\\u00fcge&quot;}},{&quot;value&quot;:&quot;flights Paris&quot;,&quot;label&quot;:{&quot;en&quot;:&quot;Flights from Paris&quot;,&quot;nl&quot;:&quot;Vliegen vanuit Parijs&quot;,&quot;fr&quot;:&quot;Vols de Paris&quot;,&quot;de&quot;:&quot;Ich fliege von Paris aus&quot;},&quot;price&quot;:756,&quot;status&quot;:&quot;available&quot;,&quot;language_hidden&quot;:[],&quot;startIncrement&quot;:0,&quot;endIncrement&quot;:0,&quot;var_name&quot;:&quot;flights2&quot;,&quot;category_label&quot;:{&quot;en&quot;:&quot;Flights&quot;,&quot;nl&quot;:&quot;Vluchten&quot;,&quot;fr&quot;:&quot;Vols&quot;,&quot;de&quot;:&quot;Deine Fl\\u00fcge&quot;}},{&quot;value&quot;:&quot;flights Brussels&quot;,&quot;label&quot;:{&quot;en&quot;:&quot;Flights from Brussels&quot;,&quot;nl&quot;:&quot;Vliegen vanuit Brussel&quot;,&quot;fr&quot;:&quot;Vols de Bruxelles&quot;,&quot;de&quot;:&quot;Ich fliege von Br\\u00fcssel aus&quot;},&quot;price&quot;:1012,&quot;status&quot;:&quot;available&quot;,&quot;language_hidden&quot;:[],&quot;startIncrement&quot;:0,&quot;endIncrement&quot;:0,&quot;var_name&quot;:&quot;flights2&quot;,&quot;category_label&quot;:{&quot;en&quot;:&quot;Flights&quot;,&quot;nl&quot;:&quot;Vluchten&quot;,&quot;fr&quot;:&quot;Vols&quot;,&quot;de&quot;:&quot;Deine Fl\\u00fcge&quot;}},{&quot;value&quot;:&quot;no flights&quot;,&quot;label&quot;:{&quot;en&quot;:&quot;No flights&quot;,&quot;nl&quot;:&quot;Geen vluchten&quot;,&quot;fr&quot;:&quot;Pas de vol&quot;,&quot;de&quot;:&quot;Ich buche meine eigenen Fl\\u00fcge nach Reykjavik&quot;},&quot;price&quot;:0,&quot;status&quot;:&quot;available&quot;,&quot;language_hidden&quot;:[],&quot;startIncrement&quot;:0,&quot;endIncrement&quot;:0,&quot;var_name&quot;:&quot;flights2&quot;,&quot;category_label&quot;:{&quot;en&quot;:&quot;Flights&quot;,&quot;nl&quot;:&quot;Vluchten&quot;,&quot;fr&quot;:&quot;Vols&quot;,&quot;de&quot;:&quot;Deine Fl\\u00fcge&quot;}}],&quot;bookable&quot;:false,&quot;bookingUrl&quot;:&quot;https:\\\/\\\/booking.travelbase.eu\\\/albn26\\\/book?trip=10369&quot;,&quot;packageId&quot;:&quot;ALBN-AN25&quot;}},{&quot;type&quot;:&quot;departures&quot;,&quot;id&quot;:&quot;t10359&quot;,&quot;attributes&quot;:{&quot;name&quot;:&quot;ALBN26-W30-WED&quot;,&quot;start&quot;:&quot;2026-07-22T10:00:00.000000Z&quot;,&quot;end&quot;:&quot;2026-07-29T12:00:00.000000Z&quot;,&quot;cheapestPrice&quot;:710,&quot;languages&quot;:[],&quot;availableSpots&quot;:0,&quot;bookedSpots&quot;:10,&quot;fakeLabel&quot;:&quot;sold out&quot;,&quot;availabilityLabel&quot;:&quot;sold out&quot;,&quot;promoLabel&quot;:null,&quot;calendarToggles&quot;:[{&quot;value&quot;:&quot;flights Amsterdam&quot;,&quot;label&quot;:{&quot;en&quot;:&quot;Flights from Amsterdam&quot;,&quot;nl&quot;:&quot;Vliegen vanuit Amsterdam&quot;,&quot;fr&quot;:&quot;Vols d&#039;Amsterdam&quot;,&quot;de&quot;:&quot;Ich fliege von Amsterdam aus&quot;},&quot;price&quot;:600,&quot;status&quot;:&quot;available&quot;,&quot;language_hidden&quot;:[],&quot;startIncrement&quot;:0,&quot;endIncrement&quot;:0,&quot;var_name&quot;:&quot;flights2&quot;,&quot;category_label&quot;:{&quot;en&quot;:&quot;Flights&quot;,&quot;nl&quot;:&quot;Vluchten&quot;,&quot;fr&quot;:&quot;Vols&quot;,&quot;de&quot;:&quot;Deine Fl\\u00fcge&quot;}},{&quot;value&quot;:&quot;flights Paris&quot;,&quot;label&quot;:{&quot;en&quot;:&quot;Flights from Paris&quot;,&quot;nl&quot;:&quot;Vliegen vanuit Parijs&quot;,&quot;fr&quot;:&quot;Vols de Paris&quot;,&quot;de&quot;:&quot;Ich fliege von Paris aus&quot;},&quot;price&quot;:592,&quot;status&quot;:&quot;available&quot;,&quot;language_hidden&quot;:[],&quot;startIncrement&quot;:0,&quot;endIncrement&quot;:0,&quot;var_name&quot;:&quot;flights2&quot;,&quot;category_label&quot;:{&quot;en&quot;:&quot;Flights&quot;,&quot;nl&quot;:&quot;Vluchten&quot;,&quot;fr&quot;:&quot;Vols&quot;,&quot;de&quot;:&quot;Deine Fl\\u00fcge&quot;}},{&quot;value&quot;:&quot;flights Brussels&quot;,&quot;label&quot;:{&quot;en&quot;:&quot;Flights from Brussels&quot;,&quot;nl&quot;:&quot;Vliegen vanuit Brussel&quot;,&quot;fr&quot;:&quot;Vols de Bruxelles&quot;,&quot;de&quot;:&quot;Ich fliege von Br\\u00fcssel aus&quot;},&quot;price&quot;:849,&quot;status&quot;:&quot;available&quot;,&quot;language_hidden&quot;:[],&quot;startIncrement&quot;:0,&quot;endIncrement&quot;:0,&quot;var_name&quot;:&quot;flights2&quot;,&quot;category_label&quot;:{&quot;en&quot;:&quot;Flights&quot;,&quot;nl&quot;:&quot;Vluchten&quot;,&quot;fr&quot;:&quot;Vols&quot;,&quot;de&quot;:&quot;Deine Fl\\u00fcge&quot;}},{&quot;value&quot;:&quot;no flights&quot;,&quot;label&quot;:{&quot;en&quot;:&quot;No flights&quot;,&quot;nl&quot;:&quot;Geen vluchten&quot;,&quot;fr&quot;:&quot;Pas de vol&quot;,&quot;de&quot;:&quot;Ich buche meine eigenen Fl\\u00fcge nach Reykjavik&quot;},&quot;price&quot;:0,&quot;status&quot;:&quot;available&quot;,&quot;language_hidden&quot;:[],&quot;startIncrement&quot;:0,&quot;endIncrement&quot;:0,&quot;var_name&quot;:&quot;flights2&quot;,&quot;category_label&quot;:{&quot;en&quot;:&quot;Flights&quot;,&quot;nl&quot;:&quot;Vluchten&quot;,&quot;fr&quot;:&quot;Vols&quot;,&quot;de&quot;:&quot;Deine Fl\\u00fcge&quot;}}],&quot;bookable&quot;:false,&quot;bookingUrl&quot;:&quot;https:\\\/\\\/booking.travelbase.eu\\\/albn26\\\/book?trip=10359&quot;,&quot;packageId&quot;:&quot;ALBN-AN25&quot;}},{&quot;type&quot;:&quot;departures&quot;,&quot;id&quot;:&quot;t10370&quot;,&quot;attributes&quot;:{&quot;name&quot;:&quot;ALBN26-W30-SAT&quot;,&quot;start&quot;:&quot;2026-07-25T10:00:00.000000Z&quot;,&quot;end&quot;:&quot;2026-08-01T12:00:00.000000Z&quot;,&quot;cheapestPrice&quot;:710,&quot;languages&quot;:[],&quot;availableSpots&quot;:0,&quot;bookedSpots&quot;:10,&quot;fakeLabel&quot;:&quot;sold out&quot;,&quot;availabilityLabel&quot;:&quot;sold out&quot;,&quot;promoLabel&quot;:null,&quot;calendarToggles&quot;:[{&quot;value&quot;:&quot;flights Amsterdam&quot;,&quot;label&quot;:{&quot;en&quot;:&quot;Flights from Amsterdam&quot;,&quot;nl&quot;:&quot;Vliegen vanuit Amsterdam&quot;,&quot;fr&quot;:&quot;Vols d&#039;Amsterdam&quot;,&quot;de&quot;:&quot;Ich fliege von Amsterdam aus&quot;},&quot;price&quot;:686,&quot;status&quot;:&quot;available&quot;,&quot;language_hidden&quot;:[],&quot;startIncrement&quot;:0,&quot;endIncrement&quot;:0,&quot;var_name&quot;:&quot;flights2&quot;,&quot;category_label&quot;:{&quot;en&quot;:&quot;Flights&quot;,&quot;nl&quot;:&quot;Vluchten&quot;,&quot;fr&quot;:&quot;Vols&quot;,&quot;de&quot;:&quot;Deine Fl\\u00fcge&quot;}},{&quot;value&quot;:&quot;flights Paris&quot;,&quot;label&quot;:{&quot;en&quot;:&quot;Flights from Paris&quot;,&quot;nl&quot;:&quot;Vliegen vanuit Parijs&quot;,&quot;fr&quot;:&quot;Vols de Paris&quot;,&quot;de&quot;:&quot;Ich fliege von Paris aus&quot;},&quot;price&quot;:705,&quot;status&quot;:&quot;available&quot;,&quot;language_hidden&quot;:[],&quot;startIncrement&quot;:0,&quot;endIncrement&quot;:0,&quot;var_name&quot;:&quot;flights2&quot;,&quot;category_label&quot;:{&quot;en&quot;:&quot;Flights&quot;,&quot;nl&quot;:&quot;Vluchten&quot;,&quot;fr&quot;:&quot;Vols&quot;,&quot;de&quot;:&quot;Deine Fl\\u00fcge&quot;}},{&quot;value&quot;:&quot;flights Brussels&quot;,&quot;label&quot;:{&quot;en&quot;:&quot;Flights from Brussels&quot;,&quot;nl&quot;:&quot;Vliegen vanuit Brussel&quot;,&quot;fr&quot;:&quot;Vols de Bruxelles&quot;,&quot;de&quot;:&quot;Ich fliege von Br\\u00fcssel aus&quot;},&quot;price&quot;:1123,&quot;status&quot;:&quot;available&quot;,&quot;language_hidden&quot;:[],&quot;startIncrement&quot;:0,&quot;endIncrement&quot;:0,&quot;var_name&quot;:&quot;flights2&quot;,&quot;category_label&quot;:{&quot;en&quot;:&quot;Flights&quot;,&quot;nl&quot;:&quot;Vluchten&quot;,&quot;fr&quot;:&quot;Vols&quot;,&quot;de&quot;:&quot;Deine Fl\\u00fcge&quot;}},{&quot;value&quot;:&quot;no flights&quot;,&quot;label&quot;:{&quot;en&quot;:&quot;No flights&quot;,&quot;nl&quot;:&quot;Geen vluchten&quot;,&quot;fr&quot;:&quot;Pas de vol&quot;,&quot;de&quot;:&quot;Ich buche meine eigenen Fl\\u00fcge nach Reykjavik&quot;},&quot;price&quot;:0,&quot;status&quot;:&quot;available&quot;,&quot;language_hidden&quot;:[],&quot;startIncrement&quot;:0,&quot;endIncrement&quot;:0,&quot;var_name&quot;:&quot;flights2&quot;,&quot;category_label&quot;:{&quot;en&quot;:&quot;Flights&quot;,&quot;nl&quot;:&quot;Vluchten&quot;,&quot;fr&quot;:&quot;Vols&quot;,&quot;de&quot;:&quot;Deine Fl\\u00fcge&quot;}}],&quot;bookable&quot;:false,&quot;bookingUrl&quot;:&quot;https:\\\/\\\/booking.travelbase.eu\\\/albn26\\\/book?trip=10370&quot;,&quot;packageId&quot;:&quot;ALBN-AN25&quot;}},{&quot;type&quot;:&quot;departures&quot;,&quot;id&quot;:&quot;t10360&quot;,&quot;attributes&quot;:{&quot;name&quot;:&quot;ALBN26-W31-WED&quot;,&quot;start&quot;:&quot;2026-07-29T10:00:00.000000Z&quot;,&quot;end&quot;:&quot;2026-08-05T12:00:00.000000Z&quot;,&quot;cheapestPrice&quot;:710,&quot;languages&quot;:[],&quot;availableSpots&quot;:0,&quot;bookedSpots&quot;:10,&quot;fakeLabel&quot;:&quot;sold out&quot;,&quot;availabilityLabel&quot;:&quot;sold out&quot;,&quot;promoLabel&quot;:null,&quot;calendarToggles&quot;:[{&quot;value&quot;:&quot;flights Amsterdam&quot;,&quot;label&quot;:{&quot;en&quot;:&quot;Flights from Amsterdam&quot;,&quot;nl&quot;:&quot;Vliegen vanuit Amsterdam&quot;,&quot;fr&quot;:&quot;Vols d&#039;Amsterdam&quot;,&quot;de&quot;:&quot;Ich fliege von Amsterdam aus&quot;},&quot;price&quot;:756,&quot;status&quot;:&quot;available&quot;,&quot;language_hidden&quot;:[],&quot;startIncrement&quot;:0,&quot;endIncrement&quot;:0,&quot;var_name&quot;:&quot;flights2&quot;,&quot;category_label&quot;:{&quot;en&quot;:&quot;Flights&quot;,&quot;nl&quot;:&quot;Vluchten&quot;,&quot;fr&quot;:&quot;Vols&quot;,&quot;de&quot;:&quot;Deine Fl\\u00fcge&quot;}},{&quot;value&quot;:&quot;flights Paris&quot;,&quot;label&quot;:{&quot;en&quot;:&quot;Flights from Paris&quot;,&quot;nl&quot;:&quot;Vliegen vanuit Parijs&quot;,&quot;fr&quot;:&quot;Vols de Paris&quot;,&quot;de&quot;:&quot;Ich fliege von Paris aus&quot;},&quot;price&quot;:863,&quot;status&quot;:&quot;available&quot;,&quot;language_hidden&quot;:[],&quot;startIncrement&quot;:0,&quot;endIncrement&quot;:0,&quot;var_name&quot;:&quot;flights2&quot;,&quot;category_label&quot;:{&quot;en&quot;:&quot;Flights&quot;,&quot;nl&quot;:&quot;Vluchten&quot;,&quot;fr&quot;:&quot;Vols&quot;,&quot;de&quot;:&quot;Deine Fl\\u00fcge&quot;}},{&quot;value&quot;:&quot;flights Brussels&quot;,&quot;label&quot;:{&quot;en&quot;:&quot;Flights from Brussels&quot;,&quot;nl&quot;:&quot;Vliegen vanuit Brussel&quot;,&quot;fr&quot;:&quot;Vols de Bruxelles&quot;,&quot;de&quot;:&quot;Ich fliege von Br\\u00fcssel aus&quot;},&quot;price&quot;:901,&quot;status&quot;:&quot;available&quot;,&quot;language_hidden&quot;:[],&quot;startIncrement&quot;:0,&quot;endIncrement&quot;:0,&quot;var_name&quot;:&quot;flights2&quot;,&quot;category_label&quot;:{&quot;en&quot;:&quot;Flights&quot;,&quot;nl&quot;:&quot;Vluchten&quot;,&quot;fr&quot;:&quot;Vols&quot;,&quot;de&quot;:&quot;Deine Fl\\u00fcge&quot;}},{&quot;value&quot;:&quot;no flights&quot;,&quot;label&quot;:{&quot;en&quot;:&quot;No flights&quot;,&quot;nl&quot;:&quot;Geen vluchten&quot;,&quot;fr&quot;:&quot;Pas de vol&quot;,&quot;de&quot;:&quot;Ich buche meine eigenen Fl\\u00fcge nach Reykjavik&quot;},&quot;price&quot;:0,&quot;status&quot;:&quot;available&quot;,&quot;language_hidden&quot;:[],&quot;startIncrement&quot;:0,&quot;endIncrement&quot;:0,&quot;var_name&quot;:&quot;flights2&quot;,&quot;category_label&quot;:{&quot;en&quot;:&quot;Flights&quot;,&quot;nl&quot;:&quot;Vluchten&quot;,&quot;fr&quot;:&quot;Vols&quot;,&quot;de&quot;:&quot;Deine Fl\\u00fcge&quot;}}],&quot;bookable&quot;:false,&quot;bookingUrl&quot;:&quot;https:\\\/\\\/booking.travelbase.eu\\\/albn26\\\/book?trip=10360&quot;,&quot;packageId&quot;:&quot;ALBN-AN25&quot;}},{&quot;type&quot;:&quot;departures&quot;,&quot;id&quot;:&quot;t10371&quot;,&quot;attributes&quot;:{&quot;name&quot;:&quot;ALBN26-W31-SAT&quot;,&quot;start&quot;:&quot;2026-08-01T10:00:00.000000Z&quot;,&quot;end&quot;:&quot;2026-08-08T12:00:00.000000Z&quot;,&quot;cheapestPrice&quot;:710,&quot;languages&quot;:[],&quot;availableSpots&quot;:0,&quot;bookedSpots&quot;:10,&quot;fakeLabel&quot;:&quot;sold out&quot;,&quot;availabilityLabel&quot;:&quot;sold out&quot;,&quot;promoLabel&quot;:null,&quot;calendarToggles&quot;:[{&quot;value&quot;:&quot;flights Amsterdam&quot;,&quot;label&quot;:{&quot;en&quot;:&quot;Flights from Amsterdam&quot;,&quot;nl&quot;:&quot;Vliegen vanuit Amsterdam&quot;,&quot;fr&quot;:&quot;Vols d&#039;Amsterdam&quot;,&quot;de&quot;:&quot;Ich fliege von Amsterdam aus&quot;},&quot;price&quot;:926,&quot;status&quot;:&quot;available&quot;,&quot;language_hidden&quot;:[],&quot;startIncrement&quot;:0,&quot;endIncrement&quot;:0,&quot;var_name&quot;:&quot;flights2&quot;,&quot;category_label&quot;:{&quot;en&quot;:&quot;Flights&quot;,&quot;nl&quot;:&quot;Vluchten&quot;,&quot;fr&quot;:&quot;Vols&quot;,&quot;de&quot;:&quot;Deine Fl\\u00fcge&quot;}},{&quot;value&quot;:&quot;flights Paris&quot;,&quot;label&quot;:{&quot;en&quot;:&quot;Flights from Paris&quot;,&quot;nl&quot;:&quot;Vliegen vanuit Parijs&quot;,&quot;fr&quot;:&quot;Vols de Paris&quot;,&quot;de&quot;:&quot;Ich fliege von Paris aus&quot;},&quot;price&quot;:1009,&quot;status&quot;:&quot;available&quot;,&quot;language_hidden&quot;:[],&quot;startIncrement&quot;:0,&quot;endIncrement&quot;:0,&quot;var_name&quot;:&quot;flights2&quot;,&quot;category_label&quot;:{&quot;en&quot;:&quot;Flights&quot;,&quot;nl&quot;:&quot;Vluchten&quot;,&quot;fr&quot;:&quot;Vols&quot;,&quot;de&quot;:&quot;Deine Fl\\u00fcge&quot;}},{&quot;value&quot;:&quot;flights Brussels&quot;,&quot;label&quot;:{&quot;en&quot;:&quot;Flights from Brussels&quot;,&quot;nl&quot;:&quot;Vliegen vanuit Brussel&quot;,&quot;fr&quot;:&quot;Vols de Bruxelles&quot;,&quot;de&quot;:&quot;Ich fliege von Br\\u00fcssel aus&quot;},&quot;price&quot;:false,&quot;status&quot;:&quot;disabled&quot;,&quot;language_hidden&quot;:[],&quot;startIncrement&quot;:0,&quot;endIncrement&quot;:0,&quot;var_name&quot;:&quot;flights2&quot;,&quot;category_label&quot;:{&quot;en&quot;:&quot;Flights&quot;,&quot;nl&quot;:&quot;Vluchten&quot;,&quot;fr&quot;:&quot;Vols&quot;,&quot;de&quot;:&quot;Deine Fl\\u00fcge&quot;}},{&quot;value&quot;:&quot;no flights&quot;,&quot;label&quot;:{&quot;en&quot;:&quot;No flights&quot;,&quot;nl&quot;:&quot;Geen vluchten&quot;,&quot;fr&quot;:&quot;Pas de vol&quot;,&quot;de&quot;:&quot;Ich buche meine eigenen Fl\\u00fcge nach Reykjavik&quot;},&quot;price&quot;:0,&quot;status&quot;:&quot;available&quot;,&quot;language_hidden&quot;:[],&quot;startIncrement&quot;:0,&quot;endIncrement&quot;:0,&quot;var_name&quot;:&quot;flights2&quot;,&quot;category_label&quot;:{&quot;en&quot;:&quot;Flights&quot;,&quot;nl&quot;:&quot;Vluchten&quot;,&quot;fr&quot;:&quot;Vols&quot;,&quot;de&quot;:&quot;Deine Fl\\u00fcge&quot;}}],&quot;bookable&quot;:false,&quot;bookingUrl&quot;:&quot;https:\\\/\\\/booking.travelbase.eu\\\/albn26\\\/book?trip=10371&quot;,&quot;packageId&quot;:&quot;ALBN-AN25&quot;}},{&quot;type&quot;:&quot;departures&quot;,&quot;id&quot;:&quot;t10361&quot;,&quot;attributes&quot;:{&quot;name&quot;:&quot;ALBN26-W32-WED&quot;,&quot;start&quot;:&quot;2026-08-05T10:00:00.000000Z&quot;,&quot;end&quot;:&quot;2026-08-12T12:00:00.000000Z&quot;,&quot;cheapestPrice&quot;:710,&quot;languages&quot;:[],&quot;availableSpots&quot;:0,&quot;bookedSpots&quot;:10,&quot;fakeLabel&quot;:&quot;sold out&quot;,&quot;availabilityLabel&quot;:&quot;sold out&quot;,&quot;promoLabel&quot;:null,&quot;calendarToggles&quot;:[{&quot;value&quot;:&quot;flights Amsterdam&quot;,&quot;label&quot;:{&quot;en&quot;:&quot;Flights from Amsterdam&quot;,&quot;nl&quot;:&quot;Vliegen vanuit Amsterdam&quot;,&quot;fr&quot;:&quot;Vols d&#039;Amsterdam&quot;,&quot;de&quot;:&quot;Ich fliege von Amsterdam aus&quot;},&quot;price&quot;:511,&quot;status&quot;:&quot;available&quot;,&quot;language_hidden&quot;:[],&quot;startIncrement&quot;:0,&quot;endIncrement&quot;:0,&quot;var_name&quot;:&quot;flights2&quot;,&quot;category_label&quot;:{&quot;en&quot;:&quot;Flights&quot;,&quot;nl&quot;:&quot;Vluchten&quot;,&quot;fr&quot;:&quot;Vols&quot;,&quot;de&quot;:&quot;Deine Fl\\u00fcge&quot;}},{&quot;value&quot;:&quot;flights Paris&quot;,&quot;label&quot;:{&quot;en&quot;:&quot;Flights from Paris&quot;,&quot;nl&quot;:&quot;Vliegen vanuit Parijs&quot;,&quot;fr&quot;:&quot;Vols de Paris&quot;,&quot;de&quot;:&quot;Ich fliege von Paris aus&quot;},&quot;price&quot;:611,&quot;status&quot;:&quot;available&quot;,&quot;language_hidden&quot;:[],&quot;startIncrement&quot;:0,&quot;endIncrement&quot;:0,&quot;var_name&quot;:&quot;flights2&quot;,&quot;category_label&quot;:{&quot;en&quot;:&quot;Flights&quot;,&quot;nl&quot;:&quot;Vluchten&quot;,&quot;fr&quot;:&quot;Vols&quot;,&quot;de&quot;:&quot;Deine Fl\\u00fcge&quot;}},{&quot;value&quot;:&quot;flights Brussels&quot;,&quot;label&quot;:{&quot;en&quot;:&quot;Flights from Brussels&quot;,&quot;nl&quot;:&quot;Vliegen vanuit Brussel&quot;,&quot;fr&quot;:&quot;Vols de Bruxelles&quot;,&quot;de&quot;:&quot;Ich fliege von Br\\u00fcssel aus&quot;},&quot;price&quot;:535,&quot;status&quot;:&quot;available&quot;,&quot;language_hidden&quot;:[],&quot;startIncrement&quot;:0,&quot;endIncrement&quot;:0,&quot;var_name&quot;:&quot;flights2&quot;,&quot;category_label&quot;:{&quot;en&quot;:&quot;Flights&quot;,&quot;nl&quot;:&quot;Vluchten&quot;,&quot;fr&quot;:&quot;Vols&quot;,&quot;de&quot;:&quot;Deine Fl\\u00fcge&quot;}},{&quot;value&quot;:&quot;no flights&quot;,&quot;label&quot;:{&quot;en&quot;:&quot;No flights&quot;,&quot;nl&quot;:&quot;Geen vluchten&quot;,&quot;fr&quot;:&quot;Pas de vol&quot;,&quot;de&quot;:&quot;Ich buche meine eigenen Fl\\u00fcge nach Reykjavik&quot;},&quot;price&quot;:0,&quot;status&quot;:&quot;available&quot;,&quot;language_hidden&quot;:[],&quot;startIncrement&quot;:0,&quot;endIncrement&quot;:0,&quot;var_name&quot;:&quot;flights2&quot;,&quot;category_label&quot;:{&quot;en&quot;:&quot;Flights&quot;,&quot;nl&quot;:&quot;Vluchten&quot;,&quot;fr&quot;:&quot;Vols&quot;,&quot;de&quot;:&quot;Deine Fl\\u00fcge&quot;}}],&quot;bookable&quot;:false,&quot;bookingUrl&quot;:&quot;https:\\\/\\\/booking.travelbase.eu\\\/albn26\\\/book?trip=10361&quot;,&quot;packageId&quot;:&quot;ALBN-AN25&quot;}},{&quot;type&quot;:&quot;departures&quot;,&quot;id&quot;:&quot;t10372&quot;,&quot;attributes&quot;:{&quot;name&quot;:&quot;ALBN26-W32-SAT&quot;,&quot;start&quot;:&quot;2026-08-08T10:00:00.000000Z&quot;,&quot;end&quot;:&quot;2026-08-15T12:00:00.000000Z&quot;,&quot;cheapestPrice&quot;:710,&quot;languages&quot;:[],&quot;availableSpots&quot;:0,&quot;bookedSpots&quot;:10,&quot;fakeLabel&quot;:&quot;sold out&quot;,&quot;availabilityLabel&quot;:&quot;sold out&quot;,&quot;promoLabel&quot;:null,&quot;calendarToggles&quot;:[{&quot;value&quot;:&quot;flights Amsterdam&quot;,&quot;label&quot;:{&quot;en&quot;:&quot;Flights from Amsterdam&quot;,&quot;nl&quot;:&quot;Vliegen vanuit Amsterdam&quot;,&quot;fr&quot;:&quot;Vols d&#039;Amsterdam&quot;,&quot;de&quot;:&quot;Ich fliege von Amsterdam aus&quot;},&quot;price&quot;:720,&quot;status&quot;:&quot;available&quot;,&quot;language_hidden&quot;:[],&quot;startIncrement&quot;:0,&quot;endIncrement&quot;:0,&quot;var_name&quot;:&quot;flights2&quot;,&quot;category_label&quot;:{&quot;en&quot;:&quot;Flights&quot;,&quot;nl&quot;:&quot;Vluchten&quot;,&quot;fr&quot;:&quot;Vols&quot;,&quot;de&quot;:&quot;Deine Fl\\u00fcge&quot;}},{&quot;value&quot;:&quot;flights Paris&quot;,&quot;label&quot;:{&quot;en&quot;:&quot;Flights from Paris&quot;,&quot;nl&quot;:&quot;Vliegen vanuit Parijs&quot;,&quot;fr&quot;:&quot;Vols de Paris&quot;,&quot;de&quot;:&quot;Ich fliege von Paris aus&quot;},&quot;price&quot;:818,&quot;status&quot;:&quot;available&quot;,&quot;language_hidden&quot;:[],&quot;startIncrement&quot;:0,&quot;endIncrement&quot;:0,&quot;var_name&quot;:&quot;flights2&quot;,&quot;category_label&quot;:{&quot;en&quot;:&quot;Flights&quot;,&quot;nl&quot;:&quot;Vluchten&quot;,&quot;fr&quot;:&quot;Vols&quot;,&quot;de&quot;:&quot;Deine Fl\\u00fcge&quot;}},{&quot;value&quot;:&quot;flights Brussels&quot;,&quot;label&quot;:{&quot;en&quot;:&quot;Flights from Brussels&quot;,&quot;nl&quot;:&quot;Vliegen vanuit Brussel&quot;,&quot;fr&quot;:&quot;Vols de Bruxelles&quot;,&quot;de&quot;:&quot;Ich fliege von Br\\u00fcssel aus&quot;},&quot;price&quot;:false,&quot;status&quot;:&quot;disabled&quot;,&quot;language_hidden&quot;:[],&quot;startIncrement&quot;:0,&quot;endIncrement&quot;:0,&quot;var_name&quot;:&quot;flights2&quot;,&quot;category_label&quot;:{&quot;en&quot;:&quot;Flights&quot;,&quot;nl&quot;:&quot;Vluchten&quot;,&quot;fr&quot;:&quot;Vols&quot;,&quot;de&quot;:&quot;Deine Fl\\u00fcge&quot;}},{&quot;value&quot;:&quot;no flights&quot;,&quot;label&quot;:{&quot;en&quot;:&quot;No flights&quot;,&quot;nl&quot;:&quot;Geen vluchten&quot;,&quot;fr&quot;:&quot;Pas de vol&quot;,&quot;de&quot;:&quot;Ich buche meine eigenen Fl\\u00fcge nach Reykjavik&quot;},&quot;price&quot;:0,&quot;status&quot;:&quot;available&quot;,&quot;language_hidden&quot;:[],&quot;startIncrement&quot;:0,&quot;endIncrement&quot;:0,&quot;var_name&quot;:&quot;flights2&quot;,&quot;category_label&quot;:{&quot;en&quot;:&quot;Flights&quot;,&quot;nl&quot;:&quot;Vluchten&quot;,&quot;fr&quot;:&quot;Vols&quot;,&quot;de&quot;:&quot;Deine Fl\\u00fcge&quot;}}],&quot;bookable&quot;:false,&quot;bookingUrl&quot;:&quot;https:\\\/\\\/booking.travelbase.eu\\\/albn26\\\/book?trip=10372&quot;,&quot;packageId&quot;:&quot;ALBN-AN25&quot;}},{&quot;type&quot;:&quot;departures&quot;,&quot;id&quot;:&quot;t10362&quot;,&quot;attributes&quot;:{&quot;name&quot;:&quot;ALBN26-W33-WED&quot;,&quot;start&quot;:&quot;2026-08-12T10:00:00.000000Z&quot;,&quot;end&quot;:&quot;2026-08-19T12:00:00.000000Z&quot;,&quot;cheapestPrice&quot;:695,&quot;languages&quot;:[],&quot;availableSpots&quot;:6,&quot;bookedSpots&quot;:6,&quot;fakeLabel&quot;:&quot;&quot;,&quot;availabilityLabel&quot;:&quot;&quot;,&quot;promoLabel&quot;:null,&quot;calendarToggles&quot;:[{&quot;value&quot;:&quot;flights Amsterdam&quot;,&quot;label&quot;:{&quot;en&quot;:&quot;Flights from Amsterdam&quot;,&quot;nl&quot;:&quot;Vliegen vanuit Amsterdam&quot;,&quot;fr&quot;:&quot;Vols d&#039;Amsterdam&quot;,&quot;de&quot;:&quot;Ich fliege von Amsterdam aus&quot;},&quot;price&quot;:469,&quot;status&quot;:&quot;available&quot;,&quot;language_hidden&quot;:[],&quot;startIncrement&quot;:0,&quot;endIncrement&quot;:0,&quot;var_name&quot;:&quot;flights2&quot;,&quot;category_label&quot;:{&quot;en&quot;:&quot;Flights&quot;,&quot;nl&quot;:&quot;Vluchten&quot;,&quot;fr&quot;:&quot;Vols&quot;,&quot;de&quot;:&quot;Deine Fl\\u00fcge&quot;}},{&quot;value&quot;:&quot;flights Paris&quot;,&quot;label&quot;:{&quot;en&quot;:&quot;Flights from Paris&quot;,&quot;nl&quot;:&quot;Vliegen vanuit Parijs&quot;,&quot;fr&quot;:&quot;Vols de Paris&quot;,&quot;de&quot;:&quot;Ich fliege von Paris aus&quot;},&quot;price&quot;:539,&quot;status&quot;:&quot;available&quot;,&quot;language_hidden&quot;:[],&quot;startIncrement&quot;:0,&quot;endIncrement&quot;:0,&quot;var_name&quot;:&quot;flights2&quot;,&quot;category_label&quot;:{&quot;en&quot;:&quot;Flights&quot;,&quot;nl&quot;:&quot;Vluchten&quot;,&quot;fr&quot;:&quot;Vols&quot;,&quot;de&quot;:&quot;Deine Fl\\u00fcge&quot;}},{&quot;value&quot;:&quot;flights Brussels&quot;,&quot;label&quot;:{&quot;en&quot;:&quot;Flights from Brussels&quot;,&quot;nl&quot;:&quot;Vliegen vanuit Brussel&quot;,&quot;fr&quot;:&quot;Vols de Bruxelles&quot;,&quot;de&quot;:&quot;Ich fliege von Br\\u00fcssel aus&quot;},&quot;price&quot;:491,&quot;status&quot;:&quot;available&quot;,&quot;language_hidden&quot;:[],&quot;startIncrement&quot;:0,&quot;endIncrement&quot;:0,&quot;var_name&quot;:&quot;flights2&quot;,&quot;category_label&quot;:{&quot;en&quot;:&quot;Flights&quot;,&quot;nl&quot;:&quot;Vluchten&quot;,&quot;fr&quot;:&quot;Vols&quot;,&quot;de&quot;:&quot;Deine Fl\\u00fcge&quot;}},{&quot;value&quot;:&quot;no flights&quot;,&quot;label&quot;:{&quot;en&quot;:&quot;No flights&quot;,&quot;nl&quot;:&quot;Geen vluchten&quot;,&quot;fr&quot;:&quot;Pas de vol&quot;,&quot;de&quot;:&quot;Ich buche meine eigenen Fl\\u00fcge nach Reykjavik&quot;},&quot;price&quot;:0,&quot;status&quot;:&quot;available&quot;,&quot;language_hidden&quot;:[],&quot;startIncrement&quot;:0,&quot;endIncrement&quot;:0,&quot;var_name&quot;:&quot;flights2&quot;,&quot;category_label&quot;:{&quot;en&quot;:&quot;Flights&quot;,&quot;nl&quot;:&quot;Vluchten&quot;,&quot;fr&quot;:&quot;Vols&quot;,&quot;de&quot;:&quot;Deine Fl\\u00fcge&quot;}}],&quot;bookable&quot;:true,&quot;bookingUrl&quot;:&quot;https:\\\/\\\/booking.travelbase.eu\\\/albn26\\\/book?trip=10362&quot;,&quot;packageId&quot;:&quot;ALBN-AN25&quot;}},{&quot;type&quot;:&quot;departures&quot;,&quot;id&quot;:&quot;t10373&quot;,&quot;attributes&quot;:{&quot;name&quot;:&quot;ALBN26-W33-SAT&quot;,&quot;start&quot;:&quot;2026-08-15T10:00:00.000000Z&quot;,&quot;end&quot;:&quot;2026-08-22T12:00:00.000000Z&quot;,&quot;cheapestPrice&quot;:710,&quot;languages&quot;:[],&quot;availableSpots&quot;:6,&quot;bookedSpots&quot;:6,&quot;fakeLabel&quot;:&quot;last stock&quot;,&quot;availabilityLabel&quot;:&quot;last spots&quot;,&quot;promoLabel&quot;:null,&quot;calendarToggles&quot;:[{&quot;value&quot;:&quot;flights Amsterdam&quot;,&quot;label&quot;:{&quot;en&quot;:&quot;Flights from Amsterdam&quot;,&quot;nl&quot;:&quot;Vliegen vanuit Amsterdam&quot;,&quot;fr&quot;:&quot;Vols d&#039;Amsterdam&quot;,&quot;de&quot;:&quot;Ich fliege von Amsterdam aus&quot;},&quot;price&quot;:621,&quot;status&quot;:&quot;available&quot;,&quot;language_hidden&quot;:[],&quot;startIncrement&quot;:0,&quot;endIncrement&quot;:0,&quot;var_name&quot;:&quot;flights2&quot;,&quot;category_label&quot;:{&quot;en&quot;:&quot;Flights&quot;,&quot;nl&quot;:&quot;Vluchten&quot;,&quot;fr&quot;:&quot;Vols&quot;,&quot;de&quot;:&quot;Deine Fl\\u00fcge&quot;}},{&quot;value&quot;:&quot;flights Paris&quot;,&quot;label&quot;:{&quot;en&quot;:&quot;Flights from Paris&quot;,&quot;nl&quot;:&quot;Vliegen vanuit Parijs&quot;,&quot;fr&quot;:&quot;Vols de Paris&quot;,&quot;de&quot;:&quot;Ich fliege von Paris aus&quot;},&quot;price&quot;:709,&quot;status&quot;:&quot;available&quot;,&quot;language_hidden&quot;:[],&quot;startIncrement&quot;:0,&quot;endIncrement&quot;:0,&quot;var_name&quot;:&quot;flights2&quot;,&quot;category_label&quot;:{&quot;en&quot;:&quot;Flights&quot;,&quot;nl&quot;:&quot;Vluchten&quot;,&quot;fr&quot;:&quot;Vols&quot;,&quot;de&quot;:&quot;Deine Fl\\u00fcge&quot;}},{&quot;value&quot;:&quot;flights Brussels&quot;,&quot;label&quot;:{&quot;en&quot;:&quot;Flights from Brussels&quot;,&quot;nl&quot;:&quot;Vliegen vanuit Brussel&quot;,&quot;fr&quot;:&quot;Vols de Bruxelles&quot;,&quot;de&quot;:&quot;Ich fliege von Br\\u00fcssel aus&quot;},&quot;price&quot;:false,&quot;status&quot;:&quot;disabled&quot;,&quot;language_hidden&quot;:[],&quot;startIncrement&quot;:0,&quot;endIncrement&quot;:0,&quot;var_name&quot;:&quot;flights2&quot;,&quot;category_label&quot;:{&quot;en&quot;:&quot;Flights&quot;,&quot;nl&quot;:&quot;Vluchten&quot;,&quot;fr&quot;:&quot;Vols&quot;,&quot;de&quot;:&quot;Deine Fl\\u00fcge&quot;}},{&quot;value&quot;:&quot;no flights&quot;,&quot;label&quot;:{&quot;en&quot;:&quot;No flights&quot;,&quot;nl&quot;:&quot;Geen vluchten&quot;,&quot;fr&quot;:&quot;Pas de vol&quot;,&quot;de&quot;:&quot;Ich buche meine eigenen Fl\\u00fcge nach Reykjavik&quot;},&quot;price&quot;:0,&quot;status&quot;:&quot;available&quot;,&quot;language_hidden&quot;:[],&quot;startIncrement&quot;:0,&quot;endIncrement&quot;:0,&quot;var_name&quot;:&quot;flights2&quot;,&quot;category_label&quot;:{&quot;en&quot;:&quot;Flights&quot;,&quot;nl&quot;:&quot;Vluchten&quot;,&quot;fr&quot;:&quot;Vols&quot;,&quot;de&quot;:&quot;Deine Fl\\u00fcge&quot;}}],&quot;bookable&quot;:true,&quot;bookingUrl&quot;:&quot;https:\\\/\\\/booking.travelbase.eu\\\/albn26\\\/book?trip=10373&quot;,&quot;packageId&quot;:&quot;ALBN-AN25&quot;}},{&quot;type&quot;:&quot;departures&quot;,&quot;id&quot;:&quot;t10363&quot;,&quot;attributes&quot;:{&quot;name&quot;:&quot;ALBN26-W34-WED&quot;,&quot;start&quot;:&quot;2026-08-19T10:00:00.000000Z&quot;,&quot;end&quot;:&quot;2026-08-26T12:00:00.000000Z&quot;,&quot;cheapestPrice&quot;:710,&quot;languages&quot;:[],&quot;availableSpots&quot;:0,&quot;bookedSpots&quot;:10,&quot;fakeLabel&quot;:&quot;sold out&quot;,&quot;availabilityLabel&quot;:&quot;sold out&quot;,&quot;promoLabel&quot;:null,&quot;calendarToggles&quot;:[{&quot;value&quot;:&quot;flights Amsterdam&quot;,&quot;label&quot;:{&quot;en&quot;:&quot;Flights from Amsterdam&quot;,&quot;nl&quot;:&quot;Vliegen vanuit Amsterdam&quot;,&quot;fr&quot;:&quot;Vols d&#039;Amsterdam&quot;,&quot;de&quot;:&quot;Ich fliege von Amsterdam aus&quot;},&quot;price&quot;:417,&quot;status&quot;:&quot;available&quot;,&quot;language_hidden&quot;:[],&quot;startIncrement&quot;:0,&quot;endIncrement&quot;:0,&quot;var_name&quot;:&quot;flights2&quot;,&quot;category_label&quot;:{&quot;en&quot;:&quot;Flights&quot;,&quot;nl&quot;:&quot;Vluchten&quot;,&quot;fr&quot;:&quot;Vols&quot;,&quot;de&quot;:&quot;Deine Fl\\u00fcge&quot;}},{&quot;value&quot;:&quot;flights Paris&quot;,&quot;label&quot;:{&quot;en&quot;:&quot;Flights from Paris&quot;,&quot;nl&quot;:&quot;Vliegen vanuit Parijs&quot;,&quot;fr&quot;:&quot;Vols de Paris&quot;,&quot;de&quot;:&quot;Ich fliege von Paris aus&quot;},&quot;price&quot;:449,&quot;status&quot;:&quot;available&quot;,&quot;language_hidden&quot;:[],&quot;startIncrement&quot;:0,&quot;endIncrement&quot;:0,&quot;var_name&quot;:&quot;flights2&quot;,&quot;category_label&quot;:{&quot;en&quot;:&quot;Flights&quot;,&quot;nl&quot;:&quot;Vluchten&quot;,&quot;fr&quot;:&quot;Vols&quot;,&quot;de&quot;:&quot;Deine Fl\\u00fcge&quot;}},{&quot;value&quot;:&quot;flights Brussels&quot;,&quot;label&quot;:{&quot;en&quot;:&quot;Flights from Brussels&quot;,&quot;nl&quot;:&quot;Vliegen vanuit Brussel&quot;,&quot;fr&quot;:&quot;Vols de Bruxelles&quot;,&quot;de&quot;:&quot;Ich fliege von Br\\u00fcssel aus&quot;},&quot;price&quot;:460,&quot;status&quot;:&quot;available&quot;,&quot;language_hidden&quot;:[],&quot;startIncrement&quot;:0,&quot;endIncrement&quot;:0,&quot;var_name&quot;:&quot;flights2&quot;,&quot;category_label&quot;:{&quot;en&quot;:&quot;Flights&quot;,&quot;nl&quot;:&quot;Vluchten&quot;,&quot;fr&quot;:&quot;Vols&quot;,&quot;de&quot;:&quot;Deine Fl\\u00fcge&quot;}},{&quot;value&quot;:&quot;no flights&quot;,&quot;label&quot;:{&quot;en&quot;:&quot;No flights&quot;,&quot;nl&quot;:&quot;Geen vluchten&quot;,&quot;fr&quot;:&quot;Pas de vol&quot;,&quot;de&quot;:&quot;Ich buche meine eigenen Fl\\u00fcge nach Reykjavik&quot;},&quot;price&quot;:0,&quot;status&quot;:&quot;available&quot;,&quot;language_hidden&quot;:[],&quot;startIncrement&quot;:0,&quot;endIncrement&quot;:0,&quot;var_name&quot;:&quot;flights2&quot;,&quot;category_label&quot;:{&quot;en&quot;:&quot;Flights&quot;,&quot;nl&quot;:&quot;Vluchten&quot;,&quot;fr&quot;:&quot;Vols&quot;,&quot;de&quot;:&quot;Deine Fl\\u00fcge&quot;}}],&quot;bookable&quot;:false,&quot;bookingUrl&quot;:&quot;https:\\\/\\\/booking.travelbase.eu\\\/albn26\\\/book?trip=10363&quot;,&quot;packageId&quot;:&quot;ALBN-AN25&quot;}},{&quot;type&quot;:&quot;departures&quot;,&quot;id&quot;:&quot;t10374&quot;,&quot;attributes&quot;:{&quot;name&quot;:&quot;ALBN26-W34-SAT&quot;,&quot;start&quot;:&quot;2026-08-22T10:00:00.000000Z&quot;,&quot;end&quot;:&quot;2026-08-29T12:00:00.000000Z&quot;,&quot;cheapestPrice&quot;:710,&quot;languages&quot;:[],&quot;availableSpots&quot;:0,&quot;bookedSpots&quot;:10,&quot;fakeLabel&quot;:&quot;sold out&quot;,&quot;availabilityLabel&quot;:&quot;sold out&quot;,&quot;promoLabel&quot;:null,&quot;calendarToggles&quot;:[{&quot;value&quot;:&quot;flights Amsterdam&quot;,&quot;label&quot;:{&quot;en&quot;:&quot;Flights from Amsterdam&quot;,&quot;nl&quot;:&quot;Vliegen vanuit Amsterdam&quot;,&quot;fr&quot;:&quot;Vols d&#039;Amsterdam&quot;,&quot;de&quot;:&quot;Ich fliege von Amsterdam aus&quot;},&quot;price&quot;:630,&quot;status&quot;:&quot;available&quot;,&quot;language_hidden&quot;:[],&quot;startIncrement&quot;:0,&quot;endIncrement&quot;:0,&quot;var_name&quot;:&quot;flights2&quot;,&quot;category_label&quot;:{&quot;en&quot;:&quot;Flights&quot;,&quot;nl&quot;:&quot;Vluchten&quot;,&quot;fr&quot;:&quot;Vols&quot;,&quot;de&quot;:&quot;Deine Fl\\u00fcge&quot;}},{&quot;value&quot;:&quot;flights Paris&quot;,&quot;label&quot;:{&quot;en&quot;:&quot;Flights from Paris&quot;,&quot;nl&quot;:&quot;Vliegen vanuit Parijs&quot;,&quot;fr&quot;:&quot;Vols de Paris&quot;,&quot;de&quot;:&quot;Ich fliege von Paris aus&quot;},&quot;price&quot;:693,&quot;status&quot;:&quot;available&quot;,&quot;language_hidden&quot;:[],&quot;startIncrement&quot;:0,&quot;endIncrement&quot;:0,&quot;var_name&quot;:&quot;flights2&quot;,&quot;category_label&quot;:{&quot;en&quot;:&quot;Flights&quot;,&quot;nl&quot;:&quot;Vluchten&quot;,&quot;fr&quot;:&quot;Vols&quot;,&quot;de&quot;:&quot;Deine Fl\\u00fcge&quot;}},{&quot;value&quot;:&quot;flights Brussels&quot;,&quot;label&quot;:{&quot;en&quot;:&quot;Flights from Brussels&quot;,&quot;nl&quot;:&quot;Vliegen vanuit Brussel&quot;,&quot;fr&quot;:&quot;Vols de Bruxelles&quot;,&quot;de&quot;:&quot;Ich fliege von Br\\u00fcssel aus&quot;},&quot;price&quot;:false,&quot;status&quot;:&quot;disabled&quot;,&quot;language_hidden&quot;:[],&quot;startIncrement&quot;:0,&quot;endIncrement&quot;:0,&quot;var_name&quot;:&quot;flights2&quot;,&quot;category_label&quot;:{&quot;en&quot;:&quot;Flights&quot;,&quot;nl&quot;:&quot;Vluchten&quot;,&quot;fr&quot;:&quot;Vols&quot;,&quot;de&quot;:&quot;Deine Fl\\u00fcge&quot;}},{&quot;value&quot;:&quot;no flights&quot;,&quot;label&quot;:{&quot;en&quot;:&quot;No flights&quot;,&quot;nl&quot;:&quot;Geen vluchten&quot;,&quot;fr&quot;:&quot;Pas de vol&quot;,&quot;de&quot;:&quot;Ich buche meine eigenen Fl\\u00fcge nach Reykjavik&quot;},&quot;price&quot;:0,&quot;status&quot;:&quot;available&quot;,&quot;language_hidden&quot;:[],&quot;startIncrement&quot;:0,&quot;endIncrement&quot;:0,&quot;var_name&quot;:&quot;flights2&quot;,&quot;category_label&quot;:{&quot;en&quot;:&quot;Flights&quot;,&quot;nl&quot;:&quot;Vluchten&quot;,&quot;fr&quot;:&quot;Vols&quot;,&quot;de&quot;:&quot;Deine Fl\\u00fcge&quot;}}],&quot;bookable&quot;:false,&quot;bookingUrl&quot;:&quot;https:\\\/\\\/booking.travelbase.eu\\\/albn26\\\/book?trip=10374&quot;,&quot;packageId&quot;:&quot;ALBN-AN25&quot;}},{&quot;type&quot;:&quot;departures&quot;,&quot;id&quot;:&quot;t10364&quot;,&quot;attributes&quot;:{&quot;name&quot;:&quot;ALBN26-W35-WED&quot;,&quot;start&quot;:&quot;2026-08-26T10:00:00.000000Z&quot;,&quot;end&quot;:&quot;2026-09-02T12:00:00.000000Z&quot;,&quot;cheapestPrice&quot;:710,&quot;languages&quot;:[],&quot;availableSpots&quot;:0,&quot;bookedSpots&quot;:10,&quot;fakeLabel&quot;:&quot;sold out&quot;,&quot;availabilityLabel&quot;:&quot;sold out&quot;,&quot;promoLabel&quot;:null,&quot;calendarToggles&quot;:[{&quot;value&quot;:&quot;flights Amsterdam&quot;,&quot;label&quot;:{&quot;en&quot;:&quot;Flights from Amsterdam&quot;,&quot;nl&quot;:&quot;Vliegen vanuit Amsterdam&quot;,&quot;fr&quot;:&quot;Vols d&#039;Amsterdam&quot;,&quot;de&quot;:&quot;Ich fliege von Amsterdam aus&quot;},&quot;price&quot;:439,&quot;status&quot;:&quot;available&quot;,&quot;language_hidden&quot;:[],&quot;startIncrement&quot;:0,&quot;endIncrement&quot;:0,&quot;var_name&quot;:&quot;flights2&quot;,&quot;category_label&quot;:{&quot;en&quot;:&quot;Flights&quot;,&quot;nl&quot;:&quot;Vluchten&quot;,&quot;fr&quot;:&quot;Vols&quot;,&quot;de&quot;:&quot;Deine Fl\\u00fcge&quot;}},{&quot;value&quot;:&quot;flights Paris&quot;,&quot;label&quot;:{&quot;en&quot;:&quot;Flights from Paris&quot;,&quot;nl&quot;:&quot;Vliegen vanuit Parijs&quot;,&quot;fr&quot;:&quot;Vols de Paris&quot;,&quot;de&quot;:&quot;Ich fliege von Paris aus&quot;},&quot;price&quot;:375,&quot;status&quot;:&quot;available&quot;,&quot;language_hidden&quot;:[],&quot;startIncrement&quot;:0,&quot;endIncrement&quot;:0,&quot;var_name&quot;:&quot;flights2&quot;,&quot;category_label&quot;:{&quot;en&quot;:&quot;Flights&quot;,&quot;nl&quot;:&quot;Vluchten&quot;,&quot;fr&quot;:&quot;Vols&quot;,&quot;de&quot;:&quot;Deine Fl\\u00fcge&quot;}},{&quot;value&quot;:&quot;flights Brussels&quot;,&quot;label&quot;:{&quot;en&quot;:&quot;Flights from Brussels&quot;,&quot;nl&quot;:&quot;Vliegen vanuit Brussel&quot;,&quot;fr&quot;:&quot;Vols de Bruxelles&quot;,&quot;de&quot;:&quot;Ich fliege von Br\\u00fcssel aus&quot;},&quot;price&quot;:416,&quot;status&quot;:&quot;available&quot;,&quot;language_hidden&quot;:[],&quot;startIncrement&quot;:0,&quot;endIncrement&quot;:0,&quot;var_name&quot;:&quot;flights2&quot;,&quot;category_label&quot;:{&quot;en&quot;:&quot;Flights&quot;,&quot;nl&quot;:&quot;Vluchten&quot;,&quot;fr&quot;:&quot;Vols&quot;,&quot;de&quot;:&quot;Deine Fl\\u00fcge&quot;}},{&quot;value&quot;:&quot;no flights&quot;,&quot;label&quot;:{&quot;en&quot;:&quot;No flights&quot;,&quot;nl&quot;:&quot;Geen vluchten&quot;,&quot;fr&quot;:&quot;Pas de vol&quot;,&quot;de&quot;:&quot;Ich buche meine eigenen Fl\\u00fcge nach Reykjavik&quot;},&quot;price&quot;:0,&quot;status&quot;:&quot;available&quot;,&quot;language_hidden&quot;:[],&quot;startIncrement&quot;:0,&quot;endIncrement&quot;:0,&quot;var_name&quot;:&quot;flights2&quot;,&quot;category_label&quot;:{&quot;en&quot;:&quot;Flights&quot;,&quot;nl&quot;:&quot;Vluchten&quot;,&quot;fr&quot;:&quot;Vols&quot;,&quot;de&quot;:&quot;Deine Fl\\u00fcge&quot;}}],&quot;bookable&quot;:false,&quot;bookingUrl&quot;:&quot;https:\\\/\\\/booking.travelbase.eu\\\/albn26\\\/book?trip=10364&quot;,&quot;packageId&quot;:&quot;ALBN-AN25&quot;}},{&quot;type&quot;:&quot;departures&quot;,&quot;id&quot;:&quot;t10375&quot;,&quot;attributes&quot;:{&quot;name&quot;:&quot;ALBN26-W35-SAT&quot;,&quot;start&quot;:&quot;2026-08-29T10:00:00.000000Z&quot;,&quot;end&quot;:&quot;2026-09-05T12:00:00.000000Z&quot;,&quot;cheapestPrice&quot;:710,&quot;languages&quot;:[],&quot;availableSpots&quot;:0,&quot;bookedSpots&quot;:10,&quot;fakeLabel&quot;:&quot;sold out&quot;,&quot;availabilityLabel&quot;:&quot;sold out&quot;,&quot;promoLabel&quot;:null,&quot;calendarToggles&quot;:[{&quot;value&quot;:&quot;flights Amsterdam&quot;,&quot;label&quot;:{&quot;en&quot;:&quot;Flights from Amsterdam&quot;,&quot;nl&quot;:&quot;Vliegen vanuit Amsterdam&quot;,&quot;fr&quot;:&quot;Vols d&#039;Amsterdam&quot;,&quot;de&quot;:&quot;Ich fliege von Amsterdam aus&quot;},&quot;price&quot;:526,&quot;status&quot;:&quot;available&quot;,&quot;language_hidden&quot;:[],&quot;startIncrement&quot;:0,&quot;endIncrement&quot;:0,&quot;var_name&quot;:&quot;flights2&quot;,&quot;category_label&quot;:{&quot;en&quot;:&quot;Flights&quot;,&quot;nl&quot;:&quot;Vluchten&quot;,&quot;fr&quot;:&quot;Vols&quot;,&quot;de&quot;:&quot;Deine Fl\\u00fcge&quot;}},{&quot;value&quot;:&quot;flights Paris&quot;,&quot;label&quot;:{&quot;en&quot;:&quot;Flights from Paris&quot;,&quot;nl&quot;:&quot;Vliegen vanuit Parijs&quot;,&quot;fr&quot;:&quot;Vols de Paris&quot;,&quot;de&quot;:&quot;Ich fliege von Paris aus&quot;},&quot;price&quot;:506,&quot;status&quot;:&quot;available&quot;,&quot;language_hidden&quot;:[],&quot;startIncrement&quot;:0,&quot;endIncrement&quot;:0,&quot;var_name&quot;:&quot;flights2&quot;,&quot;category_label&quot;:{&quot;en&quot;:&quot;Flights&quot;,&quot;nl&quot;:&quot;Vluchten&quot;,&quot;fr&quot;:&quot;Vols&quot;,&quot;de&quot;:&quot;Deine Fl\\u00fcge&quot;}},{&quot;value&quot;:&quot;flights Brussels&quot;,&quot;label&quot;:{&quot;en&quot;:&quot;Flights from Brussels&quot;,&quot;nl&quot;:&quot;Vliegen vanuit Brussel&quot;,&quot;fr&quot;:&quot;Vols de Bruxelles&quot;,&quot;de&quot;:&quot;Ich fliege von Br\\u00fcssel aus&quot;},&quot;price&quot;:535,&quot;status&quot;:&quot;available&quot;,&quot;language_hidden&quot;:[],&quot;startIncrement&quot;:0,&quot;endIncrement&quot;:0,&quot;var_name&quot;:&quot;flights2&quot;,&quot;category_label&quot;:{&quot;en&quot;:&quot;Flights&quot;,&quot;nl&quot;:&quot;Vluchten&quot;,&quot;fr&quot;:&quot;Vols&quot;,&quot;de&quot;:&quot;Deine Fl\\u00fcge&quot;}},{&quot;value&quot;:&quot;no flights&quot;,&quot;label&quot;:{&quot;en&quot;:&quot;No flights&quot;,&quot;nl&quot;:&quot;Geen vluchten&quot;,&quot;fr&quot;:&quot;Pas de vol&quot;,&quot;de&quot;:&quot;Ich buche meine eigenen Fl\\u00fcge nach Reykjavik&quot;},&quot;price&quot;:0,&quot;status&quot;:&quot;available&quot;,&quot;language_hidden&quot;:[],&quot;startIncrement&quot;:0,&quot;endIncrement&quot;:0,&quot;var_name&quot;:&quot;flights2&quot;,&quot;category_label&quot;:{&quot;en&quot;:&quot;Flights&quot;,&quot;nl&quot;:&quot;Vluchten&quot;,&quot;fr&quot;:&quot;Vols&quot;,&quot;de&quot;:&quot;Deine Fl\\u00fcge&quot;}}],&quot;bookable&quot;:false,&quot;bookingUrl&quot;:&quot;https:\\\/\\\/booking.travelbase.eu\\\/albn26\\\/book?trip=10375&quot;,&quot;packageId&quot;:&quot;ALBN-AN25&quot;}},{&quot;type&quot;:&quot;departures&quot;,&quot;id&quot;:&quot;t10365&quot;,&quot;attributes&quot;:{&quot;name&quot;:&quot;ALBN26-W36-WED&quot;,&quot;start&quot;:&quot;2026-09-02T10:00:00.000000Z&quot;,&quot;end&quot;:&quot;2026-09-09T12:00:00.000000Z&quot;,&quot;cheapestPrice&quot;:710,&quot;languages&quot;:[],&quot;availableSpots&quot;:0,&quot;bookedSpots&quot;:8,&quot;fakeLabel&quot;:&quot;sold out&quot;,&quot;availabilityLabel&quot;:&quot;sold out&quot;,&quot;promoLabel&quot;:null,&quot;calendarToggles&quot;:[{&quot;value&quot;:&quot;flights Amsterdam&quot;,&quot;label&quot;:{&quot;en&quot;:&quot;Flights from Amsterdam&quot;,&quot;nl&quot;:&quot;Vliegen vanuit Amsterdam&quot;,&quot;fr&quot;:&quot;Vols d&#039;Amsterdam&quot;,&quot;de&quot;:&quot;Ich fliege von Amsterdam aus&quot;},&quot;price&quot;:486,&quot;status&quot;:&quot;available&quot;,&quot;language_hidden&quot;:[],&quot;startIncrement&quot;:0,&quot;endIncrement&quot;:0,&quot;var_name&quot;:&quot;flights2&quot;,&quot;category_label&quot;:{&quot;en&quot;:&quot;Flights&quot;,&quot;nl&quot;:&quot;Vluchten&quot;,&quot;fr&quot;:&quot;Vols&quot;,&quot;de&quot;:&quot;Deine Fl\\u00fcge&quot;}},{&quot;value&quot;:&quot;flights Paris&quot;,&quot;label&quot;:{&quot;en&quot;:&quot;Flights from Paris&quot;,&quot;nl&quot;:&quot;Vliegen vanuit Parijs&quot;,&quot;fr&quot;:&quot;Vols de Paris&quot;,&quot;de&quot;:&quot;Ich fliege von Paris aus&quot;},&quot;price&quot;:465,&quot;status&quot;:&quot;available&quot;,&quot;language_hidden&quot;:[],&quot;startIncrement&quot;:0,&quot;endIncrement&quot;:0,&quot;var_name&quot;:&quot;flights2&quot;,&quot;category_label&quot;:{&quot;en&quot;:&quot;Flights&quot;,&quot;nl&quot;:&quot;Vluchten&quot;,&quot;fr&quot;:&quot;Vols&quot;,&quot;de&quot;:&quot;Deine Fl\\u00fcge&quot;}},{&quot;value&quot;:&quot;flights Brussels&quot;,&quot;label&quot;:{&quot;en&quot;:&quot;Flights from Brussels&quot;,&quot;nl&quot;:&quot;Vliegen vanuit Brussel&quot;,&quot;fr&quot;:&quot;Vols de Bruxelles&quot;,&quot;de&quot;:&quot;Ich fliege von Br\\u00fcssel aus&quot;},&quot;price&quot;:476,&quot;status&quot;:&quot;available&quot;,&quot;language_hidden&quot;:[],&quot;startIncrement&quot;:0,&quot;endIncrement&quot;:0,&quot;var_name&quot;:&quot;flights2&quot;,&quot;category_label&quot;:{&quot;en&quot;:&quot;Flights&quot;,&quot;nl&quot;:&quot;Vluchten&quot;,&quot;fr&quot;:&quot;Vols&quot;,&quot;de&quot;:&quot;Deine Fl\\u00fcge&quot;}},{&quot;value&quot;:&quot;no flights&quot;,&quot;label&quot;:{&quot;en&quot;:&quot;No flights&quot;,&quot;nl&quot;:&quot;Geen vluchten&quot;,&quot;fr&quot;:&quot;Pas de vol&quot;,&quot;de&quot;:&quot;Ich buche meine eigenen Fl\\u00fcge nach Reykjavik&quot;},&quot;price&quot;:0,&quot;status&quot;:&quot;available&quot;,&quot;language_hidden&quot;:[],&quot;startIncrement&quot;:0,&quot;endIncrement&quot;:0,&quot;var_name&quot;:&quot;flights2&quot;,&quot;category_label&quot;:{&quot;en&quot;:&quot;Flights&quot;,&quot;nl&quot;:&quot;Vluchten&quot;,&quot;fr&quot;:&quot;Vols&quot;,&quot;de&quot;:&quot;Deine Fl\\u00fcge&quot;}}],&quot;bookable&quot;:false,&quot;bookingUrl&quot;:&quot;https:\\\/\\\/booking.travelbase.eu\\\/albn26\\\/book?trip=10365&quot;,&quot;packageId&quot;:&quot;ALBN-AN25&quot;}},{&quot;type&quot;:&quot;departures&quot;,&quot;id&quot;:&quot;t11425&quot;,&quot;attributes&quot;:{&quot;name&quot;:&quot;ALBN26-W36-SAT&quot;,&quot;start&quot;:&quot;2026-09-05T10:00:00.000000Z&quot;,&quot;end&quot;:&quot;2026-09-12T12:00:00.000000Z&quot;,&quot;cheapestPrice&quot;:695,&quot;languages&quot;:[],&quot;availableSpots&quot;:6,&quot;bookedSpots&quot;:4,&quot;fakeLabel&quot;:&quot;&quot;,&quot;availabilityLabel&quot;:&quot;&quot;,&quot;promoLabel&quot;:&quot;&quot;,&quot;calendarToggles&quot;:[{&quot;value&quot;:&quot;flights Amsterdam&quot;,&quot;label&quot;:{&quot;en&quot;:&quot;Flights from Amsterdam&quot;,&quot;nl&quot;:&quot;Vliegen vanuit Amsterdam&quot;,&quot;fr&quot;:&quot;Vols d&#039;Amsterdam&quot;,&quot;de&quot;:&quot;Ich fliege von Amsterdam aus&quot;},&quot;price&quot;:633,&quot;status&quot;:&quot;available&quot;,&quot;language_hidden&quot;:[],&quot;startIncrement&quot;:0,&quot;endIncrement&quot;:0,&quot;var_name&quot;:&quot;flights2&quot;,&quot;category_label&quot;:{&quot;en&quot;:&quot;Flights&quot;,&quot;nl&quot;:&quot;Vluchten&quot;,&quot;fr&quot;:&quot;Vols&quot;,&quot;de&quot;:&quot;Deine Fl\\u00fcge&quot;}},{&quot;value&quot;:&quot;flights Paris&quot;,&quot;label&quot;:{&quot;en&quot;:&quot;Flights from Paris&quot;,&quot;nl&quot;:&quot;Vliegen vanuit Parijs&quot;,&quot;fr&quot;:&quot;Vols de Paris&quot;,&quot;de&quot;:&quot;Ich fliege von Paris aus&quot;},&quot;price&quot;:561,&quot;status&quot;:&quot;available&quot;,&quot;language_hidden&quot;:[],&quot;startIncrement&quot;:0,&quot;endIncrement&quot;:0,&quot;var_name&quot;:&quot;flights2&quot;,&quot;category_label&quot;:{&quot;en&quot;:&quot;Flights&quot;,&quot;nl&quot;:&quot;Vluchten&quot;,&quot;fr&quot;:&quot;Vols&quot;,&quot;de&quot;:&quot;Deine Fl\\u00fcge&quot;}},{&quot;value&quot;:&quot;flights Brussels&quot;,&quot;label&quot;:{&quot;en&quot;:&quot;Flights from Brussels&quot;,&quot;nl&quot;:&quot;Vliegen vanuit Brussel&quot;,&quot;fr&quot;:&quot;Vols de Bruxelles&quot;,&quot;de&quot;:&quot;Ich fliege von Br\\u00fcssel aus&quot;},&quot;price&quot;:615,&quot;status&quot;:&quot;available&quot;,&quot;language_hidden&quot;:[],&quot;startIncrement&quot;:0,&quot;endIncrement&quot;:0,&quot;var_name&quot;:&quot;flights2&quot;,&quot;category_label&quot;:{&quot;en&quot;:&quot;Flights&quot;,&quot;nl&quot;:&quot;Vluchten&quot;,&quot;fr&quot;:&quot;Vols&quot;,&quot;de&quot;:&quot;Deine Fl\\u00fcge&quot;}},{&quot;value&quot;:&quot;no flights&quot;,&quot;label&quot;:{&quot;en&quot;:&quot;No flights&quot;,&quot;nl&quot;:&quot;Geen vluchten&quot;,&quot;fr&quot;:&quot;Pas de vol&quot;,&quot;de&quot;:&quot;Ich buche meine eigenen Fl\\u00fcge nach Reykjavik&quot;},&quot;price&quot;:0,&quot;status&quot;:&quot;available&quot;,&quot;language_hidden&quot;:[],&quot;startIncrement&quot;:0,&quot;endIncrement&quot;:0,&quot;var_name&quot;:&quot;flights2&quot;,&quot;category_label&quot;:{&quot;en&quot;:&quot;Flights&quot;,&quot;nl&quot;:&quot;Vluchten&quot;,&quot;fr&quot;:&quot;Vols&quot;,&quot;de&quot;:&quot;Deine Fl\\u00fcge&quot;}}],&quot;bookable&quot;:true,&quot;bookingUrl&quot;:&quot;https:\\\/\\\/booking.travelbase.eu\\\/albn26\\\/book?trip=11425&quot;,&quot;packageId&quot;:&quot;ALBN-AN25&quot;}},{&quot;type&quot;:&quot;departures&quot;,&quot;id&quot;:&quot;t11427&quot;,&quot;attributes&quot;:{&quot;name&quot;:&quot;ALBN26-W37-WED&quot;,&quot;start&quot;:&quot;2026-09-09T10:00:00.000000Z&quot;,&quot;end&quot;:&quot;2026-09-16T12:00:00.000000Z&quot;,&quot;cheapestPrice&quot;:695,&quot;languages&quot;:[],&quot;availableSpots&quot;:0,&quot;bookedSpots&quot;:8,&quot;fakeLabel&quot;:&quot;sold out&quot;,&quot;availabilityLabel&quot;:&quot;sold out&quot;,&quot;promoLabel&quot;:&quot;&quot;,&quot;calendarToggles&quot;:[{&quot;value&quot;:&quot;flights Amsterdam&quot;,&quot;label&quot;:{&quot;en&quot;:&quot;Flights from Amsterdam&quot;,&quot;nl&quot;:&quot;Vliegen vanuit Amsterdam&quot;,&quot;fr&quot;:&quot;Vols d&#039;Amsterdam&quot;,&quot;de&quot;:&quot;Ich fliege von Amsterdam aus&quot;},&quot;price&quot;:473,&quot;status&quot;:&quot;available&quot;,&quot;language_hidden&quot;:[],&quot;startIncrement&quot;:0,&quot;endIncrement&quot;:0,&quot;var_name&quot;:&quot;flights2&quot;,&quot;category_label&quot;:{&quot;en&quot;:&quot;Flights&quot;,&quot;nl&quot;:&quot;Vluchten&quot;,&quot;fr&quot;:&quot;Vols&quot;,&quot;de&quot;:&quot;Deine Fl\\u00fcge&quot;}},{&quot;value&quot;:&quot;flights Paris&quot;,&quot;label&quot;:{&quot;en&quot;:&quot;Flights from Paris&quot;,&quot;nl&quot;:&quot;Vliegen vanuit Parijs&quot;,&quot;fr&quot;:&quot;Vols de Paris&quot;,&quot;de&quot;:&quot;Ich fliege von Paris aus&quot;},&quot;price&quot;:415,&quot;status&quot;:&quot;available&quot;,&quot;language_hidden&quot;:[],&quot;startIncrement&quot;:0,&quot;endIncrement&quot;:0,&quot;var_name&quot;:&quot;flights2&quot;,&quot;category_label&quot;:{&quot;en&quot;:&quot;Flights&quot;,&quot;nl&quot;:&quot;Vluchten&quot;,&quot;fr&quot;:&quot;Vols&quot;,&quot;de&quot;:&quot;Deine Fl\\u00fcge&quot;}},{&quot;value&quot;:&quot;flights Brussels&quot;,&quot;label&quot;:{&quot;en&quot;:&quot;Flights from Brussels&quot;,&quot;nl&quot;:&quot;Vliegen vanuit Brussel&quot;,&quot;fr&quot;:&quot;Vols de Bruxelles&quot;,&quot;de&quot;:&quot;Ich fliege von Br\\u00fcssel aus&quot;},&quot;price&quot;:458,&quot;status&quot;:&quot;available&quot;,&quot;language_hidden&quot;:[],&quot;startIncrement&quot;:0,&quot;endIncrement&quot;:0,&quot;var_name&quot;:&quot;flights2&quot;,&quot;category_label&quot;:{&quot;en&quot;:&quot;Flights&quot;,&quot;nl&quot;:&quot;Vluchten&quot;,&quot;fr&quot;:&quot;Vols&quot;,&quot;de&quot;:&quot;Deine Fl\\u00fcge&quot;}},{&quot;value&quot;:&quot;no flights&quot;,&quot;label&quot;:{&quot;en&quot;:&quot;No flights&quot;,&quot;nl&quot;:&quot;Geen vluchten&quot;,&quot;fr&quot;:&quot;Pas de vol&quot;,&quot;de&quot;:&quot;Ich buche meine eigenen Fl\\u00fcge nach Reykjavik&quot;},&quot;price&quot;:0,&quot;status&quot;:&quot;available&quot;,&quot;language_hidden&quot;:[],&quot;startIncrement&quot;:0,&quot;endIncrement&quot;:0,&quot;var_name&quot;:&quot;flights2&quot;,&quot;category_label&quot;:{&quot;en&quot;:&quot;Flights&quot;,&quot;nl&quot;:&quot;Vluchten&quot;,&quot;fr&quot;:&quot;Vols&quot;,&quot;de&quot;:&quot;Deine Fl\\u00fcge&quot;}}],&quot;bookable&quot;:false,&quot;bookingUrl&quot;:&quot;https:\\\/\\\/booking.travelbase.eu\\\/albn26\\\/book?trip=11427&quot;,&quot;packageId&quot;:&quot;ALBN-AN25&quot;}},{&quot;type&quot;:&quot;departures&quot;,&quot;id&quot;:&quot;t11426&quot;,&quot;attributes&quot;:{&quot;name&quot;:&quot;ALBN26-W37-SAT&quot;,&quot;start&quot;:&quot;2026-09-12T10:00:00.000000Z&quot;,&quot;end&quot;:&quot;2026-09-19T12:00:00.000000Z&quot;,&quot;cheapestPrice&quot;:695,&quot;languages&quot;:[],&quot;availableSpots&quot;:0,&quot;bookedSpots&quot;:8,&quot;fakeLabel&quot;:&quot;sold out&quot;,&quot;availabilityLabel&quot;:&quot;sold out&quot;,&quot;promoLabel&quot;:&quot;&quot;,&quot;calendarToggles&quot;:[{&quot;value&quot;:&quot;flights Amsterdam&quot;,&quot;label&quot;:{&quot;en&quot;:&quot;Flights from Amsterdam&quot;,&quot;nl&quot;:&quot;Vliegen vanuit Amsterdam&quot;,&quot;fr&quot;:&quot;Vols d&#039;Amsterdam&quot;,&quot;de&quot;:&quot;Ich fliege von Amsterdam aus&quot;},&quot;price&quot;:586,&quot;status&quot;:&quot;available&quot;,&quot;language_hidden&quot;:[],&quot;startIncrement&quot;:0,&quot;endIncrement&quot;:0,&quot;var_name&quot;:&quot;flights2&quot;,&quot;category_label&quot;:{&quot;en&quot;:&quot;Flights&quot;,&quot;nl&quot;:&quot;Vluchten&quot;,&quot;fr&quot;:&quot;Vols&quot;,&quot;de&quot;:&quot;Deine Fl\\u00fcge&quot;}},{&quot;value&quot;:&quot;flights Paris&quot;,&quot;label&quot;:{&quot;en&quot;:&quot;Flights from Paris&quot;,&quot;nl&quot;:&quot;Vliegen vanuit Parijs&quot;,&quot;fr&quot;:&quot;Vols de Paris&quot;,&quot;de&quot;:&quot;Ich fliege von Paris aus&quot;},&quot;price&quot;:545,&quot;status&quot;:&quot;available&quot;,&quot;language_hidden&quot;:[],&quot;startIncrement&quot;:0,&quot;endIncrement&quot;:0,&quot;var_name&quot;:&quot;flights2&quot;,&quot;category_label&quot;:{&quot;en&quot;:&quot;Flights&quot;,&quot;nl&quot;:&quot;Vluchten&quot;,&quot;fr&quot;:&quot;Vols&quot;,&quot;de&quot;:&quot;Deine Fl\\u00fcge&quot;}},{&quot;value&quot;:&quot;flights Brussels&quot;,&quot;label&quot;:{&quot;en&quot;:&quot;Flights from Brussels&quot;,&quot;nl&quot;:&quot;Vliegen vanuit Brussel&quot;,&quot;fr&quot;:&quot;Vols de Bruxelles&quot;,&quot;de&quot;:&quot;Ich fliege von Br\\u00fcssel aus&quot;},&quot;price&quot;:547,&quot;status&quot;:&quot;available&quot;,&quot;language_hidden&quot;:[],&quot;startIncrement&quot;:0,&quot;endIncrement&quot;:0,&quot;var_name&quot;:&quot;flights2&quot;,&quot;category_label&quot;:{&quot;en&quot;:&quot;Flights&quot;,&quot;nl&quot;:&quot;Vluchten&quot;,&quot;fr&quot;:&quot;Vols&quot;,&quot;de&quot;:&quot;Deine Fl\\u00fcge&quot;}},{&quot;value&quot;:&quot;no flights&quot;,&quot;label&quot;:{&quot;en&quot;:&quot;No flights&quot;,&quot;nl&quot;:&quot;Geen vluchten&quot;,&quot;fr&quot;:&quot;Pas de vol&quot;,&quot;de&quot;:&quot;Ich buche meine eigenen Fl\\u00fcge nach Reykjavik&quot;},&quot;price&quot;:0,&quot;status&quot;:&quot;available&quot;,&quot;language_hidden&quot;:[],&quot;startIncrement&quot;:0,&quot;endIncrement&quot;:0,&quot;var_name&quot;:&quot;flights2&quot;,&quot;category_label&quot;:{&quot;en&quot;:&quot;Flights&quot;,&quot;nl&quot;:&quot;Vluchten&quot;,&quot;fr&quot;:&quot;Vols&quot;,&quot;de&quot;:&quot;Deine Fl\\u00fcge&quot;}}],&quot;bookable&quot;:false,&quot;bookingUrl&quot;:&quot;https:\\\/\\\/booking.travelbase.eu\\\/albn26\\\/book?trip=11426&quot;,&quot;packageId&quot;:&quot;ALBN-AN25&quot;}},{&quot;type&quot;:&quot;departures&quot;,&quot;id&quot;:&quot;t11428&quot;,&quot;attributes&quot;:{&quot;name&quot;:&quot;ALBN26-W38-WED&quot;,&quot;start&quot;:&quot;2026-09-16T10:00:00.000000Z&quot;,&quot;end&quot;:&quot;2026-09-23T12:00:00.000000Z&quot;,&quot;cheapestPrice&quot;:695,&quot;languages&quot;:[],&quot;availableSpots&quot;:0,&quot;bookedSpots&quot;:8,&quot;fakeLabel&quot;:&quot;sold out&quot;,&quot;availabilityLabel&quot;:&quot;sold out&quot;,&quot;promoLabel&quot;:&quot;&quot;,&quot;calendarToggles&quot;:[{&quot;value&quot;:&quot;flights Amsterdam&quot;,&quot;label&quot;:{&quot;en&quot;:&quot;Flights from Amsterdam&quot;,&quot;nl&quot;:&quot;Vliegen vanuit Amsterdam&quot;,&quot;fr&quot;:&quot;Vols d&#039;Amsterdam&quot;,&quot;de&quot;:&quot;Ich fliege von Amsterdam aus&quot;},&quot;price&quot;:448,&quot;status&quot;:&quot;available&quot;,&quot;language_hidden&quot;:[],&quot;startIncrement&quot;:0,&quot;endIncrement&quot;:0,&quot;var_name&quot;:&quot;flights2&quot;,&quot;category_label&quot;:{&quot;en&quot;:&quot;Flights&quot;,&quot;nl&quot;:&quot;Vluchten&quot;,&quot;fr&quot;:&quot;Vols&quot;,&quot;de&quot;:&quot;Deine Fl\\u00fcge&quot;}},{&quot;value&quot;:&quot;flights Paris&quot;,&quot;label&quot;:{&quot;en&quot;:&quot;Flights from Paris&quot;,&quot;nl&quot;:&quot;Vliegen vanuit Parijs&quot;,&quot;fr&quot;:&quot;Vols de Paris&quot;,&quot;de&quot;:&quot;Ich fliege von Paris aus&quot;},&quot;price&quot;:415,&quot;status&quot;:&quot;available&quot;,&quot;language_hidden&quot;:[],&quot;startIncrement&quot;:0,&quot;endIncrement&quot;:0,&quot;var_name&quot;:&quot;flights2&quot;,&quot;category_label&quot;:{&quot;en&quot;:&quot;Flights&quot;,&quot;nl&quot;:&quot;Vluchten&quot;,&quot;fr&quot;:&quot;Vols&quot;,&quot;de&quot;:&quot;Deine Fl\\u00fcge&quot;}},{&quot;value&quot;:&quot;flights Brussels&quot;,&quot;label&quot;:{&quot;en&quot;:&quot;Flights from Brussels&quot;,&quot;nl&quot;:&quot;Vliegen vanuit Brussel&quot;,&quot;fr&quot;:&quot;Vols de Bruxelles&quot;,&quot;de&quot;:&quot;Ich fliege von Br\\u00fcssel aus&quot;},&quot;price&quot;:458,&quot;status&quot;:&quot;available&quot;,&quot;language_hidden&quot;:[],&quot;startIncrement&quot;:0,&quot;endIncrement&quot;:0,&quot;var_name&quot;:&quot;flights2&quot;,&quot;category_label&quot;:{&quot;en&quot;:&quot;Flights&quot;,&quot;nl&quot;:&quot;Vluchten&quot;,&quot;fr&quot;:&quot;Vols&quot;,&quot;de&quot;:&quot;Deine Fl\\u00fcge&quot;}},{&quot;value&quot;:&quot;no flights&quot;,&quot;label&quot;:{&quot;en&quot;:&quot;No flights&quot;,&quot;nl&quot;:&quot;Geen vluchten&quot;,&quot;fr&quot;:&quot;Pas de vol&quot;,&quot;de&quot;:&quot;Ich buche meine eigenen Fl\\u00fcge nach Reykjavik&quot;},&quot;price&quot;:0,&quot;status&quot;:&quot;available&quot;,&quot;language_hidden&quot;:[],&quot;startIncrement&quot;:0,&quot;endIncrement&quot;:0,&quot;var_name&quot;:&quot;flights2&quot;,&quot;category_label&quot;:{&quot;en&quot;:&quot;Flights&quot;,&quot;nl&quot;:&quot;Vluchten&quot;,&quot;fr&quot;:&quot;Vols&quot;,&quot;de&quot;:&quot;Deine Fl\\u00fcge&quot;}}],&quot;bookable&quot;:false,&quot;bookingUrl&quot;:&quot;https:\\\/\\\/booking.travelbase.eu\\\/albn26\\\/book?trip=11428&quot;,&quot;packageId&quot;:&quot;ALBN-AN25&quot;}}]}\" data-summary-content=\"Pour confirmer votre inscription, nous vous demandons de verser un acompte de 35% dans les 5 jours.\" data-summary-inclusive='[{&quot;remark&quot;:&quot;Un SUV enti\\u00e8rement \\u00e9quip\\u00e9 avec tente de toit.&quot;,&quot;rowid&quot;:&quot;68496aed6bbfe&quot;},{&quot;remark&quot;:&quot;7 nuits dans des campings uniques.&quot;,&quot;rowid&quot;:&quot;68496aed6bc1d&quot;},{&quot;remark&quot;:&quot;Un carnet de route d\\u00e9taill\\u00e9 avec l&#039;itin\\u00e9raire complet, des explications sur chaque journ\\u00e9e et des conseils et astuces utiles.&quot;,&quot;rowid&quot;:&quot;68496aed6bc3a&quot;},{&quot;remark&quot;:&quot;Acc\\u00e8s \\u00e0 une application exclusive contenant toutes sortes d&#039;informations et une carte interactive.&quot;,&quot;rowid&quot;:&quot;68496aed6bc56&quot;},{&quot;remark&quot;:&quot;Mat\\u00e9riel de couchage : un matelas double, sacs de couchage et des oreillers.&quot;,&quot;rowid&quot;:&quot;68496aed6bc71&quot;},{&quot;remark&quot;:&quot;Mat\\u00e9riel de camping : une table de camping et des tabourets.&quot;,&quot;rowid&quot;:&quot;68496aed6bc8c&quot;},{&quot;remark&quot;:&quot;Mat\\u00e9riel de cuisine : une po\\u00eale, une casserole, une gazini\\u00e8re, des assiettes et des tasses.&quot;,&quot;rowid&quot;:&quot;68496aed6bca7&quot;},{&quot;remark&quot;:&quot;Assistance avant et pendant votre voyage.&quot;,&quot;rowid&quot;:&quot;68496aed6bcca&quot;}]'><\/div>\n        <\/div>\n    <\/div>\n\n\n\n<div class=\" tb-reviewroll tb-block align-center background-light pattern-none variant-none tb-collapsible-margins\" id=\"reviews\">\n\t\t<div class=\"inner-block tb-fade-in tb-fade-in--subtle\">\n\t\t<div class=\"text-part\">\n\t\t\t<h2>Quelques retours des autres Nomads&#8230;<\/h2>\n\t\t<\/div>\n\n\t\t<div class=\"average-reviews-wrapper\" data-embed-social-id=\"b0ff53b6da69c89beca10ef7bb76aa0ece1708fa\" data-reviews-redirect-url=\"\">\n\t\t<\/div>\n\t<\/div>\n\t<div class=\"inner-block-full-width has-tb-carousel\">\n\t\t<!-- <div class=\"inner-block tb-fade-in tb-fade-in--subtle\"> -->\n\n\t\t<div class=\"reviews-wrapper\" data-embed-social-id=\"b0ff53b6da69c89beca10ef7bb76aa0ece1708fa\" data-per-page=\"5\" data-type-code=\"travelbase\"\">\n\t\t\t<div class=\" tb-ajax-loader\">\n\t\t<\/div>\n\t<\/div>\n\n\t<!-- <\/div> -->\n<\/div>\n<\/div>\n\n\n<div class=\"hide-some tb-faq tb-block align-center background-light pattern-default variant-none tb-collapsible-margins\" id=\"faq\">\n\t<div class=\"inner-block tb-fade-in tb-fade-in--subtle\">\n\t\t<div class=\"text-part\">\n\t\t\t<h2>FAQ<\/h2>\n\t\t\t\t\t<div class=\"translation-block\"><p>Voici quelques questions fr\u00e9quemment pos\u00e9es. Si vous en avez d\u2019autres, <a href=\"https:\/\/albanianomads.com\/fr\/contact\/\" target=\"_blank\" rel=\"noopener\">contactez-nous<\/a>.<\/p><\/div>\n\t\t\t<\/div>\n\t<\/div>\n\t<div class=\"inner-block\">\n\n\t\t\t\t\t<div class=\"faq-list tb-accordion tb-accordion--animation two-col\">\n\t\t\t\t\t\t\t\t\t<details class=\"details\">\n\t\t\t\t\t\t<summary class=\"summary\"><div>De quels documents ai-je besoin pour aller en Albanie ? <\/div><\/summary>\n\t\t\t\t\t\t<div class=\"content text-part\">\n\t\t\t\t\t\t\t\t\t<div class=\"translation-block\"><ul>\n<li>Une <b>carte d\u2019identit\u00e9<\/b> ou un <b>passeport<\/b> international en cours de validit\u00e9 jusqu\u2019\u00e0 6 mois apr\u00e8s votre retour.<\/li>\n<li>Un <b>permis de conduire<\/b> national, europ\u00e9en ou international.<\/li>\n<\/ul><\/div>\n\t\t\t\t\t\t\t<\/div>\n\t\t\t\t\t<\/details>\n\t\t\t\t\t\t\t\t\t<details class=\"details\">\n\t\t\t\t\t\t<summary class=\"summary\"><div>Quel \u00e2ge faut-il avoir pour conduire en Albanie ?<\/div><\/summary>\n\t\t\t\t\t\t<div class=\"content text-part\">\n\t\t\t\t\t\t\t\t\t<div class=\"translation-block\"><p>Pour ce voyage, vous devez \u00eatre \u00e2g\u00e9 d\u2019au moins <b>21 ans<\/b> et \u00eatre titulaire d\u2019un <b>permis de conduire depuis 2 ans<\/b>.<\/p><\/div>\n\t\t\t\t\t\t\t<\/div>\n\t\t\t\t\t<\/details>\n\t\t\t\t\t\t\t\t\t<details class=\"details\">\n\t\t\t\t\t\t<summary class=\"summary\"><div>Que contient le carnet de route ?<\/div><\/summary>\n\t\t\t\t\t\t<div class=\"content text-part\">\n\t\t\t\t\t\t\t\t\t<div class=\"translation-block\"><p>Le carnet de route contient <b>toutes les informations n\u00e9cessaires<\/b> pour une visite r\u00e9ussie en Albanie.<\/p>\n<p><b>L&rsquo;itin\u00e9raire complet<\/b> est trac\u00e9. Vous passerez par les endroits les plus connus de l\u2019Albanie, mais nous vous guiderons \u00e9galement vers des endroits cach\u00e9s, moins connus ne figurant pas encore sur les cartes de la plupart des guides touristiques. Nous vous proposons des \u00e9tapes, mais vous \u00eates libre de les suivre ou d\u2019y ajouter vos propres arr\u00eats.<\/p>\n<p>Il contient \u00e9galement une <b>s\u00e9rie d\u2019adresses uniques<\/b> o\u00f9 vous pouvez prendre un verre ou un repas le soir.<\/p><\/div>\n\t\t\t\t\t\t\t<\/div>\n\t\t\t\t\t<\/details>\n\t\t\t\t\t\t\t\t\t<details class=\"details\">\n\t\t\t\t\t\t<summary class=\"summary\"><div>Quels sont les frais additionnels ?<\/div><\/summary>\n\t\t\t\t\t\t<div class=\"content text-part\">\n\t\t\t\t\t\t\t\t\t<div class=\"translation-block\"><ul>\n<li><b>Carburant<\/b> : \u00b1 250\u20ac pour l\u2019ensemble du voyage.<\/li>\n<li><b>\u00c0 boire et \u00e0 manger<\/b> : plus d\u2019infos <a href=\"#info-block-3\">ci-dessus<\/a>.<\/li>\n<li><b>Tickets d\u2019entr\u00e9e<\/b> : \u00e0 certains sites touristiques.<\/li>\n<li><b>Parking<\/b> : dans les villes ou sites touristiques.<\/li>\n<\/ul><\/div>\n\t\t\t\t\t\t\t<\/div>\n\t\t\t\t\t<\/details>\n\t\t\t\t\t\t\t\t\t<details class=\"details\">\n\t\t\t\t\t\t<summary class=\"summary\"><div>Puis-je personnaliser le voyage \u00e0 ma guise ?<\/div><\/summary>\n\t\t\t\t\t\t<div class=\"content text-part\">\n\t\t\t\t\t\t\t\t\t<div class=\"translation-block\"><p>Nous proposons un road trip de 7 jours, enti\u00e8rement cartographi\u00e9, il n&rsquo;est donc <b>pas possible d&rsquo;ajuster la dur\u00e9e et le planning du voyage<\/b>.<\/p>\n<p>Vous \u00eates bien s\u00fbr <b>libre de prolonger<\/b> votre voyage de votre propre initiative en restant, par exemple, quelques jours en Albanie par la suite ou en vous rendant dans un autre pays.<\/p><\/div>\n\t\t\t\t\t\t\t<\/div>\n\t\t\t\t\t<\/details>\n\t\t\t\t\t\t\t\t\t<details class=\"details\">\n\t\t\t\t\t\t<summary class=\"summary\"><div>\u00c0 combien peut-on partir ?<\/div><\/summary>\n\t\t\t\t\t\t<div class=\"content text-part\">\n\t\t\t\t\t\t\t\t\t<div class=\"translation-block\"><p>Albania Nomads a \u00e9t\u00e9 sp\u00e9cialement con\u00e7u pour des <b>groupes de 2-3 personnes<\/b>.<\/p>\n<p>Vous souhaitez partir avec <b>plus de 2-3 personnes<\/b> ? C&rsquo;est possible, mais vous devrez former plusieurs petits groupes. Chaque groupe doit s&rsquo;inscrire s\u00e9par\u00e9ment et se verra attribuer sa propre voiture. N&rsquo;h\u00e9sitez pas \u00e0 <a href=\"mailto:info@albanianomads.com\" target=\"_blank\" rel=\"noopener\">nous contacter<\/a> \u00e0 l&rsquo;avance pour v\u00e9rifier les disponibilit\u00e9s.<\/p><\/div>\n\t\t\t\t\t\t\t<\/div>\n\t\t\t\t\t<\/details>\n\t\t\t\t\t\t\t\t\t<details class=\"details\">\n\t\t\t\t\t\t<summary class=\"summary\"><div>Puis-je faire ce road trip seul\u00b7e ?<\/div><\/summary>\n\t\t\t\t\t\t<div class=\"content text-part\">\n\t\t\t\t\t\t\t\t\t<div class=\"translation-block\"><p>Notre road trip n\u2019est malheureusement <b>pas con\u00e7u pour les voyageurs solo.<\/b> C\u2019est pourquoi nous recommandons de voyager \u00e0 au moins 2-3 personnes.<\/p>\n<p>De plus, les prix sont toujours calcul\u00e9s sur la base de 2-3 personnes. Il est possible de faire le road trip seul, mais dans ce cas, vous devrez <b>payer le double du prix de base<\/b>.<\/p><\/div>\n\t\t\t\t\t\t\t<\/div>\n\t\t\t\t\t<\/details>\n\t\t\t\t\t\t\t\t\t<details class=\"details\">\n\t\t\t\t\t\t<summary class=\"summary\"><div>Comment cela se passe-t-il au niveau du paiement ?<\/div><\/summary>\n\t\t\t\t\t\t<div class=\"content text-part\">\n\t\t\t\t\t\t\t\t\t<div class=\"translation-block\"><p>Dans les 5 jours suivant votre inscription, vous devrez <b>verser un acompte de 35 % pour confirmer<\/b> votre voyage. Ensuite, vous avez <b>jusqu&rsquo;\u00e0 45 jours avant le d\u00e9part pour modifier vos options et payer le solde<\/b>. En cas de modification de vos options, le montant total sera recalcul\u00e9 automatiquement.<\/p>\n<p>Si vous n\u2019avez pas opt\u00e9 pour la couverture d\u00e9g\u00e2ts, vous devrez \u00e9galement <b>verser une caution<\/b> avant le d\u00e9part (plus d\u2019infos dans <a href=\"#options\">la section assurance<\/a>).<\/p>\n<p>Il existe <b>diff\u00e9rentes options de paiement<\/b>. Votre paiement a \u00e9chou\u00e9 ? Il s&rsquo;agit probablement d&rsquo;une erreur lors de l&rsquo;introduction du num\u00e9ro de r\u00e9f\u00e9rence ou d&rsquo;un d\u00e9passement de la limite de votre compte.<\/p><\/div>\n\t\t\t\t\t\t\t<\/div>\n\t\t\t\t\t<\/details>\n\t\t\t\t\t\t\t\t\t<details class=\"details\">\n\t\t\t\t\t\t<summary class=\"summary\"><div>Est-ce que je peux encore annuler mon voyage ?<\/div><\/summary>\n\t\t\t\t\t\t<div class=\"content text-part\">\n\t\t\t\t\t\t\t\t\t<div class=\"translation-block\"><p>Il est toujours possible d&rsquo;annuler votre voyage. Consultez nos <a href=\"https:\/\/static.travelbase.eu\/u\/source\/Nomads_Trips\/NOMADS_CANCELLATION_INSURANCE_FR.pdf?_gl=1*1ciima0*_gcl_au*MTM3MjgyODY0Ny4xNzI3NzcyOTgyLjI4MjU4NjI1OS4xNzI4OTgyODgxLjE3Mjg5ODI4ODA.*_ga*MTQzMjE4NDU2NS4xNjkyODczMDY4*_ga_MNM1Z0RZ2L*MTcyODk4Mjg4MC4yMzQuMC4xNzI4OTgyODgwLjAuMC43NzkxMjM1MzE.\" target=\"_blank\" rel=\"noopener\">conditions d&rsquo;annulation<\/a> ou d\u00e9couvrez nos <b>conditions ultra-flexibles<\/b> valables jusqu&rsquo;au 01\/03\/2026.<\/p><\/div>\n\t\t\t\t\t\t\t<\/div>\n\t\t\t\t\t<\/details>\n\t\t\t\t\t\t\t\t\t<details class=\"details\">\n\t\t\t\t\t\t<summary class=\"summary\"><div>Y a-t-il une assistance sur place ?<\/div><\/summary>\n\t\t\t\t\t\t<div class=\"content text-part\">\n\t\t\t\t\t\t\t\t\t<div class=\"translation-block\"><p>Pendant votre voyage, vous trouverez toutes les informations utiles dans notre <a href=\"https:\/\/albanianomads.com\/fr\/app\/\" target=\"_blank\" rel=\"noopener\">application<\/a>.<\/p>\n<p>De plus, juste avant votre d\u00e9part, vous aurez acc\u00e8s \u00e0 un <strong>chat dans l\u2019app<\/strong> avec tous les participants partant \u00e0 la m\u00eame date. Dans ce chat, vous pourrez communiquer entre vous. En cas de probl\u00e8me, notre partenaire auto ainsi qu\u2019un membre de l\u2019\u00e9quipe restent \u00e0 votre disposition.<\/p><\/div>\n\t\t\t\t\t\t\t<\/div>\n\t\t\t\t\t<\/details>\n\t\t\t\t\t\t\t\t\t<details class=\"details\">\n\t\t\t\t\t\t<summary class=\"summary\"><div>Envie de voyager de mani\u00e8re plus responsable ?<\/div><\/summary>\n\t\t\t\t\t\t<div class=\"content text-part\">\n\t\t\t\t\t\t\t\t\t<div class=\"translation-block\"><p>La plan\u00e8te nous offre tant de beaut\u00e9s \u00e0 admirer, mais si nous voulons encore pouvoir le faire \u00e0 l&rsquo;avenir, nous devons la prot\u00e9ger aujourd&rsquo;hui. C&rsquo;est pourquoi nous faisons des efforts suppl\u00e9mentaires pour r\u00e9duire l&rsquo;impact de nos voyages, et tu peux, via le formulaire de r\u00e9servation, contribuer de mani\u00e8re fiable \u00e0 un projet climatique de <a href=\"https:\/\/butterfly-foundation.org\/partners\/greentripper\">Greentripper<\/a>, ce qui permet de r\u00e9\u00e9quilibrer les \u00e9missions de CO2 de ton transport.<\/p>\n<p>En contribuant \u00e0 leur projet certifi\u00e9 en Ouganda, tu aides \u00e0 la distribution de foyers de cuisson plus efficaces qui r\u00e9duisent consid\u00e9rablement la consommation de combustible. Cette initiative de 11 projets locaux prot\u00e8ge les for\u00eats vuln\u00e9rables de la d\u00e9forestation, am\u00e9liore la sant\u00e9 des familles gr\u00e2ce \u00e0 une meilleure qualit\u00e9 de l&rsquo;air int\u00e9rieur et stimule l&rsquo;\u00e9conomie locale en cr\u00e9ant des emplois. Le projet est certifi\u00e9 Gold Standard, ce qui garantit les normes internationales les plus \u00e9lev\u00e9es en mati\u00e8re d&rsquo;int\u00e9grit\u00e9 environnementale.<\/p>\n<p>Si tu choisis de verser une contribution pour les \u00e9missions de ton transport, Travelbase contribuera elle-m\u00eame davantage pour les \u00e9missions sur place. Apr\u00e8s ton voyage, tu recevras un certificat officiel de cr\u00e9dit carbone.<\/p>\n<p>Pour en savoir plus sur les efforts et actions mises en place par Travelbase, consulte la page <a href=\"https:\/\/travelbase.fr\/fr\/impact\">travelbase.fr\/impact<\/a>.<\/p><\/div>\n\t\t\t\t\t\t\t<\/div>\n\t\t\t\t\t<\/details>\n\t\t\t\t\t\t\t\t\t<details class=\"details\">\n\t\t\t\t\t\t<summary class=\"summary\"><div>Quelles sont les conditions d\u2019annulation ultra-flexibles ?<\/div><\/summary>\n\t\t\t\t\t\t<div class=\"content text-part\">\n\t\t\t\t\t\t\t\t\t<div class=\"translation-block\"><p>Avec l\u2019option de r\u00e9servation ultra flexible, vous pouvez&nbsp;<strong>d\u00e9placer votre voyage dans la m\u00eame ann\u00e9e en fonction de la disponibilit\u00e9, ou l\u2019annuler gratuitement<\/strong>&nbsp;(y compris les vols) jusqu\u2019au 01\/03\/2026. Cette option est disponible gratuitement pour les personnes qui ont r\u00e9serv\u00e9 dans les premi\u00e8res semaines.<\/p><\/div>\n\t\t\t\t\t\t\t<\/div>\n\t\t\t\t\t<\/details>\n\t\t\t\t\t\t\t\t\t<details class=\"details\">\n\t\t\t\t\t\t<summary class=\"summary\"><div>Si je ne paie pas l\u2019acompte dans les 5 jours, mon voyage sera-t-il annul\u00e9 ?<\/div><\/summary>\n\t\t\t\t\t\t<div class=\"content text-part\">\n\t\t\t\t\t\t\t\t\t<div class=\"translation-block\"><p>Oui, votre r\u00e9servation sera automatiquement annul\u00e9e si l\u2019acompte n\u2019est pas pay\u00e9 \u00e0 temps. Cela nous permet de lib\u00e9rer les places pour d\u2019autres voyageurs. Vous pouvez bien s\u00fbr r\u00e9server \u00e0 nouveau s\u2019il reste des disponibilit\u00e9s.<\/p><\/div>\n\t\t\t\t\t\t\t<\/div>\n\t\t\t\t\t<\/details>\n\t\t\t\t\t\t\t\t\t<details class=\"details\">\n\t\t\t\t\t\t<summary class=\"summary\"><div>Puis-je uniquement r\u00e9server des campings ou louer une voiture via Albania Nomads ?<\/div><\/summary>\n\t\t\t\t\t\t<div class=\"content text-part\">\n\t\t\t\t\t\t\t\t\t<div class=\"translation-block\"><p>Non, il n\u2019est pas possible de r\u00e9server uniquement des campings ou de louer une voiture s\u00e9par\u00e9ment. Le voyage est propos\u00e9 sous forme de package complet afin de garantir une exp\u00e9rience fluide et sans souci.<\/p><\/div>\n\t\t\t\t\t\t\t<\/div>\n\t\t\t\t\t<\/details>\n\t\t\t\t\t\t\t\t\t<details class=\"details\">\n\t\t\t\t\t\t<summary class=\"summary\"><div>Puis-je faire ce voyage avec mon propre v\u00e9hicule ?<\/div><\/summary>\n\t\t\t\t\t\t<div class=\"content text-part\">\n\t\t\t\t\t\t\t\t\t<div class=\"translation-block\"><p>Non, il n\u2019est pas possible de participer avec votre propre voiture ou camping-car. Vous r\u00e9servez un voyage tout compris avec nous.<\/p><\/div>\n\t\t\t\t\t\t\t<\/div>\n\t\t\t\t\t<\/details>\n\t\t\t\t\t\t\t\t\t<details class=\"details\">\n\t\t\t\t\t\t<summary class=\"summary\"><div>Puis-je faire ce roadtrip avec des enfants et paient-ils le m\u00eame prix ?<\/div><\/summary>\n\t\t\t\t\t\t<div class=\"content text-part\">\n\t\t\t\t\t\t\t\t\t<div class=\"translation-block\"><p>Oui, bien s\u00fbr. Gardez toutefois \u00e0 l\u2019esprit qu\u2019il s\u2019agit d\u2019un road trip aventureux. Vous serez sur la route environ 3 \u00e0 4 heures par jour. Un maximum de 3 personnes est autoris\u00e9 par voiture. Les jeunes enfants jusqu\u2019\u00e0 8 ans peuvent dormir avec les parents dans la tente de toit. Pour les enfants de plus de 8 ans, une tente suppl\u00e9mentaire au sol est pr\u00e9vue.<\/p>\n<p>Si vous participez \u00e0 3 personnes, vous b\u00e9n\u00e9ficiez d\u2019une r\u00e9duction de 250 \u20ac sur votre r\u00e9servation. Si la troisi\u00e8me personne a moins de 7 ans, la r\u00e9duction est de 500 \u20ac.<\/p><\/div>\n\t\t\t\t\t\t\t<\/div>\n\t\t\t\t\t<\/details>\n\t\t\t\t\t\t\t\t\t<details class=\"details\">\n\t\t\t\t\t\t<summary class=\"summary\"><div>Est-ce que l&rsquo;Albanie est une destination s\u00fbre?<\/div><\/summary>\n\t\t\t\t\t\t<div class=\"content text-part\">\n\t\t\t\t\t\t\t\t\t<div class=\"translation-block\"><p>Oui, l\u2019Albanie est g\u00e9n\u00e9ralement une destination s\u00fbre. Les Albanais sont tr\u00e8s accueillants et serviables. Comme partout, il est important de faire preuve de bon sens et de prendre les pr\u00e9cautions habituelles.<\/p><\/div>\n\t\t\t\t\t\t\t<\/div>\n\t\t\t\t\t<\/details>\n\t\t\t\t\t\t\t\t\t<details class=\"details\">\n\t\t\t\t\t\t<summary class=\"summary\"><div>Combien de personnes peuvent monter dans la voiture ?<\/div><\/summary>\n\t\t\t\t\t\t<div class=\"content text-part\">\n\t\t\t\t\t\t\t\t\t<div class=\"translation-block\"><p>Chaque voiture peut accueillir 3 personnes ainsi que les bagages n\u00e9cessaires.<\/p><\/div>\n\t\t\t\t\t\t\t<\/div>\n\t\t\t\t\t<\/details>\n\t\t\t\t\t\t\t\t\t<details class=\"details\">\n\t\t\t\t\t\t<summary class=\"summary\"><div>Est-ce que conduire en Albanie est difficile ?<\/div><\/summary>\n\t\t\t\t\t\t<div class=\"content text-part\">\n\t\t\t\t\t\t\t\t\t<div class=\"translation-block\"><p>Conduire en Albanie est tout \u00e0 fait accessible, m\u00eame sans exp\u00e9rience particuli\u00e8re. Les routes se sont beaucoup am\u00e9lior\u00e9es ces derni\u00e8res ann\u00e9es, surtout sur les grands axes.<\/p>\n<p>Certaines portions peuvent \u00eatre un peu plus aventureuses, notamment en montagne, mais cela fait aussi partie du charme du voyage.<\/p>\n<p>Les locaux ont parfois leur propre style de conduite, mais tant que vous conduisez calmement et prudemment, c\u2019est tout \u00e0 fait faisable.<\/p><\/div>\n\t\t\t\t\t\t\t<\/div>\n\t\t\t\t\t<\/details>\n\t\t\t\t\t\t\t\t\t<details class=\"details\">\n\t\t\t\t\t\t<summary class=\"summary\"><div>Y a-t-il des installations sanitaires sur chaque camping ?<\/div><\/summary>\n\t\t\t\t\t\t<div class=\"content text-part\">\n\t\t\t\t\t\t\t\t\t<div class=\"translation-block\"><p>Oui, tous les campings disposent d\u2019installations sanitaires de base telles que des toilettes et des douches. Les \u00e9quipements peuvent varier selon les sites.<\/p><\/div>\n\t\t\t\t\t\t\t<\/div>\n\t\t\t\t\t<\/details>\n\t\t\t\t\t\t\t<\/div>\n\t\t\t\t<div class=\"load-more-faqs-container\">\n\t\t\t<div class=\"load-more-faqs-link\">\n\t\t\t\t<a href=\"#\" class=\"tb-buttonlink-with-icon load-more\">\n\t\t\t\t\t<span>Montrer plus de FAQ<\/span>\n\t\t\t\t\t<i class=\"icon fa fa-plus\"><\/i>\n\t\t\t\t<\/a>\n\t\t\t\t<a href=\"#\" class=\"tb-buttonlink-with-icon load-less\">\n\t\t\t\t\t<span>Montrer moins de FAQ<\/span>\n\t\t\t\t\t<i class=\"icon fa fa-minus\"><\/i>\n\t\t\t\t<\/a>\n\t\t\t<\/div>\n\t\t<\/div>\n\t<\/div>\n\t\t\t<div class=\"inner-block tb-fade-in tb-fade-in--subtle\">\n\t\t\t<div class=\"faq-footer text-part\">\n\t\t\t\t<h3>D&rsquo;autres questions ?<\/h3>\t\t\t\t\t\t\t\t\t\t\t\t\t\t\t\t\t<a href=\"https:\/\/albn.travelblox.eu\/contact\/\" class=\"tb-buttonlink-with-icon\">\n\t\t\t\t\t\t<span>Contactez-nous<\/span>\n\t\t\t\t\t\t<i class=\"icon fa fa-arrow-right\"><\/i>\n\t\t\t\t\t<\/a>\n\t\t\t\t\t\t\t<\/div>\n\t\t<\/div>\n\t<\/div>\n\n\n\n\n<div class=\" tb-blog tb-block align-center background-light pattern-none variant-none tb-collapsible-margins\" id=\"blog\">\n    <div class=\"inner-block tb-fade-in tb-fade-in--subtle\">\n        <div class=\"text-part\">\n            <h2>Conseils &amp; astuces<\/h2>\n                    <\/div>\n    <\/div>\n    <div class=\"tb-sections tb-fade-in tb-fade-in--subtle \">\n                    \t\t<div class=\"inner-block-full-width has-tb-carousel \" >\n\t\t\t<div class=\"tb-carousel-container\">\n\t\t\t\t<div class=\"entries tb-cards\" data-slider-first=\"1\">\n\t\t\t\t                                                <a class=\"tb-card entry \" href=\"https:\/\/www.trekkingetvoyage.com\/roadtrip-en-albanie\/\"  target=\"_blank\">\n                                                            <div class=\"tb-image-part\">\n                                                                                                                <img src='https:\/\/albn.travelblox.eu\/wp-content\/uploads\/sites\/115\/2025\/10\/SiliquiniLaura-Travelbase-AlbaniaNomads-LR20250726-2-768x575.jpg' width='768' height='575' loading='lazy' image_size='medium_large'>                                                                    <\/div>\n                                                        <div class=\"tb-card-bottom\">\n                                                                <h4 class=\"tb-card-bottom__title\">Mon road trip en Albanie, une exp\u00e9rience unique<\/h4>\n                                                                    <div class=\"tb-card-bottom__content\">\n                                        <div class=\"tb-card__author\"><small>par Trekking et Voyage<\/small><\/div>\n                                    <\/div>\n                                                                                            <\/div>\n                        <\/a>\n                                        <a class=\"tb-card entry \" href=\"https:\/\/albn.travelblox.eu\/fr\/camping-en-albanie-ce-quil-faut-absolument-savoir-avant-de-partir\/\"  >\n                                                            <div class=\"tb-image-part\">\n                                                                            <div class=\"tag\" data-no-translation>\n                                                                                                                                                Conseils et astuces                                                                                                                                    <\/div>\n                                                                                                                <img src='https:\/\/albn.travelblox.eu\/wp-content\/uploads\/sites\/115\/2025\/07\/DSC07184-768x512.webp' width='768' height='512' loading='lazy' image_size='medium_large'>                                                                    <\/div>\n                                                        <div class=\"tb-card-bottom\">\n                                                                <h4 class=\"tb-card-bottom__title\">Camping en Albanie : Ce qu&rsquo;il faut absolument savoir avant de partir<\/h4>\n                                                                    <div class=\"tb-card-bottom__content\">\n                                        <div class=\"tb-card__author\"><small>par Sophie de Albania Nomads<\/small><\/div>\n                                    <\/div>\n                                                                                            <\/div>\n                        <\/a>\n                                        <a class=\"tb-card entry \" href=\"https:\/\/albn.travelblox.eu\/fr\/itineraire-albanie-7-jours-que-faire-entre-plages-et-montagnes\/\"  >\n                                                            <div class=\"tb-image-part\">\n                                                                            <div class=\"tag\" data-no-translation>\n                                                                                                                                                Activit\u00e9s                                                                                                                                    <\/div>\n                                                                                                                <img src='https:\/\/albn.travelblox.eu\/wp-content\/uploads\/sites\/115\/2024\/11\/ALBN_GALLERY_1-768x512.jpg' width='768' height='512' loading='lazy' image_size='medium_large'>                                                                    <\/div>\n                                                        <div class=\"tb-card-bottom\">\n                                                                <h4 class=\"tb-card-bottom__title\">Itin\u00e9raire Albanie 7 Jours : Que faire entre plages et montagnes ?<\/h4>\n                                                                    <div class=\"tb-card-bottom__content\">\n                                        <div class=\"tb-card__author\"><small>par Sophie de Albania Nomads<\/small><\/div>\n                                    <\/div>\n                                                                                            <\/div>\n                        <\/a>\n                                                                    \t\t\t\t<\/div>\n\t\t\t\t\t\t<div class=\"tb-carousel-nav\">\n\t\t\t<div class=\"dots\">\n\t\t\t\t<div class=\"dot active\"><\/div>\n\t\t\t\t<div class=\"dot\"><\/div>\n\t\t\t\t<div class=\"dot\"><\/div>\n\t\t\t<\/div>\n\t\t\t<div class=\"arrows\">\n\t\t\t\t<div class=\"prev disabled\">\n\t\t\t\t\t<span><i class=\"fa fa-chevron-left\"><\/i><\/span>\n\t\t\t\t<\/div>\n\t\t\t\t<div class=\"next\">\n\t\t\t\t\t<span><i class=\"fa fa-chevron-right\"><\/i><\/span>\n\t\t\t\t<\/div>\n\t\t\t<\/div>\n\t\t<\/div>\n\t\t\t\t<\/div>\n\t\t<\/div>\n\t                    <\/div>\n    <\/div>\n\n<div class=\" tb-similartrips tb-block align-center background-light pattern-none variant-none tb-collapsible-margins\" id=\"othertrips\">\n\t\t\t<div class=\"inner-block tb-fade-in tb-fade-in--subtle\">\n\t\t\t<div class=\"text-part\">\n\t\t\t\t\t\t\t\t\t<h2>Curieux de conna\u00eetre nos autres aventures ?<\/h2>\n\t\t\t\t\t\t\t\t\t\t\t<\/div>\n\t\t<\/div>\n\t\t\t\t\t\t<div class=\"inner-block-full-width has-tb-carousel \" >\n\t\t\t<div class=\"tb-carousel-container\">\n\t\t\t\t<div class=\"entries tb-cards\" data-slider-first=\"1\">\n\t\t\t\t\t\t\t\t\t<a href=\"https:\/\/icelandnomads.com\/fr\/\"  target=\"_blank\" class=\"tb-card entry\">\n\t\t\t\t<div class=\"tb-image-part\">\n\t\t\t\t\t\t\t\t\t\t\t<img src='https:\/\/albn.travelblox.eu\/wp-content\/uploads\/sites\/115\/2025\/07\/icen-road.webp' width='768' height='432' loading='lazy' image_size='medium_large'>\t\t\t\t\t\t\t\t\t\t\t\t\t\t\t\t\t\t\t\t\t<div class=\"tag tiny-body-font\">Road trip<\/div>\t\t\t\t\t\t\t\t\t<\/div>\n\t\t\t\t<div class=\"tb-card-content\">\n\t\t\t\t\t<h4>\n\t\t\t\t\t\t<span>Iceland Nomads<\/span>\n\t\t\t\t\t\t\t\t\t\t\t<\/h4>\n\t\t\t\t\t\t\t\t\t\t\t<div class=\"line\">\n\t\t\t\t\t\t\t\t\t\t\t\t\t\t\t<span class=\"location tb-text-with-icon icon-first\">\n\t\t\t\t\t\t\t\t\t<i class=\"icon fa fa-map-marker\"><\/i>\n\t\t\t\t\t\t\t\t\t<span>Islande<\/span>\n\t\t\t\t\t\t\t\t<\/span>\n\t\t\t\t\t\t\t\t\t\t\t\t\t\t\t\t\t\t\t\t\t\t<span class=\"duration tb-text-with-icon icon-first\">\n\t\t\t\t\t\t\t\t\t<i class=\"icon fa fa-clock\"><\/i>\n\t\t\t\t\t\t\t\t\t<span>7 jours<\/span>\n\t\t\t\t\t\t\t\t<\/span>\n\t\t\t\t\t\t\t\t\t\t\t\t\t<\/div>\n\t\t\t\t\t\t\t\t\t\t\t\t\t\t\t\t<div class=\"line\">\n\t\t\t\t\t\t\t<span class=\"months tb-text-with-icon icon-first\">\n\t\t\t\t\t\t\t\t<i class=\"icon fa fa-calendar\"><\/i>\n\t\t\t\t\t\t\t\t<span>Juin &#8211; Septembre<\/span>\n\t\t\t\t\t\t\t<\/span>\n\t\t\t\t\t\t<\/div>\n\t\t\t\t\t\t\t\t\t<\/div>\n\t\t\t<\/a>\n\t\t\t\t\t<a href=\"https:\/\/https:\/\/jordannomads.org\/fr\/\"  target=\"_blank\" class=\"tb-card entry\">\n\t\t\t\t<div class=\"tb-image-part\">\n\t\t\t\t\t\t\t\t\t\t\t<img src='https:\/\/albn.travelblox.eu\/wp-content\/uploads\/sites\/115\/2025\/07\/jordan.webp' width='768' height='512' loading='lazy' image_size='medium_large'>\t\t\t\t\t\t\t\t\t\t\t\t\t\t\t\t\t\t\t\t\t<div class=\"tag tiny-body-font\">Road trip<\/div>\t\t\t\t\t\t\t\t\t<\/div>\n\t\t\t\t<div class=\"tb-card-content\">\n\t\t\t\t\t<h4>\n\t\t\t\t\t\t<span>Jordan Nomads<\/span>\n\t\t\t\t\t\t\t\t\t\t\t<\/h4>\n\t\t\t\t\t\t\t\t\t\t\t<div class=\"line\">\n\t\t\t\t\t\t\t\t\t\t\t\t\t\t\t<span class=\"location tb-text-with-icon icon-first\">\n\t\t\t\t\t\t\t\t\t<i class=\"icon fa fa-map-marker\"><\/i>\n\t\t\t\t\t\t\t\t\t<span>Jordanie<\/span>\n\t\t\t\t\t\t\t\t<\/span>\n\t\t\t\t\t\t\t\t\t\t\t\t\t\t\t\t\t\t\t\t\t\t<span class=\"duration tb-text-with-icon icon-first\">\n\t\t\t\t\t\t\t\t\t<i class=\"icon fa fa-clock\"><\/i>\n\t\t\t\t\t\t\t\t\t<span>7 jours<\/span>\n\t\t\t\t\t\t\t\t<\/span>\n\t\t\t\t\t\t\t\t\t\t\t\t\t<\/div>\n\t\t\t\t\t\t\t\t\t\t\t\t\t\t\t\t<div class=\"line\">\n\t\t\t\t\t\t\t<span class=\"months tb-text-with-icon icon-first\">\n\t\t\t\t\t\t\t\t<i class=\"icon fa fa-calendar\"><\/i>\n\t\t\t\t\t\t\t\t<span>Octobre &#8211; Novembre<\/span>\n\t\t\t\t\t\t\t<\/span>\n\t\t\t\t\t\t<\/div>\n\t\t\t\t\t\t\t\t\t<\/div>\n\t\t\t<\/a>\n\t\t\t\t\t<a href=\"https:\/\/omannomads.com\/fr\"  target=\"_blank\" class=\"tb-card entry\">\n\t\t\t\t<div class=\"tb-image-part\">\n\t\t\t\t\t\t\t\t\t\t\t<img src='https:\/\/albn.travelblox.eu\/wp-content\/uploads\/sites\/115\/2024\/11\/OMAN-2-768x512.jpg' width='768' height='512' loading='lazy' image_size='medium_large'>\t\t\t\t\t\t\t\t\t\t\t\t\t\t\t\t\t\t\t\t\t<div class=\"tag tiny-body-font\">Road trip<\/div>\t\t\t\t\t\t\t\t\t<\/div>\n\t\t\t\t<div class=\"tb-card-content\">\n\t\t\t\t\t<h4>\n\t\t\t\t\t\t<span>Oman Nomads<\/span>\n\t\t\t\t\t\t\t\t\t\t\t<\/h4>\n\t\t\t\t\t\t\t\t\t\t\t<div class=\"line\">\n\t\t\t\t\t\t\t\t\t\t\t\t\t\t\t<span class=\"location tb-text-with-icon icon-first\">\n\t\t\t\t\t\t\t\t\t<i class=\"icon fa fa-map-marker\"><\/i>\n\t\t\t\t\t\t\t\t\t<span>Oman<\/span>\n\t\t\t\t\t\t\t\t<\/span>\n\t\t\t\t\t\t\t\t\t\t\t\t\t\t\t\t\t\t\t\t\t\t<span class=\"duration tb-text-with-icon icon-first\">\n\t\t\t\t\t\t\t\t\t<i class=\"icon fa fa-clock\"><\/i>\n\t\t\t\t\t\t\t\t\t<span>7 jours<\/span>\n\t\t\t\t\t\t\t\t<\/span>\n\t\t\t\t\t\t\t\t\t\t\t\t\t<\/div>\n\t\t\t\t\t\t\t\t\t\t\t\t\t\t\t\t<div class=\"line\">\n\t\t\t\t\t\t\t<span class=\"months tb-text-with-icon icon-first\">\n\t\t\t\t\t\t\t\t<i class=\"icon fa fa-calendar\"><\/i>\n\t\t\t\t\t\t\t\t<span>Novembre &#8211; D\u00e9cembre<\/span>\n\t\t\t\t\t\t\t<\/span>\n\t\t\t\t\t\t<\/div>\n\t\t\t\t\t\t\t\t\t<\/div>\n\t\t\t<\/a>\n\t\t\t\t\t\t\t\t<\/div>\n\t\t\t\t\t\t<div class=\"tb-carousel-nav\">\n\t\t\t<div class=\"dots\">\n\t\t\t\t<div class=\"dot active\"><\/div>\n\t\t\t\t<div class=\"dot\"><\/div>\n\t\t\t\t<div class=\"dot\"><\/div>\n\t\t\t<\/div>\n\t\t\t<div class=\"arrows\">\n\t\t\t\t<div class=\"prev disabled\">\n\t\t\t\t\t<span><i class=\"fa fa-chevron-left\"><\/i><\/span>\n\t\t\t\t<\/div>\n\t\t\t\t<div class=\"next\">\n\t\t\t\t\t<span><i class=\"fa fa-chevron-right\"><\/i><\/span>\n\t\t\t\t<\/div>\n\t\t\t<\/div>\n\t\t<\/div>\n\t\t\t\t<\/div>\n\t\t<\/div>\n\t\t\t\t\t<div class=\"inner-block tb-buttons tb-fade-in tb-fade-in--subtle\">\n\t\t\t<div class=\"text-part\">\n\t\t\t\t\t\t<a href=\"https:\/\/travelbase.fr\"  target=\"\" class=\"tb-buttonlink\">\n\t\t\tD\u00e9couvrez tous les voyages de Travelbase\t\t<\/a>\n\t\t\t\t\t<\/div>\n\t\t<\/div>\n\t<\/div>\n\n\n<div class=\" tb-instagramroll tb-block align-center background-light pattern-none variant-none tb-collapsible-margins\" id=\"ig\">\n\n\t\n\t<div class=\"inner-block tb-fade-in tb-fade-in--subtle\">\n\t\t<div class=\"text-part\">\n\t\t\t<h2>D\u00e9couvrez tous nos road trips sur Instagram<\/h2>\n\t\t<\/div>\n\t\t\t\t\t<div class=\"embedsocial-hashtag\" data-ref=\"fc8d358516af4509a0f1533fadf8be2a6f8141a1\"><\/div> <script> (function(d, s, id) { var js; if (d.getElementById(id)) {return;} js = d.createElement(s); js.id = id; js.src = \"https:\/\/embedsocial.com\/cdn\/ht.js\"; d.getElementsByTagName(\"head\")[0].appendChild(js); }(document, \"script\", \"EmbedSocialHashtagScript\")); <\/script>\n\t\t\t<\/div>\n\t\n<\/div>\n","protected":false},"excerpt":{"rendered":"","protected":false},"author":119,"featured_media":86,"parent":0,"menu_order":0,"comment_status":"closed","ping_status":"closed","template":"","meta":{"_acf_changed":false,"inline_featured_image":false,"footnotes":""},"class_list":["post-563","page","type-page","status-publish","has-post-thumbnail","hentry"],"acf":{"page_package_ids":"ALBN-AN25","is_main_package_page":true,"additional_linked_packages":[],"feed_page_to_atlas":true},"_links":{"self":[{"href":"https:\/\/albn.travelblox.eu\/fr\/wp-json\/wp\/v2\/pages\/563","targetHints":{"allow":["GET"]}}],"collection":[{"href":"https:\/\/albn.travelblox.eu\/fr\/wp-json\/wp\/v2\/pages"}],"about":[{"href":"https:\/\/albn.travelblox.eu\/fr\/wp-json\/wp\/v2\/types\/page"}],"author":[{"embeddable":true,"href":"https:\/\/albn.travelblox.eu\/fr\/wp-json\/wp\/v2\/users\/119"}],"replies":[{"embeddable":true,"href":"https:\/\/albn.travelblox.eu\/fr\/wp-json\/wp\/v2\/comments?post=563"}],"version-history":[{"count":50,"href":"https:\/\/albn.travelblox.eu\/fr\/wp-json\/wp\/v2\/pages\/563\/revisions"}],"predecessor-version":[{"id":1255,"href":"https:\/\/albn.travelblox.eu\/fr\/wp-json\/wp\/v2\/pages\/563\/revisions\/1255"}],"wp:featuredmedia":[{"embeddable":true,"href":"https:\/\/albn.travelblox.eu\/fr\/wp-json\/wp\/v2\/media\/86"}],"wp:attachment":[{"href":"https:\/\/albn.travelblox.eu\/fr\/wp-json\/wp\/v2\/media?parent=563"}],"curies":[{"name":"wp","href":"https:\/\/api.w.org\/{rel}","templated":true}]}}